{"id":44268,"date":"2026-01-22T09:51:55","date_gmt":"2026-01-22T08:51:55","guid":{"rendered":"https:\/\/www.entelequiacultura.com\/?post_type=tribe_events&#038;p=44268"},"modified":"2026-04-26T07:48:33","modified_gmt":"2026-04-26T05:48:33","slug":"retir-lola-josa-2026","status":"publish","type":"tribe_events","link":"https:\/\/www.entelequiacultura.com\/ca\/esdeveniment\/retir-lola-josa-2026\/","title":{"rendered":"EL ZOHAR. LA B\u00cdBLIA DELS M\u00cdSTICS (Lola Josa)"},"content":{"rendered":"<div class=\"row \"><div class=\"wpv-grid grid-1-1  wpv-first-level first unextended\" style=\"padding-top:0px;padding-bottom:0px\" id=\"wpv-column-b8e09e4bf72ec6691c4dcb3d512a60d5\" ><div class=\"row \"><div class=\"wpv-grid grid-1-1  first unextended\" style=\"padding-top:0px;padding-bottom:0px\" id=\"wpv-column-4a282d30b04632c6cb8c7a243544a9d5\" ><h2>Descripci\u00f3<\/h2>\n<p>El Zohar \u00e9s la B\u00edblia de l&#8217;esplendor, d&#8217;aquella claredat \u00faltima que la nostra intel\u00b7lig\u00e8ncia sempre cerca per a convertir-la en saviesa. Llibre de llibres, est\u00e0 comptat per savis itinerants que dialoguen i comparteixen el coneixement, perqu\u00e8 quantes m\u00e9s revelacions hermen\u00e8utiques aconsegueixin, major ser\u00e0 l&#8217;amor que sentin en el m\u00e9s \u00edntim de la seva \u00e0nima, on \u00abcrema el foc que no consumi\u00bb i els fundi amb la resta de la humanitat.<\/p>\n<p>Aix\u00ed mateix, el Zohar \u00e9s <strong>la B\u00edblia dels m\u00edstics<\/strong>, perqu\u00e8, mentre ho llegien, les seves \u00e0nimes emprenien un misteri\u00f3s viatge a trav\u00e9s d&#8217;imatges, s\u00edmbols i pot\u00e8ncies que els transformaven a mesura que els anaven descobrint i experimentant, al mateix temps que refinaven la seva percepci\u00f3. Llibre inspirador, va ser escrit per a obrir un saber nou i depurat despr\u00e9s de generacions de pensament cabal\u00edstic.<\/p>\n<p>Les seves paraules, plenes de vigor, van ser escrites des de la consci\u00e8ncia que el llenguatge \u00e9s creador del m\u00f3n.<\/p>\n<p>Una trobada que promet ser molt lluminosa.<\/p>\n<p>Lola Josa \u00e9s autora de l&#8217;assaig introductori i de l&#8217;edici\u00f3 del flamant <em>El Zohar. Libro del esplendor<\/em>, publicat per l&#8217;<a href=\"https:\/\/www.edicionesatalanta.com\/catalogo\/zohar-libro-del-esplendor\/\">editorial Atalanta<\/a> (febrer, 2026).<\/p>\n<p><img loading=\"lazy\" decoding=\"async\" class=\"alignnone size-medium wp-image-44540\" src=\"https:\/\/www.entelequiacultura.com\/wp-content\/uploads\/2026\/01\/Portada-Zohar-193x300.png\" alt=\"\" width=\"193\" height=\"300\" srcset=\"https:\/\/www.entelequiacultura.com\/wp-content\/uploads\/2026\/01\/Portada-Zohar-193x300.png 193w, https:\/\/www.entelequiacultura.com\/wp-content\/uploads\/2026\/01\/Portada-Zohar-660x1024.png 660w, https:\/\/www.entelequiacultura.com\/wp-content\/uploads\/2026\/01\/Portada-Zohar-768x1191.png 768w, https:\/\/www.entelequiacultura.com\/wp-content\/uploads\/2026\/01\/Portada-Zohar-990x1536.png 990w, https:\/\/www.entelequiacultura.com\/wp-content\/uploads\/2026\/01\/Portada-Zohar-555x861.png 555w, https:\/\/www.entelequiacultura.com\/wp-content\/uploads\/2026\/01\/Portada-Zohar-360x558.png 360w, https:\/\/www.entelequiacultura.com\/wp-content\/uploads\/2026\/01\/Portada-Zohar-262x406.png 262w, https:\/\/www.entelequiacultura.com\/wp-content\/uploads\/2026\/01\/Portada-Zohar-600x931.png 600w, https:\/\/www.entelequiacultura.com\/wp-content\/uploads\/2026\/01\/Portada-Zohar.png 1000w\" sizes=\"(max-width: 193px) 100vw, 193px\" \/><\/div><\/div><\/div><\/div>\n<div class=\"row \"><div class=\"wpv-grid grid-1-1  wpv-first-level first has-background unextended\" style=\"background-color:#e7e4e4;padding-top:0px;padding-bottom:0px\" id=\"wpv-column-1f987fac20ad1ce7b92f0b94a81cb375\" ><style>#wpv-column-1f987fac20ad1ce7b92f0b94a81cb375 p,#wpv-column-1f987fac20ad1ce7b92f0b94a81cb375 em,#wpv-column-1f987fac20ad1ce7b92f0b94a81cb375 .column-title,#wpv-column-1f987fac20ad1ce7b92f0b94a81cb375 .sep-text h2.regular-title-wrapper,#wpv-column-1f987fac20ad1ce7b92f0b94a81cb375 .text-divider-double,#wpv-column-1f987fac20ad1ce7b92f0b94a81cb375 .sep-text .sep-text-line,#wpv-column-1f987fac20ad1ce7b92f0b94a81cb375 .sep,#wpv-column-1f987fac20ad1ce7b92f0b94a81cb375 .sep-2,#wpv-column-1f987fac20ad1ce7b92f0b94a81cb375 .sep-3{color:#6c6060;}#wpv-column-1f987fac20ad1ce7b92f0b94a81cb375:before{background-color:transparent;}<\/style><div class=\"row \"><div class=\"wpv-grid grid-1-1  first unextended\" style=\"padding-top:0px;padding-bottom:0px\" id=\"wpv-column-d58d8ba174f7557a2394637776a7355e\" ><h2>La professora<\/h2><\/div><\/div>\n<div class=\"row \"><div class=\"wpv-grid grid-1-2  first unextended\" style=\"padding-top:0px;padding-bottom:0px\" id=\"wpv-column-436ab2c62aa06ecc9e41194c7b989d7e\" ><div class=\"row \"><div class=\"wpv-grid grid-1-1  first unextended\" style=\"padding-top:0px;padding-bottom:0px\" id=\"wpv-column-f1416eff286271982937a0741d4be79f\" ><p><img loading=\"lazy\" decoding=\"async\" class=\"alignnone wp-image-44495 size-full\" src=\"https:\/\/www.entelequiacultura.com\/wp-content\/uploads\/2026\/01\/lola-josa-1.jpg\" alt=\"\" width=\"650\" height=\"635\" srcset=\"https:\/\/www.entelequiacultura.com\/wp-content\/uploads\/2026\/01\/lola-josa-1.jpg 650w, https:\/\/www.entelequiacultura.com\/wp-content\/uploads\/2026\/01\/lola-josa-1-300x293.jpg 300w, https:\/\/www.entelequiacultura.com\/wp-content\/uploads\/2026\/01\/lola-josa-1-60x60.jpg 60w, https:\/\/www.entelequiacultura.com\/wp-content\/uploads\/2026\/01\/lola-josa-1-43x43.jpg 43w, https:\/\/www.entelequiacultura.com\/wp-content\/uploads\/2026\/01\/lola-josa-1-555x542.jpg 555w, https:\/\/www.entelequiacultura.com\/wp-content\/uploads\/2026\/01\/lola-josa-1-360x352.jpg 360w, https:\/\/www.entelequiacultura.com\/wp-content\/uploads\/2026\/01\/lola-josa-1-262x256.jpg 262w, https:\/\/www.entelequiacultura.com\/wp-content\/uploads\/2026\/01\/lola-josa-1-600x586.jpg 600w\" sizes=\"(max-width: 650px) 100vw, 650px\" \/><\/div><\/div><\/div>\n<div class=\"wpv-grid grid-1-2  unextended\" style=\"padding-top:0px;padding-bottom:0px\" id=\"wpv-column-05bc1b5e2c13b08e310bb9370bf32832\" ><div class=\"row \"><div class=\"wpv-grid grid-1-1  first unextended\" style=\"padding-top:0px;padding-bottom:0px\" id=\"wpv-column-7fd3c5adc25d04664bc643018fbb7075\" ><p>LOLA JOSA \u00e9s fil\u00f2loga, escriptora i catedr\u00e0tica de Literatura Espanyola dels Segles d\u2019Or en la Universitat de Barcelona.<\/p>\n<p>Les seves recerques i escriptura se centren en l\u2019exegesi i en la m\u00edstica hebrea com a experi\u00e8ncia prefilos\u00f2fica i po\u00e8tica.\u00a0\u00abC\u00e1ntico Espiritual. Nueva edici\u00f3n a la luz de la m\u00edstica hebrea\u00bb (Lumen, 2021) i \u00abLa medida del mundo. Palabra y principio femeninos\u00bb\u00a0(Athenaica, 2022) s\u00f3n els seus \u00faltims llibres.<\/div><\/div><\/div><\/div><\/div><\/div>\n<div class=\"row \"><div class=\"wpv-grid grid-1-1  wpv-first-level first unextended\" style=\"padding-top:0px;padding-bottom:0px\" id=\"wpv-column-7e621983288fa2ea8b0e42179a670227\" ><div class=\"row \"><div class=\"wpv-grid grid-1-1  first unextended\" style=\"padding-top:0px;padding-bottom:0px\" id=\"wpv-column-cefbbfb39da740492e147c41c02e8aed\" ><h2 class=\"p1\">El lloc<\/h2>\n<p class=\"p1\">El retir ser\u00e0 en Can Tapis, una emblem\u00e0tica masia plena d&#8217;hist\u00f2ria, constru\u00efda en un pujol del poble de Cam\u00f3s (Girona), ubicaci\u00f3 id\u00edl\u00b7lica per a gaudir de la naturalesa, del silenci, de les precioses vistes dels boscos i prats que l&#8217;envolten i de les alzines i oliveres centen\u00e0ries que voregen la casa. Est\u00e0 situada a tan sols deu minuts de Banyoles i el seu m\u00edtic llac, vint minuts del poble medieval de Besal\u00fa i trenta del centre de Girona.<\/p>\n<p class=\"p1\">L&#8217;establiment compta amb \u00e0mplies habitacions, sales amb xemeneia, porxos i piscina.<\/p>\n<p class=\"p1\"><strong>Com arribar?<\/strong><\/p>\n<p class=\"p1\">Per a arribar en transport p\u00fablic, la millor opci\u00f3 \u00e9s anar amb tren fins a Girona (el trajecte Barcelona-Girona al tren\u00a0Avant\u00a0dura 30 minuts) i des de Girona a la masia en taxi (es coordinar\u00e0 el trasllat des de l&#8217;estaci\u00f3 perqu\u00e8 les persones que el requereixin puguin compartir-lo).<\/p>\n<p class=\"p1\">Tamb\u00e9 es pot coordinar el trasllat des de Barcelona a la masia en un\u00a0microbus\u00a0si hi ha un nombre suficient de persones que el requereixin (consulta condicions).<\/div><\/div>\n<div class=\"row \"><div class=\"wpv-grid grid-1-3  first unextended\" style=\"padding-top:0px;padding-bottom:0px\" id=\"wpv-column-a2a44a4d673150deb29f66cab4d04209\" ><p><img loading=\"lazy\" decoding=\"async\" class=\"alignnone wp-image-40049 size-large\" src=\"https:\/\/www.entelequiacultura.com\/wp-content\/uploads\/2023\/05\/fachada-819x1024.jpg\" alt=\"\" width=\"819\" height=\"1024\" srcset=\"https:\/\/www.entelequiacultura.com\/wp-content\/uploads\/2023\/05\/fachada-819x1024.jpg 819w, https:\/\/www.entelequiacultura.com\/wp-content\/uploads\/2023\/05\/fachada-240x300.jpg 240w, https:\/\/www.entelequiacultura.com\/wp-content\/uploads\/2023\/05\/fachada-1229x1536.jpg 1229w, https:\/\/www.entelequiacultura.com\/wp-content\/uploads\/2023\/05\/fachada-1140x1425.jpg 1140w, https:\/\/www.entelequiacultura.com\/wp-content\/uploads\/2023\/05\/fachada-555x694.jpg 555w, https:\/\/www.entelequiacultura.com\/wp-content\/uploads\/2023\/05\/fachada-360x450.jpg 360w, https:\/\/www.entelequiacultura.com\/wp-content\/uploads\/2023\/05\/fachada-262x328.jpg 262w, https:\/\/www.entelequiacultura.com\/wp-content\/uploads\/2023\/05\/fachada-600x750.jpg 600w, https:\/\/www.entelequiacultura.com\/wp-content\/uploads\/2023\/05\/fachada.jpg 1440w\" sizes=\"(max-width: 819px) 100vw, 819px\" \/><\/div>\n<div class=\"wpv-grid grid-1-3  unextended\" style=\"padding-top:0px;padding-bottom:0px\" id=\"wpv-column-4e170663bd7bad6653cf2d6deae7862f\" ><p><img loading=\"lazy\" decoding=\"async\" class=\"alignnone wp-image-40040 size-large\" src=\"https:\/\/www.entelequiacultura.com\/wp-content\/uploads\/2023\/05\/IMG_8355-1024x768.jpg\" alt=\"\" width=\"1024\" height=\"768\" srcset=\"https:\/\/www.entelequiacultura.com\/wp-content\/uploads\/2023\/05\/IMG_8355-1024x768.jpg 1024w, https:\/\/www.entelequiacultura.com\/wp-content\/uploads\/2023\/05\/IMG_8355-300x225.jpg 300w, https:\/\/www.entelequiacultura.com\/wp-content\/uploads\/2023\/05\/IMG_8355-1536x1152.jpg 1536w, https:\/\/www.entelequiacultura.com\/wp-content\/uploads\/2023\/05\/IMG_8355-2048x1536.jpg 2048w, https:\/\/www.entelequiacultura.com\/wp-content\/uploads\/2023\/05\/IMG_8355-1140x855.jpg 1140w, https:\/\/www.entelequiacultura.com\/wp-content\/uploads\/2023\/05\/IMG_8355-555x416.jpg 555w, https:\/\/www.entelequiacultura.com\/wp-content\/uploads\/2023\/05\/IMG_8355-360x270.jpg 360w, https:\/\/www.entelequiacultura.com\/wp-content\/uploads\/2023\/05\/IMG_8355-262x197.jpg 262w, https:\/\/www.entelequiacultura.com\/wp-content\/uploads\/2023\/05\/IMG_8355-600x450.jpg 600w\" sizes=\"(max-width: 1024px) 100vw, 1024px\" \/><\/p>\n<p><img loading=\"lazy\" decoding=\"async\" class=\"alignnone wp-image-40038 size-large\" src=\"https:\/\/www.entelequiacultura.com\/wp-content\/uploads\/2023\/05\/piscina-rita-1024x768.jpg\" alt=\"\" width=\"1024\" height=\"768\" srcset=\"https:\/\/www.entelequiacultura.com\/wp-content\/uploads\/2023\/05\/piscina-rita-1024x768.jpg 1024w, https:\/\/www.entelequiacultura.com\/wp-content\/uploads\/2023\/05\/piscina-rita-300x225.jpg 300w, https:\/\/www.entelequiacultura.com\/wp-content\/uploads\/2023\/05\/piscina-rita-1536x1152.jpg 1536w, https:\/\/www.entelequiacultura.com\/wp-content\/uploads\/2023\/05\/piscina-rita-1140x855.jpg 1140w, https:\/\/www.entelequiacultura.com\/wp-content\/uploads\/2023\/05\/piscina-rita-555x416.jpg 555w, https:\/\/www.entelequiacultura.com\/wp-content\/uploads\/2023\/05\/piscina-rita-360x270.jpg 360w, https:\/\/www.entelequiacultura.com\/wp-content\/uploads\/2023\/05\/piscina-rita-262x197.jpg 262w, https:\/\/www.entelequiacultura.com\/wp-content\/uploads\/2023\/05\/piscina-rita-600x450.jpg 600w, https:\/\/www.entelequiacultura.com\/wp-content\/uploads\/2023\/05\/piscina-rita.jpg 2016w\" sizes=\"(max-width: 1024px) 100vw, 1024px\" \/><\/div>\n<div class=\"wpv-grid grid-1-3  unextended\" style=\"padding-top:0px;padding-bottom:0px\" id=\"wpv-column-49d667c21d53528bd790dd73db668d17\" ><p><img loading=\"lazy\" decoding=\"async\" class=\"alignnone wp-image-39806 size-large\" src=\"https:\/\/www.entelequiacultura.com\/wp-content\/uploads\/2023\/11\/para-blog-lola-josa-1024x652.jpg\" alt=\"\" width=\"1024\" height=\"652\" srcset=\"https:\/\/www.entelequiacultura.com\/wp-content\/uploads\/2023\/11\/para-blog-lola-josa-1024x652.jpg 1024w, https:\/\/www.entelequiacultura.com\/wp-content\/uploads\/2023\/11\/para-blog-lola-josa-300x191.jpg 300w, https:\/\/www.entelequiacultura.com\/wp-content\/uploads\/2023\/11\/para-blog-lola-josa-555x353.jpg 555w, https:\/\/www.entelequiacultura.com\/wp-content\/uploads\/2023\/11\/para-blog-lola-josa-360x229.jpg 360w, https:\/\/www.entelequiacultura.com\/wp-content\/uploads\/2023\/11\/para-blog-lola-josa-262x167.jpg 262w, https:\/\/www.entelequiacultura.com\/wp-content\/uploads\/2023\/11\/para-blog-lola-josa-600x382.jpg 600w, https:\/\/www.entelequiacultura.com\/wp-content\/uploads\/2023\/11\/para-blog-lola-josa.jpg 1100w\" sizes=\"(max-width: 1024px) 100vw, 1024px\" \/><\/p>\n<p><img loading=\"lazy\" decoding=\"async\" class=\"alignnone wp-image-38792 size-full\" src=\"https:\/\/www.entelequiacultura.com\/wp-content\/uploads\/2023\/05\/can-tapis-habitacion.jpeg\" alt=\"\" width=\"778\" height=\"519\" srcset=\"https:\/\/www.entelequiacultura.com\/wp-content\/uploads\/2023\/05\/can-tapis-habitacion.jpeg 778w, https:\/\/www.entelequiacultura.com\/wp-content\/uploads\/2023\/05\/can-tapis-habitacion-300x200.jpeg 300w, https:\/\/www.entelequiacultura.com\/wp-content\/uploads\/2023\/05\/can-tapis-habitacion-555x370.jpeg 555w, https:\/\/www.entelequiacultura.com\/wp-content\/uploads\/2023\/05\/can-tapis-habitacion-360x240.jpeg 360w, https:\/\/www.entelequiacultura.com\/wp-content\/uploads\/2023\/05\/can-tapis-habitacion-262x175.jpeg 262w, https:\/\/www.entelequiacultura.com\/wp-content\/uploads\/2023\/05\/can-tapis-habitacion-600x400.jpeg 600w\" sizes=\"(max-width: 778px) 100vw, 778px\" \/><\/div><\/div><\/div><\/div>\n<div class=\"row \"><div class=\"wpv-grid grid-1-1  wpv-first-level first has-background unextended\" style=\"background-color:#e7e4e4;padding-top:0px;padding-bottom:0px\" id=\"wpv-column-d59bd894a8632354a1f39c5b08a0619c\" ><style>#wpv-column-d59bd894a8632354a1f39c5b08a0619c p,#wpv-column-d59bd894a8632354a1f39c5b08a0619c em,#wpv-column-d59bd894a8632354a1f39c5b08a0619c .column-title,#wpv-column-d59bd894a8632354a1f39c5b08a0619c .sep-text h2.regular-title-wrapper,#wpv-column-d59bd894a8632354a1f39c5b08a0619c .text-divider-double,#wpv-column-d59bd894a8632354a1f39c5b08a0619c .sep-text .sep-text-line,#wpv-column-d59bd894a8632354a1f39c5b08a0619c .sep,#wpv-column-d59bd894a8632354a1f39c5b08a0619c .sep-2,#wpv-column-d59bd894a8632354a1f39c5b08a0619c .sep-3{color:#6c6060;}#wpv-column-d59bd894a8632354a1f39c5b08a0619c:before{background-color:transparent;}<\/style><div class=\"row \"><div class=\"wpv-grid grid-1-1  first unextended\" style=\"padding-top:0px;padding-bottom:0px\" id=\"wpv-column-32fa5f9b94bb830d8a0ea8b453058e42\" ><p style=\"text-align: center;\">Si vols rebre informaci\u00f3 sobre nous esdeveniments, subscriu-te al nostre butllet\u00ed informatiu<\/p>\n<p style=\"text-align: center;\"><a href=\"https:\/\/www.entelequiacultura.com\/ca\/butlleti-informatiu-2\/\" target=\"_self\" style='font-size: 20px;' class=\"button vamtam-button accent1  btn_inscripcion button-filled hover-accent1  alignleft\"><span class=\"btext\">Subscriu-te!!<\/span><\/a>\n<p style=\"text-align: center;\">hola@entelequiacultura.com<\/div><\/div><\/div><\/div>\n","protected":false},"excerpt":{"rendered":"<p>Descripci\u00f3 El Zohar \u00e9s la B\u00edblia de l&#8217;esplendor, d&#8217;aquella claredat \u00faltima que la nostra intel\u00b7lig\u00e8ncia sempre cerca per a convertir-la en saviesa. Llibre de llibres, est\u00e0 comptat per savis itinerants&#8230;<\/p>\n","protected":false},"author":1,"featured_media":40056,"template":"","meta":{"_price":"","_stock":"","_tribe_ticket_header":"","_tribe_default_ticket_provider":"","_tribe_ticket_capacity":"0","_ticket_start_date":"","_ticket_end_date":"","_tribe_ticket_show_description":"","_tribe_ticket_show_not_going":false,"_tribe_ticket_use_global_stock":"","_tribe_ticket_global_stock_level":"","_global_stock_mode":"","_global_stock_cap":"","_tribe_rsvp_for_event":"","_tribe_ticket_going_count":"","_tribe_ticket_not_going_count":"","_tribe_tickets_list":"[]","_tribe_ticket_has_attendee_info_fields":false,"_tribe_events_status":"","_tribe_events_status_reason":"","footnotes":"","_tec_slr_enabled":"","_tec_slr_layout":""},"tags":[],"tribe_events_cat":[690],"class_list":["post-44268","tribe_events","type-tribe_events","status-publish","has-post-thumbnail","hentry","tribe_events_cat-retirs-culturals-ca","cat_retirs-culturals-ca"],"aioseo_notices":[],"ticketed":false,"_links":{"self":[{"href":"https:\/\/www.entelequiacultura.com\/ca\/wp-json\/wp\/v2\/tribe_events\/44268","targetHints":{"allow":["GET"]}}],"collection":[{"href":"https:\/\/www.entelequiacultura.com\/ca\/wp-json\/wp\/v2\/tribe_events"}],"about":[{"href":"https:\/\/www.entelequiacultura.com\/ca\/wp-json\/wp\/v2\/types\/tribe_events"}],"author":[{"embeddable":true,"href":"https:\/\/www.entelequiacultura.com\/ca\/wp-json\/wp\/v2\/users\/1"}],"version-history":[{"count":16,"href":"https:\/\/www.entelequiacultura.com\/ca\/wp-json\/wp\/v2\/tribe_events\/44268\/revisions"}],"predecessor-version":[{"id":44880,"href":"https:\/\/www.entelequiacultura.com\/ca\/wp-json\/wp\/v2\/tribe_events\/44268\/revisions\/44880"}],"wp:featuredmedia":[{"embeddable":true,"href":"https:\/\/www.entelequiacultura.com\/ca\/wp-json\/wp\/v2\/media\/40056"}],"wp:attachment":[{"href":"https:\/\/www.entelequiacultura.com\/ca\/wp-json\/wp\/v2\/media?parent=44268"}],"wp:term":[{"taxonomy":"post_tag","embeddable":true,"href":"https:\/\/www.entelequiacultura.com\/ca\/wp-json\/wp\/v2\/tags?post=44268"},{"taxonomy":"tribe_events_cat","embeddable":true,"href":"https:\/\/www.entelequiacultura.com\/ca\/wp-json\/wp\/v2\/tribe_events_cat?post=44268"}],"curies":[{"name":"wp","href":"https:\/\/api.w.org\/{rel}","templated":true}]}}