{"id":42179,"date":"2025-01-08T11:35:03","date_gmt":"2025-01-08T10:35:03","guid":{"rendered":"https:\/\/www.entelequiacultura.com\/?post_type=tribe_events&#038;p=42179"},"modified":"2025-03-22T20:39:31","modified_gmt":"2025-03-22T19:39:31","slug":"temple-medieval-jorge-rodriguez","status":"publish","type":"tribe_events","link":"https:\/\/www.entelequiacultura.com\/ca\/esdeveniment\/temple-medieval-jorge-rodriguez\/","title":{"rendered":"SIMBOLISME DEL TEMPLE MEDIEVAL (Jorge Rodr\u00edguez Ariza)"},"content":{"rendered":"<div class=\"row \"><div class=\"wpv-grid grid-2-3  wpv-first-level first unextended\" style=\"padding-top:0px;padding-bottom:0px\" id=\"wpv-column-dd7cb45fd84c5c5fa7941dc4f0eca937\" ><div class=\"row \"><div class=\"wpv-grid grid-1-1  first unextended\" style=\"padding-top:0px;padding-bottom:0px\" id=\"wpv-column-217175733a5b3d3486ffda262051f043\" ><h2><strong>Descripci\u00f3:<\/strong><\/h2>\n<p>M\u00e9s enll\u00e0 de les nomenclatures t\u00e8cniques i de la q\u00fcesti\u00f3 d&#8217;estils i cronologies, les formes d&#8217;un temple responen a una funci\u00f3 sagrada i a una simbologia tradicional que han de ser observades atentament i explicades des de la mateixa cosmovisi\u00f3 que va veure n\u00e9ixer aquelles obres meravelloses. Entendre el seu origen i con\u00e8ixer el seu llenguatge possibilita un acostament molt m\u00e9s profund a aquests llocs que va llegar l&#8217;edat mitjana i que encara romanen en peus.<\/p>\n<p>El temple medieval, imatge de l&#8217;univers i de l&#8217;\u00e9sser hum\u00e0, amaga encara molts secrets que aquesta trobada pot ajudar a revelar.<\/p>\n<p>Temari:<\/p>\n<ul>\n<li>Breu introducci\u00f3 al pensament simb\u00f2lic.<\/li>\n<li>El D\u00e9u arquitecte, ge\u00f2metra i constructor. Un acostament des de la religi\u00f3 comparada.<\/li>\n<li>Origen, sentit i humana necessitat del temple.<\/li>\n<li>Prefiguracions del temple cristi\u00e0: de l&#8217;arca de No\u00e8 al Temple de Salom\u00f3.<\/li>\n<li>Fundaci\u00f3 i consagraci\u00f3 dels temples medievals.<\/li>\n<li>Estructura simb\u00f2lica fonamental del temple medieval.<\/li>\n<li>El simbolisme dels espais.<\/li>\n<li>El ritu i la divina pres\u00e8ncia.<\/li>\n<\/ul><\/div><\/div>\n<div class=\"row \"><div class=\"wpv-grid grid-1-1  first unextended\" style=\"padding-top:0px;padding-bottom:0px\" id=\"wpv-column-316f4ac5750a938a3a1ca8c037ab16cc\" ><div class=\"row \"><div class=\"wpv-grid grid-1-1  first unextended\" style=\"padding-top:0px;padding-bottom:0px\" id=\"wpv-column-86256bfaaebe8e8e001c5a9138bb2660\" ><h2>El professor:<\/h2><\/div><\/div>\n<div class=\"row \"><div class=\"wpv-grid grid-1-3  first unextended\" style=\"padding-top:0px;padding-bottom:0px\" id=\"wpv-column-baeb57f129f1dc8920d71c1e7a12c89a\" ><div class=\"row \"><div class=\"wpv-grid grid-1-1  first unextended\" style=\"padding-top:0px;padding-bottom:0px\" id=\"wpv-column-7a061e4a9632c258c9bab75ad7e9ea54\" ><p><img loading=\"lazy\" decoding=\"async\" class=\"alignnone wp-image-42182 size-full\" src=\"https:\/\/www.entelequiacultura.com\/wp-content\/uploads\/2025\/01\/JORGE-RODRIGUEZ-650.jpeg\" alt=\"\" width=\"650\" height=\"650\" srcset=\"https:\/\/www.entelequiacultura.com\/wp-content\/uploads\/2025\/01\/JORGE-RODRIGUEZ-650.jpeg 650w, https:\/\/www.entelequiacultura.com\/wp-content\/uploads\/2025\/01\/JORGE-RODRIGUEZ-650-300x300.jpeg 300w, https:\/\/www.entelequiacultura.com\/wp-content\/uploads\/2025\/01\/JORGE-RODRIGUEZ-650-150x150.jpeg 150w, https:\/\/www.entelequiacultura.com\/wp-content\/uploads\/2025\/01\/JORGE-RODRIGUEZ-650-60x60.jpeg 60w, https:\/\/www.entelequiacultura.com\/wp-content\/uploads\/2025\/01\/JORGE-RODRIGUEZ-650-43x43.jpeg 43w, https:\/\/www.entelequiacultura.com\/wp-content\/uploads\/2025\/01\/JORGE-RODRIGUEZ-650-106x106.jpeg 106w, https:\/\/www.entelequiacultura.com\/wp-content\/uploads\/2025\/01\/JORGE-RODRIGUEZ-650-555x555.jpeg 555w, https:\/\/www.entelequiacultura.com\/wp-content\/uploads\/2025\/01\/JORGE-RODRIGUEZ-650-360x360.jpeg 360w, https:\/\/www.entelequiacultura.com\/wp-content\/uploads\/2025\/01\/JORGE-RODRIGUEZ-650-262x262.jpeg 262w, https:\/\/www.entelequiacultura.com\/wp-content\/uploads\/2025\/01\/JORGE-RODRIGUEZ-650-600x600.jpeg 600w, https:\/\/www.entelequiacultura.com\/wp-content\/uploads\/2025\/01\/JORGE-RODRIGUEZ-650-100x100.jpeg 100w\" sizes=\"(max-width: 650px) 100vw, 650px\" \/><\/div><\/div><\/div>\n<div class=\"wpv-grid grid-2-3  unextended\" style=\"padding-top:0px;padding-bottom:0px\" id=\"wpv-column-c5a25146add8602f1d3d1533e38dad30\" ><div class=\"row \"><div class=\"wpv-grid grid-1-1  first unextended\" style=\"padding-top:0px;padding-bottom:0px\" id=\"wpv-column-4090e4284df8cc414600c0a6e3fbbd11\" ><p data-pm-slice=\"1 1 &#091;&#093;\">JORGE RODR\u00cdGUEZ ARIZA (Barcelona, 1984) \u00e9s doctor en Hist\u00f2ria de l&#8217;Art per la Universitat Aut\u00f2noma de Barcelona. La seva tesi va tractar sobre el culte i el simbolisme de la Verge negra. \u00c9s especialista en art sagrat i simbologia. Ha impartit, com a professor associat del Departament d&#8217;Art i Musicologia de la UAB, les assignatures d&#8217;Art rom\u00e0nic, Lectura de la imatge art\u00edstica, Art Rom\u00e0 i Art Bizant\u00ed. Actualment, \u00e9s professor del Diploma de Mitologia en l&#8217;Institut Superior de Ci\u00e8ncies Religioses de Barcelona. Des de fa una d\u00e8cada treballa en el Museu del Monestir de Sant Cugat desenvolupant projectes per a la recerca i la divulgaci\u00f3 del llenguatge de l&#8217;art medieval.<\/p>\n<p>Ha publicat articles acad\u00e8mics en revistes especialitzades i cap\u00edtols d&#8217;assajos sobre art, simbologia i tradici\u00f3 sagrada. El seu \u00faltim treball ha estat pel llibre col\u00b7lectiu <em>Ci\u00e8ncia i metaf\u00edsica<\/em> (Ed. Ignitus\/ Sanz i Torres) coordinat per Javier Alvarado i Jacobo N\u00fa\u00f1ez i porta per t\u00edtol \u201cAproximaci\u00f3 a la metaf\u00edsica de l&#8217;Escola Tradicional i al seu llenguatge\u201d.<\/p>\n<p>Col\u00b7labora en diferents plataformes dedicades a l&#8217;estudi i la divulgaci\u00f3 de l&#8217;art sagr<em>at i la <\/em>tradici\u00f3, com la revista digital Ars <em>Gravis, <\/em>el Seminari de Pensament Herm\u00e8tic de l&#8217;Ateneu Barcelon\u00ed, l&#8217;escola Psicocym\u00e1tica o el Potcast \u201cEl Libro Rojo\u201d. Recentment, ha empr\u00e8s el projecte Symbolon Artis, on difon els seus estudis sobre simbologia en diferents suports i ofereix formacions i visites guiades.<\/div><\/div><\/div><\/div><\/div><\/div><\/div>\n<div class=\"wpv-grid grid-1-3  wpv-first-level unextended\" style=\"padding-top:0px;padding-bottom:0px\" id=\"wpv-column-28c4c1080abbecbba0d7da91909bdb9d\" ><div class=\"row \"><div class=\"wpv-grid grid-1-1  first has-background unextended\" style=\"background-color:#e2dfdf;padding-top:0px;padding-bottom:0px\" id=\"wpv-column-14d5e25674d81348d8d47ba71975eaa4\" ><style>#wpv-column-14d5e25674d81348d8d47ba71975eaa4 p,#wpv-column-14d5e25674d81348d8d47ba71975eaa4 em,#wpv-column-14d5e25674d81348d8d47ba71975eaa4 .column-title,#wpv-column-14d5e25674d81348d8d47ba71975eaa4 .sep-text h2.regular-title-wrapper,#wpv-column-14d5e25674d81348d8d47ba71975eaa4 .text-divider-double,#wpv-column-14d5e25674d81348d8d47ba71975eaa4 .sep-text .sep-text-line,#wpv-column-14d5e25674d81348d8d47ba71975eaa4 .sep,#wpv-column-14d5e25674d81348d8d47ba71975eaa4 .sep-2,#wpv-column-14d5e25674d81348d8d47ba71975eaa4 .sep-3{color:#665c5c;}#wpv-column-14d5e25674d81348d8d47ba71975eaa4:before{background-color:transparent;}<\/style>\t\t<div class=\"sep-text single centered\">\n\t\t\t\t\t\t\t<span class=\"sep-text-before\"><div class=\"sep-text-line\"><\/div><\/span>\n\t\t\t\t\t\t<div class=\"content\">\n\t\t\t\t<h2 class=\"text-divider-double\">\nDetalls<\/h2>\t\t\t<\/div>\n\t\t\t<span class=\"sep-text-after\"><div class=\"sep-text-line\"><\/div><\/span>\n\t\t\t\t\t<\/div>\n\t\n<div class=\"row \"><div class=\"wpv-grid grid-1-1  first unextended\" style=\"padding-top:0px;padding-bottom:0px\" id=\"wpv-column-04369812b2f62df50c2a604a34882e6a\" ><p style=\"font-weight: 400; text-align: center;\">Si vols rebre informaci\u00f3 sobre nous esdeveniments, subscriu-te al nostre butllet\u00ed informatiu<\/p>\n<p style=\"font-weight: 400; text-align: center;\"><a href=\"https:\/\/www.entelequiacultura.com\/ca\/butlleti-informatiu-2\/\" target=\"_self\" style='font-size: 20px;' class=\"button vamtam-button accent1  btn_inscripcion button-filled hover-accent1  alignleft\"><span class=\"btext\">Subscriu-te!!<\/span><\/a>\n<p style=\"font-weight: 400; text-align: center;\">hola@entelequiacultura.com<\/div><\/div>\n<div class=\"row \"><div class=\"wpv-grid grid-1-1  first unextended\" style=\"padding-top:0px;padding-bottom:0px\" id=\"wpv-column-4a4dd4c1748ded0d3f133e6995004fbe\" ><\/div><\/div><\/div><\/div><\/div><\/div>\n","protected":false},"excerpt":{"rendered":"<p>Descripci\u00f3: M\u00e9s enll\u00e0 de les nomenclatures t\u00e8cniques i de la q\u00fcesti\u00f3 d&#8217;estils i cronologies, les formes d&#8217;un temple responen a una funci\u00f3 sagrada i a una simbologia tradicional que han&#8230;<\/p>\n","protected":false},"author":1,"featured_media":42185,"template":"","meta":{"_price":"","_stock":"","_tribe_ticket_header":"","_tribe_default_ticket_provider":"","_tribe_ticket_capacity":"0","_ticket_start_date":"","_ticket_end_date":"","_tribe_ticket_show_description":"","_tribe_ticket_show_not_going":false,"_tribe_ticket_use_global_stock":"","_tribe_ticket_global_stock_level":"","_global_stock_mode":"","_global_stock_cap":"","_tribe_rsvp_for_event":"","_tribe_ticket_going_count":"","_tribe_ticket_not_going_count":"","_tribe_tickets_list":"[]","_tribe_ticket_has_attendee_info_fields":false,"_tribe_events_status":"","_tribe_events_status_reason":"","footnotes":"","_tec_slr_enabled":"","_tec_slr_layout":""},"tags":[],"tribe_events_cat":[558,188],"class_list":["post-42179","tribe_events","type-tribe_events","status-publish","has-post-thumbnail","hentry","tribe_events_cat-activitats-bcn","tribe_events_cat-pensament","cat_activitats-bcn","cat_pensament"],"aioseo_notices":[],"ticketed":false,"_links":{"self":[{"href":"https:\/\/www.entelequiacultura.com\/ca\/wp-json\/wp\/v2\/tribe_events\/42179","targetHints":{"allow":["GET"]}}],"collection":[{"href":"https:\/\/www.entelequiacultura.com\/ca\/wp-json\/wp\/v2\/tribe_events"}],"about":[{"href":"https:\/\/www.entelequiacultura.com\/ca\/wp-json\/wp\/v2\/types\/tribe_events"}],"author":[{"embeddable":true,"href":"https:\/\/www.entelequiacultura.com\/ca\/wp-json\/wp\/v2\/users\/1"}],"version-history":[{"count":2,"href":"https:\/\/www.entelequiacultura.com\/ca\/wp-json\/wp\/v2\/tribe_events\/42179\/revisions"}],"predecessor-version":[{"id":42620,"href":"https:\/\/www.entelequiacultura.com\/ca\/wp-json\/wp\/v2\/tribe_events\/42179\/revisions\/42620"}],"wp:featuredmedia":[{"embeddable":true,"href":"https:\/\/www.entelequiacultura.com\/ca\/wp-json\/wp\/v2\/media\/42185"}],"wp:attachment":[{"href":"https:\/\/www.entelequiacultura.com\/ca\/wp-json\/wp\/v2\/media?parent=42179"}],"wp:term":[{"taxonomy":"post_tag","embeddable":true,"href":"https:\/\/www.entelequiacultura.com\/ca\/wp-json\/wp\/v2\/tags?post=42179"},{"taxonomy":"tribe_events_cat","embeddable":true,"href":"https:\/\/www.entelequiacultura.com\/ca\/wp-json\/wp\/v2\/tribe_events_cat?post=42179"}],"curies":[{"name":"wp","href":"https:\/\/api.w.org\/{rel}","templated":true}]}}