{"id":40992,"date":"2024-04-28T12:51:20","date_gmt":"2024-04-28T10:51:20","guid":{"rendered":"https:\/\/www.entelequiacultura.com\/?post_type=tribe_events&#038;p=40992"},"modified":"2024-07-09T12:50:49","modified_gmt":"2024-07-09T10:50:49","slug":"un-pensar-filosofic","status":"publish","type":"tribe_events","link":"https:\/\/www.entelequiacultura.com\/ca\/esdeveniment\/un-pensar-filosofic\/","title":{"rendered":"UN PENSAR FILOS\u00d2FIC DES DE LA RESIST\u00c8NCIA. Un parlar en com\u00fa dels nostres malestars (Carlos Javier Gonz\u00e1lez)"},"content":{"rendered":"<div class=\"row \"><div class=\"wpv-grid grid-2-3  wpv-first-level first unextended\" style=\"padding-top:0px;padding-bottom:0px\" id=\"wpv-column-00952da9b259b1e0793d1e925ccfa6e1\" ><div class=\"row \"><div class=\"wpv-grid grid-1-1  first unextended\" style=\"padding-top:0px;padding-bottom:0px\" id=\"wpv-column-b52ca92e52fe1056460ec77e97b1e248\" ><h2>Descripci\u00f3:<\/h2>\n<p>Vivim en una societat on la tecnologia t\u00e9 cada vegada m\u00e9s protagonisme, on\u00a0impera el soroll permanent, la hiperestimulaci\u00f3 constant i una violenta rapidesa. Un m\u00f3n en el qual la silenciosa dominaci\u00f3 de les nostres emocions governa tots els \u00e0mbits de la vida.<\/p>\n<p>En aquesta trobada proposem dialogar sobre un pensar filos\u00f2fic des de la resist\u00e8ncia que ens permeti la cura de l&#8217;atenci\u00f3, plantar cara a la dictadura de les emocions pr\u00f2pia de la societat de consum, i que ens empenyi a desenvolupar amb comprom\u00eds una nova manera de desitjar amb la finalitat de ser m\u00e9s conscients i responsablement lliures enfront dels malestars contemporanis.<\/p>\n<p>Pensar i actuar. Deixar d&#8217;observar la realitat com a subjectes passius per a prendre-la a les nostres mans com a agents actius i poder pensar-la, s\u00ed, per\u00f2, sobretot, transformar-la.<\/div><\/div>\n<div class=\"row \"><div class=\"wpv-grid grid-1-1  first unextended\" style=\"padding-top:0px;padding-bottom:0px\" id=\"wpv-column-17192d5b07f9a6e92d57a31b16fc2905\" ><div class=\"row \"><div class=\"wpv-grid grid-1-1  first unextended\" style=\"padding-top:0px;padding-bottom:0px\" id=\"wpv-column-2f6da57b18dc7745ca272139c92b6080\" ><h2>El professor:<\/h2><\/div><\/div>\n<div class=\"row \"><div class=\"wpv-grid grid-1-3  first unextended\" style=\"padding-top:0px;padding-bottom:0px\" id=\"wpv-column-a724f37d6e70eb2d12701a24d45514eb\" ><div class=\"row \"><div class=\"wpv-grid grid-1-1  first unextended\" style=\"padding-top:0px;padding-bottom:0px\" id=\"wpv-column-2dd49fef1440211a53c3c74ad372071d\" ><p><img loading=\"lazy\" decoding=\"async\" class=\"alignnone wp-image-41043 size-full\" src=\"https:\/\/www.entelequiacultura.com\/wp-content\/uploads\/2024\/04\/carlos-javier-650.jpg\" alt=\"\" width=\"650\" height=\"650\" srcset=\"https:\/\/www.entelequiacultura.com\/wp-content\/uploads\/2024\/04\/carlos-javier-650.jpg 650w, https:\/\/www.entelequiacultura.com\/wp-content\/uploads\/2024\/04\/carlos-javier-650-300x300.jpg 300w, https:\/\/www.entelequiacultura.com\/wp-content\/uploads\/2024\/04\/carlos-javier-650-150x150.jpg 150w, https:\/\/www.entelequiacultura.com\/wp-content\/uploads\/2024\/04\/carlos-javier-650-60x60.jpg 60w, https:\/\/www.entelequiacultura.com\/wp-content\/uploads\/2024\/04\/carlos-javier-650-43x43.jpg 43w, https:\/\/www.entelequiacultura.com\/wp-content\/uploads\/2024\/04\/carlos-javier-650-106x106.jpg 106w, https:\/\/www.entelequiacultura.com\/wp-content\/uploads\/2024\/04\/carlos-javier-650-555x555.jpg 555w, https:\/\/www.entelequiacultura.com\/wp-content\/uploads\/2024\/04\/carlos-javier-650-360x360.jpg 360w, https:\/\/www.entelequiacultura.com\/wp-content\/uploads\/2024\/04\/carlos-javier-650-262x262.jpg 262w, https:\/\/www.entelequiacultura.com\/wp-content\/uploads\/2024\/04\/carlos-javier-650-600x600.jpg 600w, https:\/\/www.entelequiacultura.com\/wp-content\/uploads\/2024\/04\/carlos-javier-650-100x100.jpg 100w\" sizes=\"(max-width: 650px) 100vw, 650px\" \/><\/div><\/div><\/div>\n<div class=\"wpv-grid grid-2-3  unextended\" style=\"padding-top:0px;padding-bottom:0px\" id=\"wpv-column-4af57f51e4bf9fcd105757e25f7779c7\" ><div class=\"row \"><div class=\"wpv-grid grid-1-1  first unextended\" style=\"padding-top:0px;padding-bottom:0px\" id=\"wpv-column-8ae1d84ca838fad26b384bb6382822d7\" ><p>CARLOS JAVIER GONZ\u00c1LEZ SERRANO, Llicenciat en Filosofia, M\u00e0ster en Psicologia del Treball i de les Organitzacions i Gesti\u00f3 de Recursos Humans, M\u00e0ster en Psicologia Cl\u00ednica i Psicoter\u00e0pia, M\u00e0ster en Estudis Avan\u00e7ats en Filosofia, M\u00e0ster en Psicologia Cl\u00ednica i Psicoter\u00e0pia Infantojuvenil i M\u00e0ster del Professorat d&#8217;Educaci\u00f3 Secund\u00e0ria Obligat\u00f2ria i Batxillerat, diplomat en suport psicol\u00f2gic i social en situacions de crisis.<\/p>\n<p>Col\u00b7labora com a periodista especialitzat, columnista i cr\u00edtic cultural per a nombroses publicacions, tant acad\u00e8miques com divulgatives, aix\u00ed com per a premsa nacional i internacional. Dirigeix el programa <em>A la llum del pensar<\/em>, en R\u00e0dio Nacional d&#8217;Espanya (RNE)\u200b. Dirigeix i presenta en Televisi\u00f3 Espanyola (TVE) la secci\u00f3 \u00abEl lloc que pensa\u00bb, en el programa <em>Per a Tots La 2.<\/em> Director cient\u00edfic del Caf\u00e8 de l&#8217;Observatori Social de la Fundaci\u00f3 La Caixa. Ha treballat i treballa com a gestor i coordinador de diversos equips editorials i period\u00edstics, i forma part de l&#8217;equip de direcci\u00f3 i coordinaci\u00f3 de diferents revistes acad\u00e8miques. Imparteix xerrades, confer\u00e8ncies i cursos sobre les seves \u00e0rees d&#8217;especialitzaci\u00f3 (filosofia, literatura, psicologia infantojuvenil, direcci\u00f3 cultural, gesti\u00f3 d&#8217;equips, comunicaci\u00f3, edici\u00f3 i escriptura, teoria del dret) en diverses institucions p\u00fabliques i privades, tant nacionals com internacionals.<\/p>\n<p>President de la Societat d&#8217;Estudis en Espa\u00f1ol sobre Schopenhauer. Ambaixador de la Internationale Philipp Mainl\u00e4nder-*Gesellschaft. Director de <em>Schopenhaueriana. Revista espanyola d&#8217;estudis sobre Schopenhauer<\/em>. Membre del Comit\u00e8 Directiu de la Societat Iberoamericana d&#8217;Estudis sobre Pessimisme (SIEP). Membre de la International Society of Boredom Studies.<\/p>\n<p>Autor i editor de diversos volums literaris i assatg\u00edstics. El seu \u00faltim llibre \u00e9s \u00abUna filosofia de la resist\u00e8ncia (Destino, 2024).<\/div><\/div><\/div><\/div><\/div><\/div><\/div>\n<div class=\"wpv-grid grid-1-3  wpv-first-level unextended\" style=\"padding-top:0px;padding-bottom:0px\" id=\"wpv-column-c757e68b9c5f9e0c5a0ce0087e7a47a7\" ><div class=\"row \"><div class=\"wpv-grid grid-1-1  first has-background unextended\" style=\"background-color:#e2dfdf;padding-top:0px;padding-bottom:0px\" id=\"wpv-column-605420116aab6c28c5c23fd4b64c7a7b\" ><style>#wpv-column-605420116aab6c28c5c23fd4b64c7a7b p,#wpv-column-605420116aab6c28c5c23fd4b64c7a7b em,#wpv-column-605420116aab6c28c5c23fd4b64c7a7b .column-title,#wpv-column-605420116aab6c28c5c23fd4b64c7a7b .sep-text h2.regular-title-wrapper,#wpv-column-605420116aab6c28c5c23fd4b64c7a7b .text-divider-double,#wpv-column-605420116aab6c28c5c23fd4b64c7a7b .sep-text .sep-text-line,#wpv-column-605420116aab6c28c5c23fd4b64c7a7b .sep,#wpv-column-605420116aab6c28c5c23fd4b64c7a7b .sep-2,#wpv-column-605420116aab6c28c5c23fd4b64c7a7b .sep-3{color:#665c5c;}#wpv-column-605420116aab6c28c5c23fd4b64c7a7b:before{background-color:transparent;}<\/style>\t\t<div class=\"sep-text single centered\">\n\t\t\t\t\t\t\t<span class=\"sep-text-before\"><div class=\"sep-text-line\"><\/div><\/span>\n\t\t\t\t\t\t<div class=\"content\">\n\t\t\t\t\n<h2>Detalls<\/h2>\n\t\t\t<\/div>\n\t\t\t<span class=\"sep-text-after\"><div class=\"sep-text-line\"><\/div><\/span>\n\t\t\t\t\t<\/div>\n\t\n<div class=\"row \"><div class=\"wpv-grid grid-1-1  first unextended\" style=\"padding-top:0px;padding-bottom:0px\" id=\"wpv-column-81cbea6ead0788e0e2f69573ced867a2\" ><p style=\"font-weight: 400; text-align: center;\">Si vols rebre informaci\u00f3 sobre nous esdeveniments, subscriu-te al nostre butllet\u00ed informatiu<\/p>\n<p style=\"font-weight: 400; text-align: center;\"><a href=\"https:\/\/www.entelequiacultura.com\/ca\/butlleti-informatiu-2\/\" target=\"_self\" style='font-size: 20px;' class=\"button vamtam-button accent1  btn_inscripcion button-filled hover-accent1  alignleft\"><span class=\"btext\">Subscriu-te!!<\/span><\/a>\n<p style=\"font-weight: 400; text-align: center;\">hola@entelequiacultura.com<\/div><\/div><\/div><\/div><\/div><\/div>\n<div class=\"row \"><div class=\"wpv-grid grid-1-1  wpv-first-level first unextended\" style=\"padding-top:0px;padding-bottom:0px\" id=\"wpv-column-4a2adf56f820cee77058f2b1c617565d\" ><\/div><\/div>\n","protected":false},"excerpt":{"rendered":"<p>Descripci\u00f3: Vivim en una societat on la tecnologia t\u00e9 cada vegada m\u00e9s protagonisme, on\u00a0impera el soroll permanent, la hiperestimulaci\u00f3 constant i una violenta rapidesa. Un m\u00f3n en el qual la&#8230;<\/p>\n","protected":false},"author":1,"featured_media":40996,"template":"","meta":{"_price":"","_stock":"","_tribe_ticket_header":"","_tribe_default_ticket_provider":"","_tribe_ticket_capacity":"0","_ticket_start_date":"","_ticket_end_date":"","_tribe_ticket_show_description":"","_tribe_ticket_show_not_going":false,"_tribe_ticket_use_global_stock":"","_tribe_ticket_global_stock_level":"","_global_stock_mode":"","_global_stock_cap":"","_tribe_rsvp_for_event":"","_tribe_ticket_going_count":"","_tribe_ticket_not_going_count":"","_tribe_tickets_list":"[]","_tribe_ticket_has_attendee_info_fields":false,"_tribe_events_status":"","_tribe_events_status_reason":"","footnotes":"","_tec_slr_enabled":"","_tec_slr_layout":""},"tags":[],"tribe_events_cat":[558,188],"class_list":["post-40992","tribe_events","type-tribe_events","status-publish","has-post-thumbnail","hentry","tribe_events_cat-activitats-bcn","tribe_events_cat-pensament","cat_activitats-bcn","cat_pensament"],"aioseo_notices":[],"aioseo_head":"\n\t\t<!-- All in One SEO 5.0.1.1 - aioseo.com -->\n\t<meta name=\"description\" content=\"Descripci\u00f3: Vivim en una societat on la tecnologia t\u00e9 cada vegada m\u00e9s protagonisme, on impera el soroll permanent, la hiperestimulaci\u00f3 constant i una violenta rapidesa. Un m\u00f3n en el qual la silenciosa dominaci\u00f3 de les nostres emocions governa tots els \u00e0mbits de la vida. En aquesta trobada proposem dialogar sobre un pensar filos\u00f2fic des de la\" \/>\n\t<meta name=\"robots\" content=\"max-image-preview:large\" \/>\n\t<meta name=\"author\" content=\"Entelequia\"\/>\n\t<link rel=\"canonical\" href=\"https:\/\/www.entelequiacultura.com\/ca\/esdeveniment\/un-pensar-filosofic\/\" \/>\n\t<meta name=\"generator\" content=\"All in One SEO (AIOSEO) 5.0.1.1\" \/>\n\t\t<meta property=\"og:locale\" content=\"ca_ES\" \/>\n\t\t<meta property=\"og:site_name\" content=\"Entelequia Cultura - Retiros Culturales\" \/>\n\t\t<meta property=\"og:type\" content=\"blog\" \/>\n\t\t<meta property=\"og:title\" content=\"UN PENSAR FILOS\u00d2FIC DES DE LA RESIST\u00c8NCIA. Un parlar en com\u00fa dels nostres malestars (Carlos Javier Gonz\u00e1lez)\" \/>\n\t\t<meta property=\"og:description\" content=\"Descripci\u00f3: Vivim en una societat on la tecnologia t\u00e9 cada vegada m\u00e9s protagonisme, on impera el soroll permanent, la hiperestimulaci\u00f3 constant i una violenta rapidesa. Un m\u00f3n en el qual la silenciosa dominaci\u00f3 de les nostres emocions governa tots els \u00e0mbits de la vida. En aquesta trobada proposem dialogar sobre un pensar filos\u00f2fic des de la\" \/>\n\t\t<meta property=\"og:url\" content=\"https:\/\/www.entelequiacultura.com\/ca\/esdeveniment\/un-pensar-filosofic\/\" \/>\n\t\t<meta property=\"og:image\" content=\"https:\/\/www.entelequiacultura.com\/wp-content\/uploads\/2024\/04\/Portada-retiro-carlos-javier-gonzalez-entelequia.jpg\" \/>\n\t\t<meta property=\"og:image:secure_url\" content=\"https:\/\/www.entelequiacultura.com\/wp-content\/uploads\/2024\/04\/Portada-retiro-carlos-javier-gonzalez-entelequia.jpg\" \/>\n\t\t<meta property=\"og:image:width\" content=\"1280\" \/>\n\t\t<meta property=\"og:image:height\" content=\"720\" \/>\n\t\t<meta name=\"twitter:card\" content=\"summary\" \/>\n\t\t<meta name=\"twitter:site\" content=\"@entelequiacult\" \/>\n\t\t<meta name=\"twitter:title\" content=\"UN PENSAR FILOS\u00d2FIC DES DE LA RESIST\u00c8NCIA. Un parlar en com\u00fa dels nostres malestars (Carlos Javier Gonz\u00e1lez)\" \/>\n\t\t<meta name=\"twitter:description\" content=\"Descripci\u00f3: Vivim en una societat on la tecnologia t\u00e9 cada vegada m\u00e9s protagonisme, on impera el soroll permanent, la hiperestimulaci\u00f3 constant i una violenta rapidesa. Un m\u00f3n en el qual la silenciosa dominaci\u00f3 de les nostres emocions governa tots els \u00e0mbits de la vida. En aquesta trobada proposem dialogar sobre un pensar filos\u00f2fic des de la\" \/>\n\t\t<meta name=\"twitter:creator\" content=\"@entelequiacult\" \/>\n\t\t<meta name=\"twitter:image\" content=\"https:\/\/www.entelequiacultura.com\/wp-content\/uploads\/2024\/04\/Portada-retiro-carlos-javier-gonzalez-entelequia.jpg\" \/>\n\t\t<script type=\"application\/ld+json\" class=\"aioseo-schema\">\n\t\t\t{\"@context\":\"https:\\\/\\\/schema.org\",\"@graph\":[{\"@type\":\"BreadcrumbList\",\"@id\":\"https:\\\/\\\/www.entelequiacultura.com\\\/ca\\\/esdeveniment\\\/un-pensar-filosofic\\\/#breadcrumblist\",\"itemListElement\":[{\"@type\":\"ListItem\",\"@id\":\"https:\\\/\\\/www.entelequiacultura.com\\\/ca\\\/#listItem\",\"position\":1,\"name\":\"Home\",\"item\":\"https:\\\/\\\/www.entelequiacultura.com\\\/ca\\\/\",\"nextItem\":{\"@type\":\"ListItem\",\"@id\":\"https:\\\/\\\/www.entelequiacultura.com\\\/ca\\\/eventos\\\/#listItem\",\"name\":\"Esdeveniments\"}},{\"@type\":\"ListItem\",\"@id\":\"https:\\\/\\\/www.entelequiacultura.com\\\/ca\\\/eventos\\\/#listItem\",\"position\":2,\"name\":\"Esdeveniments\",\"item\":\"https:\\\/\\\/www.entelequiacultura.com\\\/ca\\\/eventos\\\/\",\"nextItem\":{\"@type\":\"ListItem\",\"@id\":\"https:\\\/\\\/www.entelequiacultura.com\\\/ca\\\/eventos\\\/category\\\/pensament\\\/#listItem\",\"name\":\"Pensament\"},\"previousItem\":{\"@type\":\"ListItem\",\"@id\":\"https:\\\/\\\/www.entelequiacultura.com\\\/ca\\\/#listItem\",\"name\":\"Home\"}},{\"@type\":\"ListItem\",\"@id\":\"https:\\\/\\\/www.entelequiacultura.com\\\/ca\\\/eventos\\\/category\\\/pensament\\\/#listItem\",\"position\":3,\"name\":\"Pensament\",\"item\":\"https:\\\/\\\/www.entelequiacultura.com\\\/ca\\\/eventos\\\/category\\\/pensament\\\/\",\"nextItem\":{\"@type\":\"ListItem\",\"@id\":\"https:\\\/\\\/www.entelequiacultura.com\\\/ca\\\/esdeveniment\\\/un-pensar-filosofic\\\/#listItem\",\"name\":\"UN PENSAR FILOS\\u00d2FIC DES DE LA RESIST\\u00c8NCIA. Un parlar en com\\u00fa dels nostres malestars (Carlos Javier Gonz\\u00e1lez)\"},\"previousItem\":{\"@type\":\"ListItem\",\"@id\":\"https:\\\/\\\/www.entelequiacultura.com\\\/ca\\\/eventos\\\/#listItem\",\"name\":\"Esdeveniments\"}},{\"@type\":\"ListItem\",\"@id\":\"https:\\\/\\\/www.entelequiacultura.com\\\/ca\\\/esdeveniment\\\/un-pensar-filosofic\\\/#listItem\",\"position\":4,\"name\":\"UN PENSAR FILOS\\u00d2FIC DES DE LA RESIST\\u00c8NCIA. Un parlar en com\\u00fa dels nostres malestars (Carlos Javier Gonz\\u00e1lez)\",\"previousItem\":{\"@type\":\"ListItem\",\"@id\":\"https:\\\/\\\/www.entelequiacultura.com\\\/ca\\\/eventos\\\/category\\\/pensament\\\/#listItem\",\"name\":\"Pensament\"}}]},{\"@type\":\"Organization\",\"@id\":\"https:\\\/\\\/www.entelequiacultura.com\\\/ca\\\/#organization\",\"name\":\"Entelequia Cultura\",\"description\":\"Retiros Culturales\",\"url\":\"https:\\\/\\\/www.entelequiacultura.com\\\/ca\\\/\",\"sameAs\":[\"https:\\\/\\\/www.facebook.com\\\/entelequiacultura\",\"https:\\\/\\\/twitter.com\\\/entelequiacult\"]},{\"@type\":\"Person\",\"@id\":\"https:\\\/\\\/www.entelequiacultura.com\\\/ca\\\/author\\\/ritaentelequia\\\/#author\",\"url\":\"https:\\\/\\\/www.entelequiacultura.com\\\/ca\\\/author\\\/ritaentelequia\\\/\",\"name\":\"Entelequia\",\"image\":{\"@type\":\"ImageObject\",\"@id\":\"https:\\\/\\\/www.entelequiacultura.com\\\/ca\\\/esdeveniment\\\/un-pensar-filosofic\\\/#authorImage\",\"url\":\"https:\\\/\\\/secure.gravatar.com\\\/avatar\\\/18f60d4ef589bed7d93af3382c39f8a28752f5405d10beb50349ece71193cf3b?s=96&d=mm&r=g\",\"width\":96,\"height\":96,\"caption\":\"Entelequia\"}},{\"@type\":\"WebPage\",\"@id\":\"https:\\\/\\\/www.entelequiacultura.com\\\/ca\\\/esdeveniment\\\/un-pensar-filosofic\\\/#webpage\",\"url\":\"https:\\\/\\\/www.entelequiacultura.com\\\/ca\\\/esdeveniment\\\/un-pensar-filosofic\\\/\",\"name\":\"UN PENSAR FILOS\\u00d2FIC DES DE LA RESIST\\u00c8NCIA. Un parlar en com\\u00fa dels nostres malestars (Carlos Javier Gonz\\u00e1lez) - Entelequia Cultura\",\"description\":\"Descripci\\u00f3: Vivim en una societat on la tecnologia t\\u00e9 cada vegada m\\u00e9s protagonisme, on impera el soroll permanent, la hiperestimulaci\\u00f3 constant i una violenta rapidesa. Un m\\u00f3n en el qual la silenciosa dominaci\\u00f3 de les nostres emocions governa tots els \\u00e0mbits de la vida. En aquesta trobada proposem dialogar sobre un pensar filos\\u00f2fic des de la\",\"inLanguage\":\"ca\",\"isPartOf\":{\"@id\":\"https:\\\/\\\/www.entelequiacultura.com\\\/ca\\\/#website\"},\"breadcrumb\":{\"@id\":\"https:\\\/\\\/www.entelequiacultura.com\\\/ca\\\/esdeveniment\\\/un-pensar-filosofic\\\/#breadcrumblist\"},\"author\":{\"@id\":\"https:\\\/\\\/www.entelequiacultura.com\\\/ca\\\/author\\\/ritaentelequia\\\/#author\"},\"creator\":{\"@id\":\"https:\\\/\\\/www.entelequiacultura.com\\\/ca\\\/author\\\/ritaentelequia\\\/#author\"},\"image\":{\"@type\":\"ImageObject\",\"url\":\"https:\\\/\\\/www.entelequiacultura.com\\\/wp-content\\\/uploads\\\/2024\\\/04\\\/Portada-retiro-carlos-javier-gonzalez-entelequia.jpg\",\"@id\":\"https:\\\/\\\/www.entelequiacultura.com\\\/ca\\\/esdeveniment\\\/un-pensar-filosofic\\\/#mainImage\",\"width\":1280,\"height\":720},\"primaryImageOfPage\":{\"@id\":\"https:\\\/\\\/www.entelequiacultura.com\\\/ca\\\/esdeveniment\\\/un-pensar-filosofic\\\/#mainImage\"},\"datePublished\":\"2024-04-28T12:51:20+02:00\",\"dateModified\":\"2024-07-09T12:50:49+02:00\"},{\"@type\":\"WebSite\",\"@id\":\"https:\\\/\\\/www.entelequiacultura.com\\\/ca\\\/#website\",\"url\":\"https:\\\/\\\/www.entelequiacultura.com\\\/ca\\\/\",\"name\":\"Entelequia Cultura\",\"description\":\"Retiros Culturales\",\"inLanguage\":\"ca\",\"publisher\":{\"@id\":\"https:\\\/\\\/www.entelequiacultura.com\\\/ca\\\/#organization\"}}]}\n\t\t<\/script>\n\t\t<!-- All in One SEO -->\n\n","aioseo_head_json":{"title":"UN PENSAR FILOS\u00d2FIC DES DE LA RESIST\u00c8NCIA. Un parlar en com\u00fa dels nostres malestars (Carlos Javier Gonz\u00e1lez) - Entelequia Cultura","description":"Descripci\u00f3: Vivim en una societat on la tecnologia t\u00e9 cada vegada m\u00e9s protagonisme, on impera el soroll permanent, la hiperestimulaci\u00f3 constant i una violenta rapidesa. Un m\u00f3n en el qual la silenciosa dominaci\u00f3 de les nostres emocions governa tots els \u00e0mbits de la vida. En aquesta trobada proposem dialogar sobre un pensar filos\u00f2fic des de la","canonical_url":"https:\/\/www.entelequiacultura.com\/ca\/esdeveniment\/un-pensar-filosofic\/","robots":"max-image-preview:large","keywords":"","webmasterTools":{"miscellaneous":""},"schema":{"@context":"https:\/\/schema.org","@graph":[{"@type":"BreadcrumbList","@id":"https:\/\/www.entelequiacultura.com\/ca\/esdeveniment\/un-pensar-filosofic\/#breadcrumblist","itemListElement":[{"@type":"ListItem","@id":"https:\/\/www.entelequiacultura.com\/ca\/#listItem","position":1,"name":"Home","item":"https:\/\/www.entelequiacultura.com\/ca\/","nextItem":{"@type":"ListItem","@id":"https:\/\/www.entelequiacultura.com\/ca\/eventos\/#listItem","name":"Esdeveniments"}},{"@type":"ListItem","@id":"https:\/\/www.entelequiacultura.com\/ca\/eventos\/#listItem","position":2,"name":"Esdeveniments","item":"https:\/\/www.entelequiacultura.com\/ca\/eventos\/","nextItem":{"@type":"ListItem","@id":"https:\/\/www.entelequiacultura.com\/ca\/eventos\/category\/pensament\/#listItem","name":"Pensament"},"previousItem":{"@type":"ListItem","@id":"https:\/\/www.entelequiacultura.com\/ca\/#listItem","name":"Home"}},{"@type":"ListItem","@id":"https:\/\/www.entelequiacultura.com\/ca\/eventos\/category\/pensament\/#listItem","position":3,"name":"Pensament","item":"https:\/\/www.entelequiacultura.com\/ca\/eventos\/category\/pensament\/","nextItem":{"@type":"ListItem","@id":"https:\/\/www.entelequiacultura.com\/ca\/esdeveniment\/un-pensar-filosofic\/#listItem","name":"UN PENSAR FILOS\u00d2FIC DES DE LA RESIST\u00c8NCIA. Un parlar en com\u00fa dels nostres malestars (Carlos Javier Gonz\u00e1lez)"},"previousItem":{"@type":"ListItem","@id":"https:\/\/www.entelequiacultura.com\/ca\/eventos\/#listItem","name":"Esdeveniments"}},{"@type":"ListItem","@id":"https:\/\/www.entelequiacultura.com\/ca\/esdeveniment\/un-pensar-filosofic\/#listItem","position":4,"name":"UN PENSAR FILOS\u00d2FIC DES DE LA RESIST\u00c8NCIA. Un parlar en com\u00fa dels nostres malestars (Carlos Javier Gonz\u00e1lez)","previousItem":{"@type":"ListItem","@id":"https:\/\/www.entelequiacultura.com\/ca\/eventos\/category\/pensament\/#listItem","name":"Pensament"}}]},{"@type":"Organization","@id":"https:\/\/www.entelequiacultura.com\/ca\/#organization","name":"Entelequia Cultura","description":"Retiros Culturales","url":"https:\/\/www.entelequiacultura.com\/ca\/","sameAs":["https:\/\/www.facebook.com\/entelequiacultura","https:\/\/twitter.com\/entelequiacult"]},{"@type":"Person","@id":"https:\/\/www.entelequiacultura.com\/ca\/author\/ritaentelequia\/#author","url":"https:\/\/www.entelequiacultura.com\/ca\/author\/ritaentelequia\/","name":"Entelequia","image":{"@type":"ImageObject","@id":"https:\/\/www.entelequiacultura.com\/ca\/esdeveniment\/un-pensar-filosofic\/#authorImage","url":"https:\/\/secure.gravatar.com\/avatar\/18f60d4ef589bed7d93af3382c39f8a28752f5405d10beb50349ece71193cf3b?s=96&d=mm&r=g","width":96,"height":96,"caption":"Entelequia"}},{"@type":"WebPage","@id":"https:\/\/www.entelequiacultura.com\/ca\/esdeveniment\/un-pensar-filosofic\/#webpage","url":"https:\/\/www.entelequiacultura.com\/ca\/esdeveniment\/un-pensar-filosofic\/","name":"UN PENSAR FILOS\u00d2FIC DES DE LA RESIST\u00c8NCIA. Un parlar en com\u00fa dels nostres malestars (Carlos Javier Gonz\u00e1lez) - Entelequia Cultura","description":"Descripci\u00f3: Vivim en una societat on la tecnologia t\u00e9 cada vegada m\u00e9s protagonisme, on impera el soroll permanent, la hiperestimulaci\u00f3 constant i una violenta rapidesa. Un m\u00f3n en el qual la silenciosa dominaci\u00f3 de les nostres emocions governa tots els \u00e0mbits de la vida. En aquesta trobada proposem dialogar sobre un pensar filos\u00f2fic des de la","inLanguage":"ca","isPartOf":{"@id":"https:\/\/www.entelequiacultura.com\/ca\/#website"},"breadcrumb":{"@id":"https:\/\/www.entelequiacultura.com\/ca\/esdeveniment\/un-pensar-filosofic\/#breadcrumblist"},"author":{"@id":"https:\/\/www.entelequiacultura.com\/ca\/author\/ritaentelequia\/#author"},"creator":{"@id":"https:\/\/www.entelequiacultura.com\/ca\/author\/ritaentelequia\/#author"},"image":{"@type":"ImageObject","url":"https:\/\/www.entelequiacultura.com\/wp-content\/uploads\/2024\/04\/Portada-retiro-carlos-javier-gonzalez-entelequia.jpg","@id":"https:\/\/www.entelequiacultura.com\/ca\/esdeveniment\/un-pensar-filosofic\/#mainImage","width":1280,"height":720},"primaryImageOfPage":{"@id":"https:\/\/www.entelequiacultura.com\/ca\/esdeveniment\/un-pensar-filosofic\/#mainImage"},"datePublished":"2024-04-28T12:51:20+02:00","dateModified":"2024-07-09T12:50:49+02:00"},{"@type":"WebSite","@id":"https:\/\/www.entelequiacultura.com\/ca\/#website","url":"https:\/\/www.entelequiacultura.com\/ca\/","name":"Entelequia Cultura","description":"Retiros Culturales","inLanguage":"ca","publisher":{"@id":"https:\/\/www.entelequiacultura.com\/ca\/#organization"}}]},"og:locale":"ca_ES","og:site_name":"Entelequia Cultura - Retiros Culturales","og:type":"blog","og:title":"UN PENSAR FILOS\u00d2FIC DES DE LA RESIST\u00c8NCIA. Un parlar en com\u00fa dels nostres malestars (Carlos Javier Gonz\u00e1lez)","og:description":"Descripci\u00f3: Vivim en una societat on la tecnologia t\u00e9 cada vegada m\u00e9s protagonisme, on impera el soroll permanent, la hiperestimulaci\u00f3 constant i una violenta rapidesa. Un m\u00f3n en el qual la silenciosa dominaci\u00f3 de les nostres emocions governa tots els \u00e0mbits de la vida. En aquesta trobada proposem dialogar sobre un pensar filos\u00f2fic des de la","og:url":"https:\/\/www.entelequiacultura.com\/ca\/esdeveniment\/un-pensar-filosofic\/","og:image":"https:\/\/www.entelequiacultura.com\/wp-content\/uploads\/2024\/04\/Portada-retiro-carlos-javier-gonzalez-entelequia.jpg","og:image:secure_url":"https:\/\/www.entelequiacultura.com\/wp-content\/uploads\/2024\/04\/Portada-retiro-carlos-javier-gonzalez-entelequia.jpg","og:image:width":1280,"og:image:height":720,"twitter:card":"summary","twitter:site":"@entelequiacult","twitter:title":"UN PENSAR FILOS\u00d2FIC DES DE LA RESIST\u00c8NCIA. Un parlar en com\u00fa dels nostres malestars (Carlos Javier Gonz\u00e1lez)","twitter:description":"Descripci\u00f3: Vivim en una societat on la tecnologia t\u00e9 cada vegada m\u00e9s protagonisme, on impera el soroll permanent, la hiperestimulaci\u00f3 constant i una violenta rapidesa. Un m\u00f3n en el qual la silenciosa dominaci\u00f3 de les nostres emocions governa tots els \u00e0mbits de la vida. En aquesta trobada proposem dialogar sobre un pensar filos\u00f2fic des de la","twitter:creator":"@entelequiacult","twitter:image":"https:\/\/www.entelequiacultura.com\/wp-content\/uploads\/2024\/04\/Portada-retiro-carlos-javier-gonzalez-entelequia.jpg"},"aioseo_meta_data":{"post_id":"40992","title":null,"description":null,"keywords":null,"keyphrases":{"focus":{"keyphrase":"","score":0,"analysis":{"keyphraseInTitle":{"score":0,"maxScore":9,"error":1}}},"additional":[]},"primary_term":null,"canonical_url":null,"og_title":"#post_title","og_description":null,"og_object_type":"blog","og_image_type":"custom_image","og_image_url":"https:\/\/www.entelequiacultura.com\/wp-content\/uploads\/2024\/04\/Portada-retiro-carlos-javier-gonzalez-entelequia.jpg","og_image_width":"1280","og_image_height":"720","og_image_custom_url":"https:\/\/www.entelequiacultura.com\/wp-content\/uploads\/2024\/04\/Portada-retiro-carlos-javier-gonzalez-entelequia.jpg","og_image_custom_fields":null,"og_video":"","og_custom_url":null,"og_article_section":null,"og_article_tags":null,"twitter_use_og":true,"twitter_card":"summary","twitter_image_type":"default","twitter_image_url":null,"twitter_image_custom_url":null,"twitter_image_custom_fields":null,"twitter_title":null,"twitter_description":null,"schema":{"blockGraphs":[],"customGraphs":[],"default":{"data":{"Article":[],"Course":[],"Dataset":[],"FAQPage":[],"Movie":[],"Person":[],"Product":[],"ProductReview":[],"Car":[],"Recipe":[],"Service":[],"SoftwareApplication":[],"WebPage":[]},"graphName":"WebPage","isEnabled":true},"graphs":[]},"schema_type":"default","schema_type_options":"{\"article\":{\"articleType\":\"BlogPosting\"},\"course\":{\"name\":\"\",\"description\":\"\",\"provider\":\"\"},\"faq\":{\"pages\":[]},\"product\":{\"reviews\":[]},\"recipe\":{\"ingredients\":[],\"instructions\":[],\"keywords\":[]},\"software\":{\"reviews\":[],\"operatingSystems\":[]},\"webPage\":{\"webPageType\":\"WebPage\"},\"blockGraphs\":[]}","pillar_content":false,"robots_default":true,"robots_noindex":false,"robots_noarchive":false,"robots_nosnippet":false,"robots_nofollow":false,"robots_noimageindex":false,"robots_noodp":false,"robots_notranslate":false,"robots_max_snippet":"-1","robots_max_videopreview":"-1","robots_max_imagepreview":"large","priority":null,"frequency":"default","local_seo":null,"breadcrumb_settings":null,"limit_modified_date":false,"ai":null,"created":"2024-04-26 06:27:01","updated":"2025-06-26 21:05:11","seo_analyzer_scan_date":null,"focus_keyword":null,"additional_keywords":null,"truseo_locale":null},"aioseo_breadcrumb":"<div class=\"aioseo-breadcrumbs\"><span class=\"aioseo-breadcrumb\">\n\t\t\t<a href=\"https:\/\/www.entelequiacultura.com\/ca\/\" title=\"Home\">Home<\/a>\n\t\t<\/span><span class=\"aioseo-breadcrumb-separator\">&raquo;<\/span><span class=\"aioseo-breadcrumb\">\n\t\t\t<a href=\"https:\/\/www.entelequiacultura.com\/ca\/eventos\/\" title=\"Esdeveniments\">Esdeveniments<\/a>\n\t\t<\/span><span class=\"aioseo-breadcrumb-separator\">&raquo;<\/span><span class=\"aioseo-breadcrumb\">\n\t\t\t<a href=\"https:\/\/www.entelequiacultura.com\/ca\/eventos\/category\/pensament\/\" title=\"Pensament\">Pensament<\/a>\n\t\t<\/span><span class=\"aioseo-breadcrumb-separator\">&raquo;<\/span><span class=\"aioseo-breadcrumb\">\n\t\t\tUN PENSAR FILOS\u00d2FIC DES DE LA RESIST\u00c8NCIA. Un parlar en com\u00fa dels nostres malestars (Carlos Javier Gonz\u00e1lez)\n\t\t<\/span><\/div>","aioseo_breadcrumb_json":[{"label":"Home","link":"https:\/\/www.entelequiacultura.com\/ca\/"},{"label":"Esdeveniments","link":"https:\/\/www.entelequiacultura.com\/ca\/eventos\/"},{"label":"Pensament","link":"https:\/\/www.entelequiacultura.com\/ca\/eventos\/category\/pensament\/"},{"label":"UN PENSAR FILOS\u00d2FIC DES DE LA RESIST\u00c8NCIA. Un parlar en com\u00fa dels nostres malestars (Carlos Javier Gonz\u00e1lez)","link":"https:\/\/www.entelequiacultura.com\/ca\/esdeveniment\/un-pensar-filosofic\/"}],"ticketed":false,"_links":{"self":[{"href":"https:\/\/www.entelequiacultura.com\/ca\/wp-json\/wp\/v2\/tribe_events\/40992","targetHints":{"allow":["GET"]}}],"collection":[{"href":"https:\/\/www.entelequiacultura.com\/ca\/wp-json\/wp\/v2\/tribe_events"}],"about":[{"href":"https:\/\/www.entelequiacultura.com\/ca\/wp-json\/wp\/v2\/types\/tribe_events"}],"author":[{"embeddable":true,"href":"https:\/\/www.entelequiacultura.com\/ca\/wp-json\/wp\/v2\/users\/1"}],"version-history":[{"count":0,"href":"https:\/\/www.entelequiacultura.com\/ca\/wp-json\/wp\/v2\/tribe_events\/40992\/revisions"}],"wp:featuredmedia":[{"embeddable":true,"href":"https:\/\/www.entelequiacultura.com\/ca\/wp-json\/wp\/v2\/media\/40996"}],"wp:attachment":[{"href":"https:\/\/www.entelequiacultura.com\/ca\/wp-json\/wp\/v2\/media?parent=40992"}],"wp:term":[{"taxonomy":"post_tag","embeddable":true,"href":"https:\/\/www.entelequiacultura.com\/ca\/wp-json\/wp\/v2\/tags?post=40992"},{"taxonomy":"tribe_events_cat","embeddable":true,"href":"https:\/\/www.entelequiacultura.com\/ca\/wp-json\/wp\/v2\/tribe_events_cat?post=40992"}],"curies":[{"name":"wp","href":"https:\/\/api.w.org\/{rel}","templated":true}]}}