{"id":39186,"date":"2023-07-05T20:08:06","date_gmt":"2023-07-05T18:08:06","guid":{"rendered":"https:\/\/www.entelequiacultura.com\/?post_type=tribe_events&#038;p=39186"},"modified":"2023-10-08T10:12:55","modified_gmt":"2023-10-08T08:12:55","slug":"virginia-woolf-2","status":"publish","type":"tribe_events","link":"https:\/\/www.entelequiacultura.com\/ca\/esdeveniment\/virginia-woolf-2\/","title":{"rendered":"VIRGINIA WOOLF SEGONS VIRGINIA WOOLF: Diaris 1915-1941 (Olivia de Miguel) &#8211; 2A EDICI\u00d3"},"content":{"rendered":"<div class=\"row \"><div class=\"wpv-grid grid-2-3  wpv-first-level first unextended\" style=\"padding-top:0px;padding-bottom:0px\" id=\"wpv-column-6eefead622b3c517200c36c239f025db\" ><div class=\"row \"><div class=\"wpv-grid grid-1-1  first unextended\" style=\"padding-top:0px;padding-bottom:0px\" id=\"wpv-column-cbd4c980a298af3f44250f52e6fc3580\" ><h2>Descripci\u00f3:<\/h2>\n<p>Els Diaris complets de Virg\u00ednia Woolf, tradu\u00efts per l&#8217;Olivia de Miguel, ens ofereixen una informaci\u00f3 valuos\u00edssima per a abordar, amb major enteniment, la (re)lectura de l&#8217;obra d&#8217;aquesta escriptora brit\u00e0nica, considerada una de les figures m\u00e9s destacades de l&#8217;avantguardista modernisme anglosax\u00f3 del segle XX i del feminisme internacional, aix\u00ed com per a con\u00e8ixer els aspectes m\u00e9s rellevants de la seva vida i del seu temps.<\/p>\n<p>En aquest taller, a m\u00e9s d&#8217;estudiar la import\u00e0ncia dels sus diaris, la complexitat de la seva traducci\u00f3, els criteris de l&#8217;edici\u00f3 i els elements extraliteraris que apareixen en els textos, es tractaran els seg\u00fcents temes:<\/p>\n<ul>\n<li>El grup Bloomsbury<\/li>\n<li>G\u00e8nesi de les seves novel\u00b7les i actitud enfront de la cr\u00edtica<\/li>\n<li>Viatges i guerres<\/li>\n<li>La Hogarth Press<\/li>\n<li>Estil i g\u00e8neres literaris en els Diaris<\/li>\n<li>Periodisme<\/li>\n<li>Festes i vida social<\/li>\n<li>Amics, col\u00b7legues i coneguts: retrats dels seus contemporanis<\/li>\n<li>Els \u00faltims anys<\/li>\n<\/ul>\n<p>El taller est\u00e0 dirigit a un p\u00fablic ampli, tant a lectors que vulguin aprofundir en la figura i obra de l&#8217;autora brit\u00e0nica, com a aquelles persones que desitgin con\u00e8ixer el m\u00f3n de la traducci\u00f3 i l&#8217;edici\u00f3.<\/div><\/div>\n<div class=\"row \"><div class=\"wpv-grid grid-1-1  first unextended\" style=\"padding-top:0px;padding-bottom:0px\" id=\"wpv-column-7bf8fffa6435934699074f12a4620f34\" ><div class=\"row \"><div class=\"wpv-grid grid-1-1  first unextended\" style=\"padding-top:0px;padding-bottom:0px\" id=\"wpv-column-0904716082283701126ecaf4cacef138\" ><h2>La professora:<\/h2><\/div><\/div>\n<div class=\"row \"><div class=\"wpv-grid grid-1-3  first unextended\" style=\"padding-top:0px;padding-bottom:0px\" id=\"wpv-column-934faa0d69d2618466f3679bedab3a4c\" ><div class=\"row \"><div class=\"wpv-grid grid-1-1  first unextended\" style=\"padding-top:0px;padding-bottom:0px\" id=\"wpv-column-a318ab5a081d4e556236006c30c341aa\" ><p><img loading=\"lazy\" decoding=\"async\" class=\"alignnone wp-image-39063 size-full\" src=\"https:\/\/www.entelequiacultura.com\/wp-content\/uploads\/2023\/06\/650.jpg\" alt=\"\" width=\"775\" height=\"775\" srcset=\"https:\/\/www.entelequiacultura.com\/wp-content\/uploads\/2023\/06\/650.jpg 775w, https:\/\/www.entelequiacultura.com\/wp-content\/uploads\/2023\/06\/650-300x300.jpg 300w, https:\/\/www.entelequiacultura.com\/wp-content\/uploads\/2023\/06\/650-150x150.jpg 150w, https:\/\/www.entelequiacultura.com\/wp-content\/uploads\/2023\/06\/650-60x60.jpg 60w, https:\/\/www.entelequiacultura.com\/wp-content\/uploads\/2023\/06\/650-43x43.jpg 43w, https:\/\/www.entelequiacultura.com\/wp-content\/uploads\/2023\/06\/650-106x106.jpg 106w, https:\/\/www.entelequiacultura.com\/wp-content\/uploads\/2023\/06\/650-555x555.jpg 555w, https:\/\/www.entelequiacultura.com\/wp-content\/uploads\/2023\/06\/650-360x360.jpg 360w, https:\/\/www.entelequiacultura.com\/wp-content\/uploads\/2023\/06\/650-262x262.jpg 262w, https:\/\/www.entelequiacultura.com\/wp-content\/uploads\/2023\/06\/650-600x600.jpg 600w, https:\/\/www.entelequiacultura.com\/wp-content\/uploads\/2023\/06\/650-100x100.jpg 100w\" sizes=\"(max-width: 775px) 100vw, 775px\" \/><\/div><\/div><\/div>\n<div class=\"wpv-grid grid-2-3  unextended\" style=\"padding-top:0px;padding-bottom:0px\" id=\"wpv-column-4a92563df04e522cfa8d61720b400c8c\" ><div class=\"row \"><div class=\"wpv-grid grid-1-1  first unextended\" style=\"padding-top:0px;padding-bottom:0px\" id=\"wpv-column-365e613cbdbf7bcd2bb8d3126f4b5e31\" ><p>OLIVIA DE MIGUEL CRESPO \u00e9s llicenciada en Filologia anglesa i doctora en Teoria de la Traducci\u00f3 per la Universitat Aut\u00f2noma de Barcelona. Ha estat professora durant m\u00e9s de vint anys en la Facultat de Traducci\u00f3 i Interpretaci\u00f3 de la Universitat Pompeu Fabra de Barcelona. Fundadora i directora del M\u00e0ster en Traducci\u00f3 Liter\u00e0ria i audiovisual, aix\u00ed com del Postgrau en Traducci\u00f3 Liter\u00e0ria de la BSM\/Pompeu Fabra (2002-2022).<\/p>\n<p>Ha estat membre de la Junta directiva de CEDRE i de ACEC, i Vicepresidenta de ACE traductors. Conferenciant i ponent en nombrosos f\u00f2rums tant a Espanya com a l\u2019estranger (UNAM de M\u00e8xic, Universitat de l\u2019Havana, Trinity College de Dubl\u00edn, Universitat de Buenos Aires, Hongria, etc.).<\/p>\n<p>Guardonada amb el Premi Nacional de traducci\u00f3 2011 per <em>Poes\u00eda Completa<\/em> de Marianne Moore i amb el Premi \u00c1ngel Crespo de Traducci\u00f3 2006 per <em>Autobiograf\u00eda<\/em> de G.K. Chesterton.<\/p>\n<p>Ha dirigit la col\u00b7lecci\u00f3 de literatura \u201cPalabras de mujer\u201d, en l\u2019editorial Global Rhythm Press. Ha tradu\u00eft, entre altres, a autors com Vernon Lee, Gina Berriault, Henry James, Oscar Wilde, E. Cummings, Kate Chopin, Marianne Moore, Joan Didion, W.H Auden, G.K. Chesterton o Caroll Lewis. De Virginia Woolf ha tradu\u00eft i editat <em>Carta a un poeta joven<\/em> (Jos\u00e9 de Ola\u00f1eta editor, 2022), <em>Escritos sobre arte<\/em> (Lamicro, 2022) i els volums I, II, III, IV i V del <em>Diario de Virg\u00ednia Woolf<\/em>(Editorial Tres Hermanas, 2018-2022).<\/div><\/div><\/div><\/div><\/div><\/div><\/div>\n<div class=\"wpv-grid grid-1-3  wpv-first-level unextended\" style=\"padding-top:0px;padding-bottom:0px\" id=\"wpv-column-d80c855c101639d927bfb60263214711\" ><div class=\"row \"><div class=\"wpv-grid grid-1-1  first has-background unextended\" style=\"background-color:#e2dfdf;padding-top:0px;padding-bottom:0px\" id=\"wpv-column-bc22f70d106ea0926ede660607ae75a0\" ><style>#wpv-column-bc22f70d106ea0926ede660607ae75a0 p,#wpv-column-bc22f70d106ea0926ede660607ae75a0 em,#wpv-column-bc22f70d106ea0926ede660607ae75a0 .column-title,#wpv-column-bc22f70d106ea0926ede660607ae75a0 .sep-text h2.regular-title-wrapper,#wpv-column-bc22f70d106ea0926ede660607ae75a0 .text-divider-double,#wpv-column-bc22f70d106ea0926ede660607ae75a0 .sep-text .sep-text-line,#wpv-column-bc22f70d106ea0926ede660607ae75a0 .sep,#wpv-column-bc22f70d106ea0926ede660607ae75a0 .sep-2,#wpv-column-bc22f70d106ea0926ede660607ae75a0 .sep-3{color:#665c5c;}#wpv-column-bc22f70d106ea0926ede660607ae75a0:before{background-color:transparent;}<\/style>\t\t<div class=\"sep-text single centered\">\n\t\t\t\t\t\t\t<span class=\"sep-text-before\"><div class=\"sep-text-line\"><\/div><\/span>\n\t\t\t\t\t\t<div class=\"content\">\n\t\t\t\t\n<h2>Detalls<\/h2>\n\t\t\t<\/div>\n\t\t\t<span class=\"sep-text-after\"><div class=\"sep-text-line\"><\/div><\/span>\n\t\t\t\t\t<\/div>\n\t\n<div class=\"row \"><div class=\"wpv-grid grid-1-1  first unextended\" style=\"padding-top:0px;padding-bottom:0px\" id=\"wpv-column-7f1d296e29e1a447359adcda620ad997\" ><p style=\"text-align: center;\">Si vols rebre informaci\u00f3 sobre nous esdeveniments, subscriu-te al nostre butllet\u00ed informatiu<\/p>\n<p style=\"text-align: center;\"><a href=\"https:\/\/www.entelequiacultura.com\/ca\/butlleti-informatiu-2\/\" target=\"_self\" style='font-size: 20px;' class=\"button vamtam-button accent1  btn_inscripcion button-filled hover-accent1  alignleft\"><span class=\"btext\">Subscriu-te!!<\/span><\/a>\n<p style=\"text-align: center;\">hola@entelequiacultura.com<\/p>\n<h2 style=\"text-align: center;\"><\/h2>\n<h2 style=\"text-align: center;\"><\/h2><\/div><\/div>\n<div class=\"row \"><div class=\"wpv-grid grid-1-1  first unextended\" style=\"padding-top:0px;padding-bottom:0px\" id=\"wpv-column-a6552ad93e4f32b1ad41837a8fd09199\" ><\/div><\/div><\/div><\/div><\/div><\/div>\n","protected":false},"excerpt":{"rendered":"<p>Descripci\u00f3: Els Diaris complets de Virg\u00ednia Woolf, tradu\u00efts per l&#8217;Olivia de Miguel, ens ofereixen una informaci\u00f3 valuos\u00edssima per a abordar, amb major enteniment, la (re)lectura de l&#8217;obra d&#8217;aquesta escriptora brit\u00e0nica,&#8230;<\/p>\n","protected":false},"author":1,"featured_media":39491,"template":"","meta":{"_price":"","_stock":"","_tribe_ticket_header":"","_tribe_default_ticket_provider":"","_tribe_ticket_capacity":"0","_ticket_start_date":"","_ticket_end_date":"","_tribe_ticket_show_description":"","_tribe_ticket_show_not_going":false,"_tribe_ticket_use_global_stock":"","_tribe_ticket_global_stock_level":"","_global_stock_mode":"","_global_stock_cap":"","_tribe_rsvp_for_event":"","_tribe_ticket_going_count":"","_tribe_ticket_not_going_count":"","_tribe_tickets_list":"[]","_tribe_ticket_has_attendee_info_fields":false,"_tribe_events_status":"","_tribe_events_status_reason":"","footnotes":"","_tec_slr_enabled":"","_tec_slr_layout":""},"tags":[],"tribe_events_cat":[558],"class_list":["post-39186","tribe_events","type-tribe_events","status-publish","has-post-thumbnail","hentry","tribe_events_cat-activitats-bcn","cat_activitats-bcn"],"aioseo_notices":[],"aioseo_head":"\n\t\t<!-- All in One SEO 5.0.1.1 - aioseo.com -->\n\t<meta name=\"description\" content=\"Descripci\u00f3: Els Diaris complets de Virg\u00ednia Woolf, tradu\u00efts per l&#039;Olivia de Miguel, ens ofereixen una informaci\u00f3 valuos\u00edssima per a abordar, amb major enteniment, la (re)lectura de l&#039;obra d&#039;aquesta escriptora brit\u00e0nica, considerada una de les figures m\u00e9s destacades de l&#039;avantguardista modernisme anglosax\u00f3 del segle XX i del feminisme internacional, aix\u00ed com per a con\u00e8ixer els aspectes\" \/>\n\t<meta name=\"robots\" content=\"max-image-preview:large\" \/>\n\t<meta name=\"author\" content=\"Entelequia\"\/>\n\t<link rel=\"canonical\" href=\"https:\/\/www.entelequiacultura.com\/ca\/esdeveniment\/virginia-woolf-2\/\" \/>\n\t<meta name=\"generator\" content=\"All in One SEO (AIOSEO) 5.0.1.1\" \/>\n\t\t<meta property=\"og:locale\" content=\"ca_ES\" \/>\n\t\t<meta property=\"og:site_name\" content=\"Entelequia Cultura - Retiros Culturales\" \/>\n\t\t<meta property=\"og:type\" content=\"blog\" \/>\n\t\t<meta property=\"og:title\" content=\"VIRGINIA WOOLF SEGONS VIRGINIA WOOLF: Diaris 1915-1941 (Olivia de Miguel) \u2013 2A EDICI\u00d3 - Entelequia Cultura\" \/>\n\t\t<meta property=\"og:description\" content=\"Descripci\u00f3: Els Diaris complets de Virg\u00ednia Woolf, tradu\u00efts per l&#039;Olivia de Miguel, ens ofereixen una informaci\u00f3 valuos\u00edssima per a abordar, amb major enteniment, la (re)lectura de l&#039;obra d&#039;aquesta escriptora brit\u00e0nica, considerada una de les figures m\u00e9s destacades de l&#039;avantguardista modernisme anglosax\u00f3 del segle XX i del feminisme internacional, aix\u00ed com per a con\u00e8ixer els aspectes\" \/>\n\t\t<meta property=\"og:url\" content=\"https:\/\/www.entelequiacultura.com\/ca\/esdeveniment\/virginia-woolf-2\/\" \/>\n\t\t<meta property=\"og:image\" content=\"https:\/\/www.entelequiacultura.com\/wp-content\/uploads\/2023\/05\/jorge-luis-borges-1406705.jpeg\" \/>\n\t\t<meta property=\"og:image:secure_url\" content=\"https:\/\/www.entelequiacultura.com\/wp-content\/uploads\/2023\/05\/jorge-luis-borges-1406705.jpeg\" \/>\n\t\t<meta property=\"og:image:width\" content=\"1200\" \/>\n\t\t<meta property=\"og:image:height\" content=\"675\" \/>\n\t\t<meta name=\"twitter:card\" content=\"summary\" \/>\n\t\t<meta name=\"twitter:site\" content=\"@entelequiacult\" \/>\n\t\t<meta name=\"twitter:title\" content=\"VIRGINIA WOOLF SEGONS VIRGINIA WOOLF: Diaris 1915-1941 (Olivia de Miguel) \u2013 2A EDICI\u00d3 - Entelequia Cultura\" \/>\n\t\t<meta name=\"twitter:description\" content=\"Descripci\u00f3: Els Diaris complets de Virg\u00ednia Woolf, tradu\u00efts per l&#039;Olivia de Miguel, ens ofereixen una informaci\u00f3 valuos\u00edssima per a abordar, amb major enteniment, la (re)lectura de l&#039;obra d&#039;aquesta escriptora brit\u00e0nica, considerada una de les figures m\u00e9s destacades de l&#039;avantguardista modernisme anglosax\u00f3 del segle XX i del feminisme internacional, aix\u00ed com per a con\u00e8ixer els aspectes\" \/>\n\t\t<meta name=\"twitter:creator\" content=\"@entelequiacult\" \/>\n\t\t<meta name=\"twitter:image\" content=\"https:\/\/www.entelequiacultura.com\/wp-content\/uploads\/2023\/05\/jorge-luis-borges-1406705.jpeg\" \/>\n\t\t<script type=\"application\/ld+json\" class=\"aioseo-schema\">\n\t\t\t{\"@context\":\"https:\\\/\\\/schema.org\",\"@graph\":[{\"@type\":\"BreadcrumbList\",\"@id\":\"https:\\\/\\\/www.entelequiacultura.com\\\/ca\\\/esdeveniment\\\/virginia-woolf-2\\\/#breadcrumblist\",\"itemListElement\":[{\"@type\":\"ListItem\",\"@id\":\"https:\\\/\\\/www.entelequiacultura.com\\\/ca\\\/#listItem\",\"position\":1,\"name\":\"Home\",\"item\":\"https:\\\/\\\/www.entelequiacultura.com\\\/ca\\\/\",\"nextItem\":{\"@type\":\"ListItem\",\"@id\":\"https:\\\/\\\/www.entelequiacultura.com\\\/ca\\\/eventos\\\/#listItem\",\"name\":\"Esdeveniments\"}},{\"@type\":\"ListItem\",\"@id\":\"https:\\\/\\\/www.entelequiacultura.com\\\/ca\\\/eventos\\\/#listItem\",\"position\":2,\"name\":\"Esdeveniments\",\"item\":\"https:\\\/\\\/www.entelequiacultura.com\\\/ca\\\/eventos\\\/\",\"nextItem\":{\"@type\":\"ListItem\",\"@id\":\"https:\\\/\\\/www.entelequiacultura.com\\\/ca\\\/eventos\\\/category\\\/activitats-bcn\\\/#listItem\",\"name\":\"Activitats BCN\"},\"previousItem\":{\"@type\":\"ListItem\",\"@id\":\"https:\\\/\\\/www.entelequiacultura.com\\\/ca\\\/#listItem\",\"name\":\"Home\"}},{\"@type\":\"ListItem\",\"@id\":\"https:\\\/\\\/www.entelequiacultura.com\\\/ca\\\/eventos\\\/category\\\/activitats-bcn\\\/#listItem\",\"position\":3,\"name\":\"Activitats BCN\",\"item\":\"https:\\\/\\\/www.entelequiacultura.com\\\/ca\\\/eventos\\\/category\\\/activitats-bcn\\\/\",\"nextItem\":{\"@type\":\"ListItem\",\"@id\":\"https:\\\/\\\/www.entelequiacultura.com\\\/ca\\\/esdeveniment\\\/virginia-woolf-2\\\/#listItem\",\"name\":\"VIRGINIA WOOLF SEGONS VIRGINIA WOOLF: Diaris 1915-1941 (Olivia de Miguel) &#8211; 2A EDICI\\u00d3\"},\"previousItem\":{\"@type\":\"ListItem\",\"@id\":\"https:\\\/\\\/www.entelequiacultura.com\\\/ca\\\/eventos\\\/#listItem\",\"name\":\"Esdeveniments\"}},{\"@type\":\"ListItem\",\"@id\":\"https:\\\/\\\/www.entelequiacultura.com\\\/ca\\\/esdeveniment\\\/virginia-woolf-2\\\/#listItem\",\"position\":4,\"name\":\"VIRGINIA WOOLF SEGONS VIRGINIA WOOLF: Diaris 1915-1941 (Olivia de Miguel) &#8211; 2A EDICI\\u00d3\",\"previousItem\":{\"@type\":\"ListItem\",\"@id\":\"https:\\\/\\\/www.entelequiacultura.com\\\/ca\\\/eventos\\\/category\\\/activitats-bcn\\\/#listItem\",\"name\":\"Activitats BCN\"}}]},{\"@type\":\"Organization\",\"@id\":\"https:\\\/\\\/www.entelequiacultura.com\\\/ca\\\/#organization\",\"name\":\"Entelequia Cultura\",\"description\":\"Retiros Culturales\",\"url\":\"https:\\\/\\\/www.entelequiacultura.com\\\/ca\\\/\",\"sameAs\":[\"https:\\\/\\\/www.facebook.com\\\/entelequiacultura\",\"https:\\\/\\\/twitter.com\\\/entelequiacult\"]},{\"@type\":\"Person\",\"@id\":\"https:\\\/\\\/www.entelequiacultura.com\\\/ca\\\/author\\\/ritaentelequia\\\/#author\",\"url\":\"https:\\\/\\\/www.entelequiacultura.com\\\/ca\\\/author\\\/ritaentelequia\\\/\",\"name\":\"Entelequia\",\"image\":{\"@type\":\"ImageObject\",\"@id\":\"https:\\\/\\\/www.entelequiacultura.com\\\/ca\\\/esdeveniment\\\/virginia-woolf-2\\\/#authorImage\",\"url\":\"https:\\\/\\\/secure.gravatar.com\\\/avatar\\\/18f60d4ef589bed7d93af3382c39f8a28752f5405d10beb50349ece71193cf3b?s=96&d=mm&r=g\",\"width\":96,\"height\":96,\"caption\":\"Entelequia\"}},{\"@type\":\"WebPage\",\"@id\":\"https:\\\/\\\/www.entelequiacultura.com\\\/ca\\\/esdeveniment\\\/virginia-woolf-2\\\/#webpage\",\"url\":\"https:\\\/\\\/www.entelequiacultura.com\\\/ca\\\/esdeveniment\\\/virginia-woolf-2\\\/\",\"name\":\"VIRGINIA WOOLF SEGONS VIRGINIA WOOLF: Diaris 1915-1941 (Olivia de Miguel) \\u2013 2A EDICI\\u00d3 - Entelequia Cultura\",\"description\":\"Descripci\\u00f3: Els Diaris complets de Virg\\u00ednia Woolf, tradu\\u00efts per l'Olivia de Miguel, ens ofereixen una informaci\\u00f3 valuos\\u00edssima per a abordar, amb major enteniment, la (re)lectura de l'obra d'aquesta escriptora brit\\u00e0nica, considerada una de les figures m\\u00e9s destacades de l'avantguardista modernisme anglosax\\u00f3 del segle XX i del feminisme internacional, aix\\u00ed com per a con\\u00e8ixer els aspectes\",\"inLanguage\":\"ca\",\"isPartOf\":{\"@id\":\"https:\\\/\\\/www.entelequiacultura.com\\\/ca\\\/#website\"},\"breadcrumb\":{\"@id\":\"https:\\\/\\\/www.entelequiacultura.com\\\/ca\\\/esdeveniment\\\/virginia-woolf-2\\\/#breadcrumblist\"},\"author\":{\"@id\":\"https:\\\/\\\/www.entelequiacultura.com\\\/ca\\\/author\\\/ritaentelequia\\\/#author\"},\"creator\":{\"@id\":\"https:\\\/\\\/www.entelequiacultura.com\\\/ca\\\/author\\\/ritaentelequia\\\/#author\"},\"image\":{\"@type\":\"ImageObject\",\"url\":\"https:\\\/\\\/www.entelequiacultura.com\\\/wp-content\\\/uploads\\\/2023\\\/07\\\/Virginia-Woolf-1280-\\u00d7-720-px.jpg\",\"@id\":\"https:\\\/\\\/www.entelequiacultura.com\\\/ca\\\/esdeveniment\\\/virginia-woolf-2\\\/#mainImage\",\"width\":1280,\"height\":720},\"primaryImageOfPage\":{\"@id\":\"https:\\\/\\\/www.entelequiacultura.com\\\/ca\\\/esdeveniment\\\/virginia-woolf-2\\\/#mainImage\"},\"datePublished\":\"2023-07-05T20:08:06+02:00\",\"dateModified\":\"2023-10-08T10:12:55+02:00\"},{\"@type\":\"WebSite\",\"@id\":\"https:\\\/\\\/www.entelequiacultura.com\\\/ca\\\/#website\",\"url\":\"https:\\\/\\\/www.entelequiacultura.com\\\/ca\\\/\",\"name\":\"Entelequia Cultura\",\"description\":\"Retiros Culturales\",\"inLanguage\":\"ca\",\"publisher\":{\"@id\":\"https:\\\/\\\/www.entelequiacultura.com\\\/ca\\\/#organization\"}}]}\n\t\t<\/script>\n\t\t<!-- All in One SEO -->\n\n","aioseo_head_json":{"title":"VIRGINIA WOOLF SEGONS VIRGINIA WOOLF: Diaris 1915-1941 (Olivia de Miguel) \u2013 2A EDICI\u00d3 - Entelequia Cultura","description":"Descripci\u00f3: Els Diaris complets de Virg\u00ednia Woolf, tradu\u00efts per l'Olivia de Miguel, ens ofereixen una informaci\u00f3 valuos\u00edssima per a abordar, amb major enteniment, la (re)lectura de l'obra d'aquesta escriptora brit\u00e0nica, considerada una de les figures m\u00e9s destacades de l'avantguardista modernisme anglosax\u00f3 del segle XX i del feminisme internacional, aix\u00ed com per a con\u00e8ixer els aspectes","canonical_url":"https:\/\/www.entelequiacultura.com\/ca\/esdeveniment\/virginia-woolf-2\/","robots":"max-image-preview:large","keywords":"","webmasterTools":{"miscellaneous":""},"schema":{"@context":"https:\/\/schema.org","@graph":[{"@type":"BreadcrumbList","@id":"https:\/\/www.entelequiacultura.com\/ca\/esdeveniment\/virginia-woolf-2\/#breadcrumblist","itemListElement":[{"@type":"ListItem","@id":"https:\/\/www.entelequiacultura.com\/ca\/#listItem","position":1,"name":"Home","item":"https:\/\/www.entelequiacultura.com\/ca\/","nextItem":{"@type":"ListItem","@id":"https:\/\/www.entelequiacultura.com\/ca\/eventos\/#listItem","name":"Esdeveniments"}},{"@type":"ListItem","@id":"https:\/\/www.entelequiacultura.com\/ca\/eventos\/#listItem","position":2,"name":"Esdeveniments","item":"https:\/\/www.entelequiacultura.com\/ca\/eventos\/","nextItem":{"@type":"ListItem","@id":"https:\/\/www.entelequiacultura.com\/ca\/eventos\/category\/activitats-bcn\/#listItem","name":"Activitats BCN"},"previousItem":{"@type":"ListItem","@id":"https:\/\/www.entelequiacultura.com\/ca\/#listItem","name":"Home"}},{"@type":"ListItem","@id":"https:\/\/www.entelequiacultura.com\/ca\/eventos\/category\/activitats-bcn\/#listItem","position":3,"name":"Activitats BCN","item":"https:\/\/www.entelequiacultura.com\/ca\/eventos\/category\/activitats-bcn\/","nextItem":{"@type":"ListItem","@id":"https:\/\/www.entelequiacultura.com\/ca\/esdeveniment\/virginia-woolf-2\/#listItem","name":"VIRGINIA WOOLF SEGONS VIRGINIA WOOLF: Diaris 1915-1941 (Olivia de Miguel) &#8211; 2A EDICI\u00d3"},"previousItem":{"@type":"ListItem","@id":"https:\/\/www.entelequiacultura.com\/ca\/eventos\/#listItem","name":"Esdeveniments"}},{"@type":"ListItem","@id":"https:\/\/www.entelequiacultura.com\/ca\/esdeveniment\/virginia-woolf-2\/#listItem","position":4,"name":"VIRGINIA WOOLF SEGONS VIRGINIA WOOLF: Diaris 1915-1941 (Olivia de Miguel) &#8211; 2A EDICI\u00d3","previousItem":{"@type":"ListItem","@id":"https:\/\/www.entelequiacultura.com\/ca\/eventos\/category\/activitats-bcn\/#listItem","name":"Activitats BCN"}}]},{"@type":"Organization","@id":"https:\/\/www.entelequiacultura.com\/ca\/#organization","name":"Entelequia Cultura","description":"Retiros Culturales","url":"https:\/\/www.entelequiacultura.com\/ca\/","sameAs":["https:\/\/www.facebook.com\/entelequiacultura","https:\/\/twitter.com\/entelequiacult"]},{"@type":"Person","@id":"https:\/\/www.entelequiacultura.com\/ca\/author\/ritaentelequia\/#author","url":"https:\/\/www.entelequiacultura.com\/ca\/author\/ritaentelequia\/","name":"Entelequia","image":{"@type":"ImageObject","@id":"https:\/\/www.entelequiacultura.com\/ca\/esdeveniment\/virginia-woolf-2\/#authorImage","url":"https:\/\/secure.gravatar.com\/avatar\/18f60d4ef589bed7d93af3382c39f8a28752f5405d10beb50349ece71193cf3b?s=96&d=mm&r=g","width":96,"height":96,"caption":"Entelequia"}},{"@type":"WebPage","@id":"https:\/\/www.entelequiacultura.com\/ca\/esdeveniment\/virginia-woolf-2\/#webpage","url":"https:\/\/www.entelequiacultura.com\/ca\/esdeveniment\/virginia-woolf-2\/","name":"VIRGINIA WOOLF SEGONS VIRGINIA WOOLF: Diaris 1915-1941 (Olivia de Miguel) \u2013 2A EDICI\u00d3 - Entelequia Cultura","description":"Descripci\u00f3: Els Diaris complets de Virg\u00ednia Woolf, tradu\u00efts per l'Olivia de Miguel, ens ofereixen una informaci\u00f3 valuos\u00edssima per a abordar, amb major enteniment, la (re)lectura de l'obra d'aquesta escriptora brit\u00e0nica, considerada una de les figures m\u00e9s destacades de l'avantguardista modernisme anglosax\u00f3 del segle XX i del feminisme internacional, aix\u00ed com per a con\u00e8ixer els aspectes","inLanguage":"ca","isPartOf":{"@id":"https:\/\/www.entelequiacultura.com\/ca\/#website"},"breadcrumb":{"@id":"https:\/\/www.entelequiacultura.com\/ca\/esdeveniment\/virginia-woolf-2\/#breadcrumblist"},"author":{"@id":"https:\/\/www.entelequiacultura.com\/ca\/author\/ritaentelequia\/#author"},"creator":{"@id":"https:\/\/www.entelequiacultura.com\/ca\/author\/ritaentelequia\/#author"},"image":{"@type":"ImageObject","url":"https:\/\/www.entelequiacultura.com\/wp-content\/uploads\/2023\/07\/Virginia-Woolf-1280-\u00d7-720-px.jpg","@id":"https:\/\/www.entelequiacultura.com\/ca\/esdeveniment\/virginia-woolf-2\/#mainImage","width":1280,"height":720},"primaryImageOfPage":{"@id":"https:\/\/www.entelequiacultura.com\/ca\/esdeveniment\/virginia-woolf-2\/#mainImage"},"datePublished":"2023-07-05T20:08:06+02:00","dateModified":"2023-10-08T10:12:55+02:00"},{"@type":"WebSite","@id":"https:\/\/www.entelequiacultura.com\/ca\/#website","url":"https:\/\/www.entelequiacultura.com\/ca\/","name":"Entelequia Cultura","description":"Retiros Culturales","inLanguage":"ca","publisher":{"@id":"https:\/\/www.entelequiacultura.com\/ca\/#organization"}}]},"og:locale":"ca_ES","og:site_name":"Entelequia Cultura - Retiros Culturales","og:type":"blog","og:title":"VIRGINIA WOOLF SEGONS VIRGINIA WOOLF: Diaris 1915-1941 (Olivia de Miguel) \u2013 2A EDICI\u00d3 - Entelequia Cultura","og:description":"Descripci\u00f3: Els Diaris complets de Virg\u00ednia Woolf, tradu\u00efts per l'Olivia de Miguel, ens ofereixen una informaci\u00f3 valuos\u00edssima per a abordar, amb major enteniment, la (re)lectura de l'obra d'aquesta escriptora brit\u00e0nica, considerada una de les figures m\u00e9s destacades de l'avantguardista modernisme anglosax\u00f3 del segle XX i del feminisme internacional, aix\u00ed com per a con\u00e8ixer els aspectes","og:url":"https:\/\/www.entelequiacultura.com\/ca\/esdeveniment\/virginia-woolf-2\/","og:image":"https:\/\/www.entelequiacultura.com\/wp-content\/uploads\/2023\/05\/jorge-luis-borges-1406705.jpeg","og:image:secure_url":"https:\/\/www.entelequiacultura.com\/wp-content\/uploads\/2023\/05\/jorge-luis-borges-1406705.jpeg","og:image:width":1200,"og:image:height":675,"twitter:card":"summary","twitter:site":"@entelequiacult","twitter:title":"VIRGINIA WOOLF SEGONS VIRGINIA WOOLF: Diaris 1915-1941 (Olivia de Miguel) \u2013 2A EDICI\u00d3 - Entelequia Cultura","twitter:description":"Descripci\u00f3: Els Diaris complets de Virg\u00ednia Woolf, tradu\u00efts per l'Olivia de Miguel, ens ofereixen una informaci\u00f3 valuos\u00edssima per a abordar, amb major enteniment, la (re)lectura de l'obra d'aquesta escriptora brit\u00e0nica, considerada una de les figures m\u00e9s destacades de l'avantguardista modernisme anglosax\u00f3 del segle XX i del feminisme internacional, aix\u00ed com per a con\u00e8ixer els aspectes","twitter:creator":"@entelequiacult","twitter:image":"https:\/\/www.entelequiacultura.com\/wp-content\/uploads\/2023\/05\/jorge-luis-borges-1406705.jpeg"},"aioseo_meta_data":{"post_id":"39186","title":null,"description":"&nbsp;","keywords":[],"keyphrases":{"focus":{"keyphrase":"","score":0,"analysis":{"keyphraseInTitle":{"score":0,"maxScore":9,"error":1}}},"additional":[]},"primary_term":null,"canonical_url":null,"og_title":"#post_title #separator_sa #site_title","og_description":"#post_excerpt &nbsp;","og_object_type":"blog","og_image_type":"custom_image","og_image_url":"https:\/\/www.entelequiacultura.com\/wp-content\/uploads\/2023\/05\/jorge-luis-borges-1406705.jpeg","og_image_width":"1200","og_image_height":"675","og_image_custom_url":"https:\/\/www.entelequiacultura.com\/wp-content\/uploads\/2023\/05\/jorge-luis-borges-1406705.jpeg","og_image_custom_fields":null,"og_video":"","og_custom_url":null,"og_article_section":null,"og_article_tags":[],"twitter_use_og":true,"twitter_card":"summary","twitter_image_type":"default","twitter_image_url":null,"twitter_image_custom_url":null,"twitter_image_custom_fields":null,"twitter_title":null,"twitter_description":null,"schema":{"blockGraphs":[],"customGraphs":[],"default":{"data":{"Article":[],"Course":[],"Dataset":[],"FAQPage":[],"Movie":[],"Person":[],"Product":[],"ProductReview":[],"Car":[],"Recipe":[],"Service":[],"SoftwareApplication":[],"WebPage":[]},"graphName":"WebPage","isEnabled":true},"graphs":[]},"schema_type":"default","schema_type_options":"{\"article\":{\"articleType\":\"BlogPosting\"},\"course\":{\"name\":\"\",\"description\":\"\",\"provider\":\"\"},\"faq\":{\"pages\":[]},\"product\":{\"reviews\":[]},\"recipe\":{\"ingredients\":[],\"instructions\":[],\"keywords\":[]},\"software\":{\"reviews\":[],\"operatingSystems\":[]},\"webPage\":{\"webPageType\":\"WebPage\"},\"blockGraphs\":[]}","pillar_content":false,"robots_default":true,"robots_noindex":false,"robots_noarchive":false,"robots_nosnippet":false,"robots_nofollow":false,"robots_noimageindex":false,"robots_noodp":false,"robots_notranslate":false,"robots_max_snippet":"-1","robots_max_videopreview":"-1","robots_max_imagepreview":"large","priority":0,"frequency":"default","local_seo":null,"breadcrumb_settings":null,"limit_modified_date":false,"ai":null,"created":"2023-07-05 17:51:49","updated":"2025-06-26 21:01:12","seo_analyzer_scan_date":null,"focus_keyword":null,"additional_keywords":null,"truseo_locale":null},"aioseo_breadcrumb":"<div class=\"aioseo-breadcrumbs\"><span class=\"aioseo-breadcrumb\">\n\t\t\t<a href=\"https:\/\/www.entelequiacultura.com\/ca\/\" title=\"Home\">Home<\/a>\n\t\t<\/span><span class=\"aioseo-breadcrumb-separator\">&raquo;<\/span><span class=\"aioseo-breadcrumb\">\n\t\t\t<a href=\"https:\/\/www.entelequiacultura.com\/ca\/eventos\/\" title=\"Esdeveniments\">Esdeveniments<\/a>\n\t\t<\/span><span class=\"aioseo-breadcrumb-separator\">&raquo;<\/span><span class=\"aioseo-breadcrumb\">\n\t\t\t<a href=\"https:\/\/www.entelequiacultura.com\/ca\/eventos\/category\/activitats-bcn\/\" title=\"Activitats BCN\">Activitats BCN<\/a>\n\t\t<\/span><span class=\"aioseo-breadcrumb-separator\">&raquo;<\/span><span class=\"aioseo-breadcrumb\">\n\t\t\tVIRGINIA WOOLF SEGONS VIRGINIA WOOLF: Diaris 1915-1941 (Olivia de Miguel) \u2013 2A EDICI\u00d3\n\t\t<\/span><\/div>","aioseo_breadcrumb_json":[{"label":"Home","link":"https:\/\/www.entelequiacultura.com\/ca\/"},{"label":"Esdeveniments","link":"https:\/\/www.entelequiacultura.com\/ca\/eventos\/"},{"label":"Activitats BCN","link":"https:\/\/www.entelequiacultura.com\/ca\/eventos\/category\/activitats-bcn\/"},{"label":"VIRGINIA WOOLF SEGONS VIRGINIA WOOLF: Diaris 1915-1941 (Olivia de Miguel) &#8211; 2A EDICI\u00d3","link":"https:\/\/www.entelequiacultura.com\/ca\/esdeveniment\/virginia-woolf-2\/"}],"ticketed":false,"_links":{"self":[{"href":"https:\/\/www.entelequiacultura.com\/ca\/wp-json\/wp\/v2\/tribe_events\/39186","targetHints":{"allow":["GET"]}}],"collection":[{"href":"https:\/\/www.entelequiacultura.com\/ca\/wp-json\/wp\/v2\/tribe_events"}],"about":[{"href":"https:\/\/www.entelequiacultura.com\/ca\/wp-json\/wp\/v2\/types\/tribe_events"}],"author":[{"embeddable":true,"href":"https:\/\/www.entelequiacultura.com\/ca\/wp-json\/wp\/v2\/users\/1"}],"version-history":[{"count":0,"href":"https:\/\/www.entelequiacultura.com\/ca\/wp-json\/wp\/v2\/tribe_events\/39186\/revisions"}],"wp:featuredmedia":[{"embeddable":true,"href":"https:\/\/www.entelequiacultura.com\/ca\/wp-json\/wp\/v2\/media\/39491"}],"wp:attachment":[{"href":"https:\/\/www.entelequiacultura.com\/ca\/wp-json\/wp\/v2\/media?parent=39186"}],"wp:term":[{"taxonomy":"post_tag","embeddable":true,"href":"https:\/\/www.entelequiacultura.com\/ca\/wp-json\/wp\/v2\/tags?post=39186"},{"taxonomy":"tribe_events_cat","embeddable":true,"href":"https:\/\/www.entelequiacultura.com\/ca\/wp-json\/wp\/v2\/tribe_events_cat?post=39186"}],"curies":[{"name":"wp","href":"https:\/\/api.w.org\/{rel}","templated":true}]}}