{"id":38832,"date":"2023-05-07T12:57:34","date_gmt":"2023-05-07T10:57:34","guid":{"rendered":"https:\/\/www.entelequiacultura.com\/?post_type=tribe_events&#038;p=38832"},"modified":"2023-09-11T10:21:40","modified_gmt":"2023-09-11T08:21:40","slug":"mercedes-serna","status":"publish","type":"tribe_events","link":"https:\/\/www.entelequiacultura.com\/ca\/esdeveniment\/mercedes-serna\/","title":{"rendered":"BORGES POETA: simbologia en la poesia borgiana (Mercedes Serna)"},"content":{"rendered":"<div class=\"row \"><div class=\"wpv-grid grid-2-3  wpv-first-level first unextended\" style=\"padding-top:0px;padding-bottom:0px\" id=\"wpv-column-a24f757c158205a4cc1794e543d8a690\" ><div class=\"row \"><div class=\"wpv-grid grid-1-1  first unextended\" style=\"padding-top:0px;padding-bottom:0px\" id=\"wpv-column-71565990879f1464f65bf6a100234740\" ><h2>Descripici\u00f3:<\/h2>\n<p>En aquest seminari indagarem en la vida i obra del gran escriptor argent\u00ed Jorge Luis Borges, especialment pel que fa a la seva faceta com a poeta. Mitjan\u00e7ant l&#8217;exposici\u00f3 i an\u00e0lisi d&#8217;alguns materials i poesies, aprofundirem, entre altres aspectes rellevants, en el simbolisme present en les seves creacions.<\/p>\n<p><strong>Continguts:<\/strong><\/p>\n<ul>\n<li>El Borges poeta<\/li>\n<li>Car\u00e0cter autobiogr\u00e0fic en l&#8217;obra de Borges<\/li>\n<li>El jove poeta vs el vell poeta: de l&#8217;equivocaci\u00f3 ultra\u00edsta a la poesia metaf\u00edsica<\/li>\n<li>Borges i la crisi de la literatura<\/li>\n<li>Sistema de s\u00edmbols en la poesia borgiana<\/li>\n<li>Temes recurrents en la seva obra<\/li>\n<li>Poesia popular en Borges<\/li>\n<\/ul><\/div><\/div>\n<div class=\"row \"><div class=\"wpv-grid grid-1-1  first unextended\" style=\"padding-top:0px;padding-bottom:0px\" id=\"wpv-column-5635787411e68c226906a756cc722089\" ><div class=\"row \"><div class=\"wpv-grid grid-1-1  first unextended\" style=\"padding-top:0px;padding-bottom:0px\" id=\"wpv-column-50f86b125877406ca9b3b5adeae15e74\" ><h2>La professora:<\/h2><\/div><\/div>\n<div class=\"row \"><div class=\"wpv-grid grid-1-3  first unextended\" style=\"padding-top:0px;padding-bottom:0px\" id=\"wpv-column-cd01dc472c64189b4dbc5d9d997c79e8\" ><div class=\"row \"><div class=\"wpv-grid grid-1-1  first unextended\" style=\"padding-top:0px;padding-bottom:0px\" id=\"wpv-column-22b056b488aa366d55eb2089455b2f6d\" ><p><img loading=\"lazy\" decoding=\"async\" class=\"alignnone wp-image-38834 size-full\" src=\"https:\/\/www.entelequiacultura.com\/wp-content\/uploads\/2023\/05\/MERCEDES-SERNA.jpeg\" alt=\"\" width=\"650\" height=\"650\" srcset=\"https:\/\/www.entelequiacultura.com\/wp-content\/uploads\/2023\/05\/MERCEDES-SERNA.jpeg 650w, https:\/\/www.entelequiacultura.com\/wp-content\/uploads\/2023\/05\/MERCEDES-SERNA-300x300.jpeg 300w, https:\/\/www.entelequiacultura.com\/wp-content\/uploads\/2023\/05\/MERCEDES-SERNA-150x150.jpeg 150w, https:\/\/www.entelequiacultura.com\/wp-content\/uploads\/2023\/05\/MERCEDES-SERNA-60x60.jpeg 60w, https:\/\/www.entelequiacultura.com\/wp-content\/uploads\/2023\/05\/MERCEDES-SERNA-43x43.jpeg 43w, https:\/\/www.entelequiacultura.com\/wp-content\/uploads\/2023\/05\/MERCEDES-SERNA-106x106.jpeg 106w, https:\/\/www.entelequiacultura.com\/wp-content\/uploads\/2023\/05\/MERCEDES-SERNA-555x555.jpeg 555w, https:\/\/www.entelequiacultura.com\/wp-content\/uploads\/2023\/05\/MERCEDES-SERNA-360x360.jpeg 360w, https:\/\/www.entelequiacultura.com\/wp-content\/uploads\/2023\/05\/MERCEDES-SERNA-262x262.jpeg 262w, https:\/\/www.entelequiacultura.com\/wp-content\/uploads\/2023\/05\/MERCEDES-SERNA-600x600.jpeg 600w, https:\/\/www.entelequiacultura.com\/wp-content\/uploads\/2023\/05\/MERCEDES-SERNA-100x100.jpeg 100w\" sizes=\"(max-width: 650px) 100vw, 650px\" \/><\/div><\/div><\/div>\n<div class=\"wpv-grid grid-2-3  unextended\" style=\"padding-top:0px;padding-bottom:0px\" id=\"wpv-column-4f9b45c0d0ba7706533b56d6d2c29711\" ><div class=\"row \"><div class=\"wpv-grid grid-1-1  first unextended\" style=\"padding-top:0px;padding-bottom:0px\" id=\"wpv-column-aef24550988e7db0a42ad14655e06684\" ><p>MERCEDES SERNA \u00e9s catedr\u00e0tica de literatura hispanoamericana per la Universitat de Barcelona. Ha coordinat el M\u00e0ster \u201cEstudis avan\u00e7ats en literatura espanyola i hispanoamericana\u201d, en la seva versi\u00f3 presencial (Universitat de Barcelona), i en l\u00ednia (UNIBA).<\/p>\n<p>\u00c9s autora d&#8217;assajos sobre Bartolom\u00e9 de las Casas, sor Juana In\u00e9s de la Cruz, Manuel Guti\u00e9rrez N\u00e1jera, Jos\u00e9 Mart\u00ed, Rub\u00e9n Dar\u00edo, Julio Herrera i Reissig, Vicente Huidobro, Pablo Neruda, Jorge Luis Borges, Nicanor Parra o Vargas Llosa, publicats en revistes com a \u00ab\u00cdnsula\u00bb, \u00abCuadernos Hispanoamericanos\u00bb, \u00abAnales de literatura hispanoamericana\u00bb, \u00abMonteagudo\u00bb,\u00a0\u00abAnales de literatura hispanoamericana\u00bb, \u00abMonteagudo\u00bb, \u00abTropel\u00edas\u00bb, \u00abTonos Digital\u00bb, \u00abRevista de Indias\u00bb o \u00abRomances Notes\u00bb&#8230; <a href=\"https:\/\/www.entelequiacultura.com\/ca\/mercedes-serna\/\">llegir m\u00e9s<\/a><\/div><\/div><\/div><\/div><\/div><\/div><\/div>\n<div class=\"wpv-grid grid-1-3  wpv-first-level unextended\" style=\"padding-top:0px;padding-bottom:0px\" id=\"wpv-column-ff5e63fba804085a970395de2ec7166c\" ><div class=\"row \"><div class=\"wpv-grid grid-1-1  first has-background unextended\" style=\"background-color:#e2dfdf;padding-top:0px;padding-bottom:0px\" id=\"wpv-column-bd90cdceb06659091801a573e18bfa1b\" ><style>#wpv-column-bd90cdceb06659091801a573e18bfa1b p,#wpv-column-bd90cdceb06659091801a573e18bfa1b em,#wpv-column-bd90cdceb06659091801a573e18bfa1b .column-title,#wpv-column-bd90cdceb06659091801a573e18bfa1b .sep-text h2.regular-title-wrapper,#wpv-column-bd90cdceb06659091801a573e18bfa1b .text-divider-double,#wpv-column-bd90cdceb06659091801a573e18bfa1b .sep-text .sep-text-line,#wpv-column-bd90cdceb06659091801a573e18bfa1b .sep,#wpv-column-bd90cdceb06659091801a573e18bfa1b .sep-2,#wpv-column-bd90cdceb06659091801a573e18bfa1b .sep-3{color:#665c5c;}#wpv-column-bd90cdceb06659091801a573e18bfa1b:before{background-color:transparent;}<\/style><div class=\"row \"><div class=\"wpv-grid grid-1-1  first unextended\" style=\"padding-top:0px;padding-bottom:0px\" id=\"wpv-column-b3ef44c6ee2c5fa5e1dc0fc10cd3bc78\" ><p style=\"text-align: center;\">Si vols rebre informaci\u00f3 sobre nous esdeveniments, subscriu-te al nostre butllet\u00ed informatiu<\/p>\n<p style=\"text-align: center;\"><a href=\"https:\/\/www.entelequiacultura.com\/ca\/butlleti-informatiu-2\/\" target=\"_self\" style='font-size: 20px;' class=\"button vamtam-button accent1  btn_inscripcion button-filled hover-accent1  alignleft\"><span class=\"btext\">Subscriu-te!!<\/span><\/a>\n<p style=\"text-align: center;\">hola@entelequiacultura.com<\/p>\n<h2 style=\"text-align: center;\"><\/h2>\n<h2 style=\"text-align: center;\"><\/h2><\/div><\/div>\n<div class=\"row \"><div class=\"wpv-grid grid-1-1  first unextended\" style=\"padding-top:0px;padding-bottom:0px\" id=\"wpv-column-3b273e69b091c2544ff9886033947b8b\" ><\/div><\/div><\/div><\/div><\/div><\/div>\n","protected":false},"excerpt":{"rendered":"<p>Descripici\u00f3: En aquest seminari indagarem en la vida i obra del gran escriptor argent\u00ed Jorge Luis Borges, especialment pel que fa a la seva faceta com a poeta. Mitjan\u00e7ant l&#8217;exposici\u00f3&#8230;<\/p>\n","protected":false},"author":1,"featured_media":38837,"template":"","meta":{"_price":"","_stock":"","_tribe_ticket_header":"","_tribe_default_ticket_provider":"","_tribe_ticket_capacity":"0","_ticket_start_date":"","_ticket_end_date":"","_tribe_ticket_show_description":"","_tribe_ticket_show_not_going":false,"_tribe_ticket_use_global_stock":"","_tribe_ticket_global_stock_level":"","_global_stock_mode":"","_global_stock_cap":"","_tribe_rsvp_for_event":"","_tribe_ticket_going_count":"","_tribe_ticket_not_going_count":"","_tribe_tickets_list":"[]","_tribe_ticket_has_attendee_info_fields":false,"_tribe_events_status":"","_tribe_events_status_reason":"","footnotes":"","_tec_slr_enabled":"","_tec_slr_layout":""},"tags":[],"tribe_events_cat":[558],"class_list":["post-38832","tribe_events","type-tribe_events","status-publish","has-post-thumbnail","hentry","tribe_events_cat-activitats-bcn","cat_activitats-bcn"],"aioseo_notices":[],"aioseo_head":"\n\t\t<!-- All in One SEO 5.0.1.1 - aioseo.com -->\n\t<meta name=\"description\" content=\"Descripici\u00f3: En aquest seminari indagarem en la vida i obra del gran escriptor argent\u00ed Jorge Luis Borges, especialment pel que fa a la seva faceta com a poeta. Mitjan\u00e7ant l&#039;exposici\u00f3 i an\u00e0lisi d&#039;alguns materials i poesies, aprofundirem, entre altres aspectes rellevants, en el simbolisme present en les seves creacions. Continguts: El Borges poeta Car\u00e0cter autobiogr\u00e0fic\" \/>\n\t<meta name=\"robots\" content=\"max-image-preview:large\" \/>\n\t<meta name=\"author\" content=\"Entelequia\"\/>\n\t<link rel=\"canonical\" href=\"https:\/\/www.entelequiacultura.com\/ca\/esdeveniment\/mercedes-serna\/\" \/>\n\t<meta name=\"generator\" content=\"All in One SEO (AIOSEO) 5.0.1.1\" \/>\n\t\t<meta property=\"og:locale\" content=\"ca_ES\" \/>\n\t\t<meta property=\"og:site_name\" content=\"Entelequia Cultura - Retiros Culturales\" \/>\n\t\t<meta property=\"og:type\" content=\"blog\" \/>\n\t\t<meta property=\"og:title\" content=\"BORGES POETA: simbologia en la poesia borgiana (Mercedes Serna) - Entelequia Cultura\" \/>\n\t\t<meta property=\"og:description\" content=\"Descripici\u00f3: En aquest seminari indagarem en la vida i obra del gran escriptor argent\u00ed Jorge Luis Borges, especialment pel que fa a la seva faceta com a poeta. Mitjan\u00e7ant l&#039;exposici\u00f3 i an\u00e0lisi d&#039;alguns materials i poesies, aprofundirem, entre altres aspectes rellevants, en el simbolisme present en les seves creacions. Continguts: El Borges poeta Car\u00e0cter autobiogr\u00e0fic\" \/>\n\t\t<meta property=\"og:url\" content=\"https:\/\/www.entelequiacultura.com\/ca\/esdeveniment\/mercedes-serna\/\" \/>\n\t\t<meta property=\"og:image\" content=\"https:\/\/www.entelequiacultura.com\/wp-content\/uploads\/2023\/05\/jorge-luis-borges-1406705.jpeg\" \/>\n\t\t<meta property=\"og:image:secure_url\" content=\"https:\/\/www.entelequiacultura.com\/wp-content\/uploads\/2023\/05\/jorge-luis-borges-1406705.jpeg\" \/>\n\t\t<meta property=\"og:image:width\" content=\"1200\" \/>\n\t\t<meta property=\"og:image:height\" content=\"675\" \/>\n\t\t<meta name=\"twitter:card\" content=\"summary\" \/>\n\t\t<meta name=\"twitter:site\" content=\"@entelequiacult\" \/>\n\t\t<meta name=\"twitter:title\" content=\"BORGES POETA: simbologia en la poesia borgiana (Mercedes Serna) - Entelequia Cultura\" \/>\n\t\t<meta name=\"twitter:description\" content=\"Descripici\u00f3: En aquest seminari indagarem en la vida i obra del gran escriptor argent\u00ed Jorge Luis Borges, especialment pel que fa a la seva faceta com a poeta. Mitjan\u00e7ant l&#039;exposici\u00f3 i an\u00e0lisi d&#039;alguns materials i poesies, aprofundirem, entre altres aspectes rellevants, en el simbolisme present en les seves creacions. Continguts: El Borges poeta Car\u00e0cter autobiogr\u00e0fic\" \/>\n\t\t<meta name=\"twitter:creator\" content=\"@entelequiacult\" \/>\n\t\t<meta name=\"twitter:image\" content=\"https:\/\/www.entelequiacultura.com\/wp-content\/uploads\/2023\/05\/jorge-luis-borges-1406705.jpeg\" \/>\n\t\t<script type=\"application\/ld+json\" class=\"aioseo-schema\">\n\t\t\t{\"@context\":\"https:\\\/\\\/schema.org\",\"@graph\":[{\"@type\":\"BreadcrumbList\",\"@id\":\"https:\\\/\\\/www.entelequiacultura.com\\\/ca\\\/esdeveniment\\\/mercedes-serna\\\/#breadcrumblist\",\"itemListElement\":[{\"@type\":\"ListItem\",\"@id\":\"https:\\\/\\\/www.entelequiacultura.com\\\/ca\\\/#listItem\",\"position\":1,\"name\":\"Home\",\"item\":\"https:\\\/\\\/www.entelequiacultura.com\\\/ca\\\/\",\"nextItem\":{\"@type\":\"ListItem\",\"@id\":\"https:\\\/\\\/www.entelequiacultura.com\\\/ca\\\/eventos\\\/#listItem\",\"name\":\"Esdeveniments\"}},{\"@type\":\"ListItem\",\"@id\":\"https:\\\/\\\/www.entelequiacultura.com\\\/ca\\\/eventos\\\/#listItem\",\"position\":2,\"name\":\"Esdeveniments\",\"item\":\"https:\\\/\\\/www.entelequiacultura.com\\\/ca\\\/eventos\\\/\",\"nextItem\":{\"@type\":\"ListItem\",\"@id\":\"https:\\\/\\\/www.entelequiacultura.com\\\/ca\\\/eventos\\\/category\\\/activitats-bcn\\\/#listItem\",\"name\":\"Activitats BCN\"},\"previousItem\":{\"@type\":\"ListItem\",\"@id\":\"https:\\\/\\\/www.entelequiacultura.com\\\/ca\\\/#listItem\",\"name\":\"Home\"}},{\"@type\":\"ListItem\",\"@id\":\"https:\\\/\\\/www.entelequiacultura.com\\\/ca\\\/eventos\\\/category\\\/activitats-bcn\\\/#listItem\",\"position\":3,\"name\":\"Activitats BCN\",\"item\":\"https:\\\/\\\/www.entelequiacultura.com\\\/ca\\\/eventos\\\/category\\\/activitats-bcn\\\/\",\"nextItem\":{\"@type\":\"ListItem\",\"@id\":\"https:\\\/\\\/www.entelequiacultura.com\\\/ca\\\/esdeveniment\\\/mercedes-serna\\\/#listItem\",\"name\":\"BORGES POETA: simbologia en la poesia borgiana (Mercedes Serna)\"},\"previousItem\":{\"@type\":\"ListItem\",\"@id\":\"https:\\\/\\\/www.entelequiacultura.com\\\/ca\\\/eventos\\\/#listItem\",\"name\":\"Esdeveniments\"}},{\"@type\":\"ListItem\",\"@id\":\"https:\\\/\\\/www.entelequiacultura.com\\\/ca\\\/esdeveniment\\\/mercedes-serna\\\/#listItem\",\"position\":4,\"name\":\"BORGES POETA: simbologia en la poesia borgiana (Mercedes Serna)\",\"previousItem\":{\"@type\":\"ListItem\",\"@id\":\"https:\\\/\\\/www.entelequiacultura.com\\\/ca\\\/eventos\\\/category\\\/activitats-bcn\\\/#listItem\",\"name\":\"Activitats BCN\"}}]},{\"@type\":\"Organization\",\"@id\":\"https:\\\/\\\/www.entelequiacultura.com\\\/ca\\\/#organization\",\"name\":\"Entelequia Cultura\",\"description\":\"Retiros Culturales\",\"url\":\"https:\\\/\\\/www.entelequiacultura.com\\\/ca\\\/\",\"sameAs\":[\"https:\\\/\\\/www.facebook.com\\\/entelequiacultura\",\"https:\\\/\\\/twitter.com\\\/entelequiacult\"]},{\"@type\":\"Person\",\"@id\":\"https:\\\/\\\/www.entelequiacultura.com\\\/ca\\\/author\\\/ritaentelequia\\\/#author\",\"url\":\"https:\\\/\\\/www.entelequiacultura.com\\\/ca\\\/author\\\/ritaentelequia\\\/\",\"name\":\"Entelequia\",\"image\":{\"@type\":\"ImageObject\",\"@id\":\"https:\\\/\\\/www.entelequiacultura.com\\\/ca\\\/esdeveniment\\\/mercedes-serna\\\/#authorImage\",\"url\":\"https:\\\/\\\/secure.gravatar.com\\\/avatar\\\/18f60d4ef589bed7d93af3382c39f8a28752f5405d10beb50349ece71193cf3b?s=96&d=mm&r=g\",\"width\":96,\"height\":96,\"caption\":\"Entelequia\"}},{\"@type\":\"WebPage\",\"@id\":\"https:\\\/\\\/www.entelequiacultura.com\\\/ca\\\/esdeveniment\\\/mercedes-serna\\\/#webpage\",\"url\":\"https:\\\/\\\/www.entelequiacultura.com\\\/ca\\\/esdeveniment\\\/mercedes-serna\\\/\",\"name\":\"BORGES POETA: simbologia en la poesia borgiana (Mercedes Serna) - Entelequia Cultura\",\"description\":\"Descripici\\u00f3: En aquest seminari indagarem en la vida i obra del gran escriptor argent\\u00ed Jorge Luis Borges, especialment pel que fa a la seva faceta com a poeta. Mitjan\\u00e7ant l'exposici\\u00f3 i an\\u00e0lisi d'alguns materials i poesies, aprofundirem, entre altres aspectes rellevants, en el simbolisme present en les seves creacions. Continguts: El Borges poeta Car\\u00e0cter autobiogr\\u00e0fic\",\"inLanguage\":\"ca\",\"isPartOf\":{\"@id\":\"https:\\\/\\\/www.entelequiacultura.com\\\/ca\\\/#website\"},\"breadcrumb\":{\"@id\":\"https:\\\/\\\/www.entelequiacultura.com\\\/ca\\\/esdeveniment\\\/mercedes-serna\\\/#breadcrumblist\"},\"author\":{\"@id\":\"https:\\\/\\\/www.entelequiacultura.com\\\/ca\\\/author\\\/ritaentelequia\\\/#author\"},\"creator\":{\"@id\":\"https:\\\/\\\/www.entelequiacultura.com\\\/ca\\\/author\\\/ritaentelequia\\\/#author\"},\"image\":{\"@type\":\"ImageObject\",\"url\":\"https:\\\/\\\/www.entelequiacultura.com\\\/wp-content\\\/uploads\\\/2023\\\/05\\\/jorge-luis-borges-1406705.jpeg\",\"@id\":\"https:\\\/\\\/www.entelequiacultura.com\\\/ca\\\/esdeveniment\\\/mercedes-serna\\\/#mainImage\",\"width\":1200,\"height\":675},\"primaryImageOfPage\":{\"@id\":\"https:\\\/\\\/www.entelequiacultura.com\\\/ca\\\/esdeveniment\\\/mercedes-serna\\\/#mainImage\"},\"datePublished\":\"2023-05-07T12:57:34+02:00\",\"dateModified\":\"2023-09-11T10:21:40+02:00\"},{\"@type\":\"WebSite\",\"@id\":\"https:\\\/\\\/www.entelequiacultura.com\\\/ca\\\/#website\",\"url\":\"https:\\\/\\\/www.entelequiacultura.com\\\/ca\\\/\",\"name\":\"Entelequia Cultura\",\"description\":\"Retiros Culturales\",\"inLanguage\":\"ca\",\"publisher\":{\"@id\":\"https:\\\/\\\/www.entelequiacultura.com\\\/ca\\\/#organization\"}}]}\n\t\t<\/script>\n\t\t<!-- All in One SEO -->\n\n","aioseo_head_json":{"title":"BORGES POETA: simbologia en la poesia borgiana (Mercedes Serna) - Entelequia Cultura","description":"Descripici\u00f3: En aquest seminari indagarem en la vida i obra del gran escriptor argent\u00ed Jorge Luis Borges, especialment pel que fa a la seva faceta com a poeta. Mitjan\u00e7ant l'exposici\u00f3 i an\u00e0lisi d'alguns materials i poesies, aprofundirem, entre altres aspectes rellevants, en el simbolisme present en les seves creacions. Continguts: El Borges poeta Car\u00e0cter autobiogr\u00e0fic","canonical_url":"https:\/\/www.entelequiacultura.com\/ca\/esdeveniment\/mercedes-serna\/","robots":"max-image-preview:large","keywords":"","webmasterTools":{"miscellaneous":""},"schema":{"@context":"https:\/\/schema.org","@graph":[{"@type":"BreadcrumbList","@id":"https:\/\/www.entelequiacultura.com\/ca\/esdeveniment\/mercedes-serna\/#breadcrumblist","itemListElement":[{"@type":"ListItem","@id":"https:\/\/www.entelequiacultura.com\/ca\/#listItem","position":1,"name":"Home","item":"https:\/\/www.entelequiacultura.com\/ca\/","nextItem":{"@type":"ListItem","@id":"https:\/\/www.entelequiacultura.com\/ca\/eventos\/#listItem","name":"Esdeveniments"}},{"@type":"ListItem","@id":"https:\/\/www.entelequiacultura.com\/ca\/eventos\/#listItem","position":2,"name":"Esdeveniments","item":"https:\/\/www.entelequiacultura.com\/ca\/eventos\/","nextItem":{"@type":"ListItem","@id":"https:\/\/www.entelequiacultura.com\/ca\/eventos\/category\/activitats-bcn\/#listItem","name":"Activitats BCN"},"previousItem":{"@type":"ListItem","@id":"https:\/\/www.entelequiacultura.com\/ca\/#listItem","name":"Home"}},{"@type":"ListItem","@id":"https:\/\/www.entelequiacultura.com\/ca\/eventos\/category\/activitats-bcn\/#listItem","position":3,"name":"Activitats BCN","item":"https:\/\/www.entelequiacultura.com\/ca\/eventos\/category\/activitats-bcn\/","nextItem":{"@type":"ListItem","@id":"https:\/\/www.entelequiacultura.com\/ca\/esdeveniment\/mercedes-serna\/#listItem","name":"BORGES POETA: simbologia en la poesia borgiana (Mercedes Serna)"},"previousItem":{"@type":"ListItem","@id":"https:\/\/www.entelequiacultura.com\/ca\/eventos\/#listItem","name":"Esdeveniments"}},{"@type":"ListItem","@id":"https:\/\/www.entelequiacultura.com\/ca\/esdeveniment\/mercedes-serna\/#listItem","position":4,"name":"BORGES POETA: simbologia en la poesia borgiana (Mercedes Serna)","previousItem":{"@type":"ListItem","@id":"https:\/\/www.entelequiacultura.com\/ca\/eventos\/category\/activitats-bcn\/#listItem","name":"Activitats BCN"}}]},{"@type":"Organization","@id":"https:\/\/www.entelequiacultura.com\/ca\/#organization","name":"Entelequia Cultura","description":"Retiros Culturales","url":"https:\/\/www.entelequiacultura.com\/ca\/","sameAs":["https:\/\/www.facebook.com\/entelequiacultura","https:\/\/twitter.com\/entelequiacult"]},{"@type":"Person","@id":"https:\/\/www.entelequiacultura.com\/ca\/author\/ritaentelequia\/#author","url":"https:\/\/www.entelequiacultura.com\/ca\/author\/ritaentelequia\/","name":"Entelequia","image":{"@type":"ImageObject","@id":"https:\/\/www.entelequiacultura.com\/ca\/esdeveniment\/mercedes-serna\/#authorImage","url":"https:\/\/secure.gravatar.com\/avatar\/18f60d4ef589bed7d93af3382c39f8a28752f5405d10beb50349ece71193cf3b?s=96&d=mm&r=g","width":96,"height":96,"caption":"Entelequia"}},{"@type":"WebPage","@id":"https:\/\/www.entelequiacultura.com\/ca\/esdeveniment\/mercedes-serna\/#webpage","url":"https:\/\/www.entelequiacultura.com\/ca\/esdeveniment\/mercedes-serna\/","name":"BORGES POETA: simbologia en la poesia borgiana (Mercedes Serna) - Entelequia Cultura","description":"Descripici\u00f3: En aquest seminari indagarem en la vida i obra del gran escriptor argent\u00ed Jorge Luis Borges, especialment pel que fa a la seva faceta com a poeta. Mitjan\u00e7ant l'exposici\u00f3 i an\u00e0lisi d'alguns materials i poesies, aprofundirem, entre altres aspectes rellevants, en el simbolisme present en les seves creacions. Continguts: El Borges poeta Car\u00e0cter autobiogr\u00e0fic","inLanguage":"ca","isPartOf":{"@id":"https:\/\/www.entelequiacultura.com\/ca\/#website"},"breadcrumb":{"@id":"https:\/\/www.entelequiacultura.com\/ca\/esdeveniment\/mercedes-serna\/#breadcrumblist"},"author":{"@id":"https:\/\/www.entelequiacultura.com\/ca\/author\/ritaentelequia\/#author"},"creator":{"@id":"https:\/\/www.entelequiacultura.com\/ca\/author\/ritaentelequia\/#author"},"image":{"@type":"ImageObject","url":"https:\/\/www.entelequiacultura.com\/wp-content\/uploads\/2023\/05\/jorge-luis-borges-1406705.jpeg","@id":"https:\/\/www.entelequiacultura.com\/ca\/esdeveniment\/mercedes-serna\/#mainImage","width":1200,"height":675},"primaryImageOfPage":{"@id":"https:\/\/www.entelequiacultura.com\/ca\/esdeveniment\/mercedes-serna\/#mainImage"},"datePublished":"2023-05-07T12:57:34+02:00","dateModified":"2023-09-11T10:21:40+02:00"},{"@type":"WebSite","@id":"https:\/\/www.entelequiacultura.com\/ca\/#website","url":"https:\/\/www.entelequiacultura.com\/ca\/","name":"Entelequia Cultura","description":"Retiros Culturales","inLanguage":"ca","publisher":{"@id":"https:\/\/www.entelequiacultura.com\/ca\/#organization"}}]},"og:locale":"ca_ES","og:site_name":"Entelequia Cultura - Retiros Culturales","og:type":"blog","og:title":"BORGES POETA: simbologia en la poesia borgiana (Mercedes Serna) - Entelequia Cultura","og:description":"Descripici\u00f3: En aquest seminari indagarem en la vida i obra del gran escriptor argent\u00ed Jorge Luis Borges, especialment pel que fa a la seva faceta com a poeta. Mitjan\u00e7ant l'exposici\u00f3 i an\u00e0lisi d'alguns materials i poesies, aprofundirem, entre altres aspectes rellevants, en el simbolisme present en les seves creacions. Continguts: El Borges poeta Car\u00e0cter autobiogr\u00e0fic","og:url":"https:\/\/www.entelequiacultura.com\/ca\/esdeveniment\/mercedes-serna\/","og:image":"https:\/\/www.entelequiacultura.com\/wp-content\/uploads\/2023\/05\/jorge-luis-borges-1406705.jpeg","og:image:secure_url":"https:\/\/www.entelequiacultura.com\/wp-content\/uploads\/2023\/05\/jorge-luis-borges-1406705.jpeg","og:image:width":1200,"og:image:height":675,"twitter:card":"summary","twitter:site":"@entelequiacult","twitter:title":"BORGES POETA: simbologia en la poesia borgiana (Mercedes Serna) - Entelequia Cultura","twitter:description":"Descripici\u00f3: En aquest seminari indagarem en la vida i obra del gran escriptor argent\u00ed Jorge Luis Borges, especialment pel que fa a la seva faceta com a poeta. Mitjan\u00e7ant l'exposici\u00f3 i an\u00e0lisi d'alguns materials i poesies, aprofundirem, entre altres aspectes rellevants, en el simbolisme present en les seves creacions. Continguts: El Borges poeta Car\u00e0cter autobiogr\u00e0fic","twitter:creator":"@entelequiacult","twitter:image":"https:\/\/www.entelequiacultura.com\/wp-content\/uploads\/2023\/05\/jorge-luis-borges-1406705.jpeg"},"aioseo_meta_data":{"post_id":"38832","title":null,"description":"&nbsp;","keywords":[],"keyphrases":{"focus":{"keyphrase":"","score":0,"analysis":{"keyphraseInTitle":{"score":0,"maxScore":9,"error":1}}},"additional":[]},"primary_term":null,"canonical_url":null,"og_title":"#post_title #separator_sa #site_title","og_description":"#post_excerpt &nbsp;","og_object_type":"blog","og_image_type":"custom_image","og_image_url":"https:\/\/www.entelequiacultura.com\/wp-content\/uploads\/2023\/05\/jorge-luis-borges-1406705.jpeg","og_image_width":"1200","og_image_height":"675","og_image_custom_url":"https:\/\/www.entelequiacultura.com\/wp-content\/uploads\/2023\/05\/jorge-luis-borges-1406705.jpeg","og_image_custom_fields":null,"og_video":"","og_custom_url":null,"og_article_section":null,"og_article_tags":[],"twitter_use_og":true,"twitter_card":"summary","twitter_image_type":"default","twitter_image_url":null,"twitter_image_custom_url":null,"twitter_image_custom_fields":null,"twitter_title":null,"twitter_description":null,"schema":{"blockGraphs":[],"customGraphs":[],"default":{"data":{"Article":[],"Course":[],"Dataset":[],"FAQPage":[],"Movie":[],"Person":[],"Product":[],"ProductReview":[],"Car":[],"Recipe":[],"Service":[],"SoftwareApplication":[],"WebPage":[]},"graphName":"WebPage","isEnabled":true},"graphs":[]},"schema_type":"default","schema_type_options":"{\"article\":{\"articleType\":\"BlogPosting\"},\"course\":{\"name\":\"\",\"description\":\"\",\"provider\":\"\"},\"faq\":{\"pages\":[]},\"product\":{\"reviews\":[]},\"recipe\":{\"ingredients\":[],\"instructions\":[],\"keywords\":[]},\"software\":{\"reviews\":[],\"operatingSystems\":[]},\"webPage\":{\"webPageType\":\"WebPage\"},\"blockGraphs\":[]}","pillar_content":false,"robots_default":true,"robots_noindex":false,"robots_noarchive":false,"robots_nosnippet":false,"robots_nofollow":false,"robots_noimageindex":false,"robots_noodp":false,"robots_notranslate":false,"robots_max_snippet":"-1","robots_max_videopreview":"-1","robots_max_imagepreview":"large","priority":null,"frequency":"default","local_seo":null,"breadcrumb_settings":null,"limit_modified_date":false,"ai":null,"created":"2023-05-02 09:41:50","updated":"2025-06-26 21:01:12","seo_analyzer_scan_date":null,"focus_keyword":null,"additional_keywords":null,"truseo_locale":null},"aioseo_breadcrumb":"<div class=\"aioseo-breadcrumbs\"><span class=\"aioseo-breadcrumb\">\n\t\t\t<a href=\"https:\/\/www.entelequiacultura.com\/ca\/\" title=\"Home\">Home<\/a>\n\t\t<\/span><span class=\"aioseo-breadcrumb-separator\">&raquo;<\/span><span class=\"aioseo-breadcrumb\">\n\t\t\t<a href=\"https:\/\/www.entelequiacultura.com\/ca\/eventos\/\" title=\"Esdeveniments\">Esdeveniments<\/a>\n\t\t<\/span><span class=\"aioseo-breadcrumb-separator\">&raquo;<\/span><span class=\"aioseo-breadcrumb\">\n\t\t\t<a href=\"https:\/\/www.entelequiacultura.com\/ca\/eventos\/category\/activitats-bcn\/\" title=\"Activitats BCN\">Activitats BCN<\/a>\n\t\t<\/span><span class=\"aioseo-breadcrumb-separator\">&raquo;<\/span><span class=\"aioseo-breadcrumb\">\n\t\t\tBORGES POETA: simbologia en la poesia borgiana (Mercedes Serna)\n\t\t<\/span><\/div>","aioseo_breadcrumb_json":[{"label":"Home","link":"https:\/\/www.entelequiacultura.com\/ca\/"},{"label":"Esdeveniments","link":"https:\/\/www.entelequiacultura.com\/ca\/eventos\/"},{"label":"Activitats BCN","link":"https:\/\/www.entelequiacultura.com\/ca\/eventos\/category\/activitats-bcn\/"},{"label":"BORGES POETA: simbologia en la poesia borgiana (Mercedes Serna)","link":"https:\/\/www.entelequiacultura.com\/ca\/esdeveniment\/mercedes-serna\/"}],"ticketed":false,"_links":{"self":[{"href":"https:\/\/www.entelequiacultura.com\/ca\/wp-json\/wp\/v2\/tribe_events\/38832","targetHints":{"allow":["GET"]}}],"collection":[{"href":"https:\/\/www.entelequiacultura.com\/ca\/wp-json\/wp\/v2\/tribe_events"}],"about":[{"href":"https:\/\/www.entelequiacultura.com\/ca\/wp-json\/wp\/v2\/types\/tribe_events"}],"author":[{"embeddable":true,"href":"https:\/\/www.entelequiacultura.com\/ca\/wp-json\/wp\/v2\/users\/1"}],"version-history":[{"count":0,"href":"https:\/\/www.entelequiacultura.com\/ca\/wp-json\/wp\/v2\/tribe_events\/38832\/revisions"}],"wp:featuredmedia":[{"embeddable":true,"href":"https:\/\/www.entelequiacultura.com\/ca\/wp-json\/wp\/v2\/media\/38837"}],"wp:attachment":[{"href":"https:\/\/www.entelequiacultura.com\/ca\/wp-json\/wp\/v2\/media?parent=38832"}],"wp:term":[{"taxonomy":"post_tag","embeddable":true,"href":"https:\/\/www.entelequiacultura.com\/ca\/wp-json\/wp\/v2\/tags?post=38832"},{"taxonomy":"tribe_events_cat","embeddable":true,"href":"https:\/\/www.entelequiacultura.com\/ca\/wp-json\/wp\/v2\/tribe_events_cat?post=38832"}],"curies":[{"name":"wp","href":"https:\/\/api.w.org\/{rel}","templated":true}]}}