{"id":38482,"date":"2023-03-11T20:25:51","date_gmt":"2023-03-11T19:25:51","guid":{"rendered":"https:\/\/www.entelequiacultura.com\/?post_type=tribe_events&#038;p=38482"},"modified":"2023-05-07T09:18:22","modified_gmt":"2023-05-07T07:18:22","slug":"flavia-company","status":"publish","type":"tribe_events","link":"https:\/\/www.entelequiacultura.com\/ca\/esdeveniment\/flavia-company\/","title":{"rendered":"LA FICCI\u00d3 A TRAV\u00c9S DE LA PR\u00d2PIA BIOGRAFIA (Flavia Company)"},"content":{"rendered":"<div class=\"row \"><div class=\"wpv-grid grid-2-3  wpv-first-level first unextended\" style=\"padding-top:0px;padding-bottom:0px\" id=\"wpv-column-af7eff33c4a7bbc6b7fd07a3441660e7\" ><div class=\"row \"><div class=\"wpv-grid grid-1-1  first unextended\" style=\"padding-top:0px;padding-bottom:0px\" id=\"wpv-column-4c360694452e8d7c720d7b64020b2f55\" ><h2>Descripci\u00f3:<\/h2>\n<p>El que \u00e9s real no pot traslladar-se a la literatura sense haver estat modificat pel treball de qui escriu. \u00c9s necessari canviar el punt de vista, revisar les pautes de la veritat, modificar tot all\u00f2 que no respongui a la necessitat del text. En aquest taller sobre escriure ficci\u00f3 a partir de la pr\u00f2pia biografia treballarem els recursos, les estructures i la creaci\u00f3 de personatges per a travessar la frontera entre ficci\u00f3 i realitat.<\/p>\n<p>Treballarem sobre un conte de l&#8217;autora escrit segons aquests c\u00e0nons i els utilitzarem per a proposar l&#8217;escriptura d&#8217;un text breu per cada participant, que despr\u00e9s llegirem i analitzarem des d&#8217;aquesta perspectiva.<\/div><\/div>\n<div class=\"row \"><div class=\"wpv-grid grid-1-1  first unextended\" style=\"padding-top:0px;padding-bottom:0px\" id=\"wpv-column-f33997cb30859e3497d98f274ed3d965\" ><div class=\"row \"><div class=\"wpv-grid grid-1-1  first unextended\" style=\"padding-top:0px;padding-bottom:0px\" id=\"wpv-column-6389ba375a9bbe96f9a35f1b7ddc1dc9\" ><h2>La professora:<\/h2><\/div><\/div>\n<div class=\"row \"><div class=\"wpv-grid grid-1-3  first unextended\" style=\"padding-top:0px;padding-bottom:0px\" id=\"wpv-column-7fb97d2270af15efb11ffb19b3b3f15b\" ><div class=\"row \"><div class=\"wpv-grid grid-1-1  first unextended\" style=\"padding-top:0px;padding-bottom:0px\" id=\"wpv-column-8ac2c3a4a82c6228ef0fe120e6259130\" ><p><div id=\"attachment_27076\" style=\"width: 660px\" class=\"wp-caption alignnone\"><img loading=\"lazy\" decoding=\"async\" aria-describedby=\"caption-attachment-27076\" class=\"wp-image-27076 size-full\" src=\"https:\/\/www.entelequiacultura.com\/wp-content\/uploads\/2018\/01\/FLAVIA-2-por-miri-garcia-prueba.jpg\" alt=\"\" width=\"650\" height=\"650\" srcset=\"https:\/\/www.entelequiacultura.com\/wp-content\/uploads\/2018\/01\/FLAVIA-2-por-miri-garcia-prueba.jpg 650w, https:\/\/www.entelequiacultura.com\/wp-content\/uploads\/2018\/01\/FLAVIA-2-por-miri-garcia-prueba-300x300.jpg 300w, https:\/\/www.entelequiacultura.com\/wp-content\/uploads\/2018\/01\/FLAVIA-2-por-miri-garcia-prueba-100x100.jpg 100w, https:\/\/www.entelequiacultura.com\/wp-content\/uploads\/2018\/01\/FLAVIA-2-por-miri-garcia-prueba-600x600.jpg 600w, https:\/\/www.entelequiacultura.com\/wp-content\/uploads\/2018\/01\/FLAVIA-2-por-miri-garcia-prueba-150x150.jpg 150w, https:\/\/www.entelequiacultura.com\/wp-content\/uploads\/2018\/01\/FLAVIA-2-por-miri-garcia-prueba-60x60.jpg 60w, https:\/\/www.entelequiacultura.com\/wp-content\/uploads\/2018\/01\/FLAVIA-2-por-miri-garcia-prueba-43x43.jpg 43w, https:\/\/www.entelequiacultura.com\/wp-content\/uploads\/2018\/01\/FLAVIA-2-por-miri-garcia-prueba-106x106.jpg 106w, https:\/\/www.entelequiacultura.com\/wp-content\/uploads\/2018\/01\/FLAVIA-2-por-miri-garcia-prueba-555x555.jpg 555w, https:\/\/www.entelequiacultura.com\/wp-content\/uploads\/2018\/01\/FLAVIA-2-por-miri-garcia-prueba-360x360.jpg 360w, https:\/\/www.entelequiacultura.com\/wp-content\/uploads\/2018\/01\/FLAVIA-2-por-miri-garcia-prueba-262x262.jpg 262w\" sizes=\"(max-width: 650px) 100vw, 650px\" \/><p id=\"caption-attachment-27076\" class=\"wp-caption-text\">\u00a9 Miri Garc\u00eda<\/p><\/div><\/div><\/div><\/div>\n<div class=\"wpv-grid grid-2-3  unextended\" style=\"padding-top:0px;padding-bottom:0px\" id=\"wpv-column-3866e678a74839a94763c73565f64c94\" ><div class=\"row \"><div class=\"wpv-grid grid-1-1  first unextended\" style=\"padding-top:0px;padding-bottom:0px\" id=\"wpv-column-45774bc2e6608fbeaf2cb862bf4b1d47\" ><p><a href=\"https:\/\/www.entelequiacultura.com\/ca\/flavia-company\/\">FLAVIA COMPANY<\/a> (Buenos Aires, 1963) \u00e9s escriptora, periodista i traductora. Llicenciada en Filologia Hisp\u00e0nica.\u00a0Professora a l\u2019Escola d\u2019Escriptura de l\u2019Ateneu Barcelon\u00e8s i de Creaci\u00f3 Liter\u00e0ria (conte) en el M\u00e0ster en Creaci\u00f3 Liter\u00e0ria de la Universitat Pompeu Fabra.<\/p>\n<p>\u00c9s autora de m\u00e9s d\u2019una desena de novel\u00b7les, entre les quals destaquen <em>Haru, Saurios en el asfalto, Luz de hielo, Dame placer<\/em> (finalista del Premi R\u00f3mulo Gallegos), <em>Ni t\u00fa ni yo ni nadie<\/em> (Premi Documenta) <em>La Isla de la \u00faltima verdad, Que nadie te salve la vida i<\/em>\u00a0les recents<em>\u00a0La planta carn\u00edvora <\/em>i\u00a0<em>Penediments, <\/em>les dues publicadas amb l\u2019heter\u00f2nim d\u2019Andrea Mayo. Tamb\u00e9 \u00e9s autora dels llibres de contes\u00a0<em>Viajes subterr\u00e1neos, G\u00e9nero de punto, Con la soga al cuello<\/em>\u00a0i\u00a0<em>Por mis muerto<\/em>s i del llibre de microrelats\u00a0<em>Trastornos literarios<\/em>. La seva poesia ha estat publicada en diverses antologies i ha publicat els poemes narratius\u00a0<em>Volver antes que ir<\/em>\u00a0i\u00a0<em>Yo significo algo<\/em>.<\/p>\n<p>La seva obra, publicada en castell\u00e0 i catal\u00e0, ha estat\u00a0tradu\u00efda a Fran\u00e7a, Holanda, Brasil, Pol\u00f2nia, Alemanya, Portugal, It\u00e0lia i els Estats Units.<\/div><\/div><\/div><\/div><\/div><\/div><\/div>\n<div class=\"wpv-grid grid-1-3  wpv-first-level unextended\" style=\"padding-top:0px;padding-bottom:0px\" id=\"wpv-column-eadf674a846b6674ffa5e9e47075e3f9\" ><div class=\"row \"><div class=\"wpv-grid grid-1-1  first has-background unextended\" style=\"background-color:#e2dfdf;padding-top:0px;padding-bottom:0px\" id=\"wpv-column-72b6bc4197053372dd87ccb4fe26b697\" ><style>#wpv-column-72b6bc4197053372dd87ccb4fe26b697 p,#wpv-column-72b6bc4197053372dd87ccb4fe26b697 em,#wpv-column-72b6bc4197053372dd87ccb4fe26b697 .column-title,#wpv-column-72b6bc4197053372dd87ccb4fe26b697 .sep-text h2.regular-title-wrapper,#wpv-column-72b6bc4197053372dd87ccb4fe26b697 .text-divider-double,#wpv-column-72b6bc4197053372dd87ccb4fe26b697 .sep-text .sep-text-line,#wpv-column-72b6bc4197053372dd87ccb4fe26b697 .sep,#wpv-column-72b6bc4197053372dd87ccb4fe26b697 .sep-2,#wpv-column-72b6bc4197053372dd87ccb4fe26b697 .sep-3{color:#665c5c;}#wpv-column-72b6bc4197053372dd87ccb4fe26b697:before{background-color:transparent;}<\/style><div class=\"row \"><div class=\"wpv-grid grid-1-1  first unextended\" style=\"padding-top:0px;padding-bottom:0px\" id=\"wpv-column-49843ce87d2adf1c5fcba737afe145c1\" ><p style=\"text-align: center;\">Si vols rebre informaci\u00f3 sobre nous esdeveniments, subscriu-te al nostre butllet\u00ed informatiu<\/p>\n<p style=\"text-align: center;\"><a href=\"https:\/\/www.entelequiacultura.com\/ca\/butlleti-informatiu-2\/\" target=\"_self\" style='font-size: 20px;' class=\"button vamtam-button accent1  btn_inscripcion button-filled hover-accent1  alignleft\"><span class=\"btext\">Subscriu-te!!<\/span><\/a>\n<p style=\"text-align: center;\">hola@entelequiacultura.com<\/p>\n<h2 style=\"text-align: center;\"><\/h2>\n<h2 style=\"text-align: center;\"><\/h2><\/div><\/div>\n<div class=\"row \"><div class=\"wpv-grid grid-1-1  first unextended\" style=\"padding-top:0px;padding-bottom:0px\" id=\"wpv-column-300a37699cb77cc26511145a5c91cbf7\" ><\/div><\/div><\/div><\/div><\/div><\/div>\n","protected":false},"excerpt":{"rendered":"<p>Descripci\u00f3: El que \u00e9s real no pot traslladar-se a la literatura sense haver estat modificat pel treball de qui escriu. \u00c9s necessari canviar el punt de vista, revisar les pautes&#8230;<\/p>\n","protected":false},"author":1,"featured_media":38479,"template":"","meta":{"_price":"","_stock":"","_tribe_ticket_header":"","_tribe_default_ticket_provider":"","_tribe_ticket_capacity":"0","_ticket_start_date":"","_ticket_end_date":"","_tribe_ticket_show_description":"","_tribe_ticket_show_not_going":false,"_tribe_ticket_use_global_stock":"","_tribe_ticket_global_stock_level":"","_global_stock_mode":"","_global_stock_cap":"","_tribe_rsvp_for_event":"","_tribe_ticket_going_count":"","_tribe_ticket_not_going_count":"","_tribe_tickets_list":"[]","_tribe_ticket_has_attendee_info_fields":false,"_tribe_events_status":"","_tribe_events_status_reason":"","footnotes":"","_tec_slr_enabled":"","_tec_slr_layout":""},"tags":[],"tribe_events_cat":[558],"class_list":["post-38482","tribe_events","type-tribe_events","status-publish","has-post-thumbnail","hentry","tribe_events_cat-activitats-bcn","cat_activitats-bcn"],"aioseo_notices":[],"aioseo_head":"\n\t\t<!-- All in One SEO 5.0.1.1 - aioseo.com -->\n\t<meta name=\"description\" content=\"Descripci\u00f3: El que \u00e9s real no pot traslladar-se a la literatura sense haver estat modificat pel treball de qui escriu. \u00c9s necessari canviar el punt de vista, revisar les pautes de la veritat, modificar tot all\u00f2 que no respongui a la necessitat del text. En aquest taller sobre escriure ficci\u00f3 a partir de la pr\u00f2pia\" \/>\n\t<meta name=\"robots\" content=\"max-image-preview:large\" \/>\n\t<meta name=\"author\" content=\"Entelequia\"\/>\n\t<link rel=\"canonical\" href=\"https:\/\/www.entelequiacultura.com\/ca\/esdeveniment\/flavia-company\/\" \/>\n\t<meta name=\"generator\" content=\"All in One SEO (AIOSEO) 5.0.1.1\" \/>\n\t\t<meta property=\"og:locale\" content=\"ca_ES\" \/>\n\t\t<meta property=\"og:site_name\" content=\"Entelequia Cultura - Retiros Culturales\" \/>\n\t\t<meta property=\"og:type\" content=\"blog\" \/>\n\t\t<meta property=\"og:title\" content=\"LA FICCI\u00d3 A TRAV\u00c9S DE LA PR\u00d2PIA BIOGRAFIA (Flavia Company) - Entelequia Cultura\" \/>\n\t\t<meta property=\"og:description\" content=\"Descripci\u00f3: El que \u00e9s real no pot traslladar-se a la literatura sense haver estat modificat pel treball de qui escriu. \u00c9s necessari canviar el punt de vista, revisar les pautes de la veritat, modificar tot all\u00f2 que no respongui a la necessitat del text. En aquest taller sobre escriure ficci\u00f3 a partir de la pr\u00f2pia\" \/>\n\t\t<meta property=\"og:url\" content=\"https:\/\/www.entelequiacultura.com\/ca\/esdeveniment\/flavia-company\/\" \/>\n\t\t<meta property=\"og:image\" content=\"https:\/\/www.entelequiacultura.com\/wp-content\/uploads\/2018\/01\/FLAVIA-2-por-miri-garcia-prueba.jpg\" \/>\n\t\t<meta property=\"og:image:secure_url\" content=\"https:\/\/www.entelequiacultura.com\/wp-content\/uploads\/2018\/01\/FLAVIA-2-por-miri-garcia-prueba.jpg\" \/>\n\t\t<meta property=\"og:image:width\" content=\"650\" \/>\n\t\t<meta property=\"og:image:height\" content=\"650\" \/>\n\t\t<meta name=\"twitter:card\" content=\"summary\" \/>\n\t\t<meta name=\"twitter:site\" content=\"@entelequiacult\" \/>\n\t\t<meta name=\"twitter:title\" content=\"LA FICCI\u00d3 A TRAV\u00c9S DE LA PR\u00d2PIA BIOGRAFIA (Flavia Company) - Entelequia Cultura\" \/>\n\t\t<meta name=\"twitter:description\" content=\"Descripci\u00f3: El que \u00e9s real no pot traslladar-se a la literatura sense haver estat modificat pel treball de qui escriu. \u00c9s necessari canviar el punt de vista, revisar les pautes de la veritat, modificar tot all\u00f2 que no respongui a la necessitat del text. En aquest taller sobre escriure ficci\u00f3 a partir de la pr\u00f2pia\" \/>\n\t\t<meta name=\"twitter:creator\" content=\"@entelequiacult\" \/>\n\t\t<meta name=\"twitter:image\" content=\"https:\/\/www.entelequiacultura.com\/wp-content\/uploads\/2018\/01\/FLAVIA-2-por-miri-garcia-prueba.jpg\" \/>\n\t\t<script type=\"application\/ld+json\" class=\"aioseo-schema\">\n\t\t\t{\"@context\":\"https:\\\/\\\/schema.org\",\"@graph\":[{\"@type\":\"BreadcrumbList\",\"@id\":\"https:\\\/\\\/www.entelequiacultura.com\\\/ca\\\/esdeveniment\\\/flavia-company\\\/#breadcrumblist\",\"itemListElement\":[{\"@type\":\"ListItem\",\"@id\":\"https:\\\/\\\/www.entelequiacultura.com\\\/ca\\\/#listItem\",\"position\":1,\"name\":\"Home\",\"item\":\"https:\\\/\\\/www.entelequiacultura.com\\\/ca\\\/\",\"nextItem\":{\"@type\":\"ListItem\",\"@id\":\"https:\\\/\\\/www.entelequiacultura.com\\\/ca\\\/eventos\\\/#listItem\",\"name\":\"Esdeveniments\"}},{\"@type\":\"ListItem\",\"@id\":\"https:\\\/\\\/www.entelequiacultura.com\\\/ca\\\/eventos\\\/#listItem\",\"position\":2,\"name\":\"Esdeveniments\",\"item\":\"https:\\\/\\\/www.entelequiacultura.com\\\/ca\\\/eventos\\\/\",\"nextItem\":{\"@type\":\"ListItem\",\"@id\":\"https:\\\/\\\/www.entelequiacultura.com\\\/ca\\\/eventos\\\/category\\\/activitats-bcn\\\/#listItem\",\"name\":\"Activitats BCN\"},\"previousItem\":{\"@type\":\"ListItem\",\"@id\":\"https:\\\/\\\/www.entelequiacultura.com\\\/ca\\\/#listItem\",\"name\":\"Home\"}},{\"@type\":\"ListItem\",\"@id\":\"https:\\\/\\\/www.entelequiacultura.com\\\/ca\\\/eventos\\\/category\\\/activitats-bcn\\\/#listItem\",\"position\":3,\"name\":\"Activitats BCN\",\"item\":\"https:\\\/\\\/www.entelequiacultura.com\\\/ca\\\/eventos\\\/category\\\/activitats-bcn\\\/\",\"nextItem\":{\"@type\":\"ListItem\",\"@id\":\"https:\\\/\\\/www.entelequiacultura.com\\\/ca\\\/esdeveniment\\\/flavia-company\\\/#listItem\",\"name\":\"LA FICCI\\u00d3 A TRAV\\u00c9S DE LA PR\\u00d2PIA BIOGRAFIA (Flavia Company)\"},\"previousItem\":{\"@type\":\"ListItem\",\"@id\":\"https:\\\/\\\/www.entelequiacultura.com\\\/ca\\\/eventos\\\/#listItem\",\"name\":\"Esdeveniments\"}},{\"@type\":\"ListItem\",\"@id\":\"https:\\\/\\\/www.entelequiacultura.com\\\/ca\\\/esdeveniment\\\/flavia-company\\\/#listItem\",\"position\":4,\"name\":\"LA FICCI\\u00d3 A TRAV\\u00c9S DE LA PR\\u00d2PIA BIOGRAFIA (Flavia Company)\",\"previousItem\":{\"@type\":\"ListItem\",\"@id\":\"https:\\\/\\\/www.entelequiacultura.com\\\/ca\\\/eventos\\\/category\\\/activitats-bcn\\\/#listItem\",\"name\":\"Activitats BCN\"}}]},{\"@type\":\"Organization\",\"@id\":\"https:\\\/\\\/www.entelequiacultura.com\\\/ca\\\/#organization\",\"name\":\"Entelequia Cultura\",\"description\":\"Retiros Culturales\",\"url\":\"https:\\\/\\\/www.entelequiacultura.com\\\/ca\\\/\",\"sameAs\":[\"https:\\\/\\\/www.facebook.com\\\/entelequiacultura\",\"https:\\\/\\\/twitter.com\\\/entelequiacult\"]},{\"@type\":\"Person\",\"@id\":\"https:\\\/\\\/www.entelequiacultura.com\\\/ca\\\/author\\\/ritaentelequia\\\/#author\",\"url\":\"https:\\\/\\\/www.entelequiacultura.com\\\/ca\\\/author\\\/ritaentelequia\\\/\",\"name\":\"Entelequia\",\"image\":{\"@type\":\"ImageObject\",\"@id\":\"https:\\\/\\\/www.entelequiacultura.com\\\/ca\\\/esdeveniment\\\/flavia-company\\\/#authorImage\",\"url\":\"https:\\\/\\\/secure.gravatar.com\\\/avatar\\\/18f60d4ef589bed7d93af3382c39f8a28752f5405d10beb50349ece71193cf3b?s=96&d=mm&r=g\",\"width\":96,\"height\":96,\"caption\":\"Entelequia\"}},{\"@type\":\"WebPage\",\"@id\":\"https:\\\/\\\/www.entelequiacultura.com\\\/ca\\\/esdeveniment\\\/flavia-company\\\/#webpage\",\"url\":\"https:\\\/\\\/www.entelequiacultura.com\\\/ca\\\/esdeveniment\\\/flavia-company\\\/\",\"name\":\"LA FICCI\\u00d3 A TRAV\\u00c9S DE LA PR\\u00d2PIA BIOGRAFIA (Flavia Company) - Entelequia Cultura\",\"description\":\"Descripci\\u00f3: El que \\u00e9s real no pot traslladar-se a la literatura sense haver estat modificat pel treball de qui escriu. \\u00c9s necessari canviar el punt de vista, revisar les pautes de la veritat, modificar tot all\\u00f2 que no respongui a la necessitat del text. En aquest taller sobre escriure ficci\\u00f3 a partir de la pr\\u00f2pia\",\"inLanguage\":\"ca\",\"isPartOf\":{\"@id\":\"https:\\\/\\\/www.entelequiacultura.com\\\/ca\\\/#website\"},\"breadcrumb\":{\"@id\":\"https:\\\/\\\/www.entelequiacultura.com\\\/ca\\\/esdeveniment\\\/flavia-company\\\/#breadcrumblist\"},\"author\":{\"@id\":\"https:\\\/\\\/www.entelequiacultura.com\\\/ca\\\/author\\\/ritaentelequia\\\/#author\"},\"creator\":{\"@id\":\"https:\\\/\\\/www.entelequiacultura.com\\\/ca\\\/author\\\/ritaentelequia\\\/#author\"},\"image\":{\"@type\":\"ImageObject\",\"url\":\"https:\\\/\\\/www.entelequiacultura.com\\\/wp-content\\\/uploads\\\/2023\\\/03\\\/iStock-500665150-copia-2.jpg\",\"@id\":\"https:\\\/\\\/www.entelequiacultura.com\\\/ca\\\/esdeveniment\\\/flavia-company\\\/#mainImage\",\"width\":1000,\"height\":667,\"caption\":\"Hipster girl with blank diary and pen sitting on wooden bench\"},\"primaryImageOfPage\":{\"@id\":\"https:\\\/\\\/www.entelequiacultura.com\\\/ca\\\/esdeveniment\\\/flavia-company\\\/#mainImage\"},\"datePublished\":\"2023-03-11T20:25:51+01:00\",\"dateModified\":\"2023-05-07T09:18:22+02:00\"},{\"@type\":\"WebSite\",\"@id\":\"https:\\\/\\\/www.entelequiacultura.com\\\/ca\\\/#website\",\"url\":\"https:\\\/\\\/www.entelequiacultura.com\\\/ca\\\/\",\"name\":\"Entelequia Cultura\",\"description\":\"Retiros Culturales\",\"inLanguage\":\"ca\",\"publisher\":{\"@id\":\"https:\\\/\\\/www.entelequiacultura.com\\\/ca\\\/#organization\"}}]}\n\t\t<\/script>\n\t\t<!-- All in One SEO -->\n\n","aioseo_head_json":{"title":"LA FICCI\u00d3 A TRAV\u00c9S DE LA PR\u00d2PIA BIOGRAFIA (Flavia Company) - Entelequia Cultura","description":"Descripci\u00f3: El que \u00e9s real no pot traslladar-se a la literatura sense haver estat modificat pel treball de qui escriu. \u00c9s necessari canviar el punt de vista, revisar les pautes de la veritat, modificar tot all\u00f2 que no respongui a la necessitat del text. En aquest taller sobre escriure ficci\u00f3 a partir de la pr\u00f2pia","canonical_url":"https:\/\/www.entelequiacultura.com\/ca\/esdeveniment\/flavia-company\/","robots":"max-image-preview:large","keywords":"","webmasterTools":{"miscellaneous":""},"schema":{"@context":"https:\/\/schema.org","@graph":[{"@type":"BreadcrumbList","@id":"https:\/\/www.entelequiacultura.com\/ca\/esdeveniment\/flavia-company\/#breadcrumblist","itemListElement":[{"@type":"ListItem","@id":"https:\/\/www.entelequiacultura.com\/ca\/#listItem","position":1,"name":"Home","item":"https:\/\/www.entelequiacultura.com\/ca\/","nextItem":{"@type":"ListItem","@id":"https:\/\/www.entelequiacultura.com\/ca\/eventos\/#listItem","name":"Esdeveniments"}},{"@type":"ListItem","@id":"https:\/\/www.entelequiacultura.com\/ca\/eventos\/#listItem","position":2,"name":"Esdeveniments","item":"https:\/\/www.entelequiacultura.com\/ca\/eventos\/","nextItem":{"@type":"ListItem","@id":"https:\/\/www.entelequiacultura.com\/ca\/eventos\/category\/activitats-bcn\/#listItem","name":"Activitats BCN"},"previousItem":{"@type":"ListItem","@id":"https:\/\/www.entelequiacultura.com\/ca\/#listItem","name":"Home"}},{"@type":"ListItem","@id":"https:\/\/www.entelequiacultura.com\/ca\/eventos\/category\/activitats-bcn\/#listItem","position":3,"name":"Activitats BCN","item":"https:\/\/www.entelequiacultura.com\/ca\/eventos\/category\/activitats-bcn\/","nextItem":{"@type":"ListItem","@id":"https:\/\/www.entelequiacultura.com\/ca\/esdeveniment\/flavia-company\/#listItem","name":"LA FICCI\u00d3 A TRAV\u00c9S DE LA PR\u00d2PIA BIOGRAFIA (Flavia Company)"},"previousItem":{"@type":"ListItem","@id":"https:\/\/www.entelequiacultura.com\/ca\/eventos\/#listItem","name":"Esdeveniments"}},{"@type":"ListItem","@id":"https:\/\/www.entelequiacultura.com\/ca\/esdeveniment\/flavia-company\/#listItem","position":4,"name":"LA FICCI\u00d3 A TRAV\u00c9S DE LA PR\u00d2PIA BIOGRAFIA (Flavia Company)","previousItem":{"@type":"ListItem","@id":"https:\/\/www.entelequiacultura.com\/ca\/eventos\/category\/activitats-bcn\/#listItem","name":"Activitats BCN"}}]},{"@type":"Organization","@id":"https:\/\/www.entelequiacultura.com\/ca\/#organization","name":"Entelequia Cultura","description":"Retiros Culturales","url":"https:\/\/www.entelequiacultura.com\/ca\/","sameAs":["https:\/\/www.facebook.com\/entelequiacultura","https:\/\/twitter.com\/entelequiacult"]},{"@type":"Person","@id":"https:\/\/www.entelequiacultura.com\/ca\/author\/ritaentelequia\/#author","url":"https:\/\/www.entelequiacultura.com\/ca\/author\/ritaentelequia\/","name":"Entelequia","image":{"@type":"ImageObject","@id":"https:\/\/www.entelequiacultura.com\/ca\/esdeveniment\/flavia-company\/#authorImage","url":"https:\/\/secure.gravatar.com\/avatar\/18f60d4ef589bed7d93af3382c39f8a28752f5405d10beb50349ece71193cf3b?s=96&d=mm&r=g","width":96,"height":96,"caption":"Entelequia"}},{"@type":"WebPage","@id":"https:\/\/www.entelequiacultura.com\/ca\/esdeveniment\/flavia-company\/#webpage","url":"https:\/\/www.entelequiacultura.com\/ca\/esdeveniment\/flavia-company\/","name":"LA FICCI\u00d3 A TRAV\u00c9S DE LA PR\u00d2PIA BIOGRAFIA (Flavia Company) - Entelequia Cultura","description":"Descripci\u00f3: El que \u00e9s real no pot traslladar-se a la literatura sense haver estat modificat pel treball de qui escriu. \u00c9s necessari canviar el punt de vista, revisar les pautes de la veritat, modificar tot all\u00f2 que no respongui a la necessitat del text. En aquest taller sobre escriure ficci\u00f3 a partir de la pr\u00f2pia","inLanguage":"ca","isPartOf":{"@id":"https:\/\/www.entelequiacultura.com\/ca\/#website"},"breadcrumb":{"@id":"https:\/\/www.entelequiacultura.com\/ca\/esdeveniment\/flavia-company\/#breadcrumblist"},"author":{"@id":"https:\/\/www.entelequiacultura.com\/ca\/author\/ritaentelequia\/#author"},"creator":{"@id":"https:\/\/www.entelequiacultura.com\/ca\/author\/ritaentelequia\/#author"},"image":{"@type":"ImageObject","url":"https:\/\/www.entelequiacultura.com\/wp-content\/uploads\/2023\/03\/iStock-500665150-copia-2.jpg","@id":"https:\/\/www.entelequiacultura.com\/ca\/esdeveniment\/flavia-company\/#mainImage","width":1000,"height":667,"caption":"Hipster girl with blank diary and pen sitting on wooden bench"},"primaryImageOfPage":{"@id":"https:\/\/www.entelequiacultura.com\/ca\/esdeveniment\/flavia-company\/#mainImage"},"datePublished":"2023-03-11T20:25:51+01:00","dateModified":"2023-05-07T09:18:22+02:00"},{"@type":"WebSite","@id":"https:\/\/www.entelequiacultura.com\/ca\/#website","url":"https:\/\/www.entelequiacultura.com\/ca\/","name":"Entelequia Cultura","description":"Retiros Culturales","inLanguage":"ca","publisher":{"@id":"https:\/\/www.entelequiacultura.com\/ca\/#organization"}}]},"og:locale":"ca_ES","og:site_name":"Entelequia Cultura - Retiros Culturales","og:type":"blog","og:title":"LA FICCI\u00d3 A TRAV\u00c9S DE LA PR\u00d2PIA BIOGRAFIA (Flavia Company) - Entelequia Cultura","og:description":"Descripci\u00f3: El que \u00e9s real no pot traslladar-se a la literatura sense haver estat modificat pel treball de qui escriu. \u00c9s necessari canviar el punt de vista, revisar les pautes de la veritat, modificar tot all\u00f2 que no respongui a la necessitat del text. En aquest taller sobre escriure ficci\u00f3 a partir de la pr\u00f2pia","og:url":"https:\/\/www.entelequiacultura.com\/ca\/esdeveniment\/flavia-company\/","og:image":"https:\/\/www.entelequiacultura.com\/wp-content\/uploads\/2018\/01\/FLAVIA-2-por-miri-garcia-prueba.jpg","og:image:secure_url":"https:\/\/www.entelequiacultura.com\/wp-content\/uploads\/2018\/01\/FLAVIA-2-por-miri-garcia-prueba.jpg","og:image:width":650,"og:image:height":650,"twitter:card":"summary","twitter:site":"@entelequiacult","twitter:title":"LA FICCI\u00d3 A TRAV\u00c9S DE LA PR\u00d2PIA BIOGRAFIA (Flavia Company) - Entelequia Cultura","twitter:description":"Descripci\u00f3: El que \u00e9s real no pot traslladar-se a la literatura sense haver estat modificat pel treball de qui escriu. \u00c9s necessari canviar el punt de vista, revisar les pautes de la veritat, modificar tot all\u00f2 que no respongui a la necessitat del text. En aquest taller sobre escriure ficci\u00f3 a partir de la pr\u00f2pia","twitter:creator":"@entelequiacult","twitter:image":"https:\/\/www.entelequiacultura.com\/wp-content\/uploads\/2018\/01\/FLAVIA-2-por-miri-garcia-prueba.jpg"},"aioseo_meta_data":{"post_id":"38482","title":null,"description":"&nbsp;","keywords":[],"keyphrases":{"focus":{"keyphrase":"","score":0,"analysis":{"keyphraseInTitle":{"score":0,"maxScore":9,"error":1}}},"additional":[]},"primary_term":null,"canonical_url":null,"og_title":"#post_title #separator_sa #site_title","og_description":"#post_excerpt &nbsp;","og_object_type":"blog","og_image_type":"custom_image","og_image_url":"https:\/\/www.entelequiacultura.com\/wp-content\/uploads\/2018\/01\/FLAVIA-2-por-miri-garcia-prueba.jpg","og_image_width":"650","og_image_height":"650","og_image_custom_url":"https:\/\/www.entelequiacultura.com\/wp-content\/uploads\/2018\/01\/FLAVIA-2-por-miri-garcia-prueba.jpg","og_image_custom_fields":null,"og_video":"","og_custom_url":null,"og_article_section":null,"og_article_tags":[],"twitter_use_og":true,"twitter_card":"summary","twitter_image_type":"default","twitter_image_url":null,"twitter_image_custom_url":null,"twitter_image_custom_fields":null,"twitter_title":null,"twitter_description":null,"schema":{"blockGraphs":[],"customGraphs":[],"default":{"data":{"Article":[],"Course":[],"Dataset":[],"FAQPage":[],"Movie":[],"Person":[],"Product":[],"ProductReview":[],"Car":[],"Recipe":[],"Service":[],"SoftwareApplication":[],"WebPage":[]},"graphName":"WebPage","isEnabled":true},"graphs":[]},"schema_type":"default","schema_type_options":"{\"article\":{\"articleType\":\"BlogPosting\"},\"course\":{\"name\":\"\",\"description\":\"\",\"provider\":\"\"},\"faq\":{\"pages\":[]},\"product\":{\"reviews\":[]},\"recipe\":{\"ingredients\":[],\"instructions\":[],\"keywords\":[]},\"software\":{\"reviews\":[],\"operatingSystems\":[]},\"webPage\":{\"webPageType\":\"WebPage\"},\"blockGraphs\":[]}","pillar_content":false,"robots_default":true,"robots_noindex":false,"robots_noarchive":false,"robots_nosnippet":false,"robots_nofollow":false,"robots_noimageindex":false,"robots_noodp":false,"robots_notranslate":false,"robots_max_snippet":"-1","robots_max_videopreview":"-1","robots_max_imagepreview":"large","priority":null,"frequency":"default","local_seo":null,"breadcrumb_settings":null,"limit_modified_date":false,"ai":null,"created":"2023-03-06 10:30:04","updated":"2025-06-26 21:00:14","seo_analyzer_scan_date":null,"focus_keyword":null,"additional_keywords":null,"truseo_locale":null},"aioseo_breadcrumb":"<div class=\"aioseo-breadcrumbs\"><span class=\"aioseo-breadcrumb\">\n\t\t\t<a href=\"https:\/\/www.entelequiacultura.com\/ca\/\" title=\"Home\">Home<\/a>\n\t\t<\/span><span class=\"aioseo-breadcrumb-separator\">&raquo;<\/span><span class=\"aioseo-breadcrumb\">\n\t\t\t<a href=\"https:\/\/www.entelequiacultura.com\/ca\/eventos\/\" title=\"Esdeveniments\">Esdeveniments<\/a>\n\t\t<\/span><span class=\"aioseo-breadcrumb-separator\">&raquo;<\/span><span class=\"aioseo-breadcrumb\">\n\t\t\t<a href=\"https:\/\/www.entelequiacultura.com\/ca\/eventos\/category\/activitats-bcn\/\" title=\"Activitats BCN\">Activitats BCN<\/a>\n\t\t<\/span><span class=\"aioseo-breadcrumb-separator\">&raquo;<\/span><span class=\"aioseo-breadcrumb\">\n\t\t\tLA FICCI\u00d3 A TRAV\u00c9S DE LA PR\u00d2PIA BIOGRAFIA (Flavia Company)\n\t\t<\/span><\/div>","aioseo_breadcrumb_json":[{"label":"Home","link":"https:\/\/www.entelequiacultura.com\/ca\/"},{"label":"Esdeveniments","link":"https:\/\/www.entelequiacultura.com\/ca\/eventos\/"},{"label":"Activitats BCN","link":"https:\/\/www.entelequiacultura.com\/ca\/eventos\/category\/activitats-bcn\/"},{"label":"LA FICCI\u00d3 A TRAV\u00c9S DE LA PR\u00d2PIA BIOGRAFIA (Flavia Company)","link":"https:\/\/www.entelequiacultura.com\/ca\/esdeveniment\/flavia-company\/"}],"ticketed":false,"_links":{"self":[{"href":"https:\/\/www.entelequiacultura.com\/ca\/wp-json\/wp\/v2\/tribe_events\/38482","targetHints":{"allow":["GET"]}}],"collection":[{"href":"https:\/\/www.entelequiacultura.com\/ca\/wp-json\/wp\/v2\/tribe_events"}],"about":[{"href":"https:\/\/www.entelequiacultura.com\/ca\/wp-json\/wp\/v2\/types\/tribe_events"}],"author":[{"embeddable":true,"href":"https:\/\/www.entelequiacultura.com\/ca\/wp-json\/wp\/v2\/users\/1"}],"version-history":[{"count":0,"href":"https:\/\/www.entelequiacultura.com\/ca\/wp-json\/wp\/v2\/tribe_events\/38482\/revisions"}],"wp:featuredmedia":[{"embeddable":true,"href":"https:\/\/www.entelequiacultura.com\/ca\/wp-json\/wp\/v2\/media\/38479"}],"wp:attachment":[{"href":"https:\/\/www.entelequiacultura.com\/ca\/wp-json\/wp\/v2\/media?parent=38482"}],"wp:term":[{"taxonomy":"post_tag","embeddable":true,"href":"https:\/\/www.entelequiacultura.com\/ca\/wp-json\/wp\/v2\/tags?post=38482"},{"taxonomy":"tribe_events_cat","embeddable":true,"href":"https:\/\/www.entelequiacultura.com\/ca\/wp-json\/wp\/v2\/tribe_events_cat?post=38482"}],"curies":[{"name":"wp","href":"https:\/\/api.w.org\/{rel}","templated":true}]}}