{"id":37975,"date":"2022-12-23T17:27:26","date_gmt":"2022-12-23T16:27:26","guid":{"rendered":"https:\/\/www.entelequiacultura.com\/?post_type=tribe_events&#038;p=37975"},"modified":"2024-01-03T15:26:39","modified_gmt":"2024-01-03T14:26:39","slug":"selmaancira-2","status":"publish","type":"tribe_events","link":"https:\/\/www.entelequiacultura.com\/ca\/esdeveniment\/selmaancira-2\/","title":{"rendered":"CITA AMB LOXANDRA (Selma Ancira)"},"content":{"rendered":"<div class=\"row \"><div class=\"wpv-grid grid-2-3  wpv-first-level first unextended\" style=\"padding-top:0px;padding-bottom:0px\" id=\"wpv-column-3542886b05ab62606e145718de4c244b\" ><div class=\"row \"><div class=\"wpv-grid grid-1-1  first unextended\" style=\"padding-top:0px;padding-bottom:0px\" id=\"wpv-column-ea3fccb9eff3c43460a7276a26e5ddb1\" ><blockquote>\n<h2>Descripci\u00f3:<\/h2>\n<\/blockquote>\n<p>Una magn\u00edfica manera de con\u00e8ixer la bulliciosa i extraordin\u00e0ria Constantinoble finisecular, una ciutat dominada per la m\u00fasica, els sabors i els colors, cohabitada per grecs, turcs i moltes altres \u00e8tnies, \u00e9s llegint <em>Loxandra<\/em>, la vitalista novel\u00b7la de Mar\u00eda Iordanidu (Constantinoble, 1897-Atenes, 1989) que va escriure als 66 anys inspirant-se en la vida de la seva \u00e0via.<\/p>\n<p>Selma Ancira, qui per al plaer de molts de nosaltres la va traduir, ser\u00e0 la nostra guia de luxe pel minuci\u00f3s recorregut que farem sobre la novel\u00b7la: els temes abordats en ella, la heterog\u00e8nia Constantinoble, les seves gents, els seus costums, la seva cultura, la seva llengua, la seva gastronomia\u2026, sobre la fascinant Mar\u00eda Iordanidua qui la Primera Guerra Mundial va sorprendre de vacances en la mar Negra i va obligar a romandre a R\u00fassia durant anys fins que en 1919 va poder tornar a Gr\u00e8cia, i sobre qualsevol altre aspecte que la novel\u00b7la, o la seva traducci\u00f3, hagi despertat el nostre inter\u00e8s.<\/p>\n<p>Despr\u00e9s de la sessi\u00f3 matinal, com a guinda, compartirem menjar grec, assaborint alguns dels deliciosos guisats que apareixen en la novel\u00b7la. Quina meravella!<\/p>\n<p>Aquesta apassionant jornada literari-gastron\u00f2mica la celebrarem en Mas Gener\u00f3s, un bonic hotel rural situat en la localitat de Fonteta, en el cor del Baix Empord\u00e0. A m\u00e9s, els assistents que desitgin allargar la jornada tenen l&#8217;opci\u00f3 de reservar habitaci\u00f3 a una tarifa especial.<\/div><\/div>\n<div class=\"row \"><div class=\"wpv-grid grid-1-1  first unextended\" style=\"padding-top:0px;padding-bottom:0px\" id=\"wpv-column-8973a4f39c9df3753f1307e0407efca4\" ><div class=\"row \"><div class=\"wpv-grid grid-1-1  first unextended\" style=\"padding-top:0px;padding-bottom:0px\" id=\"wpv-column-64175514cb7d69ed058961ffb44a1941\" ><blockquote>\n<h2>La professora:<\/h2>\n<\/blockquote><\/div><\/div>\n<div class=\"row \"><div class=\"wpv-grid grid-1-3  first unextended\" style=\"padding-top:0px;padding-bottom:0px\" id=\"wpv-column-30e3670d6a0a4c970b3bde62c8ade079\" ><div class=\"row \"><div class=\"wpv-grid grid-1-1  first unextended\" style=\"padding-top:0px;padding-bottom:0px\" id=\"wpv-column-de100c10d784e32205eeba220c20cd8c\" ><p><img loading=\"lazy\" decoding=\"async\" class=\"alignnone size-medium wp-image-36593\" src=\"https:\/\/www.entelequiacultura.com\/wp-content\/uploads\/2021\/12\/Selma-650-300x300.jpeg\" alt=\"\" width=\"300\" height=\"300\" srcset=\"https:\/\/www.entelequiacultura.com\/wp-content\/uploads\/2021\/12\/Selma-650-300x300.jpeg 300w, https:\/\/www.entelequiacultura.com\/wp-content\/uploads\/2021\/12\/Selma-650-150x150.jpeg 150w, https:\/\/www.entelequiacultura.com\/wp-content\/uploads\/2021\/12\/Selma-650-60x60.jpeg 60w, https:\/\/www.entelequiacultura.com\/wp-content\/uploads\/2021\/12\/Selma-650-43x43.jpeg 43w, https:\/\/www.entelequiacultura.com\/wp-content\/uploads\/2021\/12\/Selma-650-106x106.jpeg 106w, https:\/\/www.entelequiacultura.com\/wp-content\/uploads\/2021\/12\/Selma-650-555x555.jpeg 555w, https:\/\/www.entelequiacultura.com\/wp-content\/uploads\/2021\/12\/Selma-650-360x360.jpeg 360w, https:\/\/www.entelequiacultura.com\/wp-content\/uploads\/2021\/12\/Selma-650-262x262.jpeg 262w, https:\/\/www.entelequiacultura.com\/wp-content\/uploads\/2021\/12\/Selma-650-600x600.jpeg 600w, https:\/\/www.entelequiacultura.com\/wp-content\/uploads\/2021\/12\/Selma-650-100x100.jpeg 100w, https:\/\/www.entelequiacultura.com\/wp-content\/uploads\/2021\/12\/Selma-650.jpeg 650w\" sizes=\"(max-width: 300px) 100vw, 300px\" \/><\/div><\/div><\/div>\n<div class=\"wpv-grid grid-2-3  unextended\" style=\"padding-top:0px;padding-bottom:0px\" id=\"wpv-column-20c91f260b2a9fc6ea66d731707e9c2f\" ><div class=\"row \"><div class=\"wpv-grid grid-1-1  first unextended\" style=\"padding-top:0px;padding-bottom:0px\" id=\"wpv-column-63323e4cc0f89c5e7558dcd2669d5244\" ><p><a href=\"https:\/\/www.entelequiacultura.com\/ca\/selmaancira\/\">SELMA ANCIRA<\/a>\u00a0va n\u00e9ixer a la Ciutat de M\u00e8xic (1956). Viu a Barcelona des de l\u2019any 1988.<\/p>\n<p>Va cursar els estudis de llicenciatura, mestratge i doctorat en Hist\u00f2ria de la Literatura Russa en la Facultat de Filologia de la Universitat Estatal de Moscou. En acabar els seus estudis a R\u00fassia, va ingressar en la Universitat Nacional d\u2019Atenes on va estudiar Llengua i Literatura grega moderna.<\/p>\n<p>Ha rebut diversos premis entre els quals destaquen la Medalla Pushkin (R\u00fassia, 2008), el Nacional a l\u2019Obra d\u2019un Traductor (Espanya, 2011) i el Premi Hispanoameric\u00e0 de Traducci\u00f3 Liter\u00e0ria (M\u00e8xic, 2019).<\/p>\n<p>Va ser ella qui va introduir l\u2019obra de Marina Tsviet\u00e1ieva en la cultura hispanoparlant traduint-la per primera vegada a l\u2019espanyol en 1980.<\/p>\n<p>Treballa per a editorials espanyoles i mexicanes.<\/div><\/div><\/div><\/div><\/div><\/div>\n<div class=\"row \"><div class=\"wpv-grid grid-1-1  first unextended\" style=\"padding-top:0px;padding-bottom:0px\" id=\"wpv-column-2a9c87d7c1ef053ac3b5f39f5e385c8d\" ><div class=\"row \"><div class=\"wpv-grid grid-1-1  first unextended\" style=\"padding-top:0px;padding-bottom:0px\" id=\"wpv-column-760be77a517a6f2e17819240647e99b8\" ><blockquote>\n<h2>El lloc:<\/h2>\n<\/blockquote>\n<p>Mas\u00a0Gener\u00f3s \u00e9s un allotjament rural sostenible situat en un lloc \u00fanic del Baix Empord\u00e0, en la sortida de la petita localitat medieval de Fonteta (Girona). La casa \u00e9s una antiga masia que data del segle XVII on durant segles es van fabricar peces de cer\u00e0mica seguint la tradici\u00f3 artesana de La Bisbal. Va ser restaurada en 2014, respectant l&#8217;arquitectura original per a fer honor a la seva hist\u00f2ria.<\/p>\n<p>Per a arribar en transport p\u00fablic des de Barcelona la millor opci\u00f3 \u00e9s despla\u00e7ar-se amb tren (estaci\u00f3 de Sants o El Clot) fins a l&#8217;estaci\u00f3 de Fla\u00e7a i des d&#8217;all\u00ed en taxi fins a l&#8217;hotel (est\u00e0 a 20 minuts).<\/div><\/div>\n<div class=\"row \"><div class=\"wpv-grid grid-1-3  first unextended\" style=\"padding-top:0px;padding-bottom:0px\" id=\"wpv-column-3728159df227b4557832dbb090aafb58\" ><p><img loading=\"lazy\" decoding=\"async\" class=\"alignnone wp-image-37979 size-full\" src=\"https:\/\/www.entelequiacultura.com\/wp-content\/uploads\/2022\/12\/DSCF2655-610x610-2.jpg\" alt=\"\" width=\"610\" height=\"610\" srcset=\"https:\/\/www.entelequiacultura.com\/wp-content\/uploads\/2022\/12\/DSCF2655-610x610-2.jpg 610w, https:\/\/www.entelequiacultura.com\/wp-content\/uploads\/2022\/12\/DSCF2655-610x610-2-300x300.jpg 300w, https:\/\/www.entelequiacultura.com\/wp-content\/uploads\/2022\/12\/DSCF2655-610x610-2-150x150.jpg 150w, https:\/\/www.entelequiacultura.com\/wp-content\/uploads\/2022\/12\/DSCF2655-610x610-2-60x60.jpg 60w, https:\/\/www.entelequiacultura.com\/wp-content\/uploads\/2022\/12\/DSCF2655-610x610-2-43x43.jpg 43w, https:\/\/www.entelequiacultura.com\/wp-content\/uploads\/2022\/12\/DSCF2655-610x610-2-106x106.jpg 106w, https:\/\/www.entelequiacultura.com\/wp-content\/uploads\/2022\/12\/DSCF2655-610x610-2-555x555.jpg 555w, https:\/\/www.entelequiacultura.com\/wp-content\/uploads\/2022\/12\/DSCF2655-610x610-2-360x360.jpg 360w, https:\/\/www.entelequiacultura.com\/wp-content\/uploads\/2022\/12\/DSCF2655-610x610-2-262x262.jpg 262w, https:\/\/www.entelequiacultura.com\/wp-content\/uploads\/2022\/12\/DSCF2655-610x610-2-600x600.jpg 600w, https:\/\/www.entelequiacultura.com\/wp-content\/uploads\/2022\/12\/DSCF2655-610x610-2-100x100.jpg 100w\" sizes=\"(max-width: 610px) 100vw, 610px\" \/><\/div>\n<div class=\"wpv-grid grid-1-3  unextended\" style=\"padding-top:0px;padding-bottom:0px\" id=\"wpv-column-a5e61ad294261d60bb8a59c962b9db28\" ><p><img loading=\"lazy\" decoding=\"async\" class=\"alignnone wp-image-37981 size-full\" src=\"https:\/\/www.entelequiacultura.com\/wp-content\/uploads\/2022\/12\/DSF0605-1536x1152-1.jpg\" alt=\"\" width=\"1536\" height=\"1152\" srcset=\"https:\/\/www.entelequiacultura.com\/wp-content\/uploads\/2022\/12\/DSF0605-1536x1152-1.jpg 1536w, https:\/\/www.entelequiacultura.com\/wp-content\/uploads\/2022\/12\/DSF0605-1536x1152-1-300x225.jpg 300w, https:\/\/www.entelequiacultura.com\/wp-content\/uploads\/2022\/12\/DSF0605-1536x1152-1-1024x768.jpg 1024w, https:\/\/www.entelequiacultura.com\/wp-content\/uploads\/2022\/12\/DSF0605-1536x1152-1-1140x855.jpg 1140w, https:\/\/www.entelequiacultura.com\/wp-content\/uploads\/2022\/12\/DSF0605-1536x1152-1-555x416.jpg 555w, https:\/\/www.entelequiacultura.com\/wp-content\/uploads\/2022\/12\/DSF0605-1536x1152-1-360x270.jpg 360w, https:\/\/www.entelequiacultura.com\/wp-content\/uploads\/2022\/12\/DSF0605-1536x1152-1-262x197.jpg 262w, https:\/\/www.entelequiacultura.com\/wp-content\/uploads\/2022\/12\/DSF0605-1536x1152-1-600x450.jpg 600w\" sizes=\"(max-width: 1536px) 100vw, 1536px\" \/><\/div>\n<div class=\"wpv-grid grid-1-3  unextended\" style=\"padding-top:0px;padding-bottom:0px\" id=\"wpv-column-a06753c3403f260266a7c6c3f6593642\" ><p><img loading=\"lazy\" decoding=\"async\" class=\"alignnone wp-image-37983 size-full\" src=\"https:\/\/www.entelequiacultura.com\/wp-content\/uploads\/2022\/12\/DSCF2239-768x1024-1.jpg\" alt=\"\" width=\"768\" height=\"1024\" srcset=\"https:\/\/www.entelequiacultura.com\/wp-content\/uploads\/2022\/12\/DSCF2239-768x1024-1.jpg 768w, https:\/\/www.entelequiacultura.com\/wp-content\/uploads\/2022\/12\/DSCF2239-768x1024-1-225x300.jpg 225w, https:\/\/www.entelequiacultura.com\/wp-content\/uploads\/2022\/12\/DSCF2239-768x1024-1-555x740.jpg 555w, https:\/\/www.entelequiacultura.com\/wp-content\/uploads\/2022\/12\/DSCF2239-768x1024-1-360x480.jpg 360w, https:\/\/www.entelequiacultura.com\/wp-content\/uploads\/2022\/12\/DSCF2239-768x1024-1-262x349.jpg 262w, https:\/\/www.entelequiacultura.com\/wp-content\/uploads\/2022\/12\/DSCF2239-768x1024-1-600x800.jpg 600w\" sizes=\"(max-width: 768px) 100vw, 768px\" \/><\/div><\/div><\/div><\/div><\/div>\n<div class=\"wpv-grid grid-1-3  wpv-first-level unextended\" style=\"padding-top:0px;padding-bottom:0px\" id=\"wpv-column-8a1c25f0d54c837f55d0ce54239b56e1\" ><div class=\"row \"><div class=\"wpv-grid grid-1-1  first has-background unextended\" style=\"background-color:#e2dfdf;padding-top:0px;padding-bottom:0px\" id=\"wpv-column-64df54de2584399016e19ade93fbed0c\" ><style>#wpv-column-64df54de2584399016e19ade93fbed0c p,#wpv-column-64df54de2584399016e19ade93fbed0c em,#wpv-column-64df54de2584399016e19ade93fbed0c .column-title,#wpv-column-64df54de2584399016e19ade93fbed0c .sep-text h2.regular-title-wrapper,#wpv-column-64df54de2584399016e19ade93fbed0c .text-divider-double,#wpv-column-64df54de2584399016e19ade93fbed0c .sep-text .sep-text-line,#wpv-column-64df54de2584399016e19ade93fbed0c .sep,#wpv-column-64df54de2584399016e19ade93fbed0c .sep-2,#wpv-column-64df54de2584399016e19ade93fbed0c .sep-3{color:#665c5c;}#wpv-column-64df54de2584399016e19ade93fbed0c:before{background-color:transparent;}<\/style><div class=\"row \"><div class=\"wpv-grid grid-1-1  first unextended\" style=\"padding-top:0px;padding-bottom:0px\" id=\"wpv-column-a2e2028053d2d04eb0135341ae00235e\" ><blockquote>\n<p style=\"text-align: left;\">Detalls<\/p>\n<\/blockquote>\n<p style=\"text-align: center;\">Si vols rebre informaci\u00f3 sobre nous esdeveniments, subscriu-te al nostre butllet\u00ed informatiu<\/p>\n<p style=\"text-align: center;\"><a href=\"https:\/\/www.entelequiacultura.com\/ca\/butlleti-informatiu-2\/\" target=\"_self\" style='font-size: 20px;' class=\"button vamtam-button accent1  btn_inscripcion button-filled hover-accent1  alignleft\"><span class=\"btext\">Subscriu-te!!<\/span><\/a>\n<p style=\"text-align: center;\">hola@entelequiacultura.com<\/p>\n<h2 style=\"text-align: center;\"><\/h2><\/div><\/div>\n<div class=\"row \"><div class=\"wpv-grid grid-1-1  first unextended\" style=\"padding-top:0px;padding-bottom:0px\" id=\"wpv-column-08a4fe8faecd9e5781a5aa27217694c5\" ><\/div><\/div><\/div><\/div><\/div><\/div>\n","protected":false},"excerpt":{"rendered":"<p>Descripci\u00f3: Una magn\u00edfica manera de con\u00e8ixer la bulliciosa i extraordin\u00e0ria Constantinoble finisecular, una ciutat dominada per la m\u00fasica, els sabors i els colors, cohabitada per grecs, turcs i moltes altres&#8230;<\/p>\n","protected":false},"author":1,"featured_media":37995,"template":"","meta":{"_price":"","_stock":"","_tribe_ticket_header":"","_tribe_default_ticket_provider":"","_tribe_ticket_capacity":"0","_ticket_start_date":"","_ticket_end_date":"","_tribe_ticket_show_description":"","_tribe_ticket_show_not_going":false,"_tribe_ticket_use_global_stock":"","_tribe_ticket_global_stock_level":"","_global_stock_mode":"","_global_stock_cap":"","_tribe_rsvp_for_event":"","_tribe_ticket_going_count":"","_tribe_ticket_not_going_count":"","_tribe_tickets_list":"[]","_tribe_ticket_has_attendee_info_fields":false,"_tribe_events_status":"","_tribe_events_status_reason":"","footnotes":"","_tec_slr_enabled":"","_tec_slr_layout":""},"tags":[],"tribe_events_cat":[690],"class_list":["post-37975","tribe_events","type-tribe_events","status-publish","has-post-thumbnail","hentry","tribe_events_cat-retirs-culturals-ca","cat_retirs-culturals-ca"],"aioseo_notices":[],"ticketed":false,"_links":{"self":[{"href":"https:\/\/www.entelequiacultura.com\/ca\/wp-json\/wp\/v2\/tribe_events\/37975","targetHints":{"allow":["GET"]}}],"collection":[{"href":"https:\/\/www.entelequiacultura.com\/ca\/wp-json\/wp\/v2\/tribe_events"}],"about":[{"href":"https:\/\/www.entelequiacultura.com\/ca\/wp-json\/wp\/v2\/types\/tribe_events"}],"author":[{"embeddable":true,"href":"https:\/\/www.entelequiacultura.com\/ca\/wp-json\/wp\/v2\/users\/1"}],"version-history":[{"count":0,"href":"https:\/\/www.entelequiacultura.com\/ca\/wp-json\/wp\/v2\/tribe_events\/37975\/revisions"}],"wp:featuredmedia":[{"embeddable":true,"href":"https:\/\/www.entelequiacultura.com\/ca\/wp-json\/wp\/v2\/media\/37995"}],"wp:attachment":[{"href":"https:\/\/www.entelequiacultura.com\/ca\/wp-json\/wp\/v2\/media?parent=37975"}],"wp:term":[{"taxonomy":"post_tag","embeddable":true,"href":"https:\/\/www.entelequiacultura.com\/ca\/wp-json\/wp\/v2\/tags?post=37975"},{"taxonomy":"tribe_events_cat","embeddable":true,"href":"https:\/\/www.entelequiacultura.com\/ca\/wp-json\/wp\/v2\/tribe_events_cat?post=37975"}],"curies":[{"name":"wp","href":"https:\/\/api.w.org\/{rel}","templated":true}]}}