{"id":37147,"date":"2022-06-02T19:21:15","date_gmt":"2022-06-02T17:21:15","guid":{"rendered":"https:\/\/www.entelequiacultura.com\/?post_type=tribe_events&#038;p=37147"},"modified":"2024-01-03T15:26:54","modified_gmt":"2024-01-03T14:26:54","slug":"retirmauriciowiesenthal-2","status":"publish","type":"tribe_events","link":"https:\/\/www.entelequiacultura.com\/ca\/esdeveniment\/retirmauriciowiesenthal-2\/","title":{"rendered":"ELS LLOCS I ELS MESTRES DE &#8220;L&#8217;ESPRIT&#8221; EUROPEU (retir cultural amb Mauricio Wiesenthal)"},"content":{"rendered":"<div class=\"row \"><div class=\"wpv-grid grid-2-3  wpv-first-level first unextended\" style=\"padding-top:0px;padding-bottom:0px\" id=\"wpv-column-a89c0888abf2eced40846297416019dc\" ><div class=\"row \"><div class=\"wpv-grid grid-1-1  first unextended\" style=\"padding-top:0px;padding-bottom:0px\" id=\"wpv-column-bbc5ce5e62e9fb4ea79b421fcd4dec18\" ><blockquote>\n<h2>Descripci\u00f3 del seminari:<\/h2>\n<\/blockquote>\n<p>En breu publicarem la sinopsi del seminari que impartir\u00e0 en Mauricio Wiesenthal dedicat als mestres de \u00abl&#8217;esprit\u00bb europeu (Rilke, Zweig, Thomas Mann, Franz Werfel, Heinrich Mann, Alma Mahler\u2026) i els llocs on van viure.<\/div><\/div>\n<div class=\"row \"><div class=\"wpv-grid grid-1-1  first unextended\" style=\"padding-top:0px;padding-bottom:0px\" id=\"wpv-column-61c60218a1587d0a24692edf6eaf877a\" ><div class=\"row \"><div class=\"wpv-grid grid-1-1  first unextended\" style=\"padding-top:0px;padding-bottom:0px\" id=\"wpv-column-216a6c8c0a5cd44b92069322ec3cd7eb\" ><blockquote>\n<h2>El professor:<\/h2>\n<\/blockquote><\/div><\/div>\n<div class=\"row \"><div class=\"wpv-grid grid-1-3  first unextended\" style=\"padding-top:0px;padding-bottom:0px\" id=\"wpv-column-e0e8c05112c029c0ce2cb526f5a7169f\" ><div class=\"row \"><div class=\"wpv-grid grid-1-1  first unextended\" style=\"padding-top:0px;padding-bottom:0px\" id=\"wpv-column-aff59ec5fc3f027fd34e93bcc8d233cc\" ><p><img loading=\"lazy\" decoding=\"async\" class=\"alignnone size-medium wp-image-37138\" src=\"https:\/\/www.entelequiacultura.com\/wp-content\/uploads\/2022\/05\/MauricioWiesenthalt-650-300x300.jpg\" alt=\"\" width=\"300\" height=\"300\" srcset=\"https:\/\/www.entelequiacultura.com\/wp-content\/uploads\/2022\/05\/MauricioWiesenthalt-650-300x300.jpg 300w, https:\/\/www.entelequiacultura.com\/wp-content\/uploads\/2022\/05\/MauricioWiesenthalt-650-150x150.jpg 150w, https:\/\/www.entelequiacultura.com\/wp-content\/uploads\/2022\/05\/MauricioWiesenthalt-650-60x60.jpg 60w, https:\/\/www.entelequiacultura.com\/wp-content\/uploads\/2022\/05\/MauricioWiesenthalt-650-43x43.jpg 43w, https:\/\/www.entelequiacultura.com\/wp-content\/uploads\/2022\/05\/MauricioWiesenthalt-650-106x106.jpg 106w, https:\/\/www.entelequiacultura.com\/wp-content\/uploads\/2022\/05\/MauricioWiesenthalt-650-555x555.jpg 555w, https:\/\/www.entelequiacultura.com\/wp-content\/uploads\/2022\/05\/MauricioWiesenthalt-650-360x360.jpg 360w, https:\/\/www.entelequiacultura.com\/wp-content\/uploads\/2022\/05\/MauricioWiesenthalt-650-262x262.jpg 262w, https:\/\/www.entelequiacultura.com\/wp-content\/uploads\/2022\/05\/MauricioWiesenthalt-650-600x600.jpg 600w, https:\/\/www.entelequiacultura.com\/wp-content\/uploads\/2022\/05\/MauricioWiesenthalt-650-100x100.jpg 100w, https:\/\/www.entelequiacultura.com\/wp-content\/uploads\/2022\/05\/MauricioWiesenthalt-650.jpg 658w\" sizes=\"(max-width: 300px) 100vw, 300px\" \/><\/div><\/div><\/div>\n<div class=\"wpv-grid grid-2-3  unextended\" style=\"padding-top:0px;padding-bottom:0px\" id=\"wpv-column-2e6da2677b28d271974d942c24c74602\" ><div class=\"row \"><div class=\"wpv-grid grid-1-1  first unextended\" style=\"padding-top:0px;padding-bottom:0px\" id=\"wpv-column-c6c78b026e928ebd336416ae248d6e81\" ><p>MAURICIO WIESENTHAL, a m\u00e9s d&#8217;escriptor, ha estat professor d&#8217;Hist\u00f2ria de la Cultura i conferenciant convidat en diverses universitats i institucions internacionals. El seu pensament i el seu estil literari s\u00f3n hereus del gran llegat cultural europeu.<\/p>\n<p>Destaquen els seus assajos <em>La belle \u00e9poque del Orient Express\u00a0<\/em>(1979) i <em>Imagen de Espa\u00f1a<\/em> (1984) i la novel\u00b7la <em>El testamento de Nobel<\/em> (1985), la seva \u00abTrilogia europea\u00bb (<em>Libro de R\u00e9quiems<\/em>, 2004; <em>El esnobismo de las golondrinas<\/em>, 2007; y <em>Luz de v\u00edsperas<\/em>, 2008), aix\u00ed com\u00a0<em>Siguiendo mi camino<\/em> (2013), <em>Rainer Maria Rilke: el vidente y lo oculto<\/em>\u00a0(2015), <em>La hispanibundia <\/em>(2018),<em> Orient-Express<\/em> (2020) y <em>El derecho a disentir <\/em>(2021).<\/p>\n<p>Tamb\u00e9 \u00e9s autor de nombrosos llibres sobre les cultures precolombines d&#8217;Am\u00e8rica (<i>Yucat\u00e1n y la civilizaci\u00f3n maya<\/i>, <i>Los dioses de Teotihuac\u00e1n<\/i>) i de mig centenar de guies i llibres de viatges, publicats en angl\u00e8s, franc\u00e8s, itali\u00e0 i alemany, i d&#8217;obres de divulgaci\u00f3 m\u00e8dica.<\/p>\n<p>\u00c9s Premi Estat Cr\u00edtic al millor assaig per <em>Siguiendo mi camino<\/em> (Acantilado, 2013), Medalla d&#8217;Or al m\u00e8rit de les Belles arts de l&#8217;Estat Espanyol i I Premi Revista d&#8217;Occident-\u00c0mbit Cultural. Tamb\u00e9 va ser guardonat amb la Copa d&#8217;Or dels En\u00f2legs de Catalunya.<\/div><\/div><\/div><\/div><\/div><\/div>\n<div class=\"row \"><div class=\"wpv-grid grid-1-1  first unextended\" style=\"padding-top:0px;padding-bottom:0px\" id=\"wpv-column-3f886c5a3c930b42364df4278e54f169\" ><div class=\"row \"><div class=\"wpv-grid grid-1-1  first unextended\" style=\"padding-top:0px;padding-bottom:0px\" id=\"wpv-column-3c5e7fd9b2ded9f4c1be13ab5a1937a4\" ><blockquote>\n<h2>El lloc<\/h2>\n<\/blockquote>\n<p>Entre murs de pedra i gruixuts contraforts neix en el segle XII la Sala de Cam\u00f3s, en un\u00a0rac\u00f3 amagat enmig del bosc, als peus de la muntanya de Rocacorba, just davant de l&#8217;esgl\u00e9sia rom\u00e0nica de Sant Vicen\u00e7 de Cam\u00f3s.\u00a0El conjunt de sala g\u00f2tica, torre defensiva i rector\u00eda constru\u00efda en 1761 \u00e9s avui un preci\u00f3s petit hotel amb encant, que gaudirem en exclusiva i on, a m\u00e9s, les mascotes s\u00f3n ben rebudes.<\/p>\n<p>L&#8217;establiment compta amb nombrosos jardins, porxos i una piscina. Disposa\u00a0de set habitacions dobles amb bany privat. Dos d&#8217;elles poden ser triples ja que aquestes habitacions estan dividides en dues cambres.<\/p>\n<p>Est\u00e0 situat a tan sols deu minuts de Banyoles i el seu m\u00edtic llac, vint minuts del poble medieval de Besal\u00fa i trenta del centre de Girona.\u00a0Un lloc ideal per a gaudir de la tranquil\u00b7litat, la naturalesa, la cultura i la gastronomia local.<\/div><\/div>\n<div class=\"row \"><div class=\"wpv-grid grid-1-1  first unextended\" style=\"padding-top:0px;padding-bottom:0px\" id=\"wpv-column-81a194b4046122ad9e674a16f360249a\" >\n<section class=\"portfolios normal clearfix title-false no-description \" id=\"69edce18779f8\">\n\t\t<div class=\"portfolio-items vamtam-cubeportfolio cbp portfolio-items cbp-slider-edge\" data-columns=\"4\" data-options=\"{&quot;layoutMode&quot;:&quot;slider&quot;,&quot;defaultFilter&quot;:&quot;*&quot;,&quot;animationType&quot;:&quot;slideDelay&quot;,&quot;gapHorizontal&quot;:30,&quot;gapVertical&quot;:30,&quot;gridAdjustment&quot;:&quot;responsive&quot;,&quot;mediaQueries&quot;:[{&quot;width&quot;:1140,&quot;cols&quot;:4},{&quot;width&quot;:847.5,&quot;cols&quot;:3},{&quot;width&quot;:555,&quot;cols&quot;:2},{&quot;width&quot;:262.5,&quot;cols&quot;:1}],&quot;displayType&quot;:&quot;bottomToTop&quot;,&quot;displayTypeSpeed&quot;:100,&quot;showPagination&quot;:false}\" data-hidden-by-filters=\"New items were loaded, but they are hidden because of your choice of filters\">\n\t\t<div data-id=\"36265\" data-type=\"camos-ca\" class=\"no-title no-description has-button state-closed vamtam-project cbp-item\">\n\t<div class=\"portfolio-item-wrapper\">\n\t\t\t\t<div class=\"portfolio_image\">\n\t\t\t<div class=\"thumbnail\" style=\"max-height:400px\">\n\t\t\t\t\t\t\t\t\t\t<img loading=\"lazy\" decoding=\"async\" width=\"262\" height=\"175\" src=\"https:\/\/www.entelequiacultura.com\/wp-content\/uploads\/2021\/11\/IMG_4068-262x175.jpg\" class=\"attachment-portfolio-loop-4 size-portfolio-loop-4 wp-post-image\" alt=\"\" srcset=\"https:\/\/www.entelequiacultura.com\/wp-content\/uploads\/2021\/11\/IMG_4068-262x175.jpg 262w, https:\/\/www.entelequiacultura.com\/wp-content\/uploads\/2021\/11\/IMG_4068-1140x760.jpg 1140w, https:\/\/www.entelequiacultura.com\/wp-content\/uploads\/2021\/11\/IMG_4068-555x370.jpg 555w, https:\/\/www.entelequiacultura.com\/wp-content\/uploads\/2021\/11\/IMG_4068-360x240.jpg 360w\" sizes=\"(min-width: 900px) 50vw, 100vw\" \/>\t\t\t\t\t\t\t<\/div><!-- \/ .thumbnail -->\n\t\t<\/div>\n\n\t\t\n\t\t\t\t\t<span class=\"thumbnail-overlay\">\n\t\t\t\t<span class=\"meta\">\n\t\t\t\t\t\t\t\t\t\t<div class=\"more-button \">\n\t\t\t\t\t\t<a class=\"button button-border accent1 hover-accent1  vamtam-lightbox image\" target=\"_self\" href=\"https:\/\/www.entelequiacultura.com\/wp-content\/uploads\/2021\/11\/IMG_4068-scaled.jpg\"  rel=\"portfolio_868\">\n\t\t\t\t\t\t\tAmpliar\t\t\t\t\t\t<\/a>\n\t\t\t\t\t<\/div>\n\t\t\t\t\t\t\t\t\t<\/span>\n\t\t\t<\/span>\n\t\t\t\t\t\t<\/div>\n<\/div><div data-id=\"36266\" data-type=\"camos-ca\" class=\"no-title no-description has-button state-closed vamtam-project cbp-item\">\n\t<div class=\"portfolio-item-wrapper\">\n\t\t\t\t<div class=\"portfolio_image\">\n\t\t\t<div class=\"thumbnail\" style=\"max-height:400px\">\n\t\t\t\t\t\t\t\t\t\t<img loading=\"lazy\" decoding=\"async\" width=\"262\" height=\"175\" src=\"https:\/\/www.entelequiacultura.com\/wp-content\/uploads\/2021\/11\/Llar-de-foc-1-262x175.jpg\" class=\"attachment-portfolio-loop-4 size-portfolio-loop-4 wp-post-image\" alt=\"\" srcset=\"https:\/\/www.entelequiacultura.com\/wp-content\/uploads\/2021\/11\/Llar-de-foc-1-262x175.jpg 262w, https:\/\/www.entelequiacultura.com\/wp-content\/uploads\/2021\/11\/Llar-de-foc-1-1140x760.jpg 1140w, https:\/\/www.entelequiacultura.com\/wp-content\/uploads\/2021\/11\/Llar-de-foc-1-555x370.jpg 555w, https:\/\/www.entelequiacultura.com\/wp-content\/uploads\/2021\/11\/Llar-de-foc-1-360x240.jpg 360w\" sizes=\"(min-width: 900px) 50vw, 100vw\" \/>\t\t\t\t\t\t\t<\/div><!-- \/ .thumbnail -->\n\t\t<\/div>\n\n\t\t\n\t\t\t\t\t<span class=\"thumbnail-overlay\">\n\t\t\t\t<span class=\"meta\">\n\t\t\t\t\t\t\t\t\t\t<div class=\"more-button \">\n\t\t\t\t\t\t<a class=\"button button-border accent1 hover-accent1  vamtam-lightbox image\" target=\"_self\" href=\"https:\/\/www.entelequiacultura.com\/wp-content\/uploads\/2021\/11\/Llar-de-foc-1-scaled.jpg\"  rel=\"portfolio_868\">\n\t\t\t\t\t\t\tAmpliar\t\t\t\t\t\t<\/a>\n\t\t\t\t\t<\/div>\n\t\t\t\t\t\t\t\t\t<\/span>\n\t\t\t<\/span>\n\t\t\t\t\t\t<\/div>\n<\/div><div data-id=\"36263\" data-type=\"camos-ca\" class=\"no-title no-description has-button state-closed vamtam-project cbp-item\">\n\t<div class=\"portfolio-item-wrapper\">\n\t\t\t\t<div class=\"portfolio_image\">\n\t\t\t<div class=\"thumbnail\" style=\"max-height:400px\">\n\t\t\t\t\t\t\t\t\t\t<img loading=\"lazy\" decoding=\"async\" width=\"262\" height=\"175\" src=\"https:\/\/www.entelequiacultura.com\/wp-content\/uploads\/2021\/11\/Jard\u00ed-262x175.jpg\" class=\"attachment-portfolio-loop-4 size-portfolio-loop-4 wp-post-image\" alt=\"\" srcset=\"https:\/\/www.entelequiacultura.com\/wp-content\/uploads\/2021\/11\/Jard\u00ed-262x175.jpg 262w, https:\/\/www.entelequiacultura.com\/wp-content\/uploads\/2021\/11\/Jard\u00ed-300x200.jpg 300w, https:\/\/www.entelequiacultura.com\/wp-content\/uploads\/2021\/11\/Jard\u00ed-1024x683.jpg 1024w, https:\/\/www.entelequiacultura.com\/wp-content\/uploads\/2021\/11\/Jard\u00ed-1536x1024.jpg 1536w, https:\/\/www.entelequiacultura.com\/wp-content\/uploads\/2021\/11\/Jard\u00ed-2048x1365.jpg 2048w, https:\/\/www.entelequiacultura.com\/wp-content\/uploads\/2021\/11\/Jard\u00ed-1140x760.jpg 1140w, https:\/\/www.entelequiacultura.com\/wp-content\/uploads\/2021\/11\/Jard\u00ed-555x370.jpg 555w, https:\/\/www.entelequiacultura.com\/wp-content\/uploads\/2021\/11\/Jard\u00ed-360x240.jpg 360w, https:\/\/www.entelequiacultura.com\/wp-content\/uploads\/2021\/11\/Jard\u00ed-600x400.jpg 600w\" sizes=\"(min-width: 900px) 50vw, 100vw\" \/>\t\t\t\t\t\t\t<\/div><!-- \/ .thumbnail -->\n\t\t<\/div>\n\n\t\t\n\t\t\t\t\t<span class=\"thumbnail-overlay\">\n\t\t\t\t<span class=\"meta\">\n\t\t\t\t\t\t\t\t\t\t<div class=\"more-button \">\n\t\t\t\t\t\t<a class=\"button button-border accent1 hover-accent1  vamtam-lightbox image\" target=\"_self\" href=\"https:\/\/www.entelequiacultura.com\/wp-content\/uploads\/2021\/11\/Jard\u00ed-scaled.jpg\"  rel=\"portfolio_868\">\n\t\t\t\t\t\t\tAmpliar\t\t\t\t\t\t<\/a>\n\t\t\t\t\t<\/div>\n\t\t\t\t\t\t\t\t\t<\/span>\n\t\t\t<\/span>\n\t\t\t\t\t\t<\/div>\n<\/div><div data-id=\"36262\" data-type=\"camos-ca\" class=\"no-title no-description has-button state-closed vamtam-project cbp-item\">\n\t<div class=\"portfolio-item-wrapper\">\n\t\t\t\t<div class=\"portfolio_image\">\n\t\t\t<div class=\"thumbnail\" style=\"max-height:400px\">\n\t\t\t\t\t\t\t\t\t\t<img loading=\"lazy\" decoding=\"async\" width=\"262\" height=\"175\" src=\"https:\/\/www.entelequiacultura.com\/wp-content\/uploads\/2021\/11\/Entrada-262x175.jpeg\" class=\"attachment-portfolio-loop-4 size-portfolio-loop-4 wp-post-image\" alt=\"\" srcset=\"https:\/\/www.entelequiacultura.com\/wp-content\/uploads\/2021\/11\/Entrada-262x175.jpeg 262w, https:\/\/www.entelequiacultura.com\/wp-content\/uploads\/2021\/11\/Entrada-300x201.jpeg 300w, https:\/\/www.entelequiacultura.com\/wp-content\/uploads\/2021\/11\/Entrada-1024x686.jpeg 1024w, https:\/\/www.entelequiacultura.com\/wp-content\/uploads\/2021\/11\/Entrada-1140x760.jpeg 1140w, https:\/\/www.entelequiacultura.com\/wp-content\/uploads\/2021\/11\/Entrada-555x370.jpeg 555w, https:\/\/www.entelequiacultura.com\/wp-content\/uploads\/2021\/11\/Entrada-360x240.jpeg 360w, https:\/\/www.entelequiacultura.com\/wp-content\/uploads\/2021\/11\/Entrada-600x402.jpeg 600w, https:\/\/www.entelequiacultura.com\/wp-content\/uploads\/2021\/11\/Entrada.jpeg 1192w\" sizes=\"(min-width: 900px) 50vw, 100vw\" \/>\t\t\t\t\t\t\t<\/div><!-- \/ .thumbnail -->\n\t\t<\/div>\n\n\t\t\n\t\t\t\t\t<span class=\"thumbnail-overlay\">\n\t\t\t\t<span class=\"meta\">\n\t\t\t\t\t\t\t\t\t\t<div class=\"more-button \">\n\t\t\t\t\t\t<a class=\"button button-border accent1 hover-accent1  vamtam-lightbox image\" target=\"_self\" href=\"https:\/\/www.entelequiacultura.com\/wp-content\/uploads\/2021\/11\/Entrada.jpeg\"  rel=\"portfolio_868\">\n\t\t\t\t\t\t\tAmpliar\t\t\t\t\t\t<\/a>\n\t\t\t\t\t<\/div>\n\t\t\t\t\t\t\t\t\t<\/span>\n\t\t\t<\/span>\n\t\t\t\t\t\t<\/div>\n<\/div><div data-id=\"36269\" data-type=\"ad-hoc camos-ca\" class=\"no-title no-description has-button state-closed vamtam-project cbp-item\">\n\t<div class=\"portfolio-item-wrapper\">\n\t\t\t\t<div class=\"portfolio_image\">\n\t\t\t<div class=\"thumbnail\" style=\"max-height:400px\">\n\t\t\t\t\t\t\t\t\t\t<img loading=\"lazy\" decoding=\"async\" width=\"262\" height=\"175\" src=\"https:\/\/www.entelequiacultura.com\/wp-content\/uploads\/2021\/11\/Piscina-i-jard\u00ed-262x175.jpg\" class=\"attachment-portfolio-loop-4 size-portfolio-loop-4 wp-post-image\" alt=\"\" srcset=\"https:\/\/www.entelequiacultura.com\/wp-content\/uploads\/2021\/11\/Piscina-i-jard\u00ed-262x175.jpg 262w, https:\/\/www.entelequiacultura.com\/wp-content\/uploads\/2021\/11\/Piscina-i-jard\u00ed-1140x760.jpg 1140w, https:\/\/www.entelequiacultura.com\/wp-content\/uploads\/2021\/11\/Piscina-i-jard\u00ed-555x370.jpg 555w, https:\/\/www.entelequiacultura.com\/wp-content\/uploads\/2021\/11\/Piscina-i-jard\u00ed-360x240.jpg 360w\" sizes=\"(min-width: 900px) 50vw, 100vw\" \/>\t\t\t\t\t\t\t<\/div><!-- \/ .thumbnail -->\n\t\t<\/div>\n\n\t\t\n\t\t\t\t\t<span class=\"thumbnail-overlay\">\n\t\t\t\t<span class=\"meta\">\n\t\t\t\t\t\t\t\t\t\t<div class=\"more-button \">\n\t\t\t\t\t\t<a class=\"button button-border accent1 hover-accent1  vamtam-lightbox image\" target=\"_self\" href=\"https:\/\/www.entelequiacultura.com\/wp-content\/uploads\/2021\/11\/Piscina-i-jard\u00ed-scaled.jpg\"  rel=\"portfolio_868\">\n\t\t\t\t\t\t\tAmpliar\t\t\t\t\t\t<\/a>\n\t\t\t\t\t<\/div>\n\t\t\t\t\t\t\t\t\t<\/span>\n\t\t\t<\/span>\n\t\t\t\t\t\t<\/div>\n<\/div><div data-id=\"36267\" data-type=\"camos-ca\" class=\"no-title no-description has-button state-closed vamtam-project cbp-item\">\n\t<div class=\"portfolio-item-wrapper\">\n\t\t\t\t<div class=\"portfolio_image\">\n\t\t\t<div class=\"thumbnail\" style=\"max-height:400px\">\n\t\t\t\t\t\t\t\t\t\t<img loading=\"lazy\" decoding=\"async\" width=\"262\" height=\"175\" src=\"https:\/\/www.entelequiacultura.com\/wp-content\/uploads\/2021\/11\/Hab-Rocacorba2-768x576-1-262x175.jpeg\" class=\"attachment-portfolio-loop-4 size-portfolio-loop-4 wp-post-image\" alt=\"\" srcset=\"https:\/\/www.entelequiacultura.com\/wp-content\/uploads\/2021\/11\/Hab-Rocacorba2-768x576-1-262x175.jpeg 262w, https:\/\/www.entelequiacultura.com\/wp-content\/uploads\/2021\/11\/Hab-Rocacorba2-768x576-1-555x370.jpeg 555w, https:\/\/www.entelequiacultura.com\/wp-content\/uploads\/2021\/11\/Hab-Rocacorba2-768x576-1-360x240.jpeg 360w\" sizes=\"(min-width: 900px) 50vw, 100vw\" \/>\t\t\t\t\t\t\t<\/div><!-- \/ .thumbnail -->\n\t\t<\/div>\n\n\t\t\n\t\t\t\t\t<span class=\"thumbnail-overlay\">\n\t\t\t\t<span class=\"meta\">\n\t\t\t\t\t\t\t\t\t\t<div class=\"more-button \">\n\t\t\t\t\t\t<a class=\"button button-border accent1 hover-accent1  vamtam-lightbox image\" target=\"_self\" href=\"https:\/\/www.entelequiacultura.com\/wp-content\/uploads\/2021\/11\/Hab-Rocacorba2-768x576-1.jpeg\"  rel=\"portfolio_868\">\n\t\t\t\t\t\t\tAmpliar\t\t\t\t\t\t<\/a>\n\t\t\t\t\t<\/div>\n\t\t\t\t\t\t\t\t\t<\/span>\n\t\t\t<\/span>\n\t\t\t\t\t\t<\/div>\n<\/div><div data-id=\"36264\" data-type=\"camos-ca\" class=\"no-title no-description has-button state-closed vamtam-project cbp-item\">\n\t<div class=\"portfolio-item-wrapper\">\n\t\t\t\t<div class=\"portfolio_image\">\n\t\t\t<div class=\"thumbnail\" style=\"max-height:400px\">\n\t\t\t\t\t\t\t\t\t\t<img loading=\"lazy\" decoding=\"async\" width=\"262\" height=\"175\" src=\"https:\/\/www.entelequiacultura.com\/wp-content\/uploads\/2021\/11\/Facana-lateral-jardi-262x175.jpeg\" class=\"attachment-portfolio-loop-4 size-portfolio-loop-4 wp-post-image\" alt=\"\" srcset=\"https:\/\/www.entelequiacultura.com\/wp-content\/uploads\/2021\/11\/Facana-lateral-jardi-262x175.jpeg 262w, https:\/\/www.entelequiacultura.com\/wp-content\/uploads\/2021\/11\/Facana-lateral-jardi-300x200.jpeg 300w, https:\/\/www.entelequiacultura.com\/wp-content\/uploads\/2021\/11\/Facana-lateral-jardi-1024x683.jpeg 1024w, https:\/\/www.entelequiacultura.com\/wp-content\/uploads\/2021\/11\/Facana-lateral-jardi-1536x1024.jpeg 1536w, https:\/\/www.entelequiacultura.com\/wp-content\/uploads\/2021\/11\/Facana-lateral-jardi-1140x760.jpeg 1140w, https:\/\/www.entelequiacultura.com\/wp-content\/uploads\/2021\/11\/Facana-lateral-jardi-555x370.jpeg 555w, https:\/\/www.entelequiacultura.com\/wp-content\/uploads\/2021\/11\/Facana-lateral-jardi-360x240.jpeg 360w, https:\/\/www.entelequiacultura.com\/wp-content\/uploads\/2021\/11\/Facana-lateral-jardi-600x400.jpeg 600w, https:\/\/www.entelequiacultura.com\/wp-content\/uploads\/2021\/11\/Facana-lateral-jardi.jpeg 1594w\" sizes=\"(min-width: 900px) 50vw, 100vw\" \/>\t\t\t\t\t\t\t<\/div><!-- \/ .thumbnail -->\n\t\t<\/div>\n\n\t\t\n\t\t\t\t\t<span class=\"thumbnail-overlay\">\n\t\t\t\t<span class=\"meta\">\n\t\t\t\t\t\t\t\t\t\t<div class=\"more-button \">\n\t\t\t\t\t\t<a class=\"button button-border accent1 hover-accent1  vamtam-lightbox image\" target=\"_self\" href=\"https:\/\/www.entelequiacultura.com\/wp-content\/uploads\/2021\/11\/Facana-lateral-jardi.jpeg\"  rel=\"portfolio_868\">\n\t\t\t\t\t\t\tAmpliar\t\t\t\t\t\t<\/a>\n\t\t\t\t\t<\/div>\n\t\t\t\t\t\t\t\t\t<\/span>\n\t\t\t<\/span>\n\t\t\t\t\t\t<\/div>\n<\/div><div data-id=\"37403\" data-type=\"camos-ca portada-ca portada-ca-2\" class=\"no-title no-description has-button state-closed vamtam-project cbp-item\">\n\t<div class=\"portfolio-item-wrapper\">\n\t\t\t\t<div class=\"portfolio_image\">\n\t\t\t<div class=\"thumbnail\" style=\"max-height:400px\">\n\t\t\t\t\t\t\t\t\t\t<img loading=\"lazy\" decoding=\"async\" width=\"262\" height=\"175\" src=\"https:\/\/www.entelequiacultura.com\/wp-content\/uploads\/2022\/10\/CAMOS-262x175.jpg\" class=\"attachment-portfolio-loop-4 size-portfolio-loop-4 wp-post-image\" alt=\"\" srcset=\"https:\/\/www.entelequiacultura.com\/wp-content\/uploads\/2022\/10\/CAMOS-262x175.jpg 262w, https:\/\/www.entelequiacultura.com\/wp-content\/uploads\/2022\/10\/CAMOS-300x200.jpg 300w, https:\/\/www.entelequiacultura.com\/wp-content\/uploads\/2022\/10\/CAMOS-1024x683.jpg 1024w, https:\/\/www.entelequiacultura.com\/wp-content\/uploads\/2022\/10\/CAMOS-1536x1024.jpg 1536w, https:\/\/www.entelequiacultura.com\/wp-content\/uploads\/2022\/10\/CAMOS-2048x1365.jpg 2048w, https:\/\/www.entelequiacultura.com\/wp-content\/uploads\/2022\/10\/CAMOS-1140x760.jpg 1140w, https:\/\/www.entelequiacultura.com\/wp-content\/uploads\/2022\/10\/CAMOS-555x370.jpg 555w, https:\/\/www.entelequiacultura.com\/wp-content\/uploads\/2022\/10\/CAMOS-360x240.jpg 360w, https:\/\/www.entelequiacultura.com\/wp-content\/uploads\/2022\/10\/CAMOS-600x400.jpg 600w\" sizes=\"(min-width: 900px) 50vw, 100vw\" \/>\t\t\t\t\t\t\t<\/div><!-- \/ .thumbnail -->\n\t\t<\/div>\n\n\t\t\n\t\t\t\t\t<span class=\"thumbnail-overlay\">\n\t\t\t\t<span class=\"meta\">\n\t\t\t\t\t\t\t\t\t\t<div class=\"more-button \">\n\t\t\t\t\t\t<a class=\"button button-border accent1 hover-accent1  vamtam-lightbox image\" target=\"_self\" href=\"https:\/\/www.entelequiacultura.com\/wp-content\/uploads\/2022\/10\/CAMOS-scaled.jpg\"  rel=\"portfolio_868\">\n\t\t\t\t\t\t\tAmpliar\t\t\t\t\t\t<\/a>\n\t\t\t\t\t<\/div>\n\t\t\t\t\t\t\t\t\t<\/span>\n\t\t\t<\/span>\n\t\t\t\t\t\t<\/div>\n<\/div>\t<\/div>\n\t<\/section>\n\n<\/div><\/div><\/div><\/div><\/div>\n<div class=\"wpv-grid grid-1-3  wpv-first-level unextended\" style=\"padding-top:0px;padding-bottom:0px\" id=\"wpv-column-388b66357765aa337963bbb0bb648606\" ><div class=\"row \"><div class=\"wpv-grid grid-1-1  first has-background unextended\" style=\"background-color:#e2dfdf;padding-top:0px;padding-bottom:0px\" id=\"wpv-column-0eaa7c8763089f75f789c83afe63080e\" ><style>#wpv-column-0eaa7c8763089f75f789c83afe63080e p,#wpv-column-0eaa7c8763089f75f789c83afe63080e em,#wpv-column-0eaa7c8763089f75f789c83afe63080e .column-title,#wpv-column-0eaa7c8763089f75f789c83afe63080e .sep-text h2.regular-title-wrapper,#wpv-column-0eaa7c8763089f75f789c83afe63080e .text-divider-double,#wpv-column-0eaa7c8763089f75f789c83afe63080e .sep-text .sep-text-line,#wpv-column-0eaa7c8763089f75f789c83afe63080e .sep,#wpv-column-0eaa7c8763089f75f789c83afe63080e .sep-2,#wpv-column-0eaa7c8763089f75f789c83afe63080e .sep-3{color:#665c5c;}#wpv-column-0eaa7c8763089f75f789c83afe63080e:before{background-color:transparent;}<\/style><div class=\"row \"><div class=\"wpv-grid grid-1-1  first unextended\" style=\"padding-top:0px;padding-bottom:0px\" id=\"wpv-column-ce65c0a02e2599fbf4e44ad2003b67b2\" ><blockquote>\n<p style=\"text-align: left;\">Detalls<\/p>\n<\/blockquote>\n<p style=\"text-align: center;\">Si vols rebre informaci\u00f3 sobre nous esdeveniments, subscriu-te al nostre butllet\u00ed informatiu<\/p>\n<p style=\"text-align: center;\"><a href=\"https:\/\/www.entelequiacultura.com\/ca\/butlleti-informatiu-2\/\" target=\"_self\" style='font-size: 20px;' class=\"button vamtam-button accent1  btn_inscripcion button-filled hover-accent1  alignleft\"><span class=\"btext\">Subscriu-te!!<\/span><\/a>\n<p style=\"text-align: center;\">hola@entelequiacultura.com<\/p>\n<h2 style=\"text-align: center;\"><\/h2>\n<h2 style=\"text-align: center;\"><\/h2><\/div><\/div>\n<div class=\"row \"><div class=\"wpv-grid grid-1-1  first unextended\" style=\"padding-top:0px;padding-bottom:0px\" id=\"wpv-column-4b5b69bef73aa3e5d38efb3278e472a8\" ><\/div><\/div><\/div><\/div><\/div><\/div>\n","protected":false},"excerpt":{"rendered":"","protected":false},"author":1,"featured_media":37226,"template":"","meta":{"_price":"","_stock":"","_tribe_ticket_header":"","_tribe_default_ticket_provider":"","_tribe_ticket_capacity":"0","_ticket_start_date":"","_ticket_end_date":"","_tribe_ticket_show_description":"","_tribe_ticket_show_not_going":false,"_tribe_ticket_use_global_stock":"","_tribe_ticket_global_stock_level":"","_global_stock_mode":"","_global_stock_cap":"","_tribe_rsvp_for_event":"","_tribe_ticket_going_count":"","_tribe_ticket_not_going_count":"","_tribe_tickets_list":"[]","_tribe_ticket_has_attendee_info_fields":false,"_tribe_events_status":"","_tribe_events_status_reason":"","footnotes":"","_tec_slr_enabled":"","_tec_slr_layout":""},"tags":[],"tribe_events_cat":[690],"class_list":["post-37147","tribe_events","type-tribe_events","status-publish","has-post-thumbnail","hentry","tribe_events_cat-retirs-culturals-ca"],"aioseo_notices":[],"ticketed":false,"_links":{"self":[{"href":"https:\/\/www.entelequiacultura.com\/ca\/wp-json\/wp\/v2\/tribe_events\/37147","targetHints":{"allow":["GET"]}}],"collection":[{"href":"https:\/\/www.entelequiacultura.com\/ca\/wp-json\/wp\/v2\/tribe_events"}],"about":[{"href":"https:\/\/www.entelequiacultura.com\/ca\/wp-json\/wp\/v2\/types\/tribe_events"}],"author":[{"embeddable":true,"href":"https:\/\/www.entelequiacultura.com\/ca\/wp-json\/wp\/v2\/users\/1"}],"version-history":[{"count":0,"href":"https:\/\/www.entelequiacultura.com\/ca\/wp-json\/wp\/v2\/tribe_events\/37147\/revisions"}],"wp:featuredmedia":[{"embeddable":true,"href":"https:\/\/www.entelequiacultura.com\/ca\/wp-json\/wp\/v2\/media\/37226"}],"wp:attachment":[{"href":"https:\/\/www.entelequiacultura.com\/ca\/wp-json\/wp\/v2\/media?parent=37147"}],"wp:term":[{"taxonomy":"post_tag","embeddable":true,"href":"https:\/\/www.entelequiacultura.com\/ca\/wp-json\/wp\/v2\/tags?post=37147"},{"taxonomy":"tribe_events_cat","embeddable":true,"href":"https:\/\/www.entelequiacultura.com\/ca\/wp-json\/wp\/v2\/tribe_events_cat?post=37147"}],"curies":[{"name":"wp","href":"https:\/\/api.w.org\/{rel}","templated":true}]}}