{"id":36004,"date":"2021-10-17T10:06:30","date_gmt":"2021-10-17T08:06:30","guid":{"rendered":"https:\/\/www.entelequiacultura.com\/?post_type=tribe_events&#038;p=36004"},"modified":"2024-01-03T15:28:20","modified_gmt":"2024-01-03T14:28:20","slug":"retirmariaalcantarilla-2","status":"publish","type":"tribe_events","link":"https:\/\/www.entelequiacultura.com\/ca\/esdeveniment\/retirmariaalcantarilla-2\/","title":{"rendered":"L&#8217;escriptura diar\u00edstica com a projecte literari (retir cultural amb Mar\u00eda Alcantarilla)"},"content":{"rendered":"<div class=\"row \"><div class=\"wpv-grid grid-2-3  wpv-first-level first unextended\" style=\"padding-top:0px;padding-bottom:0px\" id=\"wpv-column-9789e99627f5492ce7ceadf3cc73c898\" ><div class=\"row \"><div class=\"wpv-grid grid-1-1  first unextended\" style=\"padding-top:0px;padding-bottom:0px\" id=\"wpv-column-8669be900952db9cc04da992bdcffd5a\" ><blockquote>\n<h2>Descripci\u00f3 del seminari:<\/h2>\n<\/blockquote>\n<p>Aquest seminari \u00e9s una aposta per transcendir les configuracions discursives que habitualment associem amb l&#8217;escriptura diar\u00edstica per a intentar desgranar totes les possibilitats liter\u00e0ries que el present (projectat i objectivat) ens ofereix com a escriptors i com a escriptores.<\/p>\n<p>Per a aix\u00f2, aprofundirem en les nostres pr\u00f2pies experi\u00e8ncies, com a revulsiu imprescindible de la ficci\u00f3, en l&#8217;intent de passar de la mera an\u00e8cdota al contingut significatiu.<\/p>\n<p>Per a aix\u00f2, desgranarem temes com:<\/p>\n<ul>\n<li>L&#8217;autor, g\u00e8nere narratiu i creaci\u00f3: els l\u00edmits de l&#8217;escriptor-personatge.<\/li>\n<li>Protagonisme no \u00e9s autoria.<\/li>\n<li>L&#8217;escriptura distreta.<\/li>\n<li>La necessitat de recelar de la mem\u00f2ria.<\/li>\n<li>De l&#8217;opini\u00f3 personal a la meditaci\u00f3 eloq\u00fcent.<\/li>\n<li>Punt de trobada entre la idea i la seva transcripci\u00f3: el manuscrit.<\/li>\n<\/ul><\/div><\/div>\n<div class=\"row \"><div class=\"wpv-grid grid-1-1  first unextended\" style=\"padding-top:0px;padding-bottom:0px\" id=\"wpv-column-cb96650ddb54b2df84db8cb4c71f7687\" ><div class=\"row \"><div class=\"wpv-grid grid-1-1  first unextended\" style=\"padding-top:0px;padding-bottom:0px\" id=\"wpv-column-9f26aece3246e6f0a957bf12a7b6745b\" ><blockquote>\n<h2>La professora:<\/h2>\n<\/blockquote><\/div><\/div>\n<div class=\"row \"><div class=\"wpv-grid grid-1-3  first unextended\" style=\"padding-top:0px;padding-bottom:0px\" id=\"wpv-column-9109eefaee661552c88323a88b3d0cf7\" ><div class=\"row \"><div class=\"wpv-grid grid-1-1  first unextended\" style=\"padding-top:0px;padding-bottom:0px\" id=\"wpv-column-d7806bc166fb94b63e9d9bb5b4483729\" ><p><img loading=\"lazy\" decoding=\"async\" class=\"size-medium wp-image-35358\" src=\"https:\/\/www.entelequiacultura.com\/wp-content\/uploads\/2021\/05\/650-300x300.jpeg\" alt=\"\" width=\"300\" height=\"300\" srcset=\"https:\/\/www.entelequiacultura.com\/wp-content\/uploads\/2021\/05\/650-300x300.jpeg 300w, https:\/\/www.entelequiacultura.com\/wp-content\/uploads\/2021\/05\/650-150x150.jpeg 150w, https:\/\/www.entelequiacultura.com\/wp-content\/uploads\/2021\/05\/650-60x60.jpeg 60w, https:\/\/www.entelequiacultura.com\/wp-content\/uploads\/2021\/05\/650-43x43.jpeg 43w, https:\/\/www.entelequiacultura.com\/wp-content\/uploads\/2021\/05\/650-106x106.jpeg 106w, https:\/\/www.entelequiacultura.com\/wp-content\/uploads\/2021\/05\/650-555x555.jpeg 555w, https:\/\/www.entelequiacultura.com\/wp-content\/uploads\/2021\/05\/650-360x360.jpeg 360w, https:\/\/www.entelequiacultura.com\/wp-content\/uploads\/2021\/05\/650-262x262.jpeg 262w, https:\/\/www.entelequiacultura.com\/wp-content\/uploads\/2021\/05\/650-600x600.jpeg 600w, https:\/\/www.entelequiacultura.com\/wp-content\/uploads\/2021\/05\/650-100x100.jpeg 100w, https:\/\/www.entelequiacultura.com\/wp-content\/uploads\/2021\/05\/650.jpeg 650w\" sizes=\"(max-width: 300px) 100vw, 300px\" \/><\/div><\/div><\/div>\n<div class=\"wpv-grid grid-2-3  unextended\" style=\"padding-top:0px;padding-bottom:0px\" id=\"wpv-column-e2710b6ea4be4f141ad80b3d1661d383\" ><div class=\"row \"><div class=\"wpv-grid grid-1-1  first unextended\" style=\"padding-top:0px;padding-bottom:0px\" id=\"wpv-column-13f78fc26017ee050eda1770e9d5e94a\" ><p>MARIA ALCANTARILLA,\u00a0llicenciada en Periodisme, \u00e9s autora d\u2019<i>Ella: invierno <\/i>(Granada, Valpara\u00edso, 2014), <i>La edad de la ignorancia <\/i>(Madrid, Visor, 2017, Premio Internacional de Poes\u00eda Hermanos Argensola), <i>Introducci\u00f3n al l\u00edmite <\/i>(Sevilla, Fundaci\u00f3n Jos\u00e9 Manuel Lara, 2019, Premio de los Libreros Independientes espa\u00f1oles), a part del volum de poesia visual <i>El agua de tu sombra <\/i>(Musa a las 9, 2012, I Premio de Poes\u00eda Multimedia Poemad), <i>La verdad y su doble <\/i>(Son\u00e1mbulos, 2016), una antologia visual de la poesia espanyola contempor\u00e0nea, la novel\u00b7la <i>Un acto solitario <\/i>(Sevilla, Isla de Siltol\u00e1, 2017) i l\u2019antolog\u00eda de poesia femenina <i>El cielo de abajo. La escritura del cuerpo en 13 poetas hispanoamericanas <\/i>(Sevilla, Fundaci\u00f3n Jos\u00e9 Manuel Lara, 2021).<\/p>\n<p><span class=\"Apple-converted-space\">A m\u00e9s, ha treballat en art audiovisual, pintura i fotografia. La seva obra ha estat exposada en galeries d\u2019art contemporani com a Colorida Art Gallery (Lisboa), Carolina Rojo (Saragossa) o Slowtrack (Madrid), dirigida per Marta Moriarty, i ha dut a terme col\u00b7laboracions gr\u00e0fiques amb editorials i mitjans de comunicaci\u00f3 com El Pa\u00eds, Le Monde Diplomatique o El Rapto de Europa, i amb altres narradors espanyols com Juan Bonilla.<\/span><\/p>\n<p>Ha estat professora de Llengua i Literatura i actualment \u00e9s directora del Laboratori d\u2019Escriptura de la Universitat de Cadis.<\/div><\/div><\/div><\/div><\/div><\/div>\n<div class=\"row \"><div class=\"wpv-grid grid-1-1  first unextended\" style=\"padding-top:0px;padding-bottom:0px\" id=\"wpv-column-3e7e4be65c00b0610dd3fd57760b638d\" ><div class=\"row \"><div class=\"wpv-grid grid-1-1  first unextended\" style=\"padding-top:0px;padding-bottom:0px\" id=\"wpv-column-b16f38e67eb20d3608d66dc738dd0d6f\" ><blockquote>\n<h2>El lloc<\/h2>\n<\/blockquote>\n<p>Hacienda las Mesas \u00e9s una casa situada en una exclusiva finca andalusa constru\u00efda en 1.590. Situada en el camp, als afores de Jerez de la Frontera, prop de Sevilla. Compta amb diverses sales, menjadors, pati hist\u00f2ric, piscina, onze \u00e0mplies habitacions dobles de disseny t\u00edpic andal\u00fas i vuit banys.<\/p>\n<p class=\"title5\"><\/div><\/div>\n<div class=\"row \"><div class=\"wpv-grid grid-1-1  first unextended\" style=\"padding-top:0px;padding-bottom:0px\" id=\"wpv-column-c5c0a0756adf370b90186aa52decc774\" >\n<section class=\"portfolios normal clearfix title-false no-description \" id=\"69ec7d9c0e50a\">\n\t\t<div class=\"portfolio-items vamtam-cubeportfolio cbp portfolio-items cbp-slider-edge\" data-columns=\"4\" data-options=\"{&quot;layoutMode&quot;:&quot;slider&quot;,&quot;defaultFilter&quot;:&quot;*&quot;,&quot;animationType&quot;:&quot;slideDelay&quot;,&quot;gapHorizontal&quot;:30,&quot;gapVertical&quot;:30,&quot;gridAdjustment&quot;:&quot;responsive&quot;,&quot;mediaQueries&quot;:[{&quot;width&quot;:1140,&quot;cols&quot;:4},{&quot;width&quot;:847.5,&quot;cols&quot;:3},{&quot;width&quot;:555,&quot;cols&quot;:2},{&quot;width&quot;:262.5,&quot;cols&quot;:1}],&quot;displayType&quot;:&quot;bottomToTop&quot;,&quot;displayTypeSpeed&quot;:100,&quot;showPagination&quot;:false}\" data-hidden-by-filters=\"New items were loaded, but they are hidden because of your choice of filters\">\n\t\t<div data-id=\"36060\" data-type=\"ad-hoc las-mesas\" class=\"no-title no-description has-button state-closed vamtam-project cbp-item\">\n\t<div class=\"portfolio-item-wrapper\">\n\t\t\t\t<div class=\"portfolio_image\">\n\t\t\t<div class=\"thumbnail\" style=\"max-height:400px\">\n\t\t\t\t\t\t\t\t\t\t<img loading=\"lazy\" decoding=\"async\" width=\"262\" height=\"175\" src=\"https:\/\/www.entelequiacultura.com\/wp-content\/uploads\/2021\/10\/9bfbdac6-97d5-4424-a983-f55277a805d6-262x175.jpg\" class=\"attachment-portfolio-loop-4 size-portfolio-loop-4 wp-post-image\" alt=\"\" srcset=\"https:\/\/www.entelequiacultura.com\/wp-content\/uploads\/2021\/10\/9bfbdac6-97d5-4424-a983-f55277a805d6-262x175.jpg 262w, https:\/\/www.entelequiacultura.com\/wp-content\/uploads\/2021\/10\/9bfbdac6-97d5-4424-a983-f55277a805d6-300x199.jpg 300w, https:\/\/www.entelequiacultura.com\/wp-content\/uploads\/2021\/10\/9bfbdac6-97d5-4424-a983-f55277a805d6-1024x679.jpg 1024w, https:\/\/www.entelequiacultura.com\/wp-content\/uploads\/2021\/10\/9bfbdac6-97d5-4424-a983-f55277a805d6-1140x760.jpg 1140w, https:\/\/www.entelequiacultura.com\/wp-content\/uploads\/2021\/10\/9bfbdac6-97d5-4424-a983-f55277a805d6-555x370.jpg 555w, https:\/\/www.entelequiacultura.com\/wp-content\/uploads\/2021\/10\/9bfbdac6-97d5-4424-a983-f55277a805d6-360x240.jpg 360w, https:\/\/www.entelequiacultura.com\/wp-content\/uploads\/2021\/10\/9bfbdac6-97d5-4424-a983-f55277a805d6-600x398.jpg 600w, https:\/\/www.entelequiacultura.com\/wp-content\/uploads\/2021\/10\/9bfbdac6-97d5-4424-a983-f55277a805d6.jpg 1200w\" sizes=\"(min-width: 900px) 50vw, 100vw\" \/>\t\t\t\t\t\t\t<\/div><!-- \/ .thumbnail -->\n\t\t<\/div>\n\n\t\t\n\t\t\t\t\t<span class=\"thumbnail-overlay\">\n\t\t\t\t<span class=\"meta\">\n\t\t\t\t\t\t\t\t\t\t<div class=\"more-button \">\n\t\t\t\t\t\t<a class=\"button button-border accent1 hover-accent1  vamtam-lightbox image\" target=\"_self\" href=\"https:\/\/www.entelequiacultura.com\/wp-content\/uploads\/2021\/10\/9bfbdac6-97d5-4424-a983-f55277a805d6.jpg\"  rel=\"portfolio_327\">\n\t\t\t\t\t\t\tAmpliar\t\t\t\t\t\t<\/a>\n\t\t\t\t\t<\/div>\n\t\t\t\t\t\t\t\t\t<\/span>\n\t\t\t<\/span>\n\t\t\t\t\t\t<\/div>\n<\/div><div data-id=\"36059\" data-type=\"las-mesas\" class=\"no-title no-description has-button state-closed vamtam-project cbp-item\">\n\t<div class=\"portfolio-item-wrapper\">\n\t\t\t\t<div class=\"portfolio_image\">\n\t\t\t<div class=\"thumbnail\" style=\"max-height:400px\">\n\t\t\t\t\t\t\t\t\t\t<img loading=\"lazy\" decoding=\"async\" width=\"262\" height=\"175\" src=\"https:\/\/www.entelequiacultura.com\/wp-content\/uploads\/2021\/10\/7130ba39-ead5-4882-9ae4-c3bba0d2ac27-262x175.jpeg\" class=\"attachment-portfolio-loop-4 size-portfolio-loop-4 wp-post-image\" alt=\"\" srcset=\"https:\/\/www.entelequiacultura.com\/wp-content\/uploads\/2021\/10\/7130ba39-ead5-4882-9ae4-c3bba0d2ac27-262x175.jpeg 262w, https:\/\/www.entelequiacultura.com\/wp-content\/uploads\/2021\/10\/7130ba39-ead5-4882-9ae4-c3bba0d2ac27-300x200.jpeg 300w, https:\/\/www.entelequiacultura.com\/wp-content\/uploads\/2021\/10\/7130ba39-ead5-4882-9ae4-c3bba0d2ac27-1024x684.jpeg 1024w, https:\/\/www.entelequiacultura.com\/wp-content\/uploads\/2021\/10\/7130ba39-ead5-4882-9ae4-c3bba0d2ac27-1140x760.jpeg 1140w, https:\/\/www.entelequiacultura.com\/wp-content\/uploads\/2021\/10\/7130ba39-ead5-4882-9ae4-c3bba0d2ac27-555x370.jpeg 555w, https:\/\/www.entelequiacultura.com\/wp-content\/uploads\/2021\/10\/7130ba39-ead5-4882-9ae4-c3bba0d2ac27-360x240.jpeg 360w, https:\/\/www.entelequiacultura.com\/wp-content\/uploads\/2021\/10\/7130ba39-ead5-4882-9ae4-c3bba0d2ac27-600x401.jpeg 600w, https:\/\/www.entelequiacultura.com\/wp-content\/uploads\/2021\/10\/7130ba39-ead5-4882-9ae4-c3bba0d2ac27.jpeg 1200w\" sizes=\"(min-width: 900px) 50vw, 100vw\" \/>\t\t\t\t\t\t\t<\/div><!-- \/ .thumbnail -->\n\t\t<\/div>\n\n\t\t\n\t\t\t\t\t<span class=\"thumbnail-overlay\">\n\t\t\t\t<span class=\"meta\">\n\t\t\t\t\t\t\t\t\t\t<div class=\"more-button \">\n\t\t\t\t\t\t<a class=\"button button-border accent1 hover-accent1  vamtam-lightbox image\" target=\"_self\" href=\"https:\/\/www.entelequiacultura.com\/wp-content\/uploads\/2021\/10\/7130ba39-ead5-4882-9ae4-c3bba0d2ac27.jpeg\"  rel=\"portfolio_327\">\n\t\t\t\t\t\t\tAmpliar\t\t\t\t\t\t<\/a>\n\t\t\t\t\t<\/div>\n\t\t\t\t\t\t\t\t\t<\/span>\n\t\t\t<\/span>\n\t\t\t\t\t\t<\/div>\n<\/div><div data-id=\"36058\" data-type=\"las-mesas\" class=\"no-title no-description has-button state-closed vamtam-project cbp-item\">\n\t<div class=\"portfolio-item-wrapper\">\n\t\t\t\t<div class=\"portfolio_image\">\n\t\t\t<div class=\"thumbnail\" style=\"max-height:400px\">\n\t\t\t\t\t\t\t\t\t\t<img loading=\"lazy\" decoding=\"async\" width=\"262\" height=\"175\" src=\"https:\/\/www.entelequiacultura.com\/wp-content\/uploads\/2021\/10\/f26c4500-e456-4bab-94d0-c0d4ee2e139b-262x175.jpeg\" class=\"attachment-portfolio-loop-4 size-portfolio-loop-4 wp-post-image\" alt=\"\" srcset=\"https:\/\/www.entelequiacultura.com\/wp-content\/uploads\/2021\/10\/f26c4500-e456-4bab-94d0-c0d4ee2e139b-262x175.jpeg 262w, https:\/\/www.entelequiacultura.com\/wp-content\/uploads\/2021\/10\/f26c4500-e456-4bab-94d0-c0d4ee2e139b-300x200.jpeg 300w, https:\/\/www.entelequiacultura.com\/wp-content\/uploads\/2021\/10\/f26c4500-e456-4bab-94d0-c0d4ee2e139b-1024x684.jpeg 1024w, https:\/\/www.entelequiacultura.com\/wp-content\/uploads\/2021\/10\/f26c4500-e456-4bab-94d0-c0d4ee2e139b-1140x760.jpeg 1140w, https:\/\/www.entelequiacultura.com\/wp-content\/uploads\/2021\/10\/f26c4500-e456-4bab-94d0-c0d4ee2e139b-555x370.jpeg 555w, https:\/\/www.entelequiacultura.com\/wp-content\/uploads\/2021\/10\/f26c4500-e456-4bab-94d0-c0d4ee2e139b-360x240.jpeg 360w, https:\/\/www.entelequiacultura.com\/wp-content\/uploads\/2021\/10\/f26c4500-e456-4bab-94d0-c0d4ee2e139b-600x401.jpeg 600w, https:\/\/www.entelequiacultura.com\/wp-content\/uploads\/2021\/10\/f26c4500-e456-4bab-94d0-c0d4ee2e139b.jpeg 1200w\" sizes=\"(min-width: 900px) 50vw, 100vw\" \/>\t\t\t\t\t\t\t<\/div><!-- \/ .thumbnail -->\n\t\t<\/div>\n\n\t\t\n\t\t\t\t\t<span class=\"thumbnail-overlay\">\n\t\t\t\t<span class=\"meta\">\n\t\t\t\t\t\t\t\t\t\t<div class=\"more-button \">\n\t\t\t\t\t\t<a class=\"button button-border accent1 hover-accent1  vamtam-lightbox image\" target=\"_self\" href=\"https:\/\/www.entelequiacultura.com\/wp-content\/uploads\/2021\/10\/f26c4500-e456-4bab-94d0-c0d4ee2e139b.jpeg\"  rel=\"portfolio_327\">\n\t\t\t\t\t\t\tAmpliar\t\t\t\t\t\t<\/a>\n\t\t\t\t\t<\/div>\n\t\t\t\t\t\t\t\t\t<\/span>\n\t\t\t<\/span>\n\t\t\t\t\t\t<\/div>\n<\/div><div data-id=\"36057\" data-type=\"las-mesas\" class=\"no-title no-description has-button state-closed vamtam-project cbp-item\">\n\t<div class=\"portfolio-item-wrapper\">\n\t\t\t\t<div class=\"portfolio_image\">\n\t\t\t<div class=\"thumbnail\" style=\"max-height:400px\">\n\t\t\t\t\t\t\t\t\t\t<img loading=\"lazy\" decoding=\"async\" width=\"262\" height=\"175\" src=\"https:\/\/www.entelequiacultura.com\/wp-content\/uploads\/2021\/10\/f44eb9f8-2374-46f4-8415-08a1dc087e78-262x175.jpeg\" class=\"attachment-portfolio-loop-4 size-portfolio-loop-4 wp-post-image\" alt=\"\" srcset=\"https:\/\/www.entelequiacultura.com\/wp-content\/uploads\/2021\/10\/f44eb9f8-2374-46f4-8415-08a1dc087e78-262x175.jpeg 262w, https:\/\/www.entelequiacultura.com\/wp-content\/uploads\/2021\/10\/f44eb9f8-2374-46f4-8415-08a1dc087e78-300x200.jpeg 300w, https:\/\/www.entelequiacultura.com\/wp-content\/uploads\/2021\/10\/f44eb9f8-2374-46f4-8415-08a1dc087e78-1024x684.jpeg 1024w, https:\/\/www.entelequiacultura.com\/wp-content\/uploads\/2021\/10\/f44eb9f8-2374-46f4-8415-08a1dc087e78-1140x760.jpeg 1140w, https:\/\/www.entelequiacultura.com\/wp-content\/uploads\/2021\/10\/f44eb9f8-2374-46f4-8415-08a1dc087e78-555x370.jpeg 555w, https:\/\/www.entelequiacultura.com\/wp-content\/uploads\/2021\/10\/f44eb9f8-2374-46f4-8415-08a1dc087e78-360x240.jpeg 360w, https:\/\/www.entelequiacultura.com\/wp-content\/uploads\/2021\/10\/f44eb9f8-2374-46f4-8415-08a1dc087e78-600x401.jpeg 600w, https:\/\/www.entelequiacultura.com\/wp-content\/uploads\/2021\/10\/f44eb9f8-2374-46f4-8415-08a1dc087e78.jpeg 1200w\" sizes=\"(min-width: 900px) 50vw, 100vw\" \/>\t\t\t\t\t\t\t<\/div><!-- \/ .thumbnail -->\n\t\t<\/div>\n\n\t\t\n\t\t\t\t\t<span class=\"thumbnail-overlay\">\n\t\t\t\t<span class=\"meta\">\n\t\t\t\t\t\t\t\t\t\t<div class=\"more-button \">\n\t\t\t\t\t\t<a class=\"button button-border accent1 hover-accent1  vamtam-lightbox image\" target=\"_self\" href=\"https:\/\/www.entelequiacultura.com\/wp-content\/uploads\/2021\/10\/f44eb9f8-2374-46f4-8415-08a1dc087e78.jpeg\"  rel=\"portfolio_327\">\n\t\t\t\t\t\t\tAmpliar\t\t\t\t\t\t<\/a>\n\t\t\t\t\t<\/div>\n\t\t\t\t\t\t\t\t\t<\/span>\n\t\t\t<\/span>\n\t\t\t\t\t\t<\/div>\n<\/div><div data-id=\"36056\" data-type=\"las-mesas portada-ca\" class=\"no-title no-description has-button state-closed vamtam-project cbp-item\">\n\t<div class=\"portfolio-item-wrapper\">\n\t\t\t\t<div class=\"portfolio_image\">\n\t\t\t<div class=\"thumbnail\" style=\"max-height:400px\">\n\t\t\t\t\t\t\t\t\t\t<img loading=\"lazy\" decoding=\"async\" width=\"262\" height=\"175\" src=\"https:\/\/www.entelequiacultura.com\/wp-content\/uploads\/2021\/10\/5389af70-8d25-45d1-acb4-765c551145ee-copia-262x175.jpeg\" class=\"attachment-portfolio-loop-4 size-portfolio-loop-4 wp-post-image\" alt=\"\" srcset=\"https:\/\/www.entelequiacultura.com\/wp-content\/uploads\/2021\/10\/5389af70-8d25-45d1-acb4-765c551145ee-copia-262x175.jpeg 262w, https:\/\/www.entelequiacultura.com\/wp-content\/uploads\/2021\/10\/5389af70-8d25-45d1-acb4-765c551145ee-copia-300x200.jpeg 300w, https:\/\/www.entelequiacultura.com\/wp-content\/uploads\/2021\/10\/5389af70-8d25-45d1-acb4-765c551145ee-copia-1024x684.jpeg 1024w, https:\/\/www.entelequiacultura.com\/wp-content\/uploads\/2021\/10\/5389af70-8d25-45d1-acb4-765c551145ee-copia-1140x760.jpeg 1140w, https:\/\/www.entelequiacultura.com\/wp-content\/uploads\/2021\/10\/5389af70-8d25-45d1-acb4-765c551145ee-copia-555x370.jpeg 555w, https:\/\/www.entelequiacultura.com\/wp-content\/uploads\/2021\/10\/5389af70-8d25-45d1-acb4-765c551145ee-copia-360x240.jpeg 360w, https:\/\/www.entelequiacultura.com\/wp-content\/uploads\/2021\/10\/5389af70-8d25-45d1-acb4-765c551145ee-copia-600x401.jpeg 600w, https:\/\/www.entelequiacultura.com\/wp-content\/uploads\/2021\/10\/5389af70-8d25-45d1-acb4-765c551145ee-copia.jpeg 1200w\" sizes=\"(min-width: 900px) 50vw, 100vw\" \/>\t\t\t\t\t\t\t<\/div><!-- \/ .thumbnail -->\n\t\t<\/div>\n\n\t\t\n\t\t\t\t\t<span class=\"thumbnail-overlay\">\n\t\t\t\t<span class=\"meta\">\n\t\t\t\t\t\t\t\t\t\t<div class=\"more-button \">\n\t\t\t\t\t\t<a class=\"button button-border accent1 hover-accent1  vamtam-lightbox image\" target=\"_self\" href=\"https:\/\/www.entelequiacultura.com\/wp-content\/uploads\/2021\/10\/5389af70-8d25-45d1-acb4-765c551145ee-copia.jpeg\"  rel=\"portfolio_327\">\n\t\t\t\t\t\t\tAmpliar\t\t\t\t\t\t<\/a>\n\t\t\t\t\t<\/div>\n\t\t\t\t\t\t\t\t\t<\/span>\n\t\t\t<\/span>\n\t\t\t\t\t\t<\/div>\n<\/div><div data-id=\"36055\" data-type=\"las-mesas\" class=\"no-title no-description has-button state-closed vamtam-project cbp-item\">\n\t<div class=\"portfolio-item-wrapper\">\n\t\t\t\t<div class=\"portfolio_image\">\n\t\t\t<div class=\"thumbnail\" style=\"max-height:400px\">\n\t\t\t\t\t\t\t\t\t\t<img loading=\"lazy\" decoding=\"async\" width=\"262\" height=\"175\" src=\"https:\/\/www.entelequiacultura.com\/wp-content\/uploads\/2021\/10\/98981331-9f26-4e16-b1bf-dc714924c5c7-262x175.jpeg\" class=\"attachment-portfolio-loop-4 size-portfolio-loop-4 wp-post-image\" alt=\"\" srcset=\"https:\/\/www.entelequiacultura.com\/wp-content\/uploads\/2021\/10\/98981331-9f26-4e16-b1bf-dc714924c5c7-262x175.jpeg 262w, https:\/\/www.entelequiacultura.com\/wp-content\/uploads\/2021\/10\/98981331-9f26-4e16-b1bf-dc714924c5c7-300x201.jpeg 300w, https:\/\/www.entelequiacultura.com\/wp-content\/uploads\/2021\/10\/98981331-9f26-4e16-b1bf-dc714924c5c7-1024x686.jpeg 1024w, https:\/\/www.entelequiacultura.com\/wp-content\/uploads\/2021\/10\/98981331-9f26-4e16-b1bf-dc714924c5c7-1140x760.jpeg 1140w, https:\/\/www.entelequiacultura.com\/wp-content\/uploads\/2021\/10\/98981331-9f26-4e16-b1bf-dc714924c5c7-555x370.jpeg 555w, https:\/\/www.entelequiacultura.com\/wp-content\/uploads\/2021\/10\/98981331-9f26-4e16-b1bf-dc714924c5c7-360x240.jpeg 360w, https:\/\/www.entelequiacultura.com\/wp-content\/uploads\/2021\/10\/98981331-9f26-4e16-b1bf-dc714924c5c7-600x402.jpeg 600w, https:\/\/www.entelequiacultura.com\/wp-content\/uploads\/2021\/10\/98981331-9f26-4e16-b1bf-dc714924c5c7.jpeg 1200w\" sizes=\"(min-width: 900px) 50vw, 100vw\" \/>\t\t\t\t\t\t\t<\/div><!-- \/ .thumbnail -->\n\t\t<\/div>\n\n\t\t\n\t\t\t\t\t<span class=\"thumbnail-overlay\">\n\t\t\t\t<span class=\"meta\">\n\t\t\t\t\t\t\t\t\t\t<div class=\"more-button \">\n\t\t\t\t\t\t<a class=\"button button-border accent1 hover-accent1  vamtam-lightbox image\" target=\"_self\" href=\"https:\/\/www.entelequiacultura.com\/wp-content\/uploads\/2021\/10\/98981331-9f26-4e16-b1bf-dc714924c5c7.jpeg\"  rel=\"portfolio_327\">\n\t\t\t\t\t\t\tAmpliar\t\t\t\t\t\t<\/a>\n\t\t\t\t\t<\/div>\n\t\t\t\t\t\t\t\t\t<\/span>\n\t\t\t<\/span>\n\t\t\t\t\t\t<\/div>\n<\/div>\t<\/div>\n\t<\/section>\n\n<\/div><\/div><\/div><\/div><\/div>\n<div class=\"wpv-grid grid-1-3  wpv-first-level unextended\" style=\"padding-top:0px;padding-bottom:0px\" id=\"wpv-column-80f8571de03825bebd00a3412143dcb0\" ><div class=\"row \"><div class=\"wpv-grid grid-1-1  first has-background unextended\" style=\"background-color:#e2dfdf;padding-top:0px;padding-bottom:0px\" id=\"wpv-column-eebb9c9fd9916a381c06f1410bb39236\" ><style>#wpv-column-eebb9c9fd9916a381c06f1410bb39236 p,#wpv-column-eebb9c9fd9916a381c06f1410bb39236 em,#wpv-column-eebb9c9fd9916a381c06f1410bb39236 .column-title,#wpv-column-eebb9c9fd9916a381c06f1410bb39236 .sep-text h2.regular-title-wrapper,#wpv-column-eebb9c9fd9916a381c06f1410bb39236 .text-divider-double,#wpv-column-eebb9c9fd9916a381c06f1410bb39236 .sep-text .sep-text-line,#wpv-column-eebb9c9fd9916a381c06f1410bb39236 .sep,#wpv-column-eebb9c9fd9916a381c06f1410bb39236 .sep-2,#wpv-column-eebb9c9fd9916a381c06f1410bb39236 .sep-3{color:#665c5c;}#wpv-column-eebb9c9fd9916a381c06f1410bb39236:before{background-color:transparent;}<\/style><div class=\"row \"><div class=\"wpv-grid grid-1-1  first unextended\" style=\"padding-top:0px;padding-bottom:0px\" id=\"wpv-column-3031f0ec6489deea20e38d06b90ddd66\" ><blockquote>\n<p style=\"text-align: left;\">Detalls<\/p>\n<\/blockquote>\n<p style=\"text-align: center;\">Si vols rebre informaci\u00f3 sobre nous esdeveniments, subscriu-te al nostre butllet\u00ed informatiu<\/p>\n<p style=\"text-align: center;\"><a href=\"https:\/\/www.entelequiacultura.com\/ca\/butlleti-informatiu-2\/\" target=\"_self\" style='font-size: 20px;' class=\"button vamtam-button accent1  btn_inscripcion button-filled hover-accent1  alignleft\"><span class=\"btext\">Subscriu-te!!<\/span><\/a>\n<p style=\"text-align: center;\">hola@entelequiacultura.com<\/p>\n<h2 style=\"text-align: center;\"><\/h2>\n<h2 style=\"text-align: center;\"><\/h2><\/div><\/div>\n<div class=\"row \"><div class=\"wpv-grid grid-1-1  first unextended\" style=\"padding-top:0px;padding-bottom:0px\" id=\"wpv-column-a386f52e6130a29c2e142e68bb7b05e4\" ><\/div><\/div><\/div><\/div><\/div><\/div>\n","protected":false},"excerpt":{"rendered":"","protected":false},"author":1,"featured_media":36006,"template":"","meta":{"_price":"","_stock":"","_tribe_ticket_header":"","_tribe_default_ticket_provider":"","_tribe_ticket_capacity":"0","_ticket_start_date":"","_ticket_end_date":"","_tribe_ticket_show_description":"","_tribe_ticket_show_not_going":false,"_tribe_ticket_use_global_stock":"","_tribe_ticket_global_stock_level":"","_global_stock_mode":"","_global_stock_cap":"","_tribe_rsvp_for_event":"","_tribe_ticket_going_count":"","_tribe_ticket_not_going_count":"","_tribe_tickets_list":"[]","_tribe_ticket_has_attendee_info_fields":false,"_tribe_events_status":"","_tribe_events_status_reason":"","footnotes":"","_tec_slr_enabled":"","_tec_slr_layout":""},"tags":[],"tribe_events_cat":[690],"class_list":["post-36004","tribe_events","type-tribe_events","status-publish","has-post-thumbnail","hentry","tribe_events_cat-retirs-culturals-ca"],"aioseo_notices":[],"ticketed":false,"_links":{"self":[{"href":"https:\/\/www.entelequiacultura.com\/ca\/wp-json\/wp\/v2\/tribe_events\/36004","targetHints":{"allow":["GET"]}}],"collection":[{"href":"https:\/\/www.entelequiacultura.com\/ca\/wp-json\/wp\/v2\/tribe_events"}],"about":[{"href":"https:\/\/www.entelequiacultura.com\/ca\/wp-json\/wp\/v2\/types\/tribe_events"}],"author":[{"embeddable":true,"href":"https:\/\/www.entelequiacultura.com\/ca\/wp-json\/wp\/v2\/users\/1"}],"version-history":[{"count":0,"href":"https:\/\/www.entelequiacultura.com\/ca\/wp-json\/wp\/v2\/tribe_events\/36004\/revisions"}],"wp:featuredmedia":[{"embeddable":true,"href":"https:\/\/www.entelequiacultura.com\/ca\/wp-json\/wp\/v2\/media\/36006"}],"wp:attachment":[{"href":"https:\/\/www.entelequiacultura.com\/ca\/wp-json\/wp\/v2\/media?parent=36004"}],"wp:term":[{"taxonomy":"post_tag","embeddable":true,"href":"https:\/\/www.entelequiacultura.com\/ca\/wp-json\/wp\/v2\/tags?post=36004"},{"taxonomy":"tribe_events_cat","embeddable":true,"href":"https:\/\/www.entelequiacultura.com\/ca\/wp-json\/wp\/v2\/tribe_events_cat?post=36004"}],"curies":[{"name":"wp","href":"https:\/\/api.w.org\/{rel}","templated":true}]}}