{"id":34009,"date":"2020-09-25T10:46:55","date_gmt":"2020-09-25T08:46:55","guid":{"rendered":"https:\/\/www.entelequiacultura.com\/?post_type=tribe_events&#038;p=34009"},"modified":"2021-11-21T18:37:32","modified_gmt":"2021-11-21T17:37:32","slug":"poesiayesperanza-2","status":"publish","type":"tribe_events","link":"https:\/\/www.entelequiacultura.com\/ca\/esdeveniment\/poesiayesperanza-2\/","title":{"rendered":"Materials per l&#8217;hum\u00e0: introducci\u00f3 a la poesia i a l&#8217;esperan\u00e7a (Alejandro Sim\u00f3n Partal)"},"content":{"rendered":"<div class=\"row \"><div class=\"wpv-grid grid-1-3  wpv-first-level first unextended\" style=\"padding-top:0px;padding-bottom:0px\" id=\"wpv-column-0641810fa5552cc6a3220bf24f7f817e\" ><div class=\"row \"><div class=\"wpv-grid grid-1-1  first unextended\" style=\"padding-top:0px;padding-bottom:0px\" id=\"wpv-column-21ea7101e8200bbece97295921cc2d86\" ><h2>Descripci\u00f3:<\/h2>\n<p>Aquest curs entorn de la poesia contempor\u00e0nia pret\u00e9n recordar la nostra humanitat, i abordar les nostres necessitats i limitacions des del poema. A partir de l&#8217;estudi dels diferents extrems que componen les po\u00e8tiques contempor\u00e0nies, aprofundirem en el sentit de la poesia, la convulsi\u00f3 vital des de l&#8217;escriptura, la vocaci\u00f3 \u00e8tica del poema i la interdisciplinarietat amb altres g\u00e8neres, tant des de l&#8217;estudi de veus que el justifiquen com llaurant un di\u00e0leg amb l&#8217;exterior que ampli\u00ef la capacitat de mirar i d&#8217;interpretar el m\u00f3n, de veure mes all\u00e0 de l&#8217;aparent.<\/p>\n<p>La intenci\u00f3 \u00faltima d&#8217;aquestes sessions es redueix a vincular la poesia amb aquesta l\u00ednia epic\u00faria del <em>Beatus ille<\/em>, \u00e9s a dir, el poema com a mitj\u00e0 per a acceptar la felicitat per la seva via negativa, evitant els mals i sofriments de l&#8217;exist\u00e8ncia, sense deixar d&#8217;estar en alerta davant les estafes del nostre temps ni de desgranar l&#8217;arquitectura interna del que escrivim o plantegem.<\/p>\n<p>El curs va dirigit a tots els p\u00fablics, des del poeta que aspiri a un proc\u00e9s de creaci\u00f3, al lector o a la persona que necessiti compartir aquesta conviv\u00e8ncia virtual i ser atesa. Llegirem a autors decisius que conformen la po\u00e8tica plantejada: Sant Joan de la Creu, Fernando Pessoa, T. S. Eliot, Emily Dickinson, Wis\u0142awa Szymborska, Fran\u00e7ois Cheng, Francisco Brines, o Clara Jan\u00e9s, entre altres noms. A m\u00e9s, en alguna sessi\u00f3 connectarem amb creadors que treballen la poesia des d&#8217;altres disciplines art\u00edstiques, com el cinema, la dansa o la m\u00fasica. Aquest curs \u00e9s una invitaci\u00f3 al bon viure.<\/div><\/div><\/div>\n<div class=\"wpv-grid grid-1-3  wpv-first-level unextended\" style=\"padding-top:0px;padding-bottom:0px\" id=\"wpv-column-dc09e4eba3e08cb43560a64a7a074321\" ><div class=\"row \"><div class=\"wpv-grid grid-1-1  first unextended\" style=\"padding-top:0px;padding-bottom:0px\" id=\"wpv-column-7ebd198fecd4a603991d029cd188f143\" ><h2>Alejandro Sim\u00f3n Partal<\/h2>\n<p><img loading=\"lazy\" decoding=\"async\" class=\"alignnone size-medium wp-image-33978\" src=\"https:\/\/www.entelequiacultura.com\/wp-content\/uploads\/2020\/09\/Foto-de-Uberto-Rapisardi-650-300x300.jpg\" alt=\"\" width=\"300\" height=\"300\" srcset=\"https:\/\/www.entelequiacultura.com\/wp-content\/uploads\/2020\/09\/Foto-de-Uberto-Rapisardi-650-300x300.jpg 300w, https:\/\/www.entelequiacultura.com\/wp-content\/uploads\/2020\/09\/Foto-de-Uberto-Rapisardi-650-150x150.jpg 150w, https:\/\/www.entelequiacultura.com\/wp-content\/uploads\/2020\/09\/Foto-de-Uberto-Rapisardi-650-60x60.jpg 60w, https:\/\/www.entelequiacultura.com\/wp-content\/uploads\/2020\/09\/Foto-de-Uberto-Rapisardi-650-43x43.jpg 43w, https:\/\/www.entelequiacultura.com\/wp-content\/uploads\/2020\/09\/Foto-de-Uberto-Rapisardi-650-106x106.jpg 106w, https:\/\/www.entelequiacultura.com\/wp-content\/uploads\/2020\/09\/Foto-de-Uberto-Rapisardi-650-555x556.jpg 555w, https:\/\/www.entelequiacultura.com\/wp-content\/uploads\/2020\/09\/Foto-de-Uberto-Rapisardi-650-360x361.jpg 360w, https:\/\/www.entelequiacultura.com\/wp-content\/uploads\/2020\/09\/Foto-de-Uberto-Rapisardi-650-262x262.jpg 262w, https:\/\/www.entelequiacultura.com\/wp-content\/uploads\/2020\/09\/Foto-de-Uberto-Rapisardi-650-600x601.jpg 600w, https:\/\/www.entelequiacultura.com\/wp-content\/uploads\/2020\/09\/Foto-de-Uberto-Rapisardi-650-100x100.jpg 100w, https:\/\/www.entelequiacultura.com\/wp-content\/uploads\/2020\/09\/Foto-de-Uberto-Rapisardi-650.jpg 650w\" sizes=\"(max-width: 300px) 100vw, 300px\" \/><\/p>\n<p>Estepona (1983). Poeta i escriptor. \u00c9s autor dels llibres\u00a0<em>El gui\u00f1o de la chatarra\u00a0<\/em>(2010), <em>N\u00f3dulo noir\u00a0<\/em>(2012), <em>Los himnos abdominales <\/em>(2015), publicats per la editorial Renacimiento. Amb el seu anterior treball, <em>La fuerza viva\u00a0<\/em>(Pre-Textos, 2017) va guanyar el \u00a0Premi Internacional de Poesia Arcipreste de Hita, i amb el seu \u00faltim llibre, <em>Una buena hora\u00a0<\/em>(Visor, 2019), el Hermanos Argensola. Ha publicat els assajos\u00a0<em>A cuerpo gentil <\/em>(Visor, 2017) i\u00a0<em>Las virtudes de lo ausente <\/em>(UNED, 2018), que va obtenir la XXII Beca d&#8217;Investigaci\u00f3 Literaria \u201cMiguel Fern\u00e1ndez\u201d. Ha escrit les obres de teatre\u00a0<em>Sed Despojo\u00a0<\/em>(2016) i\u00a0<em>Resistencia y Sumisi\u00f3n\u00a0<\/em>(2019), seleccionada per la Factor\u00eda Echegaray de M\u00e0laga i dirigida per Sigfrid Monle\u00f3n. Tamb\u00e9 ha participat en projectes amb diversos m\u00fasics, com\u00a0<em>Antagonista<\/em>, amb Christina Rosenvinge, o <em>Centauros vivos<\/em>, amb Tulsa. Durant l&#8217;any 2019 va ser autor resident en ETOPIA Centro de Arte y Tecnolog\u00eda, en Saragossa, on actualmente \u00e9s professor universitari.<\/div><\/div><\/div>\n<div class=\"wpv-grid grid-1-3  wpv-first-level unextended\" style=\"padding-top:0px;padding-bottom:0px\" id=\"wpv-column-954f894ca9b85abd2d98aa0a210a5fe2\" ><div class=\"row \"><div class=\"wpv-grid grid-1-1  first has-background unextended\" style=\"background-color:#e2dfdf;padding-top:0px;padding-bottom:0px\" id=\"wpv-column-ac1901282bf82342ec607da4cce360c5\" ><style>#wpv-column-ac1901282bf82342ec607da4cce360c5 p,#wpv-column-ac1901282bf82342ec607da4cce360c5 em,#wpv-column-ac1901282bf82342ec607da4cce360c5 .column-title,#wpv-column-ac1901282bf82342ec607da4cce360c5 .sep-text h2.regular-title-wrapper,#wpv-column-ac1901282bf82342ec607da4cce360c5 .text-divider-double,#wpv-column-ac1901282bf82342ec607da4cce360c5 .sep-text .sep-text-line,#wpv-column-ac1901282bf82342ec607da4cce360c5 .sep,#wpv-column-ac1901282bf82342ec607da4cce360c5 .sep-2,#wpv-column-ac1901282bf82342ec607da4cce360c5 .sep-3{color:#665c5c;}#wpv-column-ac1901282bf82342ec607da4cce360c5:before{background-color:transparent;}<\/style>\t\t<div class=\"sep-text single centered\">\n\t\t\t\t\t\t\t<span class=\"sep-text-before\"><div class=\"sep-text-line\"><\/div><\/span>\n\t\t\t\t\t\t<div class=\"content\">\n\t\t\t\t<h2 class=\"text-divider-double\">\nDetalls<br \/>\n<\/h2>\t\t\t<\/div>\n\t\t\t<span class=\"sep-text-after\"><div class=\"sep-text-line\"><\/div><\/span>\n\t\t\t\t\t<\/div>\n\t\n<div class=\"row \"><div class=\"wpv-grid grid-1-1  first unextended\" style=\"padding-top:0px;padding-bottom:0px\" id=\"wpv-column-de2c996e6c99bcb26f9c8f3d5d120a97\" ><p style=\"text-align: center;\">Si vols rebre informaci\u00f3 sobre nous esdeveniments<\/p>\n<p style=\"text-align: center;\"><a href=\"https:\/\/www.entelequiacultura.com\/ca\/butlleti-informatiu-2\/\" target=\"_self\" style='font-size: 20px;' class=\"button vamtam-button accent1  btn_inscripcion button-filled hover-accent1  alignleft\"><span class=\"btext\">Subscriu-te!!<\/span><\/a>\n<p style=\"text-align: center;\">hola@entelequiacultura.com<\/div><\/div>\n<div class=\"row \"><div class=\"wpv-grid grid-1-1  first unextended\" style=\"padding-top:0px;padding-bottom:0px\" id=\"wpv-column-eb195ce1fc776a3252c0a9c7cf9bc07d\" ><\/div><\/div><\/div><\/div><\/div><\/div>\n","protected":false},"excerpt":{"rendered":"<p>Descripci\u00f3: Aquest curs entorn de la poesia contempor\u00e0nia pret\u00e9n recordar la nostra humanitat, i abordar les nostres necessitats i limitacions des del poema. A partir de l&#8217;estudi dels diferents extrems&#8230;<\/p>\n","protected":false},"author":1,"featured_media":34011,"template":"","meta":{"_price":"","_stock":"","_tribe_ticket_header":"","_tribe_default_ticket_provider":"","_tribe_ticket_capacity":"0","_ticket_start_date":"","_ticket_end_date":"","_tribe_ticket_show_description":"","_tribe_ticket_show_not_going":false,"_tribe_ticket_use_global_stock":"","_tribe_ticket_global_stock_level":"","_global_stock_mode":"","_global_stock_cap":"","_tribe_rsvp_for_event":"","_tribe_ticket_going_count":"","_tribe_ticket_not_going_count":"","_tribe_tickets_list":"[]","_tribe_ticket_has_attendee_info_fields":false,"_tribe_events_status":"","_tribe_events_status_reason":"","footnotes":"","_tec_slr_enabled":"","_tec_slr_layout":""},"tags":[],"tribe_events_cat":[545],"class_list":["post-34009","tribe_events","type-tribe_events","status-publish","has-post-thumbnail","hentry","tribe_events_cat-cursos-online-ca","cat_cursos-online-ca"],"aioseo_notices":[],"aioseo_head":"\n\t\t<!-- All in One SEO 5.0.1.1 - aioseo.com -->\n\t<meta name=\"description\" content=\"Curs online de poesia impartit per l&#039;escriptor Alejandro Sim\u00f3n Partal\" \/>\n\t<meta name=\"robots\" content=\"max-image-preview:large\" \/>\n\t<meta name=\"author\" content=\"Entelequia\"\/>\n\t<link rel=\"canonical\" href=\"https:\/\/www.entelequiacultura.com\/ca\/esdeveniment\/poesiayesperanza-2\/\" \/>\n\t<meta name=\"generator\" content=\"All in One SEO (AIOSEO) 5.0.1.1\" \/>\n\t\t<meta property=\"og:locale\" content=\"ca_ES\" \/>\n\t\t<meta property=\"og:site_name\" content=\"Entelequia Cultura - Retiros Culturales\" \/>\n\t\t<meta property=\"og:type\" content=\"blog\" \/>\n\t\t<meta property=\"og:title\" content=\"MATERIALS PER L&#039;HUM\u00c0. INTRODUCCI\u00d3 A LA POESIA I A LA ESPERAN\u00c7A\" \/>\n\t\t<meta property=\"og:description\" content=\"Curs online de poesia impartit per l&#039;escriptor Alejandro Sim\u00f3n Partal\" \/>\n\t\t<meta property=\"og:url\" content=\"https:\/\/www.entelequiacultura.com\/ca\/esdeveniment\/poesiayesperanza-2\/\" \/>\n\t\t<meta property=\"og:image\" content=\"https:\/\/www.entelequiacultura.com\/wp-content\/uploads\/2020\/09\/Uberto-Rapisardi-2-1024x678.jpg\" \/>\n\t\t<meta property=\"og:image:secure_url\" content=\"https:\/\/www.entelequiacultura.com\/wp-content\/uploads\/2020\/09\/Uberto-Rapisardi-2-1024x678.jpg\" \/>\n\t\t<meta name=\"twitter:card\" content=\"summary\" \/>\n\t\t<meta name=\"twitter:site\" content=\"@entelequiacult\" \/>\n\t\t<meta name=\"twitter:title\" content=\"MATERIALS PER L&#039;HUM\u00c0. INTRODUCCI\u00d3 A LA POESIA I A LA ESPERAN\u00c7A\" \/>\n\t\t<meta name=\"twitter:description\" content=\"Curs online de poesia impartit per l&#039;escriptor Alejandro Sim\u00f3n Partal\" \/>\n\t\t<meta name=\"twitter:creator\" content=\"@entelequiacult\" \/>\n\t\t<meta name=\"twitter:image\" content=\"https:\/\/www.entelequiacultura.com\/wp-content\/uploads\/2020\/09\/Uberto-Rapisardi-2-1024x678.jpg\" \/>\n\t\t<script type=\"application\/ld+json\" class=\"aioseo-schema\">\n\t\t\t{\"@context\":\"https:\\\/\\\/schema.org\",\"@graph\":[{\"@type\":\"BreadcrumbList\",\"@id\":\"https:\\\/\\\/www.entelequiacultura.com\\\/ca\\\/esdeveniment\\\/poesiayesperanza-2\\\/#breadcrumblist\",\"itemListElement\":[{\"@type\":\"ListItem\",\"@id\":\"https:\\\/\\\/www.entelequiacultura.com\\\/ca\\\/#listItem\",\"position\":1,\"name\":\"Home\",\"item\":\"https:\\\/\\\/www.entelequiacultura.com\\\/ca\\\/\",\"nextItem\":{\"@type\":\"ListItem\",\"@id\":\"https:\\\/\\\/www.entelequiacultura.com\\\/ca\\\/eventos\\\/#listItem\",\"name\":\"Esdeveniments\"}},{\"@type\":\"ListItem\",\"@id\":\"https:\\\/\\\/www.entelequiacultura.com\\\/ca\\\/eventos\\\/#listItem\",\"position\":2,\"name\":\"Esdeveniments\",\"item\":\"https:\\\/\\\/www.entelequiacultura.com\\\/ca\\\/eventos\\\/\",\"nextItem\":{\"@type\":\"ListItem\",\"@id\":\"https:\\\/\\\/www.entelequiacultura.com\\\/ca\\\/eventos\\\/category\\\/cursos-online-ca\\\/#listItem\",\"name\":\"Cursos online\"},\"previousItem\":{\"@type\":\"ListItem\",\"@id\":\"https:\\\/\\\/www.entelequiacultura.com\\\/ca\\\/#listItem\",\"name\":\"Home\"}},{\"@type\":\"ListItem\",\"@id\":\"https:\\\/\\\/www.entelequiacultura.com\\\/ca\\\/eventos\\\/category\\\/cursos-online-ca\\\/#listItem\",\"position\":3,\"name\":\"Cursos online\",\"item\":\"https:\\\/\\\/www.entelequiacultura.com\\\/ca\\\/eventos\\\/category\\\/cursos-online-ca\\\/\",\"nextItem\":{\"@type\":\"ListItem\",\"@id\":\"https:\\\/\\\/www.entelequiacultura.com\\\/ca\\\/esdeveniment\\\/poesiayesperanza-2\\\/#listItem\",\"name\":\"Materials per l&#8217;hum\\u00e0: introducci\\u00f3 a la poesia i a l&#8217;esperan\\u00e7a (Alejandro Sim\\u00f3n Partal)\"},\"previousItem\":{\"@type\":\"ListItem\",\"@id\":\"https:\\\/\\\/www.entelequiacultura.com\\\/ca\\\/eventos\\\/#listItem\",\"name\":\"Esdeveniments\"}},{\"@type\":\"ListItem\",\"@id\":\"https:\\\/\\\/www.entelequiacultura.com\\\/ca\\\/esdeveniment\\\/poesiayesperanza-2\\\/#listItem\",\"position\":4,\"name\":\"Materials per l&#8217;hum\\u00e0: introducci\\u00f3 a la poesia i a l&#8217;esperan\\u00e7a (Alejandro Sim\\u00f3n Partal)\",\"previousItem\":{\"@type\":\"ListItem\",\"@id\":\"https:\\\/\\\/www.entelequiacultura.com\\\/ca\\\/eventos\\\/category\\\/cursos-online-ca\\\/#listItem\",\"name\":\"Cursos online\"}}]},{\"@type\":\"Organization\",\"@id\":\"https:\\\/\\\/www.entelequiacultura.com\\\/ca\\\/#organization\",\"name\":\"Entelequia Cultura\",\"description\":\"Retiros Culturales\",\"url\":\"https:\\\/\\\/www.entelequiacultura.com\\\/ca\\\/\",\"sameAs\":[\"https:\\\/\\\/www.facebook.com\\\/entelequiacultura\",\"https:\\\/\\\/twitter.com\\\/entelequiacult\"]},{\"@type\":\"Person\",\"@id\":\"https:\\\/\\\/www.entelequiacultura.com\\\/ca\\\/author\\\/ritaentelequia\\\/#author\",\"url\":\"https:\\\/\\\/www.entelequiacultura.com\\\/ca\\\/author\\\/ritaentelequia\\\/\",\"name\":\"Entelequia\",\"image\":{\"@type\":\"ImageObject\",\"@id\":\"https:\\\/\\\/www.entelequiacultura.com\\\/ca\\\/esdeveniment\\\/poesiayesperanza-2\\\/#authorImage\",\"url\":\"https:\\\/\\\/secure.gravatar.com\\\/avatar\\\/18f60d4ef589bed7d93af3382c39f8a28752f5405d10beb50349ece71193cf3b?s=96&d=mm&r=g\",\"width\":96,\"height\":96,\"caption\":\"Entelequia\"}},{\"@type\":\"WebPage\",\"@id\":\"https:\\\/\\\/www.entelequiacultura.com\\\/ca\\\/esdeveniment\\\/poesiayesperanza-2\\\/#webpage\",\"url\":\"https:\\\/\\\/www.entelequiacultura.com\\\/ca\\\/esdeveniment\\\/poesiayesperanza-2\\\/\",\"name\":\"Materials per l\\u2019hum\\u00e0: introducci\\u00f3 a la poesia i a l\\u2019esperan\\u00e7a (Alejandro Sim\\u00f3n Partal) - Entelequia Cultura\",\"description\":\"Curs online de poesia impartit per l'escriptor Alejandro Sim\\u00f3n Partal\",\"inLanguage\":\"ca\",\"isPartOf\":{\"@id\":\"https:\\\/\\\/www.entelequiacultura.com\\\/ca\\\/#website\"},\"breadcrumb\":{\"@id\":\"https:\\\/\\\/www.entelequiacultura.com\\\/ca\\\/esdeveniment\\\/poesiayesperanza-2\\\/#breadcrumblist\"},\"author\":{\"@id\":\"https:\\\/\\\/www.entelequiacultura.com\\\/ca\\\/author\\\/ritaentelequia\\\/#author\"},\"creator\":{\"@id\":\"https:\\\/\\\/www.entelequiacultura.com\\\/ca\\\/author\\\/ritaentelequia\\\/#author\"},\"image\":{\"@type\":\"ImageObject\",\"url\":\"https:\\\/\\\/www.entelequiacultura.com\\\/wp-content\\\/uploads\\\/2020\\\/09\\\/Uberto-Rapisardi-2-scaled.jpg\",\"@id\":\"https:\\\/\\\/www.entelequiacultura.com\\\/ca\\\/esdeveniment\\\/poesiayesperanza-2\\\/#mainImage\",\"width\":2560,\"height\":1696},\"primaryImageOfPage\":{\"@id\":\"https:\\\/\\\/www.entelequiacultura.com\\\/ca\\\/esdeveniment\\\/poesiayesperanza-2\\\/#mainImage\"},\"datePublished\":\"2020-09-25T10:46:55+02:00\",\"dateModified\":\"2021-11-21T18:37:32+01:00\"},{\"@type\":\"WebSite\",\"@id\":\"https:\\\/\\\/www.entelequiacultura.com\\\/ca\\\/#website\",\"url\":\"https:\\\/\\\/www.entelequiacultura.com\\\/ca\\\/\",\"name\":\"Entelequia Cultura\",\"description\":\"Retiros Culturales\",\"inLanguage\":\"ca\",\"publisher\":{\"@id\":\"https:\\\/\\\/www.entelequiacultura.com\\\/ca\\\/#organization\"}}]}\n\t\t<\/script>\n\t\t<!-- All in One SEO -->\n\n","aioseo_head_json":{"title":"Materials per l\u2019hum\u00e0: introducci\u00f3 a la poesia i a l\u2019esperan\u00e7a (Alejandro Sim\u00f3n Partal) - Entelequia Cultura","description":"Curs online de poesia impartit per l'escriptor Alejandro Sim\u00f3n Partal","canonical_url":"https:\/\/www.entelequiacultura.com\/ca\/esdeveniment\/poesiayesperanza-2\/","robots":"max-image-preview:large","keywords":"","webmasterTools":{"miscellaneous":""},"schema":{"@context":"https:\/\/schema.org","@graph":[{"@type":"BreadcrumbList","@id":"https:\/\/www.entelequiacultura.com\/ca\/esdeveniment\/poesiayesperanza-2\/#breadcrumblist","itemListElement":[{"@type":"ListItem","@id":"https:\/\/www.entelequiacultura.com\/ca\/#listItem","position":1,"name":"Home","item":"https:\/\/www.entelequiacultura.com\/ca\/","nextItem":{"@type":"ListItem","@id":"https:\/\/www.entelequiacultura.com\/ca\/eventos\/#listItem","name":"Esdeveniments"}},{"@type":"ListItem","@id":"https:\/\/www.entelequiacultura.com\/ca\/eventos\/#listItem","position":2,"name":"Esdeveniments","item":"https:\/\/www.entelequiacultura.com\/ca\/eventos\/","nextItem":{"@type":"ListItem","@id":"https:\/\/www.entelequiacultura.com\/ca\/eventos\/category\/cursos-online-ca\/#listItem","name":"Cursos online"},"previousItem":{"@type":"ListItem","@id":"https:\/\/www.entelequiacultura.com\/ca\/#listItem","name":"Home"}},{"@type":"ListItem","@id":"https:\/\/www.entelequiacultura.com\/ca\/eventos\/category\/cursos-online-ca\/#listItem","position":3,"name":"Cursos online","item":"https:\/\/www.entelequiacultura.com\/ca\/eventos\/category\/cursos-online-ca\/","nextItem":{"@type":"ListItem","@id":"https:\/\/www.entelequiacultura.com\/ca\/esdeveniment\/poesiayesperanza-2\/#listItem","name":"Materials per l&#8217;hum\u00e0: introducci\u00f3 a la poesia i a l&#8217;esperan\u00e7a (Alejandro Sim\u00f3n Partal)"},"previousItem":{"@type":"ListItem","@id":"https:\/\/www.entelequiacultura.com\/ca\/eventos\/#listItem","name":"Esdeveniments"}},{"@type":"ListItem","@id":"https:\/\/www.entelequiacultura.com\/ca\/esdeveniment\/poesiayesperanza-2\/#listItem","position":4,"name":"Materials per l&#8217;hum\u00e0: introducci\u00f3 a la poesia i a l&#8217;esperan\u00e7a (Alejandro Sim\u00f3n Partal)","previousItem":{"@type":"ListItem","@id":"https:\/\/www.entelequiacultura.com\/ca\/eventos\/category\/cursos-online-ca\/#listItem","name":"Cursos online"}}]},{"@type":"Organization","@id":"https:\/\/www.entelequiacultura.com\/ca\/#organization","name":"Entelequia Cultura","description":"Retiros Culturales","url":"https:\/\/www.entelequiacultura.com\/ca\/","sameAs":["https:\/\/www.facebook.com\/entelequiacultura","https:\/\/twitter.com\/entelequiacult"]},{"@type":"Person","@id":"https:\/\/www.entelequiacultura.com\/ca\/author\/ritaentelequia\/#author","url":"https:\/\/www.entelequiacultura.com\/ca\/author\/ritaentelequia\/","name":"Entelequia","image":{"@type":"ImageObject","@id":"https:\/\/www.entelequiacultura.com\/ca\/esdeveniment\/poesiayesperanza-2\/#authorImage","url":"https:\/\/secure.gravatar.com\/avatar\/18f60d4ef589bed7d93af3382c39f8a28752f5405d10beb50349ece71193cf3b?s=96&d=mm&r=g","width":96,"height":96,"caption":"Entelequia"}},{"@type":"WebPage","@id":"https:\/\/www.entelequiacultura.com\/ca\/esdeveniment\/poesiayesperanza-2\/#webpage","url":"https:\/\/www.entelequiacultura.com\/ca\/esdeveniment\/poesiayesperanza-2\/","name":"Materials per l\u2019hum\u00e0: introducci\u00f3 a la poesia i a l\u2019esperan\u00e7a (Alejandro Sim\u00f3n Partal) - Entelequia Cultura","description":"Curs online de poesia impartit per l'escriptor Alejandro Sim\u00f3n Partal","inLanguage":"ca","isPartOf":{"@id":"https:\/\/www.entelequiacultura.com\/ca\/#website"},"breadcrumb":{"@id":"https:\/\/www.entelequiacultura.com\/ca\/esdeveniment\/poesiayesperanza-2\/#breadcrumblist"},"author":{"@id":"https:\/\/www.entelequiacultura.com\/ca\/author\/ritaentelequia\/#author"},"creator":{"@id":"https:\/\/www.entelequiacultura.com\/ca\/author\/ritaentelequia\/#author"},"image":{"@type":"ImageObject","url":"https:\/\/www.entelequiacultura.com\/wp-content\/uploads\/2020\/09\/Uberto-Rapisardi-2-scaled.jpg","@id":"https:\/\/www.entelequiacultura.com\/ca\/esdeveniment\/poesiayesperanza-2\/#mainImage","width":2560,"height":1696},"primaryImageOfPage":{"@id":"https:\/\/www.entelequiacultura.com\/ca\/esdeveniment\/poesiayesperanza-2\/#mainImage"},"datePublished":"2020-09-25T10:46:55+02:00","dateModified":"2021-11-21T18:37:32+01:00"},{"@type":"WebSite","@id":"https:\/\/www.entelequiacultura.com\/ca\/#website","url":"https:\/\/www.entelequiacultura.com\/ca\/","name":"Entelequia Cultura","description":"Retiros Culturales","inLanguage":"ca","publisher":{"@id":"https:\/\/www.entelequiacultura.com\/ca\/#organization"}}]},"og:locale":"ca_ES","og:site_name":"Entelequia Cultura - Retiros Culturales","og:type":"blog","og:title":"MATERIALS PER L'HUM\u00c0. INTRODUCCI\u00d3 A LA POESIA I A LA ESPERAN\u00c7A","og:description":"Curs online de poesia impartit per l'escriptor Alejandro Sim\u00f3n Partal","og:url":"https:\/\/www.entelequiacultura.com\/ca\/esdeveniment\/poesiayesperanza-2\/","og:image":"https:\/\/www.entelequiacultura.com\/wp-content\/uploads\/2020\/09\/Uberto-Rapisardi-2-1024x678.jpg","og:image:secure_url":"https:\/\/www.entelequiacultura.com\/wp-content\/uploads\/2020\/09\/Uberto-Rapisardi-2-1024x678.jpg","twitter:card":"summary","twitter:site":"@entelequiacult","twitter:title":"MATERIALS PER L'HUM\u00c0. INTRODUCCI\u00d3 A LA POESIA I A LA ESPERAN\u00c7A","twitter:description":"Curs online de poesia impartit per l'escriptor Alejandro Sim\u00f3n Partal","twitter:creator":"@entelequiacult","twitter:image":"https:\/\/www.entelequiacultura.com\/wp-content\/uploads\/2020\/09\/Uberto-Rapisardi-2-1024x678.jpg"},"aioseo_meta_data":{"post_id":"34009","title":"","description":"Curs online de poesia impartit per l'escriptor Alejandro Sim\u00f3n Partal","keywords":"","keyphrases":null,"primary_term":null,"canonical_url":"","og_title":"MATERIALS PER L'HUM\u00c0. INTRODUCCI\u00d3 A LA POESIA I A LA ESPERAN\u00c7A","og_description":"Curs online de poesia impartit per l'escriptor Alejandro Sim\u00f3n Partal","og_object_type":"blog","og_image_type":"custom_image","og_image_url":null,"og_image_width":null,"og_image_height":null,"og_image_custom_url":"https:\/\/www.entelequiacultura.com\/wp-content\/uploads\/2020\/09\/Uberto-Rapisardi-2-1024x678.jpg","og_image_custom_fields":null,"og_video":"","og_custom_url":null,"og_article_section":"","og_article_tags":"","twitter_use_og":false,"twitter_card":"summary","twitter_image_type":"default","twitter_image_url":null,"twitter_image_custom_url":null,"twitter_image_custom_fields":null,"twitter_title":null,"twitter_description":null,"schema":{"blockGraphs":[],"customGraphs":[],"default":{"data":{"Article":[],"Course":[],"Dataset":[],"FAQPage":[],"Movie":[],"Person":[],"Product":[],"ProductReview":[],"Car":[],"Recipe":[],"Service":[],"SoftwareApplication":[],"WebPage":[]},"graphName":null,"isEnabled":true},"graphs":[]},"schema_type":"default","schema_type_options":null,"pillar_content":false,"robots_default":true,"robots_noindex":false,"robots_noarchive":false,"robots_nosnippet":false,"robots_nofollow":false,"robots_noimageindex":false,"robots_noodp":false,"robots_notranslate":false,"robots_max_snippet":null,"robots_max_videopreview":null,"robots_max_imagepreview":"large","priority":null,"frequency":null,"local_seo":null,"breadcrumb_settings":null,"limit_modified_date":false,"ai":null,"created":"2022-02-27 00:27:58","updated":"2025-06-26 20:53:00","seo_analyzer_scan_date":null,"focus_keyword":null,"additional_keywords":null,"truseo_locale":null},"aioseo_breadcrumb":"<div class=\"aioseo-breadcrumbs\"><span class=\"aioseo-breadcrumb\">\n\t\t\t<a href=\"https:\/\/www.entelequiacultura.com\/ca\/\" title=\"Home\">Home<\/a>\n\t\t<\/span><span class=\"aioseo-breadcrumb-separator\">&raquo;<\/span><span class=\"aioseo-breadcrumb\">\n\t\t\t<a href=\"https:\/\/www.entelequiacultura.com\/ca\/eventos\/\" title=\"Esdeveniments\">Esdeveniments<\/a>\n\t\t<\/span><span class=\"aioseo-breadcrumb-separator\">&raquo;<\/span><span class=\"aioseo-breadcrumb\">\n\t\t\t<a href=\"https:\/\/www.entelequiacultura.com\/ca\/eventos\/category\/cursos-online-ca\/\" title=\"Cursos online\">Cursos online<\/a>\n\t\t<\/span><span class=\"aioseo-breadcrumb-separator\">&raquo;<\/span><span class=\"aioseo-breadcrumb\">\n\t\t\tMaterials per l\u2019hum\u00e0: introducci\u00f3 a la poesia i a l\u2019esperan\u00e7a (Alejandro Sim\u00f3n Partal)\n\t\t<\/span><\/div>","aioseo_breadcrumb_json":[{"label":"Home","link":"https:\/\/www.entelequiacultura.com\/ca\/"},{"label":"Esdeveniments","link":"https:\/\/www.entelequiacultura.com\/ca\/eventos\/"},{"label":"Cursos online","link":"https:\/\/www.entelequiacultura.com\/ca\/eventos\/category\/cursos-online-ca\/"},{"label":"Materials per l&#8217;hum\u00e0: introducci\u00f3 a la poesia i a l&#8217;esperan\u00e7a (Alejandro Sim\u00f3n Partal)","link":"https:\/\/www.entelequiacultura.com\/ca\/esdeveniment\/poesiayesperanza-2\/"}],"ticketed":false,"_links":{"self":[{"href":"https:\/\/www.entelequiacultura.com\/ca\/wp-json\/wp\/v2\/tribe_events\/34009","targetHints":{"allow":["GET"]}}],"collection":[{"href":"https:\/\/www.entelequiacultura.com\/ca\/wp-json\/wp\/v2\/tribe_events"}],"about":[{"href":"https:\/\/www.entelequiacultura.com\/ca\/wp-json\/wp\/v2\/types\/tribe_events"}],"author":[{"embeddable":true,"href":"https:\/\/www.entelequiacultura.com\/ca\/wp-json\/wp\/v2\/users\/1"}],"version-history":[{"count":0,"href":"https:\/\/www.entelequiacultura.com\/ca\/wp-json\/wp\/v2\/tribe_events\/34009\/revisions"}],"wp:featuredmedia":[{"embeddable":true,"href":"https:\/\/www.entelequiacultura.com\/ca\/wp-json\/wp\/v2\/media\/34011"}],"wp:attachment":[{"href":"https:\/\/www.entelequiacultura.com\/ca\/wp-json\/wp\/v2\/media?parent=34009"}],"wp:term":[{"taxonomy":"post_tag","embeddable":true,"href":"https:\/\/www.entelequiacultura.com\/ca\/wp-json\/wp\/v2\/tags?post=34009"},{"taxonomy":"tribe_events_cat","embeddable":true,"href":"https:\/\/www.entelequiacultura.com\/ca\/wp-json\/wp\/v2\/tribe_events_cat?post=34009"}],"curies":[{"name":"wp","href":"https:\/\/api.w.org\/{rel}","templated":true}]}}