{"id":30885,"date":"2019-06-16T16:39:23","date_gmt":"2019-06-16T14:39:23","guid":{"rendered":"https:\/\/www.entelequiacultura.com\/?post_type=tribe_events&#038;p=30885"},"modified":"2024-01-03T15:34:01","modified_gmt":"2024-01-03T14:34:01","slug":"paula-bonet","status":"publish","type":"tribe_events","link":"https:\/\/www.entelequiacultura.com\/ca\/esdeveniment\/paula-bonet\/","title":{"rendered":"La paraula com a taca. Escrit i pintat (Paula Bonet)"},"content":{"rendered":"<div class=\"row \"><div class=\"wpv-grid grid-1-3  wpv-first-level first unextended\" style=\"padding-top:0px;padding-bottom:0px\" id=\"wpv-column-50d7f01151a1ae759565620443f52941\" ><div class=\"row \"><div class=\"wpv-grid grid-1-1  first unextended\" style=\"padding-top:0px;padding-bottom:0px\" id=\"wpv-column-e599fa0c85257bf0548883a9bf4d3bcf\" ><p>Som una societat eminentment visual. Consumim les imatges amb una fam vora\u00e7 i amb igual intensitat les generem.<\/p>\n<p>El taller que ens proposa l&#8217;artista i escriptora Paula Bonet pret\u00e9n convidar-nos a aturar la mirada i a donar a la imatge el proc\u00e9s de gestaci\u00f3 i consum que mereix. Per\u00f2 tamb\u00e9 treballarem la paraula. El binomi \u00abllenguatge pict\u00f2ric \u2013 llenguatge escrit\u00bb ser\u00e0 el protagonista d&#8217;aquest taller creatiu. Comunicar l&#8217;inefable a trav\u00e9s de la imatge (un lloc on fer preguntes), complementar el visual a trav\u00e9s de la paraula o viceversa s\u00f3n alguns dels objectius d&#8217;aquesta trobada.<\/p>\n<p>Utilitzarem textos propis o de un\/a autor\/a que admirem, paper, cart\u00f3, aquarel\u00b7les, acr\u00edlics, retoladors, tinta xinesa, llapis, pinzells, cola&#8230; tot el necessari per a construir el nostre llibre-acordi\u00f3 on imatge i paraula tinguin el mateix pes.<\/p>\n<p>Un llibre personal on plantejar les nostres preguntes o respondre-les!<\/div><\/div>\n<div class=\"row \"><div class=\"wpv-grid grid-1-1  first unextended\" style=\"padding-top:0px;padding-bottom:0px\" id=\"wpv-column-daaf861bd1d6e471f51defc00985672d\" ><\/div><\/div><\/div>\n<div class=\"wpv-grid grid-1-3  wpv-first-level unextended\" style=\"padding-top:0px;padding-bottom:0px\" id=\"wpv-column-785b0ea469f2d34e0441b07efcd13700\" ><div class=\"row \"><div class=\"wpv-grid grid-1-1  first unextended\" style=\"padding-top:0px;padding-bottom:0px\" id=\"wpv-column-43fc28cef142837ed065b62f48a226d5\" ><p><img loading=\"lazy\" decoding=\"async\" class=\"alignnone wp-image-30754 size-full\" src=\"https:\/\/www.entelequiacultura.com\/wp-content\/uploads\/2019\/06\/BONET-650.jpg\" alt=\"\" width=\"650\" height=\"650\" srcset=\"https:\/\/www.entelequiacultura.com\/wp-content\/uploads\/2019\/06\/BONET-650.jpg 650w, https:\/\/www.entelequiacultura.com\/wp-content\/uploads\/2019\/06\/BONET-650-150x150.jpg 150w, https:\/\/www.entelequiacultura.com\/wp-content\/uploads\/2019\/06\/BONET-650-300x300.jpg 300w, https:\/\/www.entelequiacultura.com\/wp-content\/uploads\/2019\/06\/BONET-650-60x60.jpg 60w, https:\/\/www.entelequiacultura.com\/wp-content\/uploads\/2019\/06\/BONET-650-43x43.jpg 43w, https:\/\/www.entelequiacultura.com\/wp-content\/uploads\/2019\/06\/BONET-650-106x106.jpg 106w, https:\/\/www.entelequiacultura.com\/wp-content\/uploads\/2019\/06\/BONET-650-555x555.jpg 555w, https:\/\/www.entelequiacultura.com\/wp-content\/uploads\/2019\/06\/BONET-650-360x360.jpg 360w, https:\/\/www.entelequiacultura.com\/wp-content\/uploads\/2019\/06\/BONET-650-262x262.jpg 262w, https:\/\/www.entelequiacultura.com\/wp-content\/uploads\/2019\/06\/BONET-650-600x600.jpg 600w, https:\/\/www.entelequiacultura.com\/wp-content\/uploads\/2019\/06\/BONET-650-100x100.jpg 100w\" sizes=\"(max-width: 650px) 100vw, 650px\" \/><\/p>\n<p>PAULA BONET (Vila-real, 1980). Llicenciada en Belles arts per la Universitat Polit\u00e8cnica de Val\u00e8ncia, completa la seva formaci\u00f3 a Santiago de Xile, Nova York i Urbino.<\/p>\n<p>El seu treball se centra en la pintura a l\u2019oli, el gravat i la il\u00b7lustraci\u00f3. Ha realitzat exposicions a Barcelona, Madrid, Porto, Par\u00eds, Londres, B\u00e8lgica, Urbino, Berl\u00edn, Santiago de Xile, Val\u00e8ncia, Miami i M\u00e8xic.<\/p>\n<p>La seva obra, carregada de poesia i bolcada en les arts esc\u00e8niques, la m\u00fasica i la literatura, culmina en la publicaci\u00f3 de diversos llibres dels quals \u00e9s autora tant del text com de la imatge. Els seus treballs m\u00e9s coneguts s\u00f3n&#8230; <a href=\"https:\/\/www.entelequiacultura.com\/ca\/paula-bonet\/\">continua llegint<\/a><\/div><\/div><\/div>\n<div class=\"wpv-grid grid-1-3  wpv-first-level unextended\" style=\"padding-top:0px;padding-bottom:0px\" id=\"wpv-column-341c6256e3d4fde527fac3a7248bcf4f\" ><div class=\"row \"><div class=\"wpv-grid grid-1-1 contenedor_detalles first unextended\" style=\"padding-top:0px;padding-bottom:0px\" id=\"wpv-column-09953ca893cde73411249238aa6e194e\" ><div class=\"row \"><div class=\"wpv-grid grid-1-1  first unextended\" style=\"padding-top:0px;padding-bottom:0px\" id=\"wpv-column-e31de668a735e76fcd6a8f49c183f28d\" ><h2 style=\"text-align: center;\">Detalls<\/h2><\/div><\/div>\n<div class=\"row \"><div class=\"wpv-grid grid-1-1  first unextended\" style=\"padding-top:0px;padding-bottom:0px\" id=\"wpv-column-37cfe9494b15dd0fc6c04d0f890e7d77\" ><p><strong>Data: <\/strong>23 de novembre (dissabte)<\/p>\n<p><strong>Horari:<\/strong><\/p>\n<ul>\n<li>De 12,00 a 20,00h<\/li>\n<\/ul>\n<p><strong>Lloc:<\/strong><\/p>\n<p>LA MADRIGUERA (Barcelona)<\/div><\/div><\/div><\/div><\/div><\/div>\n","protected":false},"excerpt":{"rendered":"<p>Som una societat eminentment visual. Consumim les imatges amb una fam vora\u00e7 i amb igual intensitat les generem. El taller que ens proposa l&#8217;artista i escriptora Paula Bonet pret\u00e9n convidar-nos&#8230;<\/p>\n","protected":false},"author":1,"featured_media":30887,"template":"","meta":{"_price":"","_stock":"","_tribe_ticket_header":"","_tribe_default_ticket_provider":"","_tribe_ticket_capacity":"0","_ticket_start_date":"","_ticket_end_date":"","_tribe_ticket_show_description":"","_tribe_ticket_show_not_going":false,"_tribe_ticket_use_global_stock":"","_tribe_ticket_global_stock_level":"","_global_stock_mode":"","_global_stock_cap":"","_tribe_rsvp_for_event":"","_tribe_ticket_going_count":"","_tribe_ticket_not_going_count":"","_tribe_tickets_list":"[]","_tribe_ticket_has_attendee_info_fields":false,"_tribe_events_status":"","_tribe_events_status_reason":"","footnotes":"","_tec_slr_enabled":"","_tec_slr_layout":""},"tags":[],"tribe_events_cat":[558],"class_list":["post-30885","tribe_events","type-tribe_events","status-publish","has-post-thumbnail","hentry","tribe_events_cat-activitats-bcn","cat_activitats-bcn"],"aioseo_notices":[],"aioseo_head":"\n\t\t<!-- All in One SEO 5.0.1.1 - aioseo.com -->\n\t<meta name=\"description\" content=\"Taller (pintat i escrit) amb Paula Bonet\" \/>\n\t<meta name=\"robots\" content=\"max-image-preview:large\" \/>\n\t<meta name=\"author\" content=\"Entelequia\"\/>\n\t<link rel=\"canonical\" href=\"https:\/\/www.entelequiacultura.com\/ca\/esdeveniment\/paula-bonet\/\" \/>\n\t<meta name=\"generator\" content=\"All in One SEO (AIOSEO) 5.0.1.1\" \/>\n\t\t<meta property=\"og:locale\" content=\"ca_ES\" \/>\n\t\t<meta property=\"og:site_name\" content=\"Entelequia Cultura - Retiros Culturales\" \/>\n\t\t<meta property=\"og:type\" content=\"blog\" \/>\n\t\t<meta property=\"og:title\" content=\"La paraula com a taca\" \/>\n\t\t<meta property=\"og:description\" content=\"Taller amb Paula Bonet (pintat i escrit)\" \/>\n\t\t<meta property=\"og:url\" content=\"https:\/\/www.entelequiacultura.com\/ca\/esdeveniment\/paula-bonet\/\" \/>\n\t\t<meta property=\"og:image\" content=\"https:\/\/www.entelequiacultura.com\/wp-content\/uploads\/2019\/06\/evento.jpg\" \/>\n\t\t<meta property=\"og:image:secure_url\" content=\"https:\/\/www.entelequiacultura.com\/wp-content\/uploads\/2019\/06\/evento.jpg\" \/>\n\t\t<meta property=\"og:image:width\" content=\"1600\" \/>\n\t\t<meta property=\"og:image:height\" content=\"1263\" \/>\n\t\t<meta name=\"twitter:card\" content=\"summary\" \/>\n\t\t<meta name=\"twitter:site\" content=\"@entelequiacult\" \/>\n\t\t<meta name=\"twitter:title\" content=\"La paraula com a taca\" \/>\n\t\t<meta name=\"twitter:description\" content=\"Taller amb Paula Bonet (pintat i escrit)\" \/>\n\t\t<meta name=\"twitter:creator\" content=\"@entelequiacult\" \/>\n\t\t<meta name=\"twitter:image\" content=\"https:\/\/www.entelequiacultura.com\/wp-content\/uploads\/2019\/06\/evento.jpg\" \/>\n\t\t<script type=\"application\/ld+json\" class=\"aioseo-schema\">\n\t\t\t{\"@context\":\"https:\\\/\\\/schema.org\",\"@graph\":[{\"@type\":\"BreadcrumbList\",\"@id\":\"https:\\\/\\\/www.entelequiacultura.com\\\/ca\\\/esdeveniment\\\/paula-bonet\\\/#breadcrumblist\",\"itemListElement\":[{\"@type\":\"ListItem\",\"@id\":\"https:\\\/\\\/www.entelequiacultura.com\\\/ca\\\/#listItem\",\"position\":1,\"name\":\"Home\",\"item\":\"https:\\\/\\\/www.entelequiacultura.com\\\/ca\\\/\",\"nextItem\":{\"@type\":\"ListItem\",\"@id\":\"https:\\\/\\\/www.entelequiacultura.com\\\/ca\\\/eventos\\\/#listItem\",\"name\":\"Esdeveniments\"}},{\"@type\":\"ListItem\",\"@id\":\"https:\\\/\\\/www.entelequiacultura.com\\\/ca\\\/eventos\\\/#listItem\",\"position\":2,\"name\":\"Esdeveniments\",\"item\":\"https:\\\/\\\/www.entelequiacultura.com\\\/ca\\\/eventos\\\/\",\"nextItem\":{\"@type\":\"ListItem\",\"@id\":\"https:\\\/\\\/www.entelequiacultura.com\\\/ca\\\/eventos\\\/category\\\/activitats-bcn\\\/#listItem\",\"name\":\"Activitats BCN\"},\"previousItem\":{\"@type\":\"ListItem\",\"@id\":\"https:\\\/\\\/www.entelequiacultura.com\\\/ca\\\/#listItem\",\"name\":\"Home\"}},{\"@type\":\"ListItem\",\"@id\":\"https:\\\/\\\/www.entelequiacultura.com\\\/ca\\\/eventos\\\/category\\\/activitats-bcn\\\/#listItem\",\"position\":3,\"name\":\"Activitats BCN\",\"item\":\"https:\\\/\\\/www.entelequiacultura.com\\\/ca\\\/eventos\\\/category\\\/activitats-bcn\\\/\",\"nextItem\":{\"@type\":\"ListItem\",\"@id\":\"https:\\\/\\\/www.entelequiacultura.com\\\/ca\\\/esdeveniment\\\/paula-bonet\\\/#listItem\",\"name\":\"La paraula com a taca. Escrit i pintat (Paula Bonet)\"},\"previousItem\":{\"@type\":\"ListItem\",\"@id\":\"https:\\\/\\\/www.entelequiacultura.com\\\/ca\\\/eventos\\\/#listItem\",\"name\":\"Esdeveniments\"}},{\"@type\":\"ListItem\",\"@id\":\"https:\\\/\\\/www.entelequiacultura.com\\\/ca\\\/esdeveniment\\\/paula-bonet\\\/#listItem\",\"position\":4,\"name\":\"La paraula com a taca. Escrit i pintat (Paula Bonet)\",\"previousItem\":{\"@type\":\"ListItem\",\"@id\":\"https:\\\/\\\/www.entelequiacultura.com\\\/ca\\\/eventos\\\/category\\\/activitats-bcn\\\/#listItem\",\"name\":\"Activitats BCN\"}}]},{\"@type\":\"Organization\",\"@id\":\"https:\\\/\\\/www.entelequiacultura.com\\\/ca\\\/#organization\",\"name\":\"Entelequia Cultura\",\"description\":\"Retiros Culturales\",\"url\":\"https:\\\/\\\/www.entelequiacultura.com\\\/ca\\\/\",\"sameAs\":[\"https:\\\/\\\/www.facebook.com\\\/entelequiacultura\",\"https:\\\/\\\/twitter.com\\\/entelequiacult\"]},{\"@type\":\"Person\",\"@id\":\"https:\\\/\\\/www.entelequiacultura.com\\\/ca\\\/author\\\/ritaentelequia\\\/#author\",\"url\":\"https:\\\/\\\/www.entelequiacultura.com\\\/ca\\\/author\\\/ritaentelequia\\\/\",\"name\":\"Entelequia\",\"image\":{\"@type\":\"ImageObject\",\"@id\":\"https:\\\/\\\/www.entelequiacultura.com\\\/ca\\\/esdeveniment\\\/paula-bonet\\\/#authorImage\",\"url\":\"https:\\\/\\\/secure.gravatar.com\\\/avatar\\\/18f60d4ef589bed7d93af3382c39f8a28752f5405d10beb50349ece71193cf3b?s=96&d=mm&r=g\",\"width\":96,\"height\":96,\"caption\":\"Entelequia\"}},{\"@type\":\"WebPage\",\"@id\":\"https:\\\/\\\/www.entelequiacultura.com\\\/ca\\\/esdeveniment\\\/paula-bonet\\\/#webpage\",\"url\":\"https:\\\/\\\/www.entelequiacultura.com\\\/ca\\\/esdeveniment\\\/paula-bonet\\\/\",\"name\":\"La paraula com a taca. Escrit i pintat (Paula Bonet) - Entelequia Cultura\",\"description\":\"Taller (pintat i escrit) amb Paula Bonet\",\"inLanguage\":\"ca\",\"isPartOf\":{\"@id\":\"https:\\\/\\\/www.entelequiacultura.com\\\/ca\\\/#website\"},\"breadcrumb\":{\"@id\":\"https:\\\/\\\/www.entelequiacultura.com\\\/ca\\\/esdeveniment\\\/paula-bonet\\\/#breadcrumblist\"},\"author\":{\"@id\":\"https:\\\/\\\/www.entelequiacultura.com\\\/ca\\\/author\\\/ritaentelequia\\\/#author\"},\"creator\":{\"@id\":\"https:\\\/\\\/www.entelequiacultura.com\\\/ca\\\/author\\\/ritaentelequia\\\/#author\"},\"image\":{\"@type\":\"ImageObject\",\"url\":\"https:\\\/\\\/www.entelequiacultura.com\\\/wp-content\\\/uploads\\\/2019\\\/06\\\/evento.jpg\",\"@id\":\"https:\\\/\\\/www.entelequiacultura.com\\\/ca\\\/esdeveniment\\\/paula-bonet\\\/#mainImage\",\"width\":1600,\"height\":1263},\"primaryImageOfPage\":{\"@id\":\"https:\\\/\\\/www.entelequiacultura.com\\\/ca\\\/esdeveniment\\\/paula-bonet\\\/#mainImage\"},\"datePublished\":\"2019-06-16T16:39:23+02:00\",\"dateModified\":\"2024-01-03T15:34:01+01:00\"},{\"@type\":\"WebSite\",\"@id\":\"https:\\\/\\\/www.entelequiacultura.com\\\/ca\\\/#website\",\"url\":\"https:\\\/\\\/www.entelequiacultura.com\\\/ca\\\/\",\"name\":\"Entelequia Cultura\",\"description\":\"Retiros Culturales\",\"inLanguage\":\"ca\",\"publisher\":{\"@id\":\"https:\\\/\\\/www.entelequiacultura.com\\\/ca\\\/#organization\"}}]}\n\t\t<\/script>\n\t\t<!-- All in One SEO -->\n\n","aioseo_head_json":{"title":"La paraula com a taca. Escrit i pintat (Paula Bonet) - Entelequia Cultura","description":"Taller (pintat i escrit) amb Paula Bonet","canonical_url":"https:\/\/www.entelequiacultura.com\/ca\/esdeveniment\/paula-bonet\/","robots":"max-image-preview:large","keywords":"","webmasterTools":{"miscellaneous":""},"schema":{"@context":"https:\/\/schema.org","@graph":[{"@type":"BreadcrumbList","@id":"https:\/\/www.entelequiacultura.com\/ca\/esdeveniment\/paula-bonet\/#breadcrumblist","itemListElement":[{"@type":"ListItem","@id":"https:\/\/www.entelequiacultura.com\/ca\/#listItem","position":1,"name":"Home","item":"https:\/\/www.entelequiacultura.com\/ca\/","nextItem":{"@type":"ListItem","@id":"https:\/\/www.entelequiacultura.com\/ca\/eventos\/#listItem","name":"Esdeveniments"}},{"@type":"ListItem","@id":"https:\/\/www.entelequiacultura.com\/ca\/eventos\/#listItem","position":2,"name":"Esdeveniments","item":"https:\/\/www.entelequiacultura.com\/ca\/eventos\/","nextItem":{"@type":"ListItem","@id":"https:\/\/www.entelequiacultura.com\/ca\/eventos\/category\/activitats-bcn\/#listItem","name":"Activitats BCN"},"previousItem":{"@type":"ListItem","@id":"https:\/\/www.entelequiacultura.com\/ca\/#listItem","name":"Home"}},{"@type":"ListItem","@id":"https:\/\/www.entelequiacultura.com\/ca\/eventos\/category\/activitats-bcn\/#listItem","position":3,"name":"Activitats BCN","item":"https:\/\/www.entelequiacultura.com\/ca\/eventos\/category\/activitats-bcn\/","nextItem":{"@type":"ListItem","@id":"https:\/\/www.entelequiacultura.com\/ca\/esdeveniment\/paula-bonet\/#listItem","name":"La paraula com a taca. Escrit i pintat (Paula Bonet)"},"previousItem":{"@type":"ListItem","@id":"https:\/\/www.entelequiacultura.com\/ca\/eventos\/#listItem","name":"Esdeveniments"}},{"@type":"ListItem","@id":"https:\/\/www.entelequiacultura.com\/ca\/esdeveniment\/paula-bonet\/#listItem","position":4,"name":"La paraula com a taca. Escrit i pintat (Paula Bonet)","previousItem":{"@type":"ListItem","@id":"https:\/\/www.entelequiacultura.com\/ca\/eventos\/category\/activitats-bcn\/#listItem","name":"Activitats BCN"}}]},{"@type":"Organization","@id":"https:\/\/www.entelequiacultura.com\/ca\/#organization","name":"Entelequia Cultura","description":"Retiros Culturales","url":"https:\/\/www.entelequiacultura.com\/ca\/","sameAs":["https:\/\/www.facebook.com\/entelequiacultura","https:\/\/twitter.com\/entelequiacult"]},{"@type":"Person","@id":"https:\/\/www.entelequiacultura.com\/ca\/author\/ritaentelequia\/#author","url":"https:\/\/www.entelequiacultura.com\/ca\/author\/ritaentelequia\/","name":"Entelequia","image":{"@type":"ImageObject","@id":"https:\/\/www.entelequiacultura.com\/ca\/esdeveniment\/paula-bonet\/#authorImage","url":"https:\/\/secure.gravatar.com\/avatar\/18f60d4ef589bed7d93af3382c39f8a28752f5405d10beb50349ece71193cf3b?s=96&d=mm&r=g","width":96,"height":96,"caption":"Entelequia"}},{"@type":"WebPage","@id":"https:\/\/www.entelequiacultura.com\/ca\/esdeveniment\/paula-bonet\/#webpage","url":"https:\/\/www.entelequiacultura.com\/ca\/esdeveniment\/paula-bonet\/","name":"La paraula com a taca. Escrit i pintat (Paula Bonet) - Entelequia Cultura","description":"Taller (pintat i escrit) amb Paula Bonet","inLanguage":"ca","isPartOf":{"@id":"https:\/\/www.entelequiacultura.com\/ca\/#website"},"breadcrumb":{"@id":"https:\/\/www.entelequiacultura.com\/ca\/esdeveniment\/paula-bonet\/#breadcrumblist"},"author":{"@id":"https:\/\/www.entelequiacultura.com\/ca\/author\/ritaentelequia\/#author"},"creator":{"@id":"https:\/\/www.entelequiacultura.com\/ca\/author\/ritaentelequia\/#author"},"image":{"@type":"ImageObject","url":"https:\/\/www.entelequiacultura.com\/wp-content\/uploads\/2019\/06\/evento.jpg","@id":"https:\/\/www.entelequiacultura.com\/ca\/esdeveniment\/paula-bonet\/#mainImage","width":1600,"height":1263},"primaryImageOfPage":{"@id":"https:\/\/www.entelequiacultura.com\/ca\/esdeveniment\/paula-bonet\/#mainImage"},"datePublished":"2019-06-16T16:39:23+02:00","dateModified":"2024-01-03T15:34:01+01:00"},{"@type":"WebSite","@id":"https:\/\/www.entelequiacultura.com\/ca\/#website","url":"https:\/\/www.entelequiacultura.com\/ca\/","name":"Entelequia Cultura","description":"Retiros Culturales","inLanguage":"ca","publisher":{"@id":"https:\/\/www.entelequiacultura.com\/ca\/#organization"}}]},"og:locale":"ca_ES","og:site_name":"Entelequia Cultura - Retiros Culturales","og:type":"blog","og:title":"La paraula com a taca","og:description":"Taller amb Paula Bonet (pintat i escrit)","og:url":"https:\/\/www.entelequiacultura.com\/ca\/esdeveniment\/paula-bonet\/","og:image":"https:\/\/www.entelequiacultura.com\/wp-content\/uploads\/2019\/06\/evento.jpg","og:image:secure_url":"https:\/\/www.entelequiacultura.com\/wp-content\/uploads\/2019\/06\/evento.jpg","og:image:width":1600,"og:image:height":1263,"twitter:card":"summary","twitter:site":"@entelequiacult","twitter:title":"La paraula com a taca","twitter:description":"Taller amb Paula Bonet (pintat i escrit)","twitter:creator":"@entelequiacult","twitter:image":"https:\/\/www.entelequiacultura.com\/wp-content\/uploads\/2019\/06\/evento.jpg"},"aioseo_meta_data":{"post_id":"30885","title":"","description":"Taller (pintat i escrit) amb Paula Bonet","keywords":null,"keyphrases":null,"primary_term":null,"canonical_url":null,"og_title":"La paraula com a taca","og_description":"Taller amb Paula Bonet (pintat i escrit)","og_object_type":"blog","og_image_type":"custom_image","og_image_url":null,"og_image_width":null,"og_image_height":null,"og_image_custom_url":"https:\/\/www.entelequiacultura.com\/wp-content\/uploads\/2019\/06\/evento-1024x808.jpg","og_image_custom_fields":null,"og_video":"","og_custom_url":null,"og_article_section":"","og_article_tags":"","twitter_use_og":false,"twitter_card":"summary","twitter_image_type":"default","twitter_image_url":null,"twitter_image_custom_url":null,"twitter_image_custom_fields":null,"twitter_title":null,"twitter_description":null,"schema":{"blockGraphs":[],"customGraphs":[],"default":{"data":{"Article":[],"Course":[],"Dataset":[],"FAQPage":[],"Movie":[],"Person":[],"Product":[],"ProductReview":[],"Car":[],"Recipe":[],"Service":[],"SoftwareApplication":[],"WebPage":[]},"graphName":"WebPage","isEnabled":true},"graphs":[]},"schema_type":null,"schema_type_options":null,"pillar_content":false,"robots_default":true,"robots_noindex":false,"robots_noarchive":false,"robots_nosnippet":false,"robots_nofollow":false,"robots_noimageindex":false,"robots_noodp":false,"robots_notranslate":false,"robots_max_snippet":null,"robots_max_videopreview":null,"robots_max_imagepreview":"large","priority":null,"frequency":null,"local_seo":null,"breadcrumb_settings":null,"limit_modified_date":false,"ai":null,"created":"2022-02-26 22:36:08","updated":"2025-06-26 20:50:59","seo_analyzer_scan_date":null,"focus_keyword":null,"additional_keywords":null,"truseo_locale":null},"aioseo_breadcrumb":"<div class=\"aioseo-breadcrumbs\"><span class=\"aioseo-breadcrumb\">\n\t\t\t<a href=\"https:\/\/www.entelequiacultura.com\/ca\/\" title=\"Home\">Home<\/a>\n\t\t<\/span><span class=\"aioseo-breadcrumb-separator\">&raquo;<\/span><span class=\"aioseo-breadcrumb\">\n\t\t\t<a href=\"https:\/\/www.entelequiacultura.com\/ca\/eventos\/\" title=\"Esdeveniments\">Esdeveniments<\/a>\n\t\t<\/span><span class=\"aioseo-breadcrumb-separator\">&raquo;<\/span><span class=\"aioseo-breadcrumb\">\n\t\t\t<a href=\"https:\/\/www.entelequiacultura.com\/ca\/eventos\/category\/activitats-bcn\/\" title=\"Activitats BCN\">Activitats BCN<\/a>\n\t\t<\/span><span class=\"aioseo-breadcrumb-separator\">&raquo;<\/span><span class=\"aioseo-breadcrumb\">\n\t\t\tLa paraula com a taca. Escrit i pintat (Paula Bonet)\n\t\t<\/span><\/div>","aioseo_breadcrumb_json":[{"label":"Home","link":"https:\/\/www.entelequiacultura.com\/ca\/"},{"label":"Esdeveniments","link":"https:\/\/www.entelequiacultura.com\/ca\/eventos\/"},{"label":"Activitats BCN","link":"https:\/\/www.entelequiacultura.com\/ca\/eventos\/category\/activitats-bcn\/"},{"label":"La paraula com a taca. Escrit i pintat (Paula Bonet)","link":"https:\/\/www.entelequiacultura.com\/ca\/esdeveniment\/paula-bonet\/"}],"ticketed":false,"_links":{"self":[{"href":"https:\/\/www.entelequiacultura.com\/ca\/wp-json\/wp\/v2\/tribe_events\/30885","targetHints":{"allow":["GET"]}}],"collection":[{"href":"https:\/\/www.entelequiacultura.com\/ca\/wp-json\/wp\/v2\/tribe_events"}],"about":[{"href":"https:\/\/www.entelequiacultura.com\/ca\/wp-json\/wp\/v2\/types\/tribe_events"}],"author":[{"embeddable":true,"href":"https:\/\/www.entelequiacultura.com\/ca\/wp-json\/wp\/v2\/users\/1"}],"version-history":[{"count":0,"href":"https:\/\/www.entelequiacultura.com\/ca\/wp-json\/wp\/v2\/tribe_events\/30885\/revisions"}],"wp:featuredmedia":[{"embeddable":true,"href":"https:\/\/www.entelequiacultura.com\/ca\/wp-json\/wp\/v2\/media\/30887"}],"wp:attachment":[{"href":"https:\/\/www.entelequiacultura.com\/ca\/wp-json\/wp\/v2\/media?parent=30885"}],"wp:term":[{"taxonomy":"post_tag","embeddable":true,"href":"https:\/\/www.entelequiacultura.com\/ca\/wp-json\/wp\/v2\/tags?post=30885"},{"taxonomy":"tribe_events_cat","embeddable":true,"href":"https:\/\/www.entelequiacultura.com\/ca\/wp-json\/wp\/v2\/tribe_events_cat?post=30885"}],"curies":[{"name":"wp","href":"https:\/\/api.w.org\/{rel}","templated":true}]}}