{"id":43680,"date":"2025-11-06T15:16:48","date_gmt":"2025-11-06T14:16:48","guid":{"rendered":"https:\/\/www.entelequiacultura.com\/?page_id=43680"},"modified":"2025-11-06T15:16:48","modified_gmt":"2025-11-06T14:16:48","slug":"clara-pastor","status":"publish","type":"page","link":"https:\/\/www.entelequiacultura.com\/ca\/clara-pastor\/","title":{"rendered":"Clara Pastor"},"content":{"rendered":"<div class=\"row \"><div class=\"wpv-grid grid-1-1  wpv-first-level first unextended\" style=\"padding-top:0px;padding-bottom:0px\" id=\"wpv-column-4bbad4d99488621ff16bd1cd2bc3757b\" ><div class=\"row \"><div class=\"wpv-grid grid-1-2  first unextended\" style=\"padding-top:0px;padding-bottom:0px\" id=\"wpv-column-e138feb274489732374b8c15b7efd362\" ><div class=\"row \"><div class=\"wpv-grid grid-1-1  first unextended\" style=\"padding-top:0px;padding-bottom:0px\" id=\"wpv-column-2847cfb1c84d76edd952df8a9873338f\" ><p><img loading=\"lazy\" decoding=\"async\" class=\"alignnone wp-image-43667 size-full\" src=\"https:\/\/www.entelequiacultura.com\/wp-content\/uploads\/2025\/11\/Clara-Pastor-650-1.jpeg\" alt=\"\" width=\"650\" height=\"649\" srcset=\"https:\/\/www.entelequiacultura.com\/wp-content\/uploads\/2025\/11\/Clara-Pastor-650-1.jpeg 650w, https:\/\/www.entelequiacultura.com\/wp-content\/uploads\/2025\/11\/Clara-Pastor-650-1-300x300.jpeg 300w, https:\/\/www.entelequiacultura.com\/wp-content\/uploads\/2025\/11\/Clara-Pastor-650-1-150x150.jpeg 150w, https:\/\/www.entelequiacultura.com\/wp-content\/uploads\/2025\/11\/Clara-Pastor-650-1-60x60.jpeg 60w, https:\/\/www.entelequiacultura.com\/wp-content\/uploads\/2025\/11\/Clara-Pastor-650-1-43x43.jpeg 43w, https:\/\/www.entelequiacultura.com\/wp-content\/uploads\/2025\/11\/Clara-Pastor-650-1-106x106.jpeg 106w, https:\/\/www.entelequiacultura.com\/wp-content\/uploads\/2025\/11\/Clara-Pastor-650-1-555x554.jpeg 555w, https:\/\/www.entelequiacultura.com\/wp-content\/uploads\/2025\/11\/Clara-Pastor-650-1-360x359.jpeg 360w, https:\/\/www.entelequiacultura.com\/wp-content\/uploads\/2025\/11\/Clara-Pastor-650-1-262x262.jpeg 262w, https:\/\/www.entelequiacultura.com\/wp-content\/uploads\/2025\/11\/Clara-Pastor-650-1-600x599.jpeg 600w, https:\/\/www.entelequiacultura.com\/wp-content\/uploads\/2025\/11\/Clara-Pastor-650-1-100x100.jpeg 100w\" sizes=\"(max-width: 650px) 100vw, 650px\" \/><\/div><\/div><\/div>\n<div class=\"wpv-grid grid-1-2  unextended\" style=\"padding-top:0px;padding-bottom:0px\" id=\"wpv-column-423ebac7bb3beebfd7c8b2501816b4a4\" ><div class=\"row \"><div class=\"wpv-grid grid-1-1  first unextended\" style=\"padding-top:0px;padding-bottom:0px\" id=\"wpv-column-3ced08126293cf4cc4c7c897a0a3178a\" ><p>CLARA PASTOR \u00e9s fundadora i directora d\u2019Elba Editorial. Imparteix classes de literatura en ESADE i en l\u2019Ateneu de Ma\u00f3. Ha tradu\u00eft a Virg\u00ednia Woolf, Henry James i Bernard Berenson, entre altres i \u00e9s autora de dos llibres de relats\u00a0<em>Los buenos vecinos<\/em>\u00a0(2020) i\u00a0<em>Voces al amanecer<\/em>\u00a0(2023), tots dos publicats en l\u2019editorial Acantilado.<\/div><\/div><\/div><\/div><\/div><\/div>\n\t\t<div class=\"sep-text single centered\">\n\t\t\t\t\t\t\t<span class=\"sep-text-before\"><div class=\"sep-text-line\"><\/div><\/span>\n\t\t\t\t\t\t<div class=\"content\">\n\t\t\t\t<h2 class=\"text-divider-double\">\nEsdeveniments amb l&#8217;autor<\/h2>\t\t\t<\/div>\n\t\t\t<span class=\"sep-text-after\"><div class=\"sep-text-line\"><\/div><\/span>\n\t\t\t\t\t<\/div>\n\t\n<div class=\"row \"><div class=\"wpv-grid grid-1-1  wpv-first-level first extended no-extended-padding\" style=\"padding-top:0px;padding-bottom:0px\" id=\"wpv-column-0e174ddb713a650e4423f17782a74e42\" ><div class=\"extended-column-inner\"><div class=\"row \"><div class=\"wpv-grid grid-1-3  first has-background unextended animation-fade-in animated-active\" style=\"\n\t\t\t\tbackground: url('https:\/\/www.entelequiacultura.com\/wp-content\/uploads\/2025\/11\/Portada-gran-gatsby.jpg') no-repeat center top;\n\t\t\t\tbackground-size: cover;\n\t\t\t\tbackground-attachment: ;\n\t\t\tbackground-color:#1512f9;padding-top:0px;padding-bottom:20px\" id=\"wpv-column-38c0ab207700dad0f96cd4f6ba92590e\" ><style>#wpv-column-38c0ab207700dad0f96cd4f6ba92590e p,#wpv-column-38c0ab207700dad0f96cd4f6ba92590e em,#wpv-column-38c0ab207700dad0f96cd4f6ba92590e .column-title,#wpv-column-38c0ab207700dad0f96cd4f6ba92590e .sep-text h2.regular-title-wrapper,#wpv-column-38c0ab207700dad0f96cd4f6ba92590e .text-divider-double,#wpv-column-38c0ab207700dad0f96cd4f6ba92590e .sep-text .sep-text-line,#wpv-column-38c0ab207700dad0f96cd4f6ba92590e .sep,#wpv-column-38c0ab207700dad0f96cd4f6ba92590e .sep-2,#wpv-column-38c0ab207700dad0f96cd4f6ba92590e .sep-3{color:#fff;}#wpv-column-38c0ab207700dad0f96cd4f6ba92590e:before{background-color:transparent;}<\/style><div class=\"row \"><div class=\"wpv-grid grid-1-1  first unextended animation-zoom-in animated-active\" style=\"padding-top:0px;padding-bottom:0px\" id=\"wpv-column-37dcf9898058c6c1317a7c45a5328387\" ><div class=\"push\" style='height:40px'><\/div>\n<h1 style=\"text-align: center; color: #ffffff;\"><span style=\"color: #ffffff;\">El gran Gatsby<\/span><\/h1>\n<p style=\"text-align: center; color: #ffffff;\"><div class=\"push\" style='height:40px'><\/div>\n<p style=\"text-align: center; color: #ffffff;\"><p class=\"textcenter\"><a href=\"https:\/\/www.entelequiacultura.com\/ca\/esdeveniment\/el-gran-gatsby-2025\/\" target=\"_self\" style='font-size: 18px;' class=\"button vamtam-button accent8  button-border hover-accent1 \"><span class=\"btext\">VEURE<\/span><\/a><\/p><\/div><\/div>\n<div class=\"row \"><div class=\"wpv-grid grid-1-1  first unextended\" style=\"padding-top:0px;padding-bottom:0px\" id=\"wpv-column-2910dfc40f19578d9a8bfd2155d89d7a\" ><p style=\"text-align: left;\">Seminari<br \/>\n13 desembre 2025<\/div><\/div><\/div><\/div><\/div><\/div><\/div>\n<div class=\"push\" style='height:10px'><\/div>\n","protected":false},"excerpt":{"rendered":"<p>CLARA PASTOR \u00e9s fundadora i directora d\u2019Elba Editorial. Imparteix classes de literatura en ESADE i en l\u2019Ateneu de Ma\u00f3. Ha tradu\u00eft a Virg\u00ednia Woolf, Henry James i Bernard Berenson, entre&#8230;<\/p>\n","protected":false},"author":1,"featured_media":43667,"parent":0,"menu_order":0,"comment_status":"closed","ping_status":"closed","template":"","meta":{"_price":"","_stock":"","_tribe_ticket_header":"","_tribe_default_ticket_provider":"","_tribe_ticket_capacity":"0","_ticket_start_date":"","_ticket_end_date":"","_tribe_ticket_show_description":"","_tribe_ticket_show_not_going":false,"_tribe_ticket_use_global_stock":"","_tribe_ticket_global_stock_level":"","_global_stock_mode":"","_global_stock_cap":"","_tribe_rsvp_for_event":"","_tribe_ticket_going_count":"","_tribe_ticket_not_going_count":"","_tribe_tickets_list":"[]","_tribe_ticket_has_attendee_info_fields":false,"footnotes":"","_tec_slr_enabled":"","_tec_slr_layout":""},"class_list":["post-43680","page","type-page","status-publish","has-post-thumbnail","hentry"],"aioseo_notices":[],"ticketed":false,"_links":{"self":[{"href":"https:\/\/www.entelequiacultura.com\/ca\/wp-json\/wp\/v2\/pages\/43680","targetHints":{"allow":["GET"]}}],"collection":[{"href":"https:\/\/www.entelequiacultura.com\/ca\/wp-json\/wp\/v2\/pages"}],"about":[{"href":"https:\/\/www.entelequiacultura.com\/ca\/wp-json\/wp\/v2\/types\/page"}],"author":[{"embeddable":true,"href":"https:\/\/www.entelequiacultura.com\/ca\/wp-json\/wp\/v2\/users\/1"}],"replies":[{"embeddable":true,"href":"https:\/\/www.entelequiacultura.com\/ca\/wp-json\/wp\/v2\/comments?post=43680"}],"version-history":[{"count":1,"href":"https:\/\/www.entelequiacultura.com\/ca\/wp-json\/wp\/v2\/pages\/43680\/revisions"}],"predecessor-version":[{"id":43682,"href":"https:\/\/www.entelequiacultura.com\/ca\/wp-json\/wp\/v2\/pages\/43680\/revisions\/43682"}],"wp:featuredmedia":[{"embeddable":true,"href":"https:\/\/www.entelequiacultura.com\/ca\/wp-json\/wp\/v2\/media\/43667"}],"wp:attachment":[{"href":"https:\/\/www.entelequiacultura.com\/ca\/wp-json\/wp\/v2\/media?parent=43680"}],"curies":[{"name":"wp","href":"https:\/\/api.w.org\/{rel}","templated":true}]}}