{"id":41001,"date":"2024-04-28T12:57:44","date_gmt":"2024-04-28T10:57:44","guid":{"rendered":"https:\/\/www.entelequiacultura.com\/?page_id=41001"},"modified":"2025-06-30T23:29:40","modified_gmt":"2025-06-30T21:29:40","slug":"carlos-javier-gonzalez-serrano","status":"publish","type":"page","link":"https:\/\/www.entelequiacultura.com\/ca\/carlos-javier-gonzalez-serrano\/","title":{"rendered":"Carlos Javier Gonz\u00e1lez Serrano"},"content":{"rendered":"<div class=\"row \"><div class=\"wpv-grid grid-1-1  wpv-first-level first unextended\" style=\"padding-top:0px;padding-bottom:0px\" id=\"wpv-column-aa199fc579080b8c7f7ce0303f9e6cd2\" ><div class=\"row \"><div class=\"wpv-grid grid-1-2  first unextended\" style=\"padding-top:0px;padding-bottom:0px\" id=\"wpv-column-ae2c50c2bd9ce233ded220625e5dfe77\" ><div class=\"row \"><div class=\"wpv-grid grid-1-1  first unextended\" style=\"padding-top:0px;padding-bottom:0px\" id=\"wpv-column-ce9b8b4cd708fc8f7222bdf348a27905\" ><p><img loading=\"lazy\" decoding=\"async\" class=\"alignnone wp-image-41043 size-full\" src=\"https:\/\/www.entelequiacultura.com\/wp-content\/uploads\/2024\/04\/carlos-javier-650.jpg\" alt=\"\" width=\"650\" height=\"650\" srcset=\"https:\/\/www.entelequiacultura.com\/wp-content\/uploads\/2024\/04\/carlos-javier-650.jpg 650w, https:\/\/www.entelequiacultura.com\/wp-content\/uploads\/2024\/04\/carlos-javier-650-300x300.jpg 300w, https:\/\/www.entelequiacultura.com\/wp-content\/uploads\/2024\/04\/carlos-javier-650-150x150.jpg 150w, https:\/\/www.entelequiacultura.com\/wp-content\/uploads\/2024\/04\/carlos-javier-650-60x60.jpg 60w, https:\/\/www.entelequiacultura.com\/wp-content\/uploads\/2024\/04\/carlos-javier-650-43x43.jpg 43w, https:\/\/www.entelequiacultura.com\/wp-content\/uploads\/2024\/04\/carlos-javier-650-106x106.jpg 106w, https:\/\/www.entelequiacultura.com\/wp-content\/uploads\/2024\/04\/carlos-javier-650-555x555.jpg 555w, https:\/\/www.entelequiacultura.com\/wp-content\/uploads\/2024\/04\/carlos-javier-650-360x360.jpg 360w, https:\/\/www.entelequiacultura.com\/wp-content\/uploads\/2024\/04\/carlos-javier-650-262x262.jpg 262w, https:\/\/www.entelequiacultura.com\/wp-content\/uploads\/2024\/04\/carlos-javier-650-600x600.jpg 600w, https:\/\/www.entelequiacultura.com\/wp-content\/uploads\/2024\/04\/carlos-javier-650-100x100.jpg 100w\" sizes=\"(max-width: 650px) 100vw, 650px\" \/><\/div><\/div><\/div>\n<div class=\"wpv-grid grid-1-2  unextended\" style=\"padding-top:0px;padding-bottom:0px\" id=\"wpv-column-7bac3ce1f37985f864ec62d2c0b0e338\" ><div class=\"row \"><div class=\"wpv-grid grid-1-1  first unextended\" style=\"padding-top:0px;padding-bottom:0px\" id=\"wpv-column-52ab54bdc95907127f056cce9b49df6c\" ><p>CARLOS JAVIER GONZ\u00c1LEZ SERRANO, Llicenciat en Filosofia, M\u00e0ster en Psicologia del Treball i de les Organitzacions i Gesti\u00f3 de Recursos Humans, M\u00e0ster en Psicologia Cl\u00ednica i Psicoter\u00e0pia, M\u00e0ster en Estudis Avan\u00e7ats en Filosofia, M\u00e0ster en Psicologia Cl\u00ednica i Psicoter\u00e0pia Infantojuvenil i M\u00e0ster del Professorat d\u2019Educaci\u00f3 Secund\u00e0ria Obligat\u00f2ria i Batxillerat, diplomat en suport psicol\u00f2gic i social en situacions de crisis.<\/p>\n<p>Col\u00b7labora com a periodista especialitzat, columnista i cr\u00edtic cultural per a nombroses publicacions, tant acad\u00e8miques com divulgatives, aix\u00ed com per a premsa nacional i internacional. Dirigeix el programa <em>A la llum del pensar<\/em>, en R\u00e0dio Nacional d\u2019Espanya (RNE)\u200b. Dirigeix i presenta en Televisi\u00f3 Espanyola (TVE) la secci\u00f3 \u00abEl lloc que pensa\u00bb, en el programa <em>Per a Tots La 2.<\/em> Director cient\u00edfic del Caf\u00e8 de l\u2019Observatori Social de la Fundaci\u00f3 La Caixa. Ha treballat i treballa com a gestor i coordinador de diversos equips editorials i period\u00edstics, i forma part de l\u2019equip de direcci\u00f3 i coordinaci\u00f3 de diferents revistes acad\u00e8miques. Imparteix xerrades, confer\u00e8ncies i cursos sobre les seves \u00e0rees d\u2019especialitzaci\u00f3 (filosofia, literatura, psicologia infantojuvenil, direcci\u00f3 cultural, gesti\u00f3 d\u2019equips, comunicaci\u00f3, edici\u00f3 i escriptura, teoria del dret) en diverses institucions p\u00fabliques i privades, tant nacionals com internacionals.<\/p>\n<p>President de la Societat d\u2019Estudis en Espa\u00f1ol sobre Schopenhauer. Ambaixador de la Internationale Philipp Mainl\u00e4nder-*Gesellschaft. Director de <em>Schopenhaueriana. Revista espanyola d\u2019estudis sobre Schopenhauer<\/em>. Membre del Comit\u00e8 Directiu de la Societat Iberoamericana d\u2019Estudis sobre Pessimisme (SIEP). Membre de la International Society of Boredom Studies.<\/p>\n<p>Autor i editor de diversos volums literaris i assatg\u00edstics. El seu \u00faltim llibre \u00e9s \u201cUna filosofia de la resist\u00e8ncia (Destino, 2024).<\/div><\/div><\/div><\/div><\/div><\/div>\n\t\t<div class=\"sep-text single centered\">\n\t\t\t\t\t\t\t<span class=\"sep-text-before\"><div class=\"sep-text-line\"><\/div><\/span>\n\t\t\t\t\t\t<div class=\"content\">\n\t\t\t\t<h2 class=\"text-divider-double\">\nEsdeveniments amb l&#8217;autor<\/h2>\t\t\t<\/div>\n\t\t\t<span class=\"sep-text-after\"><div class=\"sep-text-line\"><\/div><\/span>\n\t\t\t\t\t<\/div>\n\t\n<div class=\"row \"><div class=\"wpv-grid grid-1-1  wpv-first-level first extended no-extended-padding\" style=\"padding-top:0px;padding-bottom:0px\" id=\"wpv-column-24f0dde8f426d9952c8f8cbeb0ff2413\" ><div class=\"extended-column-inner\"><div class=\"row \"><div class=\"wpv-grid grid-1-3  first has-background unextended animation-fade-in animated-active\" style=\"\n\t\t\t\tbackground: url('https:\/\/www.entelequiacultura.com\/wp-content\/uploads\/2025\/04\/segovia-alcazar.jpg') no-repeat center top;\n\t\t\t\tbackground-size: cover;\n\t\t\t\tbackground-attachment: ;\n\t\t\tbackground-color:#0607df;padding-top:0px;padding-bottom:20px\" id=\"wpv-column-12d5231f5a601c9552b47051a39fb7ea\" ><style>#wpv-column-12d5231f5a601c9552b47051a39fb7ea p,#wpv-column-12d5231f5a601c9552b47051a39fb7ea em,#wpv-column-12d5231f5a601c9552b47051a39fb7ea .column-title,#wpv-column-12d5231f5a601c9552b47051a39fb7ea .sep-text h2.regular-title-wrapper,#wpv-column-12d5231f5a601c9552b47051a39fb7ea .text-divider-double,#wpv-column-12d5231f5a601c9552b47051a39fb7ea .sep-text .sep-text-line,#wpv-column-12d5231f5a601c9552b47051a39fb7ea .sep,#wpv-column-12d5231f5a601c9552b47051a39fb7ea .sep-2,#wpv-column-12d5231f5a601c9552b47051a39fb7ea .sep-3{color:#e6e6fe;}#wpv-column-12d5231f5a601c9552b47051a39fb7ea:before{background-color:transparent;}<\/style><div class=\"row \"><div class=\"wpv-grid grid-1-1  first unextended animation-zoom-in animated-active\" style=\"padding-top:0px;padding-bottom:0px\" id=\"wpv-column-c41ed64940d45d241899595b58033652\" ><div class=\"push\" style='height:40px'><\/div>\n<h1 style=\"text-align: center; color: #ffffff;\"><span style=\"color: #ffffff;\">Seg\u00f2via: un lloc de la paraula<\/span><\/h1>\n<p style=\"text-align: center; color: #ffffff;\"><div class=\"push\" style='height:40px'><\/div>\n<p style=\"text-align: center; color: #ffffff;\"><p class=\"textcenter\"><a href=\"https:\/\/www.entelequiacultura.com\/ca\/esdeveniment\/retir-segovia-2025\/\" target=\"_self\" style='font-size: 18px;' class=\"button vamtam-button accent8  button-border hover-accent1 \"><span class=\"btext\">VEURE<\/span><\/a><\/p><\/div><\/div>\n<div class=\"row \"><div class=\"wpv-grid grid-1-1  first unextended\" style=\"padding-top:0px;padding-bottom:0px\" id=\"wpv-column-19a598194dc1fee2b3e91a46fc000c34\" ><p style=\"text-align: left;\">Retir cultural<br \/>\n4 a 7 de setembre 2025<br \/>\nHotel San Antonio el Real (Seg\u00f2via)<\/div><\/div><\/div>\n<div class=\"wpv-grid grid-1-3  has-background unextended animation-fade-in animated-active\" style=\"\n\t\t\t\tbackground: url('https:\/\/www.entelequiacultura.com\/wp-content\/uploads\/2025\/01\/sitges-el-pais.jpeg') no-repeat center top;\n\t\t\t\tbackground-size: cover;\n\t\t\t\tbackground-attachment: ;\n\t\t\tbackground-color:#0607df;padding-top:0px;padding-bottom:20px\" id=\"wpv-column-a569673812ade9a964e513bc96a340fb\" ><style>#wpv-column-a569673812ade9a964e513bc96a340fb p,#wpv-column-a569673812ade9a964e513bc96a340fb em,#wpv-column-a569673812ade9a964e513bc96a340fb .column-title,#wpv-column-a569673812ade9a964e513bc96a340fb .sep-text h2.regular-title-wrapper,#wpv-column-a569673812ade9a964e513bc96a340fb .text-divider-double,#wpv-column-a569673812ade9a964e513bc96a340fb .sep-text .sep-text-line,#wpv-column-a569673812ade9a964e513bc96a340fb .sep,#wpv-column-a569673812ade9a964e513bc96a340fb .sep-2,#wpv-column-a569673812ade9a964e513bc96a340fb .sep-3{color:#e6e6fe;}#wpv-column-a569673812ade9a964e513bc96a340fb:before{background-color:transparent;}<\/style><div class=\"row \"><div class=\"wpv-grid grid-1-1  first unextended animation-zoom-in animated-active\" style=\"padding-top:0px;padding-bottom:0px\" id=\"wpv-column-e7d942e680f18770a9cc720c65be2757\" ><div class=\"push\" style='height:40px'><\/div>\n<h1 style=\"text-align: center; color: #ffffff;\"><span style=\"color: #ffffff;\">Filosofia i contemplaci\u00f3<\/span><\/h1>\n<p style=\"text-align: center; color: #ffffff;\"><div class=\"push\" style='height:40px'><\/div>\n<p style=\"text-align: center; color: #ffffff;\"><p class=\"textcenter\"><a href=\"https:\/\/www.entelequiacultura.com\/ca\/esdeveniment\/retir-carlos-javier-2025\/\" target=\"_self\" style='font-size: 18px;' class=\"button vamtam-button accent8  button-border hover-accent1 \"><span class=\"btext\">VEURE<\/span><\/a><\/p><\/div><\/div>\n<div class=\"row \"><div class=\"wpv-grid grid-1-1  first unextended\" style=\"padding-top:0px;padding-bottom:0px\" id=\"wpv-column-734289c36f9f0a80a279937d97bdb042\" ><p style=\"text-align: left;\">Retir cultural<br \/>\n4, 5 i 6 d&#8217;abril 2025<br \/>\nHotel Rom\u00e0ntic, Sitges (Barcelona)<\/div><\/div><\/div>\n<div class=\"wpv-grid grid-1-3  has-background unextended animation-fade-in animated-active\" style=\"\n\t\t\t\tbackground: url('https:\/\/www.entelequiacultura.com\/wp-content\/uploads\/2023\/06\/IMG_6977-scaled.jpg') no-repeat center top;\n\t\t\t\tbackground-size: cover;\n\t\t\t\tbackground-attachment: ;\n\t\t\tbackground-color:#0607df;padding-top:0px;padding-bottom:20px\" id=\"wpv-column-69f9a1816f6ffa77a0ef29812e1b34a3\" ><style>#wpv-column-69f9a1816f6ffa77a0ef29812e1b34a3 p,#wpv-column-69f9a1816f6ffa77a0ef29812e1b34a3 em,#wpv-column-69f9a1816f6ffa77a0ef29812e1b34a3 .column-title,#wpv-column-69f9a1816f6ffa77a0ef29812e1b34a3 .sep-text h2.regular-title-wrapper,#wpv-column-69f9a1816f6ffa77a0ef29812e1b34a3 .text-divider-double,#wpv-column-69f9a1816f6ffa77a0ef29812e1b34a3 .sep-text .sep-text-line,#wpv-column-69f9a1816f6ffa77a0ef29812e1b34a3 .sep,#wpv-column-69f9a1816f6ffa77a0ef29812e1b34a3 .sep-2,#wpv-column-69f9a1816f6ffa77a0ef29812e1b34a3 .sep-3{color:#e6e6fe;}#wpv-column-69f9a1816f6ffa77a0ef29812e1b34a3:before{background-color:transparent;}<\/style><div class=\"row \"><div class=\"wpv-grid grid-1-1  first unextended animation-zoom-in animated-active\" style=\"padding-top:0px;padding-bottom:0px\" id=\"wpv-column-1f9a034c7768ec35b38dbbfd44a82886\" ><div class=\"push\" style='height:40px'><\/div>\n<h1 style=\"text-align: center; color: #ffffff;\"><span style=\"color: #ffffff;\">Filosofia i literatura: narrar el pensament<\/span><\/h1>\n<p style=\"text-align: center; color: #ffffff;\"><div class=\"push\" style='height:40px'><\/div>\n<p style=\"text-align: center; color: #ffffff;\"><p class=\"textcenter\"><a href=\"https:\/\/www.entelequiacultura.com\/ca\/esdeveniment\/retir-carlos-javier-gonzalez-serrano\/\" target=\"_self\" style='font-size: 18px;' class=\"button vamtam-button accent8  button-border hover-accent1 \"><span class=\"btext\">VEURE<\/span><\/a><\/p><\/div><\/div>\n<div class=\"row \"><div class=\"wpv-grid grid-1-1  first unextended\" style=\"padding-top:0px;padding-bottom:0px\" id=\"wpv-column-0250a68e45c4172b91c5bcccd8147932\" ><p style=\"text-align: left;\">Retir cultural<br \/>\n18, 19 i 20 d&#8217;octubre 2024<br \/>\nLa sala de Cam\u00f3s, Girona<\/div><\/div><\/div><\/div>\n<div class=\"row \"><div class=\"wpv-grid grid-1-3  first has-background unextended animation-fade-in animated-active\" style=\"\n\t\t\t\tbackground: url('https:\/\/www.entelequiacultura.com\/wp-content\/uploads\/2023\/11\/post-blog.jpg') no-repeat center top;\n\t\t\t\tbackground-size: cover;\n\t\t\t\tbackground-attachment: ;\n\t\t\tbackground-color:#0607df;padding-top:0px;padding-bottom:20px\" id=\"wpv-column-4de671b0a7baf1a828afa3606992258f\" ><style>#wpv-column-4de671b0a7baf1a828afa3606992258f p,#wpv-column-4de671b0a7baf1a828afa3606992258f em,#wpv-column-4de671b0a7baf1a828afa3606992258f .column-title,#wpv-column-4de671b0a7baf1a828afa3606992258f .sep-text h2.regular-title-wrapper,#wpv-column-4de671b0a7baf1a828afa3606992258f .text-divider-double,#wpv-column-4de671b0a7baf1a828afa3606992258f .sep-text .sep-text-line,#wpv-column-4de671b0a7baf1a828afa3606992258f .sep,#wpv-column-4de671b0a7baf1a828afa3606992258f .sep-2,#wpv-column-4de671b0a7baf1a828afa3606992258f .sep-3{color:#e6e6fe;}#wpv-column-4de671b0a7baf1a828afa3606992258f:before{background-color:transparent;}<\/style><div class=\"row \"><div class=\"wpv-grid grid-1-1  first unextended animation-zoom-in animated-active\" style=\"padding-top:0px;padding-bottom:0px\" id=\"wpv-column-50db056a871d77a2d973c115f5e4b737\" ><div class=\"push\" style='height:40px'><\/div>\n<h1 style=\"text-align: center; color: #ffffff;\"><span style=\"color: #ffffff;\">Un pensar filos\u00f2fic des de la resist\u00e8ncia<\/span><\/h1>\n<p style=\"text-align: center; color: #ffffff;\"><div class=\"push\" style='height:40px'><\/div>\n<p style=\"text-align: center; color: #ffffff;\"><p class=\"textcenter\"><a href=\"https:\/\/www.entelequiacultura.com\/ca\/esdeveniment\/un-pensar-filosofic\/\" target=\"_self\" style='font-size: 18px;' class=\"button vamtam-button accent8  button-border hover-accent1 \"><span class=\"btext\">VEURE<\/span><\/a><\/p><\/div><\/div>\n<div class=\"row \"><div class=\"wpv-grid grid-1-1  first unextended\" style=\"padding-top:0px;padding-bottom:0px\" id=\"wpv-column-3700946856cec754129e91da39606b5d\" ><p style=\"text-align: left;\">Seminari<br \/>\n25 maig 2024<\/div><\/div><\/div><\/div><\/div><\/div><\/div>\n<div class=\"push\" style='height:10px'><\/div>\n","protected":false},"excerpt":{"rendered":"<p>CARLOS JAVIER GONZ\u00c1LEZ SERRANO, Llicenciat en Filosofia, M\u00e0ster en Psicologia del Treball i de les Organitzacions i Gesti\u00f3 de Recursos Humans, M\u00e0ster en Psicologia Cl\u00ednica i Psicoter\u00e0pia, M\u00e0ster en Estudis&#8230;<\/p>\n","protected":false},"author":1,"featured_media":41043,"parent":0,"menu_order":0,"comment_status":"closed","ping_status":"closed","template":"","meta":{"_price":"","_stock":"","_tribe_ticket_header":"","_tribe_default_ticket_provider":"","_tribe_ticket_capacity":"0","_ticket_start_date":"","_ticket_end_date":"","_tribe_ticket_show_description":"","_tribe_ticket_show_not_going":false,"_tribe_ticket_use_global_stock":"","_tribe_ticket_global_stock_level":"","_global_stock_mode":"","_global_stock_cap":"","_tribe_rsvp_for_event":"","_tribe_ticket_going_count":"","_tribe_ticket_not_going_count":"","_tribe_tickets_list":"[]","_tribe_ticket_has_attendee_info_fields":false,"footnotes":"","_tec_slr_enabled":"","_tec_slr_layout":""},"class_list":["post-41001","page","type-page","status-publish","has-post-thumbnail","hentry"],"aioseo_notices":[],"aioseo_head":"\n\t\t<!-- All in One SEO 5.0.1.1 - aioseo.com -->\n\t<meta name=\"description\" content=\"CARLOS JAVIER GONZ\u00c1LEZ SERRANO, Llicenciat en Filosofia, M\u00e0ster en Psicologia del Treball i de les Organitzacions i Gesti\u00f3 de Recursos Humans, M\u00e0ster en Psicologia Cl\u00ednica i Psicoter\u00e0pia, M\u00e0ster en Estudis Avan\u00e7ats en Filosofia, M\u00e0ster en Psicologia Cl\u00ednica i Psicoter\u00e0pia Infantojuvenil i M\u00e0ster del Professorat d\u2019Educaci\u00f3 Secund\u00e0ria Obligat\u00f2ria i Batxillerat, diplomat en suport psicol\u00f2gic i social\" \/>\n\t<meta name=\"robots\" content=\"max-image-preview:large\" \/>\n\t<link rel=\"canonical\" href=\"https:\/\/www.entelequiacultura.com\/ca\/carlos-javier-gonzalez-serrano\/\" \/>\n\t<meta name=\"generator\" content=\"All in One SEO (AIOSEO) 5.0.1.1\" \/>\n\t\t<meta property=\"og:locale\" content=\"ca_ES\" \/>\n\t\t<meta property=\"og:site_name\" content=\"Entelequia Cultura - Retiros Culturales\" \/>\n\t\t<meta property=\"og:type\" content=\"article\" \/>\n\t\t<meta property=\"og:title\" content=\"Carlos Javier Gonz\u00e1lez Serrano\" \/>\n\t\t<meta property=\"og:description\" content=\"CARLOS JAVIER GONZ\u00c1LEZ SERRANO, Llicenciat en Filosofia, M\u00e0ster en Psicologia del Treball i de les Organitzacions i Gesti\u00f3 de Recursos Humans, M\u00e0ster en Psicologia Cl\u00ednica i Psicoter\u00e0pia, M\u00e0ster en Estudis Avan\u00e7ats en Filosofia, M\u00e0ster en Psicologia Cl\u00ednica i Psicoter\u00e0pia Infantojuvenil i M\u00e0ster del Professorat d\u2019Educaci\u00f3 Secund\u00e0ria Obligat\u00f2ria i Batxillerat, diplomat en suport psicol\u00f2gic i social\" \/>\n\t\t<meta property=\"og:url\" content=\"https:\/\/www.entelequiacultura.com\/ca\/carlos-javier-gonzalez-serrano\/\" \/>\n\t\t<meta property=\"og:image\" content=\"https:\/\/www.entelequiacultura.com\/wp-content\/uploads\/2024\/01\/Agustin-650.jpg\" \/>\n\t\t<meta property=\"og:image:secure_url\" content=\"https:\/\/www.entelequiacultura.com\/wp-content\/uploads\/2024\/01\/Agustin-650.jpg\" \/>\n\t\t<meta property=\"og:image:width\" content=\"650\" \/>\n\t\t<meta property=\"og:image:height\" content=\"650\" \/>\n\t\t<meta property=\"article:published_time\" content=\"2024-04-28T10:57:44+00:00\" \/>\n\t\t<meta property=\"article:modified_time\" content=\"2025-06-30T21:29:40+00:00\" \/>\n\t\t<meta property=\"article:publisher\" content=\"https:\/\/www.facebook.com\/entelequiacultura\" \/>\n\t\t<meta name=\"twitter:card\" content=\"summary\" \/>\n\t\t<meta name=\"twitter:site\" content=\"@entelequiacult\" \/>\n\t\t<meta name=\"twitter:title\" content=\"Carlos Javier Gonz\u00e1lez Serrano\" \/>\n\t\t<meta name=\"twitter:description\" content=\"CARLOS JAVIER GONZ\u00c1LEZ SERRANO, Llicenciat en Filosofia, M\u00e0ster en Psicologia del Treball i de les Organitzacions i Gesti\u00f3 de Recursos Humans, M\u00e0ster en Psicologia Cl\u00ednica i Psicoter\u00e0pia, M\u00e0ster en Estudis Avan\u00e7ats en Filosofia, M\u00e0ster en Psicologia Cl\u00ednica i Psicoter\u00e0pia Infantojuvenil i M\u00e0ster del Professorat d\u2019Educaci\u00f3 Secund\u00e0ria Obligat\u00f2ria i Batxillerat, diplomat en suport psicol\u00f2gic i social\" \/>\n\t\t<meta name=\"twitter:creator\" content=\"@entelequiacult\" \/>\n\t\t<meta name=\"twitter:image\" content=\"https:\/\/www.entelequiacultura.com\/wp-content\/uploads\/2024\/01\/Agustin-650.jpg\" \/>\n\t\t<script type=\"application\/ld+json\" class=\"aioseo-schema\">\n\t\t\t{\"@context\":\"https:\\\/\\\/schema.org\",\"@graph\":[{\"@type\":\"BreadcrumbList\",\"@id\":\"https:\\\/\\\/www.entelequiacultura.com\\\/ca\\\/carlos-javier-gonzalez-serrano\\\/#breadcrumblist\",\"itemListElement\":[{\"@type\":\"ListItem\",\"@id\":\"https:\\\/\\\/www.entelequiacultura.com\\\/ca\\\/#listItem\",\"position\":1,\"name\":\"Home\",\"item\":\"https:\\\/\\\/www.entelequiacultura.com\\\/ca\\\/\",\"nextItem\":{\"@type\":\"ListItem\",\"@id\":\"https:\\\/\\\/www.entelequiacultura.com\\\/ca\\\/carlos-javier-gonzalez-serrano\\\/#listItem\",\"name\":\"Carlos Javier Gonz\\u00e1lez Serrano\"}},{\"@type\":\"ListItem\",\"@id\":\"https:\\\/\\\/www.entelequiacultura.com\\\/ca\\\/carlos-javier-gonzalez-serrano\\\/#listItem\",\"position\":2,\"name\":\"Carlos Javier Gonz\\u00e1lez Serrano\",\"previousItem\":{\"@type\":\"ListItem\",\"@id\":\"https:\\\/\\\/www.entelequiacultura.com\\\/ca\\\/#listItem\",\"name\":\"Home\"}}]},{\"@type\":\"Organization\",\"@id\":\"https:\\\/\\\/www.entelequiacultura.com\\\/ca\\\/#organization\",\"name\":\"Entelequia Cultura\",\"description\":\"Retiros Culturales\",\"url\":\"https:\\\/\\\/www.entelequiacultura.com\\\/ca\\\/\",\"sameAs\":[\"https:\\\/\\\/www.facebook.com\\\/entelequiacultura\",\"https:\\\/\\\/twitter.com\\\/entelequiacult\"]},{\"@type\":\"WebPage\",\"@id\":\"https:\\\/\\\/www.entelequiacultura.com\\\/ca\\\/carlos-javier-gonzalez-serrano\\\/#webpage\",\"url\":\"https:\\\/\\\/www.entelequiacultura.com\\\/ca\\\/carlos-javier-gonzalez-serrano\\\/\",\"name\":\"Carlos Javier Gonz\\u00e1lez Serrano - Entelequia Cultura\",\"description\":\"CARLOS JAVIER GONZ\\u00c1LEZ SERRANO, Llicenciat en Filosofia, M\\u00e0ster en Psicologia del Treball i de les Organitzacions i Gesti\\u00f3 de Recursos Humans, M\\u00e0ster en Psicologia Cl\\u00ednica i Psicoter\\u00e0pia, M\\u00e0ster en Estudis Avan\\u00e7ats en Filosofia, M\\u00e0ster en Psicologia Cl\\u00ednica i Psicoter\\u00e0pia Infantojuvenil i M\\u00e0ster del Professorat d\\u2019Educaci\\u00f3 Secund\\u00e0ria Obligat\\u00f2ria i Batxillerat, diplomat en suport psicol\\u00f2gic i social\",\"inLanguage\":\"ca\",\"isPartOf\":{\"@id\":\"https:\\\/\\\/www.entelequiacultura.com\\\/ca\\\/#website\"},\"breadcrumb\":{\"@id\":\"https:\\\/\\\/www.entelequiacultura.com\\\/ca\\\/carlos-javier-gonzalez-serrano\\\/#breadcrumblist\"},\"image\":{\"@type\":\"ImageObject\",\"url\":\"https:\\\/\\\/www.entelequiacultura.com\\\/wp-content\\\/uploads\\\/2024\\\/04\\\/carlos-javier-650.jpg\",\"@id\":\"https:\\\/\\\/www.entelequiacultura.com\\\/ca\\\/carlos-javier-gonzalez-serrano\\\/#mainImage\",\"width\":650,\"height\":650},\"primaryImageOfPage\":{\"@id\":\"https:\\\/\\\/www.entelequiacultura.com\\\/ca\\\/carlos-javier-gonzalez-serrano\\\/#mainImage\"},\"datePublished\":\"2024-04-28T12:57:44+02:00\",\"dateModified\":\"2025-06-30T23:29:40+02:00\"},{\"@type\":\"WebSite\",\"@id\":\"https:\\\/\\\/www.entelequiacultura.com\\\/ca\\\/#website\",\"url\":\"https:\\\/\\\/www.entelequiacultura.com\\\/ca\\\/\",\"name\":\"Entelequia Cultura\",\"description\":\"Retiros Culturales\",\"inLanguage\":\"ca\",\"publisher\":{\"@id\":\"https:\\\/\\\/www.entelequiacultura.com\\\/ca\\\/#organization\"}}]}\n\t\t<\/script>\n\t\t<!-- All in One SEO -->\n\n","aioseo_head_json":{"title":"Carlos Javier Gonz\u00e1lez Serrano - Entelequia Cultura","description":"CARLOS JAVIER GONZ\u00c1LEZ SERRANO, Llicenciat en Filosofia, M\u00e0ster en Psicologia del Treball i de les Organitzacions i Gesti\u00f3 de Recursos Humans, M\u00e0ster en Psicologia Cl\u00ednica i Psicoter\u00e0pia, M\u00e0ster en Estudis Avan\u00e7ats en Filosofia, M\u00e0ster en Psicologia Cl\u00ednica i Psicoter\u00e0pia Infantojuvenil i M\u00e0ster del Professorat d\u2019Educaci\u00f3 Secund\u00e0ria Obligat\u00f2ria i Batxillerat, diplomat en suport psicol\u00f2gic i social","canonical_url":"https:\/\/www.entelequiacultura.com\/ca\/carlos-javier-gonzalez-serrano\/","robots":"max-image-preview:large","keywords":"","webmasterTools":{"miscellaneous":""},"schema":{"@context":"https:\/\/schema.org","@graph":[{"@type":"BreadcrumbList","@id":"https:\/\/www.entelequiacultura.com\/ca\/carlos-javier-gonzalez-serrano\/#breadcrumblist","itemListElement":[{"@type":"ListItem","@id":"https:\/\/www.entelequiacultura.com\/ca\/#listItem","position":1,"name":"Home","item":"https:\/\/www.entelequiacultura.com\/ca\/","nextItem":{"@type":"ListItem","@id":"https:\/\/www.entelequiacultura.com\/ca\/carlos-javier-gonzalez-serrano\/#listItem","name":"Carlos Javier Gonz\u00e1lez Serrano"}},{"@type":"ListItem","@id":"https:\/\/www.entelequiacultura.com\/ca\/carlos-javier-gonzalez-serrano\/#listItem","position":2,"name":"Carlos Javier Gonz\u00e1lez Serrano","previousItem":{"@type":"ListItem","@id":"https:\/\/www.entelequiacultura.com\/ca\/#listItem","name":"Home"}}]},{"@type":"Organization","@id":"https:\/\/www.entelequiacultura.com\/ca\/#organization","name":"Entelequia Cultura","description":"Retiros Culturales","url":"https:\/\/www.entelequiacultura.com\/ca\/","sameAs":["https:\/\/www.facebook.com\/entelequiacultura","https:\/\/twitter.com\/entelequiacult"]},{"@type":"WebPage","@id":"https:\/\/www.entelequiacultura.com\/ca\/carlos-javier-gonzalez-serrano\/#webpage","url":"https:\/\/www.entelequiacultura.com\/ca\/carlos-javier-gonzalez-serrano\/","name":"Carlos Javier Gonz\u00e1lez Serrano - Entelequia Cultura","description":"CARLOS JAVIER GONZ\u00c1LEZ SERRANO, Llicenciat en Filosofia, M\u00e0ster en Psicologia del Treball i de les Organitzacions i Gesti\u00f3 de Recursos Humans, M\u00e0ster en Psicologia Cl\u00ednica i Psicoter\u00e0pia, M\u00e0ster en Estudis Avan\u00e7ats en Filosofia, M\u00e0ster en Psicologia Cl\u00ednica i Psicoter\u00e0pia Infantojuvenil i M\u00e0ster del Professorat d\u2019Educaci\u00f3 Secund\u00e0ria Obligat\u00f2ria i Batxillerat, diplomat en suport psicol\u00f2gic i social","inLanguage":"ca","isPartOf":{"@id":"https:\/\/www.entelequiacultura.com\/ca\/#website"},"breadcrumb":{"@id":"https:\/\/www.entelequiacultura.com\/ca\/carlos-javier-gonzalez-serrano\/#breadcrumblist"},"image":{"@type":"ImageObject","url":"https:\/\/www.entelequiacultura.com\/wp-content\/uploads\/2024\/04\/carlos-javier-650.jpg","@id":"https:\/\/www.entelequiacultura.com\/ca\/carlos-javier-gonzalez-serrano\/#mainImage","width":650,"height":650},"primaryImageOfPage":{"@id":"https:\/\/www.entelequiacultura.com\/ca\/carlos-javier-gonzalez-serrano\/#mainImage"},"datePublished":"2024-04-28T12:57:44+02:00","dateModified":"2025-06-30T23:29:40+02:00"},{"@type":"WebSite","@id":"https:\/\/www.entelequiacultura.com\/ca\/#website","url":"https:\/\/www.entelequiacultura.com\/ca\/","name":"Entelequia Cultura","description":"Retiros Culturales","inLanguage":"ca","publisher":{"@id":"https:\/\/www.entelequiacultura.com\/ca\/#organization"}}]},"og:locale":"ca_ES","og:site_name":"Entelequia Cultura - Retiros Culturales","og:type":"article","og:title":"Carlos Javier Gonz\u00e1lez Serrano","og:description":"CARLOS JAVIER GONZ\u00c1LEZ SERRANO, Llicenciat en Filosofia, M\u00e0ster en Psicologia del Treball i de les Organitzacions i Gesti\u00f3 de Recursos Humans, M\u00e0ster en Psicologia Cl\u00ednica i Psicoter\u00e0pia, M\u00e0ster en Estudis Avan\u00e7ats en Filosofia, M\u00e0ster en Psicologia Cl\u00ednica i Psicoter\u00e0pia Infantojuvenil i M\u00e0ster del Professorat d\u2019Educaci\u00f3 Secund\u00e0ria Obligat\u00f2ria i Batxillerat, diplomat en suport psicol\u00f2gic i social","og:url":"https:\/\/www.entelequiacultura.com\/ca\/carlos-javier-gonzalez-serrano\/","og:image":"https:\/\/www.entelequiacultura.com\/wp-content\/uploads\/2024\/01\/Agustin-650.jpg","og:image:secure_url":"https:\/\/www.entelequiacultura.com\/wp-content\/uploads\/2024\/01\/Agustin-650.jpg","og:image:width":650,"og:image:height":650,"article:published_time":"2024-04-28T10:57:44+00:00","article:modified_time":"2025-06-30T21:29:40+00:00","article:publisher":"https:\/\/www.facebook.com\/entelequiacultura","twitter:card":"summary","twitter:site":"@entelequiacult","twitter:title":"Carlos Javier Gonz\u00e1lez Serrano","twitter:description":"CARLOS JAVIER GONZ\u00c1LEZ SERRANO, Llicenciat en Filosofia, M\u00e0ster en Psicologia del Treball i de les Organitzacions i Gesti\u00f3 de Recursos Humans, M\u00e0ster en Psicologia Cl\u00ednica i Psicoter\u00e0pia, M\u00e0ster en Estudis Avan\u00e7ats en Filosofia, M\u00e0ster en Psicologia Cl\u00ednica i Psicoter\u00e0pia Infantojuvenil i M\u00e0ster del Professorat d\u2019Educaci\u00f3 Secund\u00e0ria Obligat\u00f2ria i Batxillerat, diplomat en suport psicol\u00f2gic i social","twitter:creator":"@entelequiacult","twitter:image":"https:\/\/www.entelequiacultura.com\/wp-content\/uploads\/2024\/01\/Agustin-650.jpg"},"aioseo_meta_data":{"post_id":"41001","title":null,"description":null,"keywords":null,"keyphrases":{"focus":{"keyphrase":"","score":0,"analysis":{"keyphraseInTitle":{"score":0,"maxScore":9,"error":1}}},"additional":[]},"primary_term":null,"canonical_url":null,"og_title":"#post_title","og_description":"#post_content","og_object_type":"article","og_image_type":"custom_image","og_image_url":"https:\/\/www.entelequiacultura.com\/wp-content\/uploads\/2024\/01\/Agustin-650.jpg","og_image_width":"650","og_image_height":"650","og_image_custom_url":"https:\/\/www.entelequiacultura.com\/wp-content\/uploads\/2024\/01\/Agustin-650.jpg","og_image_custom_fields":null,"og_video":"","og_custom_url":null,"og_article_section":null,"og_article_tags":null,"twitter_use_og":true,"twitter_card":"summary","twitter_image_type":"default","twitter_image_url":null,"twitter_image_custom_url":null,"twitter_image_custom_fields":null,"twitter_title":"Berta Ares","twitter_description":null,"schema":{"blockGraphs":[],"customGraphs":[],"default":{"data":{"Article":[],"Course":[],"Dataset":[],"FAQPage":[],"Movie":[],"Person":[],"Product":[],"ProductReview":[],"Car":[],"Recipe":[],"Service":[],"SoftwareApplication":[],"WebPage":{"id":"#aioseo-web-page-641ad85d53007","slug":"web-page","graphName":"WebPage","label":"P\u00e1gina web","properties":{"type":"WebPage","name":"","description":""}}},"graphName":"WebPage","isEnabled":true},"graphs":[]},"schema_type":"default","schema_type_options":"{\"article\":{\"articleType\":\"BlogPosting\"},\"course\":{\"name\":\"\",\"description\":\"\",\"provider\":\"\"},\"faq\":{\"pages\":[]},\"product\":{\"reviews\":[]},\"recipe\":{\"ingredients\":[],\"instructions\":[],\"keywords\":[]},\"software\":{\"reviews\":[],\"operatingSystems\":[]},\"webPage\":{\"webPageType\":\"WebPage\"},\"blockGraphs\":[]}","pillar_content":false,"robots_default":true,"robots_noindex":false,"robots_noarchive":false,"robots_nosnippet":false,"robots_nofollow":false,"robots_noimageindex":false,"robots_noodp":false,"robots_notranslate":false,"robots_max_snippet":"-1","robots_max_videopreview":"-1","robots_max_imagepreview":"large","priority":null,"frequency":"default","local_seo":null,"breadcrumb_settings":null,"limit_modified_date":false,"ai":null,"created":"2024-04-26 07:20:27","updated":"2025-06-30 21:41:26","seo_analyzer_scan_date":null,"focus_keyword":null,"additional_keywords":null,"truseo_locale":null},"aioseo_breadcrumb":"<div class=\"aioseo-breadcrumbs\"><span class=\"aioseo-breadcrumb\">\n\t\t\t<a href=\"https:\/\/www.entelequiacultura.com\/ca\/\" title=\"Home\">Home<\/a>\n\t\t<\/span><span class=\"aioseo-breadcrumb-separator\">&raquo;<\/span><span class=\"aioseo-breadcrumb\">\n\t\t\tCarlos Javier Gonz\u00e1lez Serrano\n\t\t<\/span><\/div>","aioseo_breadcrumb_json":[{"label":"Home","link":"https:\/\/www.entelequiacultura.com\/ca\/"},{"label":"Carlos Javier Gonz\u00e1lez Serrano","link":"https:\/\/www.entelequiacultura.com\/ca\/carlos-javier-gonzalez-serrano\/"}],"ticketed":false,"_links":{"self":[{"href":"https:\/\/www.entelequiacultura.com\/ca\/wp-json\/wp\/v2\/pages\/41001","targetHints":{"allow":["GET"]}}],"collection":[{"href":"https:\/\/www.entelequiacultura.com\/ca\/wp-json\/wp\/v2\/pages"}],"about":[{"href":"https:\/\/www.entelequiacultura.com\/ca\/wp-json\/wp\/v2\/types\/page"}],"author":[{"embeddable":true,"href":"https:\/\/www.entelequiacultura.com\/ca\/wp-json\/wp\/v2\/users\/1"}],"replies":[{"embeddable":true,"href":"https:\/\/www.entelequiacultura.com\/ca\/wp-json\/wp\/v2\/comments?post=41001"}],"version-history":[{"count":2,"href":"https:\/\/www.entelequiacultura.com\/ca\/wp-json\/wp\/v2\/pages\/41001\/revisions"}],"predecessor-version":[{"id":43411,"href":"https:\/\/www.entelequiacultura.com\/ca\/wp-json\/wp\/v2\/pages\/41001\/revisions\/43411"}],"wp:featuredmedia":[{"embeddable":true,"href":"https:\/\/www.entelequiacultura.com\/ca\/wp-json\/wp\/v2\/media\/41043"}],"wp:attachment":[{"href":"https:\/\/www.entelequiacultura.com\/ca\/wp-json\/wp\/v2\/media?parent=41001"}],"curies":[{"name":"wp","href":"https:\/\/api.w.org\/{rel}","templated":true}]}}