{"id":41001,"date":"2024-04-28T12:57:44","date_gmt":"2024-04-28T10:57:44","guid":{"rendered":"https:\/\/www.entelequiacultura.com\/?page_id=41001"},"modified":"2025-06-30T23:29:40","modified_gmt":"2025-06-30T21:29:40","slug":"carlos-javier-gonzalez-serrano","status":"publish","type":"page","link":"https:\/\/www.entelequiacultura.com\/ca\/carlos-javier-gonzalez-serrano\/","title":{"rendered":"Carlos Javier Gonz\u00e1lez Serrano"},"content":{"rendered":"<div class=\"row \"><div class=\"wpv-grid grid-1-1  wpv-first-level first unextended\" style=\"padding-top:0px;padding-bottom:0px\" id=\"wpv-column-573b6edbe770b88c6bd793d92293b1ee\" ><div class=\"row \"><div class=\"wpv-grid grid-1-2  first unextended\" style=\"padding-top:0px;padding-bottom:0px\" id=\"wpv-column-0fb737eca7baa678a4734a18a81bce95\" ><div class=\"row \"><div class=\"wpv-grid grid-1-1  first unextended\" style=\"padding-top:0px;padding-bottom:0px\" id=\"wpv-column-095ea1322d7db08813dc9c01ce627a87\" ><p><img loading=\"lazy\" decoding=\"async\" class=\"alignnone wp-image-41043 size-full\" src=\"https:\/\/www.entelequiacultura.com\/wp-content\/uploads\/2024\/04\/carlos-javier-650.jpg\" alt=\"\" width=\"650\" height=\"650\" srcset=\"https:\/\/www.entelequiacultura.com\/wp-content\/uploads\/2024\/04\/carlos-javier-650.jpg 650w, https:\/\/www.entelequiacultura.com\/wp-content\/uploads\/2024\/04\/carlos-javier-650-300x300.jpg 300w, https:\/\/www.entelequiacultura.com\/wp-content\/uploads\/2024\/04\/carlos-javier-650-150x150.jpg 150w, https:\/\/www.entelequiacultura.com\/wp-content\/uploads\/2024\/04\/carlos-javier-650-60x60.jpg 60w, https:\/\/www.entelequiacultura.com\/wp-content\/uploads\/2024\/04\/carlos-javier-650-43x43.jpg 43w, https:\/\/www.entelequiacultura.com\/wp-content\/uploads\/2024\/04\/carlos-javier-650-106x106.jpg 106w, https:\/\/www.entelequiacultura.com\/wp-content\/uploads\/2024\/04\/carlos-javier-650-555x555.jpg 555w, https:\/\/www.entelequiacultura.com\/wp-content\/uploads\/2024\/04\/carlos-javier-650-360x360.jpg 360w, https:\/\/www.entelequiacultura.com\/wp-content\/uploads\/2024\/04\/carlos-javier-650-262x262.jpg 262w, https:\/\/www.entelequiacultura.com\/wp-content\/uploads\/2024\/04\/carlos-javier-650-600x600.jpg 600w, https:\/\/www.entelequiacultura.com\/wp-content\/uploads\/2024\/04\/carlos-javier-650-100x100.jpg 100w\" sizes=\"(max-width: 650px) 100vw, 650px\" \/><\/div><\/div><\/div>\n<div class=\"wpv-grid grid-1-2  unextended\" style=\"padding-top:0px;padding-bottom:0px\" id=\"wpv-column-f0d8d09f31ad7cb9cff8f8b26e54def3\" ><div class=\"row \"><div class=\"wpv-grid grid-1-1  first unextended\" style=\"padding-top:0px;padding-bottom:0px\" id=\"wpv-column-c230835ad75ac9eb4e50427ce92a06b3\" ><p>CARLOS JAVIER GONZ\u00c1LEZ SERRANO, Llicenciat en Filosofia, M\u00e0ster en Psicologia del Treball i de les Organitzacions i Gesti\u00f3 de Recursos Humans, M\u00e0ster en Psicologia Cl\u00ednica i Psicoter\u00e0pia, M\u00e0ster en Estudis Avan\u00e7ats en Filosofia, M\u00e0ster en Psicologia Cl\u00ednica i Psicoter\u00e0pia Infantojuvenil i M\u00e0ster del Professorat d\u2019Educaci\u00f3 Secund\u00e0ria Obligat\u00f2ria i Batxillerat, diplomat en suport psicol\u00f2gic i social en situacions de crisis.<\/p>\n<p>Col\u00b7labora com a periodista especialitzat, columnista i cr\u00edtic cultural per a nombroses publicacions, tant acad\u00e8miques com divulgatives, aix\u00ed com per a premsa nacional i internacional. Dirigeix el programa <em>A la llum del pensar<\/em>, en R\u00e0dio Nacional d\u2019Espanya (RNE)\u200b. Dirigeix i presenta en Televisi\u00f3 Espanyola (TVE) la secci\u00f3 \u00abEl lloc que pensa\u00bb, en el programa <em>Per a Tots La 2.<\/em> Director cient\u00edfic del Caf\u00e8 de l\u2019Observatori Social de la Fundaci\u00f3 La Caixa. Ha treballat i treballa com a gestor i coordinador de diversos equips editorials i period\u00edstics, i forma part de l\u2019equip de direcci\u00f3 i coordinaci\u00f3 de diferents revistes acad\u00e8miques. Imparteix xerrades, confer\u00e8ncies i cursos sobre les seves \u00e0rees d\u2019especialitzaci\u00f3 (filosofia, literatura, psicologia infantojuvenil, direcci\u00f3 cultural, gesti\u00f3 d\u2019equips, comunicaci\u00f3, edici\u00f3 i escriptura, teoria del dret) en diverses institucions p\u00fabliques i privades, tant nacionals com internacionals.<\/p>\n<p>President de la Societat d\u2019Estudis en Espa\u00f1ol sobre Schopenhauer. Ambaixador de la Internationale Philipp Mainl\u00e4nder-*Gesellschaft. Director de <em>Schopenhaueriana. Revista espanyola d\u2019estudis sobre Schopenhauer<\/em>. Membre del Comit\u00e8 Directiu de la Societat Iberoamericana d\u2019Estudis sobre Pessimisme (SIEP). Membre de la International Society of Boredom Studies.<\/p>\n<p>Autor i editor de diversos volums literaris i assatg\u00edstics. El seu \u00faltim llibre \u00e9s \u201cUna filosofia de la resist\u00e8ncia (Destino, 2024).<\/div><\/div><\/div><\/div><\/div><\/div>\n\t\t<div class=\"sep-text single centered\">\n\t\t\t\t\t\t\t<span class=\"sep-text-before\"><div class=\"sep-text-line\"><\/div><\/span>\n\t\t\t\t\t\t<div class=\"content\">\n\t\t\t\t<h2 class=\"text-divider-double\">\nEsdeveniments amb l&#8217;autor<\/h2>\t\t\t<\/div>\n\t\t\t<span class=\"sep-text-after\"><div class=\"sep-text-line\"><\/div><\/span>\n\t\t\t\t\t<\/div>\n\t\n<div class=\"row \"><div class=\"wpv-grid grid-1-1  wpv-first-level first extended no-extended-padding\" style=\"padding-top:0px;padding-bottom:0px\" id=\"wpv-column-d54f033abd54e8cb41899c87ad799bfa\" ><div class=\"extended-column-inner\"><div class=\"row \"><div class=\"wpv-grid grid-1-3  first has-background unextended animation-fade-in animated-active\" style=\"\n\t\t\t\tbackground: url('https:\/\/www.entelequiacultura.com\/wp-content\/uploads\/2025\/04\/segovia-alcazar.jpg') no-repeat center top;\n\t\t\t\tbackground-size: cover;\n\t\t\t\tbackground-attachment: ;\n\t\t\tbackground-color:#0607df;padding-top:0px;padding-bottom:20px\" id=\"wpv-column-169b4d37764ccfd151fa77412848ed9c\" ><style>#wpv-column-169b4d37764ccfd151fa77412848ed9c p,#wpv-column-169b4d37764ccfd151fa77412848ed9c em,#wpv-column-169b4d37764ccfd151fa77412848ed9c .column-title,#wpv-column-169b4d37764ccfd151fa77412848ed9c .sep-text h2.regular-title-wrapper,#wpv-column-169b4d37764ccfd151fa77412848ed9c .text-divider-double,#wpv-column-169b4d37764ccfd151fa77412848ed9c .sep-text .sep-text-line,#wpv-column-169b4d37764ccfd151fa77412848ed9c .sep,#wpv-column-169b4d37764ccfd151fa77412848ed9c .sep-2,#wpv-column-169b4d37764ccfd151fa77412848ed9c .sep-3{color:#e6e6fe;}#wpv-column-169b4d37764ccfd151fa77412848ed9c:before{background-color:transparent;}<\/style><div class=\"row \"><div class=\"wpv-grid grid-1-1  first unextended animation-zoom-in animated-active\" style=\"padding-top:0px;padding-bottom:0px\" id=\"wpv-column-b4e45fb0f8f94aeff9ae1575c017cf67\" ><div class=\"push\" style='height:40px'><\/div>\n<h1 style=\"text-align: center; color: #ffffff;\"><span style=\"color: #ffffff;\">Seg\u00f2via: un lloc de la paraula<\/span><\/h1>\n<p style=\"text-align: center; color: #ffffff;\"><div class=\"push\" style='height:40px'><\/div>\n<p style=\"text-align: center; color: #ffffff;\"><p class=\"textcenter\"><a href=\"https:\/\/www.entelequiacultura.com\/ca\/esdeveniment\/retir-segovia-2025\/\" target=\"_self\" style='font-size: 18px;' class=\"button vamtam-button accent8  button-border hover-accent1 \"><span class=\"btext\">VEURE<\/span><\/a><\/p><\/div><\/div>\n<div class=\"row \"><div class=\"wpv-grid grid-1-1  first unextended\" style=\"padding-top:0px;padding-bottom:0px\" id=\"wpv-column-751940a4ec510c306ce1b6962e9ea602\" ><p style=\"text-align: left;\">Retir cultural<br \/>\n4 a 7 de setembre 2025<br \/>\nHotel San Antonio el Real (Seg\u00f2via)<\/div><\/div><\/div>\n<div class=\"wpv-grid grid-1-3  has-background unextended animation-fade-in animated-active\" style=\"\n\t\t\t\tbackground: url('https:\/\/www.entelequiacultura.com\/wp-content\/uploads\/2025\/01\/sitges-el-pais.jpeg') no-repeat center top;\n\t\t\t\tbackground-size: cover;\n\t\t\t\tbackground-attachment: ;\n\t\t\tbackground-color:#0607df;padding-top:0px;padding-bottom:20px\" id=\"wpv-column-6b3eadd1128f88819993778b4772d57c\" ><style>#wpv-column-6b3eadd1128f88819993778b4772d57c p,#wpv-column-6b3eadd1128f88819993778b4772d57c em,#wpv-column-6b3eadd1128f88819993778b4772d57c .column-title,#wpv-column-6b3eadd1128f88819993778b4772d57c .sep-text h2.regular-title-wrapper,#wpv-column-6b3eadd1128f88819993778b4772d57c .text-divider-double,#wpv-column-6b3eadd1128f88819993778b4772d57c .sep-text .sep-text-line,#wpv-column-6b3eadd1128f88819993778b4772d57c .sep,#wpv-column-6b3eadd1128f88819993778b4772d57c .sep-2,#wpv-column-6b3eadd1128f88819993778b4772d57c .sep-3{color:#e6e6fe;}#wpv-column-6b3eadd1128f88819993778b4772d57c:before{background-color:transparent;}<\/style><div class=\"row \"><div class=\"wpv-grid grid-1-1  first unextended animation-zoom-in animated-active\" style=\"padding-top:0px;padding-bottom:0px\" id=\"wpv-column-b25aba15d240f08719165faea24dfddd\" ><div class=\"push\" style='height:40px'><\/div>\n<h1 style=\"text-align: center; color: #ffffff;\"><span style=\"color: #ffffff;\">Filosofia i contemplaci\u00f3<\/span><\/h1>\n<p style=\"text-align: center; color: #ffffff;\"><div class=\"push\" style='height:40px'><\/div>\n<p style=\"text-align: center; color: #ffffff;\"><p class=\"textcenter\"><a href=\"https:\/\/www.entelequiacultura.com\/ca\/esdeveniment\/retir-carlos-javier-2025\/\" target=\"_self\" style='font-size: 18px;' class=\"button vamtam-button accent8  button-border hover-accent1 \"><span class=\"btext\">VEURE<\/span><\/a><\/p><\/div><\/div>\n<div class=\"row \"><div class=\"wpv-grid grid-1-1  first unextended\" style=\"padding-top:0px;padding-bottom:0px\" id=\"wpv-column-7780c04131e3a5d73c7b7f613777a03a\" ><p style=\"text-align: left;\">Retir cultural<br \/>\n4, 5 i 6 d&#8217;abril 2025<br \/>\nHotel Rom\u00e0ntic, Sitges (Barcelona)<\/div><\/div><\/div>\n<div class=\"wpv-grid grid-1-3  has-background unextended animation-fade-in animated-active\" style=\"\n\t\t\t\tbackground: url('https:\/\/www.entelequiacultura.com\/wp-content\/uploads\/2023\/06\/IMG_6977-scaled.jpg') no-repeat center top;\n\t\t\t\tbackground-size: cover;\n\t\t\t\tbackground-attachment: ;\n\t\t\tbackground-color:#0607df;padding-top:0px;padding-bottom:20px\" id=\"wpv-column-4c57e981eb8356db1411a3c191885e7f\" ><style>#wpv-column-4c57e981eb8356db1411a3c191885e7f p,#wpv-column-4c57e981eb8356db1411a3c191885e7f em,#wpv-column-4c57e981eb8356db1411a3c191885e7f .column-title,#wpv-column-4c57e981eb8356db1411a3c191885e7f .sep-text h2.regular-title-wrapper,#wpv-column-4c57e981eb8356db1411a3c191885e7f .text-divider-double,#wpv-column-4c57e981eb8356db1411a3c191885e7f .sep-text .sep-text-line,#wpv-column-4c57e981eb8356db1411a3c191885e7f .sep,#wpv-column-4c57e981eb8356db1411a3c191885e7f .sep-2,#wpv-column-4c57e981eb8356db1411a3c191885e7f .sep-3{color:#e6e6fe;}#wpv-column-4c57e981eb8356db1411a3c191885e7f:before{background-color:transparent;}<\/style><div class=\"row \"><div class=\"wpv-grid grid-1-1  first unextended animation-zoom-in animated-active\" style=\"padding-top:0px;padding-bottom:0px\" id=\"wpv-column-5bb31486e0d029abaaebb4f62606d151\" ><div class=\"push\" style='height:40px'><\/div>\n<h1 style=\"text-align: center; color: #ffffff;\"><span style=\"color: #ffffff;\">Filosofia i literatura: narrar el pensament<\/span><\/h1>\n<p style=\"text-align: center; color: #ffffff;\"><div class=\"push\" style='height:40px'><\/div>\n<p style=\"text-align: center; color: #ffffff;\"><p class=\"textcenter\"><a href=\"https:\/\/www.entelequiacultura.com\/ca\/esdeveniment\/retir-carlos-javier-gonzalez-serrano\/\" target=\"_self\" style='font-size: 18px;' class=\"button vamtam-button accent8  button-border hover-accent1 \"><span class=\"btext\">VEURE<\/span><\/a><\/p><\/div><\/div>\n<div class=\"row \"><div class=\"wpv-grid grid-1-1  first unextended\" style=\"padding-top:0px;padding-bottom:0px\" id=\"wpv-column-fa9dd2a8edc4c7ad9e33b3e7579270b5\" ><p style=\"text-align: left;\">Retir cultural<br \/>\n18, 19 i 20 d&#8217;octubre 2024<br \/>\nLa sala de Cam\u00f3s, Girona<\/div><\/div><\/div><\/div>\n<div class=\"row \"><div class=\"wpv-grid grid-1-3  first has-background unextended animation-fade-in animated-active\" style=\"\n\t\t\t\tbackground: url('https:\/\/www.entelequiacultura.com\/wp-content\/uploads\/2023\/11\/post-blog.jpg') no-repeat center top;\n\t\t\t\tbackground-size: cover;\n\t\t\t\tbackground-attachment: ;\n\t\t\tbackground-color:#0607df;padding-top:0px;padding-bottom:20px\" id=\"wpv-column-d85f39dccd03d4b5960c2d06cf9937b3\" ><style>#wpv-column-d85f39dccd03d4b5960c2d06cf9937b3 p,#wpv-column-d85f39dccd03d4b5960c2d06cf9937b3 em,#wpv-column-d85f39dccd03d4b5960c2d06cf9937b3 .column-title,#wpv-column-d85f39dccd03d4b5960c2d06cf9937b3 .sep-text h2.regular-title-wrapper,#wpv-column-d85f39dccd03d4b5960c2d06cf9937b3 .text-divider-double,#wpv-column-d85f39dccd03d4b5960c2d06cf9937b3 .sep-text .sep-text-line,#wpv-column-d85f39dccd03d4b5960c2d06cf9937b3 .sep,#wpv-column-d85f39dccd03d4b5960c2d06cf9937b3 .sep-2,#wpv-column-d85f39dccd03d4b5960c2d06cf9937b3 .sep-3{color:#e6e6fe;}#wpv-column-d85f39dccd03d4b5960c2d06cf9937b3:before{background-color:transparent;}<\/style><div class=\"row \"><div class=\"wpv-grid grid-1-1  first unextended animation-zoom-in animated-active\" style=\"padding-top:0px;padding-bottom:0px\" id=\"wpv-column-c05a4fa3aa7775342b2e25cb8bf6f56b\" ><div class=\"push\" style='height:40px'><\/div>\n<h1 style=\"text-align: center; color: #ffffff;\"><span style=\"color: #ffffff;\">Un pensar filos\u00f2fic des de la resist\u00e8ncia<\/span><\/h1>\n<p style=\"text-align: center; color: #ffffff;\"><div class=\"push\" style='height:40px'><\/div>\n<p style=\"text-align: center; color: #ffffff;\"><p class=\"textcenter\"><a href=\"https:\/\/www.entelequiacultura.com\/ca\/esdeveniment\/un-pensar-filosofic\/\" target=\"_self\" style='font-size: 18px;' class=\"button vamtam-button accent8  button-border hover-accent1 \"><span class=\"btext\">VEURE<\/span><\/a><\/p><\/div><\/div>\n<div class=\"row \"><div class=\"wpv-grid grid-1-1  first unextended\" style=\"padding-top:0px;padding-bottom:0px\" id=\"wpv-column-6820cc793f372b706c48cd7954b29492\" ><p style=\"text-align: left;\">Seminari<br \/>\n25 maig 2024<\/div><\/div><\/div><\/div><\/div><\/div><\/div>\n<div class=\"push\" style='height:10px'><\/div>\n","protected":false},"excerpt":{"rendered":"<p>CARLOS JAVIER GONZ\u00c1LEZ SERRANO, Llicenciat en Filosofia, M\u00e0ster en Psicologia del Treball i de les Organitzacions i Gesti\u00f3 de Recursos Humans, M\u00e0ster en Psicologia Cl\u00ednica i Psicoter\u00e0pia, M\u00e0ster en Estudis&#8230;<\/p>\n","protected":false},"author":1,"featured_media":41043,"parent":0,"menu_order":0,"comment_status":"closed","ping_status":"closed","template":"","meta":{"_price":"","_stock":"","_tribe_ticket_header":"","_tribe_default_ticket_provider":"","_tribe_ticket_capacity":"0","_ticket_start_date":"","_ticket_end_date":"","_tribe_ticket_show_description":"","_tribe_ticket_show_not_going":false,"_tribe_ticket_use_global_stock":"","_tribe_ticket_global_stock_level":"","_global_stock_mode":"","_global_stock_cap":"","_tribe_rsvp_for_event":"","_tribe_ticket_going_count":"","_tribe_ticket_not_going_count":"","_tribe_tickets_list":"[]","_tribe_ticket_has_attendee_info_fields":false,"footnotes":"","_tec_slr_enabled":"","_tec_slr_layout":""},"class_list":["post-41001","page","type-page","status-publish","has-post-thumbnail","hentry"],"aioseo_notices":[],"ticketed":false,"_links":{"self":[{"href":"https:\/\/www.entelequiacultura.com\/ca\/wp-json\/wp\/v2\/pages\/41001","targetHints":{"allow":["GET"]}}],"collection":[{"href":"https:\/\/www.entelequiacultura.com\/ca\/wp-json\/wp\/v2\/pages"}],"about":[{"href":"https:\/\/www.entelequiacultura.com\/ca\/wp-json\/wp\/v2\/types\/page"}],"author":[{"embeddable":true,"href":"https:\/\/www.entelequiacultura.com\/ca\/wp-json\/wp\/v2\/users\/1"}],"replies":[{"embeddable":true,"href":"https:\/\/www.entelequiacultura.com\/ca\/wp-json\/wp\/v2\/comments?post=41001"}],"version-history":[{"count":2,"href":"https:\/\/www.entelequiacultura.com\/ca\/wp-json\/wp\/v2\/pages\/41001\/revisions"}],"predecessor-version":[{"id":43411,"href":"https:\/\/www.entelequiacultura.com\/ca\/wp-json\/wp\/v2\/pages\/41001\/revisions\/43411"}],"wp:featuredmedia":[{"embeddable":true,"href":"https:\/\/www.entelequiacultura.com\/ca\/wp-json\/wp\/v2\/media\/41043"}],"wp:attachment":[{"href":"https:\/\/www.entelequiacultura.com\/ca\/wp-json\/wp\/v2\/media?parent=41001"}],"curies":[{"name":"wp","href":"https:\/\/api.w.org\/{rel}","templated":true}]}}