{"id":40415,"date":"2024-01-17T20:10:00","date_gmt":"2024-01-17T19:10:00","guid":{"rendered":"https:\/\/www.entelequiacultura.com\/?page_id=40415"},"modified":"2025-09-10T10:05:34","modified_gmt":"2025-09-10T08:05:34","slug":"olga-rodriguez","status":"publish","type":"page","link":"https:\/\/www.entelequiacultura.com\/ca\/olga-rodriguez\/","title":{"rendered":"Olga Rodr\u00edguez"},"content":{"rendered":"<div class=\"row \"><div class=\"wpv-grid grid-1-1  wpv-first-level first unextended\" style=\"padding-top:0px;padding-bottom:0px\" id=\"wpv-column-0849d0d9d93519d85581d61789aa5a1b\" ><div class=\"row \"><div class=\"wpv-grid grid-1-2  first unextended\" style=\"padding-top:0px;padding-bottom:0px\" id=\"wpv-column-30214ec0ff272ae788c9e0d02428effe\" ><div class=\"row \"><div class=\"wpv-grid grid-1-1  first unextended\" style=\"padding-top:0px;padding-bottom:0px\" id=\"wpv-column-a4704a26301378cb3018e27c1aa5ac70\" ><p><img loading=\"lazy\" decoding=\"async\" class=\"alignnone wp-image-40452 size-full\" src=\"https:\/\/www.entelequiacultura.com\/wp-content\/uploads\/2023\/10\/olga-650-x-650-1.jpg\" alt=\"\" width=\"650\" height=\"650\" srcset=\"https:\/\/www.entelequiacultura.com\/wp-content\/uploads\/2023\/10\/olga-650-x-650-1.jpg 650w, https:\/\/www.entelequiacultura.com\/wp-content\/uploads\/2023\/10\/olga-650-x-650-1-300x300.jpg 300w, https:\/\/www.entelequiacultura.com\/wp-content\/uploads\/2023\/10\/olga-650-x-650-1-150x150.jpg 150w, https:\/\/www.entelequiacultura.com\/wp-content\/uploads\/2023\/10\/olga-650-x-650-1-60x60.jpg 60w, https:\/\/www.entelequiacultura.com\/wp-content\/uploads\/2023\/10\/olga-650-x-650-1-43x43.jpg 43w, https:\/\/www.entelequiacultura.com\/wp-content\/uploads\/2023\/10\/olga-650-x-650-1-106x106.jpg 106w, https:\/\/www.entelequiacultura.com\/wp-content\/uploads\/2023\/10\/olga-650-x-650-1-555x555.jpg 555w, https:\/\/www.entelequiacultura.com\/wp-content\/uploads\/2023\/10\/olga-650-x-650-1-360x360.jpg 360w, https:\/\/www.entelequiacultura.com\/wp-content\/uploads\/2023\/10\/olga-650-x-650-1-262x262.jpg 262w, https:\/\/www.entelequiacultura.com\/wp-content\/uploads\/2023\/10\/olga-650-x-650-1-600x600.jpg 600w, https:\/\/www.entelequiacultura.com\/wp-content\/uploads\/2023\/10\/olga-650-x-650-1-100x100.jpg 100w\" sizes=\"(max-width: 650px) 100vw, 650px\" \/><\/div><\/div><\/div>\n<div class=\"wpv-grid grid-1-2  unextended\" style=\"padding-top:0px;padding-bottom:0px\" id=\"wpv-column-0bbf08f46685886af155ff34baf4226f\" ><div class=\"row \"><div class=\"wpv-grid grid-1-1  first unextended\" style=\"padding-top:0px;padding-bottom:0px\" id=\"wpv-column-9634852d96179b4eac0d06a4b645842d\" ><p>OLGA RODR\u00cdGUEZ \u00e9s periodista i escriptora, especialitzada en informaci\u00f3 internacional, Orient Mitj\u00e0 i Drets Humans. Va treballar durant m\u00e9s d&#8217;una d\u00e8cada en la Cadena SER, Quatre, CNN+, i ha col\u00b7laborat en mitjans com P\u00fablico, El Pa\u00eds, RNE o El Peri\u00f3dico. Forma part del grup fundador de eldiario.es.<\/p>\n<p>Ha cobert alguns dels esdeveniments m\u00e9s importants dels \u00faltims 20 anys a Orient Pr\u00f2xim i Mitj\u00e0, com la II Intifada Palestina, la invasi\u00f3 de l&#8217;Iraq, el conflicte a l&#8217;Afganistan, les revoltes \u00e0rabs o la crisi dels refugiats. A m\u00e9s ha estat corresponsal o enviada especial a L\u00edban, Iemen, S\u00edria, Egipte, els Estats Units o M\u00e8xic i tamb\u00e9 ha prestat especial atenci\u00f3 als problemes socials a Espanya.<\/p>\n<p>\u00c9s autora de diversos llibres, entre ells <i>Aqu\u00ed Bagdad <\/i>(2004)\u00a0 <i>El hombre mojado no teme la lluvia. Voces de Oriente Medio (2009) i<\/i>\u00a0<i>Yo muero hoy: Las revueltas en el mundo \u00e1rabe (2012).\u00a0<\/i>Coguionista de la pel\u00b7l\u00edcula de ficci\u00f3n <i>En los m\u00e1rgenes.<\/i><\/p>\n<p>Premi honoris causa Pimentel Fonseca 2018, concedit a It\u00e0lia, Periodista Enfocada Lupa 2016, Premi Periodisme Associaci\u00f3 Pro Drets Humans d&#8217;Espanya 2015, Premi Enfocament de Periodisme 2014, Premi Club Internacional de la Premsa al Millor Treball Informatiu 2006, Premi Pluma de la Paz 2005, Premi T\u00faria 2003 pel seu treball des de Bagdad, Premi col\u00b7lectiu Ortega y Gasset 2003 o Premi Ondas col\u00b7lectiu 2002.<\/div><\/div><\/div><\/div><\/div><\/div>\n\t\t<div class=\"sep-text single centered\">\n\t\t\t\t\t\t\t<span class=\"sep-text-before\"><div class=\"sep-text-line\"><\/div><\/span>\n\t\t\t\t\t\t<div class=\"content\">\n\t\t\t\t<h2 class=\"text-divider-double\">\nEsdeveniments amb l&#8217;autora<\/h2>\t\t\t<\/div>\n\t\t\t<span class=\"sep-text-after\"><div class=\"sep-text-line\"><\/div><\/span>\n\t\t\t\t\t<\/div>\n\t\n<div class=\"row \"><div class=\"wpv-grid grid-1-1  wpv-first-level first extended no-extended-padding\" style=\"padding-top:0px;padding-bottom:0px\" id=\"wpv-column-2d564edddcda6c8931d2047596251085\" ><div class=\"extended-column-inner\"><div class=\"row \"><div class=\"wpv-grid grid-1-3  first has-background unextended animation-fade-in animated-active\" style=\"\n\t\t\t\tbackground: url('https:\/\/www.entelequiacultura.com\/wp-content\/uploads\/2022\/06\/GWCV1210-scaled.jpeg') no-repeat center top;\n\t\t\t\tbackground-size: cover;\n\t\t\t\tbackground-attachment: ;\n\t\t\tbackground-color:#1512f9;padding-top:0px;padding-bottom:20px\" id=\"wpv-column-214fed455d37c800ea0e700f87ea2a67\" ><style>#wpv-column-214fed455d37c800ea0e700f87ea2a67 p,#wpv-column-214fed455d37c800ea0e700f87ea2a67 em,#wpv-column-214fed455d37c800ea0e700f87ea2a67 .column-title,#wpv-column-214fed455d37c800ea0e700f87ea2a67 .sep-text h2.regular-title-wrapper,#wpv-column-214fed455d37c800ea0e700f87ea2a67 .text-divider-double,#wpv-column-214fed455d37c800ea0e700f87ea2a67 .sep-text .sep-text-line,#wpv-column-214fed455d37c800ea0e700f87ea2a67 .sep,#wpv-column-214fed455d37c800ea0e700f87ea2a67 .sep-2,#wpv-column-214fed455d37c800ea0e700f87ea2a67 .sep-3{color:#fff;}#wpv-column-214fed455d37c800ea0e700f87ea2a67:before{background-color:transparent;}<\/style><div class=\"row \"><div class=\"wpv-grid grid-1-1  first unextended animation-zoom-in animated-active\" style=\"padding-top:0px;padding-bottom:0px\" id=\"wpv-column-43c1352d0a4fae6a9312f065f983a08f\" ><div class=\"push\" style='height:40px'><\/div>\n<h1 style=\"text-align: center; color: #ffffff;\"><span style=\"color: #ffffff;\">Un viatge de consci\u00e8ncia i periodisme<\/span><\/h1>\n<p style=\"text-align: center; color: #ffffff;\"><div class=\"push\" style='height:40px'><\/div>\n<p style=\"text-align: center; color: #ffffff;\"><p class=\"textcenter\"><a href=\"https:\/\/www.entelequiacultura.com\/ca\/esdeveniment\/retir-olga-rodriguez-2025-2\/\" target=\"_self\" style='font-size: 18px;' class=\"button vamtam-button accent8  button-border hover-accent1 \"><span class=\"btext\">VEURE<\/span><\/a><\/p><\/div><\/div>\n<div class=\"row \"><div class=\"wpv-grid grid-1-1  first unextended\" style=\"padding-top:0px;padding-bottom:0px\" id=\"wpv-column-00ecf7e50676e5dbababe0fc45521ac8\" ><p style=\"text-align: left;\">Retir Cultural<br \/>\n7, 8 i 9 de novembre 2025<br \/>\nCam\u00f3s, Girona<\/div><\/div><\/div>\n<div class=\"wpv-grid grid-1-3  has-background unextended animation-fade-in animated-active\" style=\"\n\t\t\t\tbackground: url('https:\/\/www.entelequiacultura.com\/wp-content\/uploads\/2024\/12\/2.jpg') no-repeat center top;\n\t\t\t\tbackground-size: cover;\n\t\t\t\tbackground-attachment: ;\n\t\t\tbackground-color:#1512f9;padding-top:0px;padding-bottom:20px\" id=\"wpv-column-68ec719bba342ba264bb864bd625880f\" ><style>#wpv-column-68ec719bba342ba264bb864bd625880f p,#wpv-column-68ec719bba342ba264bb864bd625880f em,#wpv-column-68ec719bba342ba264bb864bd625880f .column-title,#wpv-column-68ec719bba342ba264bb864bd625880f .sep-text h2.regular-title-wrapper,#wpv-column-68ec719bba342ba264bb864bd625880f .text-divider-double,#wpv-column-68ec719bba342ba264bb864bd625880f .sep-text .sep-text-line,#wpv-column-68ec719bba342ba264bb864bd625880f .sep,#wpv-column-68ec719bba342ba264bb864bd625880f .sep-2,#wpv-column-68ec719bba342ba264bb864bd625880f .sep-3{color:#fff;}#wpv-column-68ec719bba342ba264bb864bd625880f:before{background-color:transparent;}<\/style><div class=\"row \"><div class=\"wpv-grid grid-1-1  first unextended animation-zoom-in animated-active\" style=\"padding-top:0px;padding-bottom:0px\" id=\"wpv-column-8dca2b32ead4e74d4a6ca5018e0fe9d6\" ><div class=\"push\" style='height:40px'><\/div>\n<h1 style=\"text-align: center; color: #ffffff;\"><span style=\"color: #ffffff;\">Un viatge de consci\u00e8ncia i periodisme<\/span><\/h1>\n<p style=\"text-align: center; color: #ffffff;\"><div class=\"push\" style='height:40px'><\/div>\n<p style=\"text-align: center; color: #ffffff;\"><p class=\"textcenter\"><a href=\"https:\/\/www.entelequiacultura.com\/ca\/esdeveniment\/retir-olga-rodriguez-2025\/\" target=\"_self\" style='font-size: 18px;' class=\"button vamtam-button accent8  button-border hover-accent1 \"><span class=\"btext\">VEURE<\/span><\/a><\/p><\/div><\/div>\n<div class=\"row \"><div class=\"wpv-grid grid-1-1  first unextended\" style=\"padding-top:0px;padding-bottom:0px\" id=\"wpv-column-fb83ce77b7bac1df0e40366a418289b6\" ><p style=\"text-align: left;\">Retir Cultural<br \/>\n3, 4 i 5 d&#8217;octubre 2025<br \/>\nCam\u00f3s, Girona<\/div><\/div><\/div>\n<div class=\"wpv-grid grid-1-3  has-background unextended animation-fade-in animated-active\" style=\"\n\t\t\t\tbackground: url('https:\/\/www.entelequiacultura.com\/wp-content\/uploads\/2022\/10\/IMG_0442-scaled.jpg') no-repeat center top;\n\t\t\t\tbackground-size: cover;\n\t\t\t\tbackground-attachment: ;\n\t\t\tbackground-color:#1512f9;padding-top:0px;padding-bottom:20px\" id=\"wpv-column-107294344fbd2b12e52fe0932f33ab14\" ><style>#wpv-column-107294344fbd2b12e52fe0932f33ab14 p,#wpv-column-107294344fbd2b12e52fe0932f33ab14 em,#wpv-column-107294344fbd2b12e52fe0932f33ab14 .column-title,#wpv-column-107294344fbd2b12e52fe0932f33ab14 .sep-text h2.regular-title-wrapper,#wpv-column-107294344fbd2b12e52fe0932f33ab14 .text-divider-double,#wpv-column-107294344fbd2b12e52fe0932f33ab14 .sep-text .sep-text-line,#wpv-column-107294344fbd2b12e52fe0932f33ab14 .sep,#wpv-column-107294344fbd2b12e52fe0932f33ab14 .sep-2,#wpv-column-107294344fbd2b12e52fe0932f33ab14 .sep-3{color:#fff;}#wpv-column-107294344fbd2b12e52fe0932f33ab14:before{background-color:transparent;}<\/style><div class=\"row \"><div class=\"wpv-grid grid-1-1  first unextended animation-zoom-in animated-active\" style=\"padding-top:0px;padding-bottom:0px\" id=\"wpv-column-df69db7a3740693bdd73f1f9299d3c13\" ><div class=\"push\" style='height:40px'><\/div>\n<h1 style=\"text-align: center; color: #ffffff;\"><span style=\"color: #ffffff;\">Un viatge de consci\u00e8ncia i periodisme<\/span><\/h1>\n<p style=\"text-align: center; color: #ffffff;\"><div class=\"push\" style='height:40px'><\/div>\n<p style=\"text-align: center; color: #ffffff;\"><p class=\"textcenter\"><a href=\"https:\/\/www.entelequiacultura.com\/ca\/esdeveniment\/retir-olga-rodriguez\/\" target=\"_self\" style='font-size: 18px;' class=\"button vamtam-button accent8  button-border hover-accent1 \"><span class=\"btext\">VEURE<\/span><\/a><\/p><\/div><\/div>\n<div class=\"row \"><div class=\"wpv-grid grid-1-1  first unextended\" style=\"padding-top:0px;padding-bottom:0px\" id=\"wpv-column-d3768cdf7c8d02b95bb7e3c0f47e643c\" ><p style=\"text-align: left;\">Retir Cultural<br \/>\n8, 9 i 10 de mar\u00e7 2024<br \/>\nCam\u00f3s, Girona<\/div><\/div><\/div><\/div><\/div><\/div><\/div>\n<div class=\"push\" style='height:10px'><\/div>\n","protected":false},"excerpt":{"rendered":"<p>OLGA RODR\u00cdGUEZ \u00e9s periodista i escriptora, especialitzada en informaci\u00f3 internacional, Orient Mitj\u00e0 i Drets Humans. Va treballar durant m\u00e9s d&#8217;una d\u00e8cada en la Cadena SER, Quatre, CNN+, i ha col\u00b7laborat&#8230;<\/p>\n","protected":false},"author":1,"featured_media":40452,"parent":0,"menu_order":0,"comment_status":"closed","ping_status":"closed","template":"","meta":{"_price":"","_stock":"","_tribe_ticket_header":"","_tribe_default_ticket_provider":"","_tribe_ticket_capacity":"0","_ticket_start_date":"","_ticket_end_date":"","_tribe_ticket_show_description":"","_tribe_ticket_show_not_going":false,"_tribe_ticket_use_global_stock":"","_tribe_ticket_global_stock_level":"","_global_stock_mode":"","_global_stock_cap":"","_tribe_rsvp_for_event":"","_tribe_ticket_going_count":"","_tribe_ticket_not_going_count":"","_tribe_tickets_list":"[]","_tribe_ticket_has_attendee_info_fields":false,"footnotes":"","_tec_slr_enabled":"","_tec_slr_layout":""},"class_list":["post-40415","page","type-page","status-publish","has-post-thumbnail","hentry"],"aioseo_notices":[],"ticketed":false,"_links":{"self":[{"href":"https:\/\/www.entelequiacultura.com\/ca\/wp-json\/wp\/v2\/pages\/40415","targetHints":{"allow":["GET"]}}],"collection":[{"href":"https:\/\/www.entelequiacultura.com\/ca\/wp-json\/wp\/v2\/pages"}],"about":[{"href":"https:\/\/www.entelequiacultura.com\/ca\/wp-json\/wp\/v2\/types\/page"}],"author":[{"embeddable":true,"href":"https:\/\/www.entelequiacultura.com\/ca\/wp-json\/wp\/v2\/users\/1"}],"replies":[{"embeddable":true,"href":"https:\/\/www.entelequiacultura.com\/ca\/wp-json\/wp\/v2\/comments?post=40415"}],"version-history":[{"count":3,"href":"https:\/\/www.entelequiacultura.com\/ca\/wp-json\/wp\/v2\/pages\/40415\/revisions"}],"predecessor-version":[{"id":43388,"href":"https:\/\/www.entelequiacultura.com\/ca\/wp-json\/wp\/v2\/pages\/40415\/revisions\/43388"}],"wp:featuredmedia":[{"embeddable":true,"href":"https:\/\/www.entelequiacultura.com\/ca\/wp-json\/wp\/v2\/media\/40452"}],"wp:attachment":[{"href":"https:\/\/www.entelequiacultura.com\/ca\/wp-json\/wp\/v2\/media?parent=40415"}],"curies":[{"name":"wp","href":"https:\/\/api.w.org\/{rel}","templated":true}]}}