{"id":39473,"date":"2023-09-12T14:15:01","date_gmt":"2023-09-12T12:15:01","guid":{"rendered":"https:\/\/www.entelequiacultura.com\/?page_id=39473"},"modified":"2026-08-30T13:08:35","modified_gmt":"2026-08-30T11:08:35","slug":"maria-negroni","status":"publish","type":"page","link":"https:\/\/www.entelequiacultura.com\/ca\/maria-negroni\/","title":{"rendered":"Mar\u00eda Negroni"},"content":{"rendered":"<div class=\"row \"><div class=\"wpv-grid grid-1-1  wpv-first-level first unextended\" style=\"padding-top:0px;padding-bottom:0px\" id=\"wpv-column-4048fb240691983e9567394b560cd11b\" ><div class=\"row \"><div class=\"wpv-grid grid-1-2  first unextended\" style=\"padding-top:0px;padding-bottom:0px\" id=\"wpv-column-0212bc997df90a379f8e6468c0c4a5a7\" ><div class=\"row \"><div class=\"wpv-grid grid-1-1  first unextended\" style=\"padding-top:0px;padding-bottom:0px\" id=\"wpv-column-769a9607df9a53243f55f070c6d4576a\" ><p><div id=\"attachment_39475\" style=\"width: 660px\" class=\"wp-caption alignnone\"><img loading=\"lazy\" decoding=\"async\" aria-describedby=\"caption-attachment-39475\" class=\"wp-image-39475 size-full\" src=\"https:\/\/www.entelequiacultura.com\/wp-content\/uploads\/2023\/09\/Foto-MN-por-Alejandro-Guyot-650.jpeg\" alt=\"\" width=\"650\" height=\"650\" srcset=\"https:\/\/www.entelequiacultura.com\/wp-content\/uploads\/2023\/09\/Foto-MN-por-Alejandro-Guyot-650.jpeg 650w, https:\/\/www.entelequiacultura.com\/wp-content\/uploads\/2023\/09\/Foto-MN-por-Alejandro-Guyot-650-300x300.jpeg 300w, https:\/\/www.entelequiacultura.com\/wp-content\/uploads\/2023\/09\/Foto-MN-por-Alejandro-Guyot-650-150x150.jpeg 150w, https:\/\/www.entelequiacultura.com\/wp-content\/uploads\/2023\/09\/Foto-MN-por-Alejandro-Guyot-650-60x60.jpeg 60w, https:\/\/www.entelequiacultura.com\/wp-content\/uploads\/2023\/09\/Foto-MN-por-Alejandro-Guyot-650-43x43.jpeg 43w, https:\/\/www.entelequiacultura.com\/wp-content\/uploads\/2023\/09\/Foto-MN-por-Alejandro-Guyot-650-106x106.jpeg 106w, https:\/\/www.entelequiacultura.com\/wp-content\/uploads\/2023\/09\/Foto-MN-por-Alejandro-Guyot-650-555x555.jpeg 555w, https:\/\/www.entelequiacultura.com\/wp-content\/uploads\/2023\/09\/Foto-MN-por-Alejandro-Guyot-650-360x360.jpeg 360w, https:\/\/www.entelequiacultura.com\/wp-content\/uploads\/2023\/09\/Foto-MN-por-Alejandro-Guyot-650-262x262.jpeg 262w, https:\/\/www.entelequiacultura.com\/wp-content\/uploads\/2023\/09\/Foto-MN-por-Alejandro-Guyot-650-600x600.jpeg 600w, https:\/\/www.entelequiacultura.com\/wp-content\/uploads\/2023\/09\/Foto-MN-por-Alejandro-Guyot-650-100x100.jpeg 100w\" sizes=\"(max-width: 650px) 100vw, 650px\" \/><p id=\"caption-attachment-39475\" class=\"wp-caption-text\">@Alejandro Guyot<\/p><\/div><\/div><\/div><\/div>\n<div class=\"wpv-grid grid-1-2  unextended\" style=\"padding-top:0px;padding-bottom:0px\" id=\"wpv-column-15770a9e2d13f94a4252288218ec48dc\" ><div class=\"row \"><div class=\"wpv-grid grid-1-1  first unextended\" style=\"padding-top:0px;padding-bottom:0px\" id=\"wpv-column-b52cddf0f7a4a022838dab1d39ef56dd\" ><p>MAR\u00cdA NEGRONI \u00e9s escriptora, poeta i traductora. Doctora en Lliteratura Llatinoamericana per la Universitat de Col\u00fambia. Autora de\u00a0nombrosos llibres, entre altres:<em>\u00a0Arte y Fuga<\/em>,\u00a0<em>Cantar la nada,<\/em>\u00a0<em>Eleg\u00eda Joseph Cornell, Interludio en Berl\u00edn, Exilium, Objeto Satie, Archivo Dickinson\u00a0<\/em>y<em>\u00a0Oratorio\u00a0<\/em>(poesia);\u00a0<em>Ciudad G\u00f3tica<\/em>,\u00a0<em>Museo Negro<\/em>,\u00a0<em>El testigo l\u00facido<\/em>,\u00a0<em>Galer\u00eda Fant\u00e1stica,<\/em>\u00a0<em>Peque\u00f1o Mundo Ilustrado i<\/em>\u00a0<em>El arte del error\u00a0<\/em>(assaig);\u00a0<em>El<\/em>\u00a0<em>sue\u00f1o de \u00darsula<\/em>,\u00a0<em>La Anunciaci\u00f3n,\u00a0<\/em><em>El coraz\u00f3n del da\u00f1o\u00a0<\/em>y<em>\u00a0Colecci\u00f3n permanente\u00a0<\/em>(ficci\u00f3)<em>.<\/em><\/p>\n<p>Va obtenir les beques Guggenheim i Fundaci\u00f3 Octavio Paz en poesia, el Premi Internacional d\u2019Assaig Segle XXI i dos Premis Municipals de la ciutat de Buenos Aires en 2021\u00a0(pel seu llibre de poesia<em>\u00a0Arxiu Dickinson,\u00a0<\/em>i el seu llibre d\u2019assajos<em>\u00a0La nit t\u00e9 mil ulls).\u00a0<\/em>A m\u00e9s, el seu llibre\u00a0<em>Isl\u00e0ndia\u00a0<\/em>va rebre, en la seva versi\u00f3 en angl\u00e8s el Premi al Millor Llibre de Poesia en Traducci\u00f3 de l\u2019any del PEN American Center (Nova York, 2002).<\/p>\n<p>La seva obra ha estat tradu\u00efda a l\u2019angl\u00e8s, franc\u00e8s, itali\u00e0, suec i portugu\u00e8s. Actualment dirigeix el Mestratge en Escriptura Creativa de la UNTREF.<\/div><\/div><\/div><\/div><\/div><\/div>\n\t\t<div class=\"sep-text single centered\">\n\t\t\t\t\t\t\t<span class=\"sep-text-before\"><div class=\"sep-text-line\"><\/div><\/span>\n\t\t\t\t\t\t<div class=\"content\">\n\t\t\t\t<h2 class=\"text-divider-double\">\nEsdeveniments amb l&#8217;autora<\/h2>\t\t\t<\/div>\n\t\t\t<span class=\"sep-text-after\"><div class=\"sep-text-line\"><\/div><\/span>\n\t\t\t\t\t<\/div>\n\t\n<div class=\"row \"><div class=\"wpv-grid grid-1-1  wpv-first-level first extended no-extended-padding\" style=\"padding-top:0px;padding-bottom:0px\" id=\"wpv-column-05dda520d827fc25ff67370c3cea9d71\" ><div class=\"extended-column-inner\"><div class=\"row \"><div class=\"wpv-grid grid-1-3  first has-background unextended animation-fade-in animated-active\" style=\"\n\t\t\t\tbackground: url('https:\/\/www.entelequiacultura.com\/wp-content\/uploads\/2024\/12\/3.jpg') no-repeat center top;\n\t\t\t\tbackground-size: cover;\n\t\t\t\tbackground-attachment: ;\n\t\t\tbackground-color:#c3c2c0;padding-top:0px;padding-bottom:20px\" id=\"wpv-column-f1c5c883a946fdbbf52b77d5c12a8011\" ><style>#wpv-column-f1c5c883a946fdbbf52b77d5c12a8011 p,#wpv-column-f1c5c883a946fdbbf52b77d5c12a8011 em,#wpv-column-f1c5c883a946fdbbf52b77d5c12a8011 .column-title,#wpv-column-f1c5c883a946fdbbf52b77d5c12a8011 .sep-text h2.regular-title-wrapper,#wpv-column-f1c5c883a946fdbbf52b77d5c12a8011 .text-divider-double,#wpv-column-f1c5c883a946fdbbf52b77d5c12a8011 .sep-text .sep-text-line,#wpv-column-f1c5c883a946fdbbf52b77d5c12a8011 .sep,#wpv-column-f1c5c883a946fdbbf52b77d5c12a8011 .sep-2,#wpv-column-f1c5c883a946fdbbf52b77d5c12a8011 .sep-3{color:#444340;}#wpv-column-f1c5c883a946fdbbf52b77d5c12a8011:before{background-color:transparent;}<\/style><div class=\"row \"><div class=\"wpv-grid grid-1-1  first unextended animation-zoom-in animated-active\" style=\"padding-top:0px;padding-bottom:0px\" id=\"wpv-column-608e7956742980d4ee3041836c516dde\" ><div class=\"push\" style='height:40px'><\/div>\n<h1 style=\"text-align: center; color: #ffffff;\"><span style=\"color: #ffffff;\">l&#8217;art d&#8217;escriure (jornada liter\u00e0ria)<\/span><\/h1>\n<p style=\"text-align: center; color: #ffffff;\"><div class=\"push\" style='height:40px'><\/div>\n<p style=\"text-align: center; color: #ffffff;\"><p class=\"textcenter\"><a href=\"https:\/\/www.entelequiacultura.com\/ca\/esdeveniment\/maria-negroni-2026\/\" target=\"_self\" style='font-size: 18px;' class=\"button vamtam-button accent8  button-border hover-accent1 \"><span class=\"btext\">VEURE<\/span><\/a><\/p><\/div><\/div>\n<div class=\"row \"><div class=\"wpv-grid grid-1-1  first unextended\" style=\"padding-top:0px;padding-bottom:0px\" id=\"wpv-column-e2f8f9c8e90a9ccb3e7d1ece291a1059\" ><p style=\"text-align: right;\">Jornada liter\u00e0ria<br \/>\n11 desembre 2026<\/div><\/div><\/div>\n<div class=\"wpv-grid grid-1-3  has-background unextended animation-fade-in animated-active\" style=\"\n\t\t\t\tbackground: url('https:\/\/www.entelequiacultura.com\/wp-content\/uploads\/2023\/12\/portada-pagina.jpg') no-repeat center top;\n\t\t\t\tbackground-size: cover;\n\t\t\t\tbackground-attachment: ;\n\t\t\tbackground-color:#c3c2c0;padding-top:0px;padding-bottom:20px\" id=\"wpv-column-6843b4d97325d5a33d15a42e68f5382b\" ><style>#wpv-column-6843b4d97325d5a33d15a42e68f5382b p,#wpv-column-6843b4d97325d5a33d15a42e68f5382b em,#wpv-column-6843b4d97325d5a33d15a42e68f5382b .column-title,#wpv-column-6843b4d97325d5a33d15a42e68f5382b .sep-text h2.regular-title-wrapper,#wpv-column-6843b4d97325d5a33d15a42e68f5382b .text-divider-double,#wpv-column-6843b4d97325d5a33d15a42e68f5382b .sep-text .sep-text-line,#wpv-column-6843b4d97325d5a33d15a42e68f5382b .sep,#wpv-column-6843b4d97325d5a33d15a42e68f5382b .sep-2,#wpv-column-6843b4d97325d5a33d15a42e68f5382b .sep-3{color:#444340;}#wpv-column-6843b4d97325d5a33d15a42e68f5382b:before{background-color:transparent;}<\/style><div class=\"row \"><div class=\"wpv-grid grid-1-1  first unextended animation-zoom-in animated-active\" style=\"padding-top:0px;padding-bottom:0px\" id=\"wpv-column-838da60b5dc048f11f70b39d629af436\" ><div class=\"push\" style='height:40px'><\/div>\n<h1 style=\"text-align: center; color: #ffffff;\"><span style=\"color: #ffffff;\">l&#8217;art de la impertin\u00e8ncia<\/span><\/h1>\n<p style=\"text-align: center; color: #ffffff;\"><div class=\"push\" style='height:40px'><\/div>\n<p style=\"text-align: center; color: #ffffff;\"><p class=\"textcenter\"><a href=\"https:\/\/www.entelequiacultura.com\/ca\/esdeveniment\/taller-maria-negroni-2026\/\" target=\"_self\" style='font-size: 18px;' class=\"button vamtam-button accent8  button-border hover-accent1 \"><span class=\"btext\">VEURE<\/span><\/a><\/p><\/div><\/div>\n<div class=\"row \"><div class=\"wpv-grid grid-1-1  first unextended\" style=\"padding-top:0px;padding-bottom:0px\" id=\"wpv-column-2648e99f61552251e37cfedf57912285\" ><p style=\"text-align: right;\">Taller BCN<br \/>\n30 de gener 2026<\/div><\/div><\/div>\n<div class=\"wpv-grid grid-1-3  has-background unextended animation-fade-in animated-active\" style=\"\n\t\t\t\tbackground: url('https:\/\/www.entelequiacultura.com\/wp-content\/uploads\/2023\/12\/monells-5.jpeg') no-repeat center top;\n\t\t\t\tbackground-size: cover;\n\t\t\t\tbackground-attachment: ;\n\t\t\tbackground-color:#c3c2c0;padding-top:0px;padding-bottom:20px\" id=\"wpv-column-03fe5bc5d5547794aeb0367f8b34efff\" ><style>#wpv-column-03fe5bc5d5547794aeb0367f8b34efff p,#wpv-column-03fe5bc5d5547794aeb0367f8b34efff em,#wpv-column-03fe5bc5d5547794aeb0367f8b34efff .column-title,#wpv-column-03fe5bc5d5547794aeb0367f8b34efff .sep-text h2.regular-title-wrapper,#wpv-column-03fe5bc5d5547794aeb0367f8b34efff .text-divider-double,#wpv-column-03fe5bc5d5547794aeb0367f8b34efff .sep-text .sep-text-line,#wpv-column-03fe5bc5d5547794aeb0367f8b34efff .sep,#wpv-column-03fe5bc5d5547794aeb0367f8b34efff .sep-2,#wpv-column-03fe5bc5d5547794aeb0367f8b34efff .sep-3{color:#444340;}#wpv-column-03fe5bc5d5547794aeb0367f8b34efff:before{background-color:transparent;}<\/style><div class=\"row \"><div class=\"wpv-grid grid-1-1  first unextended animation-zoom-in animated-active\" style=\"padding-top:0px;padding-bottom:0px\" id=\"wpv-column-6abd3559476d7efed12621346aa9fe56\" ><div class=\"push\" style='height:40px'><\/div>\n<h1 style=\"text-align: center; color: #ffffff;\"><span style=\"color: #ffffff;\">Pensar el que \u00e9s impensable<\/span><\/h1>\n<p style=\"text-align: center; color: #ffffff;\"><div class=\"push\" style='height:40px'><\/div>\n<p style=\"text-align: center; color: #ffffff;\"><p class=\"textcenter\"><a href=\"https:\/\/www.entelequiacultura.com\/ca\/esdeveniment\/retir-maria-negroni\/\" target=\"_self\" style='font-size: 18px;' class=\"button vamtam-button accent8  button-border hover-accent1 \"><span class=\"btext\">VEURE<\/span><\/a><\/p><\/div><\/div>\n<div class=\"row \"><div class=\"wpv-grid grid-1-1  first unextended\" style=\"padding-top:0px;padding-bottom:0px\" id=\"wpv-column-3218c5902a3a0bdb59e91083f6fdef24\" ><p style=\"text-align: right;\">Retir literari<br \/>\nHotel Summum (Monells, Girona)<br \/>\n26, 27 i 28 de gener 2024<\/div><\/div><\/div><\/div><\/div><\/div><\/div>\n<div class=\"push\" style='height:10px'><\/div>\n","protected":false},"excerpt":{"rendered":"<p>MAR\u00cdA NEGRONI \u00e9s escriptora, poeta i traductora. Doctora en Lliteratura Llatinoamericana per la Universitat de Col\u00fambia. Autora de\u00a0nombrosos llibres, entre altres:\u00a0Arte y Fuga,\u00a0Cantar la nada,\u00a0Eleg\u00eda Joseph Cornell, Interludio en Berl\u00edn,&#8230;<\/p>\n","protected":false},"author":1,"featured_media":39475,"parent":0,"menu_order":0,"comment_status":"closed","ping_status":"closed","template":"","meta":{"_price":"","_stock":"","_tribe_ticket_header":"","_tribe_default_ticket_provider":"","_tribe_ticket_capacity":"0","_ticket_start_date":"","_ticket_end_date":"","_tribe_ticket_show_description":"","_tribe_ticket_show_not_going":false,"_tribe_ticket_use_global_stock":"","_tribe_ticket_global_stock_level":"","_global_stock_mode":"","_global_stock_cap":"","_tribe_rsvp_for_event":"","_tribe_ticket_going_count":"","_tribe_ticket_not_going_count":"","_tribe_tickets_list":"[]","_tribe_ticket_has_attendee_info_fields":false,"footnotes":"","_tec_slr_enabled":"","_tec_slr_layout":""},"class_list":["post-39473","page","type-page","status-publish","has-post-thumbnail","hentry"],"aioseo_notices":[],"aioseo_head":"\n\t\t<!-- All in One SEO 5.0.0.1 - aioseo.com -->\n\t<meta name=\"description\" content=\"@Alejandro Guyot MAR\u00cdA NEGRONI \u00e9s escriptora, poeta i traductora. Doctora en Lliteratura Llatinoamericana per la Universitat de Col\u00fambia. Autora de nombrosos llibres, entre altres: Arte y Fuga, Cantar la nada, Eleg\u00eda Joseph Cornell, Interludio en Berl\u00edn, Exilium, Objeto Satie, Archivo Dickinson y Oratorio (poesia); Ciudad G\u00f3tica, Museo Negro, El testigo l\u00facido, Galer\u00eda Fant\u00e1stica, Peque\u00f1o Mundo Ilustrado i El arte del error (assaig); El sue\u00f1o de \u00darsula, La Anunciaci\u00f3n, El coraz\u00f3n del da\u00f1o y Colecci\u00f3n permanente (ficci\u00f3).\" \/>\n\t<meta name=\"robots\" content=\"max-image-preview:large\" \/>\n\t<link rel=\"canonical\" href=\"https:\/\/www.entelequiacultura.com\/ca\/maria-negroni\/\" \/>\n\t<meta name=\"generator\" content=\"All in One SEO (AIOSEO) 5.0.0.1\" \/>\n\t\t<meta property=\"og:locale\" content=\"ca_ES\" \/>\n\t\t<meta property=\"og:site_name\" content=\"Entelequia Cultura - Retiros Culturales\" \/>\n\t\t<meta property=\"og:type\" content=\"article\" \/>\n\t\t<meta property=\"og:title\" content=\"Mar\u00eda Negroni - Entelequia Cultura\" \/>\n\t\t<meta property=\"og:description\" content=\"@Alejandro Guyot MAR\u00cdA NEGRONI \u00e9s escriptora, poeta i traductora. Doctora en Lliteratura Llatinoamericana per la Universitat de Col\u00fambia. Autora de nombrosos llibres, entre altres: Arte y Fuga, Cantar la nada, Eleg\u00eda Joseph Cornell, Interludio en Berl\u00edn, Exilium, Objeto Satie, Archivo Dickinson y Oratorio (poesia); Ciudad G\u00f3tica, Museo Negro, El testigo l\u00facido, Galer\u00eda Fant\u00e1stica, Peque\u00f1o Mundo Ilustrado i El arte del error (assaig); El sue\u00f1o de \u00darsula, La Anunciaci\u00f3n, El coraz\u00f3n del da\u00f1o y Colecci\u00f3n permanente (ficci\u00f3).\" \/>\n\t\t<meta property=\"og:url\" content=\"https:\/\/www.entelequiacultura.com\/ca\/maria-negroni\/\" \/>\n\t\t<meta property=\"og:image\" content=\"https:\/\/www.entelequiacultura.com\/wp-content\/uploads\/2023\/09\/Foto-MN-por-Alejandro-Guyot-650.jpeg\" \/>\n\t\t<meta property=\"og:image:secure_url\" content=\"https:\/\/www.entelequiacultura.com\/wp-content\/uploads\/2023\/09\/Foto-MN-por-Alejandro-Guyot-650.jpeg\" \/>\n\t\t<meta property=\"og:image:width\" content=\"650\" \/>\n\t\t<meta property=\"og:image:height\" content=\"650\" \/>\n\t\t<meta property=\"article:published_time\" content=\"2023-09-12T12:15:01+00:00\" \/>\n\t\t<meta property=\"article:modified_time\" content=\"2026-08-30T11:08:35+00:00\" \/>\n\t\t<meta property=\"article:publisher\" content=\"https:\/\/www.facebook.com\/entelequiacultura\" \/>\n\t\t<meta name=\"twitter:card\" content=\"summary\" \/>\n\t\t<meta name=\"twitter:site\" content=\"@entelequiacult\" \/>\n\t\t<meta name=\"twitter:title\" content=\"Mar\u00eda Negroni - Entelequia Cultura\" \/>\n\t\t<meta name=\"twitter:description\" content=\"@Alejandro Guyot MAR\u00cdA NEGRONI \u00e9s escriptora, poeta i traductora. Doctora en Lliteratura Llatinoamericana per la Universitat de Col\u00fambia. Autora de nombrosos llibres, entre altres: Arte y Fuga, Cantar la nada, Eleg\u00eda Joseph Cornell, Interludio en Berl\u00edn, Exilium, Objeto Satie, Archivo Dickinson y Oratorio (poesia); Ciudad G\u00f3tica, Museo Negro, El testigo l\u00facido, Galer\u00eda Fant\u00e1stica, Peque\u00f1o Mundo Ilustrado i El arte del error (assaig); El sue\u00f1o de \u00darsula, La Anunciaci\u00f3n, El coraz\u00f3n del da\u00f1o y Colecci\u00f3n permanente (ficci\u00f3).\" \/>\n\t\t<meta name=\"twitter:creator\" content=\"@entelequiacult\" \/>\n\t\t<meta name=\"twitter:image\" content=\"https:\/\/www.entelequiacultura.com\/wp-content\/uploads\/2023\/09\/Foto-MN-por-Alejandro-Guyot-650.jpeg\" \/>\n\t\t<script type=\"application\/ld+json\" class=\"aioseo-schema\">\n\t\t\t{\"@context\":\"https:\\\/\\\/schema.org\",\"@graph\":[{\"@type\":\"BreadcrumbList\",\"@id\":\"https:\\\/\\\/www.entelequiacultura.com\\\/ca\\\/maria-negroni\\\/#breadcrumblist\",\"itemListElement\":[{\"@type\":\"ListItem\",\"@id\":\"https:\\\/\\\/www.entelequiacultura.com\\\/ca\\\/#listItem\",\"position\":1,\"name\":\"Home\",\"item\":\"https:\\\/\\\/www.entelequiacultura.com\\\/ca\\\/\",\"nextItem\":{\"@type\":\"ListItem\",\"@id\":\"https:\\\/\\\/www.entelequiacultura.com\\\/ca\\\/maria-negroni\\\/#listItem\",\"name\":\"Mar\\u00eda Negroni\"}},{\"@type\":\"ListItem\",\"@id\":\"https:\\\/\\\/www.entelequiacultura.com\\\/ca\\\/maria-negroni\\\/#listItem\",\"position\":2,\"name\":\"Mar\\u00eda Negroni\",\"previousItem\":{\"@type\":\"ListItem\",\"@id\":\"https:\\\/\\\/www.entelequiacultura.com\\\/ca\\\/#listItem\",\"name\":\"Home\"}}]},{\"@type\":\"Organization\",\"@id\":\"https:\\\/\\\/www.entelequiacultura.com\\\/ca\\\/#organization\",\"name\":\"Entelequia Cultura\",\"description\":\"Retiros Culturales\",\"url\":\"https:\\\/\\\/www.entelequiacultura.com\\\/ca\\\/\",\"sameAs\":[\"https:\\\/\\\/www.facebook.com\\\/entelequiacultura\",\"https:\\\/\\\/twitter.com\\\/entelequiacult\"]},{\"@type\":\"WebPage\",\"@id\":\"https:\\\/\\\/www.entelequiacultura.com\\\/ca\\\/maria-negroni\\\/#webpage\",\"url\":\"https:\\\/\\\/www.entelequiacultura.com\\\/ca\\\/maria-negroni\\\/\",\"name\":\"Mar\\u00eda Negroni - Entelequia Cultura\",\"description\":\"@Alejandro Guyot MAR\\u00cdA NEGRONI \\u00e9s escriptora, poeta i traductora. Doctora en Lliteratura Llatinoamericana per la Universitat de Col\\u00fambia. Autora de nombrosos llibres, entre altres: Arte y Fuga, Cantar la nada, Eleg\\u00eda Joseph Cornell, Interludio en Berl\\u00edn, Exilium, Objeto Satie, Archivo Dickinson y Oratorio (poesia); Ciudad G\\u00f3tica, Museo Negro, El testigo l\\u00facido, Galer\\u00eda Fant\\u00e1stica, Peque\\u00f1o Mundo Ilustrado i El arte del error (assaig); El sue\\u00f1o de \\u00darsula, La Anunciaci\\u00f3n, El coraz\\u00f3n del da\\u00f1o y Colecci\\u00f3n permanente (ficci\\u00f3).\",\"inLanguage\":\"ca\",\"isPartOf\":{\"@id\":\"https:\\\/\\\/www.entelequiacultura.com\\\/ca\\\/#website\"},\"breadcrumb\":{\"@id\":\"https:\\\/\\\/www.entelequiacultura.com\\\/ca\\\/maria-negroni\\\/#breadcrumblist\"},\"image\":{\"@type\":\"ImageObject\",\"url\":\"https:\\\/\\\/www.entelequiacultura.com\\\/wp-content\\\/uploads\\\/2023\\\/09\\\/Foto-MN-por-Alejandro-Guyot-650.jpeg\",\"@id\":\"https:\\\/\\\/www.entelequiacultura.com\\\/ca\\\/maria-negroni\\\/#mainImage\",\"width\":650,\"height\":650},\"primaryImageOfPage\":{\"@id\":\"https:\\\/\\\/www.entelequiacultura.com\\\/ca\\\/maria-negroni\\\/#mainImage\"},\"datePublished\":\"2023-09-12T14:15:01+02:00\",\"dateModified\":\"2026-08-30T13:08:35+02:00\"},{\"@type\":\"WebSite\",\"@id\":\"https:\\\/\\\/www.entelequiacultura.com\\\/ca\\\/#website\",\"url\":\"https:\\\/\\\/www.entelequiacultura.com\\\/ca\\\/\",\"name\":\"Entelequia Cultura\",\"description\":\"Retiros Culturales\",\"inLanguage\":\"ca\",\"publisher\":{\"@id\":\"https:\\\/\\\/www.entelequiacultura.com\\\/ca\\\/#organization\"}}]}\n\t\t<\/script>\n\t\t<!-- All in One SEO -->\n\n","aioseo_head_json":{"title":"Mar\u00eda Negroni - Entelequia Cultura","description":"@Alejandro Guyot MAR\u00cdA NEGRONI \u00e9s escriptora, poeta i traductora. Doctora en Lliteratura Llatinoamericana per la Universitat de Col\u00fambia. Autora de nombrosos llibres, entre altres: Arte y Fuga, Cantar la nada, Eleg\u00eda Joseph Cornell, Interludio en Berl\u00edn, Exilium, Objeto Satie, Archivo Dickinson y Oratorio (poesia); Ciudad G\u00f3tica, Museo Negro, El testigo l\u00facido, Galer\u00eda Fant\u00e1stica, Peque\u00f1o Mundo Ilustrado i El arte del error (assaig); El sue\u00f1o de \u00darsula, La Anunciaci\u00f3n, El coraz\u00f3n del da\u00f1o y Colecci\u00f3n permanente (ficci\u00f3).","canonical_url":"https:\/\/www.entelequiacultura.com\/ca\/maria-negroni\/","robots":"max-image-preview:large","keywords":"","webmasterTools":{"miscellaneous":""},"schema":{"@context":"https:\/\/schema.org","@graph":[{"@type":"BreadcrumbList","@id":"https:\/\/www.entelequiacultura.com\/ca\/maria-negroni\/#breadcrumblist","itemListElement":[{"@type":"ListItem","@id":"https:\/\/www.entelequiacultura.com\/ca\/#listItem","position":1,"name":"Home","item":"https:\/\/www.entelequiacultura.com\/ca\/","nextItem":{"@type":"ListItem","@id":"https:\/\/www.entelequiacultura.com\/ca\/maria-negroni\/#listItem","name":"Mar\u00eda Negroni"}},{"@type":"ListItem","@id":"https:\/\/www.entelequiacultura.com\/ca\/maria-negroni\/#listItem","position":2,"name":"Mar\u00eda Negroni","previousItem":{"@type":"ListItem","@id":"https:\/\/www.entelequiacultura.com\/ca\/#listItem","name":"Home"}}]},{"@type":"Organization","@id":"https:\/\/www.entelequiacultura.com\/ca\/#organization","name":"Entelequia Cultura","description":"Retiros Culturales","url":"https:\/\/www.entelequiacultura.com\/ca\/","sameAs":["https:\/\/www.facebook.com\/entelequiacultura","https:\/\/twitter.com\/entelequiacult"]},{"@type":"WebPage","@id":"https:\/\/www.entelequiacultura.com\/ca\/maria-negroni\/#webpage","url":"https:\/\/www.entelequiacultura.com\/ca\/maria-negroni\/","name":"Mar\u00eda Negroni - Entelequia Cultura","description":"@Alejandro Guyot MAR\u00cdA NEGRONI \u00e9s escriptora, poeta i traductora. Doctora en Lliteratura Llatinoamericana per la Universitat de Col\u00fambia. Autora de nombrosos llibres, entre altres: Arte y Fuga, Cantar la nada, Eleg\u00eda Joseph Cornell, Interludio en Berl\u00edn, Exilium, Objeto Satie, Archivo Dickinson y Oratorio (poesia); Ciudad G\u00f3tica, Museo Negro, El testigo l\u00facido, Galer\u00eda Fant\u00e1stica, Peque\u00f1o Mundo Ilustrado i El arte del error (assaig); El sue\u00f1o de \u00darsula, La Anunciaci\u00f3n, El coraz\u00f3n del da\u00f1o y Colecci\u00f3n permanente (ficci\u00f3).","inLanguage":"ca","isPartOf":{"@id":"https:\/\/www.entelequiacultura.com\/ca\/#website"},"breadcrumb":{"@id":"https:\/\/www.entelequiacultura.com\/ca\/maria-negroni\/#breadcrumblist"},"image":{"@type":"ImageObject","url":"https:\/\/www.entelequiacultura.com\/wp-content\/uploads\/2023\/09\/Foto-MN-por-Alejandro-Guyot-650.jpeg","@id":"https:\/\/www.entelequiacultura.com\/ca\/maria-negroni\/#mainImage","width":650,"height":650},"primaryImageOfPage":{"@id":"https:\/\/www.entelequiacultura.com\/ca\/maria-negroni\/#mainImage"},"datePublished":"2023-09-12T14:15:01+02:00","dateModified":"2026-08-30T13:08:35+02:00"},{"@type":"WebSite","@id":"https:\/\/www.entelequiacultura.com\/ca\/#website","url":"https:\/\/www.entelequiacultura.com\/ca\/","name":"Entelequia Cultura","description":"Retiros Culturales","inLanguage":"ca","publisher":{"@id":"https:\/\/www.entelequiacultura.com\/ca\/#organization"}}]},"og:locale":"ca_ES","og:site_name":"Entelequia Cultura - Retiros Culturales","og:type":"article","og:title":"Mar\u00eda Negroni - Entelequia Cultura","og:description":"@Alejandro Guyot MAR\u00cdA NEGRONI \u00e9s escriptora, poeta i traductora. Doctora en Lliteratura Llatinoamericana per la Universitat de Col\u00fambia. Autora de nombrosos llibres, entre altres: Arte y Fuga, Cantar la nada, Eleg\u00eda Joseph Cornell, Interludio en Berl\u00edn, Exilium, Objeto Satie, Archivo Dickinson y Oratorio (poesia); Ciudad G\u00f3tica, Museo Negro, El testigo l\u00facido, Galer\u00eda Fant\u00e1stica, Peque\u00f1o Mundo Ilustrado i El arte del error (assaig); El sue\u00f1o de \u00darsula, La Anunciaci\u00f3n, El coraz\u00f3n del da\u00f1o y Colecci\u00f3n permanente (ficci\u00f3).","og:url":"https:\/\/www.entelequiacultura.com\/ca\/maria-negroni\/","og:image":"https:\/\/www.entelequiacultura.com\/wp-content\/uploads\/2023\/09\/Foto-MN-por-Alejandro-Guyot-650.jpeg","og:image:secure_url":"https:\/\/www.entelequiacultura.com\/wp-content\/uploads\/2023\/09\/Foto-MN-por-Alejandro-Guyot-650.jpeg","og:image:width":650,"og:image:height":650,"article:published_time":"2023-09-12T12:15:01+00:00","article:modified_time":"2026-08-30T11:08:35+00:00","article:publisher":"https:\/\/www.facebook.com\/entelequiacultura","twitter:card":"summary","twitter:site":"@entelequiacult","twitter:title":"Mar\u00eda Negroni - Entelequia Cultura","twitter:description":"@Alejandro Guyot MAR\u00cdA NEGRONI \u00e9s escriptora, poeta i traductora. Doctora en Lliteratura Llatinoamericana per la Universitat de Col\u00fambia. Autora de nombrosos llibres, entre altres: Arte y Fuga, Cantar la nada, Eleg\u00eda Joseph Cornell, Interludio en Berl\u00edn, Exilium, Objeto Satie, Archivo Dickinson y Oratorio (poesia); Ciudad G\u00f3tica, Museo Negro, El testigo l\u00facido, Galer\u00eda Fant\u00e1stica, Peque\u00f1o Mundo Ilustrado i El arte del error (assaig); El sue\u00f1o de \u00darsula, La Anunciaci\u00f3n, El coraz\u00f3n del da\u00f1o y Colecci\u00f3n permanente (ficci\u00f3).","twitter:creator":"@entelequiacult","twitter:image":"https:\/\/www.entelequiacultura.com\/wp-content\/uploads\/2023\/09\/Foto-MN-por-Alejandro-Guyot-650.jpeg"},"aioseo_meta_data":{"post_id":"39473","title":null,"description":null,"keywords":null,"keyphrases":{"focus":{"keyphrase":"","score":0,"analysis":{"keyphraseInTitle":{"score":0,"maxScore":9,"error":1}}},"additional":[]},"primary_term":null,"canonical_url":null,"og_title":"#post_title #separator_sa #site_title","og_description":"#post_content","og_object_type":"article","og_image_type":"custom_image","og_image_url":"https:\/\/www.entelequiacultura.com\/wp-content\/uploads\/2023\/09\/Foto-MN-por-Alejandro-Guyot-650.jpeg","og_image_width":"650","og_image_height":"650","og_image_custom_url":"https:\/\/www.entelequiacultura.com\/wp-content\/uploads\/2023\/09\/Foto-MN-por-Alejandro-Guyot-650.jpeg","og_image_custom_fields":null,"og_video":"","og_custom_url":null,"og_article_section":null,"og_article_tags":null,"twitter_use_og":true,"twitter_card":"summary","twitter_image_type":"default","twitter_image_url":null,"twitter_image_custom_url":null,"twitter_image_custom_fields":null,"twitter_title":"Berta Ares","twitter_description":null,"schema":{"blockGraphs":[],"customGraphs":[],"default":{"data":{"Article":[],"Course":[],"Dataset":[],"FAQPage":[],"Movie":[],"Person":[],"Product":[],"ProductReview":[],"Car":[],"Recipe":[],"Service":[],"SoftwareApplication":[],"WebPage":{"id":"#aioseo-web-page-641ad85d53007","slug":"web-page","graphName":"WebPage","label":"P\u00e1gina web","properties":{"type":"WebPage","name":"","description":""}}},"graphName":"WebPage","isEnabled":true},"graphs":[]},"schema_type":"default","schema_type_options":"{\"article\":{\"articleType\":\"BlogPosting\"},\"course\":{\"name\":\"\",\"description\":\"\",\"provider\":\"\"},\"faq\":{\"pages\":[]},\"product\":{\"reviews\":[]},\"recipe\":{\"ingredients\":[],\"instructions\":[],\"keywords\":[]},\"software\":{\"reviews\":[],\"operatingSystems\":[]},\"webPage\":{\"webPageType\":\"WebPage\"},\"blockGraphs\":[]}","pillar_content":false,"robots_default":true,"robots_noindex":false,"robots_noarchive":false,"robots_nosnippet":false,"robots_nofollow":false,"robots_noimageindex":false,"robots_noodp":false,"robots_notranslate":false,"robots_max_snippet":"-1","robots_max_videopreview":"-1","robots_max_imagepreview":"large","priority":null,"frequency":"default","local_seo":null,"breadcrumb_settings":null,"limit_modified_date":false,"ai":{"faqs":[],"keyPoints":[],"schemas":[],"titles":[],"descriptions":[],"socialPosts":{"email":{"subject":"","preview":"","content":""},"linkedin":[],"twitter":[],"facebook":[],"instagram":[]}},"created":"2023-09-12 11:54:25","updated":"2026-08-30 18:30:41","seo_analyzer_scan_date":null,"focus_keyword":null,"additional_keywords":null,"truseo_locale":null},"aioseo_breadcrumb":"<div class=\"aioseo-breadcrumbs\"><span class=\"aioseo-breadcrumb\">\n\t\t\t<a href=\"https:\/\/www.entelequiacultura.com\/ca\/\" title=\"Home\">Home<\/a>\n\t\t<\/span><span class=\"aioseo-breadcrumb-separator\">&raquo;<\/span><span class=\"aioseo-breadcrumb\">\n\t\t\tMar\u00eda Negroni\n\t\t<\/span><\/div>","aioseo_breadcrumb_json":[{"label":"Home","link":"https:\/\/www.entelequiacultura.com\/ca\/"},{"label":"Mar\u00eda Negroni","link":"https:\/\/www.entelequiacultura.com\/ca\/maria-negroni\/"}],"ticketed":false,"_links":{"self":[{"href":"https:\/\/www.entelequiacultura.com\/ca\/wp-json\/wp\/v2\/pages\/39473","targetHints":{"allow":["GET"]}}],"collection":[{"href":"https:\/\/www.entelequiacultura.com\/ca\/wp-json\/wp\/v2\/pages"}],"about":[{"href":"https:\/\/www.entelequiacultura.com\/ca\/wp-json\/wp\/v2\/types\/page"}],"author":[{"embeddable":true,"href":"https:\/\/www.entelequiacultura.com\/ca\/wp-json\/wp\/v2\/users\/1"}],"replies":[{"embeddable":true,"href":"https:\/\/www.entelequiacultura.com\/ca\/wp-json\/wp\/v2\/comments?post=39473"}],"version-history":[{"count":5,"href":"https:\/\/www.entelequiacultura.com\/ca\/wp-json\/wp\/v2\/pages\/39473\/revisions"}],"predecessor-version":[{"id":45341,"href":"https:\/\/www.entelequiacultura.com\/ca\/wp-json\/wp\/v2\/pages\/39473\/revisions\/45341"}],"wp:featuredmedia":[{"embeddable":true,"href":"https:\/\/www.entelequiacultura.com\/ca\/wp-json\/wp\/v2\/media\/39475"}],"wp:attachment":[{"href":"https:\/\/www.entelequiacultura.com\/ca\/wp-json\/wp\/v2\/media?parent=39473"}],"curies":[{"name":"wp","href":"https:\/\/api.w.org\/{rel}","templated":true}]}}