{"id":39449,"date":"2023-09-12T11:34:25","date_gmt":"2023-09-12T09:34:25","guid":{"rendered":"https:\/\/www.entelequiacultura.com\/?page_id=39449"},"modified":"2025-12-18T15:00:22","modified_gmt":"2025-12-18T14:00:22","slug":"rosa-rius","status":"publish","type":"page","link":"https:\/\/www.entelequiacultura.com\/ca\/rosa-rius\/","title":{"rendered":"Rosa Rius"},"content":{"rendered":"<div class=\"row \"><div class=\"wpv-grid grid-1-1  wpv-first-level first unextended\" style=\"padding-top:0px;padding-bottom:0px\" id=\"wpv-column-e51af298ce3a2e7e8a2f728a5e9c399e\" ><div class=\"row \"><div class=\"wpv-grid grid-1-2  first unextended\" style=\"padding-top:0px;padding-bottom:0px\" id=\"wpv-column-3179dcaf5bfc7a48e8f9636fdd0c3590\" ><div class=\"row \"><div class=\"wpv-grid grid-1-1  first unextended\" style=\"padding-top:0px;padding-bottom:0px\" id=\"wpv-column-55b8dcb51eb0415533cf6bed2266b631\" ><p><img loading=\"lazy\" decoding=\"async\" class=\"alignnone wp-image-39453 size-full\" src=\"https:\/\/www.entelequiacultura.com\/wp-content\/uploads\/2023\/09\/Foto-Rosa-Rius-Gatell-650-1.jpg\" alt=\"\" width=\"650\" height=\"650\" srcset=\"https:\/\/www.entelequiacultura.com\/wp-content\/uploads\/2023\/09\/Foto-Rosa-Rius-Gatell-650-1.jpg 650w, https:\/\/www.entelequiacultura.com\/wp-content\/uploads\/2023\/09\/Foto-Rosa-Rius-Gatell-650-1-300x300.jpg 300w, https:\/\/www.entelequiacultura.com\/wp-content\/uploads\/2023\/09\/Foto-Rosa-Rius-Gatell-650-1-150x150.jpg 150w, https:\/\/www.entelequiacultura.com\/wp-content\/uploads\/2023\/09\/Foto-Rosa-Rius-Gatell-650-1-60x60.jpg 60w, https:\/\/www.entelequiacultura.com\/wp-content\/uploads\/2023\/09\/Foto-Rosa-Rius-Gatell-650-1-43x43.jpg 43w, https:\/\/www.entelequiacultura.com\/wp-content\/uploads\/2023\/09\/Foto-Rosa-Rius-Gatell-650-1-106x106.jpg 106w, https:\/\/www.entelequiacultura.com\/wp-content\/uploads\/2023\/09\/Foto-Rosa-Rius-Gatell-650-1-555x555.jpg 555w, https:\/\/www.entelequiacultura.com\/wp-content\/uploads\/2023\/09\/Foto-Rosa-Rius-Gatell-650-1-360x360.jpg 360w, https:\/\/www.entelequiacultura.com\/wp-content\/uploads\/2023\/09\/Foto-Rosa-Rius-Gatell-650-1-262x262.jpg 262w, https:\/\/www.entelequiacultura.com\/wp-content\/uploads\/2023\/09\/Foto-Rosa-Rius-Gatell-650-1-600x600.jpg 600w, https:\/\/www.entelequiacultura.com\/wp-content\/uploads\/2023\/09\/Foto-Rosa-Rius-Gatell-650-1-100x100.jpg 100w\" sizes=\"(max-width: 650px) 100vw, 650px\" \/><\/div><\/div><\/div>\n<div class=\"wpv-grid grid-1-2  unextended\" style=\"padding-top:0px;padding-bottom:0px\" id=\"wpv-column-80f5726ee8ea8deb72acc2bfff9e8b62\" ><div class=\"row \"><div class=\"wpv-grid grid-1-1  first unextended\" style=\"padding-top:0px;padding-bottom:0px\" id=\"wpv-column-4ff79042b25745024882712612277ae1\" ><div>\n<p>ROSA RIUS GATELL \u00e9s professora honor\u00edfica de Filosofia en la Universitat de Barcelona i integrant del Seminari Filosofia i G\u00e8nere \u2013 ADHUC (Centre de Reserca Teor\u00eda, G\u00e8nere, Sexualitat) des de la seva fundaci\u00f3.<\/p>\n<\/div>\n<div>\n<p>Les seves recerques se centren en la filosofia del Renaixement i el pensament de les dones en diferents per\u00edodes de la hist\u00f2ria, especialment segles XVI i XX. Ha tradu\u00eft obres de fil\u00f2sofes com Jeanne Hersch i Rachel Bespaloff.<\/p>\n<\/div>\n<div>\n<p>\u00c9s editora de diversos volums col\u00b7lectius, entre els quals cal recordar:\u00a0<em>Pensadoras del Siglo XX. Aportaciones al pensamiento filos\u00f3fico y pol\u00edtico<\/em>\u00a0(2011) i\u00a0<em>Lectoras de Simone Weil<\/em>\u00a0(2013), tots dos amb Fina Birul\u00e9s. Entre les seves publicacions destaquen\u00a0<em>\u201cIl Principe\u201d de Maquiavelo. Primera traducci\u00f3 espanyola basada en un manuscrit in\u00e8dit<\/em>\u00a0(2010), coautora Montserrat Casas, aix\u00ed com\u00a0l&#8217;assaig introductori i les notes cr\u00edtiques a la\u00a0<em>Hist\u00f2ria de les dones fil\u00f2sofes<\/em>\u00a0de Gilles M\u00e9nage (4a reimpr. 2023) i articles com: \u00ab\u00c0 la recherchedonis savoirs anciens. Simone Weil dans l\u2019air dutemps\u00bb (2014), \u00abMar\u00eda Zambrano et\u00a0l\u2019art qui faitvoir\u00bb (2015), \u00abDe la bellesa, l&#8217;art i la pintura \u201cveritable\u201d en Simone Weil\u00bb (2017), \u00abSimone Weillectora de Maquiavel\u00bb (2018), \u00abMar\u00eda Zambrano, notes sobre l&#8217;alegria i el dolor\u00bb (2021), \u00abNotis sud le r\u00f4le de l\u2019art chez Mar\u00eda Zambrano et Simone Weil\u00bb (2023).<\/p>\n<\/div><\/div><\/div><\/div><\/div><\/div><\/div>\n\t\t<div class=\"sep-text single centered\">\n\t\t\t\t\t\t\t<span class=\"sep-text-before\"><div class=\"sep-text-line\"><\/div><\/span>\n\t\t\t\t\t\t<div class=\"content\">\n\t\t\t\t<h2 class=\"text-divider-double\">\nEsdeveniments amb l&#8217;autora<\/h2>\t\t\t<\/div>\n\t\t\t<span class=\"sep-text-after\"><div class=\"sep-text-line\"><\/div><\/span>\n\t\t\t\t\t<\/div>\n\t\n<div class=\"row \"><div class=\"wpv-grid grid-1-1  wpv-first-level first extended no-extended-padding\" style=\"padding-top:0px;padding-bottom:0px\" id=\"wpv-column-36380dca73aac4f2c9f28707fe518473\" ><div class=\"extended-column-inner\"><div class=\"row \"><div class=\"wpv-grid grid-1-3  first has-background unextended animation-fade-in animated-active\" style=\"\n\t\t\t\tbackground: url('https:\/\/www.entelequiacultura.com\/wp-content\/uploads\/2025\/12\/Portada-montaigne-entelequia-cultura.jpg') no-repeat center top;\n\t\t\t\tbackground-size: cover;\n\t\t\t\tbackground-attachment: ;\n\t\t\tbackground-color:#1512f9;padding-top:0px;padding-bottom:20px\" id=\"wpv-column-f18d4a9d5204240823f82bf7dc6d6433\" ><style>#wpv-column-f18d4a9d5204240823f82bf7dc6d6433 p,#wpv-column-f18d4a9d5204240823f82bf7dc6d6433 em,#wpv-column-f18d4a9d5204240823f82bf7dc6d6433 .column-title,#wpv-column-f18d4a9d5204240823f82bf7dc6d6433 .sep-text h2.regular-title-wrapper,#wpv-column-f18d4a9d5204240823f82bf7dc6d6433 .text-divider-double,#wpv-column-f18d4a9d5204240823f82bf7dc6d6433 .sep-text .sep-text-line,#wpv-column-f18d4a9d5204240823f82bf7dc6d6433 .sep,#wpv-column-f18d4a9d5204240823f82bf7dc6d6433 .sep-2,#wpv-column-f18d4a9d5204240823f82bf7dc6d6433 .sep-3{color:#fff;}#wpv-column-f18d4a9d5204240823f82bf7dc6d6433:before{background-color:transparent;}<\/style><div class=\"row \"><div class=\"wpv-grid grid-1-1  first unextended animation-zoom-in animated-active\" style=\"padding-top:0px;padding-bottom:0px\" id=\"wpv-column-66116cfa00631a3c91385a7d8943a9eb\" ><div class=\"push\" style='height:40px'><\/div>\n<h1 style=\"text-align: center; color: #ffffff;\"><span style=\"color: #ffffff;\">Montaigne: el seu jo, el nostre<\/span><\/h1>\n<p style=\"text-align: center; color: #ffffff;\"><div class=\"push\" style='height:40px'><\/div>\n<p style=\"text-align: center; color: #ffffff;\"><p class=\"textcenter\"><a target=\"_self\" style='font-size: 18px;' class=\"button vamtam-button accent8  button-border hover-accent1 \"><span class=\"btext\">VEURE<\/span><\/a><\/p><\/div><\/div>\n<div class=\"row \"><div class=\"wpv-grid grid-1-1  first unextended\" style=\"padding-top:0px;padding-bottom:0px\" id=\"wpv-column-37f05301a651ae4a283c099773bf620e\" ><p style=\"text-align: left;\">Jornada filos\u00f2fica<br \/>\n21 febrer 2026<\/div><\/div><\/div>\n<div class=\"wpv-grid grid-1-3  has-background unextended animation-fade-in animated-active\" style=\"\n\t\t\t\tbackground: url('https:\/\/www.entelequiacultura.com\/wp-content\/uploads\/2024\/10\/Portada-evento-kathe-y-weil-entelequia-cultura.jpg') no-repeat center top;\n\t\t\t\tbackground-size: cover;\n\t\t\t\tbackground-attachment: ;\n\t\t\tbackground-color:#1512f9;padding-top:0px;padding-bottom:20px\" id=\"wpv-column-94787a5124ff3532e9d1924b551831ec\" ><style>#wpv-column-94787a5124ff3532e9d1924b551831ec p,#wpv-column-94787a5124ff3532e9d1924b551831ec em,#wpv-column-94787a5124ff3532e9d1924b551831ec .column-title,#wpv-column-94787a5124ff3532e9d1924b551831ec .sep-text h2.regular-title-wrapper,#wpv-column-94787a5124ff3532e9d1924b551831ec .text-divider-double,#wpv-column-94787a5124ff3532e9d1924b551831ec .sep-text .sep-text-line,#wpv-column-94787a5124ff3532e9d1924b551831ec .sep,#wpv-column-94787a5124ff3532e9d1924b551831ec .sep-2,#wpv-column-94787a5124ff3532e9d1924b551831ec .sep-3{color:#fff;}#wpv-column-94787a5124ff3532e9d1924b551831ec:before{background-color:transparent;}<\/style><div class=\"row \"><div class=\"wpv-grid grid-1-1  first unextended animation-zoom-in animated-active\" style=\"padding-top:0px;padding-bottom:0px\" id=\"wpv-column-cfc864867c9bf641354d180811a18831\" ><div class=\"push\" style='height:40px'><\/div>\n<h1 style=\"text-align: center; color: #ffffff;\"><span style=\"color: #ffffff;\">K\u00e4the Kollwitz y Simone Weil<\/span><\/h1>\n<p style=\"text-align: center; color: #ffffff;\"><div class=\"push\" style='height:40px'><\/div>\n<p style=\"text-align: center; color: #ffffff;\"><p class=\"textcenter\"><a href=\"https:\/\/www.entelequiacultura.com\/ca\/esdeveniment\/kollwitz-weil-rosa-rius\/\" target=\"_self\" style='font-size: 18px;' class=\"button vamtam-button accent8  button-border hover-accent1 \"><span class=\"btext\">VEURE<\/span><\/a><\/p><\/div><\/div>\n<div class=\"row \"><div class=\"wpv-grid grid-1-1  first unextended\" style=\"padding-top:0px;padding-bottom:0px\" id=\"wpv-column-a823ab9b17e52db4c786fff0edf75e4e\" ><p style=\"text-align: left;\">Seminari<br \/>\n14 decembre 2024<\/div><\/div><\/div>\n<div class=\"wpv-grid grid-1-3  has-background unextended animation-fade-in animated-active\" style=\"\n\t\t\t\tbackground: url('https:\/\/www.entelequiacultura.com\/wp-content\/uploads\/2024\/08\/la-melancolia-entelequia-cultura.jpg') no-repeat center top;\n\t\t\t\tbackground-size: cover;\n\t\t\t\tbackground-attachment: ;\n\t\t\tbackground-color:#1512f9;padding-top:0px;padding-bottom:20px\" id=\"wpv-column-24796e6a2e9cd07a2b6cb6dd4f447422\" ><style>#wpv-column-24796e6a2e9cd07a2b6cb6dd4f447422 p,#wpv-column-24796e6a2e9cd07a2b6cb6dd4f447422 em,#wpv-column-24796e6a2e9cd07a2b6cb6dd4f447422 .column-title,#wpv-column-24796e6a2e9cd07a2b6cb6dd4f447422 .sep-text h2.regular-title-wrapper,#wpv-column-24796e6a2e9cd07a2b6cb6dd4f447422 .text-divider-double,#wpv-column-24796e6a2e9cd07a2b6cb6dd4f447422 .sep-text .sep-text-line,#wpv-column-24796e6a2e9cd07a2b6cb6dd4f447422 .sep,#wpv-column-24796e6a2e9cd07a2b6cb6dd4f447422 .sep-2,#wpv-column-24796e6a2e9cd07a2b6cb6dd4f447422 .sep-3{color:#fff;}#wpv-column-24796e6a2e9cd07a2b6cb6dd4f447422:before{background-color:transparent;}<\/style><div class=\"row \"><div class=\"wpv-grid grid-1-1  first unextended animation-zoom-in animated-active\" style=\"padding-top:0px;padding-bottom:0px\" id=\"wpv-column-7c873b7209aec6a76d5632430f257c0a\" ><div class=\"push\" style='height:40px'><\/div>\n<h1 style=\"text-align: center; color: #ffffff;\"><span style=\"color: #ffffff;\">La persist\u00e8ncia de la Melancolia<\/span><\/h1>\n<p style=\"text-align: center; color: #ffffff;\"><div class=\"push\" style='height:40px'><\/div>\n<p style=\"text-align: center; color: #ffffff;\"><p class=\"textcenter\"><a href=\"https:\/\/www.entelequiacultura.com\/ca\/esdeveniment\/melancolia-rosa-rius\/\" target=\"_self\" style='font-size: 18px;' class=\"button vamtam-button accent8  button-border hover-accent1 \"><span class=\"btext\">VEURE<\/span><\/a><\/p><\/div><\/div>\n<div class=\"row \"><div class=\"wpv-grid grid-1-1  first unextended\" style=\"padding-top:0px;padding-bottom:0px\" id=\"wpv-column-d5455f16e76b314f0c9945a7dca0929b\" ><p style=\"text-align: left;\">Taller matinal<br \/>\n28 setembre 2024<\/div><\/div><\/div><\/div>\n<div class=\"row \"><div class=\"wpv-grid grid-1-3  first has-background unextended animation-fade-in animated-active\" style=\"\n\t\t\t\tbackground: url('https:\/\/www.entelequiacultura.com\/wp-content\/uploads\/2024\/04\/portada-zambrano-entelequia-cultura.jpg') no-repeat center top;\n\t\t\t\tbackground-size: cover;\n\t\t\t\tbackground-attachment: ;\n\t\t\tbackground-color:#1512f9;padding-top:0px;padding-bottom:20px\" id=\"wpv-column-bb6c2300db55db37b7148f642dbde512\" ><style>#wpv-column-bb6c2300db55db37b7148f642dbde512 p,#wpv-column-bb6c2300db55db37b7148f642dbde512 em,#wpv-column-bb6c2300db55db37b7148f642dbde512 .column-title,#wpv-column-bb6c2300db55db37b7148f642dbde512 .sep-text h2.regular-title-wrapper,#wpv-column-bb6c2300db55db37b7148f642dbde512 .text-divider-double,#wpv-column-bb6c2300db55db37b7148f642dbde512 .sep-text .sep-text-line,#wpv-column-bb6c2300db55db37b7148f642dbde512 .sep,#wpv-column-bb6c2300db55db37b7148f642dbde512 .sep-2,#wpv-column-bb6c2300db55db37b7148f642dbde512 .sep-3{color:#fff;}#wpv-column-bb6c2300db55db37b7148f642dbde512:before{background-color:transparent;}<\/style><div class=\"row \"><div class=\"wpv-grid grid-1-1  first unextended animation-zoom-in animated-active\" style=\"padding-top:0px;padding-bottom:0px\" id=\"wpv-column-6c79118a8a9ed3588f661eebaf2fdb83\" ><div class=\"push\" style='height:40px'><\/div>\n<h1 style=\"text-align: center; color: #ffffff;\"><span style=\"color: #ffffff;\">Mar\u00eda Zambrano: la mirada atenta<\/span><\/h1>\n<p style=\"text-align: center; color: #ffffff;\"><div class=\"push\" style='height:40px'><\/div>\n<p style=\"text-align: center; color: #ffffff;\"><p class=\"textcenter\"><a href=\"https:\/\/www.entelequiacultura.com\/ca\/esdeveniment\/zambrano-la-mirada-atenta\/\" target=\"_self\" style='font-size: 18px;' class=\"button vamtam-button accent8  button-border hover-accent1 \"><span class=\"btext\">VEURE<\/span><\/a><\/p><\/div><\/div>\n<div class=\"row \"><div class=\"wpv-grid grid-1-1  first unextended\" style=\"padding-top:0px;padding-bottom:0px\" id=\"wpv-column-8e014c5b74935f699eda06590251e379\" ><p style=\"text-align: left;\">Seminari<br \/>\n29 de juny 2024<br \/>\n6 de juliol 2024 (2na edici\u00f3)<\/div><\/div><\/div>\n<div class=\"wpv-grid grid-1-3  has-background unextended animation-fade-in animated-active\" style=\"\n\t\t\t\tbackground: url('https:\/\/www.entelequiacultura.com\/wp-content\/uploads\/2023\/09\/Simone_Weil_1280x720.jpeg') no-repeat center top;\n\t\t\t\tbackground-size: cover;\n\t\t\t\tbackground-attachment: ;\n\t\t\tbackground-color:#1512f9;padding-top:0px;padding-bottom:20px\" id=\"wpv-column-ef46e96c9eb53e1d20f1535221bf0120\" ><style>#wpv-column-ef46e96c9eb53e1d20f1535221bf0120 p,#wpv-column-ef46e96c9eb53e1d20f1535221bf0120 em,#wpv-column-ef46e96c9eb53e1d20f1535221bf0120 .column-title,#wpv-column-ef46e96c9eb53e1d20f1535221bf0120 .sep-text h2.regular-title-wrapper,#wpv-column-ef46e96c9eb53e1d20f1535221bf0120 .text-divider-double,#wpv-column-ef46e96c9eb53e1d20f1535221bf0120 .sep-text .sep-text-line,#wpv-column-ef46e96c9eb53e1d20f1535221bf0120 .sep,#wpv-column-ef46e96c9eb53e1d20f1535221bf0120 .sep-2,#wpv-column-ef46e96c9eb53e1d20f1535221bf0120 .sep-3{color:#fff;}#wpv-column-ef46e96c9eb53e1d20f1535221bf0120:before{background-color:transparent;}<\/style><div class=\"row \"><div class=\"wpv-grid grid-1-1  first unextended animation-zoom-in animated-active\" style=\"padding-top:0px;padding-bottom:0px\" id=\"wpv-column-4bc81e78b9a26fa036407bf115c58b0c\" ><div class=\"push\" style='height:40px'><\/div>\n<h1 style=\"text-align: center; color: #ffffff;\"><span style=\"color: #ffffff;\">Simone Weil. El cultiu de l&#8217;atenci\u00f3<\/span><\/h1>\n<p style=\"text-align: center; color: #ffffff;\"><div class=\"push\" style='height:40px'><\/div>\n<p style=\"text-align: center; color: #ffffff;\"><p class=\"textcenter\"><a href=\"https:\/\/www.entelequiacultura.com\/ca\/esdeveniment\/simone-weil\/\" target=\"_self\" style='font-size: 18px;' class=\"button vamtam-button accent8  button-border hover-accent1 \"><span class=\"btext\">VEURE<\/span><\/a><\/p><\/div><\/div>\n<div class=\"row \"><div class=\"wpv-grid grid-1-1  first unextended\" style=\"padding-top:0px;padding-bottom:0px\" id=\"wpv-column-9fa70c205d1f2dd21489790167bf96a9\" ><p style=\"text-align: left;\">Taller<br \/>\n18 de novembre 2023<br \/>\n2 de desembre 2023 (2na edici\u00f3)<\/div><\/div><\/div><\/div><\/div><\/div><\/div>\n<div class=\"push\" style='height:10px'><\/div>\n","protected":false},"excerpt":{"rendered":"<p>ROSA RIUS GATELL \u00e9s professora honor\u00edfica de Filosofia en la Universitat de Barcelona i integrant del Seminari Filosofia i G\u00e8nere \u2013 ADHUC (Centre de Reserca Teor\u00eda, G\u00e8nere, Sexualitat) des de&#8230;<\/p>\n","protected":false},"author":1,"featured_media":39453,"parent":0,"menu_order":0,"comment_status":"closed","ping_status":"closed","template":"","meta":{"_price":"","_stock":"","_tribe_ticket_header":"","_tribe_default_ticket_provider":"","_tribe_ticket_capacity":"0","_ticket_start_date":"","_ticket_end_date":"","_tribe_ticket_show_description":"","_tribe_ticket_show_not_going":false,"_tribe_ticket_use_global_stock":"","_tribe_ticket_global_stock_level":"","_global_stock_mode":"","_global_stock_cap":"","_tribe_rsvp_for_event":"","_tribe_ticket_going_count":"","_tribe_ticket_not_going_count":"","_tribe_tickets_list":"[]","_tribe_ticket_has_attendee_info_fields":false,"footnotes":"","_tec_slr_enabled":"","_tec_slr_layout":""},"class_list":["post-39449","page","type-page","status-publish","has-post-thumbnail","hentry"],"aioseo_notices":[],"ticketed":false,"_links":{"self":[{"href":"https:\/\/www.entelequiacultura.com\/ca\/wp-json\/wp\/v2\/pages\/39449","targetHints":{"allow":["GET"]}}],"collection":[{"href":"https:\/\/www.entelequiacultura.com\/ca\/wp-json\/wp\/v2\/pages"}],"about":[{"href":"https:\/\/www.entelequiacultura.com\/ca\/wp-json\/wp\/v2\/types\/page"}],"author":[{"embeddable":true,"href":"https:\/\/www.entelequiacultura.com\/ca\/wp-json\/wp\/v2\/users\/1"}],"replies":[{"embeddable":true,"href":"https:\/\/www.entelequiacultura.com\/ca\/wp-json\/wp\/v2\/comments?post=39449"}],"version-history":[{"count":4,"href":"https:\/\/www.entelequiacultura.com\/ca\/wp-json\/wp\/v2\/pages\/39449\/revisions"}],"predecessor-version":[{"id":44098,"href":"https:\/\/www.entelequiacultura.com\/ca\/wp-json\/wp\/v2\/pages\/39449\/revisions\/44098"}],"wp:featuredmedia":[{"embeddable":true,"href":"https:\/\/www.entelequiacultura.com\/ca\/wp-json\/wp\/v2\/media\/39453"}],"wp:attachment":[{"href":"https:\/\/www.entelequiacultura.com\/ca\/wp-json\/wp\/v2\/media?parent=39449"}],"curies":[{"name":"wp","href":"https:\/\/api.w.org\/{rel}","templated":true}]}}