{"id":38414,"date":"2023-03-06T08:48:57","date_gmt":"2023-03-06T07:48:57","guid":{"rendered":"https:\/\/www.entelequiacultura.com\/?page_id=38414"},"modified":"2023-03-06T08:48:57","modified_gmt":"2023-03-06T07:48:57","slug":"benno-aladjem","status":"publish","type":"page","link":"https:\/\/www.entelequiacultura.com\/ca\/benno-aladjem\/","title":{"rendered":"Benno Aladjem Benbassat"},"content":{"rendered":"<div class=\"row \"><div class=\"wpv-grid grid-1-1  wpv-first-level first unextended\" style=\"padding-top:0px;padding-bottom:0px\" id=\"wpv-column-507e709b2594499092df8854b99dad5d\" ><div class=\"row \"><div class=\"wpv-grid grid-1-2  first unextended\" style=\"padding-top:0px;padding-bottom:0px\" id=\"wpv-column-d18700d6049b87118e3e88e6c803affe\" ><div class=\"row \"><div class=\"wpv-grid grid-1-1  first unextended\" style=\"padding-top:0px;padding-bottom:0px\" id=\"wpv-column-27c82191199f6d4338f93f30a058981f\" ><p><div id=\"attachment_38416\" style=\"width: 660px\" class=\"wp-caption alignnone\"><img loading=\"lazy\" decoding=\"async\" aria-describedby=\"caption-attachment-38416\" class=\"wp-image-38416 size-full\" src=\"https:\/\/www.entelequiacultura.com\/wp-content\/uploads\/2023\/02\/Foto-Benno-de-Consuelo-Bautista-650.jpg\" alt=\"\" width=\"650\" height=\"649\" srcset=\"https:\/\/www.entelequiacultura.com\/wp-content\/uploads\/2023\/02\/Foto-Benno-de-Consuelo-Bautista-650.jpg 650w, https:\/\/www.entelequiacultura.com\/wp-content\/uploads\/2023\/02\/Foto-Benno-de-Consuelo-Bautista-650-300x300.jpg 300w, https:\/\/www.entelequiacultura.com\/wp-content\/uploads\/2023\/02\/Foto-Benno-de-Consuelo-Bautista-650-150x150.jpg 150w, https:\/\/www.entelequiacultura.com\/wp-content\/uploads\/2023\/02\/Foto-Benno-de-Consuelo-Bautista-650-60x60.jpg 60w, https:\/\/www.entelequiacultura.com\/wp-content\/uploads\/2023\/02\/Foto-Benno-de-Consuelo-Bautista-650-43x43.jpg 43w, https:\/\/www.entelequiacultura.com\/wp-content\/uploads\/2023\/02\/Foto-Benno-de-Consuelo-Bautista-650-106x106.jpg 106w, https:\/\/www.entelequiacultura.com\/wp-content\/uploads\/2023\/02\/Foto-Benno-de-Consuelo-Bautista-650-555x554.jpg 555w, https:\/\/www.entelequiacultura.com\/wp-content\/uploads\/2023\/02\/Foto-Benno-de-Consuelo-Bautista-650-360x359.jpg 360w, https:\/\/www.entelequiacultura.com\/wp-content\/uploads\/2023\/02\/Foto-Benno-de-Consuelo-Bautista-650-262x262.jpg 262w, https:\/\/www.entelequiacultura.com\/wp-content\/uploads\/2023\/02\/Foto-Benno-de-Consuelo-Bautista-650-600x599.jpg 600w, https:\/\/www.entelequiacultura.com\/wp-content\/uploads\/2023\/02\/Foto-Benno-de-Consuelo-Bautista-650-100x100.jpg 100w\" sizes=\"(max-width: 650px) 100vw, 650px\" \/><p id=\"caption-attachment-38416\" class=\"wp-caption-text\">@ Consuelo Bautista<\/p><\/div><\/div><\/div><\/div>\n<div class=\"wpv-grid grid-1-2  unextended\" style=\"padding-top:0px;padding-bottom:0px\" id=\"wpv-column-9558745c88770f90e7b84f850c1d6659\" ><div class=\"row \"><div class=\"wpv-grid grid-1-1  first unextended\" style=\"padding-top:0px;padding-bottom:0px\" id=\"wpv-column-fc6f30d50a059da6138f3210de6c56d3\" ><p><span class=\"hiddenGrammarError\">BENNO ALADJEM BENBASSAT neix<\/span> a Sofia (Bulg\u00e0ria) en 1939, en el si d&#8217;una fam\u00edlia sefardita. <span class=\"hiddenGreenError\">Als tres anys<\/span> fuig del nazisme amb els seus pares i dues \u00e0vies en un llarg periple que els porta a Turquia, L\u00edban i finalment a Palestina, on viuen fins al final de la Segona Guerra Mundial. En 1947 es traslladen a Barcelona, on cursa els seus estudis de batxillerat en el Liceu Franc\u00e8s i participa activament en la vida cultural de la Comunitat Israelita de Barcelona (<span class=\"hiddenSpellError\">CIB<\/span>). Despr\u00e9s d&#8217;estudiar enginyeria inform\u00e0tica a Tolosa treballa en <span class=\"hiddenSpellError\">Seresco<\/span> i despr\u00e9s, durant <span class=\"hiddenGreenError\">24<\/span> anys, en IBM (Barcelona).<\/p>\n<p>En 2022 publica <em>La vida pasa volando<\/em>\u00a0(<span class=\"hiddenSpellError\">Jot<\/span> Down <span class=\"hiddenSpellError\">Books<\/span>, amb pr\u00f2leg de Vicente\u00a0<span class=\"hiddenSpellError\">Villatoro<\/span>), que s\u00f3n les mem\u00f2ries del seu periple, de l&#8217;assentament de la seva fam\u00edlia a Barcelona i les seves viv\u00e8ncies en la Comunitat.<\/div><\/div><\/div><\/div><\/div><\/div>\n\t\t<div class=\"sep-text single centered\">\n\t\t\t\t\t\t\t<span class=\"sep-text-before\"><div class=\"sep-text-line\"><\/div><\/span>\n\t\t\t\t\t\t<div class=\"content\">\n\t\t\t\t<h2 class=\"text-divider-double\">\nEsdeveniments amb l&#8217;autor<br \/>\n<\/h2>\t\t\t<\/div>\n\t\t\t<span class=\"sep-text-after\"><div class=\"sep-text-line\"><\/div><\/span>\n\t\t\t\t\t<\/div>\n\t\n<div class=\"row \"><div class=\"wpv-grid grid-1-1  wpv-first-level first extended no-extended-padding\" style=\"padding-top:0px;padding-bottom:0px\" id=\"wpv-column-b1f2bb36bc2d290c697d278977c02e22\" ><div class=\"extended-column-inner\"><div class=\"row \"><div class=\"wpv-grid grid-1-3  first has-background unextended animation-fade-in animated-active\" style=\"\n\t\t\t\tbackground: url('https:\/\/www.entelequiacultura.com\/wp-content\/uploads\/2023\/03\/IMG_6719-scaled.jpg') no-repeat center top;\n\t\t\t\tbackground-size: cover;\n\t\t\t\tbackground-attachment: ;\n\t\t\tbackground-color:#1512f9;padding-top:0px;padding-bottom:20px\" id=\"wpv-column-39849e7d6dd388028915e69bb1d42941\" ><style>#wpv-column-39849e7d6dd388028915e69bb1d42941 p,#wpv-column-39849e7d6dd388028915e69bb1d42941 em,#wpv-column-39849e7d6dd388028915e69bb1d42941 .column-title,#wpv-column-39849e7d6dd388028915e69bb1d42941 .sep-text h2.regular-title-wrapper,#wpv-column-39849e7d6dd388028915e69bb1d42941 .text-divider-double,#wpv-column-39849e7d6dd388028915e69bb1d42941 .sep-text .sep-text-line,#wpv-column-39849e7d6dd388028915e69bb1d42941 .sep,#wpv-column-39849e7d6dd388028915e69bb1d42941 .sep-2,#wpv-column-39849e7d6dd388028915e69bb1d42941 .sep-3{color:#fff;}#wpv-column-39849e7d6dd388028915e69bb1d42941:before{background-color:transparent;}<\/style><div class=\"row \"><div class=\"wpv-grid grid-1-1  first unextended animation-zoom-in animated-active\" style=\"padding-top:0px;padding-bottom:0px\" id=\"wpv-column-bdade879b08e1d70a6438ba280529bc4\" ><div class=\"push\" style='height:40px'><\/div>\n<h1 style=\"text-align: center; color: #ffffff;\"><span style=\"color: #ffffff;\">Els sefardites: una visi\u00f3 personal<\/span><\/h1>\n<p style=\"text-align: center; color: #ffffff;\"><div class=\"push\" style='height:40px'><\/div>\n<p style=\"text-align: center; color: #ffffff;\"><p class=\"textcenter\"><a href=\"https:\/\/www.entelequiacultura.com\/ca\/esdeveniment\/benno-aladjem\/\" target=\"_self\" style='font-size: 18px;' class=\"button vamtam-button accent8  button-border hover-accent1 \"><span class=\"btext\">VEURE<\/span><\/a><\/p><\/div><\/div>\n<div class=\"row \"><div class=\"wpv-grid grid-1-1  first unextended\" style=\"padding-top:0px;padding-bottom:0px\" id=\"wpv-column-826692858465d4c25494b1d16aaf80a6\" ><p style=\"text-align: left;\">Seminari<br \/>\n3 de juny 2023<\/div><\/div><\/div><\/div><\/div><\/div><\/div>\n<div class=\"push\" style='height:10px'><\/div>\n","protected":false},"excerpt":{"rendered":"<p>BENNO ALADJEM BENBASSAT neix a Sofia (Bulg\u00e0ria) en 1939, en el si d&#8217;una fam\u00edlia sefardita. Als tres anys fuig del nazisme amb els seus pares i dues \u00e0vies en un&#8230;<\/p>\n","protected":false},"author":1,"featured_media":38416,"parent":0,"menu_order":0,"comment_status":"closed","ping_status":"closed","template":"","meta":{"_price":"","_stock":"","_tribe_ticket_header":"","_tribe_default_ticket_provider":"","_tribe_ticket_capacity":"0","_ticket_start_date":"","_ticket_end_date":"","_tribe_ticket_show_description":"","_tribe_ticket_show_not_going":false,"_tribe_ticket_use_global_stock":"","_tribe_ticket_global_stock_level":"","_global_stock_mode":"","_global_stock_cap":"","_tribe_rsvp_for_event":"","_tribe_ticket_going_count":"","_tribe_ticket_not_going_count":"","_tribe_tickets_list":"[]","_tribe_ticket_has_attendee_info_fields":false,"footnotes":"","_tec_slr_enabled":"","_tec_slr_layout":""},"class_list":["post-38414","page","type-page","status-publish","has-post-thumbnail","hentry"],"aioseo_notices":[],"ticketed":false,"_links":{"self":[{"href":"https:\/\/www.entelequiacultura.com\/ca\/wp-json\/wp\/v2\/pages\/38414","targetHints":{"allow":["GET"]}}],"collection":[{"href":"https:\/\/www.entelequiacultura.com\/ca\/wp-json\/wp\/v2\/pages"}],"about":[{"href":"https:\/\/www.entelequiacultura.com\/ca\/wp-json\/wp\/v2\/types\/page"}],"author":[{"embeddable":true,"href":"https:\/\/www.entelequiacultura.com\/ca\/wp-json\/wp\/v2\/users\/1"}],"replies":[{"embeddable":true,"href":"https:\/\/www.entelequiacultura.com\/ca\/wp-json\/wp\/v2\/comments?post=38414"}],"version-history":[{"count":0,"href":"https:\/\/www.entelequiacultura.com\/ca\/wp-json\/wp\/v2\/pages\/38414\/revisions"}],"wp:featuredmedia":[{"embeddable":true,"href":"https:\/\/www.entelequiacultura.com\/ca\/wp-json\/wp\/v2\/media\/38416"}],"wp:attachment":[{"href":"https:\/\/www.entelequiacultura.com\/ca\/wp-json\/wp\/v2\/media?parent=38414"}],"curies":[{"name":"wp","href":"https:\/\/api.w.org\/{rel}","templated":true}]}}