{"id":37545,"date":"2022-10-19T13:38:22","date_gmt":"2022-10-19T11:38:22","guid":{"rendered":"https:\/\/www.entelequiacultura.com\/?page_id=37545"},"modified":"2026-04-17T08:56:58","modified_gmt":"2026-04-17T06:56:58","slug":"lolajosa","status":"publish","type":"page","link":"https:\/\/www.entelequiacultura.com\/ca\/lolajosa\/","title":{"rendered":"Lola Josa"},"content":{"rendered":"<div class=\"row \"><div class=\"wpv-grid grid-1-1  wpv-first-level first unextended\" style=\"padding-top:0px;padding-bottom:0px\" id=\"wpv-column-4962d628786cbabaa154aa5bc9e9d7db\" ><div class=\"row \"><div class=\"wpv-grid grid-1-2  first unextended\" style=\"padding-top:0px;padding-bottom:0px\" id=\"wpv-column-180bfcce7995ebc828928275e3907403\" ><div class=\"row \"><div class=\"wpv-grid grid-1-1  first unextended\" style=\"padding-top:0px;padding-bottom:0px\" id=\"wpv-column-91e73b600c04c4dac40b301079ac2912\" ><p><img loading=\"lazy\" decoding=\"async\" class=\"alignnone wp-image-44495 size-full\" src=\"https:\/\/www.entelequiacultura.com\/wp-content\/uploads\/2026\/01\/lola-josa-1.jpg\" alt=\"\" width=\"650\" height=\"635\" srcset=\"https:\/\/www.entelequiacultura.com\/wp-content\/uploads\/2026\/01\/lola-josa-1.jpg 650w, https:\/\/www.entelequiacultura.com\/wp-content\/uploads\/2026\/01\/lola-josa-1-300x293.jpg 300w, https:\/\/www.entelequiacultura.com\/wp-content\/uploads\/2026\/01\/lola-josa-1-60x60.jpg 60w, https:\/\/www.entelequiacultura.com\/wp-content\/uploads\/2026\/01\/lola-josa-1-43x43.jpg 43w, https:\/\/www.entelequiacultura.com\/wp-content\/uploads\/2026\/01\/lola-josa-1-555x542.jpg 555w, https:\/\/www.entelequiacultura.com\/wp-content\/uploads\/2026\/01\/lola-josa-1-360x352.jpg 360w, https:\/\/www.entelequiacultura.com\/wp-content\/uploads\/2026\/01\/lola-josa-1-262x256.jpg 262w, https:\/\/www.entelequiacultura.com\/wp-content\/uploads\/2026\/01\/lola-josa-1-600x586.jpg 600w\" sizes=\"(max-width: 650px) 100vw, 650px\" \/><\/div><\/div><\/div>\n<div class=\"wpv-grid grid-1-2  unextended\" style=\"padding-top:0px;padding-bottom:0px\" id=\"wpv-column-05c6fb9d72c154257fc9db856a6d39cc\" ><div class=\"row \"><div class=\"wpv-grid grid-1-1  first unextended\" style=\"padding-top:0px;padding-bottom:0px\" id=\"wpv-column-8e33839008feee5c1118986a414a2d30\" ><p>LOLA JOSA \u00e9s fil\u00f2loga, escriptora i catedr\u00e0tica de Literatura Espanyola dels\u00a0 Segles d\u2019Or en la Universitat de Barcelona.<\/p>\n<p>Les seves recerques i escriptura se centren en l\u2019exegesi i en la m\u00edstica hebrea com a experi\u00e8ncia prefilos\u00f2fica i po\u00e8tica.\u00a0\u00abC\u00e1ntico Espiritual. Nueva edici\u00f3n a la luz de la m\u00edstica hebrea\u00bb (Lumen, 2021) i \u00abLa medida del mundo. Palabra y principio femeninos\u00bb\u00a0(Athenaica, 2022) s\u00f3n els seus \u00faltims llibres.<\/div><\/div><\/div><\/div><\/div><\/div>\n\t\t<div class=\"sep-text single centered\">\n\t\t\t\t\t\t\t<span class=\"sep-text-before\"><div class=\"sep-text-line\"><\/div><\/span>\n\t\t\t\t\t\t<div class=\"content\">\n\t\t\t\t<h2 class=\"text-divider-double\">\nEsdeveniments amb l&#8217;autora<\/h2>\t\t\t<\/div>\n\t\t\t<span class=\"sep-text-after\"><div class=\"sep-text-line\"><\/div><\/span>\n\t\t\t\t\t<\/div>\n\t\n<div class=\"row \"><div class=\"wpv-grid grid-1-1  wpv-first-level first extended no-extended-padding\" style=\"padding-top:0px;padding-bottom:0px\" id=\"wpv-column-56fbb07a117e30ef202e63d4f9d92507\" ><div class=\"extended-column-inner\"><div class=\"row \"><div class=\"wpv-grid grid-1-3  first has-background unextended animation-fade-in animated-active\" style=\"\n\t\t\t\tbackground: url('https:\/\/www.entelequiacultura.com\/wp-content\/uploads\/2026\/04\/Portada-vida-y-simbolo-esencial.jpg') no-repeat center top;\n\t\t\t\tbackground-size: cover;\n\t\t\t\tbackground-attachment: ;\n\t\t\tbackground-color:#1512f9;padding-top:0px;padding-bottom:20px\" id=\"wpv-column-bd9241a68a4ada23df287c67a9838987\" ><style>#wpv-column-bd9241a68a4ada23df287c67a9838987 p,#wpv-column-bd9241a68a4ada23df287c67a9838987 em,#wpv-column-bd9241a68a4ada23df287c67a9838987 .column-title,#wpv-column-bd9241a68a4ada23df287c67a9838987 .sep-text h2.regular-title-wrapper,#wpv-column-bd9241a68a4ada23df287c67a9838987 .text-divider-double,#wpv-column-bd9241a68a4ada23df287c67a9838987 .sep-text .sep-text-line,#wpv-column-bd9241a68a4ada23df287c67a9838987 .sep,#wpv-column-bd9241a68a4ada23df287c67a9838987 .sep-2,#wpv-column-bd9241a68a4ada23df287c67a9838987 .sep-3{color:#fff;}#wpv-column-bd9241a68a4ada23df287c67a9838987:before{background-color:transparent;}<\/style><div class=\"row \"><div class=\"wpv-grid grid-1-1  first unextended animation-zoom-in animated-active\" style=\"padding-top:0px;padding-bottom:0px\" id=\"wpv-column-c9238b4e4494b386e8fbbff43726ad1e\" ><div class=\"push\" style='height:40px'><\/div>\n<h1 style=\"text-align: center; color: #ffffff;\"><span style=\"color: #ffffff;\">Vida i s\u00edmbol essencial<\/span><\/h1>\n<p style=\"text-align: center; color: #ffffff;\"><div class=\"push\" style='height:40px'><\/div>\n<p style=\"text-align: center; color: #ffffff;\"><p class=\"textcenter\"><a href=\"https:\/\/www.entelequiacultura.com\/ca\/esdeveniment\/vida-i-simbol-essencial-lola-josa\/\" target=\"_self\" style='font-size: 18px;' class=\"button vamtam-button accent8  button-border hover-accent1 \"><span class=\"btext\">Veure<\/span><\/a><\/p><\/div><\/div>\n<div class=\"row \"><div class=\"wpv-grid grid-1-1  first unextended\" style=\"padding-top:0px;padding-bottom:0px\" id=\"wpv-column-03eacea45ebacdf275de945134d27ceb\" ><p style=\"text-align: left;\">Curs online<br \/>\nmayo 2026 &#8211; marzo 2027<\/div><\/div><\/div>\n<div class=\"wpv-grid grid-1-3  has-background unextended animation-fade-in animated-active\" style=\"\n\t\t\t\tbackground: url('https:\/\/www.entelequiacultura.com\/wp-content\/uploads\/2026\/04\/Portada-vida-y-simbolo-esencial.jpg') no-repeat center top;\n\t\t\t\tbackground-size: cover;\n\t\t\t\tbackground-attachment: ;\n\t\t\tbackground-color:#1512f9;padding-top:0px;padding-bottom:20px\" id=\"wpv-column-7a3ba63917b35dad814b7a363125b0c6\" ><style>#wpv-column-7a3ba63917b35dad814b7a363125b0c6 p,#wpv-column-7a3ba63917b35dad814b7a363125b0c6 em,#wpv-column-7a3ba63917b35dad814b7a363125b0c6 .column-title,#wpv-column-7a3ba63917b35dad814b7a363125b0c6 .sep-text h2.regular-title-wrapper,#wpv-column-7a3ba63917b35dad814b7a363125b0c6 .text-divider-double,#wpv-column-7a3ba63917b35dad814b7a363125b0c6 .sep-text .sep-text-line,#wpv-column-7a3ba63917b35dad814b7a363125b0c6 .sep,#wpv-column-7a3ba63917b35dad814b7a363125b0c6 .sep-2,#wpv-column-7a3ba63917b35dad814b7a363125b0c6 .sep-3{color:#fff;}#wpv-column-7a3ba63917b35dad814b7a363125b0c6:before{background-color:transparent;}<\/style><div class=\"row \"><div class=\"wpv-grid grid-1-1  first unextended animation-zoom-in animated-active\" style=\"padding-top:0px;padding-bottom:0px\" id=\"wpv-column-233285493c936b934afcf981c9ee5bac\" ><div class=\"push\" style='height:40px'><\/div>\n<h1 style=\"text-align: center; color: #ffffff;\"><span style=\"color: #ffffff;\">Vida i s\u00edmbol essencial<\/span><\/h1>\n<p style=\"text-align: center; color: #ffffff;\"><div class=\"push\" style='height:40px'><\/div>\n<p style=\"text-align: center; color: #ffffff;\"><p class=\"textcenter\"><a href=\"https:\/\/www.entelequiacultura.com\/evento\/curso-vida-y-simbolo-esencial-lola-josa\/\" target=\"_self\" style='font-size: 18px;' class=\"button vamtam-button accent8  button-border hover-accent1 \"><span class=\"btext\">Veure<\/span><\/a><\/p><\/div><\/div>\n<div class=\"row \"><div class=\"wpv-grid grid-1-1  first unextended\" style=\"padding-top:0px;padding-bottom:0px\" id=\"wpv-column-93221c3409f296ceb945f5e27d91657f\" ><p style=\"text-align: left;\">Curs presencial<br \/>\nmayo 2026 &#8211; marzo 2027<\/div><\/div><\/div>\n<div class=\"wpv-grid grid-1-3  has-background unextended animation-fade-in animated-active\" style=\"\n\t\t\t\tbackground: url('https:\/\/www.entelequiacultura.com\/wp-content\/uploads\/2023\/12\/post-blog-scaled.jpg') no-repeat center top;\n\t\t\t\tbackground-size: cover;\n\t\t\t\tbackground-attachment: ;\n\t\t\tbackground-color:#1512f9;padding-top:0px;padding-bottom:20px\" id=\"wpv-column-81260d7a2a1cb420e13b202b80acb770\" ><style>#wpv-column-81260d7a2a1cb420e13b202b80acb770 p,#wpv-column-81260d7a2a1cb420e13b202b80acb770 em,#wpv-column-81260d7a2a1cb420e13b202b80acb770 .column-title,#wpv-column-81260d7a2a1cb420e13b202b80acb770 .sep-text h2.regular-title-wrapper,#wpv-column-81260d7a2a1cb420e13b202b80acb770 .text-divider-double,#wpv-column-81260d7a2a1cb420e13b202b80acb770 .sep-text .sep-text-line,#wpv-column-81260d7a2a1cb420e13b202b80acb770 .sep,#wpv-column-81260d7a2a1cb420e13b202b80acb770 .sep-2,#wpv-column-81260d7a2a1cb420e13b202b80acb770 .sep-3{color:#fff;}#wpv-column-81260d7a2a1cb420e13b202b80acb770:before{background-color:transparent;}<\/style><div class=\"row \"><div class=\"wpv-grid grid-1-1  first unextended animation-zoom-in animated-active\" style=\"padding-top:0px;padding-bottom:0px\" id=\"wpv-column-caea54c979ad96760ffb149d68ca84d1\" ><div class=\"push\" style='height:40px'><\/div>\n<h1 style=\"text-align: center; color: #ffffff;\"><span style=\"color: #ffffff;\">El Zohar. La B\u00edblia dels m\u00edstics<\/span><\/h1>\n<p style=\"text-align: center; color: #ffffff;\"><div class=\"push\" style='height:40px'><\/div>\n<p style=\"text-align: center; color: #ffffff;\"><p class=\"textcenter\"><a href=\"https:\/\/www.entelequiacultura.com\/ca\/esdeveniment\/retir-lola-josa-2026\" target=\"_self\" style='font-size: 18px;' class=\"button vamtam-button accent8  button-border hover-accent1 \"><span class=\"btext\">Veure<\/span><\/a><\/p><\/div><\/div>\n<div class=\"row \"><div class=\"wpv-grid grid-1-1  first unextended\" style=\"padding-top:0px;padding-bottom:0px\" id=\"wpv-column-03c7074b418d11d7cf9748d5ca8080a5\" ><p style=\"text-align: left;\">Retir Cultural<br \/>\n10, 11 i 12 d&#8217;abril 2026<br \/>\nCam\u00f3s (Girona)<\/div><\/div><\/div><\/div>\n<div class=\"row \"><div class=\"wpv-grid grid-1-3  first has-background unextended animation-fade-in animated-active\" style=\"\n\t\t\t\tbackground: url('https:\/\/www.entelequiacultura.com\/wp-content\/uploads\/2023\/05\/Retiro-Lola-Josa-1280-\u00d7-720-px.jpg') no-repeat center top;\n\t\t\t\tbackground-size: cover;\n\t\t\t\tbackground-attachment: ;\n\t\t\tbackground-color:#1512f9;padding-top:0px;padding-bottom:20px\" id=\"wpv-column-ed91e01f655061b86804f31e0f4d62ef\" ><style>#wpv-column-ed91e01f655061b86804f31e0f4d62ef p,#wpv-column-ed91e01f655061b86804f31e0f4d62ef em,#wpv-column-ed91e01f655061b86804f31e0f4d62ef .column-title,#wpv-column-ed91e01f655061b86804f31e0f4d62ef .sep-text h2.regular-title-wrapper,#wpv-column-ed91e01f655061b86804f31e0f4d62ef .text-divider-double,#wpv-column-ed91e01f655061b86804f31e0f4d62ef .sep-text .sep-text-line,#wpv-column-ed91e01f655061b86804f31e0f4d62ef .sep,#wpv-column-ed91e01f655061b86804f31e0f4d62ef .sep-2,#wpv-column-ed91e01f655061b86804f31e0f4d62ef .sep-3{color:#fff;}#wpv-column-ed91e01f655061b86804f31e0f4d62ef:before{background-color:transparent;}<\/style><div class=\"row \"><div class=\"wpv-grid grid-1-1  first unextended animation-zoom-in animated-active\" style=\"padding-top:0px;padding-bottom:0px\" id=\"wpv-column-240a7c536aede72e4379279230925894\" ><div class=\"push\" style='height:40px'><\/div>\n<h1 style=\"text-align: center; color: #ffffff;\"><span style=\"color: #ffffff;\">El mapa de l&#8217;\u00e0nima segons la m\u00edstica hebrea<\/span><\/h1>\n<p style=\"text-align: center; color: #ffffff;\"><div class=\"push\" style='height:40px'><\/div>\n<p style=\"text-align: center; color: #ffffff;\"><p class=\"textcenter\"><a href=\"https:\/\/www.entelequiacultura.com\/ca\/esdeveniment\/lola-josa-retir\/\" target=\"_self\" style='font-size: 18px;' class=\"button vamtam-button accent8  button-border hover-accent1 \"><span class=\"btext\">Veure<\/span><\/a><\/p><\/div><\/div>\n<div class=\"row \"><div class=\"wpv-grid grid-1-1  first unextended\" style=\"padding-top:0px;padding-bottom:0px\" id=\"wpv-column-8077e66aff5c17a6e96474b4c0b59326\" ><p style=\"text-align: left;\">Retir Cultural<br \/>\n27, 28 i 29 d&#8217;octubre 2023<br \/>\nCam\u00f3s (Girona)<\/div><\/div><\/div>\n<div class=\"wpv-grid grid-1-3  has-background unextended animation-fade-in animated-active\" style=\"\n\t\t\t\tbackground: url('https:\/\/www.entelequiacultura.com\/wp-content\/uploads\/2022\/10\/Portada-evento-1200-\u00d7-800-px.jpg') no-repeat center top;\n\t\t\t\tbackground-size: cover;\n\t\t\t\tbackground-attachment: ;\n\t\t\tbackground-color:#1512f9;padding-top:0px;padding-bottom:20px\" id=\"wpv-column-ba466174db28ccf0dc773a8dc67092e2\" ><style>#wpv-column-ba466174db28ccf0dc773a8dc67092e2 p,#wpv-column-ba466174db28ccf0dc773a8dc67092e2 em,#wpv-column-ba466174db28ccf0dc773a8dc67092e2 .column-title,#wpv-column-ba466174db28ccf0dc773a8dc67092e2 .sep-text h2.regular-title-wrapper,#wpv-column-ba466174db28ccf0dc773a8dc67092e2 .text-divider-double,#wpv-column-ba466174db28ccf0dc773a8dc67092e2 .sep-text .sep-text-line,#wpv-column-ba466174db28ccf0dc773a8dc67092e2 .sep,#wpv-column-ba466174db28ccf0dc773a8dc67092e2 .sep-2,#wpv-column-ba466174db28ccf0dc773a8dc67092e2 .sep-3{color:#fff;}#wpv-column-ba466174db28ccf0dc773a8dc67092e2:before{background-color:transparent;}<\/style><div class=\"row \"><div class=\"wpv-grid grid-1-1  first unextended animation-zoom-in animated-active\" style=\"padding-top:0px;padding-bottom:0px\" id=\"wpv-column-f764499fbc6bd0aa791b7d6b60cefa88\" ><div class=\"push\" style='height:40px'><\/div>\n<h1 style=\"text-align: center; color: #ffffff;\"><span style=\"color: #ffffff;\">La m\u00edstica en San Juan de la Cruz<\/span><\/h1>\n<p style=\"text-align: center; color: #ffffff;\"><div class=\"push\" style='height:40px'><\/div>\n<p style=\"text-align: center; color: #ffffff;\"><p class=\"textcenter\"><a href=\"https:\/\/www.entelequiacultura.com\/ca\/esdeveniment\/lolajosa\/\" target=\"_self\" style='font-size: 18px;' class=\"button vamtam-button accent8  button-border hover-accent1 \"><span class=\"btext\">Veure<\/span><\/a><\/p><\/div><\/div>\n<div class=\"row \"><div class=\"wpv-grid grid-1-1  first unextended\" style=\"padding-top:0px;padding-bottom:0px\" id=\"wpv-column-29905f75503992530921a10355b3ddca\" ><p style=\"text-align: left;\">Seminari<br \/>\n11 i 18 de mar\u00e7 2023<br \/>\nBarcelona<\/div><\/div><\/div><\/div><\/div><\/div><\/div>\n<div class=\"push\" style='height:10px'><\/div>\n","protected":false},"excerpt":{"rendered":"<p>LOLA JOSA \u00e9s fil\u00f2loga, escriptora i catedr\u00e0tica de Literatura Espanyola dels\u00a0 Segles d\u2019Or en la Universitat de Barcelona. Les seves recerques i escriptura se centren en l\u2019exegesi i en la&#8230;<\/p>\n","protected":false},"author":1,"featured_media":44495,"parent":0,"menu_order":0,"comment_status":"closed","ping_status":"closed","template":"","meta":{"_price":"","_stock":"","_tribe_ticket_header":"","_tribe_default_ticket_provider":"","_tribe_ticket_capacity":"0","_ticket_start_date":"","_ticket_end_date":"","_tribe_ticket_show_description":"","_tribe_ticket_show_not_going":false,"_tribe_ticket_use_global_stock":"","_tribe_ticket_global_stock_level":"","_global_stock_mode":"","_global_stock_cap":"","_tribe_rsvp_for_event":"","_tribe_ticket_going_count":"","_tribe_ticket_not_going_count":"","_tribe_tickets_list":"[]","_tribe_ticket_has_attendee_info_fields":false,"footnotes":"","_tec_slr_enabled":"","_tec_slr_layout":""},"class_list":["post-37545","page","type-page","status-publish","has-post-thumbnail","hentry"],"aioseo_notices":[],"ticketed":false,"_links":{"self":[{"href":"https:\/\/www.entelequiacultura.com\/ca\/wp-json\/wp\/v2\/pages\/37545","targetHints":{"allow":["GET"]}}],"collection":[{"href":"https:\/\/www.entelequiacultura.com\/ca\/wp-json\/wp\/v2\/pages"}],"about":[{"href":"https:\/\/www.entelequiacultura.com\/ca\/wp-json\/wp\/v2\/types\/page"}],"author":[{"embeddable":true,"href":"https:\/\/www.entelequiacultura.com\/ca\/wp-json\/wp\/v2\/users\/1"}],"replies":[{"embeddable":true,"href":"https:\/\/www.entelequiacultura.com\/ca\/wp-json\/wp\/v2\/comments?post=37545"}],"version-history":[{"count":3,"href":"https:\/\/www.entelequiacultura.com\/ca\/wp-json\/wp\/v2\/pages\/37545\/revisions"}],"predecessor-version":[{"id":44867,"href":"https:\/\/www.entelequiacultura.com\/ca\/wp-json\/wp\/v2\/pages\/37545\/revisions\/44867"}],"wp:featuredmedia":[{"embeddable":true,"href":"https:\/\/www.entelequiacultura.com\/ca\/wp-json\/wp\/v2\/media\/44495"}],"wp:attachment":[{"href":"https:\/\/www.entelequiacultura.com\/ca\/wp-json\/wp\/v2\/media?parent=37545"}],"curies":[{"name":"wp","href":"https:\/\/api.w.org\/{rel}","templated":true}]}}