{"id":36599,"date":"2022-01-03T11:45:42","date_gmt":"2022-01-03T10:45:42","guid":{"rendered":"https:\/\/www.entelequiacultura.com\/?page_id=36599"},"modified":"2023-12-18T07:38:52","modified_gmt":"2023-12-18T06:38:52","slug":"selmaancira","status":"publish","type":"page","link":"https:\/\/www.entelequiacultura.com\/ca\/selmaancira\/","title":{"rendered":"Selma Ancira"},"content":{"rendered":"<div class=\"row \"><div class=\"wpv-grid grid-1-1  wpv-first-level first unextended\" style=\"padding-top:0px;padding-bottom:0px\" id=\"wpv-column-e6fdc7e960a166ffd7d35c3de3a87745\" ><div class=\"row \"><div class=\"wpv-grid grid-1-2  first unextended\" style=\"padding-top:0px;padding-bottom:0px\" id=\"wpv-column-ae5591047c6c1da0c94b8612f4e595ee\" ><div class=\"row \"><div class=\"wpv-grid grid-1-1  first unextended\" style=\"padding-top:0px;padding-bottom:0px\" id=\"wpv-column-d545dcd85e1a6ef9d870c743bbbebd61\" ><p><img loading=\"lazy\" decoding=\"async\" class=\"alignnone wp-image-36594 size-full\" src=\"https:\/\/www.entelequiacultura.com\/wp-content\/uploads\/2021\/12\/Selma-650.jpeg\" alt=\"\" width=\"650\" height=\"650\" srcset=\"https:\/\/www.entelequiacultura.com\/wp-content\/uploads\/2021\/12\/Selma-650.jpeg 650w, https:\/\/www.entelequiacultura.com\/wp-content\/uploads\/2021\/12\/Selma-650-300x300.jpeg 300w, https:\/\/www.entelequiacultura.com\/wp-content\/uploads\/2021\/12\/Selma-650-150x150.jpeg 150w, https:\/\/www.entelequiacultura.com\/wp-content\/uploads\/2021\/12\/Selma-650-60x60.jpeg 60w, https:\/\/www.entelequiacultura.com\/wp-content\/uploads\/2021\/12\/Selma-650-43x43.jpeg 43w, https:\/\/www.entelequiacultura.com\/wp-content\/uploads\/2021\/12\/Selma-650-106x106.jpeg 106w, https:\/\/www.entelequiacultura.com\/wp-content\/uploads\/2021\/12\/Selma-650-555x555.jpeg 555w, https:\/\/www.entelequiacultura.com\/wp-content\/uploads\/2021\/12\/Selma-650-360x360.jpeg 360w, https:\/\/www.entelequiacultura.com\/wp-content\/uploads\/2021\/12\/Selma-650-262x262.jpeg 262w, https:\/\/www.entelequiacultura.com\/wp-content\/uploads\/2021\/12\/Selma-650-600x600.jpeg 600w, https:\/\/www.entelequiacultura.com\/wp-content\/uploads\/2021\/12\/Selma-650-100x100.jpeg 100w\" sizes=\"(max-width: 650px) 100vw, 650px\" \/><\/div><\/div><\/div>\n<div class=\"wpv-grid grid-1-2  unextended\" style=\"padding-top:0px;padding-bottom:0px\" id=\"wpv-column-f9798826abf7722b4202b73d679e00fe\" ><div class=\"row \"><div class=\"wpv-grid grid-1-1  first unextended\" style=\"padding-top:0px;padding-bottom:0px\" id=\"wpv-column-795ff52ed89a5add21c692924c4a029d\" ><p>SELMA ANCIRA\u00a0va n\u00e9ixer a la Ciutat de M\u00e8xic (1956). Viu a Barcelona des de l\u2019any 1988.<\/p>\n<p>Va cursar els estudis de llicenciatura, mestratge i doctorat en Hist\u00f2ria de la Literatura Russa en la Facultat de Filologia de la Universitat Estatal de Moscou. En acabar els seus estudis a R\u00fassia, va ingressar en la Universitat Nacional d\u2019Atenes on va estudiar Llengua i Literatura grega moderna.<\/p>\n<p>Ha rebut diversos premis entre els quals destaquen la Medalla Pushkin (R\u00fassia, 2008), el Nacional a l\u2019Obra d\u2019un Traductor (Espanya, 2011), el Premi Hispanoameric\u00e0 de Traducci\u00f3 Liter\u00e0ria (M\u00e8xic, 2019) i el Premi Nacional d&#8217;Arts i Literatura (M\u00e8xic, 2022).<\/p>\n<p>Va introduir l\u2019obra de Marina Tsviet\u00e1ieva en la cultura hispanoparlant traduint-la per primera vegada a l\u2019espanyol en 1980.\u00a0Treballa per a editorials espanyoles i mexicanes.<\/div><\/div><\/div><\/div><\/div><\/div>\n\t\t<div class=\"sep-text single centered\">\n\t\t\t\t\t\t\t<span class=\"sep-text-before\"><div class=\"sep-text-line\"><\/div><\/span>\n\t\t\t\t\t\t<div class=\"content\">\n\t\t\t\t<h2 class=\"text-divider-double\">\nEsdeveniments amb l&#8217;autora<\/h2>\t\t\t<\/div>\n\t\t\t<span class=\"sep-text-after\"><div class=\"sep-text-line\"><\/div><\/span>\n\t\t\t\t\t<\/div>\n\t\n<div class=\"row \"><div class=\"wpv-grid grid-1-1  wpv-first-level first extended no-extended-padding\" style=\"padding-top:0px;padding-bottom:0px\" id=\"wpv-column-ee1c5446e3f63090f96fe6f547d0507e\" ><div class=\"extended-column-inner\"><div class=\"row \"><div class=\"wpv-grid grid-1-3  first has-background unextended animation-fade-in animated-active\" style=\"\n\t\t\t\tbackground: url('https:\/\/www.entelequiacultura.com\/wp-content\/uploads\/2023\/05\/amanece-scaled.jpg') no-repeat center top;\n\t\t\t\tbackground-size: cover;\n\t\t\t\tbackground-attachment: ;\n\t\t\tbackground-color:#1512f9;padding-top:0px;padding-bottom:20px\" id=\"wpv-column-674e889690def281bfe1b988c2be11db\" ><style>#wpv-column-674e889690def281bfe1b988c2be11db p,#wpv-column-674e889690def281bfe1b988c2be11db em,#wpv-column-674e889690def281bfe1b988c2be11db .column-title,#wpv-column-674e889690def281bfe1b988c2be11db .sep-text h2.regular-title-wrapper,#wpv-column-674e889690def281bfe1b988c2be11db .text-divider-double,#wpv-column-674e889690def281bfe1b988c2be11db .sep-text .sep-text-line,#wpv-column-674e889690def281bfe1b988c2be11db .sep,#wpv-column-674e889690def281bfe1b988c2be11db .sep-2,#wpv-column-674e889690def281bfe1b988c2be11db .sep-3{color:#fff;}#wpv-column-674e889690def281bfe1b988c2be11db:before{background-color:transparent;}<\/style><div class=\"row \"><div class=\"wpv-grid grid-1-1  first unextended animation-zoom-in animated-active\" style=\"padding-top:0px;padding-bottom:0px\" id=\"wpv-column-1664dcf62e57cf15259c7cdf7eeb76cf\" ><div class=\"push\" style='height:40px'><\/div>\n<h1 style=\"text-align: center; color: #ffffff;\"><span style=\"color: #ffffff;\">De viatge amb Kazantzakis i Zorba el grec<\/span><\/h1>\n<p style=\"text-align: center; color: #ffffff;\"><div class=\"push\" style='height:40px'><\/div>\n<p style=\"text-align: center; color: #ffffff;\"><p class=\"textcenter\"><a href=\"https:\/\/www.entelequiacultura.com\/ca\/esdeveniment\/retir-selma-ancira\/\" target=\"_self\" style='font-size: 18px;' class=\"button vamtam-button accent8  button-border hover-accent1 \"><span class=\"btext\">VEURE<\/span><\/a><\/p><\/div><\/div>\n<div class=\"row \"><div class=\"wpv-grid grid-1-1  first unextended\" style=\"padding-top:0px;padding-bottom:0px\" id=\"wpv-column-e7fe57b9f5d9c277c2b10bbf90ab11f9\" ><p style=\"text-align: left;\">Retir literari<br \/>\nCan Tapis (Cam\u00f3s, Girona)<br \/>\n19, 20 i 21 d&#8217;abril 2024<\/div><\/div><\/div>\n<div class=\"wpv-grid grid-1-3  has-background unextended animation-fade-in animated-active\" style=\"\n\t\t\t\tbackground: url('https:\/\/www.entelequiacultura.com\/wp-content\/uploads\/2022\/12\/COB-Loxandra.jpg') no-repeat center top;\n\t\t\t\tbackground-size: cover;\n\t\t\t\tbackground-attachment: ;\n\t\t\tbackground-color:#1512f9;padding-top:0px;padding-bottom:20px\" id=\"wpv-column-f37e46801e2ad3eaf801e3aeb4df6312\" ><style>#wpv-column-f37e46801e2ad3eaf801e3aeb4df6312 p,#wpv-column-f37e46801e2ad3eaf801e3aeb4df6312 em,#wpv-column-f37e46801e2ad3eaf801e3aeb4df6312 .column-title,#wpv-column-f37e46801e2ad3eaf801e3aeb4df6312 .sep-text h2.regular-title-wrapper,#wpv-column-f37e46801e2ad3eaf801e3aeb4df6312 .text-divider-double,#wpv-column-f37e46801e2ad3eaf801e3aeb4df6312 .sep-text .sep-text-line,#wpv-column-f37e46801e2ad3eaf801e3aeb4df6312 .sep,#wpv-column-f37e46801e2ad3eaf801e3aeb4df6312 .sep-2,#wpv-column-f37e46801e2ad3eaf801e3aeb4df6312 .sep-3{color:#fff;}#wpv-column-f37e46801e2ad3eaf801e3aeb4df6312:before{background-color:transparent;}<\/style><div class=\"row \"><div class=\"wpv-grid grid-1-1  first unextended animation-zoom-in animated-active\" style=\"padding-top:0px;padding-bottom:0px\" id=\"wpv-column-a18cbab9cb7b4ddb439c263e391f99d0\" ><div class=\"push\" style='height:40px'><\/div>\n<h1 style=\"text-align: center; color: #ffffff;\"><span style=\"color: #ffffff;\">Cita amb Loxandra<\/span><\/h1>\n<p style=\"text-align: center; color: #ffffff;\"><div class=\"push\" style='height:40px'><\/div>\n<p style=\"text-align: center; color: #ffffff;\"><p class=\"textcenter\"><a href=\"https:\/\/www.entelequiacultura.com\/ca\/esdeveniment\/selmaancira-2\/\" target=\"_self\" style='font-size: 18px;' class=\"button vamtam-button accent8  button-border hover-accent1 \"><span class=\"btext\">VEURE<\/span><\/a><\/p><\/div><\/div>\n<div class=\"row \"><div class=\"wpv-grid grid-1-1  first unextended\" style=\"padding-top:0px;padding-bottom:0px\" id=\"wpv-column-95cc54c0a32fdcdb379597bc9706d541\" ><p style=\"text-align: left;\">Jornada liter\u00e0ria<br \/>\nMas Gener\u00f3s<br \/>\n4 de febrer 2023<\/div><\/div><\/div>\n<div class=\"wpv-grid grid-1-3  has-background unextended animation-fade-in animated-active\" style=\"\n\t\t\t\tbackground: url('https:\/\/www.entelequiacultura.com\/wp-content\/uploads\/2021\/12\/tolstoi.jpeg') no-repeat center top;\n\t\t\t\tbackground-size: cover;\n\t\t\t\tbackground-attachment: ;\n\t\t\tbackground-color:#1512f9;padding-top:0px;padding-bottom:20px\" id=\"wpv-column-5ea023bcfc83ac5220fe6be43025d6a4\" ><style>#wpv-column-5ea023bcfc83ac5220fe6be43025d6a4 p,#wpv-column-5ea023bcfc83ac5220fe6be43025d6a4 em,#wpv-column-5ea023bcfc83ac5220fe6be43025d6a4 .column-title,#wpv-column-5ea023bcfc83ac5220fe6be43025d6a4 .sep-text h2.regular-title-wrapper,#wpv-column-5ea023bcfc83ac5220fe6be43025d6a4 .text-divider-double,#wpv-column-5ea023bcfc83ac5220fe6be43025d6a4 .sep-text .sep-text-line,#wpv-column-5ea023bcfc83ac5220fe6be43025d6a4 .sep,#wpv-column-5ea023bcfc83ac5220fe6be43025d6a4 .sep-2,#wpv-column-5ea023bcfc83ac5220fe6be43025d6a4 .sep-3{color:#fff;}#wpv-column-5ea023bcfc83ac5220fe6be43025d6a4:before{background-color:transparent;}<\/style><div class=\"row \"><div class=\"wpv-grid grid-1-1  first unextended animation-zoom-in animated-active\" style=\"padding-top:0px;padding-bottom:0px\" id=\"wpv-column-7ec55149eeca627090f2d767445ac3fb\" ><div class=\"push\" style='height:40px'><\/div>\n<h1 style=\"text-align: center; color: #ffffff;\"><span style=\"color: #ffffff;\">Aix\u00ed era Lev Tolst\u00f3i<\/span><\/h1>\n<p style=\"text-align: center; color: #ffffff;\"><div class=\"push\" style='height:40px'><\/div>\n<p style=\"text-align: center; color: #ffffff;\"><p class=\"textcenter\"><a href=\"https:\/\/www.entelequiacultura.com\/ca\/esdeveniment\/aixieratolstoi\/\" target=\"_self\" style='font-size: 18px;' class=\"button vamtam-button accent8  button-border hover-accent1 \"><span class=\"btext\">VEURE<\/span><\/a><\/p><\/div><\/div>\n<div class=\"row \"><div class=\"wpv-grid grid-1-1  first unextended\" style=\"padding-top:0px;padding-bottom:0px\" id=\"wpv-column-2dc6b8b7bdcac0ace85f30c5590d85da\" ><p style=\"text-align: left;\">Seminari i debat<br \/>\n29 de gener 2022<\/div><\/div><\/div><\/div><\/div><\/div><\/div>\n<div class=\"push\" style='height:10px'><\/div>\n","protected":false},"excerpt":{"rendered":"<p>SELMA ANCIRA\u00a0va n\u00e9ixer a la Ciutat de M\u00e8xic (1956). Viu a Barcelona des de l\u2019any 1988. Va cursar els estudis de llicenciatura, mestratge i doctorat en Hist\u00f2ria de la Literatura&#8230;<\/p>\n","protected":false},"author":1,"featured_media":36594,"parent":0,"menu_order":0,"comment_status":"closed","ping_status":"closed","template":"","meta":{"_price":"","_stock":"","_tribe_ticket_header":"","_tribe_default_ticket_provider":"","_tribe_ticket_capacity":"0","_ticket_start_date":"","_ticket_end_date":"","_tribe_ticket_show_description":"","_tribe_ticket_show_not_going":false,"_tribe_ticket_use_global_stock":"","_tribe_ticket_global_stock_level":"","_global_stock_mode":"","_global_stock_cap":"","_tribe_rsvp_for_event":"","_tribe_ticket_going_count":"","_tribe_ticket_not_going_count":"","_tribe_tickets_list":"[]","_tribe_ticket_has_attendee_info_fields":false,"footnotes":"","_tec_slr_enabled":"","_tec_slr_layout":""},"class_list":["post-36599","page","type-page","status-publish","has-post-thumbnail","hentry"],"aioseo_notices":[],"aioseo_head":"\n\t\t<!-- All in One SEO 5.0.1.1 - aioseo.com -->\n\t<meta name=\"description\" content=\"L&#039;escriptora i traductora Selma Ancira en Entelequia Cultura\" \/>\n\t<meta name=\"robots\" content=\"max-image-preview:large\" \/>\n\t<link rel=\"canonical\" href=\"https:\/\/www.entelequiacultura.com\/ca\/selmaancira\/\" \/>\n\t<meta name=\"generator\" content=\"All in One SEO (AIOSEO) 5.0.1.1\" \/>\n\t\t<meta property=\"og:locale\" content=\"ca_ES\" \/>\n\t\t<meta property=\"og:site_name\" content=\"Entelequia Cultura - Retiros Culturales\" \/>\n\t\t<meta property=\"og:type\" content=\"article\" \/>\n\t\t<meta property=\"og:title\" content=\"Selma Ancira\" \/>\n\t\t<meta property=\"og:description\" content=\"L&#039;escriptora i traductora Selma Ancira en Entelequia Cultura\" \/>\n\t\t<meta property=\"og:url\" content=\"https:\/\/www.entelequiacultura.com\/ca\/selmaancira\/\" \/>\n\t\t<meta property=\"og:image\" content=\"https:\/\/www.entelequiacultura.com\/wp-content\/uploads\/2021\/12\/Selma-650.jpeg\" \/>\n\t\t<meta property=\"og:image:secure_url\" content=\"https:\/\/www.entelequiacultura.com\/wp-content\/uploads\/2021\/12\/Selma-650.jpeg\" \/>\n\t\t<meta property=\"og:image:width\" content=\"650\" \/>\n\t\t<meta property=\"og:image:height\" content=\"650\" \/>\n\t\t<meta property=\"article:published_time\" content=\"2022-01-03T10:45:42+00:00\" \/>\n\t\t<meta property=\"article:modified_time\" content=\"2023-12-18T06:38:52+00:00\" \/>\n\t\t<meta property=\"article:publisher\" content=\"https:\/\/www.facebook.com\/entelequiacultura\" \/>\n\t\t<meta name=\"twitter:card\" content=\"summary\" \/>\n\t\t<meta name=\"twitter:site\" content=\"@entelequiacult\" \/>\n\t\t<meta name=\"twitter:title\" content=\"Selma Ancira\" \/>\n\t\t<meta name=\"twitter:description\" content=\"L&#039;escriptora i traductora Selma Ancira en Entelequia Cultura\" \/>\n\t\t<meta name=\"twitter:creator\" content=\"@entelequiacult\" \/>\n\t\t<meta name=\"twitter:image\" content=\"https:\/\/www.entelequiacultura.com\/wp-content\/uploads\/2021\/12\/Selma-650.jpeg\" \/>\n\t\t<script type=\"application\/ld+json\" class=\"aioseo-schema\">\n\t\t\t{\"@context\":\"https:\\\/\\\/schema.org\",\"@graph\":[{\"@type\":\"BreadcrumbList\",\"@id\":\"https:\\\/\\\/www.entelequiacultura.com\\\/ca\\\/selmaancira\\\/#breadcrumblist\",\"itemListElement\":[{\"@type\":\"ListItem\",\"@id\":\"https:\\\/\\\/www.entelequiacultura.com\\\/ca\\\/#listItem\",\"position\":1,\"name\":\"Home\",\"item\":\"https:\\\/\\\/www.entelequiacultura.com\\\/ca\\\/\",\"nextItem\":{\"@type\":\"ListItem\",\"@id\":\"https:\\\/\\\/www.entelequiacultura.com\\\/ca\\\/selmaancira\\\/#listItem\",\"name\":\"Selma Ancira\"}},{\"@type\":\"ListItem\",\"@id\":\"https:\\\/\\\/www.entelequiacultura.com\\\/ca\\\/selmaancira\\\/#listItem\",\"position\":2,\"name\":\"Selma Ancira\",\"previousItem\":{\"@type\":\"ListItem\",\"@id\":\"https:\\\/\\\/www.entelequiacultura.com\\\/ca\\\/#listItem\",\"name\":\"Home\"}}]},{\"@type\":\"Organization\",\"@id\":\"https:\\\/\\\/www.entelequiacultura.com\\\/ca\\\/#organization\",\"name\":\"Entelequia Cultura\",\"description\":\"Retiros Culturales\",\"url\":\"https:\\\/\\\/www.entelequiacultura.com\\\/ca\\\/\",\"sameAs\":[\"https:\\\/\\\/www.facebook.com\\\/entelequiacultura\",\"https:\\\/\\\/twitter.com\\\/entelequiacult\"]},{\"@type\":\"WebPage\",\"@id\":\"https:\\\/\\\/www.entelequiacultura.com\\\/ca\\\/selmaancira\\\/#webpage\",\"url\":\"https:\\\/\\\/www.entelequiacultura.com\\\/ca\\\/selmaancira\\\/\",\"name\":\"Selma Ancira - Entelequia Cultura\",\"description\":\"L'escriptora i traductora Selma Ancira en Entelequia Cultura\",\"inLanguage\":\"ca\",\"isPartOf\":{\"@id\":\"https:\\\/\\\/www.entelequiacultura.com\\\/ca\\\/#website\"},\"breadcrumb\":{\"@id\":\"https:\\\/\\\/www.entelequiacultura.com\\\/ca\\\/selmaancira\\\/#breadcrumblist\"},\"image\":{\"@type\":\"ImageObject\",\"url\":\"https:\\\/\\\/www.entelequiacultura.com\\\/wp-content\\\/uploads\\\/2021\\\/12\\\/Selma-650.jpeg\",\"@id\":\"https:\\\/\\\/www.entelequiacultura.com\\\/ca\\\/selmaancira\\\/#mainImage\",\"width\":650,\"height\":650},\"primaryImageOfPage\":{\"@id\":\"https:\\\/\\\/www.entelequiacultura.com\\\/ca\\\/selmaancira\\\/#mainImage\"},\"datePublished\":\"2022-01-03T11:45:42+01:00\",\"dateModified\":\"2023-12-18T07:38:52+01:00\"},{\"@type\":\"WebSite\",\"@id\":\"https:\\\/\\\/www.entelequiacultura.com\\\/ca\\\/#website\",\"url\":\"https:\\\/\\\/www.entelequiacultura.com\\\/ca\\\/\",\"name\":\"Entelequia Cultura\",\"description\":\"Retiros Culturales\",\"inLanguage\":\"ca\",\"publisher\":{\"@id\":\"https:\\\/\\\/www.entelequiacultura.com\\\/ca\\\/#organization\"}}]}\n\t\t<\/script>\n\t\t<!-- All in One SEO -->\n\n","aioseo_head_json":{"title":"Selma Ancira - Entelequia Cultura","description":"L'escriptora i traductora Selma Ancira en Entelequia Cultura","canonical_url":"https:\/\/www.entelequiacultura.com\/ca\/selmaancira\/","robots":"max-image-preview:large","keywords":"","webmasterTools":{"miscellaneous":""},"schema":{"@context":"https:\/\/schema.org","@graph":[{"@type":"BreadcrumbList","@id":"https:\/\/www.entelequiacultura.com\/ca\/selmaancira\/#breadcrumblist","itemListElement":[{"@type":"ListItem","@id":"https:\/\/www.entelequiacultura.com\/ca\/#listItem","position":1,"name":"Home","item":"https:\/\/www.entelequiacultura.com\/ca\/","nextItem":{"@type":"ListItem","@id":"https:\/\/www.entelequiacultura.com\/ca\/selmaancira\/#listItem","name":"Selma Ancira"}},{"@type":"ListItem","@id":"https:\/\/www.entelequiacultura.com\/ca\/selmaancira\/#listItem","position":2,"name":"Selma Ancira","previousItem":{"@type":"ListItem","@id":"https:\/\/www.entelequiacultura.com\/ca\/#listItem","name":"Home"}}]},{"@type":"Organization","@id":"https:\/\/www.entelequiacultura.com\/ca\/#organization","name":"Entelequia Cultura","description":"Retiros Culturales","url":"https:\/\/www.entelequiacultura.com\/ca\/","sameAs":["https:\/\/www.facebook.com\/entelequiacultura","https:\/\/twitter.com\/entelequiacult"]},{"@type":"WebPage","@id":"https:\/\/www.entelequiacultura.com\/ca\/selmaancira\/#webpage","url":"https:\/\/www.entelequiacultura.com\/ca\/selmaancira\/","name":"Selma Ancira - Entelequia Cultura","description":"L'escriptora i traductora Selma Ancira en Entelequia Cultura","inLanguage":"ca","isPartOf":{"@id":"https:\/\/www.entelequiacultura.com\/ca\/#website"},"breadcrumb":{"@id":"https:\/\/www.entelequiacultura.com\/ca\/selmaancira\/#breadcrumblist"},"image":{"@type":"ImageObject","url":"https:\/\/www.entelequiacultura.com\/wp-content\/uploads\/2021\/12\/Selma-650.jpeg","@id":"https:\/\/www.entelequiacultura.com\/ca\/selmaancira\/#mainImage","width":650,"height":650},"primaryImageOfPage":{"@id":"https:\/\/www.entelequiacultura.com\/ca\/selmaancira\/#mainImage"},"datePublished":"2022-01-03T11:45:42+01:00","dateModified":"2023-12-18T07:38:52+01:00"},{"@type":"WebSite","@id":"https:\/\/www.entelequiacultura.com\/ca\/#website","url":"https:\/\/www.entelequiacultura.com\/ca\/","name":"Entelequia Cultura","description":"Retiros Culturales","inLanguage":"ca","publisher":{"@id":"https:\/\/www.entelequiacultura.com\/ca\/#organization"}}]},"og:locale":"ca_ES","og:site_name":"Entelequia Cultura - Retiros Culturales","og:type":"article","og:title":"Selma Ancira","og:description":"L'escriptora i traductora Selma Ancira en Entelequia Cultura","og:url":"https:\/\/www.entelequiacultura.com\/ca\/selmaancira\/","og:image":"https:\/\/www.entelequiacultura.com\/wp-content\/uploads\/2021\/12\/Selma-650.jpeg","og:image:secure_url":"https:\/\/www.entelequiacultura.com\/wp-content\/uploads\/2021\/12\/Selma-650.jpeg","og:image:width":650,"og:image:height":650,"article:published_time":"2022-01-03T10:45:42+00:00","article:modified_time":"2023-12-18T06:38:52+00:00","article:publisher":"https:\/\/www.facebook.com\/entelequiacultura","twitter:card":"summary","twitter:site":"@entelequiacult","twitter:title":"Selma Ancira","twitter:description":"L'escriptora i traductora Selma Ancira en Entelequia Cultura","twitter:creator":"@entelequiacult","twitter:image":"https:\/\/www.entelequiacultura.com\/wp-content\/uploads\/2021\/12\/Selma-650.jpeg"},"aioseo_meta_data":{"post_id":"36599","title":null,"description":"L'escriptora i traductora Selma Ancira en Entelequia Cultura","keywords":[],"keyphrases":{"focus":{"keyphrase":"","score":0,"analysis":{"keyphraseInTitle":{"score":0,"maxScore":9,"error":1}}},"additional":[]},"primary_term":null,"canonical_url":null,"og_title":"Selma Ancira","og_description":"L'escriptora i traductora Selma Ancira en Entelequia Cultura","og_object_type":"article","og_image_type":"custom_image","og_image_url":"https:\/\/www.entelequiacultura.com\/wp-content\/uploads\/2021\/12\/Selma-650.jpeg","og_image_width":"650","og_image_height":"650","og_image_custom_url":"https:\/\/www.entelequiacultura.com\/wp-content\/uploads\/2021\/12\/Selma-650.jpeg","og_image_custom_fields":null,"og_video":"","og_custom_url":null,"og_article_section":null,"og_article_tags":[],"twitter_use_og":false,"twitter_card":"summary","twitter_image_type":"default","twitter_image_url":null,"twitter_image_custom_url":null,"twitter_image_custom_fields":null,"twitter_title":null,"twitter_description":null,"schema":{"blockGraphs":[],"customGraphs":[],"default":{"data":{"Article":[],"Course":[],"Dataset":[],"FAQPage":[],"Movie":[],"Person":[],"Product":[],"ProductReview":[],"Car":[],"Recipe":[],"Service":[],"SoftwareApplication":[],"WebPage":{"id":"#aioseo-web-page-641acd7b27906","slug":"web-page","graphName":"WebPage","label":"P\u00e1gina web","properties":{"type":"WebPage","name":"","description":""}}},"graphName":"WebPage","isEnabled":true},"graphs":[]},"schema_type":"default","schema_type_options":"{\"article\":{\"articleType\":\"BlogPosting\"},\"course\":{\"name\":\"\",\"description\":\"\",\"provider\":\"\"},\"faq\":{\"pages\":[]},\"product\":{\"reviews\":[]},\"recipe\":{\"ingredients\":[],\"instructions\":[],\"keywords\":[]},\"software\":{\"reviews\":[],\"operatingSystems\":[]},\"webPage\":{\"webPageType\":\"WebPage\"},\"blockGraphs\":[]}","pillar_content":false,"robots_default":true,"robots_noindex":false,"robots_noarchive":false,"robots_nosnippet":false,"robots_nofollow":false,"robots_noimageindex":false,"robots_noodp":false,"robots_notranslate":false,"robots_max_snippet":"-1","robots_max_videopreview":"-1","robots_max_imagepreview":"large","priority":null,"frequency":"default","local_seo":null,"breadcrumb_settings":null,"limit_modified_date":false,"ai":null,"created":"2022-02-26 23:14:22","updated":"2025-06-26 20:11:06","seo_analyzer_scan_date":null,"focus_keyword":null,"additional_keywords":null,"truseo_locale":null},"aioseo_breadcrumb":"<div class=\"aioseo-breadcrumbs\"><span class=\"aioseo-breadcrumb\">\n\t\t\t<a href=\"https:\/\/www.entelequiacultura.com\/ca\/\" title=\"Home\">Home<\/a>\n\t\t<\/span><span class=\"aioseo-breadcrumb-separator\">&raquo;<\/span><span class=\"aioseo-breadcrumb\">\n\t\t\tSelma Ancira\n\t\t<\/span><\/div>","aioseo_breadcrumb_json":[{"label":"Home","link":"https:\/\/www.entelequiacultura.com\/ca\/"},{"label":"Selma Ancira","link":"https:\/\/www.entelequiacultura.com\/ca\/selmaancira\/"}],"ticketed":false,"_links":{"self":[{"href":"https:\/\/www.entelequiacultura.com\/ca\/wp-json\/wp\/v2\/pages\/36599","targetHints":{"allow":["GET"]}}],"collection":[{"href":"https:\/\/www.entelequiacultura.com\/ca\/wp-json\/wp\/v2\/pages"}],"about":[{"href":"https:\/\/www.entelequiacultura.com\/ca\/wp-json\/wp\/v2\/types\/page"}],"author":[{"embeddable":true,"href":"https:\/\/www.entelequiacultura.com\/ca\/wp-json\/wp\/v2\/users\/1"}],"replies":[{"embeddable":true,"href":"https:\/\/www.entelequiacultura.com\/ca\/wp-json\/wp\/v2\/comments?post=36599"}],"version-history":[{"count":0,"href":"https:\/\/www.entelequiacultura.com\/ca\/wp-json\/wp\/v2\/pages\/36599\/revisions"}],"wp:featuredmedia":[{"embeddable":true,"href":"https:\/\/www.entelequiacultura.com\/ca\/wp-json\/wp\/v2\/media\/36594"}],"wp:attachment":[{"href":"https:\/\/www.entelequiacultura.com\/ca\/wp-json\/wp\/v2\/media?parent=36599"}],"curies":[{"name":"wp","href":"https:\/\/api.w.org\/{rel}","templated":true}]}}