{"id":34382,"date":"2020-12-13T12:38:39","date_gmt":"2020-12-13T11:38:39","guid":{"rendered":"https:\/\/www.entelequiacultura.com\/?page_id=34382"},"modified":"2023-02-23T19:03:04","modified_gmt":"2023-02-23T18:03:04","slug":"ramonandres","status":"publish","type":"page","link":"https:\/\/www.entelequiacultura.com\/ca\/ramonandres\/","title":{"rendered":"Ram\u00f3n Andr\u00e9s"},"content":{"rendered":"<div class=\"row \"><div class=\"wpv-grid grid-1-1  wpv-first-level first unextended\" style=\"padding-top:0px;padding-bottom:0px\" id=\"wpv-column-4b194fa4a69dc24cedd1c0741693fb4c\" ><div class=\"row \"><div class=\"wpv-grid grid-1-2  first unextended\" style=\"padding-top:0px;padding-bottom:0px\" id=\"wpv-column-2cdd9df11d4b4c36c3197aa0ea681365\" ><div class=\"row \"><div class=\"wpv-grid grid-1-1  first unextended\" style=\"padding-top:0px;padding-bottom:0px\" id=\"wpv-column-b4233ea137e5e7babc1cf4520fc77f13\" ><p><img loading=\"lazy\" decoding=\"async\" class=\"alignnone wp-image-34384 size-full\" src=\"https:\/\/www.entelequiacultura.com\/wp-content\/uploads\/2020\/12\/ramon-andres-650.jpg\" alt=\"\" width=\"650\" height=\"649\" srcset=\"https:\/\/www.entelequiacultura.com\/wp-content\/uploads\/2020\/12\/ramon-andres-650.jpg 650w, https:\/\/www.entelequiacultura.com\/wp-content\/uploads\/2020\/12\/ramon-andres-650-300x300.jpg 300w, https:\/\/www.entelequiacultura.com\/wp-content\/uploads\/2020\/12\/ramon-andres-650-150x150.jpg 150w, https:\/\/www.entelequiacultura.com\/wp-content\/uploads\/2020\/12\/ramon-andres-650-60x60.jpg 60w, https:\/\/www.entelequiacultura.com\/wp-content\/uploads\/2020\/12\/ramon-andres-650-43x43.jpg 43w, https:\/\/www.entelequiacultura.com\/wp-content\/uploads\/2020\/12\/ramon-andres-650-106x106.jpg 106w, https:\/\/www.entelequiacultura.com\/wp-content\/uploads\/2020\/12\/ramon-andres-650-555x554.jpg 555w, https:\/\/www.entelequiacultura.com\/wp-content\/uploads\/2020\/12\/ramon-andres-650-360x359.jpg 360w, https:\/\/www.entelequiacultura.com\/wp-content\/uploads\/2020\/12\/ramon-andres-650-262x262.jpg 262w, https:\/\/www.entelequiacultura.com\/wp-content\/uploads\/2020\/12\/ramon-andres-650-600x599.jpg 600w, https:\/\/www.entelequiacultura.com\/wp-content\/uploads\/2020\/12\/ramon-andres-650-100x100.jpg 100w\" sizes=\"(max-width: 650px) 100vw, 650px\" \/><\/div><\/div><\/div>\n<div class=\"wpv-grid grid-1-2  unextended\" style=\"padding-top:0px;padding-bottom:0px\" id=\"wpv-column-89a72469ca1c07f2f15074805614f2bd\" ><div class=\"row \"><div class=\"wpv-grid grid-1-1  first unextended\" style=\"padding-top:0px;padding-bottom:0px\" id=\"wpv-column-db306fff1216383c459414bc1192e828\" ><p>RAM\u00d3N ANDR\u00c9S (Pamplona, 1955) \u00e9s\u00a0assagista, pensador i poeta. Entre el seus llibres m\u00e9s assenyalats cal destacar\u00a0<em>Diccionario de instrumentos musicales. Pr\u00f2leg de Sir John Eiot Gardiner\u00a0<\/em> (VOX, 1995-Pen\u00ednsula, 2001; 6a edici\u00f3, 2022);\u00a0J<em>ohann Sebastian Bach. Los d\u00edas, las ideas y los libros <\/em>(Acantilado, 2005; 6\u00aa edici\u00f3n, 2022); <em>El oyente infinito. Reflexiones y sentencias sobre m\u00fasica (De Nietzsche a nuestros d\u00edas) <\/em>(DVD, 2007); <em>El mundo en el o\u00eddo. El nacimiento de la m\u00fasica en la cultura <\/em>(Acantilado, 2008; 4\u00aa edici\u00f3, 2020); <em>No sufrir compa\u00f1\u00eda. Escritos m\u00edsticos sobre el silencio (Siglos XVI y XVII)<\/em> (Acantilado, 2010; 5\u00aa edici\u00f3, 2022); <em>Diccionario de m\u00fasica, mitolog\u00eda, magia y religi\u00f3n<\/em> (seleccionat per\u00a0El Pa\u00eds com el millor assaig de 2012; 2a edici\u00f3 2013); <em>El luthier de Delft. M\u00fasica, pintura y ciencia en tiempos de Vermeer y Spinoza\u00a0<\/em>(seleccionat per <em>El Peri\u00f3dico<\/em> como el milor assaig de 2013; 4a edici\u00f3, 2019); <em>Semper dolens. Historia del suicidio en Occidente\u00a0<\/em>(Acantilado, 2015; 2\u00aa edici\u00f3 2021); <em>Pensar y no caer<\/em> (Acantilado, 2016; 3\u00aa edici\u00f3 2022); <em>Poes\u00eda reunida y aforismos <\/em>(Lumen, 2016; 2\u00aa edici\u00f3, 2017); <em>Claudio Monteverdi. Lamento della Ninfa\u00a0<\/em>(Acantilado, 2017); <em>Filosof\u00eda y consuelo de la m\u00fasica<\/em> (Acantilado, 2020; 4\u00aa edici\u00f3, 2022); <em>Caminos de intemperie <\/em>(Galaxia Gutenberg, 2022); i\u00a0<em>La b\u00f3veda y las voces. Diario de un camino con el pr\u00edncipe de los m\u00fasicos<\/em> dedicado a Josquin Desprez (Acantilado, 2022).<\/p>\n<p>Aix\u00ed mateix, \u00e9s autor de t\u00edtols com\u00a0<em>Tiempo y ca\u00edda. Temas de la poes\u00eda barroca<\/em>\u00a0(Sirmio-Quaderns Crema, 1995; 2 vols) i d&#8217;extensos assajos, com\u00a0<em>Visitas de escritores y fil\u00f3sofos a Don Quijote<\/em> (Fundaci\u00f3 Caixa Catalunya, 2005); <em>La m\u00fasica en un gesto. Componer despu\u00e9s de Bach<\/em> (Cr\u00edtica\/Museo del Prado, 2015); <em>\u00bfDel mundo o del cielo? M\u00fasica y melancol\u00eda en la edad de oro\u00a0<\/em>(Ministerio de Educaci\u00f3n, Cultura y Deporte\/Turner, 2015); <em>Un tiempo de cantar y un tiempo de callar. La m\u00fasica en los escritos b\u00edblicos<\/em> (Cr\u00edtica\/Museo del Prado, 2016); i\u00a0<em>Torsi\u00f3n y condena<\/em> sobre el pintor Matthias Gr\u00fcnewald (Cr\u00edtica\/Museo del Prado, 2018).<\/p>\n<p>Ha editat els\u00a0<em>Sonetos completos<\/em> de Gabriel Boc\u00e1ngel (Planeta, 1986); la <em>Antolog\u00eda po\u00e9tica del Romanticismo<\/em> <em>espa\u00f1ol<\/em> (Planeta, 1987); <em>A la cola del mundo<\/em> de Diego de Torres Villarroel (Edhasa, 2004); i\u00a0<em>Oculta filosof\u00eda<\/em> de Juan Eusebio Nieremberg (Acantilado, 2004).<\/p>\n<p>Ha tradu\u00eft\u00a0<em>Bajo el bosque l\u00e1cteo<\/em> de Dylan Thomas (DVD ediciones, 1997); <em>El d\u00eda y la noche<\/em> de Georges Braque [con R. Rius] (Acantilado, 2001); <em>Los caracteres\u00a0<\/em><em>(selecci\u00f3n)<\/em> de Jean de La Bruy\u00e8re (Edhasa, 2004); Vladimir Jank\u00e9l\u00e9vitch, <em>La m\u00fasica y lo inefable<\/em> [con R. Rius] (Alpha Decay, 2005); <em>Tiempo y m\u00fasica<\/em> de Jeanne Hersch [con R. Rius] (Acantilado, 2013); <em>Viaje musical por Francia e Italia en el siglo XVIII<\/em>\u00a0 de Charles Burney, (Acantilado, 2014); i\u00a0<em>Mozart en el umbral de su plenitud. Al servicio del emperador (1788-1791)<\/em> de Christoph Wolff (Acantilado, 2018).<\/p>\n<p>Ha escrit nombrosos articles per a les m\u00e9s assenyalades revistes i peri\u00f2dics com\u00a0<em>La Vanguardia<\/em>, <em>El Mundo <\/em>y <em>El Pa\u00eds<\/em>. Actualment col\u00b7labora en<em> El Cultural<\/em>. Convidat per les institucions m\u00e9s prestigioses del seu pa\u00eds i de Llatinoam\u00e8rica, imparteix seminaris, confer\u00e8ncies i lectures, at\u00e8s que contribueix a les tasques de recerca i transfer\u00e8ncia de coneixement en diferents universitats. Ha mantingut di\u00e0legs p\u00fablics amb Adam Zagajewski, Sir John EliotGardiner, Pascal Bruckner, Jordi Savall, Massimo Cacciari i altres.<\/p>\n<p>En 2015 li va ser concedit el Premi Pr\u00edncep de Viana de la Cultura, i en 2018 va ingressar com a acad\u00e8mic en la Reial Acad\u00e8mia Catalana de Belles Arts de Sant Jordi de Barcelona. En 2023 ha estat nomenat acad\u00e8mic de la Reial Acad\u00e8mia de Belles arts de Sant Ferran. En 2021-2022 va ser convidat com a pensador resident en el Gran Teatre del Liceu de Barcelona i en 2022 va programar i va dirigir els &#8220;Encuentros Internacionales de Pamplona 72-22&#8221;, en els quals van participar Peter Sloterdijk, Svetlana Aleksi\u00e9vich, Massimo Cacciari, Adriana Cavarero, Salvatore Sciarrino, Pascal Bruckner, L\u00e1szl\u00f3 Krasznahorkai, H\u00e9l\u00e8ne Cixous, Hilda Paredes, Ana Blandiana, Hartmut Rosa, Yuk Hui, Cynthia Fleury, Carolin Emcke, L\u00e1szl\u00f3 F\u00f6ld\u00e9nyi, Donatella Di Cess\u00e9s, Serguei Loznitsa i VictorKossakovsky, entre altres.<\/p>\n<p>Quatre dels seus llibres,\u00a0<em>Johann Sebastian Bach. Los d\u00edas, las ideas y los libros<\/em>; <em>El mundo en el o\u00eddo. El nacimiento de la m\u00fasica en la cultura<\/em>;<em> El luthier de Delft. M\u00fasica, pintura y ciencia en tiempos de Vermeer y Spinoza<\/em>; y <em>Filosof\u00eda y consuelo de la m\u00fasica estan sent tradu\u00efts al xin\u00e8s.<\/em>\u00a0<em>El mundo en el o\u00eddo. El nacimiento de la m\u00fasica en la cultura ha estat tradu\u00eft a l&#8217;itali\u00e0 per l&#8217;editorial Adelphi (2021).<\/em><\/p>\n<p>Ha estat guardonat amb el Premio Nacional de Ensayo pel llibre\u00a0<em>Filosof\u00eda y consuelo de la m\u00fasica<\/em> (Acantilado, 2020); Premio Nacional de la Cr\u00edtica pel llibre de poemes, <em>Los \u00e1rboles que nos quedan<\/em> (Hiperi\u00f3n, 2020);\u00a0Premio SER de la cultura (2019);\u00a0Premio Pr\u00edncipe de Viana de la Cultura 2015 pel conjunt de la seva obra;\u00a0Premio Estado Cr\u00edtico pel assaig\u00a0<em>Semper dolens. Historia del suicidio en Occidente<\/em> (Acantilado, 2015);\u00a0Premi Ciutat de Barcelona pel assaig\u00a0<em>Johann Sebastian Bach. Los libros, las ideas y los d\u00edas<\/em> (Acantilado, 2005); i Premio Hiperi\u00f3n-Ciudad de C\u00f3rdoba pel llibre de poemes\u00a0<em>La l\u00ednea de las cosas\u00a0<\/em>(Hiperi\u00f3n, 1994).<\/div><\/div><\/div><\/div><\/div><\/div>\n\t\t<div class=\"sep-text single centered\">\n\t\t\t\t\t\t\t<span class=\"sep-text-before\"><div class=\"sep-text-line\"><\/div><\/span>\n\t\t\t\t\t\t<div class=\"content\">\n\t\t\t\t<h2 class=\"text-divider-double\">\nEsdeveniments amb l&#8217;autor<\/h2>\t\t\t<\/div>\n\t\t\t<span class=\"sep-text-after\"><div class=\"sep-text-line\"><\/div><\/span>\n\t\t\t\t\t<\/div>\n\t\n<div class=\"row \"><div class=\"wpv-grid grid-1-1  wpv-first-level first extended no-extended-padding\" style=\"padding-top:0px;padding-bottom:0px\" id=\"wpv-column-39a405b5a9f721117e6325f23cfbaff0\" ><div class=\"extended-column-inner\"><div class=\"row \"><div class=\"wpv-grid grid-1-3  first has-background unextended animation-fade-in animated-active\" style=\"\n\t\t\t\tbackground: url('https:\/\/www.entelequiacultura.com\/wp-content\/uploads\/2023\/02\/La-boveda-y-las-voces.jpeg') no-repeat center top;\n\t\t\t\tbackground-size: cover;\n\t\t\t\tbackground-attachment: ;\n\t\t\tbackground-color:#1512f9;padding-top:0px;padding-bottom:20px\" id=\"wpv-column-5e4e3b0799dbb273564ea564f140ff5b\" ><style>#wpv-column-5e4e3b0799dbb273564ea564f140ff5b p,#wpv-column-5e4e3b0799dbb273564ea564f140ff5b em,#wpv-column-5e4e3b0799dbb273564ea564f140ff5b .column-title,#wpv-column-5e4e3b0799dbb273564ea564f140ff5b .sep-text h2.regular-title-wrapper,#wpv-column-5e4e3b0799dbb273564ea564f140ff5b .text-divider-double,#wpv-column-5e4e3b0799dbb273564ea564f140ff5b .sep-text .sep-text-line,#wpv-column-5e4e3b0799dbb273564ea564f140ff5b .sep,#wpv-column-5e4e3b0799dbb273564ea564f140ff5b .sep-2,#wpv-column-5e4e3b0799dbb273564ea564f140ff5b .sep-3{color:#fff;}#wpv-column-5e4e3b0799dbb273564ea564f140ff5b:before{background-color:transparent;}<\/style><div class=\"row \"><div class=\"wpv-grid grid-1-1  first unextended animation-zoom-in animated-active\" style=\"padding-top:0px;padding-bottom:0px\" id=\"wpv-column-b4ad60f7a93f7e0bbce1b6b566093bcd\" ><div class=\"push\" style='height:40px'><\/div>\n<h1 style=\"text-align: center; color: #ffffff;\"><span style=\"color: #ffffff;\">Pensar el m\u00f3n<\/span><\/h1>\n<p style=\"text-align: center; color: #ffffff;\"><div class=\"push\" style='height:40px'><\/div>\n<p style=\"text-align: center; color: #ffffff;\"><p class=\"textcenter\"><a href=\"https:\/\/www.entelequiacultura.com\/ca\/esdeveniment\/ramonandres-2\/\" target=\"_self\" style='font-size: 18px;' class=\"button vamtam-button accent8  button-border hover-accent1 \"><span class=\"btext\">VEURE<\/span><\/a><\/p><\/div><\/div>\n<div class=\"row \"><div class=\"wpv-grid grid-1-1  first unextended\" style=\"padding-top:0px;padding-bottom:0px\" id=\"wpv-column-a5f559ef52eb15a364b520ab4859e1f9\" ><p style=\"text-align: left;\">Retiro Cultural<br \/>\n9, 10 y 11 de junio 2023<br \/>\nLa Sala de Cam\u00f3n (Cam\u00f3s, Girona<\/div><\/div><\/div>\n<div class=\"wpv-grid grid-1-3  has-background unextended animation-fade-in animated-active\" style=\"\n\t\t\t\tbackground: url('https:\/\/www.entelequiacultura.com\/wp-content\/uploads\/2020\/12\/Ramon-Andres-2017-bis.jpg') no-repeat center top;\n\t\t\t\tbackground-size: cover;\n\t\t\t\tbackground-attachment: ;\n\t\t\tbackground-color:#1512f9;padding-top:0px;padding-bottom:20px\" id=\"wpv-column-f8055539eec7d9a2a8f9f54977165b7d\" ><style>#wpv-column-f8055539eec7d9a2a8f9f54977165b7d p,#wpv-column-f8055539eec7d9a2a8f9f54977165b7d em,#wpv-column-f8055539eec7d9a2a8f9f54977165b7d .column-title,#wpv-column-f8055539eec7d9a2a8f9f54977165b7d .sep-text h2.regular-title-wrapper,#wpv-column-f8055539eec7d9a2a8f9f54977165b7d .text-divider-double,#wpv-column-f8055539eec7d9a2a8f9f54977165b7d .sep-text .sep-text-line,#wpv-column-f8055539eec7d9a2a8f9f54977165b7d .sep,#wpv-column-f8055539eec7d9a2a8f9f54977165b7d .sep-2,#wpv-column-f8055539eec7d9a2a8f9f54977165b7d .sep-3{color:#fff;}#wpv-column-f8055539eec7d9a2a8f9f54977165b7d:before{background-color:transparent;}<\/style><div class=\"row \"><div class=\"wpv-grid grid-1-1  first unextended animation-zoom-in animated-active\" style=\"padding-top:0px;padding-bottom:0px\" id=\"wpv-column-96ac0a5c59d638a889e6f8cfb3f7c91a\" ><div class=\"push\" style='height:40px'><\/div>\n<h1 style=\"text-align: center; color: #ffffff;\"><span style=\"color: #ffffff;\">De les maneres de dir<\/span><\/h1>\n<p style=\"text-align: center; color: #ffffff;\"><div class=\"push\" style='height:40px'><\/div>\n<p style=\"text-align: center; color: #ffffff;\"><p class=\"textcenter\"><a href=\"https:\/\/www.entelequiacultura.com\/ca\/esdeveniment\/ramonandres\/\" target=\"_self\" style='font-size: 18px;' class=\"button vamtam-button accent8  button-border hover-accent1 \"><span class=\"btext\">VEURE<\/span><\/a><\/p><\/div><\/div>\n<div class=\"row \"><div class=\"wpv-grid grid-1-1  first unextended\" style=\"padding-top:0px;padding-bottom:0px\" id=\"wpv-column-7bd63f9d7d9de5215b48eae478c17e03\" ><p style=\"text-align: left;\">Virtual<br \/>\n7 de gener 2021<\/div><\/div><\/div><\/div><\/div><\/div><\/div>\n<div class=\"push\" style='height:10px'><\/div>\n","protected":false},"excerpt":{"rendered":"<p>RAM\u00d3N ANDR\u00c9S (Pamplona, 1955) \u00e9s\u00a0assagista, pensador i poeta. Entre el seus llibres m\u00e9s assenyalats cal destacar\u00a0Diccionario de instrumentos musicales. Pr\u00f2leg de Sir John Eiot Gardiner\u00a0 (VOX, 1995-Pen\u00ednsula, 2001; 6a edici\u00f3,&#8230;<\/p>\n","protected":false},"author":1,"featured_media":34384,"parent":0,"menu_order":0,"comment_status":"closed","ping_status":"closed","template":"","meta":{"_price":"","_stock":"","_tribe_ticket_header":"","_tribe_default_ticket_provider":"","_tribe_ticket_capacity":"0","_ticket_start_date":"","_ticket_end_date":"","_tribe_ticket_show_description":"","_tribe_ticket_show_not_going":false,"_tribe_ticket_use_global_stock":"","_tribe_ticket_global_stock_level":"","_global_stock_mode":"","_global_stock_cap":"","_tribe_rsvp_for_event":"","_tribe_ticket_going_count":"","_tribe_ticket_not_going_count":"","_tribe_tickets_list":"[]","_tribe_ticket_has_attendee_info_fields":false,"footnotes":"","_tec_slr_enabled":"","_tec_slr_layout":""},"class_list":["post-34382","page","type-page","status-publish","has-post-thumbnail","hentry"],"aioseo_notices":[],"ticketed":false,"_links":{"self":[{"href":"https:\/\/www.entelequiacultura.com\/ca\/wp-json\/wp\/v2\/pages\/34382","targetHints":{"allow":["GET"]}}],"collection":[{"href":"https:\/\/www.entelequiacultura.com\/ca\/wp-json\/wp\/v2\/pages"}],"about":[{"href":"https:\/\/www.entelequiacultura.com\/ca\/wp-json\/wp\/v2\/types\/page"}],"author":[{"embeddable":true,"href":"https:\/\/www.entelequiacultura.com\/ca\/wp-json\/wp\/v2\/users\/1"}],"replies":[{"embeddable":true,"href":"https:\/\/www.entelequiacultura.com\/ca\/wp-json\/wp\/v2\/comments?post=34382"}],"version-history":[{"count":0,"href":"https:\/\/www.entelequiacultura.com\/ca\/wp-json\/wp\/v2\/pages\/34382\/revisions"}],"wp:featuredmedia":[{"embeddable":true,"href":"https:\/\/www.entelequiacultura.com\/ca\/wp-json\/wp\/v2\/media\/34384"}],"wp:attachment":[{"href":"https:\/\/www.entelequiacultura.com\/ca\/wp-json\/wp\/v2\/media?parent=34382"}],"curies":[{"name":"wp","href":"https:\/\/api.w.org\/{rel}","templated":true}]}}