{"id":33113,"date":"2020-05-06T21:52:48","date_gmt":"2020-05-06T19:52:48","guid":{"rendered":"https:\/\/www.entelequiacultura.com\/?page_id=33113"},"modified":"2022-02-11T17:53:47","modified_gmt":"2022-02-11T16:53:47","slug":"raquellanseros","status":"publish","type":"page","link":"https:\/\/www.entelequiacultura.com\/ca\/raquellanseros\/","title":{"rendered":"Raquel Lanseros"},"content":{"rendered":"<div class=\"row \"><div class=\"wpv-grid grid-1-1  wpv-first-level first unextended\" style=\"padding-top:0px;padding-bottom:0px\" id=\"wpv-column-9ff701e657b73ec28338d037c7abf4a4\" ><div class=\"row \"><div class=\"wpv-grid grid-1-2  first unextended\" style=\"padding-top:0px;padding-bottom:0px\" id=\"wpv-column-713f1fa5ad497b40f03daca09ba9a186\" ><div class=\"row \"><div class=\"wpv-grid grid-1-1  first unextended\" style=\"padding-top:0px;padding-bottom:0px\" id=\"wpv-column-9850f66537460ba33412260bb1a5fd53\" ><p><img loading=\"lazy\" decoding=\"async\" class=\"alignnone wp-image-33115 size-full\" src=\"https:\/\/www.entelequiacultura.com\/wp-content\/uploads\/2020\/05\/Raquel-Lanseros...-650.jpg\" alt=\"\" width=\"650\" height=\"650\" srcset=\"https:\/\/www.entelequiacultura.com\/wp-content\/uploads\/2020\/05\/Raquel-Lanseros...-650.jpg 650w, https:\/\/www.entelequiacultura.com\/wp-content\/uploads\/2020\/05\/Raquel-Lanseros...-650-150x150.jpg 150w, https:\/\/www.entelequiacultura.com\/wp-content\/uploads\/2020\/05\/Raquel-Lanseros...-650-300x300.jpg 300w, https:\/\/www.entelequiacultura.com\/wp-content\/uploads\/2020\/05\/Raquel-Lanseros...-650-60x60.jpg 60w, https:\/\/www.entelequiacultura.com\/wp-content\/uploads\/2020\/05\/Raquel-Lanseros...-650-43x43.jpg 43w, https:\/\/www.entelequiacultura.com\/wp-content\/uploads\/2020\/05\/Raquel-Lanseros...-650-106x106.jpg 106w, https:\/\/www.entelequiacultura.com\/wp-content\/uploads\/2020\/05\/Raquel-Lanseros...-650-555x555.jpg 555w, https:\/\/www.entelequiacultura.com\/wp-content\/uploads\/2020\/05\/Raquel-Lanseros...-650-360x360.jpg 360w, https:\/\/www.entelequiacultura.com\/wp-content\/uploads\/2020\/05\/Raquel-Lanseros...-650-262x262.jpg 262w, https:\/\/www.entelequiacultura.com\/wp-content\/uploads\/2020\/05\/Raquel-Lanseros...-650-600x600.jpg 600w, https:\/\/www.entelequiacultura.com\/wp-content\/uploads\/2020\/05\/Raquel-Lanseros...-650-100x100.jpg 100w\" sizes=\"(max-width: 650px) 100vw, 650px\" \/><\/div><\/div><\/div>\n<div class=\"wpv-grid grid-1-2  unextended\" style=\"padding-top:0px;padding-bottom:0px\" id=\"wpv-column-4509e818523086be7b60fcb20777e9b8\" ><div class=\"row \"><div class=\"wpv-grid grid-1-1  first unextended\" style=\"padding-top:0px;padding-bottom:0px\" id=\"wpv-column-d32a73d74c3af33ec4e24001016b65e8\" ><p><span lang=\"ES\">RAQUEL LANSEROS<\/span><span lang=\"ES\">\u00a0(Jerez de la Frontera, 1973).\u00a0<\/span><span lang=\"ES\">Poeta, traductora, ant\u00f2loga i professora d&#8217;Universitat. El seu \u00faltim llibre de poesia,\u00a0<\/span><span lang=\"ES\"><i>Matria<\/i>, va ser guardonat amb el Premi Nacional de la Cr\u00edtica i el Premi Andalusia de la Cr\u00edtica. A m\u00e9s, ha publicat\u00a0<i>Leyendas del Promontorio<\/i>, <i>Diario de un destello<\/i>, <i>Los ojos de la niebla<\/i>, <i>Croniria i<\/i>\u00a0<i>Las peque\u00f1as espinas son peque\u00f1as<\/i>. Aix\u00ed mateix, ha publicat deu llibres de poesia a Fran\u00e7a, els Estats Units, Col\u00f2mbia, l&#8217;Argenina, It\u00e0lia, M\u00e8xic, Portugal, Marroc i Puerto Rico.<\/span><\/p>\n<p><span lang=\"ES\">La seva obra po\u00e8tica fins el 2016 ha estat reunida \u00edntegrament en el volum\u00a0<i>Esta moment\u00e1nea eternidad. Poes\u00eda (2005-2016)<\/i>.<\/span><\/p>\n<p><span lang=\"ES\">En el camp de la literatura infantil i juvenil, \u00e9s l&#8217;autora de <em>Himbu, el peque\u00f1o pintor<\/em>, un \u00e0lbum il\u00b7lustrat publicat per Edelvives en 2019.<\/span><\/p>\n<p>Com a traductora, destaquen les seves versions d&#8217;Edgar Allan Poe, Lewis Carroll, Louis Aragon i Sylvia Plath. Ha estat tamb\u00e9 guardonada amb el Premi Unicaja de Poesia, un Acc\u00e8ssit del Premi Adon\u00e1is, el Premi de Poesia del Tren, el Premi Antonio Machado en Baeza i el Premi de Poesia Ja\u00e9n.<\/p>\n<p>Doctora en Did\u00e0ctica de la Llengua i la Literatura, M\u00e0ster en Comunicaci\u00f3 Social i Llicenciada en Filologia Anglesa, \u00e9s autora aix\u00ed mateix de publicacions acad\u00e8miques i de recerca en l&#8217;\u00e0mbit de la poesia, la traducci\u00f3, els estudis de g\u00e8nere, la creaci\u00f3 po\u00e8tica i la transversalitat del coneixement. La seva obra ha estat tradu\u00efda a diverses lleng\u00fces i inclosa en nombroses antologies i publicacions liter\u00e0ries de tot el m\u00f3n.<\/div><\/div><\/div><\/div><\/div><\/div>\n<div class=\"push\" style='height:10px'><\/div>\n\t\t<div class=\"sep-text single centered\">\n\t\t\t\t\t\t\t<span class=\"sep-text-before\"><div class=\"sep-text-line\"><\/div><\/span>\n\t\t\t\t\t\t<div class=\"content\">\n\t\t\t\t<h2 class=\"text-divider-double\">\nHistorial d&#8217;esdeveniments<\/h2>\t\t\t<\/div>\n\t\t\t<span class=\"sep-text-after\"><div class=\"sep-text-line\"><\/div><\/span>\n\t\t\t\t\t<\/div>\n\t\n<div class=\"row \"><div class=\"wpv-grid grid-1-1  wpv-first-level first extended no-extended-padding\" style=\"padding-top:0px;padding-bottom:0px\" id=\"wpv-column-f401f2188892e53e50762134bdf269b3\" ><div class=\"extended-column-inner\"><div class=\"row \"><div class=\"wpv-grid grid-1-3  first has-background unextended animation-fade-in animated-active\" style=\"\n\t\t\t\tbackground: url('https:\/\/www.entelequiacultura.com\/wp-content\/uploads\/2021\/11\/Entrada.jpeg') no-repeat center top;\n\t\t\t\tbackground-size: cover;\n\t\t\t\tbackground-attachment: ;\n\t\t\tbackground-color:#1512f9;padding-top:0px;padding-bottom:20px\" id=\"wpv-column-414807daa086251b20a760e01f5e674d\" ><style>#wpv-column-414807daa086251b20a760e01f5e674d p,#wpv-column-414807daa086251b20a760e01f5e674d em,#wpv-column-414807daa086251b20a760e01f5e674d .column-title,#wpv-column-414807daa086251b20a760e01f5e674d .sep-text h2.regular-title-wrapper,#wpv-column-414807daa086251b20a760e01f5e674d .text-divider-double,#wpv-column-414807daa086251b20a760e01f5e674d .sep-text .sep-text-line,#wpv-column-414807daa086251b20a760e01f5e674d .sep,#wpv-column-414807daa086251b20a760e01f5e674d .sep-2,#wpv-column-414807daa086251b20a760e01f5e674d .sep-3{color:#fff;}#wpv-column-414807daa086251b20a760e01f5e674d:before{background-color:transparent;}<\/style><div class=\"row \"><div class=\"wpv-grid grid-1-1  first unextended animation-zoom-in animated-active\" style=\"padding-top:0px;padding-bottom:0px\" id=\"wpv-column-b20b4e1642ea9fade1270614245a2bac\" ><div class=\"push\" style='height:40px'><\/div>\n<h1 style=\"text-align: center; color: #ffffff;\"><span style=\"color: #ffffff;\">El cor secret<\/span><\/h1>\n<p style=\"text-align: center; color: #ffffff;\"><div class=\"push\" style='height:40px'><\/div>\n<p style=\"text-align: center; color: #ffffff;\"><p class=\"textcenter\"><a href=\"https:\/\/www.entelequiacultura.com\/ca\/esdeveniment\/retirraquellanseros\/\" target=\"_self\" style='font-size: 18px;' class=\"button vamtam-button accent8  button-border hover-accent1 \"><span class=\"btext\">VEURE<\/span><\/a><\/p><\/div><\/div>\n<div class=\"row \"><div class=\"wpv-grid grid-1-1  first unextended\" style=\"padding-top:0px;padding-bottom:0px\" id=\"wpv-column-ef78653c909176deca4ffc316d3069a6\" ><p style=\"text-align: left;\">Retir literari<br \/>\nHotel La Sala de Cam\u00f3s (Girona)<br \/>\n24, 25 i 26 de juny 2022<\/div><\/div><\/div>\n<div class=\"wpv-grid grid-1-3  has-background unextended animation-fade-in animated-active\" style=\"\n\t\t\t\tbackground: url('https:\/\/www.entelequiacultura.com\/wp-content\/uploads\/2020\/05\/Imagen-1.jpg') no-repeat center top;\n\t\t\t\tbackground-size: cover;\n\t\t\t\tbackground-attachment: ;\n\t\t\tbackground-color:#1512f9;padding-top:0px;padding-bottom:20px\" id=\"wpv-column-ad72ecce5219183212b2e8c810a813a3\" ><style>#wpv-column-ad72ecce5219183212b2e8c810a813a3 p,#wpv-column-ad72ecce5219183212b2e8c810a813a3 em,#wpv-column-ad72ecce5219183212b2e8c810a813a3 .column-title,#wpv-column-ad72ecce5219183212b2e8c810a813a3 .sep-text h2.regular-title-wrapper,#wpv-column-ad72ecce5219183212b2e8c810a813a3 .text-divider-double,#wpv-column-ad72ecce5219183212b2e8c810a813a3 .sep-text .sep-text-line,#wpv-column-ad72ecce5219183212b2e8c810a813a3 .sep,#wpv-column-ad72ecce5219183212b2e8c810a813a3 .sep-2,#wpv-column-ad72ecce5219183212b2e8c810a813a3 .sep-3{color:#fff;}#wpv-column-ad72ecce5219183212b2e8c810a813a3:before{background-color:transparent;}<\/style><div class=\"row \"><div class=\"wpv-grid grid-1-1  first unextended animation-zoom-in animated-active\" style=\"padding-top:0px;padding-bottom:0px\" id=\"wpv-column-c9e76f83ce7a22d2f9bd9e8162496fd7\" ><div class=\"push\" style='height:40px'><\/div>\n<h1 style=\"text-align: center; color: #ffffff;\"><span style=\"color: #ffffff;\">Poesia i Ci\u00e8ncia<\/span><\/h1>\n<p style=\"text-align: center; color: #ffffff;\"><div class=\"push\" style='height:40px'><\/div>\n<p style=\"text-align: center; color: #ffffff;\"><p class=\"textcenter\"><a href=\"https:\/\/www.entelequiacultura.com\/ca\/esdeveniment\/raquellanseros\/\" target=\"_self\" style='font-size: 18px;' class=\"button vamtam-button accent8  button-border hover-accent1 \"><span class=\"btext\">VEURE<\/span><\/a><\/p><\/div><\/div>\n<div class=\"row \"><div class=\"wpv-grid grid-1-1  first unextended\" style=\"padding-top:0px;padding-bottom:0px\" id=\"wpv-column-0d33b52573443778fe0b72ea61642d4b\" ><p style=\"text-align: left;\">Confer\u00e8ncia i debat<br \/>\n15 de maig 2020<\/div><\/div><\/div><\/div><\/div><\/div><\/div>\n<div class=\"push\" style='height:10px'><\/div>\n","protected":false},"excerpt":{"rendered":"<p>RAQUEL LANSEROS\u00a0(Jerez de la Frontera, 1973).\u00a0Poeta, traductora, ant\u00f2loga i professora d&#8217;Universitat. El seu \u00faltim llibre de poesia,\u00a0Matria, va ser guardonat amb el Premi Nacional de la Cr\u00edtica i el Premi&#8230;<\/p>\n","protected":false},"author":1,"featured_media":33115,"parent":0,"menu_order":0,"comment_status":"closed","ping_status":"closed","template":"","meta":{"_price":"","_stock":"","_tribe_ticket_header":"","_tribe_default_ticket_provider":"","_tribe_ticket_capacity":"0","_ticket_start_date":"","_ticket_end_date":"","_tribe_ticket_show_description":"","_tribe_ticket_show_not_going":false,"_tribe_ticket_use_global_stock":"","_tribe_ticket_global_stock_level":"","_global_stock_mode":"","_global_stock_cap":"","_tribe_rsvp_for_event":"","_tribe_ticket_going_count":"","_tribe_ticket_not_going_count":"","_tribe_tickets_list":"[]","_tribe_ticket_has_attendee_info_fields":false,"footnotes":"","_tec_slr_enabled":"","_tec_slr_layout":""},"class_list":["post-33113","page","type-page","status-publish","has-post-thumbnail","hentry"],"aioseo_notices":[],"ticketed":false,"_links":{"self":[{"href":"https:\/\/www.entelequiacultura.com\/ca\/wp-json\/wp\/v2\/pages\/33113","targetHints":{"allow":["GET"]}}],"collection":[{"href":"https:\/\/www.entelequiacultura.com\/ca\/wp-json\/wp\/v2\/pages"}],"about":[{"href":"https:\/\/www.entelequiacultura.com\/ca\/wp-json\/wp\/v2\/types\/page"}],"author":[{"embeddable":true,"href":"https:\/\/www.entelequiacultura.com\/ca\/wp-json\/wp\/v2\/users\/1"}],"replies":[{"embeddable":true,"href":"https:\/\/www.entelequiacultura.com\/ca\/wp-json\/wp\/v2\/comments?post=33113"}],"version-history":[{"count":0,"href":"https:\/\/www.entelequiacultura.com\/ca\/wp-json\/wp\/v2\/pages\/33113\/revisions"}],"wp:featuredmedia":[{"embeddable":true,"href":"https:\/\/www.entelequiacultura.com\/ca\/wp-json\/wp\/v2\/media\/33115"}],"wp:attachment":[{"href":"https:\/\/www.entelequiacultura.com\/ca\/wp-json\/wp\/v2\/media?parent=33113"}],"curies":[{"name":"wp","href":"https:\/\/api.w.org\/{rel}","templated":true}]}}