{"id":31272,"date":"2019-10-19T10:02:52","date_gmt":"2019-10-19T08:02:52","guid":{"rendered":"https:\/\/www.entelequiacultura.com\/?page_id=31272"},"modified":"2022-02-02T15:22:43","modified_gmt":"2022-02-02T14:22:43","slug":"pedro-olalla","status":"publish","type":"page","link":"https:\/\/www.entelequiacultura.com\/ca\/pedro-olalla\/","title":{"rendered":"Pedro Olalla"},"content":{"rendered":"<div class=\"row \"><div class=\"wpv-grid grid-1-1  wpv-first-level first unextended\" style=\"padding-top:0px;padding-bottom:0px\" id=\"wpv-column-5f442fda6a07ae8af64b4875c5229280\" ><div class=\"row \"><div class=\"wpv-grid grid-1-2  first unextended\" style=\"padding-top:0px;padding-bottom:0px\" id=\"wpv-column-1fb6c35d08bed28db7f6a2e972b9cf76\" ><div class=\"row \"><div class=\"wpv-grid grid-1-1  first unextended\" style=\"padding-top:0px;padding-bottom:0px\" id=\"wpv-column-1da281a5d97f6f4a61a0d9404db7218a\" ><p><img loading=\"lazy\" decoding=\"async\" class=\"alignnone wp-image-31274 size-full\" src=\"https:\/\/www.entelequiacultura.com\/wp-content\/uploads\/2019\/10\/pedro-olalla-650.jpg\" alt=\"\" width=\"650\" height=\"650\" srcset=\"https:\/\/www.entelequiacultura.com\/wp-content\/uploads\/2019\/10\/pedro-olalla-650.jpg 650w, https:\/\/www.entelequiacultura.com\/wp-content\/uploads\/2019\/10\/pedro-olalla-650-150x150.jpg 150w, https:\/\/www.entelequiacultura.com\/wp-content\/uploads\/2019\/10\/pedro-olalla-650-300x300.jpg 300w, https:\/\/www.entelequiacultura.com\/wp-content\/uploads\/2019\/10\/pedro-olalla-650-60x60.jpg 60w, https:\/\/www.entelequiacultura.com\/wp-content\/uploads\/2019\/10\/pedro-olalla-650-43x43.jpg 43w, https:\/\/www.entelequiacultura.com\/wp-content\/uploads\/2019\/10\/pedro-olalla-650-106x106.jpg 106w, https:\/\/www.entelequiacultura.com\/wp-content\/uploads\/2019\/10\/pedro-olalla-650-555x555.jpg 555w, https:\/\/www.entelequiacultura.com\/wp-content\/uploads\/2019\/10\/pedro-olalla-650-360x360.jpg 360w, https:\/\/www.entelequiacultura.com\/wp-content\/uploads\/2019\/10\/pedro-olalla-650-262x262.jpg 262w, https:\/\/www.entelequiacultura.com\/wp-content\/uploads\/2019\/10\/pedro-olalla-650-600x600.jpg 600w, https:\/\/www.entelequiacultura.com\/wp-content\/uploads\/2019\/10\/pedro-olalla-650-100x100.jpg 100w\" sizes=\"(max-width: 650px) 100vw, 650px\" \/><\/div><\/div><\/div>\n<div class=\"wpv-grid grid-1-2  unextended\" style=\"padding-top:0px;padding-bottom:0px\" id=\"wpv-column-6c46614416b151f557c8be4fbd3e319c\" ><div class=\"row \"><div class=\"wpv-grid grid-1-1  first unextended\" style=\"padding-top:0px;padding-bottom:0px\" id=\"wpv-column-b2b780425dc2a13e13f08316e526b497\" ><p>PEDRO OLALLA\u00a0(Oviedo, 1966) \u00e9s escriptor, hel\u00b7lenista, professor, traductor i cineasta. Des de fa m\u00e9s de trenta anys, mant\u00e9 una intensa relaci\u00f3 amb Gr\u00e8cia, pa\u00eds en el qual va fixar la seva resid\u00e8ncia en 1994. Les seves obres liter\u00e0ries i audiovisuals exploren i donen a con\u00e8ixer la cultura grega i humanista combinant elements literaris, pl\u00e0stics i cient\u00edfics mitjan\u00e7ant un llenguatge marcadament personal. En l&#8217;\u00e0mbit social, l&#8217;autor defensa activament una major participaci\u00f3 del ciutad\u00e0 en la presa de decisions pol\u00edtiques i en la definici\u00f3 de l&#8217;inter\u00e8s com\u00fa.<\/p>\n<p>Ha publicat m\u00e9s de 30 obres originals en diferents lleng\u00fces, aix\u00ed com una llarga s\u00e8rie d&#8217;articles period\u00edstics i m\u00e9s d&#8217;un centenar de traduccions d&#8217;autors grecs i espanyols, especialitzant-se en literatura, arqueologia, hist\u00f2ria i humanitats. Entre les seves obres destaquen <em>Atlas Mitol\u00f3gico de Grecia<\/em>, la s\u00e8rie documental de televisi\u00f3 <em>Los lugares del mito<\/em>, la pel\u00b7l\u00edcula documental <em><span class=\"hiddenSpellError\">Ninfeo<\/span> de <span class=\"hiddenSpellError\">Mieza<\/span>: El jard\u00edn de Arist\u00f3teles<\/em>, el llibre <em>Arcadia Feliz<\/em>, la trilogia integrada per <em>Historia Menor de Grecia<\/em>, <em>Grecia en el aire<\/em> i <em>De <span class=\"hiddenSpellError\">senectute<\/span> <span class=\"hiddenSpellError\">politica<\/span>: carta sin respuesta a Cicer\u00f3n<\/em>, aix\u00ed com les pel\u00b7l\u00edcules <em>Con\u00a0<span class=\"hiddenSpellError\">Calliyannis<\/span><\/em> \u2013nominada al premi \u00abMillor Llargmetratge Documental\u00bb de l&#8217;Acad\u00e8mia Grega de Cinema\u2013 i <em>Grecia en el aire<\/em>, versi\u00f3 audiovisual del seu llibre hom\u00f2nim, obra que ha donat origen a un projecte obert sobre la deontologia de la democr\u00e0cia en el qual han participat fins al moment m\u00e9s de cinquanta institucions de diversos pa\u00efsos.<\/p>\n<p>Per la seva labor en l&#8217;estudi i en la promoci\u00f3 de la cultura grega, ha estat nomenat Ambaixador de l&#8217;Hel\u00b7lenisme per l&#8217;estat grec, Cavaller de l&#8217;Ordre del M\u00e8rit Civil\u00a0per l&#8217;estat espanyol, Membre del Centre d&#8217;Estudis Hel\u00b7l\u00e8nics de la <span class=\"hiddenGrammarError\">Universitat d&#8217;Harvard<\/span>, Ciutad\u00e0 Honorari de <span class=\"hiddenSpellError\">Cl\u00edtor<\/span> (Arc\u00e0dia), <span class=\"hiddenSpellError\">Qu\u00edos<\/span> i les Illes <span class=\"hiddenSpellError\">Enusas<\/span>, Visitant Il\u00b7lustre de la Ciutat de Montevideo, i ha estat convidat per m\u00e9s de quatre-centes institucions culturals, educatives i mitjans de comunicaci\u00f3 d&#8217;Europa i Am\u00e8rica per a la realitzaci\u00f3 de confer\u00e8ncies, actes p\u00fablics i programes informatius.<\/div><\/div><\/div><\/div><\/div><\/div>\n\t\t<div class=\"sep-text single centered\">\n\t\t\t\t\t\t\t<span class=\"sep-text-before\"><div class=\"sep-text-line\"><\/div><\/span>\n\t\t\t\t\t\t<div class=\"content\">\n\t\t\t\t<h2 class=\"text-divider-double\">\nEsdeveniments amb l&#8217;autor<\/h2>\t\t\t<\/div>\n\t\t\t<span class=\"sep-text-after\"><div class=\"sep-text-line\"><\/div><\/span>\n\t\t\t\t\t<\/div>\n\t\n<div class=\"row \"><div class=\"wpv-grid grid-1-1  wpv-first-level first extended no-extended-padding\" style=\"padding-top:0px;padding-bottom:0px\" id=\"wpv-column-0a84cd681cc0308f2b8554bc6da01d07\" ><div class=\"extended-column-inner\"><div class=\"row \"><div class=\"wpv-grid grid-1-3  first has-background unextended animation-fade-in animated-active\" style=\"\n\t\t\t\tbackground: url('https:\/\/www.entelequiacultura.com\/wp-content\/uploads\/2020\/11\/20201017_082247-scaled-e1604403608601.jpg') no-repeat center top;\n\t\t\t\tbackground-size: cover;\n\t\t\t\tbackground-attachment: ;\n\t\t\tbackground-color:#1512f9;padding-top:0px;padding-bottom:20px\" id=\"wpv-column-bd5bb2e96c8ee1510b677aad7872d5da\" ><style>#wpv-column-bd5bb2e96c8ee1510b677aad7872d5da p,#wpv-column-bd5bb2e96c8ee1510b677aad7872d5da em,#wpv-column-bd5bb2e96c8ee1510b677aad7872d5da .column-title,#wpv-column-bd5bb2e96c8ee1510b677aad7872d5da .sep-text h2.regular-title-wrapper,#wpv-column-bd5bb2e96c8ee1510b677aad7872d5da .text-divider-double,#wpv-column-bd5bb2e96c8ee1510b677aad7872d5da .sep-text .sep-text-line,#wpv-column-bd5bb2e96c8ee1510b677aad7872d5da .sep,#wpv-column-bd5bb2e96c8ee1510b677aad7872d5da .sep-2,#wpv-column-bd5bb2e96c8ee1510b677aad7872d5da .sep-3{color:#fff;}#wpv-column-bd5bb2e96c8ee1510b677aad7872d5da:before{background-color:transparent;}<\/style><div class=\"row \"><div class=\"wpv-grid grid-1-1  first unextended animation-zoom-in animated-active\" style=\"padding-top:0px;padding-bottom:0px\" id=\"wpv-column-b23c021cdae1661ba3b32ddf4f6e969e\" ><div class=\"push\" style='height:40px'><\/div>\n<h1 style=\"text-align: center; color: #ffffff;\"><span style=\"color: #ffffff;\">La necessitat de l&#8217;humanisme<\/span><\/h1>\n<p style=\"text-align: center; color: #ffffff;\"><div class=\"push\" style='height:40px'><\/div>\n<p style=\"text-align: center; color: #ffffff;\"><p class=\"textcenter\"><a href=\"https:\/\/www.entelequiacultura.com\/ca\/esdeveniment\/retirpedroolalla\/\" target=\"_self\" style='font-size: 18px;' class=\"button vamtam-button accent8  button-border hover-accent1 \"><span class=\"btext\">VEURE<\/span><\/a><\/p><\/div><\/div>\n<div class=\"row \"><div class=\"wpv-grid grid-1-1  first unextended\" style=\"padding-top:0px;padding-bottom:0px\" id=\"wpv-column-c8d2abd13c950251d2b81c3e56d571e8\" ><p style=\"text-align: right;\">Retir Cultural<br \/>\nHotel Diana, Tossa de Mar (Girona)<br \/>\n29, 30 d&#8217;abril i 1 de maig<\/div><\/div><\/div><\/div><\/div><\/div><\/div>\n<div class=\"push\" style='height:10px'><\/div>\n","protected":false},"excerpt":{"rendered":"<p>PEDRO OLALLA\u00a0(Oviedo, 1966) \u00e9s escriptor, hel\u00b7lenista, professor, traductor i cineasta. Des de fa m\u00e9s de trenta anys, mant\u00e9 una intensa relaci\u00f3 amb Gr\u00e8cia, pa\u00eds en el qual va fixar la&#8230;<\/p>\n","protected":false},"author":1,"featured_media":31274,"parent":0,"menu_order":0,"comment_status":"closed","ping_status":"closed","template":"","meta":{"_price":"","_stock":"","_tribe_ticket_header":"","_tribe_default_ticket_provider":"","_tribe_ticket_capacity":"0","_ticket_start_date":"","_ticket_end_date":"","_tribe_ticket_show_description":"","_tribe_ticket_show_not_going":false,"_tribe_ticket_use_global_stock":"","_tribe_ticket_global_stock_level":"","_global_stock_mode":"","_global_stock_cap":"","_tribe_rsvp_for_event":"","_tribe_ticket_going_count":"","_tribe_ticket_not_going_count":"","_tribe_tickets_list":"[]","_tribe_ticket_has_attendee_info_fields":false,"footnotes":"","_tec_slr_enabled":"","_tec_slr_layout":""},"class_list":["post-31272","page","type-page","status-publish","has-post-thumbnail","hentry"],"aioseo_notices":[],"ticketed":false,"_links":{"self":[{"href":"https:\/\/www.entelequiacultura.com\/ca\/wp-json\/wp\/v2\/pages\/31272","targetHints":{"allow":["GET"]}}],"collection":[{"href":"https:\/\/www.entelequiacultura.com\/ca\/wp-json\/wp\/v2\/pages"}],"about":[{"href":"https:\/\/www.entelequiacultura.com\/ca\/wp-json\/wp\/v2\/types\/page"}],"author":[{"embeddable":true,"href":"https:\/\/www.entelequiacultura.com\/ca\/wp-json\/wp\/v2\/users\/1"}],"replies":[{"embeddable":true,"href":"https:\/\/www.entelequiacultura.com\/ca\/wp-json\/wp\/v2\/comments?post=31272"}],"version-history":[{"count":0,"href":"https:\/\/www.entelequiacultura.com\/ca\/wp-json\/wp\/v2\/pages\/31272\/revisions"}],"wp:featuredmedia":[{"embeddable":true,"href":"https:\/\/www.entelequiacultura.com\/ca\/wp-json\/wp\/v2\/media\/31274"}],"wp:attachment":[{"href":"https:\/\/www.entelequiacultura.com\/ca\/wp-json\/wp\/v2\/media?parent=31272"}],"curies":[{"name":"wp","href":"https:\/\/api.w.org\/{rel}","templated":true}]}}