{"id":30141,"date":"2019-01-26T13:15:34","date_gmt":"2019-01-26T12:15:34","guid":{"rendered":"https:\/\/www.entelequiacultura.com\/?page_id=30141"},"modified":"2025-11-18T10:18:25","modified_gmt":"2025-11-18T09:18:25","slug":"mercedes-gomez-blesa","status":"publish","type":"page","link":"https:\/\/www.entelequiacultura.com\/ca\/mercedes-gomez-blesa\/","title":{"rendered":"Mercedes G\u00f3mez Blesa"},"content":{"rendered":"<div class=\"row \"><div class=\"wpv-grid grid-1-1  wpv-first-level first unextended\" style=\"padding-top:0px;padding-bottom:0px\" id=\"wpv-column-4daad8f6e29e56dbdafc9ae2c03847d0\" ><div class=\"row \"><div class=\"wpv-grid grid-1-2  first unextended\" style=\"padding-top:0px;padding-bottom:0px\" id=\"wpv-column-aacb9f9a46e966dda09ce59be1fccdd7\" ><div class=\"row \"><div class=\"wpv-grid grid-1-1  first unextended\" style=\"padding-top:0px;padding-bottom:0px\" id=\"wpv-column-313ba38b47a5e42d2b53b5b248716190\" ><p><img loading=\"lazy\" decoding=\"async\" class=\"alignnone wp-image-43171 size-full\" src=\"https:\/\/www.entelequiacultura.com\/wp-content\/uploads\/2025\/04\/mercedes.jpeg\" alt=\"\" width=\"650\" height=\"650\" srcset=\"https:\/\/www.entelequiacultura.com\/wp-content\/uploads\/2025\/04\/mercedes.jpeg 650w, https:\/\/www.entelequiacultura.com\/wp-content\/uploads\/2025\/04\/mercedes-300x300.jpeg 300w, https:\/\/www.entelequiacultura.com\/wp-content\/uploads\/2025\/04\/mercedes-150x150.jpeg 150w, https:\/\/www.entelequiacultura.com\/wp-content\/uploads\/2025\/04\/mercedes-60x60.jpeg 60w, https:\/\/www.entelequiacultura.com\/wp-content\/uploads\/2025\/04\/mercedes-43x43.jpeg 43w, https:\/\/www.entelequiacultura.com\/wp-content\/uploads\/2025\/04\/mercedes-106x106.jpeg 106w, https:\/\/www.entelequiacultura.com\/wp-content\/uploads\/2025\/04\/mercedes-555x555.jpeg 555w, https:\/\/www.entelequiacultura.com\/wp-content\/uploads\/2025\/04\/mercedes-360x360.jpeg 360w, https:\/\/www.entelequiacultura.com\/wp-content\/uploads\/2025\/04\/mercedes-262x262.jpeg 262w, https:\/\/www.entelequiacultura.com\/wp-content\/uploads\/2025\/04\/mercedes-600x600.jpeg 600w, https:\/\/www.entelequiacultura.com\/wp-content\/uploads\/2025\/04\/mercedes-100x100.jpeg 100w\" sizes=\"(max-width: 650px) 100vw, 650px\" \/><\/div><\/div><\/div>\n<div class=\"wpv-grid grid-1-2  unextended\" style=\"padding-top:0px;padding-bottom:0px\" id=\"wpv-column-a0f18c0a2dc1d535199cb3001185c98a\" ><div class=\"row \"><div class=\"wpv-grid grid-1-1  first unextended\" style=\"padding-top:0px;padding-bottom:0px\" id=\"wpv-column-a76afb2130d22b0d01eb4e9d29a58802\" ><p>MERCEDES G\u00d3MEZ BLESA\u00a0\u00e9s doctora en Filosofia. Ha centrat les seves recerques en l&#8217;\u00e0mbit del pensament espanyol contemporani, dedicant especial atenci\u00f3 a l&#8217;obra de Mar\u00eda Zambrano, autora a la qual ha dedicat l&#8217;assaig\u00a0<em>Mar\u00eda Zambrano: el canto del laberinto\u00a0<\/em>(1992) i de la qual ha editat els llibres:\u00a0<em>Las palabras del regreso\u00a0<\/em>(C\u00e1tedra, 1995), <em>Unamuno\u00a0<\/em>(Debate, 2003), <em>Pensamiento y poes\u00eda en la vida espa\u00f1ola\u00a0<\/em>(Biblioteca Nueva, 2004) y <em>Claros del bosque\u00a0<\/em>(C\u00e1tedra, 2011).<\/p>\n<p>\u00c9s autora dels llibres\u00a0<em>Las Intelectuales Republicanas: la conquista de la ciudadan\u00eda <\/em>(Biblioteca Nueva, 2007)<em>,\u00a0<\/em><em>Modernas y vanguardistas <\/em>(Editorial Laberinto, 2008),\u00a0<em>Debes conocerlas <\/em>(Ediciones Huso, 2016) conjuntament amb Marif\u00e9 Santiago,\u00a0on aborda l&#8217;obra de les assagistes espanyoles i europees m\u00e9s destacades del segle XX. La seva obra m\u00e9s recent \u00e9s\u00a0<em>La mujer moderna y sus derechos<\/em>, de Carmen de Burgos (Ediciones Huso, 2018).<\/p>\n<p>L&#8217;any 2008 va ser guardonada amb el Premi d&#8217;Assaig Ciutat de Burgos amb l&#8217;obra <em>La raz\u00f3n mediadora: filosof\u00eda y piedad en Mar\u00eda Zambrano\u00a0<\/em>(Editorial Gran V\u00eda).<\/p>\n<p>\u00c9s patrona de la Fundaci\u00f3 Mar\u00eda Zambrano de V\u00e9lez-M\u00e0laga.<\/p>\n<p>Actualment pertany al comit\u00e8 encarregat de l&#8217;edici\u00f3 de les Obres Completes de Mar\u00eda Zambrano.<\/div><\/div><\/div><\/div><\/div><\/div>\n\t\t<div class=\"sep-text single centered\">\n\t\t\t\t\t\t\t<span class=\"sep-text-before\"><div class=\"sep-text-line\"><\/div><\/span>\n\t\t\t\t\t\t<div class=\"content\">\n\t\t\t\t<h2 class=\"text-divider-double\">\nEsdeveniments amb l&#8217;autora<\/h2>\t\t\t<\/div>\n\t\t\t<span class=\"sep-text-after\"><div class=\"sep-text-line\"><\/div><\/span>\n\t\t\t\t\t<\/div>\n\t\n<div class=\"row \"><div class=\"wpv-grid grid-1-1  wpv-first-level first extended no-extended-padding\" style=\"padding-top:0px;padding-bottom:0px\" id=\"wpv-column-e852d9e980e2b5b364b0eb794c1c4c3b\" ><div class=\"extended-column-inner\"><div class=\"row \"><div class=\"wpv-grid grid-1-3  first has-background unextended animation-fade-in animated-active\" style=\"\n\t\t\t\tbackground: url('https:\/\/www.entelequiacultura.com\/wp-content\/uploads\/2025\/11\/Portada-lyceum-club-femenino.jpg') no-repeat center top;\n\t\t\t\tbackground-size: cover;\n\t\t\t\tbackground-attachment: ;\n\t\t\tbackground-color:#1512f9;padding-top:0px;padding-bottom:20px\" id=\"wpv-column-1b4a983f36bd3409781e76af397cbeb5\" ><style>#wpv-column-1b4a983f36bd3409781e76af397cbeb5 p,#wpv-column-1b4a983f36bd3409781e76af397cbeb5 em,#wpv-column-1b4a983f36bd3409781e76af397cbeb5 .column-title,#wpv-column-1b4a983f36bd3409781e76af397cbeb5 .sep-text h2.regular-title-wrapper,#wpv-column-1b4a983f36bd3409781e76af397cbeb5 .text-divider-double,#wpv-column-1b4a983f36bd3409781e76af397cbeb5 .sep-text .sep-text-line,#wpv-column-1b4a983f36bd3409781e76af397cbeb5 .sep,#wpv-column-1b4a983f36bd3409781e76af397cbeb5 .sep-2,#wpv-column-1b4a983f36bd3409781e76af397cbeb5 .sep-3{color:#fff;}#wpv-column-1b4a983f36bd3409781e76af397cbeb5:before{background-color:transparent;}<\/style><div class=\"row \"><div class=\"wpv-grid grid-1-1  first unextended animation-zoom-in animated-active\" style=\"padding-top:0px;padding-bottom:0px\" id=\"wpv-column-e24de0ec8b8512721f6de30730c07337\" ><div class=\"push\" style='height:40px'><\/div>\n<h1 style=\"text-align: center; color: #ffffff;\"><span style=\"color: #ffffff;\">El Lyceum Club Femen\u00ed<\/span><\/h1>\n<p style=\"text-align: center; color: #ffffff;\"><div class=\"push\" style='height:40px'><\/div>\n<p style=\"text-align: center; color: #ffffff;\"><p class=\"textcenter\"><a href=\"https:\/\/www.entelequiacultura.com\/ca\/esdeveniment\/retir-madrid-2026\/\" target=\"_self\" style='font-size: 18px;' class=\"button vamtam-button accent8  button-border hover-accent1 \"><span class=\"btext\">VEURE<\/span><\/a><\/p><\/div><\/div>\n<div class=\"row \"><div class=\"wpv-grid grid-1-1  first unextended\" style=\"padding-top:0px;padding-bottom:0px\" id=\"wpv-column-4136f149661b3ee5990cc19b38210041\" ><p style=\"text-align: left;\">Trobada Cultural<br \/>\nMadrid<br \/>\n13 a 15 de mar\u00e7 2026<\/div><\/div><\/div>\n<div class=\"wpv-grid grid-1-3  has-background unextended animation-fade-in animated-active\" style=\"\n\t\t\t\tbackground: url('https:\/\/www.entelequiacultura.com\/wp-content\/uploads\/2025\/04\/maria-zambrano.jpg') no-repeat center top;\n\t\t\t\tbackground-size: cover;\n\t\t\t\tbackground-attachment: ;\n\t\t\tbackground-color:#1512f9;padding-top:0px;padding-bottom:20px\" id=\"wpv-column-eab462bb936926f8c8f493471909e4d7\" ><style>#wpv-column-eab462bb936926f8c8f493471909e4d7 p,#wpv-column-eab462bb936926f8c8f493471909e4d7 em,#wpv-column-eab462bb936926f8c8f493471909e4d7 .column-title,#wpv-column-eab462bb936926f8c8f493471909e4d7 .sep-text h2.regular-title-wrapper,#wpv-column-eab462bb936926f8c8f493471909e4d7 .text-divider-double,#wpv-column-eab462bb936926f8c8f493471909e4d7 .sep-text .sep-text-line,#wpv-column-eab462bb936926f8c8f493471909e4d7 .sep,#wpv-column-eab462bb936926f8c8f493471909e4d7 .sep-2,#wpv-column-eab462bb936926f8c8f493471909e4d7 .sep-3{color:#fff;}#wpv-column-eab462bb936926f8c8f493471909e4d7:before{background-color:transparent;}<\/style><div class=\"row \"><div class=\"wpv-grid grid-1-1  first unextended animation-zoom-in animated-active\" style=\"padding-top:0px;padding-bottom:0px\" id=\"wpv-column-3033d75b0bb4ccdc49a6dc32c98ab5fa\" ><div class=\"push\" style='height:40px'><\/div>\n<h1 style=\"text-align: center; color: #ffffff;\"><span style=\"color: #ffffff;\">Seg\u00f2via: un lloc de la paraula (Mar\u00eda Zambrano)<\/span><\/h1>\n<p style=\"text-align: center; color: #ffffff;\"><div class=\"push\" style='height:40px'><\/div>\n<p style=\"text-align: center; color: #ffffff;\"><p class=\"textcenter\"><a href=\"https:\/\/www.entelequiacultura.com\/ca\/evento\/retir-segovia-2025\/\" target=\"_self\" style='font-size: 18px;' class=\"button vamtam-button accent8  button-border hover-accent1 \"><span class=\"btext\">VEURE<\/span><\/a><\/p><\/div><\/div>\n<div class=\"row \"><div class=\"wpv-grid grid-1-1  first unextended\" style=\"padding-top:0px;padding-bottom:0px\" id=\"wpv-column-716dc0607cebfe0c9a179b626a3b6a63\" ><p style=\"text-align: left;\">Retir Cultural<br \/>\nHotel San Antonio el Real (Seg\u00f2via)<br \/>\n4, 5, 6 i 7 de setembre 2025<\/div><\/div><\/div>\n<div class=\"wpv-grid grid-1-3  has-background unextended animation-fade-in animated-active\" style=\"\n\t\t\t\tbackground: url('https:\/\/www.entelequiacultura.com\/wp-content\/uploads\/2020\/05\/zambrano-color.jpg') no-repeat center top;\n\t\t\t\tbackground-size: cover;\n\t\t\t\tbackground-attachment: ;\n\t\t\tbackground-color:#1512f9;padding-top:0px;padding-bottom:20px\" id=\"wpv-column-b32cb33c0b541c97e03f420d12a8521a\" ><style>#wpv-column-b32cb33c0b541c97e03f420d12a8521a p,#wpv-column-b32cb33c0b541c97e03f420d12a8521a em,#wpv-column-b32cb33c0b541c97e03f420d12a8521a .column-title,#wpv-column-b32cb33c0b541c97e03f420d12a8521a .sep-text h2.regular-title-wrapper,#wpv-column-b32cb33c0b541c97e03f420d12a8521a .text-divider-double,#wpv-column-b32cb33c0b541c97e03f420d12a8521a .sep-text .sep-text-line,#wpv-column-b32cb33c0b541c97e03f420d12a8521a .sep,#wpv-column-b32cb33c0b541c97e03f420d12a8521a .sep-2,#wpv-column-b32cb33c0b541c97e03f420d12a8521a .sep-3{color:#fff;}#wpv-column-b32cb33c0b541c97e03f420d12a8521a:before{background-color:transparent;}<\/style><div class=\"row \"><div class=\"wpv-grid grid-1-1  first unextended animation-zoom-in animated-active\" style=\"padding-top:0px;padding-bottom:0px\" id=\"wpv-column-25ba64627b274b2ea485b6328e32f3b2\" ><div class=\"push\" style='height:40px'><\/div>\n<h1 style=\"text-align: center; color: #ffffff;\"><span style=\"color: #ffffff;\">Claus de la ra\u00f3 po\u00e8tica de Mar\u00eda Zambrano<\/span><\/h1>\n<p style=\"text-align: center; color: #ffffff;\"><div class=\"push\" style='height:40px'><\/div>\n<p style=\"text-align: center; color: #ffffff;\"><p class=\"textcenter\"><a href=\"https:\/\/www.entelequiacultura.com\/ca\/evento\/razonpoeticazambrano\/\" target=\"_self\" style='font-size: 18px;' class=\"button vamtam-button accent8  button-border hover-accent1 \"><span class=\"btext\">VEURE<\/span><\/a><\/p><\/div><\/div>\n<div class=\"row \"><div class=\"wpv-grid grid-1-1  first unextended\" style=\"padding-top:0px;padding-bottom:0px\" id=\"wpv-column-559e7abb8620d5ee16469fc839830b1f\" ><p style=\"text-align: left;\">Cicle de confer\u00e8ncies i debat<br \/>\n5, 12 i 19 de juny 2020<\/div><\/div><\/div><\/div>\n<div class=\"row \"><div class=\"wpv-grid grid-1-3  first has-background unextended animation-fade-in animated-active\" style=\"\n\t\t\t\tbackground: url('https:\/\/www.entelequiacultura.com\/wp-content\/uploads\/2020\/05\/zam.jpg') no-repeat center top;\n\t\t\t\tbackground-size: cover;\n\t\t\t\tbackground-attachment: ;\n\t\t\tbackground-color:#1512f9;padding-top:0px;padding-bottom:20px\" id=\"wpv-column-af1a01bbdd3a6d70a17133d685dac95e\" ><style>#wpv-column-af1a01bbdd3a6d70a17133d685dac95e p,#wpv-column-af1a01bbdd3a6d70a17133d685dac95e em,#wpv-column-af1a01bbdd3a6d70a17133d685dac95e .column-title,#wpv-column-af1a01bbdd3a6d70a17133d685dac95e .sep-text h2.regular-title-wrapper,#wpv-column-af1a01bbdd3a6d70a17133d685dac95e .text-divider-double,#wpv-column-af1a01bbdd3a6d70a17133d685dac95e .sep-text .sep-text-line,#wpv-column-af1a01bbdd3a6d70a17133d685dac95e .sep,#wpv-column-af1a01bbdd3a6d70a17133d685dac95e .sep-2,#wpv-column-af1a01bbdd3a6d70a17133d685dac95e .sep-3{color:#fff;}#wpv-column-af1a01bbdd3a6d70a17133d685dac95e:before{background-color:transparent;}<\/style><div class=\"row \"><div class=\"wpv-grid grid-1-1  first unextended animation-zoom-in animated-active\" style=\"padding-top:0px;padding-bottom:0px\" id=\"wpv-column-fb394b2f872fdbe9bcfca59be2131c4e\" ><div class=\"push\" style='height:40px'><\/div>\n<h1 style=\"text-align: center; color: #ffffff;\"><span style=\"color: #ffffff;\">El retorn: el pensament viu de Mar\u00eda Zambrano<\/span><\/h1>\n<p style=\"text-align: center; color: #ffffff;\"><div class=\"push\" style='height:40px'><\/div>\n<p style=\"text-align: center; color: #ffffff;\"><p class=\"textcenter\"><a href=\"https:\/\/www.entelequiacultura.com\/ca\/evento\/mariazambrano\/\" target=\"_self\" style='font-size: 18px;' class=\"button vamtam-button accent8  button-border hover-accent1 \"><span class=\"btext\">VEURE<\/span><\/a><\/p><\/div><\/div>\n<div class=\"row \"><div class=\"wpv-grid grid-1-1  first unextended\" style=\"padding-top:0px;padding-bottom:0px\" id=\"wpv-column-fe253667dab09759bc15162d184da92d\" ><p style=\"text-align: left;\">Confer\u00e8ncia i debat<br \/>\n21 de maig 2020<\/div><\/div><\/div><\/div><\/div><\/div><\/div>\n<div class=\"push\" style='height:10px'><\/div>\n","protected":false},"excerpt":{"rendered":"<p>MERCEDES G\u00d3MEZ BLESA\u00a0\u00e9s doctora en Filosofia. Ha centrat les seves recerques en l&#8217;\u00e0mbit del pensament espanyol contemporani, dedicant especial atenci\u00f3 a l&#8217;obra de Mar\u00eda Zambrano, autora a la qual ha&#8230;<\/p>\n","protected":false},"author":1,"featured_media":43171,"parent":0,"menu_order":0,"comment_status":"closed","ping_status":"closed","template":"","meta":{"_price":"","_stock":"","_tribe_ticket_header":"","_tribe_default_ticket_provider":"","_tribe_ticket_capacity":"0","_ticket_start_date":"","_ticket_end_date":"","_tribe_ticket_show_description":"","_tribe_ticket_show_not_going":false,"_tribe_ticket_use_global_stock":"","_tribe_ticket_global_stock_level":"","_global_stock_mode":"","_global_stock_cap":"","_tribe_rsvp_for_event":"","_tribe_ticket_going_count":"","_tribe_ticket_not_going_count":"","_tribe_tickets_list":"[]","_tribe_ticket_has_attendee_info_fields":false,"footnotes":"","_tec_slr_enabled":"","_tec_slr_layout":""},"class_list":["post-30141","page","type-page","status-publish","has-post-thumbnail","hentry"],"aioseo_notices":[],"ticketed":false,"_links":{"self":[{"href":"https:\/\/www.entelequiacultura.com\/ca\/wp-json\/wp\/v2\/pages\/30141","targetHints":{"allow":["GET"]}}],"collection":[{"href":"https:\/\/www.entelequiacultura.com\/ca\/wp-json\/wp\/v2\/pages"}],"about":[{"href":"https:\/\/www.entelequiacultura.com\/ca\/wp-json\/wp\/v2\/types\/page"}],"author":[{"embeddable":true,"href":"https:\/\/www.entelequiacultura.com\/ca\/wp-json\/wp\/v2\/users\/1"}],"replies":[{"embeddable":true,"href":"https:\/\/www.entelequiacultura.com\/ca\/wp-json\/wp\/v2\/comments?post=30141"}],"version-history":[{"count":5,"href":"https:\/\/www.entelequiacultura.com\/ca\/wp-json\/wp\/v2\/pages\/30141\/revisions"}],"predecessor-version":[{"id":43822,"href":"https:\/\/www.entelequiacultura.com\/ca\/wp-json\/wp\/v2\/pages\/30141\/revisions\/43822"}],"wp:featuredmedia":[{"embeddable":true,"href":"https:\/\/www.entelequiacultura.com\/ca\/wp-json\/wp\/v2\/media\/43171"}],"wp:attachment":[{"href":"https:\/\/www.entelequiacultura.com\/ca\/wp-json\/wp\/v2\/media?parent=30141"}],"curies":[{"name":"wp","href":"https:\/\/api.w.org\/{rel}","templated":true}]}}