{"id":29993,"date":"2018-12-22T11:36:06","date_gmt":"2018-12-22T10:36:06","guid":{"rendered":"https:\/\/www.entelequiacultura.com\/?page_id=29993"},"modified":"2022-02-21T13:40:41","modified_gmt":"2022-02-21T12:40:41","slug":"sara-mesa","status":"publish","type":"page","link":"https:\/\/www.entelequiacultura.com\/ca\/sara-mesa\/","title":{"rendered":"Sara Mesa"},"content":{"rendered":"<div class=\"row \"><div class=\"wpv-grid grid-1-1  wpv-first-level first unextended\" style=\"padding-top:0px;padding-bottom:0px\" id=\"wpv-column-788b71ac38b7ded2b44acc65e202deed\" ><div class=\"row \"><div class=\"wpv-grid grid-1-2  first unextended\" style=\"padding-top:0px;padding-bottom:0px\" id=\"wpv-column-e449de5f3732a714343161409c3bba00\" ><div class=\"row \"><div class=\"wpv-grid grid-1-1  first unextended\" style=\"padding-top:0px;padding-bottom:0px\" id=\"wpv-column-9a8f4acd3b2321a4da2f867dc95b72f2\" ><p><div id=\"attachment_29996\" style=\"width: 660px\" class=\"wp-caption alignnone\"><img loading=\"lazy\" decoding=\"async\" aria-describedby=\"caption-attachment-29996\" class=\"wp-image-29996 size-full\" src=\"https:\/\/www.entelequiacultura.com\/wp-content\/uploads\/2018\/12\/650-sara-mesa-por-sonia-fraga.jpg\" alt=\"\" width=\"650\" height=\"650\" srcset=\"https:\/\/www.entelequiacultura.com\/wp-content\/uploads\/2018\/12\/650-sara-mesa-por-sonia-fraga.jpg 650w, https:\/\/www.entelequiacultura.com\/wp-content\/uploads\/2018\/12\/650-sara-mesa-por-sonia-fraga-150x150.jpg 150w, https:\/\/www.entelequiacultura.com\/wp-content\/uploads\/2018\/12\/650-sara-mesa-por-sonia-fraga-300x300.jpg 300w, https:\/\/www.entelequiacultura.com\/wp-content\/uploads\/2018\/12\/650-sara-mesa-por-sonia-fraga-60x60.jpg 60w, https:\/\/www.entelequiacultura.com\/wp-content\/uploads\/2018\/12\/650-sara-mesa-por-sonia-fraga-43x43.jpg 43w, https:\/\/www.entelequiacultura.com\/wp-content\/uploads\/2018\/12\/650-sara-mesa-por-sonia-fraga-106x106.jpg 106w, https:\/\/www.entelequiacultura.com\/wp-content\/uploads\/2018\/12\/650-sara-mesa-por-sonia-fraga-555x555.jpg 555w, https:\/\/www.entelequiacultura.com\/wp-content\/uploads\/2018\/12\/650-sara-mesa-por-sonia-fraga-360x360.jpg 360w, https:\/\/www.entelequiacultura.com\/wp-content\/uploads\/2018\/12\/650-sara-mesa-por-sonia-fraga-262x262.jpg 262w, https:\/\/www.entelequiacultura.com\/wp-content\/uploads\/2018\/12\/650-sara-mesa-por-sonia-fraga-600x600.jpg 600w, https:\/\/www.entelequiacultura.com\/wp-content\/uploads\/2018\/12\/650-sara-mesa-por-sonia-fraga-100x100.jpg 100w\" sizes=\"(max-width: 650px) 100vw, 650px\" \/><p id=\"caption-attachment-29996\" class=\"wp-caption-text\">\u00a9 Sonia Fraga<\/p><\/div><\/div><\/div><\/div>\n<div class=\"wpv-grid grid-1-2  unextended\" style=\"padding-top:0px;padding-bottom:0px\" id=\"wpv-column-a71f64a5bad3dc95acab2d3bedf825cb\" ><div class=\"row \"><div class=\"wpv-grid grid-1-1  first unextended\" style=\"padding-top:0px;padding-bottom:0px\" id=\"wpv-column-68cfe1fd26ab25dab8bcdedccc8b30c4\" ><p>SARA MESA va n\u00e9ixer a Madrid, per\u00f2 viu a Sevilla des de nena.<\/p>\n<p>\u00c9s autora de sis novel\u00b7les i tres llibres de contes. Entre els seus t\u00edtols destaquen les novel\u00b7les <em>Cuatro por cuatro<\/em> (finalista Premio Herralde), <em>Cicatriz<\/em> (premi Ojo Cr\u00edtico de RNE), <em>Cara de pan i<\/em>\u00a0<em>Un amor<\/em> (triada com a llibre de l&#8217;any 2020 per mitjans com <em>El Pa\u00eds<\/em>, <em>El Cultural<\/em> i <em>La Vanguardia<\/em>), aix\u00ed com el volum de relats\u00a0<em>Mala letra<\/em>, tots ells publicats en l&#8217;editorial Anagrama. El seu \u00faltim llibre \u00e9s\u00a0<em>Perrita Country<\/em> (P\u00e1ginas de Espuma, 2021), un conte llarg il\u00b7lustrat per Pablo Amargo.<\/p>\n<p>La seva obra ha estat tradu\u00efda a una desena de lleng\u00fces.<\/div><\/div><\/div><\/div><\/div><\/div>\n\t\t<div class=\"sep-text single centered\">\n\t\t\t\t\t\t\t<span class=\"sep-text-before\"><div class=\"sep-text-line\"><\/div><\/span>\n\t\t\t\t\t\t<div class=\"content\">\n\t\t\t\t<h2 class=\"text-divider-double\">\nEsdeveniments amb l&#8217;autora<\/h2>\t\t\t<\/div>\n\t\t\t<span class=\"sep-text-after\"><div class=\"sep-text-line\"><\/div><\/span>\n\t\t\t\t\t<\/div>\n\t\n<div class=\"row \"><div class=\"wpv-grid grid-1-1  wpv-first-level first extended no-extended-padding\" style=\"padding-top:0px;padding-bottom:0px\" id=\"wpv-column-f7afd488d3251a25adb517007a897b2e\" ><div class=\"extended-column-inner\"><div class=\"row \"><div class=\"wpv-grid grid-1-3  first has-background unextended animation-fade-in animated-active\" style=\"\n\t\t\t\tbackground: url('https:\/\/www.entelequiacultura.com\/wp-content\/uploads\/2021\/11\/Piscina-i-jard\u00ed-scaled.jpg') no-repeat center top;\n\t\t\t\tbackground-size: cover;\n\t\t\t\tbackground-attachment: ;\n\t\t\tbackground-color:#1512f9;padding-top:0px;padding-bottom:20px\" id=\"wpv-column-300a56c6424ee540ad086b5babcc0a92\" ><style>#wpv-column-300a56c6424ee540ad086b5babcc0a92 p,#wpv-column-300a56c6424ee540ad086b5babcc0a92 em,#wpv-column-300a56c6424ee540ad086b5babcc0a92 .column-title,#wpv-column-300a56c6424ee540ad086b5babcc0a92 .sep-text h2.regular-title-wrapper,#wpv-column-300a56c6424ee540ad086b5babcc0a92 .text-divider-double,#wpv-column-300a56c6424ee540ad086b5babcc0a92 .sep-text .sep-text-line,#wpv-column-300a56c6424ee540ad086b5babcc0a92 .sep,#wpv-column-300a56c6424ee540ad086b5babcc0a92 .sep-2,#wpv-column-300a56c6424ee540ad086b5babcc0a92 .sep-3{color:#fff;}#wpv-column-300a56c6424ee540ad086b5babcc0a92:before{background-color:transparent;}<\/style><div class=\"row \"><div class=\"wpv-grid grid-1-1  first unextended animation-zoom-in animated-active\" style=\"padding-top:0px;padding-bottom:0px\" id=\"wpv-column-abaf4417cc9521c797ea0c23b52d88ca\" ><div class=\"push\" style='height:40px'><\/div>\n<h1 style=\"text-align: center; color: #ffffff;\"><span style=\"color: #ffffff;\">Aquesta vegada s\u00ed que parlarem de regles<\/span><\/h1>\n<p style=\"text-align: center; color: #ffffff;\"><div class=\"push\" style='height:40px'><\/div>\n<p style=\"text-align: center; color: #ffffff;\"><p class=\"textcenter\"><a href=\"https:\/\/www.entelequiacultura.com\/ca\/esdeveniment\/retirsaramesa\/\" target=\"_self\" style='font-size: 18px;' class=\"button vamtam-button accent8  button-border hover-accent1 \"><span class=\"btext\">VEURE<\/span><\/a><\/p><\/div><\/div>\n<div class=\"row \"><div class=\"wpv-grid grid-1-1  first unextended\" style=\"padding-top:0px;padding-bottom:0px\" id=\"wpv-column-ccc5df7e2e8bcbb2c436ea2a356e1c45\" ><p>Retir literari<br \/>\nHotel La Sala de Cam\u00f3s (Girona)<br \/>\nDe 6 al 8 de maig 2022<\/div><\/div><\/div>\n<div class=\"wpv-grid grid-1-3  has-background unextended animation-fade-in animated-active\" style=\"\n\t\t\t\tbackground: url('https:\/\/www.entelequiacultura.com\/wp-content\/uploads\/2019\/11\/amanece.jpg') no-repeat center top;\n\t\t\t\tbackground-size: cover;\n\t\t\t\tbackground-attachment: ;\n\t\t\tbackground-color:#1512f9;padding-top:0px;padding-bottom:20px\" id=\"wpv-column-ac9aa35093dc79a5d8d5a4dd07535c89\" ><style>#wpv-column-ac9aa35093dc79a5d8d5a4dd07535c89 p,#wpv-column-ac9aa35093dc79a5d8d5a4dd07535c89 em,#wpv-column-ac9aa35093dc79a5d8d5a4dd07535c89 .column-title,#wpv-column-ac9aa35093dc79a5d8d5a4dd07535c89 .sep-text h2.regular-title-wrapper,#wpv-column-ac9aa35093dc79a5d8d5a4dd07535c89 .text-divider-double,#wpv-column-ac9aa35093dc79a5d8d5a4dd07535c89 .sep-text .sep-text-line,#wpv-column-ac9aa35093dc79a5d8d5a4dd07535c89 .sep,#wpv-column-ac9aa35093dc79a5d8d5a4dd07535c89 .sep-2,#wpv-column-ac9aa35093dc79a5d8d5a4dd07535c89 .sep-3{color:#fff;}#wpv-column-ac9aa35093dc79a5d8d5a4dd07535c89:before{background-color:transparent;}<\/style><div class=\"row \"><div class=\"wpv-grid grid-1-1  first unextended animation-zoom-in animated-active\" style=\"padding-top:0px;padding-bottom:0px\" id=\"wpv-column-87cf54aaa137fa3d7a9c2ae96eb685c8\" ><div class=\"push\" style='height:40px'><\/div>\n<h1 style=\"text-align: center; color: #ffffff;\"><span style=\"color: #ffffff;\">Sorti del corrent<\/span><\/h1>\n<p style=\"text-align: center; color: #ffffff;\"><div class=\"push\" style='height:40px'><\/div>\n<p style=\"text-align: center; color: #ffffff;\"><p class=\"textcenter\"><a href=\"https:\/\/www.entelequiacultura.com\/ca\/esdeveniment\/sara-mesa-2\/\" target=\"_self\" style='font-size: 18px;' class=\"button vamtam-button accent8  button-border hover-accent1 \"><span class=\"btext\">VEURE<\/span><\/a><\/p><\/div><\/div>\n<div class=\"row \"><div class=\"wpv-grid grid-1-1  first unextended\" style=\"padding-top:0px;padding-bottom:0px\" id=\"wpv-column-5e71bf6d96c56b78a13aebba2f8fa2b4\" ><p>Retir literari<br \/>\nHotel Diana, Tossa de Mar (Girona)<br \/>\nDe l&#8217;1 al 3 de novembre 2019<\/div><\/div><\/div><\/div><\/div><\/div><\/div>\n<div class=\"push\" style='height:10px'><\/div>\n","protected":false},"excerpt":{"rendered":"<p>SARA MESA va n\u00e9ixer a Madrid, per\u00f2 viu a Sevilla des de nena. \u00c9s autora de sis novel\u00b7les i tres llibres de contes. Entre els seus t\u00edtols destaquen les novel\u00b7les&#8230;<\/p>\n","protected":false},"author":1,"featured_media":0,"parent":0,"menu_order":0,"comment_status":"closed","ping_status":"closed","template":"","meta":{"_price":"","_stock":"","_tribe_ticket_header":"","_tribe_default_ticket_provider":"","_tribe_ticket_capacity":"0","_ticket_start_date":"","_ticket_end_date":"","_tribe_ticket_show_description":"","_tribe_ticket_show_not_going":false,"_tribe_ticket_use_global_stock":"","_tribe_ticket_global_stock_level":"","_global_stock_mode":"","_global_stock_cap":"","_tribe_rsvp_for_event":"","_tribe_ticket_going_count":"","_tribe_ticket_not_going_count":"","_tribe_tickets_list":"[]","_tribe_ticket_has_attendee_info_fields":false,"footnotes":"","_tec_slr_enabled":"","_tec_slr_layout":""},"class_list":["post-29993","page","type-page","status-publish","hentry"],"aioseo_notices":[],"aioseo_head":"\n\t\t<!-- All in One SEO 5.0.1.1 - aioseo.com -->\n\t<meta name=\"description\" content=\"L&#039;escriptora Sara Mesa a Entelequia Cultura\" \/>\n\t<meta name=\"robots\" content=\"max-image-preview:large\" \/>\n\t<link rel=\"canonical\" href=\"https:\/\/www.entelequiacultura.com\/ca\/sara-mesa\/\" \/>\n\t<meta name=\"generator\" content=\"All in One SEO (AIOSEO) 5.0.1.1\" \/>\n\t\t<meta property=\"og:locale\" content=\"ca_ES\" \/>\n\t\t<meta property=\"og:site_name\" content=\"Entelequia Cultura - Retiros Culturales\" \/>\n\t\t<meta property=\"og:type\" content=\"article\" \/>\n\t\t<meta property=\"og:title\" content=\"Sara Mesa\" \/>\n\t\t<meta property=\"og:description\" content=\"L&#039;escriptora Sara Mesa en Entelequia Cultura\" \/>\n\t\t<meta property=\"og:url\" content=\"https:\/\/www.entelequiacultura.com\/ca\/sara-mesa\/\" \/>\n\t\t<meta property=\"og:image\" content=\"https:\/\/www.entelequiacultura.com\/wp-content\/uploads\/2018\/12\/650-sara-mesa-por-sonia-fraga.jpg\" \/>\n\t\t<meta property=\"og:image:secure_url\" content=\"https:\/\/www.entelequiacultura.com\/wp-content\/uploads\/2018\/12\/650-sara-mesa-por-sonia-fraga.jpg\" \/>\n\t\t<meta property=\"og:image:width\" content=\"650\" \/>\n\t\t<meta property=\"og:image:height\" content=\"650\" \/>\n\t\t<meta property=\"article:published_time\" content=\"2018-12-22T10:36:06+00:00\" \/>\n\t\t<meta property=\"article:modified_time\" content=\"2022-02-21T12:40:41+00:00\" \/>\n\t\t<meta property=\"article:publisher\" content=\"https:\/\/www.facebook.com\/entelequiacultura\" \/>\n\t\t<meta name=\"twitter:card\" content=\"summary\" \/>\n\t\t<meta name=\"twitter:site\" content=\"@entelequiacult\" \/>\n\t\t<meta name=\"twitter:title\" content=\"Sara Mesa\" \/>\n\t\t<meta name=\"twitter:description\" content=\"L&#039;escriptora Sara Mesa en Entelequia Cultura\" \/>\n\t\t<meta name=\"twitter:creator\" content=\"@entelequiacult\" \/>\n\t\t<meta name=\"twitter:image\" content=\"https:\/\/www.entelequiacultura.com\/wp-content\/uploads\/2018\/12\/650-sara-mesa-por-sonia-fraga.jpg\" \/>\n\t\t<script type=\"application\/ld+json\" class=\"aioseo-schema\">\n\t\t\t{\"@context\":\"https:\\\/\\\/schema.org\",\"@graph\":[{\"@type\":\"BreadcrumbList\",\"@id\":\"https:\\\/\\\/www.entelequiacultura.com\\\/ca\\\/sara-mesa\\\/#breadcrumblist\",\"itemListElement\":[{\"@type\":\"ListItem\",\"@id\":\"https:\\\/\\\/www.entelequiacultura.com\\\/ca\\\/#listItem\",\"position\":1,\"name\":\"Home\",\"item\":\"https:\\\/\\\/www.entelequiacultura.com\\\/ca\\\/\",\"nextItem\":{\"@type\":\"ListItem\",\"@id\":\"https:\\\/\\\/www.entelequiacultura.com\\\/ca\\\/sara-mesa\\\/#listItem\",\"name\":\"Sara Mesa\"}},{\"@type\":\"ListItem\",\"@id\":\"https:\\\/\\\/www.entelequiacultura.com\\\/ca\\\/sara-mesa\\\/#listItem\",\"position\":2,\"name\":\"Sara Mesa\",\"previousItem\":{\"@type\":\"ListItem\",\"@id\":\"https:\\\/\\\/www.entelequiacultura.com\\\/ca\\\/#listItem\",\"name\":\"Home\"}}]},{\"@type\":\"Organization\",\"@id\":\"https:\\\/\\\/www.entelequiacultura.com\\\/ca\\\/#organization\",\"name\":\"Entelequia Cultura\",\"description\":\"Retiros Culturales\",\"url\":\"https:\\\/\\\/www.entelequiacultura.com\\\/ca\\\/\",\"sameAs\":[\"https:\\\/\\\/www.facebook.com\\\/entelequiacultura\",\"https:\\\/\\\/twitter.com\\\/entelequiacult\"]},{\"@type\":\"WebPage\",\"@id\":\"https:\\\/\\\/www.entelequiacultura.com\\\/ca\\\/sara-mesa\\\/#webpage\",\"url\":\"https:\\\/\\\/www.entelequiacultura.com\\\/ca\\\/sara-mesa\\\/\",\"name\":\"Sara Mesa - Entelequia Cultura\",\"description\":\"L'escriptora Sara Mesa a Entelequia Cultura\",\"inLanguage\":\"ca\",\"isPartOf\":{\"@id\":\"https:\\\/\\\/www.entelequiacultura.com\\\/ca\\\/#website\"},\"breadcrumb\":{\"@id\":\"https:\\\/\\\/www.entelequiacultura.com\\\/ca\\\/sara-mesa\\\/#breadcrumblist\"},\"datePublished\":\"2018-12-22T11:36:06+01:00\",\"dateModified\":\"2022-02-21T13:40:41+01:00\"},{\"@type\":\"WebSite\",\"@id\":\"https:\\\/\\\/www.entelequiacultura.com\\\/ca\\\/#website\",\"url\":\"https:\\\/\\\/www.entelequiacultura.com\\\/ca\\\/\",\"name\":\"Entelequia Cultura\",\"description\":\"Retiros Culturales\",\"inLanguage\":\"ca\",\"publisher\":{\"@id\":\"https:\\\/\\\/www.entelequiacultura.com\\\/ca\\\/#organization\"}}]}\n\t\t<\/script>\n\t\t<!-- All in One SEO -->\n\n","aioseo_head_json":{"title":"Sara Mesa - Entelequia Cultura","description":"L'escriptora Sara Mesa a Entelequia Cultura","canonical_url":"https:\/\/www.entelequiacultura.com\/ca\/sara-mesa\/","robots":"max-image-preview:large","keywords":"","webmasterTools":{"miscellaneous":""},"schema":{"@context":"https:\/\/schema.org","@graph":[{"@type":"BreadcrumbList","@id":"https:\/\/www.entelequiacultura.com\/ca\/sara-mesa\/#breadcrumblist","itemListElement":[{"@type":"ListItem","@id":"https:\/\/www.entelequiacultura.com\/ca\/#listItem","position":1,"name":"Home","item":"https:\/\/www.entelequiacultura.com\/ca\/","nextItem":{"@type":"ListItem","@id":"https:\/\/www.entelequiacultura.com\/ca\/sara-mesa\/#listItem","name":"Sara Mesa"}},{"@type":"ListItem","@id":"https:\/\/www.entelequiacultura.com\/ca\/sara-mesa\/#listItem","position":2,"name":"Sara Mesa","previousItem":{"@type":"ListItem","@id":"https:\/\/www.entelequiacultura.com\/ca\/#listItem","name":"Home"}}]},{"@type":"Organization","@id":"https:\/\/www.entelequiacultura.com\/ca\/#organization","name":"Entelequia Cultura","description":"Retiros Culturales","url":"https:\/\/www.entelequiacultura.com\/ca\/","sameAs":["https:\/\/www.facebook.com\/entelequiacultura","https:\/\/twitter.com\/entelequiacult"]},{"@type":"WebPage","@id":"https:\/\/www.entelequiacultura.com\/ca\/sara-mesa\/#webpage","url":"https:\/\/www.entelequiacultura.com\/ca\/sara-mesa\/","name":"Sara Mesa - Entelequia Cultura","description":"L'escriptora Sara Mesa a Entelequia Cultura","inLanguage":"ca","isPartOf":{"@id":"https:\/\/www.entelequiacultura.com\/ca\/#website"},"breadcrumb":{"@id":"https:\/\/www.entelequiacultura.com\/ca\/sara-mesa\/#breadcrumblist"},"datePublished":"2018-12-22T11:36:06+01:00","dateModified":"2022-02-21T13:40:41+01:00"},{"@type":"WebSite","@id":"https:\/\/www.entelequiacultura.com\/ca\/#website","url":"https:\/\/www.entelequiacultura.com\/ca\/","name":"Entelequia Cultura","description":"Retiros Culturales","inLanguage":"ca","publisher":{"@id":"https:\/\/www.entelequiacultura.com\/ca\/#organization"}}]},"og:locale":"ca_ES","og:site_name":"Entelequia Cultura - Retiros Culturales","og:type":"article","og:title":"Sara Mesa","og:description":"L'escriptora Sara Mesa en Entelequia Cultura","og:url":"https:\/\/www.entelequiacultura.com\/ca\/sara-mesa\/","og:image":"https:\/\/www.entelequiacultura.com\/wp-content\/uploads\/2018\/12\/650-sara-mesa-por-sonia-fraga.jpg","og:image:secure_url":"https:\/\/www.entelequiacultura.com\/wp-content\/uploads\/2018\/12\/650-sara-mesa-por-sonia-fraga.jpg","og:image:width":650,"og:image:height":650,"article:published_time":"2018-12-22T10:36:06+00:00","article:modified_time":"2022-02-21T12:40:41+00:00","article:publisher":"https:\/\/www.facebook.com\/entelequiacultura","twitter:card":"summary","twitter:site":"@entelequiacult","twitter:title":"Sara Mesa","twitter:description":"L'escriptora Sara Mesa en Entelequia Cultura","twitter:creator":"@entelequiacult","twitter:image":"https:\/\/www.entelequiacultura.com\/wp-content\/uploads\/2018\/12\/650-sara-mesa-por-sonia-fraga.jpg"},"aioseo_meta_data":{"post_id":"29993","title":"","description":"L'escriptora Sara Mesa a Entelequia Cultura","keywords":"","keyphrases":null,"primary_term":null,"canonical_url":"","og_title":"Sara Mesa","og_description":"L'escriptora Sara Mesa en Entelequia Cultura","og_object_type":"article","og_image_type":"custom_image","og_image_url":null,"og_image_width":null,"og_image_height":null,"og_image_custom_url":"https:\/\/www.entelequiacultura.com\/wp-content\/uploads\/2018\/12\/650-sara-mesa-por-sonia-fraga.jpg","og_image_custom_fields":null,"og_video":"","og_custom_url":null,"og_article_section":"","og_article_tags":"","twitter_use_og":false,"twitter_card":"summary","twitter_image_type":"default","twitter_image_url":null,"twitter_image_custom_url":null,"twitter_image_custom_fields":null,"twitter_title":null,"twitter_description":null,"schema":{"blockGraphs":[],"customGraphs":[],"default":{"data":{"Article":[],"Course":[],"Dataset":[],"FAQPage":[],"Movie":[],"Person":[],"Product":[],"ProductReview":[],"Car":[],"Recipe":[],"Service":[],"SoftwareApplication":[],"WebPage":[]},"graphName":"WebPage","isEnabled":true},"graphs":[]},"schema_type":"default","schema_type_options":null,"pillar_content":false,"robots_default":true,"robots_noindex":false,"robots_noarchive":false,"robots_nosnippet":false,"robots_nofollow":false,"robots_noimageindex":false,"robots_noodp":false,"robots_notranslate":false,"robots_max_snippet":null,"robots_max_videopreview":null,"robots_max_imagepreview":"large","priority":null,"frequency":null,"local_seo":null,"breadcrumb_settings":null,"limit_modified_date":false,"ai":null,"created":"2022-02-26 22:44:08","updated":"2025-06-26 20:07:07","seo_analyzer_scan_date":null,"focus_keyword":null,"additional_keywords":null,"truseo_locale":null},"aioseo_breadcrumb":"<div class=\"aioseo-breadcrumbs\"><span class=\"aioseo-breadcrumb\">\n\t\t\t<a href=\"https:\/\/www.entelequiacultura.com\/ca\/\" title=\"Home\">Home<\/a>\n\t\t<\/span><span class=\"aioseo-breadcrumb-separator\">&raquo;<\/span><span class=\"aioseo-breadcrumb\">\n\t\t\tSara Mesa\n\t\t<\/span><\/div>","aioseo_breadcrumb_json":[{"label":"Home","link":"https:\/\/www.entelequiacultura.com\/ca\/"},{"label":"Sara Mesa","link":"https:\/\/www.entelequiacultura.com\/ca\/sara-mesa\/"}],"ticketed":false,"_links":{"self":[{"href":"https:\/\/www.entelequiacultura.com\/ca\/wp-json\/wp\/v2\/pages\/29993","targetHints":{"allow":["GET"]}}],"collection":[{"href":"https:\/\/www.entelequiacultura.com\/ca\/wp-json\/wp\/v2\/pages"}],"about":[{"href":"https:\/\/www.entelequiacultura.com\/ca\/wp-json\/wp\/v2\/types\/page"}],"author":[{"embeddable":true,"href":"https:\/\/www.entelequiacultura.com\/ca\/wp-json\/wp\/v2\/users\/1"}],"replies":[{"embeddable":true,"href":"https:\/\/www.entelequiacultura.com\/ca\/wp-json\/wp\/v2\/comments?post=29993"}],"version-history":[{"count":0,"href":"https:\/\/www.entelequiacultura.com\/ca\/wp-json\/wp\/v2\/pages\/29993\/revisions"}],"wp:attachment":[{"href":"https:\/\/www.entelequiacultura.com\/ca\/wp-json\/wp\/v2\/media?parent=29993"}],"curies":[{"name":"wp","href":"https:\/\/api.w.org\/{rel}","templated":true}]}}