{"id":29934,"date":"2018-12-22T12:17:17","date_gmt":"2018-12-22T11:17:17","guid":{"rendered":"https:\/\/www.entelequiacultura.com\/?page_id=29934"},"modified":"2020-03-13T10:34:42","modified_gmt":"2020-03-13T09:34:42","slug":"pablo-martin-sanchez","status":"publish","type":"page","link":"https:\/\/www.entelequiacultura.com\/ca\/pablo-martin-sanchez\/","title":{"rendered":"Pablo Mart\u00edn S\u00e1nchez"},"content":{"rendered":"<div class=\"row \"><div class=\"wpv-grid grid-1-1  wpv-first-level first unextended\" style=\"padding-top:0px;padding-bottom:0px\" id=\"wpv-column-4fc77759a0a88a146567cc16bf37efc8\" ><div class=\"row \"><div class=\"wpv-grid grid-1-2  first unextended\" style=\"padding-top:0px;padding-bottom:0px\" id=\"wpv-column-7f6d82477db591a674d5a5d8665b7a27\" ><div class=\"row \"><div class=\"wpv-grid grid-1-1  first unextended\" style=\"padding-top:0px;padding-bottom:0px\" id=\"wpv-column-2b83c9ef3579e31e5f1884bce2590795\" ><p><img loading=\"lazy\" decoding=\"async\" class=\"alignnone wp-image-29961 size-full\" src=\"https:\/\/www.entelequiacultura.com\/wp-content\/uploads\/2018\/12\/650.jpg\" alt=\"\" width=\"650\" height=\"650\" srcset=\"https:\/\/www.entelequiacultura.com\/wp-content\/uploads\/2018\/12\/650.jpg 650w, https:\/\/www.entelequiacultura.com\/wp-content\/uploads\/2018\/12\/650-150x150.jpg 150w, https:\/\/www.entelequiacultura.com\/wp-content\/uploads\/2018\/12\/650-300x300.jpg 300w, https:\/\/www.entelequiacultura.com\/wp-content\/uploads\/2018\/12\/650-60x60.jpg 60w, https:\/\/www.entelequiacultura.com\/wp-content\/uploads\/2018\/12\/650-43x43.jpg 43w, https:\/\/www.entelequiacultura.com\/wp-content\/uploads\/2018\/12\/650-106x106.jpg 106w, https:\/\/www.entelequiacultura.com\/wp-content\/uploads\/2018\/12\/650-555x555.jpg 555w, https:\/\/www.entelequiacultura.com\/wp-content\/uploads\/2018\/12\/650-360x360.jpg 360w, https:\/\/www.entelequiacultura.com\/wp-content\/uploads\/2018\/12\/650-262x262.jpg 262w, https:\/\/www.entelequiacultura.com\/wp-content\/uploads\/2018\/12\/650-600x600.jpg 600w, https:\/\/www.entelequiacultura.com\/wp-content\/uploads\/2018\/12\/650-100x100.jpg 100w\" sizes=\"(max-width: 650px) 100vw, 650px\" \/><\/p>\n<p><em>Fotograf\u00eda de Pere Rovira<\/em><\/div><\/div><\/div>\n<div class=\"wpv-grid grid-1-2  unextended\" style=\"padding-top:0px;padding-bottom:0px\" id=\"wpv-column-bc968ce093136275b612fd6e173c0367\" ><div class=\"row \"><div class=\"wpv-grid grid-1-1  first unextended\" style=\"padding-top:0px;padding-bottom:0px\" id=\"wpv-column-bf255dff8b2983b7e0c1900ce569b420\" ><p>PABLO MART\u00cdN S\u00c1NCHEZ (Reus, 1977) \u00e9s graduat superior en Art Dram\u00e0tic pel Institut del Teatre de Barcelona, llicenciat en Teoria de la Literatura i Literatura Comparada per la Universitat de Barcelona, m\u00e0ster en Humanitats per la Universitat Carles III de Madrid, doctor en Llengua i Literatura Franceses per la Universit\u00e9 de Lilla-3 i doctor en Teoria de la Literatura i de l&#8217;Art i Literatura Comparada per la Universitat de Granada.<\/p>\n<p>Ha tradu\u00eft a autors de la talla d&#8217;Alfred Jarry, Marcel Schwob, Raymond Queneau, Bernard-Marie Kolt\u00e9s o WajdiMouawad. Part de la seva obra ha estat tradu\u00efda al franc\u00e8s, angl\u00e8s, neerland\u00e8s o txec.<\/p>\n<p>Actualment \u00e9s professor de novel\u00b7la a l&#8217;Escola d&#8217;Escriptura del Ateneu barcelon\u00ed.<\/p>\n<p>\u00c9s l&#8217;\u00fanic membre espanyol de Oulipo (Ouvroir de Litt\u00e9rature Potentielle) fundat a Par\u00eds (1960) per l&#8217;escriptor Raymond Queneau i el matem\u00e0tic Fran\u00e7ois Le Lionnais. Un grup experimental el paradigma del qual \u00e9s tra\u00e7ar possibles rutes a trav\u00e9s de restriccions autoimposades que permetin noves formes de creaci\u00f3. Entre els components d&#8217;aquest grup trobem noms, a m\u00e9s dels ja citats, com el de Georges Perec, Italo Calvino o Jacques Roubaud, autors sobre els quals va basar la seva tesi doctoral.<\/p>\n<h3>Enlla\u00e7os a la p\u00e0gina web i xarxes de l&#8217;autor<\/h3>\n<a href=\"http:\/\/www.pablomartinsanchez.com\" target=\"_blank\" style='font-size: 16px;' class=\"button vamtam-button accent1  button-filled hover-accent1  alignleft\"><span class=\"btext\">Web<\/span><\/a><a href=\"https:\/\/www.facebook.com\/pablo.martin.52035\" target=\"_blank\" style='font-size: 16px;' class=\"button vamtam-button accent1  button-filled hover-accent1  alignleft\"><span class=\"btext\">Facebook<\/span><\/a><\/div><\/div><\/div><\/div><\/div><\/div>\n\t\t<div class=\"sep-text single centered\">\n\t\t\t\t\t\t\t<span class=\"sep-text-before\"><div class=\"sep-text-line\"><\/div><\/span>\n\t\t\t\t\t\t<div class=\"content\">\n\t\t\t\t<h2 class=\"text-divider-double\">\nEsdeveniments amb l&#8217;autor<br \/>\n<\/h2>\t\t\t<\/div>\n\t\t\t<span class=\"sep-text-after\"><div class=\"sep-text-line\"><\/div><\/span>\n\t\t\t\t\t<\/div>\n\t\n<div class=\"row \"><div class=\"wpv-grid grid-1-1  wpv-first-level first extended no-extended-padding\" style=\"padding-top:0px;padding-bottom:0px\" id=\"wpv-column-863b4199992644a68ff2d476d6e29a24\" ><div class=\"extended-column-inner\"><div class=\"row \"><div class=\"wpv-grid grid-1-3  first has-background unextended animation-fade-in animated-active\" style=\"\n\t\t\t\tbackground: url('https:\/\/www.entelequiacultura.com\/wp-content\/uploads\/2019\/06\/IMG_20190609_183407_244-1.jpg') no-repeat center top;\n\t\t\t\tbackground-size: cover;\n\t\t\t\tbackground-attachment: ;\n\t\t\tbackground-color:#1512f9;padding-top:0px;padding-bottom:20px\" id=\"wpv-column-f9734319c23bf16166d30f80bbc8fb13\" ><style>#wpv-column-f9734319c23bf16166d30f80bbc8fb13 p,#wpv-column-f9734319c23bf16166d30f80bbc8fb13 em,#wpv-column-f9734319c23bf16166d30f80bbc8fb13 .column-title,#wpv-column-f9734319c23bf16166d30f80bbc8fb13 .sep-text h2.regular-title-wrapper,#wpv-column-f9734319c23bf16166d30f80bbc8fb13 .text-divider-double,#wpv-column-f9734319c23bf16166d30f80bbc8fb13 .sep-text .sep-text-line,#wpv-column-f9734319c23bf16166d30f80bbc8fb13 .sep,#wpv-column-f9734319c23bf16166d30f80bbc8fb13 .sep-2,#wpv-column-f9734319c23bf16166d30f80bbc8fb13 .sep-3{color:#fff;}#wpv-column-f9734319c23bf16166d30f80bbc8fb13:before{background-color:transparent;}<\/style><div class=\"row \"><div class=\"wpv-grid grid-1-1  first unextended animation-zoom-in animated-active\" style=\"padding-top:0px;padding-bottom:0px\" id=\"wpv-column-07d96bab8203e71e4d718ab898e1bb21\" ><div class=\"push\" style='height:40px'><\/div>\n<h1 style=\"text-align: center; color: #ffffff;\"><span style=\"color: #ffffff;\">La for\u00e7a creativa de la trava<\/span><\/h1>\n<p style=\"text-align: center; color: #ffffff;\"><div class=\"push\" style='height:40px'><\/div>\n<p style=\"text-align: center; color: #ffffff;\"><p class=\"textcenter\"><a href=\"https:\/\/www.entelequiacultura.com\/ca\/evento\/pablo-martin-sanchez\/\" target=\"_self\" style='font-size: 18px;' class=\"button vamtam-button accent8  button-border hover-accent1 \"><span class=\"btext\">VEURE<\/span><\/a><\/p><\/div><\/div>\n<div class=\"row \"><div class=\"wpv-grid grid-1-1  first unextended\" style=\"padding-top:0px;padding-bottom:0px\" id=\"wpv-column-b14561ec2b0a6e39bcf5cfca06c1b383\" ><p>Retir literari<br \/>\nHotel Mas 1670, Calonge (Girona)<br \/>\nDel 7 al 9 de juny de 2019<\/div><\/div><\/div><\/div><\/div><\/div><\/div>\n<div class=\"push\" style='height:10px'><\/div>\n","protected":false},"excerpt":{"rendered":"<p>Fotograf\u00eda de Pere Rovira PABLO MART\u00cdN S\u00c1NCHEZ (Reus, 1977) \u00e9s graduat superior en Art Dram\u00e0tic pel Institut del Teatre de Barcelona, llicenciat en Teoria de la Literatura i Literatura Comparada&#8230;<\/p>\n","protected":false},"author":1,"featured_media":29961,"parent":0,"menu_order":0,"comment_status":"closed","ping_status":"closed","template":"","meta":{"_price":"","_stock":"","_tribe_ticket_header":"","_tribe_default_ticket_provider":"","_tribe_ticket_capacity":"0","_ticket_start_date":"","_ticket_end_date":"","_tribe_ticket_show_description":"","_tribe_ticket_show_not_going":false,"_tribe_ticket_use_global_stock":"","_tribe_ticket_global_stock_level":"","_global_stock_mode":"","_global_stock_cap":"","_tribe_rsvp_for_event":"","_tribe_ticket_going_count":"","_tribe_ticket_not_going_count":"","_tribe_tickets_list":"[]","_tribe_ticket_has_attendee_info_fields":false,"footnotes":"","_tec_slr_enabled":"","_tec_slr_layout":""},"class_list":["post-29934","page","type-page","status-publish","has-post-thumbnail","hentry"],"aioseo_notices":[],"ticketed":false,"_links":{"self":[{"href":"https:\/\/www.entelequiacultura.com\/ca\/wp-json\/wp\/v2\/pages\/29934","targetHints":{"allow":["GET"]}}],"collection":[{"href":"https:\/\/www.entelequiacultura.com\/ca\/wp-json\/wp\/v2\/pages"}],"about":[{"href":"https:\/\/www.entelequiacultura.com\/ca\/wp-json\/wp\/v2\/types\/page"}],"author":[{"embeddable":true,"href":"https:\/\/www.entelequiacultura.com\/ca\/wp-json\/wp\/v2\/users\/1"}],"replies":[{"embeddable":true,"href":"https:\/\/www.entelequiacultura.com\/ca\/wp-json\/wp\/v2\/comments?post=29934"}],"version-history":[{"count":0,"href":"https:\/\/www.entelequiacultura.com\/ca\/wp-json\/wp\/v2\/pages\/29934\/revisions"}],"wp:featuredmedia":[{"embeddable":true,"href":"https:\/\/www.entelequiacultura.com\/ca\/wp-json\/wp\/v2\/media\/29961"}],"wp:attachment":[{"href":"https:\/\/www.entelequiacultura.com\/ca\/wp-json\/wp\/v2\/media?parent=29934"}],"curies":[{"name":"wp","href":"https:\/\/api.w.org\/{rel}","templated":true}]}}