{"id":27187,"date":"2018-01-29T22:37:56","date_gmt":"2018-01-29T21:37:56","guid":{"rendered":"https:\/\/www.entelequiacultura.com\/?page_id=27187"},"modified":"2026-08-06T09:35:35","modified_gmt":"2026-08-06T07:35:35","slug":"home-cat-2-2-2","status":"publish","type":"page","link":"https:\/\/www.entelequiacultura.com\/ca\/","title":{"rendered":"Home cat"},"content":{"rendered":"<div class=\"push\" style='margin-bottom:-40px'><\/div>\n<div class=\"row \"><div class=\"wpv-grid grid-1-1  wpv-first-level first unextended\" style=\"padding-top:0px;padding-bottom:0px\" id=\"wpv-column-eaada57cc84ef252deaca9d1a17381a2\" ><h2 style=\"text-align: center;\">ENTELEQUIA CULTURA<\/h2>\n<p>En Entelequia organitzem cursos, tallers i seminaris amb pensadors, escriptors,\u00a0cineastes i artistes de refer\u00e8ncia, que es duen a terme en el context d&#8217;un retir cultural de cap de setmana. Es fan en petits hotels rurals situats en entorns naturals, on conviuen docents i assistens.\u00a0Tamb\u00e9 programem activitats en el nostre espai de Barcelona.<\/p>\n<p style=\"text-align: center;\"><a href=\"https:\/\/www.entelequiacultura.com\/ca\/entelequia-2-2\/\">\u00a1Saber m\u00e9s! \u2192<\/a><\/div><\/div>\n<div class=\"row \"><div class=\"wpv-grid grid-1-1  wpv-first-level first has-background extended\" style=\"background-color:#fff;padding-top:30px;padding-bottom:30px\" id=\"wpv-column-a0d854916b96ac51a47bc87877db4884\" ><div class=\"extended-column-inner\"><style>#wpv-column-a0d854916b96ac51a47bc87877db4884 p,#wpv-column-a0d854916b96ac51a47bc87877db4884 em,#wpv-column-a0d854916b96ac51a47bc87877db4884 .column-title,#wpv-column-a0d854916b96ac51a47bc87877db4884 .sep-text h2.regular-title-wrapper,#wpv-column-a0d854916b96ac51a47bc87877db4884 .text-divider-double,#wpv-column-a0d854916b96ac51a47bc87877db4884 .sep-text .sep-text-line,#wpv-column-a0d854916b96ac51a47bc87877db4884 .sep,#wpv-column-a0d854916b96ac51a47bc87877db4884 .sep-2,#wpv-column-a0d854916b96ac51a47bc87877db4884 .sep-3{color:#808080;}#wpv-column-a0d854916b96ac51a47bc87877db4884:before{background-color:transparent;}<\/style><div class=\"row \"><div class=\"wpv-grid grid-1-1  first unextended\" style=\"padding-top:0px;padding-bottom:0px\" id=\"wpv-column-f2a8b1231863cba372eaedcdbbd08d8f\" ><h2 class='column-title'>Pr\u00f2ximes activitats<\/h2><div class=\"row wpv-tribe-multiple-events style-dark\">\n\t\t\t<div class=\"wpv-grid grid-1-4 \">\n\t\t\t<div class=\"event-wrapper\">\n\t\t\t\t\t\t\t\t<a href=\"https:\/\/www.entelequiacultura.com\/ca\/esdeveniment\/retir-segovia-2026\/\" title=\"\">\n\t\t\t\t\t<div class=\"date\">\n\t\t\t\t\t\t<div class=\"day\">04<\/div>\n\t\t\t\t\t\t<div class=\"month\">setembre<\/div>\n\t\t\t\t\t<\/div>\n\t\t\t\t\t<h3 class=\"title\">CAP ALS CLARS. MAR\u00cdA ZAMBRANO (Mercedes G\u00f3mez Blesa)<\/h3>\n\t\t\t\t<\/a>\n\t\t\t\t<div class=\"when-where\">\n\t\t\t\t\t\t\t\t\t\t\t<div>4 de setembre de 2026 17:00 &mdash; 6 de setembre de 2026 14:00<\/div>\n\t\t\t\t\t\t\t\t\t\t<div>@ RETIR CULTURAL &#8211; Seg\u00f2via\t\t\t\t\t<\/div>\n\t\t\t\t<\/div>\n\t\t\t\t\t\t\t<\/div>\n\t\t<\/div>\n\t\t\t\t\t<div class=\"wpv-grid grid-1-4 left-border\">\n\t\t\t<div class=\"event-wrapper\">\n\t\t\t\t\t\t\t\t<a href=\"https:\/\/www.entelequiacultura.com\/ca\/esdeveniment\/vida-i-simbol-esencial-lola-josa-online\/\" title=\"\">\n\t\t\t\t\t<div class=\"date\">\n\t\t\t\t\t\t<div class=\"day\">10<\/div>\n\t\t\t\t\t\t<div class=\"month\">setembre<\/div>\n\t\t\t\t\t<\/div>\n\t\t\t\t\t<h3 class=\"title\">VIDA I S\u00cdMBOL ESSENCIAL (Lola Josa) - Modalitat online<\/h3>\n\t\t\t\t<\/a>\n\t\t\t\t<div class=\"when-where\">\n\t\t\t\t\t\t\t\t\t\t\t<div>10 de setembre de 2026 18:00 &mdash; 18 de mar\u00e7 de 2027 20:00<\/div>\n\t\t\t\t\t\t\t\t\t\t<div>@ CURS ANUAL &#8211; ONLINE\t\t\t\t\t<\/div>\n\t\t\t\t<\/div>\n\t\t\t\t\t\t\t<\/div>\n\t\t<\/div>\n\t\t\t\t\t<div class=\"wpv-grid grid-1-4 left-border\">\n\t\t\t<div class=\"event-wrapper\">\n\t\t\t\t\t\t\t\t<a href=\"https:\/\/www.entelequiacultura.com\/ca\/esdeveniment\/maria-negroni-2026\/\" title=\"\">\n\t\t\t\t\t<div class=\"date\">\n\t\t\t\t\t\t<div class=\"day\">18<\/div>\n\t\t\t\t\t\t<div class=\"month\">setembre<\/div>\n\t\t\t\t\t<\/div>\n\t\t\t\t\t<h3 class=\"title\">L'ART D'ESCRIURE (Mar\u00eda Negroni)<\/h3>\n\t\t\t\t<\/a>\n\t\t\t\t<div class=\"when-where\">\n\t\t\t\t\t\t\t\t\t\t\t<div>10:00 &mdash; 18:00<\/div>\n\t\t\t\t\t\t\t\t\t\t<div>@ JORNADA LITER\u00c0RIA\t\t\t\t\t<\/div>\n\t\t\t\t<\/div>\n\t\t\t\t\t\t\t<\/div>\n\t\t<\/div>\n\t\t\t\t\t<div class=\"wpv-grid grid-1-4 left-border\">\n\t\t\t<div class=\"event-wrapper\">\n\t\t\t\t\t\t\t\t<a href=\"https:\/\/www.entelequiacultura.com\/ca\/esdeveniment\/persefone-silvia-tarrago-2026\/\" title=\"\">\n\t\t\t\t\t<div class=\"date\">\n\t\t\t\t\t\t<div class=\"day\">16<\/div>\n\t\t\t\t\t\t<div class=\"month\">octubre<\/div>\n\t\t\t\t\t<\/div>\n\t\t\t\t\t<h3 class=\"title\">LA DEESSA SILENCIADA: una visi\u00f3 del mite del rapte de Pers\u00e8fone des de la psicologia junguiana (Silvia Tarrag\u00f3)<\/h3>\n\t\t\t\t<\/a>\n\t\t\t\t<div class=\"when-where\">\n\t\t\t\t\t\t\t\t\t\t\t<div>15:30 &mdash; 19:30<\/div>\n\t\t\t\t\t\t\t\t\t\t<div>@ SEMINARI &#8211; Barcelona\t\t\t\t\t<\/div>\n\t\t\t\t<\/div>\n\t\t\t\t\t\t\t<\/div>\n\t\t<\/div>\n\t\t\t\t\t<\/div>\n\t\t\t<div class=\"row wpv-tribe-multiple-events style-dark\">\n\t\t\t\t\t<div class=\"wpv-grid grid-1-4 \">\n\t\t\t<div class=\"event-wrapper\">\n\t\t\t\t\t\t\t\t<a href=\"https:\/\/www.entelequiacultura.com\/ca\/esdeveniment\/persefone-silvia-tarrago-2026-2\/\" title=\"\">\n\t\t\t\t\t<div class=\"date\">\n\t\t\t\t\t\t<div class=\"day\">11<\/div>\n\t\t\t\t\t\t<div class=\"month\">desembre<\/div>\n\t\t\t\t\t<\/div>\n\t\t\t\t\t<h3 class=\"title\">LA DEESSA SILENCIADA: una visi\u00f3 del mite del rapte de Pers\u00e8fone des de la psicologia junguiana (Silvia Tarrag\u00f3)<\/h3>\n\t\t\t\t<\/a>\n\t\t\t\t<div class=\"when-where\">\n\t\t\t\t\t\t\t\t\t\t\t<div>15:30 &mdash; 19:30<\/div>\n\t\t\t\t\t\t\t\t\t\t<div>@ SEMINARI &#8211; Barcelona\t\t\t\t\t<\/div>\n\t\t\t\t<\/div>\n\t\t\t\t\t\t\t<\/div>\n\t\t<\/div>\n\t\t\t\t<\/div><\/div><\/div>\n<div class=\"row \"><div class=\"wpv-grid grid-1-1  first unextended\" style=\"padding-top:0px;padding-bottom:0px\" id=\"wpv-column-15984e2e979a36b45163ed9467d6fcdb\" ><div class=\"push\" style='height:20px'><\/div>\n<p style=\"text-align: center;\"><a href=\"https:\/\/www.entelequiacultura.com\/ca\/eventos\/\">Veure totes les activitats \u2192<\/a><\/div><\/div><\/div><\/div><\/div>\n<div class=\"row \"><div class=\"wpv-grid grid-1-1  wpv-first-level first has-background extended\" style=\"background-color:#f2f2f2;padding-top:20px;padding-bottom:15px\" id=\"wpv-column-89303317231a2183aa83e2dcbab05524\" ><div class=\"extended-column-inner\"><style>#wpv-column-89303317231a2183aa83e2dcbab05524 p,#wpv-column-89303317231a2183aa83e2dcbab05524 em,#wpv-column-89303317231a2183aa83e2dcbab05524 .column-title,#wpv-column-89303317231a2183aa83e2dcbab05524 .sep-text h2.regular-title-wrapper,#wpv-column-89303317231a2183aa83e2dcbab05524 .text-divider-double,#wpv-column-89303317231a2183aa83e2dcbab05524 .sep-text .sep-text-line,#wpv-column-89303317231a2183aa83e2dcbab05524 .sep,#wpv-column-89303317231a2183aa83e2dcbab05524 .sep-2,#wpv-column-89303317231a2183aa83e2dcbab05524 .sep-3{color:#737373;}#wpv-column-89303317231a2183aa83e2dcbab05524:before{background-color:transparent;}<\/style><h2 class='column-title'>Els nostres docents<\/h2><div class=\"row \"><div class=\"wpv-grid grid-1-4  first unextended\" style=\"padding-top:0px;padding-bottom:0px\" id=\"wpv-column-c076434b26a0d5282bf37f52f2823c90\" ><div class=\"row \"><div class=\"wpv-grid grid-1-1  first unextended\" style=\"padding-top:0px;padding-bottom:0px\" id=\"wpv-column-4b3eed95ee42adb80d4d28ce4677a3a7\" ><div class=\"team-member\">\n\t\t<div class=\"thumbnail\">\n\t\t\t\t\t<a href=\"https:\/\/www.entelequiacultura.com\/ca\/victoriacirlot\/\" title=\"Victoria Cirlot\">\n\t\t\t\t\t<img loading=\"lazy\" decoding=\"async\" width=\"660\" height=\"660\" src=\"https:\/\/www.entelequiacultura.com\/wp-content\/uploads\/2022\/02\/VICTORIA-CIRLOT-650-copia-copia.jpg\" class=\"attachment-full size-full\" alt=\"\" srcset=\"https:\/\/www.entelequiacultura.com\/wp-content\/uploads\/2022\/02\/VICTORIA-CIRLOT-650-copia-copia.jpg 660w, https:\/\/www.entelequiacultura.com\/wp-content\/uploads\/2022\/02\/VICTORIA-CIRLOT-650-copia-copia-300x300.jpg 300w, https:\/\/www.entelequiacultura.com\/wp-content\/uploads\/2022\/02\/VICTORIA-CIRLOT-650-copia-copia-150x150.jpg 150w, https:\/\/www.entelequiacultura.com\/wp-content\/uploads\/2022\/02\/VICTORIA-CIRLOT-650-copia-copia-60x60.jpg 60w, https:\/\/www.entelequiacultura.com\/wp-content\/uploads\/2022\/02\/VICTORIA-CIRLOT-650-copia-copia-43x43.jpg 43w, https:\/\/www.entelequiacultura.com\/wp-content\/uploads\/2022\/02\/VICTORIA-CIRLOT-650-copia-copia-106x106.jpg 106w, https:\/\/www.entelequiacultura.com\/wp-content\/uploads\/2022\/02\/VICTORIA-CIRLOT-650-copia-copia-555x555.jpg 555w, https:\/\/www.entelequiacultura.com\/wp-content\/uploads\/2022\/02\/VICTORIA-CIRLOT-650-copia-copia-360x360.jpg 360w, https:\/\/www.entelequiacultura.com\/wp-content\/uploads\/2022\/02\/VICTORIA-CIRLOT-650-copia-copia-262x262.jpg 262w, https:\/\/www.entelequiacultura.com\/wp-content\/uploads\/2022\/02\/VICTORIA-CIRLOT-650-copia-copia-600x600.jpg 600w, https:\/\/www.entelequiacultura.com\/wp-content\/uploads\/2022\/02\/VICTORIA-CIRLOT-650-copia-copia-100x100.jpg 100w\" sizes=\"(max-width: 660px) 100vw, 660px\" \/>\t\t\t\t\t<\/a>\n\t\t\t<\/div>\n\t\t<div class=\"team-member-info\">\n\t\t<h4>\n\t\t\t\t\t\t\t<a href=\"https:\/\/www.entelequiacultura.com\/ca\/victoriacirlot\/\" title=\"Victoria Cirlot\">\n\t\t\t\t\t\t\tVictoria Cirlot\t\t\t\t\t\t\t<\/a>\n\t\t\t\t\t<\/h4>\n\t\t\t\t\t<h6 class=\"team-member-position\">ESCRIPTORA I TRADUCTORA<\/h6>\n\t\t\t\t\t\t\t\t<div class=\"share-icons clearfix\">\n\t\t\t\t\t<\/div>\n\t<\/div>\n<\/div>\n<\/div><\/div>\n<div class=\"row \"><div class=\"wpv-grid grid-1-1  first unextended\" style=\"padding-top:0px;padding-bottom:0px\" id=\"wpv-column-87a44137f04789b70c448f0a11d013b9\" ><\/div><\/div><\/div>\n<div class=\"wpv-grid grid-1-4  unextended\" style=\"padding-top:0px;padding-bottom:0px\" id=\"wpv-column-d72e4d6a7f4e32113b4278a4d1e859cc\" ><div class=\"row \"><div class=\"wpv-grid grid-1-1  first unextended\" style=\"padding-top:0px;padding-bottom:0px\" id=\"wpv-column-1f0b436233c545963710114e1923709e\" ><div class=\"team-member\">\n\t\t<div class=\"thumbnail\">\n\t\t\t\t\t<a href=\"https:\/\/www.entelequiacultura.com\/ca\/olgamerino\/\" title=\"Olga Merino\">\n\t\t\t\t\t<img loading=\"lazy\" decoding=\"async\" width=\"650\" height=\"649\" src=\"https:\/\/www.entelequiacultura.com\/wp-content\/uploads\/2025\/06\/Olga-Merino_\u00a9Marta-Calvo-650.jpg\" class=\"attachment-full size-full\" alt=\"\" srcset=\"https:\/\/www.entelequiacultura.com\/wp-content\/uploads\/2025\/06\/Olga-Merino_\u00a9Marta-Calvo-650.jpg 650w, https:\/\/www.entelequiacultura.com\/wp-content\/uploads\/2025\/06\/Olga-Merino_\u00a9Marta-Calvo-650-300x300.jpg 300w, https:\/\/www.entelequiacultura.com\/wp-content\/uploads\/2025\/06\/Olga-Merino_\u00a9Marta-Calvo-650-150x150.jpg 150w, https:\/\/www.entelequiacultura.com\/wp-content\/uploads\/2025\/06\/Olga-Merino_\u00a9Marta-Calvo-650-60x60.jpg 60w, https:\/\/www.entelequiacultura.com\/wp-content\/uploads\/2025\/06\/Olga-Merino_\u00a9Marta-Calvo-650-43x43.jpg 43w, https:\/\/www.entelequiacultura.com\/wp-content\/uploads\/2025\/06\/Olga-Merino_\u00a9Marta-Calvo-650-106x106.jpg 106w, https:\/\/www.entelequiacultura.com\/wp-content\/uploads\/2025\/06\/Olga-Merino_\u00a9Marta-Calvo-650-555x554.jpg 555w, https:\/\/www.entelequiacultura.com\/wp-content\/uploads\/2025\/06\/Olga-Merino_\u00a9Marta-Calvo-650-360x359.jpg 360w, https:\/\/www.entelequiacultura.com\/wp-content\/uploads\/2025\/06\/Olga-Merino_\u00a9Marta-Calvo-650-262x262.jpg 262w, https:\/\/www.entelequiacultura.com\/wp-content\/uploads\/2025\/06\/Olga-Merino_\u00a9Marta-Calvo-650-600x599.jpg 600w, https:\/\/www.entelequiacultura.com\/wp-content\/uploads\/2025\/06\/Olga-Merino_\u00a9Marta-Calvo-650-100x100.jpg 100w\" sizes=\"(max-width: 650px) 100vw, 650px\" \/>\t\t\t\t\t<\/a>\n\t\t\t<\/div>\n\t\t<div class=\"team-member-info\">\n\t\t<h4>\n\t\t\t\t\t\t\t<a href=\"https:\/\/www.entelequiacultura.com\/ca\/olgamerino\/\" title=\"Olga Merino\">\n\t\t\t\t\t\t\tOlga Merino\t\t\t\t\t\t\t<\/a>\n\t\t\t\t\t<\/h4>\n\t\t\t\t\t<h6 class=\"team-member-position\">PERIODISTA I ESCRIPTORA<\/h6>\n\t\t\t\t\t\t\t\t<div class=\"share-icons clearfix\">\n\t\t\t\t\t<\/div>\n\t<\/div>\n<\/div>\n<\/div><\/div>\n<div class=\"row \"><div class=\"wpv-grid grid-1-1  first unextended\" style=\"padding-top:0px;padding-bottom:0px\" id=\"wpv-column-a7f9f9e4edd7b7e2e582aabbbb58053d\" ><\/div><\/div><\/div>\n<div class=\"wpv-grid grid-1-4  unextended\" style=\"padding-top:0px;padding-bottom:0px\" id=\"wpv-column-a8ae3a77112231babe368dee80a0297b\" ><div class=\"row \"><div class=\"wpv-grid grid-1-1  first unextended\" style=\"padding-top:0px;padding-bottom:0px\" id=\"wpv-column-0cfcb2f88d70f2efe655c06abf01805f\" ><div class=\"team-member\">\n\t\t<div class=\"thumbnail\">\n\t\t\t\t\t<a href=\"https:\/\/www.entelequiacultura.com\/ca\/olga-rodriguez\/\" title=\"Olga Rodr\u00edguez\">\n\t\t\t\t\t<img loading=\"lazy\" decoding=\"async\" width=\"650\" height=\"650\" src=\"https:\/\/www.entelequiacultura.com\/wp-content\/uploads\/2023\/10\/olga-650-x-650-1.jpg\" class=\"attachment-full size-full\" alt=\"\" srcset=\"https:\/\/www.entelequiacultura.com\/wp-content\/uploads\/2023\/10\/olga-650-x-650-1.jpg 650w, https:\/\/www.entelequiacultura.com\/wp-content\/uploads\/2023\/10\/olga-650-x-650-1-300x300.jpg 300w, https:\/\/www.entelequiacultura.com\/wp-content\/uploads\/2023\/10\/olga-650-x-650-1-150x150.jpg 150w, https:\/\/www.entelequiacultura.com\/wp-content\/uploads\/2023\/10\/olga-650-x-650-1-60x60.jpg 60w, https:\/\/www.entelequiacultura.com\/wp-content\/uploads\/2023\/10\/olga-650-x-650-1-43x43.jpg 43w, https:\/\/www.entelequiacultura.com\/wp-content\/uploads\/2023\/10\/olga-650-x-650-1-106x106.jpg 106w, https:\/\/www.entelequiacultura.com\/wp-content\/uploads\/2023\/10\/olga-650-x-650-1-555x555.jpg 555w, https:\/\/www.entelequiacultura.com\/wp-content\/uploads\/2023\/10\/olga-650-x-650-1-360x360.jpg 360w, https:\/\/www.entelequiacultura.com\/wp-content\/uploads\/2023\/10\/olga-650-x-650-1-262x262.jpg 262w, https:\/\/www.entelequiacultura.com\/wp-content\/uploads\/2023\/10\/olga-650-x-650-1-600x600.jpg 600w, https:\/\/www.entelequiacultura.com\/wp-content\/uploads\/2023\/10\/olga-650-x-650-1-100x100.jpg 100w\" sizes=\"(max-width: 650px) 100vw, 650px\" \/>\t\t\t\t\t<\/a>\n\t\t\t<\/div>\n\t\t<div class=\"team-member-info\">\n\t\t<h4>\n\t\t\t\t\t\t\t<a href=\"https:\/\/www.entelequiacultura.com\/ca\/olga-rodriguez\/\" title=\"Olga Rodr\u00edguez\">\n\t\t\t\t\t\t\tOlga Rodr\u00edguez\t\t\t\t\t\t\t<\/a>\n\t\t\t\t\t<\/h4>\n\t\t\t\t\t<h6 class=\"team-member-position\">PERIODISTA I ESCRIPTORA<\/h6>\n\t\t\t\t\t\t\t\t<div class=\"share-icons clearfix\">\n\t\t\t\t\t<\/div>\n\t<\/div>\n<\/div>\n<\/div><\/div>\n<div class=\"row \"><div class=\"wpv-grid grid-1-1  first unextended\" style=\"padding-top:0px;padding-bottom:0px\" id=\"wpv-column-31ffab99912f6f31a28dcfbd6a4a2e91\" ><\/div><\/div><\/div>\n<div class=\"wpv-grid grid-1-4  unextended\" style=\"padding-top:0px;padding-bottom:0px\" id=\"wpv-column-bd8b2e09d773978146732383e0c630d1\" ><div class=\"row \"><div class=\"wpv-grid grid-1-1  first unextended\" style=\"padding-top:0px;padding-bottom:0px\" id=\"wpv-column-2e196c3fdfefb52439e19aea87e9da1e\" ><div class=\"team-member\">\n\t\t<div class=\"thumbnail\">\n\t\t\t\t\t<a href=\"https:\/\/www.entelequiacultura.com\/ca\/marta-carnicero\/\" title=\"Marta Carninero\">\n\t\t\t\t\t<img loading=\"lazy\" decoding=\"async\" width=\"650\" height=\"650\" src=\"https:\/\/www.entelequiacultura.com\/wp-content\/uploads\/2024\/12\/MARTA-CARNICERO-650.jpg\" class=\"attachment-full size-full\" alt=\"\" srcset=\"https:\/\/www.entelequiacultura.com\/wp-content\/uploads\/2024\/12\/MARTA-CARNICERO-650.jpg 650w, https:\/\/www.entelequiacultura.com\/wp-content\/uploads\/2024\/12\/MARTA-CARNICERO-650-300x300.jpg 300w, https:\/\/www.entelequiacultura.com\/wp-content\/uploads\/2024\/12\/MARTA-CARNICERO-650-150x150.jpg 150w, https:\/\/www.entelequiacultura.com\/wp-content\/uploads\/2024\/12\/MARTA-CARNICERO-650-60x60.jpg 60w, https:\/\/www.entelequiacultura.com\/wp-content\/uploads\/2024\/12\/MARTA-CARNICERO-650-43x43.jpg 43w, https:\/\/www.entelequiacultura.com\/wp-content\/uploads\/2024\/12\/MARTA-CARNICERO-650-106x106.jpg 106w, https:\/\/www.entelequiacultura.com\/wp-content\/uploads\/2024\/12\/MARTA-CARNICERO-650-555x555.jpg 555w, https:\/\/www.entelequiacultura.com\/wp-content\/uploads\/2024\/12\/MARTA-CARNICERO-650-360x360.jpg 360w, https:\/\/www.entelequiacultura.com\/wp-content\/uploads\/2024\/12\/MARTA-CARNICERO-650-262x262.jpg 262w, https:\/\/www.entelequiacultura.com\/wp-content\/uploads\/2024\/12\/MARTA-CARNICERO-650-600x600.jpg 600w, https:\/\/www.entelequiacultura.com\/wp-content\/uploads\/2024\/12\/MARTA-CARNICERO-650-100x100.jpg 100w\" sizes=\"(max-width: 650px) 100vw, 650px\" \/>\t\t\t\t\t<\/a>\n\t\t\t<\/div>\n\t\t<div class=\"team-member-info\">\n\t\t<h4>\n\t\t\t\t\t\t\t<a href=\"https:\/\/www.entelequiacultura.com\/ca\/marta-carnicero\/\" title=\"Marta Carninero\">\n\t\t\t\t\t\t\tMarta Carninero\t\t\t\t\t\t\t<\/a>\n\t\t\t\t\t<\/h4>\n\t\t\t\t\t<h6 class=\"team-member-position\">ESCRIPTORA<\/h6>\n\t\t\t\t\t\t\t\t<div class=\"share-icons clearfix\">\n\t\t\t\t\t<\/div>\n\t<\/div>\n<\/div>\n<\/div><\/div>\n<div class=\"row \"><div class=\"wpv-grid grid-1-1  first unextended\" style=\"padding-top:0px;padding-bottom:0px\" id=\"wpv-column-cec6bc50a7b1d2d0bfc2bc5d2c14978a\" ><\/div><\/div><\/div><\/div>\n<div class=\"row \"><div class=\"wpv-grid grid-1-1  first unextended\" style=\"padding-top:0px;padding-bottom:0px\" id=\"wpv-column-cbbad7699ae0a11964b32bb78c0a3b9a\" ><div class=\"push\" style='height:20px'><\/div>\n<p style=\"text-align: center;\"><a href=\"https:\/\/www.entelequiacultura.com\/ca\/autors\/\">Veure tots els professors \u2192<\/a><\/div><\/div><\/div><\/div><\/div>\n<div class=\"row \"><div class=\"wpv-grid grid-1-1  wpv-first-level first extended\" style=\"padding-top:20px;padding-bottom:15px\" id=\"wpv-column-80376afca5e51830d327f717f19f5835\" ><div class=\"extended-column-inner\"><h2 class='column-title'>Allotjaments i espais<\/h2><div class=\"row \"><div class=\"wpv-grid grid-1-1  first unextended\" style=\"padding-top:0px;padding-bottom:0px\" id=\"wpv-column-42ffa9115f05513c574944c6424b934f\" ><p>Els espais que acullen les nostres trobades s\u00f3n acuradament triats per la seva qualitat, la bellesa de l&#8217;entorn, l&#8217;hospitalitat dels seus amfitrions i la seva idone\u00eftat per a afavorir l&#8217;experi\u00e8ncia compartida.<\/div><\/div>\n<div class=\"row \"><div class=\"wpv-grid grid-1-1  first unextended\" style=\"padding-top:0px;padding-bottom:0px\" id=\"wpv-column-ea11c3376cda6732b12556dd0f9e7641\" >\n<section class=\"portfolios normal clearfix title-false no-description \" id=\"6a9c13e9ead8f\">\n\t\t<div class=\"portfolio-items vamtam-cubeportfolio cbp portfolio-items cbp-slider-edge\" data-columns=\"2\" data-options=\"{&quot;layoutMode&quot;:&quot;slider&quot;,&quot;defaultFilter&quot;:&quot;*&quot;,&quot;animationType&quot;:&quot;slideDelay&quot;,&quot;gapHorizontal&quot;:30,&quot;gapVertical&quot;:30,&quot;gridAdjustment&quot;:&quot;responsive&quot;,&quot;mediaQueries&quot;:[{&quot;width&quot;:555,&quot;cols&quot;:2},{&quot;width&quot;:262.5,&quot;cols&quot;:1}],&quot;displayType&quot;:&quot;bottomToTop&quot;,&quot;displayTypeSpeed&quot;:100,&quot;showPagination&quot;:false}\" data-hidden-by-filters=\"New items were loaded, but they are hidden because of your choice of filters\">\n\t\t<div data-id=\"36056\" data-type=\"las-mesas portada-ca\" class=\"no-title no-description has-button state-closed vamtam-project cbp-item\">\n\t<div class=\"portfolio-item-wrapper\">\n\t\t\t\t<div class=\"portfolio_image\">\n\t\t\t<div class=\"thumbnail\" style=\"max-height:400px\">\n\t\t\t\t\t\t\t\t\t\t<img loading=\"lazy\" decoding=\"async\" width=\"262\" height=\"175\" src=\"https:\/\/www.entelequiacultura.com\/wp-content\/uploads\/2021\/10\/5389af70-8d25-45d1-acb4-765c551145ee-copia-262x175.jpeg\" class=\"attachment-portfolio-loop-4 size-portfolio-loop-4 wp-post-image\" alt=\"\" srcset=\"https:\/\/www.entelequiacultura.com\/wp-content\/uploads\/2021\/10\/5389af70-8d25-45d1-acb4-765c551145ee-copia-262x175.jpeg 262w, https:\/\/www.entelequiacultura.com\/wp-content\/uploads\/2021\/10\/5389af70-8d25-45d1-acb4-765c551145ee-copia-300x200.jpeg 300w, https:\/\/www.entelequiacultura.com\/wp-content\/uploads\/2021\/10\/5389af70-8d25-45d1-acb4-765c551145ee-copia-1024x684.jpeg 1024w, https:\/\/www.entelequiacultura.com\/wp-content\/uploads\/2021\/10\/5389af70-8d25-45d1-acb4-765c551145ee-copia-1140x760.jpeg 1140w, https:\/\/www.entelequiacultura.com\/wp-content\/uploads\/2021\/10\/5389af70-8d25-45d1-acb4-765c551145ee-copia-555x370.jpeg 555w, https:\/\/www.entelequiacultura.com\/wp-content\/uploads\/2021\/10\/5389af70-8d25-45d1-acb4-765c551145ee-copia-360x240.jpeg 360w, https:\/\/www.entelequiacultura.com\/wp-content\/uploads\/2021\/10\/5389af70-8d25-45d1-acb4-765c551145ee-copia-600x401.jpeg 600w, https:\/\/www.entelequiacultura.com\/wp-content\/uploads\/2021\/10\/5389af70-8d25-45d1-acb4-765c551145ee-copia.jpeg 1200w\" sizes=\"(min-width: 900px) 50vw, 100vw\" \/>\t\t\t\t\t\t\t<\/div><!-- \/ .thumbnail -->\n\t\t<\/div>\n\n\t\t\n\t\t\t\t\t<span class=\"thumbnail-overlay\">\n\t\t\t\t<span class=\"meta\">\n\t\t\t\t\t\t\t\t\t\t<div class=\"more-button \">\n\t\t\t\t\t\t<a class=\"button button-border accent1 hover-accent1  vamtam-lightbox image\" target=\"_self\" href=\"https:\/\/www.entelequiacultura.com\/wp-content\/uploads\/2021\/10\/5389af70-8d25-45d1-acb4-765c551145ee-copia.jpeg\"  rel=\"portfolio_823\">\n\t\t\t\t\t\t\tAmpliar\t\t\t\t\t\t<\/a>\n\t\t\t\t\t<\/div>\n\t\t\t\t\t\t\t\t\t<\/span>\n\t\t\t<\/span>\n\t\t\t\t\t\t<\/div>\n<\/div><div data-id=\"37403\" data-type=\"camos-ca portada-ca-2 portada-ca\" class=\"no-title no-description has-button state-closed vamtam-project cbp-item\">\n\t<div class=\"portfolio-item-wrapper\">\n\t\t\t\t<div class=\"portfolio_image\">\n\t\t\t<div class=\"thumbnail\" style=\"max-height:400px\">\n\t\t\t\t\t\t\t\t\t\t<img loading=\"lazy\" decoding=\"async\" width=\"262\" height=\"175\" src=\"https:\/\/www.entelequiacultura.com\/wp-content\/uploads\/2022\/10\/CAMOS-262x175.jpg\" class=\"attachment-portfolio-loop-4 size-portfolio-loop-4 wp-post-image\" alt=\"\" srcset=\"https:\/\/www.entelequiacultura.com\/wp-content\/uploads\/2022\/10\/CAMOS-262x175.jpg 262w, https:\/\/www.entelequiacultura.com\/wp-content\/uploads\/2022\/10\/CAMOS-300x200.jpg 300w, https:\/\/www.entelequiacultura.com\/wp-content\/uploads\/2022\/10\/CAMOS-1024x683.jpg 1024w, https:\/\/www.entelequiacultura.com\/wp-content\/uploads\/2022\/10\/CAMOS-1536x1024.jpg 1536w, https:\/\/www.entelequiacultura.com\/wp-content\/uploads\/2022\/10\/CAMOS-2048x1365.jpg 2048w, https:\/\/www.entelequiacultura.com\/wp-content\/uploads\/2022\/10\/CAMOS-1140x760.jpg 1140w, https:\/\/www.entelequiacultura.com\/wp-content\/uploads\/2022\/10\/CAMOS-555x370.jpg 555w, https:\/\/www.entelequiacultura.com\/wp-content\/uploads\/2022\/10\/CAMOS-360x240.jpg 360w, https:\/\/www.entelequiacultura.com\/wp-content\/uploads\/2022\/10\/CAMOS-600x400.jpg 600w\" sizes=\"(min-width: 900px) 50vw, 100vw\" \/>\t\t\t\t\t\t\t<\/div><!-- \/ .thumbnail -->\n\t\t<\/div>\n\n\t\t\n\t\t\t\t\t<span class=\"thumbnail-overlay\">\n\t\t\t\t<span class=\"meta\">\n\t\t\t\t\t\t\t\t\t\t<div class=\"more-button \">\n\t\t\t\t\t\t<a class=\"button button-border accent1 hover-accent1  vamtam-lightbox image\" target=\"_self\" href=\"https:\/\/www.entelequiacultura.com\/wp-content\/uploads\/2022\/10\/CAMOS-scaled.jpg\"  rel=\"portfolio_823\">\n\t\t\t\t\t\t\tAmpliar\t\t\t\t\t\t<\/a>\n\t\t\t\t\t<\/div>\n\t\t\t\t\t\t\t\t\t<\/span>\n\t\t\t<\/span>\n\t\t\t\t\t\t<\/div>\n<\/div><div data-id=\"35218\" data-type=\"can-sagnari-ca portada-ca\" class=\"no-title no-description has-button state-closed vamtam-project cbp-item\">\n\t<div class=\"portfolio-item-wrapper\">\n\t\t\t\t<div class=\"portfolio_image\">\n\t\t\t<div class=\"thumbnail\" style=\"max-height:400px\">\n\t\t\t\t\t\t\t\t\t\t<img loading=\"lazy\" decoding=\"async\" width=\"262\" height=\"175\" src=\"https:\/\/www.entelequiacultura.com\/wp-content\/uploads\/2021\/12\/can-sagnari-262x175.jpg\" class=\"attachment-portfolio-loop-4 size-portfolio-loop-4 wp-post-image\" alt=\"\" srcset=\"https:\/\/www.entelequiacultura.com\/wp-content\/uploads\/2021\/12\/can-sagnari-262x175.jpg 262w, https:\/\/www.entelequiacultura.com\/wp-content\/uploads\/2021\/12\/can-sagnari-1140x760.jpg 1140w, https:\/\/www.entelequiacultura.com\/wp-content\/uploads\/2021\/12\/can-sagnari-555x370.jpg 555w, https:\/\/www.entelequiacultura.com\/wp-content\/uploads\/2021\/12\/can-sagnari-360x240.jpg 360w\" sizes=\"(min-width: 900px) 50vw, 100vw\" \/>\t\t\t\t\t\t\t<\/div><!-- \/ .thumbnail -->\n\t\t<\/div>\n\n\t\t\n\t\t\t\t\t<span class=\"thumbnail-overlay\">\n\t\t\t\t<span class=\"meta\">\n\t\t\t\t\t\t\t\t\t\t<div class=\"more-button \">\n\t\t\t\t\t\t<a class=\"button button-border accent1 hover-accent1  vamtam-lightbox image\" target=\"_self\" href=\"https:\/\/www.entelequiacultura.com\/wp-content\/uploads\/2021\/12\/can-sagnari-scaled.jpg\"  rel=\"portfolio_823\">\n\t\t\t\t\t\t\tAmpliar\t\t\t\t\t\t<\/a>\n\t\t\t\t\t<\/div>\n\t\t\t\t\t\t\t\t\t<\/span>\n\t\t\t<\/span>\n\t\t\t\t\t\t<\/div>\n<\/div><div data-id=\"34815\" data-type=\"mas-juli-2 portada-ca\" class=\"no-title no-description has-button state-closed vamtam-project cbp-item\">\n\t<div class=\"portfolio-item-wrapper\">\n\t\t\t\t<div class=\"portfolio_image\">\n\t\t\t<div class=\"thumbnail\" style=\"max-height:400px\">\n\t\t\t\t\t\t\t\t\t\t<img loading=\"lazy\" decoding=\"async\" width=\"262\" height=\"175\" src=\"https:\/\/www.entelequiacultura.com\/wp-content\/uploads\/2021\/04\/mas-juli-fachada-262x175.jpg\" class=\"attachment-portfolio-loop-4 size-portfolio-loop-4 wp-post-image\" alt=\"\" srcset=\"https:\/\/www.entelequiacultura.com\/wp-content\/uploads\/2021\/04\/mas-juli-fachada-262x175.jpg 262w, https:\/\/www.entelequiacultura.com\/wp-content\/uploads\/2021\/04\/mas-juli-fachada-555x370.jpg 555w, https:\/\/www.entelequiacultura.com\/wp-content\/uploads\/2021\/04\/mas-juli-fachada-360x240.jpg 360w\" sizes=\"(min-width: 900px) 50vw, 100vw\" \/>\t\t\t\t\t\t\t<\/div><!-- \/ .thumbnail -->\n\t\t<\/div>\n\n\t\t\n\t\t\t\t\t<span class=\"thumbnail-overlay\">\n\t\t\t\t<span class=\"meta\">\n\t\t\t\t\t\t\t\t\t\t<div class=\"more-button \">\n\t\t\t\t\t\t<a class=\"button button-border accent1 hover-accent1  vamtam-lightbox image\" target=\"_self\" href=\"https:\/\/www.entelequiacultura.com\/wp-content\/uploads\/2021\/04\/mas-juli-fachada.jpg\"  rel=\"portfolio_823\">\n\t\t\t\t\t\t\tAmpliar\t\t\t\t\t\t<\/a>\n\t\t\t\t\t<\/div>\n\t\t\t\t\t\t\t\t\t<\/span>\n\t\t\t<\/span>\n\t\t\t\t\t\t<\/div>\n<\/div><div data-id=\"34732\" data-type=\"ad-hoc hotel-diana-ca portada-ca\" class=\"no-title no-description has-button state-closed vamtam-project cbp-item\">\n\t<div class=\"portfolio-item-wrapper\">\n\t\t\t\t<div class=\"portfolio_image\">\n\t\t\t<div class=\"thumbnail\" style=\"max-height:400px\">\n\t\t\t\t\t\t\t\t\t\t<img loading=\"lazy\" decoding=\"async\" width=\"262\" height=\"175\" src=\"https:\/\/www.entelequiacultura.com\/wp-content\/uploads\/2020\/10\/20201021_133256-262x175.jpg\" class=\"attachment-portfolio-loop-4 size-portfolio-loop-4 wp-post-image\" alt=\"\" srcset=\"https:\/\/www.entelequiacultura.com\/wp-content\/uploads\/2020\/10\/20201021_133256-262x175.jpg 262w, https:\/\/www.entelequiacultura.com\/wp-content\/uploads\/2020\/10\/20201021_133256-555x370.jpg 555w, https:\/\/www.entelequiacultura.com\/wp-content\/uploads\/2020\/10\/20201021_133256-360x240.jpg 360w\" sizes=\"(min-width: 900px) 50vw, 100vw\" \/>\t\t\t\t\t\t\t<\/div><!-- \/ .thumbnail -->\n\t\t<\/div>\n\n\t\t\n\t\t\t\t\t<span class=\"thumbnail-overlay\">\n\t\t\t\t<span class=\"meta\">\n\t\t\t\t\t\t\t\t\t\t<div class=\"more-button \">\n\t\t\t\t\t\t<a class=\"button button-border accent1 hover-accent1  vamtam-lightbox image\" target=\"_self\" href=\"https:\/\/www.entelequiacultura.com\/wp-content\/uploads\/2020\/10\/20201021_133256.jpg\"  rel=\"portfolio_823\">\n\t\t\t\t\t\t\tAmpliar\t\t\t\t\t\t<\/a>\n\t\t\t\t\t<\/div>\n\t\t\t\t\t\t\t\t\t<\/span>\n\t\t\t<\/span>\n\t\t\t\t\t\t<\/div>\n<\/div><div data-id=\"34731\" data-type=\"hotel-diana-ca hotel-diana-ca-2 hotel-diana-ca-3 portada-ca\" class=\"no-title no-description has-button state-closed vamtam-project cbp-item\">\n\t<div class=\"portfolio-item-wrapper\">\n\t\t\t\t<div class=\"portfolio_image\">\n\t\t\t<div class=\"thumbnail\" style=\"max-height:400px\">\n\t\t\t\t\t\t\t\t\t\t<img loading=\"lazy\" decoding=\"async\" width=\"262\" height=\"175\" src=\"https:\/\/www.entelequiacultura.com\/wp-content\/uploads\/2020\/10\/20201016_121227-262x175.jpg\" class=\"attachment-portfolio-loop-4 size-portfolio-loop-4 wp-post-image\" alt=\"\" srcset=\"https:\/\/www.entelequiacultura.com\/wp-content\/uploads\/2020\/10\/20201016_121227-262x175.jpg 262w, https:\/\/www.entelequiacultura.com\/wp-content\/uploads\/2020\/10\/20201016_121227-1140x760.jpg 1140w, https:\/\/www.entelequiacultura.com\/wp-content\/uploads\/2020\/10\/20201016_121227-555x370.jpg 555w, https:\/\/www.entelequiacultura.com\/wp-content\/uploads\/2020\/10\/20201016_121227-360x240.jpg 360w\" sizes=\"(min-width: 900px) 50vw, 100vw\" \/>\t\t\t\t\t\t\t<\/div><!-- \/ .thumbnail -->\n\t\t<\/div>\n\n\t\t\n\t\t\t\t\t<span class=\"thumbnail-overlay\">\n\t\t\t\t<span class=\"meta\">\n\t\t\t\t\t\t\t\t\t\t<div class=\"more-button \">\n\t\t\t\t\t\t<a class=\"button button-border accent1 hover-accent1  vamtam-lightbox image\" target=\"_self\" href=\"https:\/\/www.entelequiacultura.com\/wp-content\/uploads\/2020\/10\/20201016_121227-scaled.jpg\"  rel=\"portfolio_823\">\n\t\t\t\t\t\t\tAmpliar\t\t\t\t\t\t<\/a>\n\t\t\t\t\t<\/div>\n\t\t\t\t\t\t\t\t\t<\/span>\n\t\t\t<\/span>\n\t\t\t\t\t\t<\/div>\n<\/div><div data-id=\"31418\" data-type=\"portada-ca trobades\" class=\"no-title no-description has-button state-closed vamtam-project cbp-item\">\n\t<div class=\"portfolio-item-wrapper\">\n\t\t\t\t<div class=\"portfolio_image\">\n\t\t\t<div class=\"thumbnail\" style=\"max-height:400px\">\n\t\t\t\t\t\t\t\t\t\t<img loading=\"lazy\" decoding=\"async\" width=\"262\" height=\"175\" src=\"https:\/\/www.entelequiacultura.com\/wp-content\/uploads\/2019\/11\/amanece-262x175.jpg\" class=\"attachment-portfolio-loop-4 size-portfolio-loop-4 wp-post-image\" alt=\"\" srcset=\"https:\/\/www.entelequiacultura.com\/wp-content\/uploads\/2019\/11\/amanece-262x175.jpg 262w, https:\/\/www.entelequiacultura.com\/wp-content\/uploads\/2019\/11\/amanece-300x202.jpg 300w, https:\/\/www.entelequiacultura.com\/wp-content\/uploads\/2019\/11\/amanece-555x370.jpg 555w, https:\/\/www.entelequiacultura.com\/wp-content\/uploads\/2019\/11\/amanece-360x240.jpg 360w\" sizes=\"(min-width: 900px) 50vw, 100vw\" \/>\t\t\t\t\t\t\t<\/div><!-- \/ .thumbnail -->\n\t\t<\/div>\n\n\t\t\n\t\t\t\t\t<span class=\"thumbnail-overlay\">\n\t\t\t\t<span class=\"meta\">\n\t\t\t\t\t\t\t\t\t\t<div class=\"more-button \">\n\t\t\t\t\t\t<a class=\"button button-border accent1 hover-accent1  vamtam-lightbox image\" target=\"_self\" href=\"https:\/\/www.entelequiacultura.com\/wp-content\/uploads\/2019\/11\/amanece.jpg\"  rel=\"portfolio_823\">\n\t\t\t\t\t\t\tAmpliar\t\t\t\t\t\t<\/a>\n\t\t\t\t\t<\/div>\n\t\t\t\t\t\t\t\t\t<\/span>\n\t\t\t<\/span>\n\t\t\t\t\t\t<\/div>\n<\/div><div data-id=\"30824\" data-type=\"portada-ca trobades\" class=\"no-title no-description has-button state-closed vamtam-project cbp-item\">\n\t<div class=\"portfolio-item-wrapper\">\n\t\t\t\t<div class=\"portfolio_image\">\n\t\t\t<div class=\"thumbnail\" style=\"max-height:400px\">\n\t\t\t\t\t\t\t\t\t\t<img loading=\"lazy\" decoding=\"async\" width=\"262\" height=\"175\" src=\"https:\/\/www.entelequiacultura.com\/wp-content\/uploads\/2019\/06\/IMG_20190609_183407_244-262x175.jpg\" class=\"attachment-portfolio-loop-4 size-portfolio-loop-4 wp-post-image\" alt=\"\" srcset=\"https:\/\/www.entelequiacultura.com\/wp-content\/uploads\/2019\/06\/IMG_20190609_183407_244-262x175.jpg 262w, https:\/\/www.entelequiacultura.com\/wp-content\/uploads\/2019\/06\/IMG_20190609_183407_244-1140x760.jpg 1140w, https:\/\/www.entelequiacultura.com\/wp-content\/uploads\/2019\/06\/IMG_20190609_183407_244-555x370.jpg 555w, https:\/\/www.entelequiacultura.com\/wp-content\/uploads\/2019\/06\/IMG_20190609_183407_244-360x240.jpg 360w\" sizes=\"(min-width: 900px) 50vw, 100vw\" \/>\t\t\t\t\t\t\t<\/div><!-- \/ .thumbnail -->\n\t\t<\/div>\n\n\t\t\n\t\t\t\t\t<span class=\"thumbnail-overlay\">\n\t\t\t\t<span class=\"meta\">\n\t\t\t\t\t\t\t\t\t\t<div class=\"more-button \">\n\t\t\t\t\t\t<a class=\"button button-border accent1 hover-accent1  vamtam-lightbox image\" target=\"_self\" href=\"https:\/\/www.entelequiacultura.com\/wp-content\/uploads\/2019\/06\/IMG_20190609_183407_244.jpg\"  rel=\"portfolio_823\">\n\t\t\t\t\t\t\tAmpliar\t\t\t\t\t\t<\/a>\n\t\t\t\t\t<\/div>\n\t\t\t\t\t\t\t\t\t<\/span>\n\t\t\t<\/span>\n\t\t\t\t\t\t<\/div>\n<\/div><div data-id=\"29126\" data-type=\"allotjaments hotel-diana-ca-2 hotel-diana-ca-3 hotel-diana-ca portada-ca\" class=\"no-title no-description has-button state-closed vamtam-project cbp-item\">\n\t<div class=\"portfolio-item-wrapper\">\n\t\t\t\t<div class=\"portfolio_image\">\n\t\t\t<div class=\"thumbnail\" style=\"max-height:400px\">\n\t\t\t\t\t\t\t\t\t\t<img loading=\"lazy\" decoding=\"async\" width=\"262\" height=\"175\" src=\"https:\/\/www.entelequiacultura.com\/wp-content\/uploads\/2019\/03\/20190206_112050-262x175.jpg\" class=\"attachment-portfolio-loop-4 size-portfolio-loop-4 wp-post-image\" alt=\"\" srcset=\"https:\/\/www.entelequiacultura.com\/wp-content\/uploads\/2019\/03\/20190206_112050-262x175.jpg 262w, https:\/\/www.entelequiacultura.com\/wp-content\/uploads\/2019\/03\/20190206_112050-1140x760.jpg 1140w, https:\/\/www.entelequiacultura.com\/wp-content\/uploads\/2019\/03\/20190206_112050-555x370.jpg 555w, https:\/\/www.entelequiacultura.com\/wp-content\/uploads\/2019\/03\/20190206_112050-360x240.jpg 360w\" sizes=\"(min-width: 900px) 50vw, 100vw\" \/>\t\t\t\t\t\t\t<\/div><!-- \/ .thumbnail -->\n\t\t<\/div>\n\n\t\t\n\t\t\t\t\t<span class=\"thumbnail-overlay\">\n\t\t\t\t<span class=\"meta\">\n\t\t\t\t\t\t\t\t\t\t<div class=\"more-button \">\n\t\t\t\t\t\t<a class=\"button button-border accent1 hover-accent1  vamtam-lightbox image\" target=\"_self\" href=\"https:\/\/www.entelequiacultura.com\/wp-content\/uploads\/2019\/03\/20190206_112050.jpg\"  rel=\"portfolio_823\">\n\t\t\t\t\t\t\tAmpliar\t\t\t\t\t\t<\/a>\n\t\t\t\t\t<\/div>\n\t\t\t\t\t\t\t\t\t<\/span>\n\t\t\t<\/span>\n\t\t\t\t\t\t<\/div>\n<\/div><div data-id=\"29117\" data-type=\"ad-hoc portada-ca trobades\" class=\"no-title no-description has-button state-closed vamtam-project cbp-item\">\n\t<div class=\"portfolio-item-wrapper\">\n\t\t\t\t<div class=\"portfolio_image\">\n\t\t\t<div class=\"thumbnail\" style=\"max-height:400px\">\n\t\t\t\t\t\t\t\t\t\t<img loading=\"lazy\" decoding=\"async\" width=\"262\" height=\"175\" src=\"https:\/\/www.entelequiacultura.com\/wp-content\/uploads\/2018\/07\/hotel-262x175.jpg\" class=\"attachment-portfolio-loop-4 size-portfolio-loop-4 wp-post-image\" alt=\"\" srcset=\"https:\/\/www.entelequiacultura.com\/wp-content\/uploads\/2018\/07\/hotel-262x175.jpg 262w, https:\/\/www.entelequiacultura.com\/wp-content\/uploads\/2018\/07\/hotel-555x370.jpg 555w, https:\/\/www.entelequiacultura.com\/wp-content\/uploads\/2018\/07\/hotel-360x240.jpg 360w\" sizes=\"(min-width: 900px) 50vw, 100vw\" \/>\t\t\t\t\t\t\t<\/div><!-- \/ .thumbnail -->\n\t\t<\/div>\n\n\t\t\n\t\t\t\t\t<span class=\"thumbnail-overlay\">\n\t\t\t\t<span class=\"meta\">\n\t\t\t\t\t\t\t\t\t\t<div class=\"more-button \">\n\t\t\t\t\t\t<a class=\"button button-border accent1 hover-accent1  vamtam-lightbox image\" target=\"_self\" href=\"https:\/\/www.entelequiacultura.com\/wp-content\/uploads\/2018\/07\/hotel.jpg\"  rel=\"portfolio_823\">\n\t\t\t\t\t\t\tAmpliar\t\t\t\t\t\t<\/a>\n\t\t\t\t\t<\/div>\n\t\t\t\t\t\t\t\t\t<\/span>\n\t\t\t<\/span>\n\t\t\t\t\t\t<\/div>\n<\/div><div data-id=\"29084\" data-type=\"allotjaments portada-ca\" class=\"no-title no-description has-button state-closed vamtam-project cbp-item\">\n\t<div class=\"portfolio-item-wrapper\">\n\t\t\t\t<div class=\"portfolio_image\">\n\t\t\t<div class=\"thumbnail\" style=\"max-height:400px\">\n\t\t\t\t\t\t\t\t\t\t<img loading=\"lazy\" decoding=\"async\" width=\"262\" height=\"175\" src=\"https:\/\/www.entelequiacultura.com\/wp-content\/uploads\/2018\/08\/20180629_193504-copia-262x175.jpg\" class=\"attachment-portfolio-loop-4 size-portfolio-loop-4 wp-post-image\" alt=\"\" srcset=\"https:\/\/www.entelequiacultura.com\/wp-content\/uploads\/2018\/08\/20180629_193504-copia-262x175.jpg 262w, https:\/\/www.entelequiacultura.com\/wp-content\/uploads\/2018\/08\/20180629_193504-copia-360x240.jpg 360w\" sizes=\"(min-width: 900px) 50vw, 100vw\" \/>\t\t\t\t\t\t\t<\/div><!-- \/ .thumbnail -->\n\t\t<\/div>\n\n\t\t\n\t\t\t\t\t<span class=\"thumbnail-overlay\">\n\t\t\t\t<span class=\"meta\">\n\t\t\t\t\t\t\t\t\t\t<div class=\"more-button \">\n\t\t\t\t\t\t<a class=\"button button-border accent1 hover-accent1  vamtam-lightbox image\" target=\"_self\" href=\"https:\/\/www.entelequiacultura.com\/wp-content\/uploads\/2018\/08\/20180629_193504-copia.jpg\"  rel=\"portfolio_823\">\n\t\t\t\t\t\t\tAmpliar\t\t\t\t\t\t<\/a>\n\t\t\t\t\t<\/div>\n\t\t\t\t\t\t\t\t\t<\/span>\n\t\t\t<\/span>\n\t\t\t\t\t\t<\/div>\n<\/div><div data-id=\"29082\" data-type=\"ad-hoc allotjaments portada-ca\" class=\"no-title no-description has-button state-closed vamtam-project cbp-item\">\n\t<div class=\"portfolio-item-wrapper\">\n\t\t\t\t<div class=\"portfolio_image\">\n\t\t\t<div class=\"thumbnail\" style=\"max-height:400px\">\n\t\t\t\t\t\t\t\t\t\t<img loading=\"lazy\" decoding=\"async\" width=\"262\" height=\"175\" src=\"https:\/\/www.entelequiacultura.com\/wp-content\/uploads\/2018\/04\/272996_198202610227703_4486184_o-262x175.jpg\" class=\"attachment-portfolio-loop-4 size-portfolio-loop-4 wp-post-image\" alt=\"\" srcset=\"https:\/\/www.entelequiacultura.com\/wp-content\/uploads\/2018\/04\/272996_198202610227703_4486184_o-262x175.jpg 262w, https:\/\/www.entelequiacultura.com\/wp-content\/uploads\/2018\/04\/272996_198202610227703_4486184_o-300x200.jpg 300w, https:\/\/www.entelequiacultura.com\/wp-content\/uploads\/2018\/04\/272996_198202610227703_4486184_o-768x511.jpg 768w, https:\/\/www.entelequiacultura.com\/wp-content\/uploads\/2018\/04\/272996_198202610227703_4486184_o-555x370.jpg 555w, https:\/\/www.entelequiacultura.com\/wp-content\/uploads\/2018\/04\/272996_198202610227703_4486184_o-360x240.jpg 360w, https:\/\/www.entelequiacultura.com\/wp-content\/uploads\/2018\/04\/272996_198202610227703_4486184_o-600x400.jpg 600w, https:\/\/www.entelequiacultura.com\/wp-content\/uploads\/2018\/04\/272996_198202610227703_4486184_o.jpg 1021w\" sizes=\"(min-width: 900px) 50vw, 100vw\" \/>\t\t\t\t\t\t\t<\/div><!-- \/ .thumbnail -->\n\t\t<\/div>\n\n\t\t\n\t\t\t\t\t<span class=\"thumbnail-overlay\">\n\t\t\t\t<span class=\"meta\">\n\t\t\t\t\t\t\t\t\t\t<div class=\"more-button \">\n\t\t\t\t\t\t<a class=\"button button-border accent1 hover-accent1  vamtam-lightbox image\" target=\"_self\" href=\"https:\/\/www.entelequiacultura.com\/wp-content\/uploads\/2018\/04\/272996_198202610227703_4486184_o.jpg\"  rel=\"portfolio_823\">\n\t\t\t\t\t\t\tAmpliar\t\t\t\t\t\t<\/a>\n\t\t\t\t\t<\/div>\n\t\t\t\t\t\t\t\t\t<\/span>\n\t\t\t<\/span>\n\t\t\t\t\t\t<\/div>\n<\/div><div data-id=\"29080\" data-type=\"allotjaments portada-ca\" class=\"no-title no-description has-button state-closed vamtam-project cbp-item\">\n\t<div class=\"portfolio-item-wrapper\">\n\t\t\t\t<div class=\"portfolio_image\">\n\t\t\t<div class=\"thumbnail\" style=\"max-height:400px\">\n\t\t\t\t\t\t\t\t\t\t<img loading=\"lazy\" decoding=\"async\" width=\"262\" height=\"175\" src=\"https:\/\/www.entelequiacultura.com\/wp-content\/uploads\/2018\/04\/535798_483328758381752_879637208_n-262x175.jpg\" class=\"attachment-portfolio-loop-4 size-portfolio-loop-4 wp-post-image\" alt=\"\" srcset=\"https:\/\/www.entelequiacultura.com\/wp-content\/uploads\/2018\/04\/535798_483328758381752_879637208_n-262x175.jpg 262w, https:\/\/www.entelequiacultura.com\/wp-content\/uploads\/2018\/04\/535798_483328758381752_879637208_n-555x370.jpg 555w, https:\/\/www.entelequiacultura.com\/wp-content\/uploads\/2018\/04\/535798_483328758381752_879637208_n-360x240.jpg 360w\" sizes=\"(min-width: 900px) 50vw, 100vw\" \/>\t\t\t\t\t\t\t<\/div><!-- \/ .thumbnail -->\n\t\t<\/div>\n\n\t\t\n\t\t\t\t\t<span class=\"thumbnail-overlay\">\n\t\t\t\t<span class=\"meta\">\n\t\t\t\t\t\t\t\t\t\t<div class=\"more-button \">\n\t\t\t\t\t\t<a class=\"button button-border accent1 hover-accent1  vamtam-lightbox image\" target=\"_self\" href=\"https:\/\/www.entelequiacultura.com\/wp-content\/uploads\/2018\/04\/535798_483328758381752_879637208_n.jpg\"  rel=\"portfolio_823\">\n\t\t\t\t\t\t\tAmpliar\t\t\t\t\t\t<\/a>\n\t\t\t\t\t<\/div>\n\t\t\t\t\t\t\t\t\t<\/span>\n\t\t\t<\/span>\n\t\t\t\t\t\t<\/div>\n<\/div><div data-id=\"29072\" data-type=\"allotjaments portada-ca\" class=\"no-title no-description has-button state-closed vamtam-project cbp-item\">\n\t<div class=\"portfolio-item-wrapper\">\n\t\t\t\t<div class=\"portfolio_image\">\n\t\t\t<div class=\"thumbnail\" style=\"max-height:400px\">\n\t\t\t\t\t\t\t\t\t\t<img loading=\"lazy\" decoding=\"async\" width=\"262\" height=\"175\" src=\"https:\/\/www.entelequiacultura.com\/wp-content\/uploads\/2018\/08\/jardin-e1533926836367-262x175.jpg\" class=\"attachment-portfolio-loop-4 size-portfolio-loop-4 wp-post-image\" alt=\"\" srcset=\"https:\/\/www.entelequiacultura.com\/wp-content\/uploads\/2018\/08\/jardin-e1533926836367-262x175.jpg 262w, https:\/\/www.entelequiacultura.com\/wp-content\/uploads\/2018\/08\/jardin-e1533926836367-555x370.jpg 555w, https:\/\/www.entelequiacultura.com\/wp-content\/uploads\/2018\/08\/jardin-e1533926836367-360x240.jpg 360w\" sizes=\"(min-width: 900px) 50vw, 100vw\" \/>\t\t\t\t\t\t\t<\/div><!-- \/ .thumbnail -->\n\t\t<\/div>\n\n\t\t\n\t\t\t\t\t<span class=\"thumbnail-overlay\">\n\t\t\t\t<span class=\"meta\">\n\t\t\t\t\t\t\t\t\t\t<div class=\"more-button \">\n\t\t\t\t\t\t<a class=\"button button-border accent1 hover-accent1  vamtam-lightbox image\" target=\"_self\" href=\"https:\/\/www.entelequiacultura.com\/wp-content\/uploads\/2018\/08\/jardin-e1533926836367.jpg\"  rel=\"portfolio_823\">\n\t\t\t\t\t\t\tAmpliar\t\t\t\t\t\t<\/a>\n\t\t\t\t\t<\/div>\n\t\t\t\t\t\t\t\t\t<\/span>\n\t\t\t<\/span>\n\t\t\t\t\t\t<\/div>\n<\/div><div data-id=\"29071\" data-type=\"ad-hoc allotjaments portada-ca\" class=\"no-title no-description has-button state-closed vamtam-project cbp-item\">\n\t<div class=\"portfolio-item-wrapper\">\n\t\t\t\t<div class=\"portfolio_image\">\n\t\t\t<div class=\"thumbnail\" style=\"max-height:400px\">\n\t\t\t\t\t\t\t\t\t\t<img loading=\"lazy\" decoding=\"async\" width=\"262\" height=\"175\" src=\"https:\/\/www.entelequiacultura.com\/wp-content\/uploads\/2018\/08\/casa-by-Rita-262x175.jpg\" class=\"attachment-portfolio-loop-4 size-portfolio-loop-4 wp-post-image\" alt=\"\" srcset=\"https:\/\/www.entelequiacultura.com\/wp-content\/uploads\/2018\/08\/casa-by-Rita-262x175.jpg 262w, https:\/\/www.entelequiacultura.com\/wp-content\/uploads\/2018\/08\/casa-by-Rita-1140x760.jpg 1140w, https:\/\/www.entelequiacultura.com\/wp-content\/uploads\/2018\/08\/casa-by-Rita-555x370.jpg 555w, https:\/\/www.entelequiacultura.com\/wp-content\/uploads\/2018\/08\/casa-by-Rita-360x240.jpg 360w\" sizes=\"(min-width: 900px) 50vw, 100vw\" \/>\t\t\t\t\t\t\t<\/div><!-- \/ .thumbnail -->\n\t\t<\/div>\n\n\t\t\n\t\t\t\t\t<span class=\"thumbnail-overlay\">\n\t\t\t\t<span class=\"meta\">\n\t\t\t\t\t\t\t\t\t\t<div class=\"more-button \">\n\t\t\t\t\t\t<a class=\"button button-border accent1 hover-accent1  vamtam-lightbox image\" target=\"_self\" href=\"https:\/\/www.entelequiacultura.com\/wp-content\/uploads\/2018\/08\/casa-by-Rita.jpg\"  rel=\"portfolio_823\">\n\t\t\t\t\t\t\tAmpliar\t\t\t\t\t\t<\/a>\n\t\t\t\t\t<\/div>\n\t\t\t\t\t\t\t\t\t<\/span>\n\t\t\t<\/span>\n\t\t\t\t\t\t<\/div>\n<\/div><div data-id=\"29068\" data-type=\"allotjaments portada-ca\" class=\"no-title no-description has-button state-closed vamtam-project cbp-item\">\n\t<div class=\"portfolio-item-wrapper\">\n\t\t\t\t<div class=\"portfolio_image\">\n\t\t\t<div class=\"thumbnail\" style=\"max-height:400px\">\n\t\t\t\t\t\t\t\t\t\t<img loading=\"lazy\" decoding=\"async\" width=\"262\" height=\"175\" src=\"https:\/\/www.entelequiacultura.com\/wp-content\/uploads\/2018\/01\/20171107_110127-1024x768-1-262x175.jpg\" class=\"attachment-portfolio-loop-4 size-portfolio-loop-4 wp-post-image\" alt=\"\" srcset=\"https:\/\/www.entelequiacultura.com\/wp-content\/uploads\/2018\/01\/20171107_110127-1024x768-1-262x175.jpg 262w, https:\/\/www.entelequiacultura.com\/wp-content\/uploads\/2018\/01\/20171107_110127-1024x768-1-555x370.jpg 555w, https:\/\/www.entelequiacultura.com\/wp-content\/uploads\/2018\/01\/20171107_110127-1024x768-1-360x240.jpg 360w\" sizes=\"(min-width: 900px) 50vw, 100vw\" \/>\t\t\t\t\t\t\t<\/div><!-- \/ .thumbnail -->\n\t\t<\/div>\n\n\t\t\n\t\t\t\t\t<span class=\"thumbnail-overlay\">\n\t\t\t\t<span class=\"meta\">\n\t\t\t\t\t\t\t\t\t\t<div class=\"more-button \">\n\t\t\t\t\t\t<a class=\"button button-border accent1 hover-accent1  vamtam-lightbox image\" target=\"_self\" href=\"https:\/\/www.entelequiacultura.com\/wp-content\/uploads\/2018\/01\/20171107_110127-1024x768-1.jpg\"  rel=\"portfolio_823\">\n\t\t\t\t\t\t\tAmpliar\t\t\t\t\t\t<\/a>\n\t\t\t\t\t<\/div>\n\t\t\t\t\t\t\t\t\t<\/span>\n\t\t\t<\/span>\n\t\t\t\t\t\t<\/div>\n<\/div><div data-id=\"29067\" data-type=\"allotjaments portada-ca\" class=\"no-title no-description has-button state-closed vamtam-project cbp-item\">\n\t<div class=\"portfolio-item-wrapper\">\n\t\t\t\t<div class=\"portfolio_image\">\n\t\t\t<div class=\"thumbnail\" style=\"max-height:400px\">\n\t\t\t\t\t\t\t\t\t\t<img loading=\"lazy\" decoding=\"async\" width=\"262\" height=\"175\" src=\"https:\/\/www.entelequiacultura.com\/wp-content\/uploads\/2018\/01\/20171107_112415-1024x768-262x175.jpg\" class=\"attachment-portfolio-loop-4 size-portfolio-loop-4 wp-post-image\" alt=\"\" srcset=\"https:\/\/www.entelequiacultura.com\/wp-content\/uploads\/2018\/01\/20171107_112415-1024x768-262x175.jpg 262w, https:\/\/www.entelequiacultura.com\/wp-content\/uploads\/2018\/01\/20171107_112415-1024x768-555x370.jpg 555w, https:\/\/www.entelequiacultura.com\/wp-content\/uploads\/2018\/01\/20171107_112415-1024x768-360x240.jpg 360w\" sizes=\"(min-width: 900px) 50vw, 100vw\" \/>\t\t\t\t\t\t\t<\/div><!-- \/ .thumbnail -->\n\t\t<\/div>\n\n\t\t\n\t\t\t\t\t<span class=\"thumbnail-overlay\">\n\t\t\t\t<span class=\"meta\">\n\t\t\t\t\t\t\t\t\t\t<div class=\"more-button \">\n\t\t\t\t\t\t<a class=\"button button-border accent1 hover-accent1  vamtam-lightbox image\" target=\"_self\" href=\"https:\/\/www.entelequiacultura.com\/wp-content\/uploads\/2018\/01\/20171107_112415-1024x768.jpg\"  rel=\"portfolio_823\">\n\t\t\t\t\t\t\tAmpliar\t\t\t\t\t\t<\/a>\n\t\t\t\t\t<\/div>\n\t\t\t\t\t\t\t\t\t<\/span>\n\t\t\t<\/span>\n\t\t\t\t\t\t<\/div>\n<\/div><div data-id=\"34814\" data-type=\"mas-juli-2 portada-ca\" class=\"no-title no-description has-button state-closed vamtam-project cbp-item\">\n\t<div class=\"portfolio-item-wrapper\">\n\t\t\t\t<div class=\"portfolio_image\">\n\t\t\t<div class=\"thumbnail\" style=\"max-height:400px\">\n\t\t\t\t\t\t\t\t\t\t<img loading=\"lazy\" decoding=\"async\" width=\"262\" height=\"175\" src=\"https:\/\/www.entelequiacultura.com\/wp-content\/uploads\/2021\/04\/mas-juli-piscina-262x175.jpg\" class=\"attachment-portfolio-loop-4 size-portfolio-loop-4 wp-post-image\" alt=\"\" srcset=\"https:\/\/www.entelequiacultura.com\/wp-content\/uploads\/2021\/04\/mas-juli-piscina-262x175.jpg 262w, https:\/\/www.entelequiacultura.com\/wp-content\/uploads\/2021\/04\/mas-juli-piscina-555x370.jpg 555w, https:\/\/www.entelequiacultura.com\/wp-content\/uploads\/2021\/04\/mas-juli-piscina-360x240.jpg 360w\" sizes=\"(min-width: 900px) 50vw, 100vw\" \/>\t\t\t\t\t\t\t<\/div><!-- \/ .thumbnail -->\n\t\t<\/div>\n\n\t\t\n\t\t\t\t\t<span class=\"thumbnail-overlay\">\n\t\t\t\t<span class=\"meta\">\n\t\t\t\t\t\t\t\t\t\t<div class=\"more-button \">\n\t\t\t\t\t\t<a class=\"button button-border accent1 hover-accent1  vamtam-lightbox image\" target=\"_self\" href=\"https:\/\/www.entelequiacultura.com\/wp-content\/uploads\/2021\/04\/mas-juli-piscina.jpg\"  rel=\"portfolio_823\">\n\t\t\t\t\t\t\tAmpliar\t\t\t\t\t\t<\/a>\n\t\t\t\t\t<\/div>\n\t\t\t\t\t\t\t\t\t<\/span>\n\t\t\t<\/span>\n\t\t\t\t\t\t<\/div>\n<\/div>\t<\/div>\n\t<\/section>\n\n<\/div><\/div><\/div><\/div><\/div>\n<div class=\"row \"><div class=\"wpv-grid grid-1-1  wpv-first-level first has-background extended\" style=\"background-color:#f2f2f2;padding-top:0px;padding-bottom:0px\" id=\"wpv-column-a599c2d589dbb52ccb32529c6b98204d\" ><div class=\"extended-column-inner\"><style>#wpv-column-a599c2d589dbb52ccb32529c6b98204d p,#wpv-column-a599c2d589dbb52ccb32529c6b98204d em,#wpv-column-a599c2d589dbb52ccb32529c6b98204d .column-title,#wpv-column-a599c2d589dbb52ccb32529c6b98204d .sep-text h2.regular-title-wrapper,#wpv-column-a599c2d589dbb52ccb32529c6b98204d .text-divider-double,#wpv-column-a599c2d589dbb52ccb32529c6b98204d .sep-text .sep-text-line,#wpv-column-a599c2d589dbb52ccb32529c6b98204d .sep,#wpv-column-a599c2d589dbb52ccb32529c6b98204d .sep-2,#wpv-column-a599c2d589dbb52ccb32529c6b98204d .sep-3{color:#737373;}#wpv-column-a599c2d589dbb52ccb32529c6b98204d:before{background-color:transparent;}<\/style><div class=\"row \"><div class=\"wpv-grid grid-1-4  first unextended\" style=\"padding-top:0px;padding-bottom:0px\" id=\"wpv-column-bbb0301c8c8fd74f60fdabad89b27afc\" ><h1>+112<\/h1>\n<p><em>trobades realitzades<\/em><\/div>\n<div class=\"wpv-grid grid-1-4  unextended\" style=\"padding-top:0px;padding-bottom:0px\" id=\"wpv-column-adb035ab624b9c2a49385556fe4c7e60\" ><h1>+1.000<\/h1>\n<p><em>persones han participat<\/em><\/div>\n<div class=\"wpv-grid grid-1-4  unextended\" style=\"padding-top:0px;padding-bottom:0px\" id=\"wpv-column-45cf588f7f38f18206cef48151c7511f\" ><h1>+55<\/h1>\n<p><em>autores i autors convidats<\/em><\/div>\n<div class=\"wpv-grid grid-1-4  unextended\" style=\"padding-top:0px;padding-bottom:0px\" id=\"wpv-column-76d4276ba4ba8b7ca997ee4d5c56d263\" ><h1>9<\/h1>\n<p><em>anys compartint coneixement<\/em><\/div><\/div><\/div><\/div><\/div>\n<div class=\"row \"><div class=\"wpv-grid grid-1-1  wpv-first-level first unextended\" style=\"padding-top:0px;padding-bottom:0px\" id=\"wpv-column-e4de06d2aff11524195bbcbedf224f11\" ><h2 class='column-title'>Segueix-nos en xarxes<\/h2><div class=\"row \"><div class=\"wpv-grid grid-1-1  first unextended\" style=\"padding-top:0px;padding-bottom:0px\" id=\"wpv-column-84ec5a1816ea6a939040cc48ed28d140\" ><p style=\"text-align: center;\"><a href=\"https:\/\/www.instagram.com\/entelequiacultura\/\" target=\"_blank\" rel=\"noopener\"> <span class='icon shortcode  ' style='font-size:50px !important;'>&#58158;<\/span> \u00a0 \u00a0 \u00a0 <\/a><a href=\"https:\/\/www.facebook.com\/entelequiacultura\/\"><span class='icon shortcode  ' style='font-size:50px !important;'>&#58155;<\/span> <\/a><\/div><\/div><\/div><\/div>\n","protected":false},"excerpt":{"rendered":"","protected":false},"author":1,"featured_media":0,"parent":0,"menu_order":0,"comment_status":"closed","ping_status":"closed","template":"","meta":{"_price":"","_stock":"","_tribe_ticket_header":"","_tribe_default_ticket_provider":"","_tribe_ticket_capacity":"0","_ticket_start_date":"","_ticket_end_date":"","_tribe_ticket_show_description":"","_tribe_ticket_show_not_going":false,"_tribe_ticket_use_global_stock":"","_tribe_ticket_global_stock_level":"","_global_stock_mode":"","_global_stock_cap":"","_tribe_rsvp_for_event":"","_tribe_ticket_going_count":"","_tribe_ticket_not_going_count":"","_tribe_tickets_list":"[]","_tribe_ticket_has_attendee_info_fields":false,"footnotes":"","_tec_slr_enabled":"","_tec_slr_layout":""},"class_list":["post-27187","page","type-page","status-publish","hentry"],"aioseo_notices":[],"aioseo_head":"\n\t\t<!-- All in One SEO 5.0.1.1 - aioseo.com -->\n\t<meta name=\"description\" content=\"Seminaris, cursos, tallers, retirs i altres activitats culturals amb autors i artistes de refer\u00e8ncia en entorns naturals id\u00edl\u00b7lics\" \/>\n\t<meta name=\"robots\" content=\"max-image-preview:large\" \/>\n\t<link rel=\"canonical\" href=\"https:\/\/www.entelequiacultura.com\/ca\/\" \/>\n\t<meta name=\"generator\" content=\"All in One SEO (AIOSEO) 5.0.1.1\" \/>\n\t\t<meta property=\"og:locale\" content=\"ca_ES\" \/>\n\t\t<meta property=\"og:site_name\" content=\"Entelequia Cultura - Retiros Culturales\" \/>\n\t\t<meta property=\"og:type\" content=\"website\" \/>\n\t\t<meta property=\"og:title\" content=\"Entelequia Cultura - Retirs culturals\" \/>\n\t\t<meta property=\"og:description\" content=\"Organitzem seminaris, cursos, tallers i retirs culturals amb autors i artistes de refer\u00e8ncia en entorns naturals id\u00edl\u00b7lics.\" \/>\n\t\t<meta property=\"og:url\" content=\"https:\/\/www.entelequiacultura.com\/ca\/\" \/>\n\t\t<meta property=\"og:image\" content=\"https:\/\/www.entelequiacultura.com\/wp-content\/uploads\/2018\/02\/entelequia-redes.png\" \/>\n\t\t<meta property=\"og:image:secure_url\" content=\"https:\/\/www.entelequiacultura.com\/wp-content\/uploads\/2018\/02\/entelequia-redes.png\" \/>\n\t\t<meta property=\"og:image:width\" content=\"268\" \/>\n\t\t<meta property=\"og:image:height\" content=\"223\" \/>\n\t\t<meta name=\"twitter:card\" content=\"summary_large_image\" \/>\n\t\t<meta name=\"twitter:site\" content=\"@entelequiacult\" \/>\n\t\t<meta name=\"twitter:title\" content=\"Entelequia Cultura - Retirs culturals\" \/>\n\t\t<meta name=\"twitter:description\" content=\"Organitzem seminaris, cursos, tallers i retirs culturals amb autors i artistes de refer\u00e8ncia en entorns naturals id\u00edl\u00b7lics.\" \/>\n\t\t<meta name=\"twitter:creator\" content=\"@entelequiacult\" \/>\n\t\t<meta name=\"twitter:image\" content=\"https:\/\/www.entelequiacultura.com\/wp-content\/uploads\/2018\/02\/entelequia-redes.png\" \/>\n\t\t<script type=\"application\/ld+json\" class=\"aioseo-schema\">\n\t\t\t{\"@context\":\"https:\\\/\\\/schema.org\",\"@graph\":[{\"@type\":\"BreadcrumbList\",\"@id\":\"https:\\\/\\\/www.entelequiacultura.com\\\/ca\\\/#breadcrumblist\",\"itemListElement\":[{\"@type\":\"ListItem\",\"@id\":\"https:\\\/\\\/www.entelequiacultura.com\\\/ca\\\/#listItem\",\"position\":1,\"name\":\"Home\",\"item\":\"https:\\\/\\\/www.entelequiacultura.com\\\/ca\\\/\",\"nextItem\":{\"@type\":\"ListItem\",\"@id\":\"https:\\\/\\\/www.entelequiacultura.com\\\/ca\\\/#listItem\",\"name\":\"Home cat\"}},{\"@type\":\"ListItem\",\"@id\":\"https:\\\/\\\/www.entelequiacultura.com\\\/ca\\\/#listItem\",\"position\":2,\"name\":\"Home cat\",\"previousItem\":{\"@type\":\"ListItem\",\"@id\":\"https:\\\/\\\/www.entelequiacultura.com\\\/ca\\\/#listItem\",\"name\":\"Home\"}}]},{\"@type\":\"Organization\",\"@id\":\"https:\\\/\\\/www.entelequiacultura.com\\\/ca\\\/#organization\",\"name\":\"Entelequia Cultura\",\"description\":\"Retiros Culturales\",\"url\":\"https:\\\/\\\/www.entelequiacultura.com\\\/ca\\\/\",\"sameAs\":[\"https:\\\/\\\/www.facebook.com\\\/entelequiacultura\",\"https:\\\/\\\/twitter.com\\\/entelequiacult\"]},{\"@type\":\"Person\",\"@id\":\"https:\\\/\\\/www.entelequiacultura.com\\\/ca\\\/author\\\/ritaentelequia\\\/#author\",\"url\":\"https:\\\/\\\/www.entelequiacultura.com\\\/ca\\\/author\\\/ritaentelequia\\\/\",\"name\":\"Entelequia\",\"image\":{\"@type\":\"ImageObject\",\"@id\":\"https:\\\/\\\/www.entelequiacultura.com\\\/ca\\\/#authorImage\",\"url\":\"https:\\\/\\\/secure.gravatar.com\\\/avatar\\\/18f60d4ef589bed7d93af3382c39f8a28752f5405d10beb50349ece71193cf3b?s=96&d=mm&r=g\",\"width\":96,\"height\":96,\"caption\":\"Entelequia\"}},{\"@type\":\"WebPage\",\"@id\":\"https:\\\/\\\/www.entelequiacultura.com\\\/ca\\\/#webpage\",\"url\":\"https:\\\/\\\/www.entelequiacultura.com\\\/ca\\\/\",\"name\":\"Home cat - Entelequia Cultura\",\"description\":\"Seminaris, cursos, tallers, retirs i altres activitats culturals amb autors i artistes de refer\\u00e8ncia en entorns naturals id\\u00edl\\u00b7lics\",\"inLanguage\":\"ca\",\"isPartOf\":{\"@id\":\"https:\\\/\\\/www.entelequiacultura.com\\\/ca\\\/#website\"},\"breadcrumb\":{\"@id\":\"https:\\\/\\\/www.entelequiacultura.com\\\/ca\\\/#breadcrumblist\"},\"author\":{\"@id\":\"https:\\\/\\\/www.entelequiacultura.com\\\/ca\\\/author\\\/ritaentelequia\\\/#author\"},\"creator\":{\"@id\":\"https:\\\/\\\/www.entelequiacultura.com\\\/ca\\\/author\\\/ritaentelequia\\\/#author\"},\"datePublished\":\"2018-01-29T22:37:56+01:00\",\"dateModified\":\"2026-08-06T09:35:35+02:00\"},{\"@type\":\"WebSite\",\"@id\":\"https:\\\/\\\/www.entelequiacultura.com\\\/ca\\\/#website\",\"url\":\"https:\\\/\\\/www.entelequiacultura.com\\\/ca\\\/\",\"name\":\"Entelequia Cultura\",\"description\":\"Retiros Culturales\",\"inLanguage\":\"ca\",\"publisher\":{\"@id\":\"https:\\\/\\\/www.entelequiacultura.com\\\/ca\\\/#organization\"}}]}\n\t\t<\/script>\n\t\t<!-- All in One SEO -->\n\n","aioseo_head_json":{"title":"Home cat - Entelequia Cultura","description":"Seminaris, cursos, tallers, retirs i altres activitats culturals amb autors i artistes de refer\u00e8ncia en entorns naturals id\u00edl\u00b7lics","canonical_url":"https:\/\/www.entelequiacultura.com\/ca\/","robots":"max-image-preview:large","keywords":"","webmasterTools":{"miscellaneous":""},"schema":{"@context":"https:\/\/schema.org","@graph":[{"@type":"BreadcrumbList","@id":"https:\/\/www.entelequiacultura.com\/ca\/#breadcrumblist","itemListElement":[{"@type":"ListItem","@id":"https:\/\/www.entelequiacultura.com\/ca\/#listItem","position":1,"name":"Home","item":"https:\/\/www.entelequiacultura.com\/ca\/","nextItem":{"@type":"ListItem","@id":"https:\/\/www.entelequiacultura.com\/ca\/#listItem","name":"Home cat"}},{"@type":"ListItem","@id":"https:\/\/www.entelequiacultura.com\/ca\/#listItem","position":2,"name":"Home cat","previousItem":{"@type":"ListItem","@id":"https:\/\/www.entelequiacultura.com\/ca\/#listItem","name":"Home"}}]},{"@type":"Organization","@id":"https:\/\/www.entelequiacultura.com\/ca\/#organization","name":"Entelequia Cultura","description":"Retiros Culturales","url":"https:\/\/www.entelequiacultura.com\/ca\/","sameAs":["https:\/\/www.facebook.com\/entelequiacultura","https:\/\/twitter.com\/entelequiacult"]},{"@type":"Person","@id":"https:\/\/www.entelequiacultura.com\/ca\/author\/ritaentelequia\/#author","url":"https:\/\/www.entelequiacultura.com\/ca\/author\/ritaentelequia\/","name":"Entelequia","image":{"@type":"ImageObject","@id":"https:\/\/www.entelequiacultura.com\/ca\/#authorImage","url":"https:\/\/secure.gravatar.com\/avatar\/18f60d4ef589bed7d93af3382c39f8a28752f5405d10beb50349ece71193cf3b?s=96&d=mm&r=g","width":96,"height":96,"caption":"Entelequia"}},{"@type":"WebPage","@id":"https:\/\/www.entelequiacultura.com\/ca\/#webpage","url":"https:\/\/www.entelequiacultura.com\/ca\/","name":"Home cat - Entelequia Cultura","description":"Seminaris, cursos, tallers, retirs i altres activitats culturals amb autors i artistes de refer\u00e8ncia en entorns naturals id\u00edl\u00b7lics","inLanguage":"ca","isPartOf":{"@id":"https:\/\/www.entelequiacultura.com\/ca\/#website"},"breadcrumb":{"@id":"https:\/\/www.entelequiacultura.com\/ca\/#breadcrumblist"},"author":{"@id":"https:\/\/www.entelequiacultura.com\/ca\/author\/ritaentelequia\/#author"},"creator":{"@id":"https:\/\/www.entelequiacultura.com\/ca\/author\/ritaentelequia\/#author"},"datePublished":"2018-01-29T22:37:56+01:00","dateModified":"2026-08-06T09:35:35+02:00"},{"@type":"WebSite","@id":"https:\/\/www.entelequiacultura.com\/ca\/#website","url":"https:\/\/www.entelequiacultura.com\/ca\/","name":"Entelequia Cultura","description":"Retiros Culturales","inLanguage":"ca","publisher":{"@id":"https:\/\/www.entelequiacultura.com\/ca\/#organization"}}]},"og:locale":"ca_ES","og:site_name":"Entelequia Cultura - Retiros Culturales","og:type":"website","og:title":"Entelequia Cultura - Retirs culturals","og:description":"Organitzem seminaris, cursos, tallers i retirs culturals amb autors i artistes de refer\u00e8ncia en entorns naturals id\u00edl\u00b7lics.","og:url":"https:\/\/www.entelequiacultura.com\/ca\/","og:image":"https:\/\/www.entelequiacultura.com\/wp-content\/uploads\/2018\/02\/entelequia-redes.png","og:image:secure_url":"https:\/\/www.entelequiacultura.com\/wp-content\/uploads\/2018\/02\/entelequia-redes.png","og:image:width":268,"og:image:height":223,"twitter:card":"summary_large_image","twitter:site":"@entelequiacult","twitter:title":"Entelequia Cultura - Retirs culturals","twitter:description":"Organitzem seminaris, cursos, tallers i retirs culturals amb autors i artistes de refer\u00e8ncia en entorns naturals id\u00edl\u00b7lics.","twitter:creator":"@entelequiacult","twitter:image":"https:\/\/www.entelequiacultura.com\/wp-content\/uploads\/2018\/02\/entelequia-redes.png"},"aioseo_meta_data":{"post_id":"27187","title":null,"description":"Seminaris, cursos, tallers, retirs i altres activitats culturals amb autors i artistes de refer\u00e8ncia en entorns naturals id\u00edl\u00b7lics","keywords":null,"keyphrases":{"focus":{"keyphrase":"","score":0,"analysis":{"keyphraseInTitle":{"score":0,"maxScore":9,"error":1}}},"additional":[]},"primary_term":null,"canonical_url":null,"og_title":"Entelequia Cultura - Retirs culturals","og_description":"Organitzem seminaris, cursos, tallers i retirs culturals amb autors i artistes de refer\u00e8ncia en entorns naturals id\u00edl\u00b7lics.","og_object_type":"website","og_image_type":"custom_image","og_image_url":"https:\/\/www.entelequiacultura.com\/wp-content\/uploads\/2018\/02\/entelequia-redes.png","og_image_width":"268","og_image_height":"223","og_image_custom_url":"https:\/\/www.entelequiacultura.com\/wp-content\/uploads\/2018\/02\/entelequia-redes.png","og_image_custom_fields":null,"og_video":"","og_custom_url":null,"og_article_section":null,"og_article_tags":null,"twitter_use_og":false,"twitter_card":"summary_large_image","twitter_image_type":"default","twitter_image_url":null,"twitter_image_custom_url":null,"twitter_image_custom_fields":null,"twitter_title":null,"twitter_description":null,"schema":{"blockGraphs":[],"customGraphs":[],"default":{"data":{"Article":[],"Course":[],"Dataset":[],"FAQPage":[],"Movie":[],"Person":[],"Product":[],"ProductReview":[],"Car":[],"Recipe":[],"Service":[],"SoftwareApplication":[],"WebPage":{"id":"#aioseo-web-page-641acc81b85e3","slug":"web-page","graphName":"WebPage","label":"P\u00e1gina web","properties":{"type":"WebPage","name":"","description":""}}},"graphName":"WebPage","isEnabled":true},"graphs":[]},"schema_type":"default","schema_type_options":"{\"article\":{\"articleType\":\"BlogPosting\"},\"course\":{\"name\":\"\",\"description\":\"\",\"provider\":\"\"},\"faq\":{\"pages\":[]},\"product\":{\"reviews\":[]},\"recipe\":{\"ingredients\":[],\"instructions\":[],\"keywords\":[]},\"software\":{\"reviews\":[],\"operatingSystems\":[]},\"webPage\":{\"webPageType\":\"WebPage\"},\"blockGraphs\":[]}","pillar_content":false,"robots_default":true,"robots_noindex":false,"robots_noarchive":false,"robots_nosnippet":false,"robots_nofollow":false,"robots_noimageindex":false,"robots_noodp":false,"robots_notranslate":false,"robots_max_snippet":"-1","robots_max_videopreview":"-1","robots_max_imagepreview":"large","priority":null,"frequency":"default","local_seo":null,"breadcrumb_settings":null,"limit_modified_date":false,"ai":{"faqs":[],"keyPoints":[],"schemas":[],"titles":[],"descriptions":[],"socialPosts":{"email":{"subject":"","preview":"","content":""},"linkedin":[],"twitter":[],"facebook":[],"instagram":[]}},"created":"2022-02-26 22:36:08","updated":"2026-08-07 03:22:20","seo_analyzer_scan_date":null,"focus_keyword":null,"additional_keywords":null,"truseo_locale":null},"aioseo_breadcrumb":"<div class=\"aioseo-breadcrumbs\"><span class=\"aioseo-breadcrumb\">\n\t\t\t<a href=\"https:\/\/www.entelequiacultura.com\/ca\/\" title=\"Home\">Home<\/a>\n\t\t<\/span><span class=\"aioseo-breadcrumb-separator\">&raquo;<\/span><span class=\"aioseo-breadcrumb\">\n\t\t\tHome cat\n\t\t<\/span><\/div>","aioseo_breadcrumb_json":[{"label":"Home","link":"https:\/\/www.entelequiacultura.com\/ca\/"},{"label":"Home cat","link":"https:\/\/www.entelequiacultura.com\/ca\/"}],"ticketed":false,"_links":{"self":[{"href":"https:\/\/www.entelequiacultura.com\/ca\/wp-json\/wp\/v2\/pages\/27187","targetHints":{"allow":["GET"]}}],"collection":[{"href":"https:\/\/www.entelequiacultura.com\/ca\/wp-json\/wp\/v2\/pages"}],"about":[{"href":"https:\/\/www.entelequiacultura.com\/ca\/wp-json\/wp\/v2\/types\/page"}],"author":[{"embeddable":true,"href":"https:\/\/www.entelequiacultura.com\/ca\/wp-json\/wp\/v2\/users\/1"}],"replies":[{"embeddable":true,"href":"https:\/\/www.entelequiacultura.com\/ca\/wp-json\/wp\/v2\/comments?post=27187"}],"version-history":[{"count":6,"href":"https:\/\/www.entelequiacultura.com\/ca\/wp-json\/wp\/v2\/pages\/27187\/revisions"}],"predecessor-version":[{"id":45253,"href":"https:\/\/www.entelequiacultura.com\/ca\/wp-json\/wp\/v2\/pages\/27187\/revisions\/45253"}],"wp:attachment":[{"href":"https:\/\/www.entelequiacultura.com\/ca\/wp-json\/wp\/v2\/media?parent=27187"}],"curies":[{"name":"wp","href":"https:\/\/api.w.org\/{rel}","templated":true}]}}