{"id":27187,"date":"2018-01-29T22:37:56","date_gmt":"2018-01-29T21:37:56","guid":{"rendered":"https:\/\/www.entelequiacultura.com\/?page_id=27187"},"modified":"2026-02-01T11:25:27","modified_gmt":"2026-02-01T10:25:27","slug":"home-cat-2-2-2","status":"publish","type":"page","link":"https:\/\/www.entelequiacultura.com\/ca\/","title":{"rendered":"Home cat"},"content":{"rendered":"<div class=\"push\" style='margin-bottom:-40px'><\/div>\n<div class=\"row \"><div class=\"wpv-grid grid-1-1  wpv-first-level first unextended\" style=\"padding-top:0px;padding-bottom:0px\" id=\"wpv-column-257c7f4058e01ca61dc56d532b3d1abe\" ><h2 style=\"text-align: center;\">ENTELEQUIA CULTURA<\/h2>\n<p>En Entelequia organitzem cursos, tallers i seminaris amb pensadors, escriptors,\u00a0cineastes i artistes de refer\u00e8ncia, que es duen a terme en el context d&#8217;un retir cultural de cap de setmana. Es fan en petits hotels rurals situats en entorns naturals, on conviuen docents i assistens.\u00a0Tamb\u00e9 programem activitats en el nostre espai de Barcelona.<\/p>\n<p style=\"text-align: center;\"><a href=\"https:\/\/www.entelequiacultura.com\/ca\/entelequia-2-2\/\">\u00a1Saber m\u00e9s! \u2192<\/a><\/div><\/div>\n<div class=\"row \"><div class=\"wpv-grid grid-1-1  wpv-first-level first has-background extended\" style=\"background-color:#fff;padding-top:30px;padding-bottom:30px\" id=\"wpv-column-de655572f917a5b593e744603631f536\" ><div class=\"extended-column-inner\"><style>#wpv-column-de655572f917a5b593e744603631f536 p,#wpv-column-de655572f917a5b593e744603631f536 em,#wpv-column-de655572f917a5b593e744603631f536 .column-title,#wpv-column-de655572f917a5b593e744603631f536 .sep-text h2.regular-title-wrapper,#wpv-column-de655572f917a5b593e744603631f536 .text-divider-double,#wpv-column-de655572f917a5b593e744603631f536 .sep-text .sep-text-line,#wpv-column-de655572f917a5b593e744603631f536 .sep,#wpv-column-de655572f917a5b593e744603631f536 .sep-2,#wpv-column-de655572f917a5b593e744603631f536 .sep-3{color:#808080;}#wpv-column-de655572f917a5b593e744603631f536:before{background-color:transparent;}<\/style><div class=\"row \"><div class=\"wpv-grid grid-1-1  first unextended\" style=\"padding-top:0px;padding-bottom:0px\" id=\"wpv-column-4c0a92487cc57414137273c5bb29ad90\" ><h2 class='column-title'>Pr\u00f2ximes activitats<\/h2><div class=\"row wpv-tribe-multiple-events style-dark\">\n\t\t\t<div class=\"wpv-grid grid-1-4 \">\n\t\t\t<div class=\"event-wrapper\">\n\t\t\t\t\t\t\t\t<a href=\"https:\/\/www.entelequiacultura.com\/ca\/esdeveniment\/vida-i-simbol-esencial-lola-josa-online\/\" title=\"\">\n\t\t\t\t\t<div class=\"date\">\n\t\t\t\t\t\t<div class=\"day\">07<\/div>\n\t\t\t\t\t\t<div class=\"month\">maig<\/div>\n\t\t\t\t\t<\/div>\n\t\t\t\t\t<h3 class=\"title\">VIDA I S\u00cdMBOL ESSENCIAL (Lola Josa) - Modalitat online<\/h3>\n\t\t\t\t<\/a>\n\t\t\t\t<div class=\"when-where\">\n\t\t\t\t\t\t\t\t\t\t\t<div>7 de maig de 2026 18:00 &mdash; 4 de mar\u00e7 de 2027 20:00<\/div>\n\t\t\t\t\t\t\t\t\t\t<div>@ ONLINE\t\t\t\t\t<\/div>\n\t\t\t\t<\/div>\n\t\t\t\t\t\t\t<\/div>\n\t\t<\/div>\n\t\t\t\t\t<div class=\"wpv-grid grid-1-4 left-border\">\n\t\t\t<div class=\"event-wrapper\">\n\t\t\t\t\t\t\t\t<a href=\"https:\/\/www.entelequiacultura.com\/ca\/esdeveniment\/vida-i-simbol-essencial-lola-josa\/\" title=\"\">\n\t\t\t\t\t<div class=\"date\">\n\t\t\t\t\t\t<div class=\"day\">08<\/div>\n\t\t\t\t\t\t<div class=\"month\">maig<\/div>\n\t\t\t\t\t<\/div>\n\t\t\t\t\t<h3 class=\"title\">VIDA I S\u00cdMBOL ESSENCIAL (Lola Josa) - modalitat presencial<\/h3>\n\t\t\t\t<\/a>\n\t\t\t\t<div class=\"when-where\">\n\t\t\t\t\t\t\t\t\t\t\t<div>8 de maig de 2026 17:00 &mdash; 5 de mar\u00e7 de 2027 20:00<\/div>\n\t\t\t\t\t\t\t\t\t\t<div>@ CURS &#8211; Barcelona\t\t\t\t\t<\/div>\n\t\t\t\t<\/div>\n\t\t\t\t\t\t\t<\/div>\n\t\t<\/div>\n\t\t\t\t\t<div class=\"wpv-grid grid-1-4 left-border\">\n\t\t\t<div class=\"event-wrapper\">\n\t\t\t\t\t\t\t\t<a href=\"https:\/\/www.entelequiacultura.com\/ca\/esdeveniment\/curs-victoria-cirlot-2026-2-2\/\" title=\"\">\n\t\t\t\t\t<div class=\"date\">\n\t\t\t\t\t\t<div class=\"day\">09<\/div>\n\t\t\t\t\t\t<div class=\"month\">maig<\/div>\n\t\t\t\t\t<\/div>\n\t\t\t\t\t<h3 class=\"title\">L'AMOR DE LES M\u00cdSTIQUES (Victoria Cirlot)<\/h3>\n\t\t\t\t<\/a>\n\t\t\t\t<div class=\"when-where\">\n\t\t\t\t\t\t\t\t\t\t\t<div>10:00 &mdash; 18:00<\/div>\n\t\t\t\t\t\t\t\t\t\t<div>@ CURS &#8211; Barcelona\t\t\t\t\t<\/div>\n\t\t\t\t<\/div>\n\t\t\t\t\t\t\t<\/div>\n\t\t<\/div>\n\t\t\t\t\t<div class=\"wpv-grid grid-1-4 left-border\">\n\t\t\t<div class=\"event-wrapper\">\n\t\t\t\t\t\t\t\t<a href=\"https:\/\/www.entelequiacultura.com\/ca\/esdeveniment\/taller-mario-obrero-2026\/\" title=\"\">\n\t\t\t\t\t<div class=\"date\">\n\t\t\t\t\t\t<div class=\"day\">23<\/div>\n\t\t\t\t\t\t<div class=\"month\">maig<\/div>\n\t\t\t\t\t<\/div>\n\t\t\t\t\t<h3 class=\"title\">LA POESIA \u00c9S UN ERI\u00c7\u00d3: lloriguera, llengua i subterfugis (Mario Obrero)<\/h3>\n\t\t\t\t<\/a>\n\t\t\t\t<div class=\"when-where\">\n\t\t\t\t\t\t\t\t\t\t\t<div>10:00 &mdash; 18:00<\/div>\n\t\t\t\t\t\t\t\t\t\t<div>@ CURS &#8211; Barcelona\t\t\t\t\t<\/div>\n\t\t\t\t<\/div>\n\t\t\t\t\t\t\t<\/div>\n\t\t<\/div>\n\t\t\t\t\t<\/div>\n\t\t\t<div class=\"row wpv-tribe-multiple-events style-dark\">\n\t\t\t\t\t<div class=\"wpv-grid grid-1-4 \">\n\t\t\t<div class=\"event-wrapper\">\n\t\t\t\t\t\t\t\t<a href=\"https:\/\/www.entelequiacultura.com\/ca\/esdeveniment\/retir-elisa-victoria-2026\/\" title=\"\">\n\t\t\t\t\t<div class=\"date\">\n\t\t\t\t\t\t<div class=\"day\">19<\/div>\n\t\t\t\t\t\t<div class=\"month\">juny<\/div>\n\t\t\t\t\t<\/div>\n\t\t\t\t\t<h3 class=\"title\">REFORMA INTEGRAL: demolici\u00f3, reconstrucci\u00f3 i escriptura innovadora (Elisa Victoria) - RETIR A ARACENA<\/h3>\n\t\t\t\t<\/a>\n\t\t\t\t<div class=\"when-where\">\n\t\t\t\t\t\t\t\t\t\t\t<div>19 de juny de 2026 17:00 &mdash; 22 de juny de 2026 16:00<\/div>\n\t\t\t\t\t\t\t\t\t\t<div>@ RETIR CULTURAL &#8211; Aracena (Huelva)\t\t\t\t\t<\/div>\n\t\t\t\t<\/div>\n\t\t\t\t\t\t\t<\/div>\n\t\t<\/div>\n\t\t\t\t\t<div class=\"wpv-grid grid-1-4 left-border\">\n\t\t\t<div class=\"event-wrapper\">\n\t\t\t\t\t\t\t\t<a href=\"https:\/\/www.entelequiacultura.com\/ca\/esdeveniment\/retir-segovia-2026\/\" title=\"\">\n\t\t\t\t\t<div class=\"date\">\n\t\t\t\t\t\t<div class=\"day\">04<\/div>\n\t\t\t\t\t\t<div class=\"month\">setembre<\/div>\n\t\t\t\t\t<\/div>\n\t\t\t\t\t<h3 class=\"title\">CAP ALS CLARS. MAR\u00cdA ZAMBRANO (Mercedes G\u00f3mez Blesa)<\/h3>\n\t\t\t\t<\/a>\n\t\t\t\t<div class=\"when-where\">\n\t\t\t\t\t\t\t\t\t\t\t<div>4 de setembre de 2026 17:00 &mdash; 6 de setembre de 2026 13:00<\/div>\n\t\t\t\t\t\t\t\t\t\t<div>@ RETIR CULTURAL &#8211; Seg\u00f2via\t\t\t\t\t<\/div>\n\t\t\t\t<\/div>\n\t\t\t\t\t\t\t<\/div>\n\t\t<\/div>\n\t\t\t\t<\/div><\/div><\/div>\n<div class=\"row \"><div class=\"wpv-grid grid-1-1  first unextended\" style=\"padding-top:0px;padding-bottom:0px\" id=\"wpv-column-7aa74e0c3bea49b30bc2461f995feb26\" ><div class=\"push\" style='height:20px'><\/div>\n<p style=\"text-align: center;\"><a href=\"https:\/\/www.entelequiacultura.com\/ca\/eventos\/\">Veure totes les activitats \u2192<\/a><\/div><\/div><\/div><\/div><\/div>\n<div class=\"row \"><div class=\"wpv-grid grid-1-1  wpv-first-level first has-background extended\" style=\"background-color:#f2f2f2;padding-top:20px;padding-bottom:15px\" id=\"wpv-column-a0d009e29e7178ac188fa761fb15c12f\" ><div class=\"extended-column-inner\"><style>#wpv-column-a0d009e29e7178ac188fa761fb15c12f p,#wpv-column-a0d009e29e7178ac188fa761fb15c12f em,#wpv-column-a0d009e29e7178ac188fa761fb15c12f .column-title,#wpv-column-a0d009e29e7178ac188fa761fb15c12f .sep-text h2.regular-title-wrapper,#wpv-column-a0d009e29e7178ac188fa761fb15c12f .text-divider-double,#wpv-column-a0d009e29e7178ac188fa761fb15c12f .sep-text .sep-text-line,#wpv-column-a0d009e29e7178ac188fa761fb15c12f .sep,#wpv-column-a0d009e29e7178ac188fa761fb15c12f .sep-2,#wpv-column-a0d009e29e7178ac188fa761fb15c12f .sep-3{color:#737373;}#wpv-column-a0d009e29e7178ac188fa761fb15c12f:before{background-color:transparent;}<\/style><h2 class='column-title'>Els nostres docents<\/h2><div class=\"row \"><div class=\"wpv-grid grid-1-4  first unextended\" style=\"padding-top:0px;padding-bottom:0px\" id=\"wpv-column-f8e7ac4d5e5e8ef19f2c002aaa4a36e1\" ><div class=\"row \"><div class=\"wpv-grid grid-1-1  first unextended\" style=\"padding-top:0px;padding-bottom:0px\" id=\"wpv-column-15a142ce18541372432d6bf35235341f\" ><div class=\"team-member\">\n\t\t<div class=\"thumbnail\">\n\t\t\t\t\t<a href=\"https:\/\/www.entelequiacultura.com\/ca\/victoriacirlot\/\" title=\"Victoria Cirlot\">\n\t\t\t\t\t<img loading=\"lazy\" decoding=\"async\" width=\"660\" height=\"660\" src=\"https:\/\/www.entelequiacultura.com\/wp-content\/uploads\/2022\/02\/VICTORIA-CIRLOT-650-copia-copia.jpg\" class=\"attachment-full size-full\" alt=\"\" srcset=\"https:\/\/www.entelequiacultura.com\/wp-content\/uploads\/2022\/02\/VICTORIA-CIRLOT-650-copia-copia.jpg 660w, https:\/\/www.entelequiacultura.com\/wp-content\/uploads\/2022\/02\/VICTORIA-CIRLOT-650-copia-copia-300x300.jpg 300w, https:\/\/www.entelequiacultura.com\/wp-content\/uploads\/2022\/02\/VICTORIA-CIRLOT-650-copia-copia-150x150.jpg 150w, https:\/\/www.entelequiacultura.com\/wp-content\/uploads\/2022\/02\/VICTORIA-CIRLOT-650-copia-copia-60x60.jpg 60w, https:\/\/www.entelequiacultura.com\/wp-content\/uploads\/2022\/02\/VICTORIA-CIRLOT-650-copia-copia-43x43.jpg 43w, https:\/\/www.entelequiacultura.com\/wp-content\/uploads\/2022\/02\/VICTORIA-CIRLOT-650-copia-copia-106x106.jpg 106w, https:\/\/www.entelequiacultura.com\/wp-content\/uploads\/2022\/02\/VICTORIA-CIRLOT-650-copia-copia-555x555.jpg 555w, https:\/\/www.entelequiacultura.com\/wp-content\/uploads\/2022\/02\/VICTORIA-CIRLOT-650-copia-copia-360x360.jpg 360w, https:\/\/www.entelequiacultura.com\/wp-content\/uploads\/2022\/02\/VICTORIA-CIRLOT-650-copia-copia-262x262.jpg 262w, https:\/\/www.entelequiacultura.com\/wp-content\/uploads\/2022\/02\/VICTORIA-CIRLOT-650-copia-copia-600x600.jpg 600w, https:\/\/www.entelequiacultura.com\/wp-content\/uploads\/2022\/02\/VICTORIA-CIRLOT-650-copia-copia-100x100.jpg 100w\" sizes=\"(max-width: 660px) 100vw, 660px\" \/>\t\t\t\t\t<\/a>\n\t\t\t<\/div>\n\t\t<div class=\"team-member-info\">\n\t\t<h4>\n\t\t\t\t\t\t\t<a href=\"https:\/\/www.entelequiacultura.com\/ca\/victoriacirlot\/\" title=\"Victoria Cirlot\">\n\t\t\t\t\t\t\tVictoria Cirlot\t\t\t\t\t\t\t<\/a>\n\t\t\t\t\t<\/h4>\n\t\t\t\t\t<h6 class=\"team-member-position\">ESCRIPTORA I TRADUCTORA<\/h6>\n\t\t\t\t\t\t\t\t<div class=\"share-icons clearfix\">\n\t\t\t\t\t<\/div>\n\t<\/div>\n<\/div>\n<\/div><\/div>\n<div class=\"row \"><div class=\"wpv-grid grid-1-1  first unextended\" style=\"padding-top:0px;padding-bottom:0px\" id=\"wpv-column-9311a5646c053a17c446d7d243d0b293\" ><\/div><\/div><\/div>\n<div class=\"wpv-grid grid-1-4  unextended\" style=\"padding-top:0px;padding-bottom:0px\" id=\"wpv-column-efe396af0953762d97d26894e8130f36\" ><div class=\"row \"><div class=\"wpv-grid grid-1-1  first unextended\" style=\"padding-top:0px;padding-bottom:0px\" id=\"wpv-column-3b446f9e80c15e3a7c7243667db3ec8e\" ><div class=\"team-member\">\n\t\t<div class=\"thumbnail\">\n\t\t\t\t\t<a href=\"https:\/\/www.entelequiacultura.com\/ca\/olgamerino\/\" title=\"Olga Merino\">\n\t\t\t\t\t<img loading=\"lazy\" decoding=\"async\" width=\"650\" height=\"649\" src=\"https:\/\/www.entelequiacultura.com\/wp-content\/uploads\/2025\/06\/Olga-Merino_\u00a9Marta-Calvo-650.jpg\" class=\"attachment-full size-full\" alt=\"\" srcset=\"https:\/\/www.entelequiacultura.com\/wp-content\/uploads\/2025\/06\/Olga-Merino_\u00a9Marta-Calvo-650.jpg 650w, https:\/\/www.entelequiacultura.com\/wp-content\/uploads\/2025\/06\/Olga-Merino_\u00a9Marta-Calvo-650-300x300.jpg 300w, https:\/\/www.entelequiacultura.com\/wp-content\/uploads\/2025\/06\/Olga-Merino_\u00a9Marta-Calvo-650-150x150.jpg 150w, https:\/\/www.entelequiacultura.com\/wp-content\/uploads\/2025\/06\/Olga-Merino_\u00a9Marta-Calvo-650-60x60.jpg 60w, https:\/\/www.entelequiacultura.com\/wp-content\/uploads\/2025\/06\/Olga-Merino_\u00a9Marta-Calvo-650-43x43.jpg 43w, https:\/\/www.entelequiacultura.com\/wp-content\/uploads\/2025\/06\/Olga-Merino_\u00a9Marta-Calvo-650-106x106.jpg 106w, https:\/\/www.entelequiacultura.com\/wp-content\/uploads\/2025\/06\/Olga-Merino_\u00a9Marta-Calvo-650-555x554.jpg 555w, https:\/\/www.entelequiacultura.com\/wp-content\/uploads\/2025\/06\/Olga-Merino_\u00a9Marta-Calvo-650-360x359.jpg 360w, https:\/\/www.entelequiacultura.com\/wp-content\/uploads\/2025\/06\/Olga-Merino_\u00a9Marta-Calvo-650-262x262.jpg 262w, https:\/\/www.entelequiacultura.com\/wp-content\/uploads\/2025\/06\/Olga-Merino_\u00a9Marta-Calvo-650-600x599.jpg 600w, https:\/\/www.entelequiacultura.com\/wp-content\/uploads\/2025\/06\/Olga-Merino_\u00a9Marta-Calvo-650-100x100.jpg 100w\" sizes=\"(max-width: 650px) 100vw, 650px\" \/>\t\t\t\t\t<\/a>\n\t\t\t<\/div>\n\t\t<div class=\"team-member-info\">\n\t\t<h4>\n\t\t\t\t\t\t\t<a href=\"https:\/\/www.entelequiacultura.com\/ca\/olgamerino\/\" title=\"Olga Merino\">\n\t\t\t\t\t\t\tOlga Merino\t\t\t\t\t\t\t<\/a>\n\t\t\t\t\t<\/h4>\n\t\t\t\t\t<h6 class=\"team-member-position\">PERIODISTA I ESCRIPTORA<\/h6>\n\t\t\t\t\t\t\t\t<div class=\"share-icons clearfix\">\n\t\t\t\t\t<\/div>\n\t<\/div>\n<\/div>\n<\/div><\/div>\n<div class=\"row \"><div class=\"wpv-grid grid-1-1  first unextended\" style=\"padding-top:0px;padding-bottom:0px\" id=\"wpv-column-1c874f9273e4b58043c1a2c098cc54f4\" ><\/div><\/div><\/div>\n<div class=\"wpv-grid grid-1-4  unextended\" style=\"padding-top:0px;padding-bottom:0px\" id=\"wpv-column-3d6ca8d7a6f0a442a7309e0bb6f60fe3\" ><div class=\"row \"><div class=\"wpv-grid grid-1-1  first unextended\" style=\"padding-top:0px;padding-bottom:0px\" id=\"wpv-column-5214abbbf3d761a95f104b6bc5648f06\" ><div class=\"team-member\">\n\t\t<div class=\"thumbnail\">\n\t\t\t\t\t<a href=\"https:\/\/www.entelequiacultura.com\/ca\/olga-rodriguez\/\" title=\"Olga Rodr\u00edguez\">\n\t\t\t\t\t<img loading=\"lazy\" decoding=\"async\" width=\"650\" height=\"650\" src=\"https:\/\/www.entelequiacultura.com\/wp-content\/uploads\/2023\/10\/olga-650-x-650-1.jpg\" class=\"attachment-full size-full\" alt=\"\" srcset=\"https:\/\/www.entelequiacultura.com\/wp-content\/uploads\/2023\/10\/olga-650-x-650-1.jpg 650w, https:\/\/www.entelequiacultura.com\/wp-content\/uploads\/2023\/10\/olga-650-x-650-1-300x300.jpg 300w, https:\/\/www.entelequiacultura.com\/wp-content\/uploads\/2023\/10\/olga-650-x-650-1-150x150.jpg 150w, https:\/\/www.entelequiacultura.com\/wp-content\/uploads\/2023\/10\/olga-650-x-650-1-60x60.jpg 60w, https:\/\/www.entelequiacultura.com\/wp-content\/uploads\/2023\/10\/olga-650-x-650-1-43x43.jpg 43w, https:\/\/www.entelequiacultura.com\/wp-content\/uploads\/2023\/10\/olga-650-x-650-1-106x106.jpg 106w, https:\/\/www.entelequiacultura.com\/wp-content\/uploads\/2023\/10\/olga-650-x-650-1-555x555.jpg 555w, https:\/\/www.entelequiacultura.com\/wp-content\/uploads\/2023\/10\/olga-650-x-650-1-360x360.jpg 360w, https:\/\/www.entelequiacultura.com\/wp-content\/uploads\/2023\/10\/olga-650-x-650-1-262x262.jpg 262w, https:\/\/www.entelequiacultura.com\/wp-content\/uploads\/2023\/10\/olga-650-x-650-1-600x600.jpg 600w, https:\/\/www.entelequiacultura.com\/wp-content\/uploads\/2023\/10\/olga-650-x-650-1-100x100.jpg 100w\" sizes=\"(max-width: 650px) 100vw, 650px\" \/>\t\t\t\t\t<\/a>\n\t\t\t<\/div>\n\t\t<div class=\"team-member-info\">\n\t\t<h4>\n\t\t\t\t\t\t\t<a href=\"https:\/\/www.entelequiacultura.com\/ca\/olga-rodriguez\/\" title=\"Olga Rodr\u00edguez\">\n\t\t\t\t\t\t\tOlga Rodr\u00edguez\t\t\t\t\t\t\t<\/a>\n\t\t\t\t\t<\/h4>\n\t\t\t\t\t<h6 class=\"team-member-position\">PERIODISTA I ESCRIPTORA<\/h6>\n\t\t\t\t\t\t\t\t<div class=\"share-icons clearfix\">\n\t\t\t\t\t<\/div>\n\t<\/div>\n<\/div>\n<\/div><\/div>\n<div class=\"row \"><div class=\"wpv-grid grid-1-1  first unextended\" style=\"padding-top:0px;padding-bottom:0px\" id=\"wpv-column-58673d973e3b567814b8767ad862f1b7\" ><\/div><\/div><\/div>\n<div class=\"wpv-grid grid-1-4  unextended\" style=\"padding-top:0px;padding-bottom:0px\" id=\"wpv-column-bfdfbfbcdf4239661a0143b53730b020\" ><div class=\"row \"><div class=\"wpv-grid grid-1-1  first unextended\" style=\"padding-top:0px;padding-bottom:0px\" id=\"wpv-column-ee95f2b298fb09540770ce3b7ff8519f\" ><div class=\"team-member\">\n\t\t<div class=\"thumbnail\">\n\t\t\t\t\t<a href=\"https:\/\/www.entelequiacultura.com\/ca\/marta-carnicero\/\" title=\"Marta Carninero\">\n\t\t\t\t\t<img loading=\"lazy\" decoding=\"async\" width=\"650\" height=\"650\" src=\"https:\/\/www.entelequiacultura.com\/wp-content\/uploads\/2024\/12\/MARTA-CARNICERO-650.jpg\" class=\"attachment-full size-full\" alt=\"\" srcset=\"https:\/\/www.entelequiacultura.com\/wp-content\/uploads\/2024\/12\/MARTA-CARNICERO-650.jpg 650w, https:\/\/www.entelequiacultura.com\/wp-content\/uploads\/2024\/12\/MARTA-CARNICERO-650-300x300.jpg 300w, https:\/\/www.entelequiacultura.com\/wp-content\/uploads\/2024\/12\/MARTA-CARNICERO-650-150x150.jpg 150w, https:\/\/www.entelequiacultura.com\/wp-content\/uploads\/2024\/12\/MARTA-CARNICERO-650-60x60.jpg 60w, https:\/\/www.entelequiacultura.com\/wp-content\/uploads\/2024\/12\/MARTA-CARNICERO-650-43x43.jpg 43w, https:\/\/www.entelequiacultura.com\/wp-content\/uploads\/2024\/12\/MARTA-CARNICERO-650-106x106.jpg 106w, https:\/\/www.entelequiacultura.com\/wp-content\/uploads\/2024\/12\/MARTA-CARNICERO-650-555x555.jpg 555w, https:\/\/www.entelequiacultura.com\/wp-content\/uploads\/2024\/12\/MARTA-CARNICERO-650-360x360.jpg 360w, https:\/\/www.entelequiacultura.com\/wp-content\/uploads\/2024\/12\/MARTA-CARNICERO-650-262x262.jpg 262w, https:\/\/www.entelequiacultura.com\/wp-content\/uploads\/2024\/12\/MARTA-CARNICERO-650-600x600.jpg 600w, https:\/\/www.entelequiacultura.com\/wp-content\/uploads\/2024\/12\/MARTA-CARNICERO-650-100x100.jpg 100w\" sizes=\"(max-width: 650px) 100vw, 650px\" \/>\t\t\t\t\t<\/a>\n\t\t\t<\/div>\n\t\t<div class=\"team-member-info\">\n\t\t<h4>\n\t\t\t\t\t\t\t<a href=\"https:\/\/www.entelequiacultura.com\/ca\/marta-carnicero\/\" title=\"Marta Carninero\">\n\t\t\t\t\t\t\tMarta Carninero\t\t\t\t\t\t\t<\/a>\n\t\t\t\t\t<\/h4>\n\t\t\t\t\t<h6 class=\"team-member-position\">ESCRIPTORA<\/h6>\n\t\t\t\t\t\t\t\t<div class=\"share-icons clearfix\">\n\t\t\t\t\t<\/div>\n\t<\/div>\n<\/div>\n<\/div><\/div>\n<div class=\"row \"><div class=\"wpv-grid grid-1-1  first unextended\" style=\"padding-top:0px;padding-bottom:0px\" id=\"wpv-column-64e2982696739433be2f6bdfd55ce0bf\" ><\/div><\/div><\/div><\/div>\n<div class=\"row \"><div class=\"wpv-grid grid-1-1  first unextended\" style=\"padding-top:0px;padding-bottom:0px\" id=\"wpv-column-711dc86b950a20e6f698f3804cc7d91d\" ><div class=\"push\" style='height:20px'><\/div>\n<p style=\"text-align: center;\"><a href=\"https:\/\/www.entelequiacultura.com\/ca\/autors\/\">Veure tots els professors \u2192<\/a><\/div><\/div><\/div><\/div><\/div>\n<div class=\"row \"><div class=\"wpv-grid grid-1-1  wpv-first-level first extended\" style=\"padding-top:20px;padding-bottom:15px\" id=\"wpv-column-77785f488f4de86048bd3eecf41b856e\" ><div class=\"extended-column-inner\"><h2 class='column-title'>Allotjaments i espais<\/h2><div class=\"row \"><div class=\"wpv-grid grid-1-1  first unextended\" style=\"padding-top:0px;padding-bottom:0px\" id=\"wpv-column-d04332f2b1c6a622758e0ebaacb94816\" >\n<section class=\"portfolios normal clearfix title-false no-description \" id=\"69f0cd5ca7e8d\">\n\t\t<div class=\"portfolio-items vamtam-cubeportfolio cbp portfolio-items cbp-slider-edge\" data-columns=\"2\" data-options=\"{&quot;layoutMode&quot;:&quot;slider&quot;,&quot;defaultFilter&quot;:&quot;*&quot;,&quot;animationType&quot;:&quot;slideDelay&quot;,&quot;gapHorizontal&quot;:30,&quot;gapVertical&quot;:30,&quot;gridAdjustment&quot;:&quot;responsive&quot;,&quot;mediaQueries&quot;:[{&quot;width&quot;:555,&quot;cols&quot;:2},{&quot;width&quot;:262.5,&quot;cols&quot;:1}],&quot;displayType&quot;:&quot;bottomToTop&quot;,&quot;displayTypeSpeed&quot;:100,&quot;showPagination&quot;:false}\" data-hidden-by-filters=\"New items were loaded, but they are hidden because of your choice of filters\">\n\t\t<div data-id=\"36056\" data-type=\"las-mesas portada-ca\" class=\"no-title no-description has-button state-closed vamtam-project cbp-item\">\n\t<div class=\"portfolio-item-wrapper\">\n\t\t\t\t<div class=\"portfolio_image\">\n\t\t\t<div class=\"thumbnail\" style=\"max-height:400px\">\n\t\t\t\t\t\t\t\t\t\t<img loading=\"lazy\" decoding=\"async\" width=\"262\" height=\"175\" src=\"https:\/\/www.entelequiacultura.com\/wp-content\/uploads\/2021\/10\/5389af70-8d25-45d1-acb4-765c551145ee-copia-262x175.jpeg\" class=\"attachment-portfolio-loop-4 size-portfolio-loop-4 wp-post-image\" alt=\"\" srcset=\"https:\/\/www.entelequiacultura.com\/wp-content\/uploads\/2021\/10\/5389af70-8d25-45d1-acb4-765c551145ee-copia-262x175.jpeg 262w, https:\/\/www.entelequiacultura.com\/wp-content\/uploads\/2021\/10\/5389af70-8d25-45d1-acb4-765c551145ee-copia-300x200.jpeg 300w, https:\/\/www.entelequiacultura.com\/wp-content\/uploads\/2021\/10\/5389af70-8d25-45d1-acb4-765c551145ee-copia-1024x684.jpeg 1024w, https:\/\/www.entelequiacultura.com\/wp-content\/uploads\/2021\/10\/5389af70-8d25-45d1-acb4-765c551145ee-copia-1140x760.jpeg 1140w, https:\/\/www.entelequiacultura.com\/wp-content\/uploads\/2021\/10\/5389af70-8d25-45d1-acb4-765c551145ee-copia-555x370.jpeg 555w, https:\/\/www.entelequiacultura.com\/wp-content\/uploads\/2021\/10\/5389af70-8d25-45d1-acb4-765c551145ee-copia-360x240.jpeg 360w, https:\/\/www.entelequiacultura.com\/wp-content\/uploads\/2021\/10\/5389af70-8d25-45d1-acb4-765c551145ee-copia-600x401.jpeg 600w, https:\/\/www.entelequiacultura.com\/wp-content\/uploads\/2021\/10\/5389af70-8d25-45d1-acb4-765c551145ee-copia.jpeg 1200w\" sizes=\"(min-width: 900px) 50vw, 100vw\" \/>\t\t\t\t\t\t\t<\/div><!-- \/ .thumbnail -->\n\t\t<\/div>\n\n\t\t\n\t\t\t\t\t<span class=\"thumbnail-overlay\">\n\t\t\t\t<span class=\"meta\">\n\t\t\t\t\t\t\t\t\t\t<div class=\"more-button \">\n\t\t\t\t\t\t<a class=\"button button-border accent1 hover-accent1  vamtam-lightbox image\" target=\"_self\" href=\"https:\/\/www.entelequiacultura.com\/wp-content\/uploads\/2021\/10\/5389af70-8d25-45d1-acb4-765c551145ee-copia.jpeg\"  rel=\"portfolio_279\">\n\t\t\t\t\t\t\tAmpliar\t\t\t\t\t\t<\/a>\n\t\t\t\t\t<\/div>\n\t\t\t\t\t\t\t\t\t<\/span>\n\t\t\t<\/span>\n\t\t\t\t\t\t<\/div>\n<\/div><div data-id=\"37403\" data-type=\"camos-ca portada-ca portada-ca-2\" class=\"no-title no-description has-button state-closed vamtam-project cbp-item\">\n\t<div class=\"portfolio-item-wrapper\">\n\t\t\t\t<div class=\"portfolio_image\">\n\t\t\t<div class=\"thumbnail\" style=\"max-height:400px\">\n\t\t\t\t\t\t\t\t\t\t<img loading=\"lazy\" decoding=\"async\" width=\"262\" height=\"175\" src=\"https:\/\/www.entelequiacultura.com\/wp-content\/uploads\/2022\/10\/CAMOS-262x175.jpg\" class=\"attachment-portfolio-loop-4 size-portfolio-loop-4 wp-post-image\" alt=\"\" srcset=\"https:\/\/www.entelequiacultura.com\/wp-content\/uploads\/2022\/10\/CAMOS-262x175.jpg 262w, https:\/\/www.entelequiacultura.com\/wp-content\/uploads\/2022\/10\/CAMOS-300x200.jpg 300w, https:\/\/www.entelequiacultura.com\/wp-content\/uploads\/2022\/10\/CAMOS-1024x683.jpg 1024w, https:\/\/www.entelequiacultura.com\/wp-content\/uploads\/2022\/10\/CAMOS-1536x1024.jpg 1536w, https:\/\/www.entelequiacultura.com\/wp-content\/uploads\/2022\/10\/CAMOS-2048x1365.jpg 2048w, https:\/\/www.entelequiacultura.com\/wp-content\/uploads\/2022\/10\/CAMOS-1140x760.jpg 1140w, https:\/\/www.entelequiacultura.com\/wp-content\/uploads\/2022\/10\/CAMOS-555x370.jpg 555w, https:\/\/www.entelequiacultura.com\/wp-content\/uploads\/2022\/10\/CAMOS-360x240.jpg 360w, https:\/\/www.entelequiacultura.com\/wp-content\/uploads\/2022\/10\/CAMOS-600x400.jpg 600w\" sizes=\"(min-width: 900px) 50vw, 100vw\" \/>\t\t\t\t\t\t\t<\/div><!-- \/ .thumbnail -->\n\t\t<\/div>\n\n\t\t\n\t\t\t\t\t<span class=\"thumbnail-overlay\">\n\t\t\t\t<span class=\"meta\">\n\t\t\t\t\t\t\t\t\t\t<div class=\"more-button \">\n\t\t\t\t\t\t<a class=\"button button-border accent1 hover-accent1  vamtam-lightbox image\" target=\"_self\" href=\"https:\/\/www.entelequiacultura.com\/wp-content\/uploads\/2022\/10\/CAMOS-scaled.jpg\"  rel=\"portfolio_279\">\n\t\t\t\t\t\t\tAmpliar\t\t\t\t\t\t<\/a>\n\t\t\t\t\t<\/div>\n\t\t\t\t\t\t\t\t\t<\/span>\n\t\t\t<\/span>\n\t\t\t\t\t\t<\/div>\n<\/div><div data-id=\"35218\" data-type=\"can-sagnari-ca portada-ca\" class=\"no-title no-description has-button state-closed vamtam-project cbp-item\">\n\t<div class=\"portfolio-item-wrapper\">\n\t\t\t\t<div class=\"portfolio_image\">\n\t\t\t<div class=\"thumbnail\" style=\"max-height:400px\">\n\t\t\t\t\t\t\t\t\t\t<img loading=\"lazy\" decoding=\"async\" width=\"262\" height=\"175\" src=\"https:\/\/www.entelequiacultura.com\/wp-content\/uploads\/2021\/12\/can-sagnari-262x175.jpg\" class=\"attachment-portfolio-loop-4 size-portfolio-loop-4 wp-post-image\" alt=\"\" srcset=\"https:\/\/www.entelequiacultura.com\/wp-content\/uploads\/2021\/12\/can-sagnari-262x175.jpg 262w, https:\/\/www.entelequiacultura.com\/wp-content\/uploads\/2021\/12\/can-sagnari-1140x760.jpg 1140w, https:\/\/www.entelequiacultura.com\/wp-content\/uploads\/2021\/12\/can-sagnari-555x370.jpg 555w, https:\/\/www.entelequiacultura.com\/wp-content\/uploads\/2021\/12\/can-sagnari-360x240.jpg 360w\" sizes=\"(min-width: 900px) 50vw, 100vw\" \/>\t\t\t\t\t\t\t<\/div><!-- \/ .thumbnail -->\n\t\t<\/div>\n\n\t\t\n\t\t\t\t\t<span class=\"thumbnail-overlay\">\n\t\t\t\t<span class=\"meta\">\n\t\t\t\t\t\t\t\t\t\t<div class=\"more-button \">\n\t\t\t\t\t\t<a class=\"button button-border accent1 hover-accent1  vamtam-lightbox image\" target=\"_self\" href=\"https:\/\/www.entelequiacultura.com\/wp-content\/uploads\/2021\/12\/can-sagnari-scaled.jpg\"  rel=\"portfolio_279\">\n\t\t\t\t\t\t\tAmpliar\t\t\t\t\t\t<\/a>\n\t\t\t\t\t<\/div>\n\t\t\t\t\t\t\t\t\t<\/span>\n\t\t\t<\/span>\n\t\t\t\t\t\t<\/div>\n<\/div><div data-id=\"34815\" data-type=\"mas-juli-2 portada-ca\" class=\"no-title no-description has-button state-closed vamtam-project cbp-item\">\n\t<div class=\"portfolio-item-wrapper\">\n\t\t\t\t<div class=\"portfolio_image\">\n\t\t\t<div class=\"thumbnail\" style=\"max-height:400px\">\n\t\t\t\t\t\t\t\t\t\t<img loading=\"lazy\" decoding=\"async\" width=\"262\" height=\"175\" src=\"https:\/\/www.entelequiacultura.com\/wp-content\/uploads\/2021\/04\/mas-juli-fachada-262x175.jpg\" class=\"attachment-portfolio-loop-4 size-portfolio-loop-4 wp-post-image\" alt=\"\" srcset=\"https:\/\/www.entelequiacultura.com\/wp-content\/uploads\/2021\/04\/mas-juli-fachada-262x175.jpg 262w, https:\/\/www.entelequiacultura.com\/wp-content\/uploads\/2021\/04\/mas-juli-fachada-555x370.jpg 555w, https:\/\/www.entelequiacultura.com\/wp-content\/uploads\/2021\/04\/mas-juli-fachada-360x240.jpg 360w\" sizes=\"(min-width: 900px) 50vw, 100vw\" \/>\t\t\t\t\t\t\t<\/div><!-- \/ .thumbnail -->\n\t\t<\/div>\n\n\t\t\n\t\t\t\t\t<span class=\"thumbnail-overlay\">\n\t\t\t\t<span class=\"meta\">\n\t\t\t\t\t\t\t\t\t\t<div class=\"more-button \">\n\t\t\t\t\t\t<a class=\"button button-border accent1 hover-accent1  vamtam-lightbox image\" target=\"_self\" href=\"https:\/\/www.entelequiacultura.com\/wp-content\/uploads\/2021\/04\/mas-juli-fachada.jpg\"  rel=\"portfolio_279\">\n\t\t\t\t\t\t\tAmpliar\t\t\t\t\t\t<\/a>\n\t\t\t\t\t<\/div>\n\t\t\t\t\t\t\t\t\t<\/span>\n\t\t\t<\/span>\n\t\t\t\t\t\t<\/div>\n<\/div><div data-id=\"34732\" data-type=\"ad-hoc hotel-diana-ca portada-ca\" class=\"no-title no-description has-button state-closed vamtam-project cbp-item\">\n\t<div class=\"portfolio-item-wrapper\">\n\t\t\t\t<div class=\"portfolio_image\">\n\t\t\t<div class=\"thumbnail\" style=\"max-height:400px\">\n\t\t\t\t\t\t\t\t\t\t<img loading=\"lazy\" decoding=\"async\" width=\"262\" height=\"175\" src=\"https:\/\/www.entelequiacultura.com\/wp-content\/uploads\/2020\/10\/20201021_133256-262x175.jpg\" class=\"attachment-portfolio-loop-4 size-portfolio-loop-4 wp-post-image\" alt=\"\" srcset=\"https:\/\/www.entelequiacultura.com\/wp-content\/uploads\/2020\/10\/20201021_133256-262x175.jpg 262w, https:\/\/www.entelequiacultura.com\/wp-content\/uploads\/2020\/10\/20201021_133256-555x370.jpg 555w, https:\/\/www.entelequiacultura.com\/wp-content\/uploads\/2020\/10\/20201021_133256-360x240.jpg 360w\" sizes=\"(min-width: 900px) 50vw, 100vw\" \/>\t\t\t\t\t\t\t<\/div><!-- \/ .thumbnail -->\n\t\t<\/div>\n\n\t\t\n\t\t\t\t\t<span class=\"thumbnail-overlay\">\n\t\t\t\t<span class=\"meta\">\n\t\t\t\t\t\t\t\t\t\t<div class=\"more-button \">\n\t\t\t\t\t\t<a class=\"button button-border accent1 hover-accent1  vamtam-lightbox image\" target=\"_self\" href=\"https:\/\/www.entelequiacultura.com\/wp-content\/uploads\/2020\/10\/20201021_133256.jpg\"  rel=\"portfolio_279\">\n\t\t\t\t\t\t\tAmpliar\t\t\t\t\t\t<\/a>\n\t\t\t\t\t<\/div>\n\t\t\t\t\t\t\t\t\t<\/span>\n\t\t\t<\/span>\n\t\t\t\t\t\t<\/div>\n<\/div><div data-id=\"34731\" data-type=\"hotel-diana-ca hotel-diana-ca-2 hotel-diana-ca-3 portada-ca\" class=\"no-title no-description has-button state-closed vamtam-project cbp-item\">\n\t<div class=\"portfolio-item-wrapper\">\n\t\t\t\t<div class=\"portfolio_image\">\n\t\t\t<div class=\"thumbnail\" style=\"max-height:400px\">\n\t\t\t\t\t\t\t\t\t\t<img loading=\"lazy\" decoding=\"async\" width=\"262\" height=\"175\" src=\"https:\/\/www.entelequiacultura.com\/wp-content\/uploads\/2020\/10\/20201016_121227-262x175.jpg\" class=\"attachment-portfolio-loop-4 size-portfolio-loop-4 wp-post-image\" alt=\"\" srcset=\"https:\/\/www.entelequiacultura.com\/wp-content\/uploads\/2020\/10\/20201016_121227-262x175.jpg 262w, https:\/\/www.entelequiacultura.com\/wp-content\/uploads\/2020\/10\/20201016_121227-1140x760.jpg 1140w, https:\/\/www.entelequiacultura.com\/wp-content\/uploads\/2020\/10\/20201016_121227-555x370.jpg 555w, https:\/\/www.entelequiacultura.com\/wp-content\/uploads\/2020\/10\/20201016_121227-360x240.jpg 360w\" sizes=\"(min-width: 900px) 50vw, 100vw\" \/>\t\t\t\t\t\t\t<\/div><!-- \/ .thumbnail -->\n\t\t<\/div>\n\n\t\t\n\t\t\t\t\t<span class=\"thumbnail-overlay\">\n\t\t\t\t<span class=\"meta\">\n\t\t\t\t\t\t\t\t\t\t<div class=\"more-button \">\n\t\t\t\t\t\t<a class=\"button button-border accent1 hover-accent1  vamtam-lightbox image\" target=\"_self\" href=\"https:\/\/www.entelequiacultura.com\/wp-content\/uploads\/2020\/10\/20201016_121227-scaled.jpg\"  rel=\"portfolio_279\">\n\t\t\t\t\t\t\tAmpliar\t\t\t\t\t\t<\/a>\n\t\t\t\t\t<\/div>\n\t\t\t\t\t\t\t\t\t<\/span>\n\t\t\t<\/span>\n\t\t\t\t\t\t<\/div>\n<\/div><div data-id=\"31418\" data-type=\"portada-ca trobades\" class=\"no-title no-description has-button state-closed vamtam-project cbp-item\">\n\t<div class=\"portfolio-item-wrapper\">\n\t\t\t\t<div class=\"portfolio_image\">\n\t\t\t<div class=\"thumbnail\" style=\"max-height:400px\">\n\t\t\t\t\t\t\t\t\t\t<img loading=\"lazy\" decoding=\"async\" width=\"262\" height=\"175\" src=\"https:\/\/www.entelequiacultura.com\/wp-content\/uploads\/2019\/11\/amanece-262x175.jpg\" class=\"attachment-portfolio-loop-4 size-portfolio-loop-4 wp-post-image\" alt=\"\" srcset=\"https:\/\/www.entelequiacultura.com\/wp-content\/uploads\/2019\/11\/amanece-262x175.jpg 262w, https:\/\/www.entelequiacultura.com\/wp-content\/uploads\/2019\/11\/amanece-300x202.jpg 300w, https:\/\/www.entelequiacultura.com\/wp-content\/uploads\/2019\/11\/amanece-555x370.jpg 555w, https:\/\/www.entelequiacultura.com\/wp-content\/uploads\/2019\/11\/amanece-360x240.jpg 360w\" sizes=\"(min-width: 900px) 50vw, 100vw\" \/>\t\t\t\t\t\t\t<\/div><!-- \/ .thumbnail -->\n\t\t<\/div>\n\n\t\t\n\t\t\t\t\t<span class=\"thumbnail-overlay\">\n\t\t\t\t<span class=\"meta\">\n\t\t\t\t\t\t\t\t\t\t<div class=\"more-button \">\n\t\t\t\t\t\t<a class=\"button button-border accent1 hover-accent1  vamtam-lightbox image\" target=\"_self\" href=\"https:\/\/www.entelequiacultura.com\/wp-content\/uploads\/2019\/11\/amanece.jpg\"  rel=\"portfolio_279\">\n\t\t\t\t\t\t\tAmpliar\t\t\t\t\t\t<\/a>\n\t\t\t\t\t<\/div>\n\t\t\t\t\t\t\t\t\t<\/span>\n\t\t\t<\/span>\n\t\t\t\t\t\t<\/div>\n<\/div><div data-id=\"30824\" data-type=\"portada-ca trobades\" class=\"no-title no-description has-button state-closed vamtam-project cbp-item\">\n\t<div class=\"portfolio-item-wrapper\">\n\t\t\t\t<div class=\"portfolio_image\">\n\t\t\t<div class=\"thumbnail\" style=\"max-height:400px\">\n\t\t\t\t\t\t\t\t\t\t<img loading=\"lazy\" decoding=\"async\" width=\"262\" height=\"175\" src=\"https:\/\/www.entelequiacultura.com\/wp-content\/uploads\/2019\/06\/IMG_20190609_183407_244-262x175.jpg\" class=\"attachment-portfolio-loop-4 size-portfolio-loop-4 wp-post-image\" alt=\"\" srcset=\"https:\/\/www.entelequiacultura.com\/wp-content\/uploads\/2019\/06\/IMG_20190609_183407_244-262x175.jpg 262w, https:\/\/www.entelequiacultura.com\/wp-content\/uploads\/2019\/06\/IMG_20190609_183407_244-1140x760.jpg 1140w, https:\/\/www.entelequiacultura.com\/wp-content\/uploads\/2019\/06\/IMG_20190609_183407_244-555x370.jpg 555w, https:\/\/www.entelequiacultura.com\/wp-content\/uploads\/2019\/06\/IMG_20190609_183407_244-360x240.jpg 360w\" sizes=\"(min-width: 900px) 50vw, 100vw\" \/>\t\t\t\t\t\t\t<\/div><!-- \/ .thumbnail -->\n\t\t<\/div>\n\n\t\t\n\t\t\t\t\t<span class=\"thumbnail-overlay\">\n\t\t\t\t<span class=\"meta\">\n\t\t\t\t\t\t\t\t\t\t<div class=\"more-button \">\n\t\t\t\t\t\t<a class=\"button button-border accent1 hover-accent1  vamtam-lightbox image\" target=\"_self\" href=\"https:\/\/www.entelequiacultura.com\/wp-content\/uploads\/2019\/06\/IMG_20190609_183407_244.jpg\"  rel=\"portfolio_279\">\n\t\t\t\t\t\t\tAmpliar\t\t\t\t\t\t<\/a>\n\t\t\t\t\t<\/div>\n\t\t\t\t\t\t\t\t\t<\/span>\n\t\t\t<\/span>\n\t\t\t\t\t\t<\/div>\n<\/div><div data-id=\"29126\" data-type=\"allotjaments hotel-diana-ca-3 hotel-diana-ca hotel-diana-ca-2 portada-ca\" class=\"no-title no-description has-button state-closed vamtam-project cbp-item\">\n\t<div class=\"portfolio-item-wrapper\">\n\t\t\t\t<div class=\"portfolio_image\">\n\t\t\t<div class=\"thumbnail\" style=\"max-height:400px\">\n\t\t\t\t\t\t\t\t\t\t<img loading=\"lazy\" decoding=\"async\" width=\"262\" height=\"175\" src=\"https:\/\/www.entelequiacultura.com\/wp-content\/uploads\/2019\/03\/20190206_112050-262x175.jpg\" class=\"attachment-portfolio-loop-4 size-portfolio-loop-4 wp-post-image\" alt=\"\" srcset=\"https:\/\/www.entelequiacultura.com\/wp-content\/uploads\/2019\/03\/20190206_112050-262x175.jpg 262w, https:\/\/www.entelequiacultura.com\/wp-content\/uploads\/2019\/03\/20190206_112050-1140x760.jpg 1140w, https:\/\/www.entelequiacultura.com\/wp-content\/uploads\/2019\/03\/20190206_112050-555x370.jpg 555w, https:\/\/www.entelequiacultura.com\/wp-content\/uploads\/2019\/03\/20190206_112050-360x240.jpg 360w\" sizes=\"(min-width: 900px) 50vw, 100vw\" \/>\t\t\t\t\t\t\t<\/div><!-- \/ .thumbnail -->\n\t\t<\/div>\n\n\t\t\n\t\t\t\t\t<span class=\"thumbnail-overlay\">\n\t\t\t\t<span class=\"meta\">\n\t\t\t\t\t\t\t\t\t\t<div class=\"more-button \">\n\t\t\t\t\t\t<a class=\"button button-border accent1 hover-accent1  vamtam-lightbox image\" target=\"_self\" href=\"https:\/\/www.entelequiacultura.com\/wp-content\/uploads\/2019\/03\/20190206_112050.jpg\"  rel=\"portfolio_279\">\n\t\t\t\t\t\t\tAmpliar\t\t\t\t\t\t<\/a>\n\t\t\t\t\t<\/div>\n\t\t\t\t\t\t\t\t\t<\/span>\n\t\t\t<\/span>\n\t\t\t\t\t\t<\/div>\n<\/div><div data-id=\"29117\" data-type=\"ad-hoc portada-ca trobades\" class=\"no-title no-description has-button state-closed vamtam-project cbp-item\">\n\t<div class=\"portfolio-item-wrapper\">\n\t\t\t\t<div class=\"portfolio_image\">\n\t\t\t<div class=\"thumbnail\" style=\"max-height:400px\">\n\t\t\t\t\t\t\t\t\t\t<img loading=\"lazy\" decoding=\"async\" width=\"262\" height=\"175\" src=\"https:\/\/www.entelequiacultura.com\/wp-content\/uploads\/2018\/07\/hotel-262x175.jpg\" class=\"attachment-portfolio-loop-4 size-portfolio-loop-4 wp-post-image\" alt=\"\" srcset=\"https:\/\/www.entelequiacultura.com\/wp-content\/uploads\/2018\/07\/hotel-262x175.jpg 262w, https:\/\/www.entelequiacultura.com\/wp-content\/uploads\/2018\/07\/hotel-555x370.jpg 555w, https:\/\/www.entelequiacultura.com\/wp-content\/uploads\/2018\/07\/hotel-360x240.jpg 360w\" sizes=\"(min-width: 900px) 50vw, 100vw\" \/>\t\t\t\t\t\t\t<\/div><!-- \/ .thumbnail -->\n\t\t<\/div>\n\n\t\t\n\t\t\t\t\t<span class=\"thumbnail-overlay\">\n\t\t\t\t<span class=\"meta\">\n\t\t\t\t\t\t\t\t\t\t<div class=\"more-button \">\n\t\t\t\t\t\t<a class=\"button button-border accent1 hover-accent1  vamtam-lightbox image\" target=\"_self\" href=\"https:\/\/www.entelequiacultura.com\/wp-content\/uploads\/2018\/07\/hotel.jpg\"  rel=\"portfolio_279\">\n\t\t\t\t\t\t\tAmpliar\t\t\t\t\t\t<\/a>\n\t\t\t\t\t<\/div>\n\t\t\t\t\t\t\t\t\t<\/span>\n\t\t\t<\/span>\n\t\t\t\t\t\t<\/div>\n<\/div><div data-id=\"29084\" data-type=\"allotjaments portada-ca\" class=\"no-title no-description has-button state-closed vamtam-project cbp-item\">\n\t<div class=\"portfolio-item-wrapper\">\n\t\t\t\t<div class=\"portfolio_image\">\n\t\t\t<div class=\"thumbnail\" style=\"max-height:400px\">\n\t\t\t\t\t\t\t\t\t\t<img loading=\"lazy\" decoding=\"async\" width=\"262\" height=\"175\" src=\"https:\/\/www.entelequiacultura.com\/wp-content\/uploads\/2018\/08\/20180629_193504-copia-262x175.jpg\" class=\"attachment-portfolio-loop-4 size-portfolio-loop-4 wp-post-image\" alt=\"\" srcset=\"https:\/\/www.entelequiacultura.com\/wp-content\/uploads\/2018\/08\/20180629_193504-copia-262x175.jpg 262w, https:\/\/www.entelequiacultura.com\/wp-content\/uploads\/2018\/08\/20180629_193504-copia-360x240.jpg 360w\" sizes=\"(min-width: 900px) 50vw, 100vw\" \/>\t\t\t\t\t\t\t<\/div><!-- \/ .thumbnail -->\n\t\t<\/div>\n\n\t\t\n\t\t\t\t\t<span class=\"thumbnail-overlay\">\n\t\t\t\t<span class=\"meta\">\n\t\t\t\t\t\t\t\t\t\t<div class=\"more-button \">\n\t\t\t\t\t\t<a class=\"button button-border accent1 hover-accent1  vamtam-lightbox image\" target=\"_self\" href=\"https:\/\/www.entelequiacultura.com\/wp-content\/uploads\/2018\/08\/20180629_193504-copia.jpg\"  rel=\"portfolio_279\">\n\t\t\t\t\t\t\tAmpliar\t\t\t\t\t\t<\/a>\n\t\t\t\t\t<\/div>\n\t\t\t\t\t\t\t\t\t<\/span>\n\t\t\t<\/span>\n\t\t\t\t\t\t<\/div>\n<\/div><div data-id=\"29082\" data-type=\"ad-hoc allotjaments portada-ca\" class=\"no-title no-description has-button state-closed vamtam-project cbp-item\">\n\t<div class=\"portfolio-item-wrapper\">\n\t\t\t\t<div class=\"portfolio_image\">\n\t\t\t<div class=\"thumbnail\" style=\"max-height:400px\">\n\t\t\t\t\t\t\t\t\t\t<img loading=\"lazy\" decoding=\"async\" width=\"262\" height=\"175\" src=\"https:\/\/www.entelequiacultura.com\/wp-content\/uploads\/2018\/04\/272996_198202610227703_4486184_o-262x175.jpg\" class=\"attachment-portfolio-loop-4 size-portfolio-loop-4 wp-post-image\" alt=\"\" srcset=\"https:\/\/www.entelequiacultura.com\/wp-content\/uploads\/2018\/04\/272996_198202610227703_4486184_o-262x175.jpg 262w, https:\/\/www.entelequiacultura.com\/wp-content\/uploads\/2018\/04\/272996_198202610227703_4486184_o-300x200.jpg 300w, https:\/\/www.entelequiacultura.com\/wp-content\/uploads\/2018\/04\/272996_198202610227703_4486184_o-768x511.jpg 768w, https:\/\/www.entelequiacultura.com\/wp-content\/uploads\/2018\/04\/272996_198202610227703_4486184_o-555x370.jpg 555w, https:\/\/www.entelequiacultura.com\/wp-content\/uploads\/2018\/04\/272996_198202610227703_4486184_o-360x240.jpg 360w, https:\/\/www.entelequiacultura.com\/wp-content\/uploads\/2018\/04\/272996_198202610227703_4486184_o-600x400.jpg 600w, https:\/\/www.entelequiacultura.com\/wp-content\/uploads\/2018\/04\/272996_198202610227703_4486184_o.jpg 1021w\" sizes=\"(min-width: 900px) 50vw, 100vw\" \/>\t\t\t\t\t\t\t<\/div><!-- \/ .thumbnail -->\n\t\t<\/div>\n\n\t\t\n\t\t\t\t\t<span class=\"thumbnail-overlay\">\n\t\t\t\t<span class=\"meta\">\n\t\t\t\t\t\t\t\t\t\t<div class=\"more-button \">\n\t\t\t\t\t\t<a class=\"button button-border accent1 hover-accent1  vamtam-lightbox image\" target=\"_self\" href=\"https:\/\/www.entelequiacultura.com\/wp-content\/uploads\/2018\/04\/272996_198202610227703_4486184_o.jpg\"  rel=\"portfolio_279\">\n\t\t\t\t\t\t\tAmpliar\t\t\t\t\t\t<\/a>\n\t\t\t\t\t<\/div>\n\t\t\t\t\t\t\t\t\t<\/span>\n\t\t\t<\/span>\n\t\t\t\t\t\t<\/div>\n<\/div><div data-id=\"29080\" data-type=\"allotjaments portada-ca\" class=\"no-title no-description has-button state-closed vamtam-project cbp-item\">\n\t<div class=\"portfolio-item-wrapper\">\n\t\t\t\t<div class=\"portfolio_image\">\n\t\t\t<div class=\"thumbnail\" style=\"max-height:400px\">\n\t\t\t\t\t\t\t\t\t\t<img loading=\"lazy\" decoding=\"async\" width=\"262\" height=\"175\" src=\"https:\/\/www.entelequiacultura.com\/wp-content\/uploads\/2018\/04\/535798_483328758381752_879637208_n-262x175.jpg\" class=\"attachment-portfolio-loop-4 size-portfolio-loop-4 wp-post-image\" alt=\"\" srcset=\"https:\/\/www.entelequiacultura.com\/wp-content\/uploads\/2018\/04\/535798_483328758381752_879637208_n-262x175.jpg 262w, https:\/\/www.entelequiacultura.com\/wp-content\/uploads\/2018\/04\/535798_483328758381752_879637208_n-555x370.jpg 555w, https:\/\/www.entelequiacultura.com\/wp-content\/uploads\/2018\/04\/535798_483328758381752_879637208_n-360x240.jpg 360w\" sizes=\"(min-width: 900px) 50vw, 100vw\" \/>\t\t\t\t\t\t\t<\/div><!-- \/ .thumbnail -->\n\t\t<\/div>\n\n\t\t\n\t\t\t\t\t<span class=\"thumbnail-overlay\">\n\t\t\t\t<span class=\"meta\">\n\t\t\t\t\t\t\t\t\t\t<div class=\"more-button \">\n\t\t\t\t\t\t<a class=\"button button-border accent1 hover-accent1  vamtam-lightbox image\" target=\"_self\" href=\"https:\/\/www.entelequiacultura.com\/wp-content\/uploads\/2018\/04\/535798_483328758381752_879637208_n.jpg\"  rel=\"portfolio_279\">\n\t\t\t\t\t\t\tAmpliar\t\t\t\t\t\t<\/a>\n\t\t\t\t\t<\/div>\n\t\t\t\t\t\t\t\t\t<\/span>\n\t\t\t<\/span>\n\t\t\t\t\t\t<\/div>\n<\/div><div data-id=\"29072\" data-type=\"allotjaments portada-ca\" class=\"no-title no-description has-button state-closed vamtam-project cbp-item\">\n\t<div class=\"portfolio-item-wrapper\">\n\t\t\t\t<div class=\"portfolio_image\">\n\t\t\t<div class=\"thumbnail\" style=\"max-height:400px\">\n\t\t\t\t\t\t\t\t\t\t<img loading=\"lazy\" decoding=\"async\" width=\"262\" height=\"175\" src=\"https:\/\/www.entelequiacultura.com\/wp-content\/uploads\/2018\/08\/jardin-e1533926836367-262x175.jpg\" class=\"attachment-portfolio-loop-4 size-portfolio-loop-4 wp-post-image\" alt=\"\" srcset=\"https:\/\/www.entelequiacultura.com\/wp-content\/uploads\/2018\/08\/jardin-e1533926836367-262x175.jpg 262w, https:\/\/www.entelequiacultura.com\/wp-content\/uploads\/2018\/08\/jardin-e1533926836367-555x370.jpg 555w, https:\/\/www.entelequiacultura.com\/wp-content\/uploads\/2018\/08\/jardin-e1533926836367-360x240.jpg 360w\" sizes=\"(min-width: 900px) 50vw, 100vw\" \/>\t\t\t\t\t\t\t<\/div><!-- \/ .thumbnail -->\n\t\t<\/div>\n\n\t\t\n\t\t\t\t\t<span class=\"thumbnail-overlay\">\n\t\t\t\t<span class=\"meta\">\n\t\t\t\t\t\t\t\t\t\t<div class=\"more-button \">\n\t\t\t\t\t\t<a class=\"button button-border accent1 hover-accent1  vamtam-lightbox image\" target=\"_self\" href=\"https:\/\/www.entelequiacultura.com\/wp-content\/uploads\/2018\/08\/jardin-e1533926836367.jpg\"  rel=\"portfolio_279\">\n\t\t\t\t\t\t\tAmpliar\t\t\t\t\t\t<\/a>\n\t\t\t\t\t<\/div>\n\t\t\t\t\t\t\t\t\t<\/span>\n\t\t\t<\/span>\n\t\t\t\t\t\t<\/div>\n<\/div><div data-id=\"29071\" data-type=\"ad-hoc allotjaments portada-ca\" class=\"no-title no-description has-button state-closed vamtam-project cbp-item\">\n\t<div class=\"portfolio-item-wrapper\">\n\t\t\t\t<div class=\"portfolio_image\">\n\t\t\t<div class=\"thumbnail\" style=\"max-height:400px\">\n\t\t\t\t\t\t\t\t\t\t<img loading=\"lazy\" decoding=\"async\" width=\"262\" height=\"175\" src=\"https:\/\/www.entelequiacultura.com\/wp-content\/uploads\/2018\/08\/casa-by-Rita-262x175.jpg\" class=\"attachment-portfolio-loop-4 size-portfolio-loop-4 wp-post-image\" alt=\"\" srcset=\"https:\/\/www.entelequiacultura.com\/wp-content\/uploads\/2018\/08\/casa-by-Rita-262x175.jpg 262w, https:\/\/www.entelequiacultura.com\/wp-content\/uploads\/2018\/08\/casa-by-Rita-1140x760.jpg 1140w, https:\/\/www.entelequiacultura.com\/wp-content\/uploads\/2018\/08\/casa-by-Rita-555x370.jpg 555w, https:\/\/www.entelequiacultura.com\/wp-content\/uploads\/2018\/08\/casa-by-Rita-360x240.jpg 360w\" sizes=\"(min-width: 900px) 50vw, 100vw\" \/>\t\t\t\t\t\t\t<\/div><!-- \/ .thumbnail -->\n\t\t<\/div>\n\n\t\t\n\t\t\t\t\t<span class=\"thumbnail-overlay\">\n\t\t\t\t<span class=\"meta\">\n\t\t\t\t\t\t\t\t\t\t<div class=\"more-button \">\n\t\t\t\t\t\t<a class=\"button button-border accent1 hover-accent1  vamtam-lightbox image\" target=\"_self\" href=\"https:\/\/www.entelequiacultura.com\/wp-content\/uploads\/2018\/08\/casa-by-Rita.jpg\"  rel=\"portfolio_279\">\n\t\t\t\t\t\t\tAmpliar\t\t\t\t\t\t<\/a>\n\t\t\t\t\t<\/div>\n\t\t\t\t\t\t\t\t\t<\/span>\n\t\t\t<\/span>\n\t\t\t\t\t\t<\/div>\n<\/div><div data-id=\"29068\" data-type=\"allotjaments portada-ca\" class=\"no-title no-description has-button state-closed vamtam-project cbp-item\">\n\t<div class=\"portfolio-item-wrapper\">\n\t\t\t\t<div class=\"portfolio_image\">\n\t\t\t<div class=\"thumbnail\" style=\"max-height:400px\">\n\t\t\t\t\t\t\t\t\t\t<img loading=\"lazy\" decoding=\"async\" width=\"262\" height=\"175\" src=\"https:\/\/www.entelequiacultura.com\/wp-content\/uploads\/2018\/01\/20171107_110127-1024x768-1-262x175.jpg\" class=\"attachment-portfolio-loop-4 size-portfolio-loop-4 wp-post-image\" alt=\"\" srcset=\"https:\/\/www.entelequiacultura.com\/wp-content\/uploads\/2018\/01\/20171107_110127-1024x768-1-262x175.jpg 262w, https:\/\/www.entelequiacultura.com\/wp-content\/uploads\/2018\/01\/20171107_110127-1024x768-1-555x370.jpg 555w, https:\/\/www.entelequiacultura.com\/wp-content\/uploads\/2018\/01\/20171107_110127-1024x768-1-360x240.jpg 360w\" sizes=\"(min-width: 900px) 50vw, 100vw\" \/>\t\t\t\t\t\t\t<\/div><!-- \/ .thumbnail -->\n\t\t<\/div>\n\n\t\t\n\t\t\t\t\t<span class=\"thumbnail-overlay\">\n\t\t\t\t<span class=\"meta\">\n\t\t\t\t\t\t\t\t\t\t<div class=\"more-button \">\n\t\t\t\t\t\t<a class=\"button button-border accent1 hover-accent1  vamtam-lightbox image\" target=\"_self\" href=\"https:\/\/www.entelequiacultura.com\/wp-content\/uploads\/2018\/01\/20171107_110127-1024x768-1.jpg\"  rel=\"portfolio_279\">\n\t\t\t\t\t\t\tAmpliar\t\t\t\t\t\t<\/a>\n\t\t\t\t\t<\/div>\n\t\t\t\t\t\t\t\t\t<\/span>\n\t\t\t<\/span>\n\t\t\t\t\t\t<\/div>\n<\/div><div data-id=\"29067\" data-type=\"allotjaments portada-ca\" class=\"no-title no-description has-button state-closed vamtam-project cbp-item\">\n\t<div class=\"portfolio-item-wrapper\">\n\t\t\t\t<div class=\"portfolio_image\">\n\t\t\t<div class=\"thumbnail\" style=\"max-height:400px\">\n\t\t\t\t\t\t\t\t\t\t<img loading=\"lazy\" decoding=\"async\" width=\"262\" height=\"175\" src=\"https:\/\/www.entelequiacultura.com\/wp-content\/uploads\/2018\/01\/20171107_112415-1024x768-262x175.jpg\" class=\"attachment-portfolio-loop-4 size-portfolio-loop-4 wp-post-image\" alt=\"\" srcset=\"https:\/\/www.entelequiacultura.com\/wp-content\/uploads\/2018\/01\/20171107_112415-1024x768-262x175.jpg 262w, https:\/\/www.entelequiacultura.com\/wp-content\/uploads\/2018\/01\/20171107_112415-1024x768-555x370.jpg 555w, https:\/\/www.entelequiacultura.com\/wp-content\/uploads\/2018\/01\/20171107_112415-1024x768-360x240.jpg 360w\" sizes=\"(min-width: 900px) 50vw, 100vw\" \/>\t\t\t\t\t\t\t<\/div><!-- \/ .thumbnail -->\n\t\t<\/div>\n\n\t\t\n\t\t\t\t\t<span class=\"thumbnail-overlay\">\n\t\t\t\t<span class=\"meta\">\n\t\t\t\t\t\t\t\t\t\t<div class=\"more-button \">\n\t\t\t\t\t\t<a class=\"button button-border accent1 hover-accent1  vamtam-lightbox image\" target=\"_self\" href=\"https:\/\/www.entelequiacultura.com\/wp-content\/uploads\/2018\/01\/20171107_112415-1024x768.jpg\"  rel=\"portfolio_279\">\n\t\t\t\t\t\t\tAmpliar\t\t\t\t\t\t<\/a>\n\t\t\t\t\t<\/div>\n\t\t\t\t\t\t\t\t\t<\/span>\n\t\t\t<\/span>\n\t\t\t\t\t\t<\/div>\n<\/div><div data-id=\"34814\" data-type=\"mas-juli-2 portada-ca\" class=\"no-title no-description has-button state-closed vamtam-project cbp-item\">\n\t<div class=\"portfolio-item-wrapper\">\n\t\t\t\t<div class=\"portfolio_image\">\n\t\t\t<div class=\"thumbnail\" style=\"max-height:400px\">\n\t\t\t\t\t\t\t\t\t\t<img loading=\"lazy\" decoding=\"async\" width=\"262\" height=\"175\" src=\"https:\/\/www.entelequiacultura.com\/wp-content\/uploads\/2021\/04\/mas-juli-piscina-262x175.jpg\" class=\"attachment-portfolio-loop-4 size-portfolio-loop-4 wp-post-image\" alt=\"\" srcset=\"https:\/\/www.entelequiacultura.com\/wp-content\/uploads\/2021\/04\/mas-juli-piscina-262x175.jpg 262w, https:\/\/www.entelequiacultura.com\/wp-content\/uploads\/2021\/04\/mas-juli-piscina-555x370.jpg 555w, https:\/\/www.entelequiacultura.com\/wp-content\/uploads\/2021\/04\/mas-juli-piscina-360x240.jpg 360w\" sizes=\"(min-width: 900px) 50vw, 100vw\" \/>\t\t\t\t\t\t\t<\/div><!-- \/ .thumbnail -->\n\t\t<\/div>\n\n\t\t\n\t\t\t\t\t<span class=\"thumbnail-overlay\">\n\t\t\t\t<span class=\"meta\">\n\t\t\t\t\t\t\t\t\t\t<div class=\"more-button \">\n\t\t\t\t\t\t<a class=\"button button-border accent1 hover-accent1  vamtam-lightbox image\" target=\"_self\" href=\"https:\/\/www.entelequiacultura.com\/wp-content\/uploads\/2021\/04\/mas-juli-piscina.jpg\"  rel=\"portfolio_279\">\n\t\t\t\t\t\t\tAmpliar\t\t\t\t\t\t<\/a>\n\t\t\t\t\t<\/div>\n\t\t\t\t\t\t\t\t\t<\/span>\n\t\t\t<\/span>\n\t\t\t\t\t\t<\/div>\n<\/div>\t<\/div>\n\t<\/section>\n\n<\/div><\/div>\n<div class=\"row \"><div class=\"wpv-grid grid-1-1  first unextended\" style=\"padding-top:0px;padding-bottom:0px\" id=\"wpv-column-26aa07bb004ec62ec25fc413dbbaec26\" ><div class=\"push\" style='height:20px'><\/div>\n<p style=\"text-align: center;\"><a href=\"https:\/\/www.entelequiacultura.com\/ca\/contacte\/\">Contacta-ns per a saber m\u00e9s \u2192<\/a><\/div><\/div><\/div><\/div><\/div>\n<div class=\"row \"><div class=\"wpv-grid grid-1-1  wpv-first-level first has-background extended\" style=\"\n\t\t\t\tbackground: url('https:\/\/www.entelequiacultura.com\/wp-content\/uploads\/2018\/04\/11-sala-de-prensa.jpg')  ;\n\t\t\t\tbackground-size: auto;\n\t\t\t\tbackground-attachment: fixed;\n\t\t\tpadding-top:20px;padding-bottom:15px\" id=\"wpv-column-1c646ac11a240d0f4d87c251eca19307\" ><div class=\"extended-column-inner\"><h2 class='column-title'>No et perdis les nostres pr\u00f2ximes activitats!<\/h2><div class=\"row \"><div class=\"wpv-grid grid-1-1  first unextended\" style=\"padding-top:0px;padding-bottom:0px\" id=\"wpv-column-8e1c2308a27b6ed1f2dc895da8a6b943\" ><div>\n<div>\n<p style=\"text-align: center;\"><a href=\"https:\/\/www.entelequiacultura.com\/ca\/butlleti-informatiu-2\/\" target=\"_self\" style='font-size: 20px;' class=\"button vamtam-button accent1  btn_inscripcion button-filled hover-accent1  alignleft\"><span class=\"btext\">Subscriu-te al nostre butllet\u00ed informatiu!<\/span><\/a>\n<\/div>\n<\/div><\/div><\/div><\/div><\/div><\/div>\n<div class=\"row \"><div class=\"wpv-grid grid-1-1  wpv-first-level first unextended\" style=\"padding-top:0px;padding-bottom:0px\" id=\"wpv-column-744ce6db9fcfe4b02674894f52370489\" ><h2 class='column-title'>Segueix-nos en xarxes<\/h2><div class=\"row \"><div class=\"wpv-grid grid-1-1  first unextended\" style=\"padding-top:0px;padding-bottom:0px\" id=\"wpv-column-5e24c6f1fc5a5b4bd4a7465aaf6ff716\" ><p style=\"text-align: center;\"><a href=\"https:\/\/www.instagram.com\/entelequiacultura\/\" target=\"_blank\" rel=\"noopener\"> <span class='icon shortcode  ' style='font-size:50px !important;'>&#58158;<\/span> \u00a0 \u00a0 \u00a0 <\/a><a href=\"https:\/\/www.facebook.com\/entelequiacultura\/\"><span class='icon shortcode  ' style='font-size:50px !important;'>&#58155;<\/span> <\/a><\/div><\/div><\/div><\/div>\n<div class=\"row \"><div class=\"wpv-grid grid-1-1  wpv-first-level first has-background extended\" style=\"\n\t\t\t\tbackground: url('https:\/\/www.entelequiacultura.com\/wp-content\/uploads\/2018\/01\/retiros-culturales-e1727594027205.jpg')  ;\n\t\t\t\tbackground-size: auto;\n\t\t\t\tbackground-attachment: fixed;\n\t\t\tpadding-top:20px;padding-bottom:15px\" id=\"wpv-column-45ef73255807b80a78eb5927f97027d4\" ><div class=\"extended-column-inner\"><div class=\"row \"><div class=\"wpv-grid grid-1-1  first unextended\" style=\"padding-top:0px;padding-bottom:0px\" id=\"wpv-column-fea5c04928da1ff8ec60a07492afed01\" ><div>\n<p style=\"text-align: center;\"><a href=\"https:\/\/www.entelequiacultura.com\/ca\/regala-entelequia\/\" target=\"_self\" style='font-size: 20px;' class=\"button vamtam-button accent1  btn_inscripcion button-filled hover-accent1  alignleft\"><span class=\"btext\">Regala Entel\u00e8quia!<\/span><\/a>\n<\/div>\n<div><\/div><\/div><\/div><\/div><\/div><\/div>\n","protected":false},"excerpt":{"rendered":"","protected":false},"author":1,"featured_media":0,"parent":0,"menu_order":0,"comment_status":"closed","ping_status":"closed","template":"","meta":{"_price":"","_stock":"","_tribe_ticket_header":"","_tribe_default_ticket_provider":"","_tribe_ticket_capacity":"0","_ticket_start_date":"","_ticket_end_date":"","_tribe_ticket_show_description":"","_tribe_ticket_show_not_going":false,"_tribe_ticket_use_global_stock":"","_tribe_ticket_global_stock_level":"","_global_stock_mode":"","_global_stock_cap":"","_tribe_rsvp_for_event":"","_tribe_ticket_going_count":"","_tribe_ticket_not_going_count":"","_tribe_tickets_list":"[]","_tribe_ticket_has_attendee_info_fields":false,"footnotes":"","_tec_slr_enabled":"","_tec_slr_layout":""},"class_list":["post-27187","page","type-page","status-publish","hentry"],"aioseo_notices":[],"ticketed":false,"_links":{"self":[{"href":"https:\/\/www.entelequiacultura.com\/ca\/wp-json\/wp\/v2\/pages\/27187","targetHints":{"allow":["GET"]}}],"collection":[{"href":"https:\/\/www.entelequiacultura.com\/ca\/wp-json\/wp\/v2\/pages"}],"about":[{"href":"https:\/\/www.entelequiacultura.com\/ca\/wp-json\/wp\/v2\/types\/page"}],"author":[{"embeddable":true,"href":"https:\/\/www.entelequiacultura.com\/ca\/wp-json\/wp\/v2\/users\/1"}],"replies":[{"embeddable":true,"href":"https:\/\/www.entelequiacultura.com\/ca\/wp-json\/wp\/v2\/comments?post=27187"}],"version-history":[{"count":5,"href":"https:\/\/www.entelequiacultura.com\/ca\/wp-json\/wp\/v2\/pages\/27187\/revisions"}],"predecessor-version":[{"id":44465,"href":"https:\/\/www.entelequiacultura.com\/ca\/wp-json\/wp\/v2\/pages\/27187\/revisions\/44465"}],"wp:attachment":[{"href":"https:\/\/www.entelequiacultura.com\/ca\/wp-json\/wp\/v2\/media?parent=27187"}],"curies":[{"name":"wp","href":"https:\/\/api.w.org\/{rel}","templated":true}]}}