{"id":27133,"date":"2018-01-29T21:16:51","date_gmt":"2018-01-29T20:16:51","guid":{"rendered":"https:\/\/www.entelequiacultura.com\/?page_id=27133"},"modified":"2019-07-02T11:21:36","modified_gmt":"2019-07-02T09:21:36","slug":"bloc","status":"publish","type":"page","link":"https:\/\/www.entelequiacultura.com\/ca\/bloc\/","title":{"rendered":"Bloc"},"content":{"rendered":"<div class=\"row \"><div class=\"wpv-grid grid-1-1  wpv-first-level first unextended\" style=\"padding-top:0px;padding-bottom:0px\" id=\"wpv-column-5e4b3a9b1ed03ed957946ade85f3cda8\" ><\/div><\/div>\n<div class=\"row \"><div class=\"wpv-grid grid-1-1  wpv-first-level first unextended\" style=\"padding-top:0px;padding-bottom:0px\" id=\"wpv-column-bb3bcea417fff91408f1e0ab9c6079c5\" ><div class=\"loop-wrapper clearfix regular normal not-paginated\" data-columns=\"1\"  >\n\t\t<div class=\"page-content post-header clearfix list-item post-37876 post type-post status-publish format-image has-post-thumbnail hentry category-sin-categoria post_format-post-format-image\" >\n\t\t\t<div>\n\t\t\t\t<div class=\"post-article has-image-wrapper \">\n\t<div class=\"image-post-format clearfix as-normal \">\n\t\t<div class=\"post-row\">\n\t<div class=\"post-row-left\">\n\t\n<div class=\"post-date\">\n\t\t\t<span class=\"top-part\">\n\t\t\t11\t\t<\/span>\n\t\t<span class=\"bottom-part\">\n\t\t\t12 '22\t\t<\/span>\n\t<\/div>\t<div class=\"post-left-actions\">\n\t\t\t<\/div>\n<\/div>\n\t<div class=\"post-row-center\">\n\t\t\t\t\t<div class=\"post-media\">\n\t\t\t\t<div class='media-inner'>\n\t\t\t\t\t\t\t\t\t\t\t<a href=\"https:\/\/www.entelequiacultura.com\/ca\/2022\/\" title=\"Moments estel\u00b7lars del 2022 en Dante Alighieri i m\u00e9s enll\u00e0\">\n\t\t\t\t\t\n\t\t\t\t\t<img loading=\"lazy\" decoding=\"async\" width=\"480\" height=\"369\" src=\"https:\/\/www.entelequiacultura.com\/wp-content\/uploads\/2022\/12\/IMG_6013-480x369.jpg\" class=\"attachment-post-loop size-post-loop wp-post-image\" alt=\"\" srcset=\"https:\/\/www.entelequiacultura.com\/wp-content\/uploads\/2022\/12\/IMG_6013-480x369.jpg 480w, https:\/\/www.entelequiacultura.com\/wp-content\/uploads\/2022\/12\/IMG_6013-1140x876.jpg 1140w, https:\/\/www.entelequiacultura.com\/wp-content\/uploads\/2022\/12\/IMG_6013-555x426.jpg 555w, https:\/\/www.entelequiacultura.com\/wp-content\/uploads\/2022\/12\/IMG_6013-360x276.jpg 360w, https:\/\/www.entelequiacultura.com\/wp-content\/uploads\/2022\/12\/IMG_6013-262x201.jpg 262w\" sizes=\"(min-width: 900px) 50vw, 100vw\" \/>\n\t\t\t\t\t\t\t\t\t\t\t<\/a>\n\t\t\t\t\t\t\t\t\t<\/div>\n\t\t\t<\/div>\n\t\t\t\t<div class=\"post-content-outer\">\n\t\t\t\t\t<header class=\"single\">\n\t\t\t<div class=\"content\">\n\t\t\t\t\t\t\t\t<h3>\n\t\t\t\t\t<a href=\"https:\/\/www.entelequiacultura.com\/ca\/2022\/\" title=\"Moments estel\u00b7lars del 2022 en Dante Alighieri i m\u00e9s enll\u00e0\">Moments estel\u00b7lars del 2022 en Dante Alighieri i m\u00e9s enll\u00e0<\/a>\n\t\t\t\t<\/h3>\n\t\t\t<\/div>\n\t\t<\/header>\n\t<div class=\"post-content the-content\">\n\t<p>Falten pocs dies perqu\u00e8 finalitzi el 2022 i amb ell el nostre primer lustre d&#8217;exist\u00e8ncia. En aquests cinc anys hem comptat amb m\u00e9s de trenta saga\u00e7os mestres. Durant aquest darrer&#8230;<\/p>\n<\/div><div class=\"post-meta\">\n\t<nav class=\"clearfix\">\n\t\t\n\t\t\t\t\t\t\t\t<\/nav>\n<\/div>\t\t<\/div>\n\t<\/div>\n<\/div>\t<\/div>\n<\/div>\n\t\t\t<\/div>\n\t\t<\/div>\n\t\t<div class=\"page-content post-header clearfix list-item post-37435 post type-post status-publish format-image has-post-thumbnail hentry category-sin-categoria post_format-post-format-image\" >\n\t\t\t<div>\n\t\t\t\t<div class=\"post-article has-image-wrapper \">\n\t<div class=\"image-post-format clearfix as-normal \">\n\t\t<div class=\"post-row\">\n\t<div class=\"post-row-left\">\n\t\n<div class=\"post-date\">\n\t\t\t<span class=\"top-part\">\n\t\t\t06\t\t<\/span>\n\t\t<span class=\"bottom-part\">\n\t\t\t12 '22\t\t<\/span>\n\t<\/div>\t<div class=\"post-left-actions\">\n\t\t\n<div class=\"post-actions\">\n\t\t\t\t\t\t<div class=\"comment-count\">\n\t\t\t\t<a href=\"https:\/\/www.entelequiacultura.com\/ca\/cronicamauriciowiesenthal\/#respond\">0 <span class=\"comment-word\">Comments<\/span><\/a>\t\t\t<\/div>\n\t\t\n\t\t\n\t\t\t<\/div>\t<\/div>\n<\/div>\n\t<div class=\"post-row-center\">\n\t\t\t\t\t<div class=\"post-media\">\n\t\t\t\t<div class='media-inner'>\n\t\t\t\t\t\t\t\t\t\t\t<a href=\"https:\/\/www.entelequiacultura.com\/ca\/cronicamauriciowiesenthal\/\" title=\"Una consci\u00e8ncia human\u00edstica de la saviesa (cr\u00f2nica del retir amb Mauricio Wiesenthal per Lola Ir\u00fan)\">\n\t\t\t\t\t\n\t\t\t\t\t<img loading=\"lazy\" decoding=\"async\" width=\"480\" height=\"369\" src=\"https:\/\/www.entelequiacultura.com\/wp-content\/uploads\/2022\/10\/IMG_0442-480x369.jpg\" class=\"attachment-post-loop size-post-loop wp-post-image\" alt=\"\" srcset=\"https:\/\/www.entelequiacultura.com\/wp-content\/uploads\/2022\/10\/IMG_0442-480x369.jpg 480w, https:\/\/www.entelequiacultura.com\/wp-content\/uploads\/2022\/10\/IMG_0442-1140x876.jpg 1140w, https:\/\/www.entelequiacultura.com\/wp-content\/uploads\/2022\/10\/IMG_0442-555x426.jpg 555w, https:\/\/www.entelequiacultura.com\/wp-content\/uploads\/2022\/10\/IMG_0442-360x276.jpg 360w, https:\/\/www.entelequiacultura.com\/wp-content\/uploads\/2022\/10\/IMG_0442-262x201.jpg 262w\" sizes=\"(min-width: 900px) 50vw, 100vw\" \/>\n\t\t\t\t\t\t\t\t\t\t\t<\/a>\n\t\t\t\t\t\t\t\t\t<\/div>\n\t\t\t<\/div>\n\t\t\t\t<div class=\"post-content-outer\">\n\t\t\t\t\t<header class=\"single\">\n\t\t\t<div class=\"content\">\n\t\t\t\t\t\t\t\t<h3>\n\t\t\t\t\t<a href=\"https:\/\/www.entelequiacultura.com\/ca\/cronicamauriciowiesenthal\/\" title=\"Una consci\u00e8ncia human\u00edstica de la saviesa (cr\u00f2nica del retir amb Mauricio Wiesenthal per Lola Ir\u00fan)\">Una consci\u00e8ncia human\u00edstica de la saviesa (cr\u00f2nica del retir amb Mauricio Wiesenthal per Lola Ir\u00fan)<\/a>\n\t\t\t\t<\/h3>\n\t\t\t<\/div>\n\t\t<\/header>\n\t<div class=\"post-content the-content\">\n\t<p>Una conciencia humanista de la sabidur\u00eda Aunque uno se divida, jam\u00e1s acaba de perder su unidad m\u00e1s intima. Johann Wolfgang Goethe a Friedrich Shiller Los pasados d\u00edas 23, 24 y&#8230;<\/p>\n<\/div><div class=\"post-meta\">\n\t<nav class=\"clearfix\">\n\t\t\n\t\t\t\t\t\t\t\t<\/nav>\n<\/div>\t\t<\/div>\n\t<\/div>\n<\/div>\t<\/div>\n<\/div>\n\t\t\t<\/div>\n\t\t<\/div>\n\t\t<div class=\"page-content post-header clearfix list-item post-37915 post type-post status-publish format-image has-post-thumbnail hentry category-sin-categoria post_format-post-format-image\" >\n\t\t\t<div>\n\t\t\t\t<div class=\"post-article has-image-wrapper \">\n\t<div class=\"image-post-format clearfix as-normal \">\n\t\t<div class=\"post-row\">\n\t<div class=\"post-row-left\">\n\t\n<div class=\"post-date\">\n\t\t\t<span class=\"top-part\">\n\t\t\t30\t\t<\/span>\n\t\t<span class=\"bottom-part\">\n\t\t\t06 '22\t\t<\/span>\n\t<\/div>\t<div class=\"post-left-actions\">\n\t\t\n<div class=\"post-actions\">\n\t\t\t\t\t\t<div class=\"comment-count\">\n\t\t\t\t<a href=\"https:\/\/www.entelequiacultura.com\/ca\/cronicaretirraquellanseros\/#respond\">0 <span class=\"comment-word\">Comments<\/span><\/a>\t\t\t<\/div>\n\t\t\n\t\t\n\t\t\t<\/div>\t<\/div>\n<\/div>\n\t<div class=\"post-row-center\">\n\t\t\t\t\t<div class=\"post-media\">\n\t\t\t\t<div class='media-inner'>\n\t\t\t\t\t\t\t\t\t\t\t<a href=\"https:\/\/www.entelequiacultura.com\/ca\/cronicaretirraquellanseros\/\" title=\"El cor secret de Raquel Lanseros\">\n\t\t\t\t\t\n\t\t\t\t\t<img loading=\"lazy\" decoding=\"async\" width=\"480\" height=\"369\" src=\"https:\/\/www.entelequiacultura.com\/wp-content\/uploads\/2022\/12\/IMG_4516-480x369.jpg\" class=\"attachment-post-loop size-post-loop wp-post-image\" alt=\"\" srcset=\"https:\/\/www.entelequiacultura.com\/wp-content\/uploads\/2022\/12\/IMG_4516-480x369.jpg 480w, https:\/\/www.entelequiacultura.com\/wp-content\/uploads\/2022\/12\/IMG_4516-1140x876.jpg 1140w, https:\/\/www.entelequiacultura.com\/wp-content\/uploads\/2022\/12\/IMG_4516-555x426.jpg 555w, https:\/\/www.entelequiacultura.com\/wp-content\/uploads\/2022\/12\/IMG_4516-360x276.jpg 360w, https:\/\/www.entelequiacultura.com\/wp-content\/uploads\/2022\/12\/IMG_4516-262x201.jpg 262w\" sizes=\"(min-width: 900px) 50vw, 100vw\" \/>\n\t\t\t\t\t\t\t\t\t\t\t<\/a>\n\t\t\t\t\t\t\t\t\t<\/div>\n\t\t\t<\/div>\n\t\t\t\t<div class=\"post-content-outer\">\n\t\t\t\t\t<header class=\"single\">\n\t\t\t<div class=\"content\">\n\t\t\t\t\t\t\t\t<h3>\n\t\t\t\t\t<a href=\"https:\/\/www.entelequiacultura.com\/ca\/cronicaretirraquellanseros\/\" title=\"El cor secret de Raquel Lanseros\">El cor secret de Raquel Lanseros<\/a>\n\t\t\t\t<\/h3>\n\t\t\t<\/div>\n\t\t<\/header>\n\t<div class=\"post-content the-content\">\n\t<p>Ten\u00edem immenses ganes de con\u00e8ixer personalment a Raquel Lanseros despr\u00e9s de delectar-nos amb la confer\u00e8ncia en l\u00ednia que va impartir al maig del 2020 en Entel\u00e8quia sobre &#8220;Ci\u00e8ncia i Poesia&#8221;&#8230;.<\/p>\n<\/div><div class=\"post-meta\">\n\t<nav class=\"clearfix\">\n\t\t\n\t\t\t\t\t\t\t\t<\/nav>\n<\/div>\t\t<\/div>\n\t<\/div>\n<\/div>\t<\/div>\n<\/div>\n\t\t\t<\/div>\n\t\t<\/div>\n\t\t<div class=\"page-content post-header clearfix list-item post-37535 post type-post status-publish format-image has-post-thumbnail hentry category-sin-categoria post_format-post-format-image\" >\n\t\t\t<div>\n\t\t\t\t<div class=\"post-article has-image-wrapper \">\n\t<div class=\"image-post-format clearfix as-normal \">\n\t\t<div class=\"post-row\">\n\t<div class=\"post-row-left\">\n\t\n<div class=\"post-date\">\n\t\t\t<span class=\"top-part\">\n\t\t\t01\t\t<\/span>\n\t\t<span class=\"bottom-part\">\n\t\t\t06 '22\t\t<\/span>\n\t<\/div>\t<div class=\"post-left-actions\">\n\t\t\n<div class=\"post-actions\">\n\t\t\t\t\t\t<div class=\"comment-count\">\n\t\t\t\t<a href=\"https:\/\/www.entelequiacultura.com\/ca\/cronicaretirojesusaguado\/#respond\">0 <span class=\"comment-word\">Comments<\/span><\/a>\t\t\t<\/div>\n\t\t\n\t\t\n\t\t\t<\/div>\t<\/div>\n<\/div>\n\t<div class=\"post-row-center\">\n\t\t\t\t\t<div class=\"post-media\">\n\t\t\t\t<div class='media-inner'>\n\t\t\t\t\t\t\t\t\t\t\t<a href=\"https:\/\/www.entelequiacultura.com\/ca\/cronicaretirojesusaguado\/\" title=\"Cr\u00f2nica del retir literari amb Jes\u00fas Aguado\">\n\t\t\t\t\t\n\t\t\t\t\t<img loading=\"lazy\" decoding=\"async\" width=\"480\" height=\"369\" src=\"https:\/\/www.entelequiacultura.com\/wp-content\/uploads\/2022\/10\/ce5f8f03-7db8-4954-86ed-b4f8d5f5add0-480x369.jpg\" class=\"attachment-post-loop size-post-loop wp-post-image\" alt=\"\" srcset=\"https:\/\/www.entelequiacultura.com\/wp-content\/uploads\/2022\/10\/ce5f8f03-7db8-4954-86ed-b4f8d5f5add0-480x369.jpg 480w, https:\/\/www.entelequiacultura.com\/wp-content\/uploads\/2022\/10\/ce5f8f03-7db8-4954-86ed-b4f8d5f5add0-1140x876.jpg 1140w, https:\/\/www.entelequiacultura.com\/wp-content\/uploads\/2022\/10\/ce5f8f03-7db8-4954-86ed-b4f8d5f5add0-555x426.jpg 555w, https:\/\/www.entelequiacultura.com\/wp-content\/uploads\/2022\/10\/ce5f8f03-7db8-4954-86ed-b4f8d5f5add0-360x276.jpg 360w, https:\/\/www.entelequiacultura.com\/wp-content\/uploads\/2022\/10\/ce5f8f03-7db8-4954-86ed-b4f8d5f5add0-262x201.jpg 262w\" sizes=\"(min-width: 900px) 50vw, 100vw\" \/>\n\t\t\t\t\t\t\t\t\t\t\t<\/a>\n\t\t\t\t\t\t\t\t\t<\/div>\n\t\t\t<\/div>\n\t\t\t\t<div class=\"post-content-outer\">\n\t\t\t\t\t<header class=\"single\">\n\t\t\t<div class=\"content\">\n\t\t\t\t\t\t\t\t<h3>\n\t\t\t\t\t<a href=\"https:\/\/www.entelequiacultura.com\/ca\/cronicaretirojesusaguado\/\" title=\"Cr\u00f2nica del retir literari amb Jes\u00fas Aguado\">Cr\u00f2nica del retir literari amb Jes\u00fas Aguado<\/a>\n\t\t\t\t<\/h3>\n\t\t\t<\/div>\n\t\t<\/header>\n\t<div class=\"post-content the-content\">\n\t<p>El m\u00f3n \u00e9s gran, per\u00f2 el bell i la veritat s&#8217;amaguen en el petit. El m\u00f3n va molt r\u00e0pid, per\u00f2 el que li dona sentit \u00e9s el que no es&#8230;<\/p>\n<\/div><div class=\"post-meta\">\n\t<nav class=\"clearfix\">\n\t\t\n\t\t\t\t\t\t\t\t<\/nav>\n<\/div>\t\t<\/div>\n\t<\/div>\n<\/div>\t<\/div>\n<\/div>\n\t\t\t<\/div>\n\t\t<\/div>\n\t\t<div class=\"page-content post-header clearfix list-item post-37889 post type-post status-publish format-image has-post-thumbnail hentry category-sin-categoria post_format-post-format-image\" >\n\t\t\t<div>\n\t\t\t\t<div class=\"post-article has-image-wrapper \">\n\t<div class=\"image-post-format clearfix as-normal \">\n\t\t<div class=\"post-row\">\n\t<div class=\"post-row-left\">\n\t\n<div class=\"post-date\">\n\t\t\t<span class=\"top-part\">\n\t\t\t20\t\t<\/span>\n\t\t<span class=\"bottom-part\">\n\t\t\t05 '22\t\t<\/span>\n\t<\/div>\t<div class=\"post-left-actions\">\n\t\t\n<div class=\"post-actions\">\n\t\t\t\t\t\t<div class=\"comment-count\">\n\t\t\t\t<a href=\"https:\/\/www.entelequiacultura.com\/ca\/cronicaretirsaramesa\/#respond\">0 <span class=\"comment-word\">Comments<\/span><\/a>\t\t\t<\/div>\n\t\t\n\t\t\n\t\t\t<\/div>\t<\/div>\n<\/div>\n\t<div class=\"post-row-center\">\n\t\t\t\t\t<div class=\"post-media\">\n\t\t\t\t<div class='media-inner'>\n\t\t\t\t\t\t\t\t\t\t\t<a href=\"https:\/\/www.entelequiacultura.com\/ca\/cronicaretirsaramesa\/\" title=\"Parlar de regles amb Sara Mesa, encara que sigui per a transgredir-les\">\n\t\t\t\t\t\n\t\t\t\t\t<img loading=\"lazy\" decoding=\"async\" width=\"480\" height=\"369\" src=\"https:\/\/www.entelequiacultura.com\/wp-content\/uploads\/2022\/12\/IMG_4049-480x369.jpg\" class=\"attachment-post-loop size-post-loop wp-post-image\" alt=\"\" srcset=\"https:\/\/www.entelequiacultura.com\/wp-content\/uploads\/2022\/12\/IMG_4049-480x369.jpg 480w, https:\/\/www.entelequiacultura.com\/wp-content\/uploads\/2022\/12\/IMG_4049-1140x876.jpg 1140w, https:\/\/www.entelequiacultura.com\/wp-content\/uploads\/2022\/12\/IMG_4049-555x426.jpg 555w, https:\/\/www.entelequiacultura.com\/wp-content\/uploads\/2022\/12\/IMG_4049-360x276.jpg 360w, https:\/\/www.entelequiacultura.com\/wp-content\/uploads\/2022\/12\/IMG_4049-262x201.jpg 262w\" sizes=\"(min-width: 900px) 50vw, 100vw\" \/>\n\t\t\t\t\t\t\t\t\t\t\t<\/a>\n\t\t\t\t\t\t\t\t\t<\/div>\n\t\t\t<\/div>\n\t\t\t\t<div class=\"post-content-outer\">\n\t\t\t\t\t<header class=\"single\">\n\t\t\t<div class=\"content\">\n\t\t\t\t\t\t\t\t<h3>\n\t\t\t\t\t<a href=\"https:\/\/www.entelequiacultura.com\/ca\/cronicaretirsaramesa\/\" title=\"Parlar de regles amb Sara Mesa, encara que sigui per a transgredir-les\">Parlar de regles amb Sara Mesa, encara que sigui per a transgredir-les<\/a>\n\t\t\t\t<\/h3>\n\t\t\t<\/div>\n\t\t<\/header>\n\t<div class=\"post-content the-content\">\n\t<p>Que la que aqu\u00ed escriu admira profundament a Sara Mesa \u00e9s una obvietat. Que h\u00e0gim tingut el privilegi de tornar a compartir amb ella un retir literari ha estat una&#8230;<\/p>\n<\/div><div class=\"post-meta\">\n\t<nav class=\"clearfix\">\n\t\t\n\t\t\t\t\t\t\t\t<\/nav>\n<\/div>\t\t<\/div>\n\t<\/div>\n<\/div>\t<\/div>\n<\/div>\n\t\t\t<\/div>\n\t\t<\/div>\n\t\t<div class=\"page-content post-header clearfix list-item post-37250 post type-post status-publish format-image has-post-thumbnail hentry category-sin-categoria post_format-post-format-image\" >\n\t\t\t<div>\n\t\t\t\t<div class=\"post-article has-image-wrapper \">\n\t<div class=\"image-post-format clearfix as-normal \">\n\t\t<div class=\"post-row\">\n\t<div class=\"post-row-left\">\n\t\n<div class=\"post-date\">\n\t\t\t<span class=\"top-part\">\n\t\t\t15\t\t<\/span>\n\t\t<span class=\"bottom-part\">\n\t\t\t05 '22\t\t<\/span>\n\t<\/div>\t<div class=\"post-left-actions\">\n\t\t\n<div class=\"post-actions\">\n\t\t\t\t\t\t<div class=\"comment-count\">\n\t\t\t\t<a href=\"https:\/\/www.entelequiacultura.com\/ca\/cronicapedroolalla\/#respond\">0 <span class=\"comment-word\">Comments<\/span><\/a>\t\t\t<\/div>\n\t\t\n\t\t\n\t\t\t<\/div>\t<\/div>\n<\/div>\n\t<div class=\"post-row-center\">\n\t\t\t\t\t<div class=\"post-media\">\n\t\t\t\t<div class='media-inner'>\n\t\t\t\t\t\t\t\t\t\t\t<a href=\"https:\/\/www.entelequiacultura.com\/ca\/cronicapedroolalla\/\" title=\"L&#8217;humanisme com a actitud individual de cultiu i de resist\u00e8ncia (cr\u00f2nica del retir amb Pedro Olalla)\">\n\t\t\t\t\t\n\t\t\t\t\t<img loading=\"lazy\" decoding=\"async\" width=\"480\" height=\"369\" src=\"https:\/\/www.entelequiacultura.com\/wp-content\/uploads\/2022\/10\/IMG_3862-480x369.jpeg\" class=\"attachment-post-loop size-post-loop wp-post-image\" alt=\"\" srcset=\"https:\/\/www.entelequiacultura.com\/wp-content\/uploads\/2022\/10\/IMG_3862-480x369.jpeg 480w, https:\/\/www.entelequiacultura.com\/wp-content\/uploads\/2022\/10\/IMG_3862-1140x876.jpeg 1140w, https:\/\/www.entelequiacultura.com\/wp-content\/uploads\/2022\/10\/IMG_3862-555x426.jpeg 555w, https:\/\/www.entelequiacultura.com\/wp-content\/uploads\/2022\/10\/IMG_3862-360x276.jpeg 360w, https:\/\/www.entelequiacultura.com\/wp-content\/uploads\/2022\/10\/IMG_3862-262x201.jpeg 262w\" sizes=\"(min-width: 900px) 50vw, 100vw\" \/>\n\t\t\t\t\t\t\t\t\t\t\t<\/a>\n\t\t\t\t\t\t\t\t\t<\/div>\n\t\t\t<\/div>\n\t\t\t\t<div class=\"post-content-outer\">\n\t\t\t\t\t<header class=\"single\">\n\t\t\t<div class=\"content\">\n\t\t\t\t\t\t\t\t<h3>\n\t\t\t\t\t<a href=\"https:\/\/www.entelequiacultura.com\/ca\/cronicapedroolalla\/\" title=\"L&#8217;humanisme com a actitud individual de cultiu i de resist\u00e8ncia (cr\u00f2nica del retir amb Pedro Olalla)\">L&#8217;humanisme com a actitud individual de cultiu i de resist\u00e8ncia (cr\u00f2nica del retir amb Pedro Olalla)<\/a>\n\t\t\t\t<\/h3>\n\t\t\t<\/div>\n\t\t<\/header>\n\t<div class=\"post-content the-content\">\n\t<p>La perseveran\u00e7a ens va brindar l&#8217;oportunitat de poder gaudir, per fi, de la lucidesa, generositat i l&#8217;afecte de Pedro Olalla. Dues vegades vam haver de suspendre la nostra trobada, a&#8230;<\/p>\n<\/div><div class=\"post-meta\">\n\t<nav class=\"clearfix\">\n\t\t\n\t\t\t\t\t\t\t\t<\/nav>\n<\/div>\t\t<\/div>\n\t<\/div>\n<\/div>\t<\/div>\n<\/div>\n\t\t\t<\/div>\n\t\t<\/div>\n\t\t<div class=\"page-content post-header clearfix list-item post-36416 post type-post status-publish format-image has-post-thumbnail hentry category-sin-categoria post_format-post-format-image\" >\n\t\t\t<div>\n\t\t\t\t<div class=\"post-article has-image-wrapper \">\n\t<div class=\"image-post-format clearfix as-normal \">\n\t\t<div class=\"post-row\">\n\t<div class=\"post-row-left\">\n\t\n<div class=\"post-date\">\n\t\t\t<span class=\"top-part\">\n\t\t\t01\t\t<\/span>\n\t\t<span class=\"bottom-part\">\n\t\t\t12 '21\t\t<\/span>\n\t<\/div>\t<div class=\"post-left-actions\">\n\t\t\n<div class=\"post-actions\">\n\t\t\t\t\t\t<div class=\"comment-count\">\n\t\t\t\t<a href=\"https:\/\/www.entelequiacultura.com\/ca\/cronicaretirjerez\/#respond\">0 <span class=\"comment-word\">Comments<\/span><\/a>\t\t\t<\/div>\n\t\t\n\t\t\n\t\t\t<\/div>\t<\/div>\n<\/div>\n\t<div class=\"post-row-center\">\n\t\t\t\t\t<div class=\"post-media\">\n\t\t\t\t<div class='media-inner'>\n\t\t\t\t\t\t\t\t\t\t\t<a href=\"https:\/\/www.entelequiacultura.com\/ca\/cronicaretirjerez\/\" title=\"Cr\u00f2nica del retir literari &#8216;La escriptura diar\u00edstica&#8217; amb Mar\u00eda Alcantarilla\">\n\t\t\t\t\t\n\t\t\t\t\t<img loading=\"lazy\" decoding=\"async\" width=\"480\" height=\"369\" src=\"https:\/\/www.entelequiacultura.com\/wp-content\/uploads\/2021\/12\/11-480x369.jpeg\" class=\"attachment-post-loop size-post-loop wp-post-image\" alt=\"\" srcset=\"https:\/\/www.entelequiacultura.com\/wp-content\/uploads\/2021\/12\/11-480x369.jpeg 480w, https:\/\/www.entelequiacultura.com\/wp-content\/uploads\/2021\/12\/11-1140x876.jpeg 1140w, https:\/\/www.entelequiacultura.com\/wp-content\/uploads\/2021\/12\/11-555x426.jpeg 555w, https:\/\/www.entelequiacultura.com\/wp-content\/uploads\/2021\/12\/11-360x276.jpeg 360w, https:\/\/www.entelequiacultura.com\/wp-content\/uploads\/2021\/12\/11-262x201.jpeg 262w\" sizes=\"(min-width: 900px) 50vw, 100vw\" \/>\n\t\t\t\t\t\t\t\t\t\t\t<\/a>\n\t\t\t\t\t\t\t\t\t<\/div>\n\t\t\t<\/div>\n\t\t\t\t<div class=\"post-content-outer\">\n\t\t\t\t\t<header class=\"single\">\n\t\t\t<div class=\"content\">\n\t\t\t\t\t\t\t\t<h3>\n\t\t\t\t\t<a href=\"https:\/\/www.entelequiacultura.com\/ca\/cronicaretirjerez\/\" title=\"Cr\u00f2nica del retir literari &#8216;La escriptura diar\u00edstica&#8217; amb Mar\u00eda Alcantarilla\">Cr\u00f2nica del retir literari &#8216;La escriptura diar\u00edstica&#8217; amb Mar\u00eda Alcantarilla<\/a>\n\t\t\t\t<\/h3>\n\t\t\t<\/div>\n\t\t<\/header>\n\t<div class=\"post-content the-content\">\n\t<p>El passat cap de setmana vam realitzar el nostre \u00faltim retir del 2021 i en aquesta oportunitat ho vam fer a Andalusia. Concretament a Jerez de la Frontera (Cadis). Mar\u00eda&#8230;<\/p>\n<\/div><div class=\"post-meta\">\n\t<nav class=\"clearfix\">\n\t\t\n\t\t\t\t\t\t\t\t<\/nav>\n<\/div>\t\t<\/div>\n\t<\/div>\n<\/div>\t<\/div>\n<\/div>\n\t\t\t<\/div>\n\t\t<\/div>\n\t\t<div class=\"page-content post-header clearfix list-item post-35984 post type-post status-publish format-image has-post-thumbnail hentry category-sin-categoria post_format-post-format-image\" >\n\t\t\t<div>\n\t\t\t\t<div class=\"post-article has-image-wrapper \">\n\t<div class=\"image-post-format clearfix as-normal \">\n\t\t<div class=\"post-row\">\n\t<div class=\"post-row-left\">\n\t\n<div class=\"post-date\">\n\t\t\t<span class=\"top-part\">\n\t\t\t13\t\t<\/span>\n\t\t<span class=\"bottom-part\">\n\t\t\t10 '21\t\t<\/span>\n\t<\/div>\t<div class=\"post-left-actions\">\n\t\t\n<div class=\"post-actions\">\n\t\t\t\t\t\t<div class=\"comment-count\">\n\t\t\t\t<a href=\"https:\/\/www.entelequiacultura.com\/ca\/cronicaretirjosepmariaesquirol\/#respond\">0 <span class=\"comment-word\">Comments<\/span><\/a>\t\t\t<\/div>\n\t\t\n\t\t\n\t\t\t<\/div>\t<\/div>\n<\/div>\n\t<div class=\"post-row-center\">\n\t\t\t\t\t<div class=\"post-media\">\n\t\t\t\t<div class='media-inner'>\n\t\t\t\t\t\t\t\t\t\t\t<a href=\"https:\/\/www.entelequiacultura.com\/ca\/cronicaretirjosepmariaesquirol\/\" title=\"Josep Maria Esquirol, l&#8217;Hum\u00e0 (cr\u00f2nica del retir filos\u00f2fic, per Oriol Llaurad\u00f3)\">\n\t\t\t\t\t\n\t\t\t\t\t<img loading=\"lazy\" decoding=\"async\" width=\"480\" height=\"369\" src=\"https:\/\/www.entelequiacultura.com\/wp-content\/uploads\/2021\/10\/Attachment-1-480x369.jpeg\" class=\"attachment-post-loop size-post-loop wp-post-image\" alt=\"\" srcset=\"https:\/\/www.entelequiacultura.com\/wp-content\/uploads\/2021\/10\/Attachment-1-480x369.jpeg 480w, https:\/\/www.entelequiacultura.com\/wp-content\/uploads\/2021\/10\/Attachment-1-1140x876.jpeg 1140w, https:\/\/www.entelequiacultura.com\/wp-content\/uploads\/2021\/10\/Attachment-1-555x426.jpeg 555w, https:\/\/www.entelequiacultura.com\/wp-content\/uploads\/2021\/10\/Attachment-1-360x276.jpeg 360w, https:\/\/www.entelequiacultura.com\/wp-content\/uploads\/2021\/10\/Attachment-1-262x201.jpeg 262w\" sizes=\"(min-width: 900px) 50vw, 100vw\" \/>\n\t\t\t\t\t\t\t\t\t\t\t<\/a>\n\t\t\t\t\t\t\t\t\t<\/div>\n\t\t\t<\/div>\n\t\t\t\t<div class=\"post-content-outer\">\n\t\t\t\t\t<header class=\"single\">\n\t\t\t<div class=\"content\">\n\t\t\t\t\t\t\t\t<h3>\n\t\t\t\t\t<a href=\"https:\/\/www.entelequiacultura.com\/ca\/cronicaretirjosepmariaesquirol\/\" title=\"Josep Maria Esquirol, l&#8217;Hum\u00e0 (cr\u00f2nica del retir filos\u00f2fic, per Oriol Llaurad\u00f3)\">Josep Maria Esquirol, l&#8217;Hum\u00e0 (cr\u00f2nica del retir filos\u00f2fic, per Oriol Llaurad\u00f3)<\/a>\n\t\t\t\t<\/h3>\n\t\t\t<\/div>\n\t\t<\/header>\n\t<div class=\"post-content the-content\">\n\t<p>(Escric aquesta nota despr\u00e9s d\u2019haver estat del 8 al 10 d\u2019octubre amb 12 persones m\u00e9s a un retir filos\u00f2fic condu\u00eft per en Josep Maria Esquirol i organitzat per Entelequia Cultura)&#8230;<\/p>\n<\/div><div class=\"post-meta\">\n\t<nav class=\"clearfix\">\n\t\t\n\t\t\t\t\t\t\t\t<\/nav>\n<\/div>\t\t<\/div>\n\t<\/div>\n<\/div>\t<\/div>\n<\/div>\n\t\t\t<\/div>\n\t\t<\/div>\n\t\t<div class=\"page-content post-header clearfix list-item post-35055 post type-post status-publish format-image has-post-thumbnail hentry category-sin-categoria post_format-post-format-image\" >\n\t\t\t<div>\n\t\t\t\t<div class=\"post-article has-image-wrapper \">\n\t<div class=\"image-post-format clearfix as-normal \">\n\t\t<div class=\"post-row\">\n\t<div class=\"post-row-left\">\n\t\n<div class=\"post-date\">\n\t\t\t<span class=\"top-part\">\n\t\t\t18\t\t<\/span>\n\t\t<span class=\"bottom-part\">\n\t\t\t04 '21\t\t<\/span>\n\t<\/div>\t<div class=\"post-left-actions\">\n\t\t\n<div class=\"post-actions\">\n\t\t\t\t\t\t<div class=\"comment-count\">\n\t\t\t\t<a href=\"https:\/\/www.entelequiacultura.com\/ca\/charlapablodors-2\/#respond\">0 <span class=\"comment-word\">Comments<\/span><\/a>\t\t\t<\/div>\n\t\t\n\t\t\n\t\t\t<\/div>\t<\/div>\n<\/div>\n\t<div class=\"post-row-center\">\n\t\t\t\t\t<div class=\"post-media\">\n\t\t\t\t<div class='media-inner'>\n\t\t\t\t\t\t\t\t\t\t\t<a href=\"https:\/\/www.entelequiacultura.com\/ca\/charlapablodors-2\/\" title=\"Ceguesa i il\u00b7luminaci\u00f3 del deixeble\">\n\t\t\t\t\t\n\t\t\t\t\t<img loading=\"lazy\" decoding=\"async\" width=\"480\" height=\"369\" src=\"https:\/\/www.entelequiacultura.com\/wp-content\/uploads\/2021\/04\/recortada-480x369.jpg\" class=\"attachment-post-loop size-post-loop wp-post-image\" alt=\"\" srcset=\"https:\/\/www.entelequiacultura.com\/wp-content\/uploads\/2021\/04\/recortada-480x369.jpg 480w, https:\/\/www.entelequiacultura.com\/wp-content\/uploads\/2021\/04\/recortada-555x426.jpg 555w, https:\/\/www.entelequiacultura.com\/wp-content\/uploads\/2021\/04\/recortada-360x276.jpg 360w, https:\/\/www.entelequiacultura.com\/wp-content\/uploads\/2021\/04\/recortada-262x201.jpg 262w\" sizes=\"(min-width: 900px) 50vw, 100vw\" \/>\n\t\t\t\t\t\t\t\t\t\t\t<\/a>\n\t\t\t\t\t\t\t\t\t<\/div>\n\t\t\t<\/div>\n\t\t\t\t<div class=\"post-content-outer\">\n\t\t\t\t\t<header class=\"single\">\n\t\t\t<div class=\"content\">\n\t\t\t\t\t\t\t\t<h3>\n\t\t\t\t\t<a href=\"https:\/\/www.entelequiacultura.com\/ca\/charlapablodors-2\/\" title=\"Ceguesa i il\u00b7luminaci\u00f3 del deixeble\">Ceguesa i il\u00b7luminaci\u00f3 del deixeble<\/a>\n\t\t\t\t<\/h3>\n\t\t\t<\/div>\n\t\t<\/header>\n\t<div class=\"post-content the-content\">\n\t<p>Dijous vam tenir l&#8217;oportunitat de mantenir una xerrada \u00edntima amb l&#8217;escriptor i sacerdot Pablo d\u2019Ors que va titular sota el sintagma &#8220;ceguesa i il\u00b7luminaci\u00f3 del deixeble&#8221; i amb el subt\u00edtol&#8230;<\/p>\n<\/div><div class=\"post-meta\">\n\t<nav class=\"clearfix\">\n\t\t\n\t\t\t\t\t\t\t\t<\/nav>\n<\/div>\t\t<\/div>\n\t<\/div>\n<\/div>\t<\/div>\n<\/div>\n\t\t\t<\/div>\n\t\t<\/div>\n\t\t<div class=\"page-content post-header clearfix list-item post-35050 post type-post status-publish format-image hentry category-sin-categoria post_format-post-format-image\" >\n\t\t\t<div>\n\t\t\t\t<div class=\"post-article no-image-wrapper \">\n\t<div class=\"image-post-format clearfix as-normal as-standard-post-format\">\n\t\t<div class=\"post-row\">\n\t<div class=\"post-row-left\">\n\t\n<div class=\"post-date\">\n\t\t\t<span class=\"top-part\">\n\t\t\t16\t\t<\/span>\n\t\t<span class=\"bottom-part\">\n\t\t\t04 '21\t\t<\/span>\n\t<\/div>\t<div class=\"post-left-actions\">\n\t\t\n<div class=\"post-actions\">\n\t\t\t\t\t\t<div class=\"comment-count\">\n\t\t\t\t<a href=\"https:\/\/www.entelequiacultura.com\/ca\/llibreriaonline\/#respond\">0 <span class=\"comment-word\">Comments<\/span><\/a>\t\t\t<\/div>\n\t\t\n\t\t\n\t\t\t<\/div>\t<\/div>\n<\/div>\n\t<div class=\"post-row-center\">\n\t\t\t\t<div class=\"post-content-outer\">\n\t\t\t\t\t<header class=\"single\">\n\t\t\t<div class=\"content\">\n\t\t\t\t\t\t\t\t<h3>\n\t\t\t\t\t<a href=\"https:\/\/www.entelequiacultura.com\/ca\/llibreriaonline\/\" title=\"Llibreria online\">Llibreria online<\/a>\n\t\t\t\t<\/h3>\n\t\t\t<\/div>\n\t\t<\/header>\n\t<div class=\"post-content the-content\">\n\t<p>A partir d&#8217;ara, tamb\u00e9 posem a la vostra disposici\u00f3 l\u2019opci\u00f3 d\u2019adquirir, entre altres, els llibres publicats per autors i autores de la fam\u00edlia Entel\u00e8quia, aix\u00ed com els que analitzem en&#8230;<\/p>\n<\/div><div class=\"post-meta\">\n\t<nav class=\"clearfix\">\n\t\t\n\t\t\t\t\t\t\t\t<\/nav>\n<\/div>\t\t<\/div>\n\t<\/div>\n<\/div>\t<\/div>\n<\/div>\n\t\t\t<\/div>\n\t\t<\/div>\n\t\t<div class=\"page-content post-header clearfix list-item post-34582 post type-post status-publish format-image has-post-thumbnail hentry category-sin-categoria post_format-post-format-image\" >\n\t\t\t<div>\n\t\t\t\t<div class=\"post-article has-image-wrapper \">\n\t<div class=\"image-post-format clearfix as-normal \">\n\t\t<div class=\"post-row\">\n\t<div class=\"post-row-left\">\n\t\n<div class=\"post-date\">\n\t\t\t<span class=\"top-part\">\n\t\t\t22\t\t<\/span>\n\t\t<span class=\"bottom-part\">\n\t\t\t03 '21\t\t<\/span>\n\t<\/div>\t<div class=\"post-left-actions\">\n\t\t\n<div class=\"post-actions\">\n\t\t\t\t\t\t<div class=\"comment-count\">\n\t\t\t\t<a href=\"https:\/\/www.entelequiacultura.com\/ca\/dueloyliteratura\/#respond\">0 <span class=\"comment-word\">Comments<\/span><\/a>\t\t\t<\/div>\n\t\t\n\t\t\n\t\t\t<\/div>\t<\/div>\n<\/div>\n\t<div class=\"post-row-center\">\n\t\t\t\t\t<div class=\"post-media\">\n\t\t\t\t<div class='media-inner'>\n\t\t\t\t\t\t\t\t\t\t\t<a href=\"https:\/\/www.entelequiacultura.com\/ca\/dueloyliteratura\/\" title=\"Duel i literatura. Xerrada amb Piedad Bonnett\">\n\t\t\t\t\t\n\t\t\t\t\t<img loading=\"lazy\" decoding=\"async\" width=\"480\" height=\"369\" src=\"https:\/\/www.entelequiacultura.com\/wp-content\/uploads\/2021\/01\/Job_3482-480x369.jpg\" class=\"attachment-post-loop size-post-loop wp-post-image\" alt=\"\" srcset=\"https:\/\/www.entelequiacultura.com\/wp-content\/uploads\/2021\/01\/Job_3482-480x369.jpg 480w, https:\/\/www.entelequiacultura.com\/wp-content\/uploads\/2021\/01\/Job_3482-555x426.jpg 555w, https:\/\/www.entelequiacultura.com\/wp-content\/uploads\/2021\/01\/Job_3482-360x276.jpg 360w, https:\/\/www.entelequiacultura.com\/wp-content\/uploads\/2021\/01\/Job_3482-262x201.jpg 262w\" sizes=\"(min-width: 900px) 50vw, 100vw\" \/>\n\t\t\t\t\t\t\t\t\t\t\t<\/a>\n\t\t\t\t\t\t\t\t\t<\/div>\n\t\t\t<\/div>\n\t\t\t\t<div class=\"post-content-outer\">\n\t\t\t\t\t<header class=\"single\">\n\t\t\t<div class=\"content\">\n\t\t\t\t\t\t\t\t<h3>\n\t\t\t\t\t<a href=\"https:\/\/www.entelequiacultura.com\/ca\/dueloyliteratura\/\" title=\"Duel i literatura. Xerrada amb Piedad Bonnett\">Duel i literatura. Xerrada amb Piedad Bonnett<\/a>\n\t\t\t\t<\/h3>\n\t\t\t<\/div>\n\t\t<\/header>\n\t<div class=\"post-content the-content\">\n\t<p>\u00abTot era tan absurd i tan tr\u00e0gic que vaig sentir que havia d&#8217;escriure-ho. Em vaig adonar que, com en les trag\u00e8dies gregues, tot havia anat encaminant-se per a crear un&#8230;<\/p>\n<\/div><div class=\"post-meta\">\n\t<nav class=\"clearfix\">\n\t\t\n\t\t\t\t\t\t\t\t<\/nav>\n<\/div>\t\t<\/div>\n\t<\/div>\n<\/div>\t<\/div>\n<\/div>\n\t\t\t<\/div>\n\t\t<\/div>\n\t\t<div class=\"page-content post-header clearfix list-item post-34550 post type-post status-publish format-image has-post-thumbnail hentry category-sin-categoria post_format-post-format-image\" >\n\t\t\t<div>\n\t\t\t\t<div class=\"post-article has-image-wrapper \">\n\t<div class=\"image-post-format clearfix as-normal \">\n\t\t<div class=\"post-row\">\n\t<div class=\"post-row-left\">\n\t\n<div class=\"post-date\">\n\t\t\t<span class=\"top-part\">\n\t\t\t08\t\t<\/span>\n\t\t<span class=\"bottom-part\">\n\t\t\t01 '21\t\t<\/span>\n\t<\/div>\t<div class=\"post-left-actions\">\n\t\t\n<div class=\"post-actions\">\n\t\t\t\t\t\t<div class=\"comment-count\">\n\t\t\t\t<a href=\"https:\/\/www.entelequiacultura.com\/ca\/dialegambramonandres\/#respond\">0 <span class=\"comment-word\">Comments<\/span><\/a>\t\t\t<\/div>\n\t\t\n\t\t\n\t\t\t<\/div>\t<\/div>\n<\/div>\n\t<div class=\"post-row-center\">\n\t\t\t\t\t<div class=\"post-media\">\n\t\t\t\t<div class='media-inner'>\n\t\t\t\t\t\t\t\t\t\t\t<a href=\"https:\/\/www.entelequiacultura.com\/ca\/dialegambramonandres\/\" title=\"De les maneres de dir. Di\u00e0leg amb Ram\u00f3n Andr\u00e9s\">\n\t\t\t\t\t\n\t\t\t\t\t<img loading=\"lazy\" decoding=\"async\" width=\"480\" height=\"369\" src=\"https:\/\/www.entelequiacultura.com\/wp-content\/uploads\/2021\/01\/RA-b-n-1-480x369.jpg\" class=\"attachment-post-loop size-post-loop wp-post-image\" alt=\"\" srcset=\"https:\/\/www.entelequiacultura.com\/wp-content\/uploads\/2021\/01\/RA-b-n-1-480x369.jpg 480w, https:\/\/www.entelequiacultura.com\/wp-content\/uploads\/2021\/01\/RA-b-n-1-1140x876.jpg 1140w, https:\/\/www.entelequiacultura.com\/wp-content\/uploads\/2021\/01\/RA-b-n-1-555x426.jpg 555w, https:\/\/www.entelequiacultura.com\/wp-content\/uploads\/2021\/01\/RA-b-n-1-360x276.jpg 360w, https:\/\/www.entelequiacultura.com\/wp-content\/uploads\/2021\/01\/RA-b-n-1-262x201.jpg 262w\" sizes=\"(min-width: 900px) 50vw, 100vw\" \/>\n\t\t\t\t\t\t\t\t\t\t\t<\/a>\n\t\t\t\t\t\t\t\t\t<\/div>\n\t\t\t<\/div>\n\t\t\t\t<div class=\"post-content-outer\">\n\t\t\t\t\t<header class=\"single\">\n\t\t\t<div class=\"content\">\n\t\t\t\t\t\t\t\t<h3>\n\t\t\t\t\t<a href=\"https:\/\/www.entelequiacultura.com\/ca\/dialegambramonandres\/\" title=\"De les maneres de dir. Di\u00e0leg amb Ram\u00f3n Andr\u00e9s\">De les maneres de dir. Di\u00e0leg amb Ram\u00f3n Andr\u00e9s<\/a>\n\t\t\t\t<\/h3>\n\t\t\t<\/div>\n\t\t<\/header>\n\t<div class=\"post-content the-content\">\n\t<p>Ha estat un privilegi poder iniciar l&#8217;any tot mantenint una xerrada amb Ram\u00f3n Andr\u00e9s i totes les persones que ens van acompanyar, ahir. L&#8217;objectiu d&#8217;aquesta trobada era compartir un temps&#8230;<\/p>\n<\/div><div class=\"post-meta\">\n\t<nav class=\"clearfix\">\n\t\t\n\t\t\t\t\t\t\t\t<\/nav>\n<\/div>\t\t<\/div>\n\t<\/div>\n<\/div>\t<\/div>\n<\/div>\n\t\t\t<\/div>\n\t\t<\/div>\n\t\t<div class=\"page-content post-header clearfix list-item post-36340 post type-post status-publish format-image has-post-thumbnail hentry category-sin-categoria post_format-post-format-image\" >\n\t\t\t<div>\n\t\t\t\t<div class=\"post-article has-image-wrapper \">\n\t<div class=\"image-post-format clearfix as-normal \">\n\t\t<div class=\"post-row\">\n\t<div class=\"post-row-left\">\n\t\n<div class=\"post-date\">\n\t\t\t<span class=\"top-part\">\n\t\t\t20\t\t<\/span>\n\t\t<span class=\"bottom-part\">\n\t\t\t10 '20\t\t<\/span>\n\t<\/div>\t<div class=\"post-left-actions\">\n\t\t\n<div class=\"post-actions\">\n\t\t\t\t\t\t<div class=\"comment-count\">\n\t\t\t\t<a href=\"https:\/\/www.entelequiacultura.com\/ca\/retirjoancarlesmelichtossa\/#respond\">0 <span class=\"comment-word\">Comments<\/span><\/a>\t\t\t<\/div>\n\t\t\n\t\t\n\t\t\t<\/div>\t<\/div>\n<\/div>\n\t<div class=\"post-row-center\">\n\t\t\t\t\t<div class=\"post-media\">\n\t\t\t\t<div class='media-inner'>\n\t\t\t\t\t\t\t\t\t\t\t<a href=\"https:\/\/www.entelequiacultura.com\/ca\/retirjoancarlesmelichtossa\/\" title=\"Retir filos\u00f2fic amb Joan-Carles M\u00e8lich en Tossa de Mar\">\n\t\t\t\t\t\n\t\t\t\t\t<img loading=\"lazy\" decoding=\"async\" width=\"480\" height=\"369\" src=\"https:\/\/www.entelequiacultura.com\/wp-content\/uploads\/2021\/11\/foto-cris-480x369.jpg\" class=\"attachment-post-loop size-post-loop wp-post-image\" alt=\"\" srcset=\"https:\/\/www.entelequiacultura.com\/wp-content\/uploads\/2021\/11\/foto-cris-480x369.jpg 480w, https:\/\/www.entelequiacultura.com\/wp-content\/uploads\/2021\/11\/foto-cris-1140x876.jpg 1140w, https:\/\/www.entelequiacultura.com\/wp-content\/uploads\/2021\/11\/foto-cris-555x426.jpg 555w, https:\/\/www.entelequiacultura.com\/wp-content\/uploads\/2021\/11\/foto-cris-360x276.jpg 360w, https:\/\/www.entelequiacultura.com\/wp-content\/uploads\/2021\/11\/foto-cris-262x201.jpg 262w\" sizes=\"(min-width: 900px) 50vw, 100vw\" \/>\n\t\t\t\t\t\t\t\t\t\t\t<\/a>\n\t\t\t\t\t\t\t\t\t<\/div>\n\t\t\t<\/div>\n\t\t\t\t<div class=\"post-content-outer\">\n\t\t\t\t\t<header class=\"single\">\n\t\t\t<div class=\"content\">\n\t\t\t\t\t\t\t\t<h3>\n\t\t\t\t\t<a href=\"https:\/\/www.entelequiacultura.com\/ca\/retirjoancarlesmelichtossa\/\" title=\"Retir filos\u00f2fic amb Joan-Carles M\u00e8lich en Tossa de Mar\">Retir filos\u00f2fic amb Joan-Carles M\u00e8lich en Tossa de Mar<\/a>\n\t\t\t\t<\/h3>\n\t\t\t<\/div>\n\t\t<\/header>\n\t<div class=\"post-content the-content\">\n\t<p>El passat cap de setmana Joan-Carles M\u00e8lich ens proposava, en el seminari &#8216;Literatura, finitud i fragilitat&#8216;, que va impartir durant el nostre retir en Tossa de Mar, pensar el m\u00f3n&#8230;<\/p>\n<\/div><div class=\"post-meta\">\n\t<nav class=\"clearfix\">\n\t\t\n\t\t\t\t\t\t\t\t<\/nav>\n<\/div>\t\t<\/div>\n\t<\/div>\n<\/div>\t<\/div>\n<\/div>\n\t\t\t<\/div>\n\t\t<\/div>\n\t\t<div class=\"page-content post-header clearfix list-item post-34130 post type-post status-publish format-image has-post-thumbnail hentry category-sin-categoria post_format-post-format-image\" >\n\t\t\t<div>\n\t\t\t\t<div class=\"post-article has-image-wrapper \">\n\t<div class=\"image-post-format clearfix as-normal \">\n\t\t<div class=\"post-row\">\n\t<div class=\"post-row-left\">\n\t\n<div class=\"post-date\">\n\t\t\t<span class=\"top-part\">\n\t\t\t14\t\t<\/span>\n\t\t<span class=\"bottom-part\">\n\t\t\t09 '20\t\t<\/span>\n\t<\/div>\t<div class=\"post-left-actions\">\n\t\t\n<div class=\"post-actions\">\n\t\t\t\t\t\t<div class=\"comment-count\">\n\t\t\t\t<a href=\"https:\/\/www.entelequiacultura.com\/ca\/conferenciamireiarosich\/#respond\">0 <span class=\"comment-word\">Comments<\/span><\/a>\t\t\t<\/div>\n\t\t\n\t\t\n\t\t\t<\/div>\t<\/div>\n<\/div>\n\t<div class=\"post-row-center\">\n\t\t\t\t\t<div class=\"post-media\">\n\t\t\t\t<div class='media-inner'>\n\t\t\t\t\t\t\t\t\t\t\t<a href=\"https:\/\/www.entelequiacultura.com\/ca\/conferenciamireiarosich\/\" title=\"Safo i el seu cercle de dones. Confer\u00e8ncia de Mireia Rosich\">\n\t\t\t\t\t\n\t\t\t\t\t<img loading=\"lazy\" decoding=\"async\" width=\"480\" height=\"369\" src=\"https:\/\/www.entelequiacultura.com\/wp-content\/uploads\/2020\/10\/Amanda_Brewster_Sewell_Sappho_1891-480x369.jpg\" class=\"attachment-post-loop size-post-loop wp-post-image\" alt=\"\" srcset=\"https:\/\/www.entelequiacultura.com\/wp-content\/uploads\/2020\/10\/Amanda_Brewster_Sewell_Sappho_1891-480x369.jpg 480w, https:\/\/www.entelequiacultura.com\/wp-content\/uploads\/2020\/10\/Amanda_Brewster_Sewell_Sappho_1891-360x276.jpg 360w, https:\/\/www.entelequiacultura.com\/wp-content\/uploads\/2020\/10\/Amanda_Brewster_Sewell_Sappho_1891-262x201.jpg 262w\" sizes=\"(min-width: 900px) 50vw, 100vw\" \/>\n\t\t\t\t\t\t\t\t\t\t\t<\/a>\n\t\t\t\t\t\t\t\t\t<\/div>\n\t\t\t<\/div>\n\t\t\t\t<div class=\"post-content-outer\">\n\t\t\t\t\t<header class=\"single\">\n\t\t\t<div class=\"content\">\n\t\t\t\t\t\t\t\t<h3>\n\t\t\t\t\t<a href=\"https:\/\/www.entelequiacultura.com\/ca\/conferenciamireiarosich\/\" title=\"Safo i el seu cercle de dones. Confer\u00e8ncia de Mireia Rosich\">Safo i el seu cercle de dones. Confer\u00e8ncia de Mireia Rosich<\/a>\n\t\t\t\t<\/h3>\n\t\t\t<\/div>\n\t\t<\/header>\n\t<div class=\"post-content the-content\">\n\t<p>La historiadora de l&#8217;art Mireia Rosich, apassionada per\u00a0la mitologia i especialitzada en l&#8217;estudi de mites i la simbologia de diferents tradicions, especialment la Gr\u00e8cia cl\u00e0ssica, des de l&#8217;any 2016 ve&#8230;<\/p>\n<\/div><div class=\"post-meta\">\n\t<nav class=\"clearfix\">\n\t\t\n\t\t\t\t\t\t\t\t<\/nav>\n<\/div>\t\t<\/div>\n\t<\/div>\n<\/div>\t<\/div>\n<\/div>\n\t\t\t<\/div>\n\t\t<\/div>\n\t\t<div class=\"page-content post-header clearfix list-item post-34120 post type-post status-publish format-image hentry category-sin-categoria post_format-post-format-image\" >\n\t\t\t<div>\n\t\t\t\t<div class=\"post-article no-image-wrapper \">\n\t<div class=\"image-post-format clearfix as-normal as-standard-post-format\">\n\t\t<div class=\"post-row\">\n\t<div class=\"post-row-left\">\n\t\n<div class=\"post-date\">\n\t\t\t<span class=\"top-part\">\n\t\t\t10\t\t<\/span>\n\t\t<span class=\"bottom-part\">\n\t\t\t07 '20\t\t<\/span>\n\t<\/div>\t<div class=\"post-left-actions\">\n\t\t\n<div class=\"post-actions\">\n\t\t\t\t\t\t<div class=\"comment-count\">\n\t\t\t\t<a href=\"https:\/\/www.entelequiacultura.com\/ca\/conferenciaannapages\/#respond\">0 <span class=\"comment-word\">Comments<\/span><\/a>\t\t\t<\/div>\n\t\t\n\t\t\n\t\t\t<\/div>\t<\/div>\n<\/div>\n\t<div class=\"post-row-center\">\n\t\t\t\t<div class=\"post-content-outer\">\n\t\t\t\t\t<header class=\"single\">\n\t\t\t<div class=\"content\">\n\t\t\t\t\t\t\t\t<h3>\n\t\t\t\t\t<a href=\"https:\/\/www.entelequiacultura.com\/ca\/conferenciaannapages\/\" title=\"Filosofia i Feminitat. Confer\u00e8ncia de l&#8217;escriptora Anna Pag\u00e9s\">Filosofia i Feminitat. Confer\u00e8ncia de l&#8217;escriptora Anna Pag\u00e9s<\/a>\n\t\t\t\t<\/h3>\n\t\t\t<\/div>\n\t\t<\/header>\n\t<div class=\"post-content the-content\">\n\t<p>En el c\u00e0non filos\u00f2fic, les pensadores ocupen un lloc problem\u00e0tic. La majoria d&#8217;autores van preferir autodenominar-se professores o escriptores m\u00e9s que fil\u00f2sofes. Aquest estrany fet ens obliga a reflexionar sobre&#8230;<\/p>\n<\/div><div class=\"post-meta\">\n\t<nav class=\"clearfix\">\n\t\t\n\t\t\t\t\t\t\t\t<\/nav>\n<\/div>\t\t<\/div>\n\t<\/div>\n<\/div>\t<\/div>\n<\/div>\n\t\t\t<\/div>\n\t\t<\/div>\n\t\t<div class=\"page-content post-header clearfix list-item post-33746 post type-post status-publish format-image has-post-thumbnail hentry category-sin-categoria post_format-post-format-image\" >\n\t\t\t<div>\n\t\t\t\t<div class=\"post-article has-image-wrapper \">\n\t<div class=\"image-post-format clearfix as-normal \">\n\t\t<div class=\"post-row\">\n\t<div class=\"post-row-left\">\n\t\n<div class=\"post-date\">\n\t\t\t<span class=\"top-part\">\n\t\t\t04\t\t<\/span>\n\t\t<span class=\"bottom-part\">\n\t\t\t07 '20\t\t<\/span>\n\t<\/div>\t<div class=\"post-left-actions\">\n\t\t\n<div class=\"post-actions\">\n\t\t\t\t\t\t<div class=\"comment-count\">\n\t\t\t\t<a href=\"https:\/\/www.entelequiacultura.com\/ca\/erosithanatos\/#respond\">0 <span class=\"comment-word\">Comments<\/span><\/a>\t\t\t<\/div>\n\t\t\n\t\t\n\t\t\t<\/div>\t<\/div>\n<\/div>\n\t<div class=\"post-row-center\">\n\t\t\t\t\t<div class=\"post-media\">\n\t\t\t\t<div class='media-inner'>\n\t\t\t\t\t\t\t\t\t\t\t<a href=\"https:\/\/www.entelequiacultura.com\/ca\/erosithanatos\/\" title=\"Cicle Eros i Thanatos (Joan-Carles M\u00e8lich)\">\n\t\t\t\t\t\n\t\t\t\t\t<img loading=\"lazy\" decoding=\"async\" width=\"480\" height=\"369\" src=\"https:\/\/www.entelequiacultura.com\/wp-content\/uploads\/2020\/07\/20200701_161027-480x369.jpg\" class=\"attachment-post-loop size-post-loop wp-post-image\" alt=\"\" srcset=\"https:\/\/www.entelequiacultura.com\/wp-content\/uploads\/2020\/07\/20200701_161027-480x369.jpg 480w, https:\/\/www.entelequiacultura.com\/wp-content\/uploads\/2020\/07\/20200701_161027-555x426.jpg 555w, https:\/\/www.entelequiacultura.com\/wp-content\/uploads\/2020\/07\/20200701_161027-360x276.jpg 360w, https:\/\/www.entelequiacultura.com\/wp-content\/uploads\/2020\/07\/20200701_161027-262x201.jpg 262w\" sizes=\"(min-width: 900px) 50vw, 100vw\" \/>\n\t\t\t\t\t\t\t\t\t\t\t<\/a>\n\t\t\t\t\t\t\t\t\t<\/div>\n\t\t\t<\/div>\n\t\t\t\t<div class=\"post-content-outer\">\n\t\t\t\t\t<header class=\"single\">\n\t\t\t<div class=\"content\">\n\t\t\t\t\t\t\t\t<h3>\n\t\t\t\t\t<a href=\"https:\/\/www.entelequiacultura.com\/ca\/erosithanatos\/\" title=\"Cicle Eros i Thanatos (Joan-Carles M\u00e8lich)\">Cicle Eros i Thanatos (Joan-Carles M\u00e8lich)<\/a>\n\t\t\t\t<\/h3>\n\t\t\t<\/div>\n\t\t<\/header>\n\t<div class=\"post-content the-content\">\n\t<p>Dimarts passat, va finalitzar el fascinant cicle &#8216;Eros i Thanatos&#8216; impartit per Joan-Carles M\u00e8lich. Tres intenses sessions on vam debatre sobre les dues pulsions que configuren l&#8217;exist\u00e8ncia humana (el sexe&#8230;<\/p>\n<\/div><div class=\"post-meta\">\n\t<nav class=\"clearfix\">\n\t\t\n\t\t\t\t\t\t\t\t<\/nav>\n<\/div>\t\t<\/div>\n\t<\/div>\n<\/div>\t<\/div>\n<\/div>\n\t\t\t<\/div>\n\t\t<\/div>\n\t\t<div class=\"page-content post-header clearfix list-item post-33728 post type-post status-publish format-image has-post-thumbnail hentry category-sin-categoria post_format-post-format-image\" >\n\t\t\t<div>\n\t\t\t\t<div class=\"post-article has-image-wrapper \">\n\t<div class=\"image-post-format clearfix as-normal \">\n\t\t<div class=\"post-row\">\n\t<div class=\"post-row-left\">\n\t\n<div class=\"post-date\">\n\t\t\t<span class=\"top-part\">\n\t\t\t21\t\t<\/span>\n\t\t<span class=\"bottom-part\">\n\t\t\t06 '20\t\t<\/span>\n\t<\/div>\t<div class=\"post-left-actions\">\n\t\t\n<div class=\"post-actions\">\n\t\t\t\t\t\t<div class=\"comment-count\">\n\t\t\t\t<a href=\"https:\/\/www.entelequiacultura.com\/ca\/razonpoeticamariazambrano\/#respond\">0 <span class=\"comment-word\">Comments<\/span><\/a>\t\t\t<\/div>\n\t\t\n\t\t\n\t\t\t<\/div>\t<\/div>\n<\/div>\n\t<div class=\"post-row-center\">\n\t\t\t\t\t<div class=\"post-media\">\n\t\t\t\t<div class='media-inner'>\n\t\t\t\t\t\t\t\t\t\t\t<a href=\"https:\/\/www.entelequiacultura.com\/ca\/razonpoeticamariazambrano\/\" title=\"Claus de la &#8216;ra\u00f3 po\u00e8tica&#8217; de Mar\u00eda Zambrano (cicle de confer\u00e8ncies de Mercedes G\u00f3mez Blesa)\">\n\t\t\t\t\t\n\t\t\t\t\t<img loading=\"lazy\" decoding=\"async\" width=\"480\" height=\"369\" src=\"https:\/\/www.entelequiacultura.com\/wp-content\/uploads\/2020\/06\/caratula2-480x369.jpg\" class=\"attachment-post-loop size-post-loop wp-post-image\" alt=\"\" srcset=\"https:\/\/www.entelequiacultura.com\/wp-content\/uploads\/2020\/06\/caratula2-480x369.jpg 480w, https:\/\/www.entelequiacultura.com\/wp-content\/uploads\/2020\/06\/caratula2-555x426.jpg 555w, https:\/\/www.entelequiacultura.com\/wp-content\/uploads\/2020\/06\/caratula2-360x276.jpg 360w, https:\/\/www.entelequiacultura.com\/wp-content\/uploads\/2020\/06\/caratula2-262x201.jpg 262w\" sizes=\"(min-width: 900px) 50vw, 100vw\" \/>\n\t\t\t\t\t\t\t\t\t\t\t<\/a>\n\t\t\t\t\t\t\t\t\t<\/div>\n\t\t\t<\/div>\n\t\t\t\t<div class=\"post-content-outer\">\n\t\t\t\t\t<header class=\"single\">\n\t\t\t<div class=\"content\">\n\t\t\t\t\t\t\t\t<h3>\n\t\t\t\t\t<a href=\"https:\/\/www.entelequiacultura.com\/ca\/razonpoeticamariazambrano\/\" title=\"Claus de la &#8216;ra\u00f3 po\u00e8tica&#8217; de Mar\u00eda Zambrano (cicle de confer\u00e8ncies de Mercedes G\u00f3mez Blesa)\">Claus de la &#8216;ra\u00f3 po\u00e8tica&#8217; de Mar\u00eda Zambrano (cicle de confer\u00e8ncies de Mercedes G\u00f3mez Blesa)<\/a>\n\t\t\t\t<\/h3>\n\t\t\t<\/div>\n\t\t<\/header>\n\t<div class=\"post-content the-content\">\n\t<p>Durant aquest mes de juny, hem tingut el privilegi d&#8217;endinsar-nos en les claus de la &#8216;ra\u00f3 po\u00e8tica&#8217; de Mar\u00eda Zambrano gr\u00e0cies al cicle de confer\u00e8ncies impartides per Mercedes G\u00f3mez Blesa,&#8230;<\/p>\n<\/div><div class=\"post-meta\">\n\t<nav class=\"clearfix\">\n\t\t\n\t\t\t\t\t\t\t\t<\/nav>\n<\/div>\t\t<\/div>\n\t<\/div>\n<\/div>\t<\/div>\n<\/div>\n\t\t\t<\/div>\n\t\t<\/div>\n\t\t<div class=\"page-content post-header clearfix list-item post-33725 post type-post status-publish format-standard has-post-thumbnail hentry category-sin-categoria\" >\n\t\t\t<div>\n\t\t\t\t<div class=\"post-article has-image-wrapper \">\n\t<div class=\"standard-post-format clearfix as-image \">\n\t\t<div class=\"post-row\">\n\t<div class=\"post-row-left\">\n\t\n<div class=\"post-date\">\n\t\t\t<span class=\"top-part\">\n\t\t\t21\t\t<\/span>\n\t\t<span class=\"bottom-part\">\n\t\t\t06 '20\t\t<\/span>\n\t<\/div>\t<div class=\"post-left-actions\">\n\t\t\n<div class=\"post-actions\">\n\t\t\t\t\t\t<div class=\"comment-count\">\n\t\t\t\t<a href=\"https:\/\/www.entelequiacultura.com\/ca\/elregreso\/#respond\">0 <span class=\"comment-word\">Comments<\/span><\/a>\t\t\t<\/div>\n\t\t\n\t\t\n\t\t\t<\/div>\t<\/div>\n<\/div>\n\t<div class=\"post-row-center\">\n\t\t\t\t\t<div class=\"post-media\">\n\t\t\t\t<div class='media-inner'>\n\t\t\t\t\t\n\t\t\t\t\t<img loading=\"lazy\" decoding=\"async\" width=\"480\" height=\"369\" src=\"https:\/\/www.entelequiacultura.com\/wp-content\/uploads\/2020\/05\/IMG_3399-480x369.jpg\" class=\"attachment-post-loop size-post-loop wp-post-image\" alt=\"\" srcset=\"https:\/\/www.entelequiacultura.com\/wp-content\/uploads\/2020\/05\/IMG_3399-480x369.jpg 480w, https:\/\/www.entelequiacultura.com\/wp-content\/uploads\/2020\/05\/IMG_3399-1140x876.jpg 1140w, https:\/\/www.entelequiacultura.com\/wp-content\/uploads\/2020\/05\/IMG_3399-555x426.jpg 555w, https:\/\/www.entelequiacultura.com\/wp-content\/uploads\/2020\/05\/IMG_3399-360x276.jpg 360w, https:\/\/www.entelequiacultura.com\/wp-content\/uploads\/2020\/05\/IMG_3399-262x201.jpg 262w\" sizes=\"(min-width: 900px) 50vw, 100vw\" \/>\n\t\t\t\t\t\t\t\t\t<\/div>\n\t\t\t<\/div>\n\t\t\t\t<div class=\"post-content-outer\">\n\t\t\t\t\t<header class=\"single\">\n\t\t\t<div class=\"content\">\n\t\t\t\t\t\t\t\t<h3>\n\t\t\t\t\t<a href=\"https:\/\/www.entelequiacultura.com\/ca\/elregreso\/\" title=\"Cr\u00f2nica sobre la confer\u00e8ncia de Mercedes G\u00f3mez Blesa &#8216;El retorn: el pensament viu de Mar\u00eda Zambrano&#8221;\">Cr\u00f2nica sobre la confer\u00e8ncia de Mercedes G\u00f3mez Blesa &#8216;El retorn: el pensament viu de Mar\u00eda Zambrano&#8221;<\/a>\n\t\t\t\t<\/h3>\n\t\t\t<\/div>\n\t\t<\/header>\n\t<div class=\"post-content the-content\">\n\t<p>Mercedes G\u00f3mez Blesa titula la seva confer\u00e8ncia &#8220;El retorn: el pensament viu de Mar\u00eda Zambrano&#8220; i el terme &#8216;retorn&#8217; l&#8217;utilitza amb dos sentits: d&#8217;una banda el retorn des del seu&#8230;<\/p>\n<\/div><div class=\"post-meta\">\n\t<nav class=\"clearfix\">\n\t\t\n\t\t\t\t\t\t\t\t<\/nav>\n<\/div>\t\t<\/div>\n\t<\/div>\n<\/div>\t<\/div>\n<\/div>\n\t\t\t<\/div>\n\t\t<\/div>\n\t\t<div class=\"page-content post-header clearfix list-item post-33376 post type-post status-publish format-image has-post-thumbnail hentry category-sin-categoria post_format-post-format-image\" >\n\t\t\t<div>\n\t\t\t\t<div class=\"post-article has-image-wrapper \">\n\t<div class=\"image-post-format clearfix as-normal \">\n\t\t<div class=\"post-row\">\n\t<div class=\"post-row-left\">\n\t\n<div class=\"post-date\">\n\t\t\t<span class=\"top-part\">\n\t\t\t17\t\t<\/span>\n\t\t<span class=\"bottom-part\">\n\t\t\t05 '20\t\t<\/span>\n\t<\/div>\t<div class=\"post-left-actions\">\n\t\t\n<div class=\"post-actions\">\n\t\t\t\t\t\t<div class=\"comment-count\">\n\t\t\t\t<a href=\"https:\/\/www.entelequiacultura.com\/ca\/poesiayciencia\/#respond\">0 <span class=\"comment-word\">Comments<\/span><\/a>\t\t\t<\/div>\n\t\t\n\t\t\n\t\t\t<\/div>\t<\/div>\n<\/div>\n\t<div class=\"post-row-center\">\n\t\t\t\t\t<div class=\"post-media\">\n\t\t\t\t<div class='media-inner'>\n\t\t\t\t\t\t\t\t\t\t\t<a href=\"https:\/\/www.entelequiacultura.com\/ca\/poesiayciencia\/\" title=\"Cr\u00f2nica de la confer\u00e8ncia de Raquel Lanseros sobre Poesia i Ci\u00e8ncia\">\n\t\t\t\t\t\n\t\t\t\t\t<img loading=\"lazy\" decoding=\"async\" width=\"480\" height=\"286\" src=\"https:\/\/www.entelequiacultura.com\/wp-content\/uploads\/2020\/05\/Imagen-1-1-480x286.jpg\" class=\"attachment-post-loop size-post-loop wp-post-image\" alt=\"\" \/>\n\t\t\t\t\t\t\t\t\t\t\t<\/a>\n\t\t\t\t\t\t\t\t\t<\/div>\n\t\t\t<\/div>\n\t\t\t\t<div class=\"post-content-outer\">\n\t\t\t\t\t<header class=\"single\">\n\t\t\t<div class=\"content\">\n\t\t\t\t\t\t\t\t<h3>\n\t\t\t\t\t<a href=\"https:\/\/www.entelequiacultura.com\/ca\/poesiayciencia\/\" title=\"Cr\u00f2nica de la confer\u00e8ncia de Raquel Lanseros sobre Poesia i Ci\u00e8ncia\">Cr\u00f2nica de la confer\u00e8ncia de Raquel Lanseros sobre Poesia i Ci\u00e8ncia<\/a>\n\t\t\t\t<\/h3>\n\t\t\t<\/div>\n\t\t<\/header>\n\t<div class=\"post-content the-content\">\n\t<p>La transversalitat del coneixement \u00e9s un concepte que est\u00e0 en voga en el m\u00f3n acad\u00e8mic, especialment en l&#8217;anglosax\u00f3. Des de fa anys s&#8217;han vingut creant departaments i plataformes amb l&#8217;objectiu&#8230;<\/p>\n<\/div><div class=\"post-meta\">\n\t<nav class=\"clearfix\">\n\t\t\n\t\t\t\t\t\t\t\t<\/nav>\n<\/div>\t\t<\/div>\n\t<\/div>\n<\/div>\t<\/div>\n<\/div>\n\t\t\t<\/div>\n\t\t<\/div>\n\t\t<div class=\"page-content post-header clearfix list-item post-33149 post type-post status-publish format-image has-post-thumbnail hentry category-sin-categoria post_format-post-format-image\" >\n\t\t\t<div>\n\t\t\t\t<div class=\"post-article has-image-wrapper \">\n\t<div class=\"image-post-format clearfix as-normal \">\n\t\t<div class=\"post-row\">\n\t<div class=\"post-row-left\">\n\t\n<div class=\"post-date\">\n\t\t\t<span class=\"top-part\">\n\t\t\t09\t\t<\/span>\n\t\t<span class=\"bottom-part\">\n\t\t\t05 '20\t\t<\/span>\n\t<\/div>\t<div class=\"post-left-actions\">\n\t\t\n<div class=\"post-actions\">\n\t\t\t\t\t\t<div class=\"comment-count\">\n\t\t\t\t<a href=\"https:\/\/www.entelequiacultura.com\/ca\/sustrato\/#respond\">0 <span class=\"comment-word\">Comments<\/span><\/a>\t\t\t<\/div>\n\t\t\n\t\t\n\t\t\t<\/div>\t<\/div>\n<\/div>\n\t<div class=\"post-row-center\">\n\t\t\t\t\t<div class=\"post-media\">\n\t\t\t\t<div class='media-inner'>\n\t\t\t\t\t\t\t\t\t\t\t<a href=\"https:\/\/www.entelequiacultura.com\/ca\/sustrato\/\" title=\"&#8216;Sustrato&#8217;: Narrativa, poesia, il\u00b7lustraci\u00f3 i fotografia\">\n\t\t\t\t\t\n\t\t\t\t\t<img loading=\"lazy\" decoding=\"async\" width=\"480\" height=\"369\" src=\"https:\/\/www.entelequiacultura.com\/wp-content\/uploads\/2020\/05\/sustrato-480x369.jpg\" class=\"attachment-post-loop size-post-loop wp-post-image\" alt=\"\" srcset=\"https:\/\/www.entelequiacultura.com\/wp-content\/uploads\/2020\/05\/sustrato-480x369.jpg 480w, https:\/\/www.entelequiacultura.com\/wp-content\/uploads\/2020\/05\/sustrato-555x426.jpg 555w, https:\/\/www.entelequiacultura.com\/wp-content\/uploads\/2020\/05\/sustrato-360x276.jpg 360w, https:\/\/www.entelequiacultura.com\/wp-content\/uploads\/2020\/05\/sustrato-262x201.jpg 262w\" sizes=\"(min-width: 900px) 50vw, 100vw\" \/>\n\t\t\t\t\t\t\t\t\t\t\t<\/a>\n\t\t\t\t\t\t\t\t\t<\/div>\n\t\t\t<\/div>\n\t\t\t\t<div class=\"post-content-outer\">\n\t\t\t\t\t<header class=\"single\">\n\t\t\t<div class=\"content\">\n\t\t\t\t\t\t\t\t<h3>\n\t\t\t\t\t<a href=\"https:\/\/www.entelequiacultura.com\/ca\/sustrato\/\" title=\"&#8216;Sustrato&#8217;: Narrativa, poesia, il\u00b7lustraci\u00f3 i fotografia\">&#8216;Sustrato&#8217;: Narrativa, poesia, il\u00b7lustraci\u00f3 i fotografia<\/a>\n\t\t\t\t<\/h3>\n\t\t\t<\/div>\n\t\t<\/header>\n\t<div class=\"post-content the-content\">\n\t<p>Ens fa molta il\u00b7lusi\u00f3 presentar-vos el primer llibre publicat per Entel\u00e8quia Cultura i que ens va arribar fa uns dies, perqu\u00e8 els exemplars van quedar confinats en la impremta. \u00abSustrato\u00bb&#8230;<\/p>\n<\/div><div class=\"post-meta\">\n\t<nav class=\"clearfix\">\n\t\t\n\t\t\t\t\t\t\t\t<\/nav>\n<\/div>\t\t<\/div>\n\t<\/div>\n<\/div>\t<\/div>\n<\/div>\n\t\t\t<\/div>\n\t\t<\/div>\n\t\t<div class=\"page-content post-header clearfix list-item post-32889 post type-post status-publish format-image has-post-thumbnail hentry category-sin-categoria post_format-post-format-image\" >\n\t\t\t<div>\n\t\t\t\t<div class=\"post-article has-image-wrapper \">\n\t<div class=\"image-post-format clearfix as-normal \">\n\t\t<div class=\"post-row\">\n\t<div class=\"post-row-left\">\n\t\n<div class=\"post-date\">\n\t\t\t<span class=\"top-part\">\n\t\t\t29\t\t<\/span>\n\t\t<span class=\"bottom-part\">\n\t\t\t04 '20\t\t<\/span>\n\t<\/div>\t<div class=\"post-left-actions\">\n\t\t\n<div class=\"post-actions\">\n\t\t\t\t\t\t<div class=\"comment-count\">\n\t\t\t\t<a href=\"https:\/\/www.entelequiacultura.com\/ca\/cronicagoyailafinitudhumana\/#comments\">2 <span class=\"comment-word\">Comments<\/span><\/a>\t\t\t<\/div>\n\t\t\n\t\t\n\t\t\t<\/div>\t<\/div>\n<\/div>\n\t<div class=\"post-row-center\">\n\t\t\t\t\t<div class=\"post-media\">\n\t\t\t\t<div class='media-inner'>\n\t\t\t\t\t\t\t\t\t\t\t<a href=\"https:\/\/www.entelequiacultura.com\/ca\/cronicagoyailafinitudhumana\/\" title=\"Cr\u00f2nica de la confer\u00e8ncia &#8216;Goya i la finitud humana&#8217; de Joan-Carles M\u00e8lich\">\n\t\t\t\t\t\n\t\t\t\t\t<img loading=\"lazy\" decoding=\"async\" width=\"480\" height=\"369\" src=\"https:\/\/www.entelequiacultura.com\/wp-content\/uploads\/2020\/04\/Francisco_de_Goya_Saturno_devorando_a_su_hijo_1819-1823-1-480x369.jpg\" class=\"attachment-post-loop size-post-loop wp-post-image\" alt=\"\" srcset=\"https:\/\/www.entelequiacultura.com\/wp-content\/uploads\/2020\/04\/Francisco_de_Goya_Saturno_devorando_a_su_hijo_1819-1823-1-480x369.jpg 480w, https:\/\/www.entelequiacultura.com\/wp-content\/uploads\/2020\/04\/Francisco_de_Goya_Saturno_devorando_a_su_hijo_1819-1823-1-300x231.jpg 300w, https:\/\/www.entelequiacultura.com\/wp-content\/uploads\/2020\/04\/Francisco_de_Goya_Saturno_devorando_a_su_hijo_1819-1823-1-768x592.jpg 768w, https:\/\/www.entelequiacultura.com\/wp-content\/uploads\/2020\/04\/Francisco_de_Goya_Saturno_devorando_a_su_hijo_1819-1823-1-1024x789.jpg 1024w, https:\/\/www.entelequiacultura.com\/wp-content\/uploads\/2020\/04\/Francisco_de_Goya_Saturno_devorando_a_su_hijo_1819-1823-1-1140x876.jpg 1140w, https:\/\/www.entelequiacultura.com\/wp-content\/uploads\/2020\/04\/Francisco_de_Goya_Saturno_devorando_a_su_hijo_1819-1823-1-555x426.jpg 555w, https:\/\/www.entelequiacultura.com\/wp-content\/uploads\/2020\/04\/Francisco_de_Goya_Saturno_devorando_a_su_hijo_1819-1823-1-360x276.jpg 360w, https:\/\/www.entelequiacultura.com\/wp-content\/uploads\/2020\/04\/Francisco_de_Goya_Saturno_devorando_a_su_hijo_1819-1823-1-262x201.jpg 262w, https:\/\/www.entelequiacultura.com\/wp-content\/uploads\/2020\/04\/Francisco_de_Goya_Saturno_devorando_a_su_hijo_1819-1823-1-600x463.jpg 600w, https:\/\/www.entelequiacultura.com\/wp-content\/uploads\/2020\/04\/Francisco_de_Goya_Saturno_devorando_a_su_hijo_1819-1823-1.jpg 1615w\" sizes=\"(min-width: 900px) 50vw, 100vw\" \/>\n\t\t\t\t\t\t\t\t\t\t\t<\/a>\n\t\t\t\t\t\t\t\t\t<\/div>\n\t\t\t<\/div>\n\t\t\t\t<div class=\"post-content-outer\">\n\t\t\t\t\t<header class=\"single\">\n\t\t\t<div class=\"content\">\n\t\t\t\t\t\t\t\t<h3>\n\t\t\t\t\t<a href=\"https:\/\/www.entelequiacultura.com\/ca\/cronicagoyailafinitudhumana\/\" title=\"Cr\u00f2nica de la confer\u00e8ncia &#8216;Goya i la finitud humana&#8217; de Joan-Carles M\u00e8lich\">Cr\u00f2nica de la confer\u00e8ncia &#8216;Goya i la finitud humana&#8217; de Joan-Carles M\u00e8lich<\/a>\n\t\t\t\t<\/h3>\n\t\t\t<\/div>\n\t\t<\/header>\n\t<div class=\"post-content the-content\">\n\t<p>\u201cNo s\u00f3c un expert en l&#8217;obra de Goya, ni un cr\u00edtic o un historiador de l&#8217;art. Per aix\u00f2 \u00e9s necessari advertir que aquesta confer\u00e8ncia ser\u00e0 un intent de trencar disciplines&#8230;<\/p>\n<\/div><div class=\"post-meta\">\n\t<nav class=\"clearfix\">\n\t\t\n\t\t\t\t\t\t\t\t<\/nav>\n<\/div>\t\t<\/div>\n\t<\/div>\n<\/div>\t<\/div>\n<\/div>\n\t\t\t<\/div>\n\t\t<\/div>\n\t\t<div class=\"page-content post-header clearfix list-item post-32750 post type-post status-publish format-image has-post-thumbnail hentry category-sin-categoria post_format-post-format-image\" >\n\t\t\t<div>\n\t\t\t\t<div class=\"post-article has-image-wrapper \">\n\t<div class=\"image-post-format clearfix as-normal \">\n\t\t<div class=\"post-row\">\n\t<div class=\"post-row-left\">\n\t\n<div class=\"post-date\">\n\t\t\t<span class=\"top-part\">\n\t\t\t19\t\t<\/span>\n\t\t<span class=\"bottom-part\">\n\t\t\t04 '20\t\t<\/span>\n\t<\/div>\t<div class=\"post-left-actions\">\n\t\t\n<div class=\"post-actions\">\n\t\t\t\t\t\t<div class=\"comment-count\">\n\t\t\t\t<a href=\"https:\/\/www.entelequiacultura.com\/ca\/trobades-virtuals\/#respond\">0 <span class=\"comment-word\">Comments<\/span><\/a>\t\t\t<\/div>\n\t\t\n\t\t\n\t\t\t<\/div>\t<\/div>\n<\/div>\n\t<div class=\"post-row-center\">\n\t\t\t\t\t<div class=\"post-media\">\n\t\t\t\t<div class='media-inner'>\n\t\t\t\t\t\t\t\t\t\t\t<a href=\"https:\/\/www.entelequiacultura.com\/ca\/trobades-virtuals\/\" title=\"Algunes novetats\">\n\t\t\t\t\t\n\t\t\t\t\t<img loading=\"lazy\" decoding=\"async\" width=\"480\" height=\"369\" src=\"https:\/\/www.entelequiacultura.com\/wp-content\/uploads\/2020\/04\/IMG_20200418_185325_096-480x369.jpg\" class=\"attachment-post-loop size-post-loop wp-post-image\" alt=\"\" srcset=\"https:\/\/www.entelequiacultura.com\/wp-content\/uploads\/2020\/04\/IMG_20200418_185325_096-480x369.jpg 480w, https:\/\/www.entelequiacultura.com\/wp-content\/uploads\/2020\/04\/IMG_20200418_185325_096-1140x876.jpg 1140w, https:\/\/www.entelequiacultura.com\/wp-content\/uploads\/2020\/04\/IMG_20200418_185325_096-555x426.jpg 555w, https:\/\/www.entelequiacultura.com\/wp-content\/uploads\/2020\/04\/IMG_20200418_185325_096-360x276.jpg 360w, https:\/\/www.entelequiacultura.com\/wp-content\/uploads\/2020\/04\/IMG_20200418_185325_096-262x201.jpg 262w\" sizes=\"(min-width: 900px) 50vw, 100vw\" \/>\n\t\t\t\t\t\t\t\t\t\t\t<\/a>\n\t\t\t\t\t\t\t\t\t<\/div>\n\t\t\t<\/div>\n\t\t\t\t<div class=\"post-content-outer\">\n\t\t\t\t\t<header class=\"single\">\n\t\t\t<div class=\"content\">\n\t\t\t\t\t\t\t\t<h3>\n\t\t\t\t\t<a href=\"https:\/\/www.entelequiacultura.com\/ca\/trobades-virtuals\/\" title=\"Algunes novetats\">Algunes novetats<\/a>\n\t\t\t\t<\/h3>\n\t\t\t<\/div>\n\t\t<\/header>\n\t<div class=\"post-content the-content\">\n\t<p>Amigues i amics estimats, Esperem que estigueu molt b\u00e9,\u00a0dins de les circumst\u00e0ncies que vivim.\u00a0Per aqu\u00ed seguim\u00a0amb moltes ganes de poder tornar a compartir\u00a0amb vosaltres vida i coneixement, per\u00f2\u00a0haurem d&#8217;esperar algun&#8230;<\/p>\n<\/div><div class=\"post-meta\">\n\t<nav class=\"clearfix\">\n\t\t\n\t\t\t\t\t\t\t\t<\/nav>\n<\/div>\t\t<\/div>\n\t<\/div>\n<\/div>\t<\/div>\n<\/div>\n\t\t\t<\/div>\n\t\t<\/div>\n\t\t<div class=\"page-content post-header clearfix list-item post-32091 post type-post status-publish format-image has-post-thumbnail hentry category-sin-categoria post_format-post-format-image\" >\n\t\t\t<div>\n\t\t\t\t<div class=\"post-article has-image-wrapper \">\n\t<div class=\"image-post-format clearfix as-normal \">\n\t\t<div class=\"post-row\">\n\t<div class=\"post-row-left\">\n\t\n<div class=\"post-date\">\n\t\t\t<span class=\"top-part\">\n\t\t\t04\t\t<\/span>\n\t\t<span class=\"bottom-part\">\n\t\t\t02 '20\t\t<\/span>\n\t<\/div>\t<div class=\"post-left-actions\">\n\t\t\n<div class=\"post-actions\">\n\t\t\t\t\t\t<div class=\"comment-count\">\n\t\t\t\t<a href=\"https:\/\/www.entelequiacultura.com\/ca\/per-que-grecia\/#respond\">0 <span class=\"comment-word\">Comments<\/span><\/a>\t\t\t<\/div>\n\t\t\n\t\t\n\t\t\t<\/div>\t<\/div>\n<\/div>\n\t<div class=\"post-row-center\">\n\t\t\t\t\t<div class=\"post-media\">\n\t\t\t\t<div class='media-inner'>\n\t\t\t\t\t\t\t\t\t\t\t<a href=\"https:\/\/www.entelequiacultura.com\/ca\/per-que-grecia\/\" title=\"Per qu\u00e8 Gr\u00e8cia?\">\n\t\t\t\t\t\n\t\t\t\t\t<img loading=\"lazy\" decoding=\"async\" width=\"480\" height=\"369\" src=\"https:\/\/www.entelequiacultura.com\/wp-content\/uploads\/2020\/02\/71587692_109778453757154_3734299443386646528_o-480x369.jpg\" class=\"attachment-post-loop size-post-loop wp-post-image\" alt=\"\" srcset=\"https:\/\/www.entelequiacultura.com\/wp-content\/uploads\/2020\/02\/71587692_109778453757154_3734299443386646528_o-480x369.jpg 480w, https:\/\/www.entelequiacultura.com\/wp-content\/uploads\/2020\/02\/71587692_109778453757154_3734299443386646528_o-555x426.jpg 555w, https:\/\/www.entelequiacultura.com\/wp-content\/uploads\/2020\/02\/71587692_109778453757154_3734299443386646528_o-360x276.jpg 360w, https:\/\/www.entelequiacultura.com\/wp-content\/uploads\/2020\/02\/71587692_109778453757154_3734299443386646528_o-262x201.jpg 262w\" sizes=\"(min-width: 900px) 50vw, 100vw\" \/>\n\t\t\t\t\t\t\t\t\t\t\t<\/a>\n\t\t\t\t\t\t\t\t\t<\/div>\n\t\t\t<\/div>\n\t\t\t\t<div class=\"post-content-outer\">\n\t\t\t\t\t<header class=\"single\">\n\t\t\t<div class=\"content\">\n\t\t\t\t\t\t\t\t<h3>\n\t\t\t\t\t<a href=\"https:\/\/www.entelequiacultura.com\/ca\/per-que-grecia\/\" title=\"Per qu\u00e8 Gr\u00e8cia?\">Per qu\u00e8 Gr\u00e8cia?<\/a>\n\t\t\t\t<\/h3>\n\t\t\t<\/div>\n\t\t<\/header>\n\t<div class=\"post-content the-content\">\n\t<p>\u2018Quan era un nen em sorprenia que Gr\u00e8cia estigu\u00e9s sempre al primer cap\u00edtol de tots els llibres, es parl\u00e9s d&#8217;hist\u00f2ria, de matem\u00e0tiques o de qualsevol cosa. Gr\u00e8cia estava sempre al&#8230;<\/p>\n<\/div><div class=\"post-meta\">\n\t<nav class=\"clearfix\">\n\t\t\n\t\t\t\t\t\t\t\t<\/nav>\n<\/div>\t\t<\/div>\n\t<\/div>\n<\/div>\t<\/div>\n<\/div>\n\t\t\t<\/div>\n\t\t<\/div>\n\t\t<div class=\"page-content post-header clearfix list-item post-32067 post type-post status-publish format-image has-post-thumbnail hentry category-sin-categoria post_format-post-format-image\" >\n\t\t\t<div>\n\t\t\t\t<div class=\"post-article has-image-wrapper \">\n\t<div class=\"image-post-format clearfix as-normal \">\n\t\t<div class=\"post-row\">\n\t<div class=\"post-row-left\">\n\t\n<div class=\"post-date\">\n\t\t\t<span class=\"top-part\">\n\t\t\t02\t\t<\/span>\n\t\t<span class=\"bottom-part\">\n\t\t\t02 '20\t\t<\/span>\n\t<\/div>\t<div class=\"post-left-actions\">\n\t\t\n<div class=\"post-actions\">\n\t\t\t\t\t\t<div class=\"comment-count\">\n\t\t\t\t<a href=\"https:\/\/www.entelequiacultura.com\/ca\/seminari-joan-carles-melich\/#respond\">0 <span class=\"comment-word\">Comments<\/span><\/a>\t\t\t<\/div>\n\t\t\n\t\t\n\t\t\t<\/div>\t<\/div>\n<\/div>\n\t<div class=\"post-row-center\">\n\t\t\t\t\t<div class=\"post-media\">\n\t\t\t\t<div class='media-inner'>\n\t\t\t\t\t\t\t\t\t\t\t<a href=\"https:\/\/www.entelequiacultura.com\/ca\/seminari-joan-carles-melich\/\" title=\"Seminari amb Joan-Carles M\u00e8lich\">\n\t\t\t\t\t\n\t\t\t\t\t<img loading=\"lazy\" decoding=\"async\" width=\"480\" height=\"369\" src=\"https:\/\/www.entelequiacultura.com\/wp-content\/uploads\/2020\/02\/20200201_173849-480x369.jpg\" class=\"attachment-post-loop size-post-loop wp-post-image\" alt=\"\" srcset=\"https:\/\/www.entelequiacultura.com\/wp-content\/uploads\/2020\/02\/20200201_173849-480x369.jpg 480w, https:\/\/www.entelequiacultura.com\/wp-content\/uploads\/2020\/02\/20200201_173849-1140x876.jpg 1140w, https:\/\/www.entelequiacultura.com\/wp-content\/uploads\/2020\/02\/20200201_173849-555x426.jpg 555w, https:\/\/www.entelequiacultura.com\/wp-content\/uploads\/2020\/02\/20200201_173849-360x276.jpg 360w, https:\/\/www.entelequiacultura.com\/wp-content\/uploads\/2020\/02\/20200201_173849-262x201.jpg 262w\" sizes=\"(min-width: 900px) 50vw, 100vw\" \/>\n\t\t\t\t\t\t\t\t\t\t\t<\/a>\n\t\t\t\t\t\t\t\t\t<\/div>\n\t\t\t<\/div>\n\t\t\t\t<div class=\"post-content-outer\">\n\t\t\t\t\t<header class=\"single\">\n\t\t\t<div class=\"content\">\n\t\t\t\t\t\t\t\t<h3>\n\t\t\t\t\t<a href=\"https:\/\/www.entelequiacultura.com\/ca\/seminari-joan-carles-melich\/\" title=\"Seminari amb Joan-Carles M\u00e8lich\">Seminari amb Joan-Carles M\u00e8lich<\/a>\n\t\t\t\t<\/h3>\n\t\t\t<\/div>\n\t\t<\/header>\n\t<div class=\"post-content the-content\">\n\t<p>Seguim, afortunadament, amb la resseca del seminari impartit ahir per Joan-Carles M\u00e8lich: \u00abLa lectura com a forma de vida\u00bb, on es va mostrar que l&#8217;\u00e9sser hum\u00e0 \u00e9s un \u00e9sser lector&#8230;<\/p>\n<\/div><div class=\"post-meta\">\n\t<nav class=\"clearfix\">\n\t\t\n\t\t\t\t\t\t\t\t<\/nav>\n<\/div>\t\t<\/div>\n\t<\/div>\n<\/div>\t<\/div>\n<\/div>\n\t\t\t<\/div>\n\t\t<\/div>\n\t\t<div class=\"page-content post-header clearfix list-item post-31990 post type-post status-publish format-image has-post-thumbnail hentry category-sin-categoria post_format-post-format-image\" >\n\t\t\t<div>\n\t\t\t\t<div class=\"post-article has-image-wrapper \">\n\t<div class=\"image-post-format clearfix as-normal \">\n\t\t<div class=\"post-row\">\n\t<div class=\"post-row-left\">\n\t\n<div class=\"post-date\">\n\t\t\t<span class=\"top-part\">\n\t\t\t27\t\t<\/span>\n\t\t<span class=\"bottom-part\">\n\t\t\t01 '20\t\t<\/span>\n\t<\/div>\t<div class=\"post-left-actions\">\n\t\t\n<div class=\"post-actions\">\n\t\t\t\t\t\t<div class=\"comment-count\">\n\t\t\t\t<a href=\"https:\/\/www.entelequiacultura.com\/ca\/aghata\/#respond\">0 <span class=\"comment-word\">Comments<\/span><\/a>\t\t\t<\/div>\n\t\t\n\t\t\n\t\t\t<\/div>\t<\/div>\n<\/div>\n\t<div class=\"post-row-center\">\n\t\t\t\t\t<div class=\"post-media\">\n\t\t\t\t<div class='media-inner'>\n\t\t\t\t\t\t\t\t\t\t\t<a href=\"https:\/\/www.entelequiacultura.com\/ca\/aghata\/\" title=\"Aghata per Sara Mesa i Pablo Mart\u00edn S\u00e1nchez\">\n\t\t\t\t\t\n\t\t\t\t\t<img loading=\"lazy\" decoding=\"async\" width=\"480\" height=\"369\" src=\"https:\/\/www.entelequiacultura.com\/wp-content\/uploads\/2020\/01\/20200123_103218-1-480x369.jpg\" class=\"attachment-post-loop size-post-loop wp-post-image\" alt=\"\" srcset=\"https:\/\/www.entelequiacultura.com\/wp-content\/uploads\/2020\/01\/20200123_103218-1-480x369.jpg 480w, https:\/\/www.entelequiacultura.com\/wp-content\/uploads\/2020\/01\/20200123_103218-1-1140x876.jpg 1140w, https:\/\/www.entelequiacultura.com\/wp-content\/uploads\/2020\/01\/20200123_103218-1-555x426.jpg 555w, https:\/\/www.entelequiacultura.com\/wp-content\/uploads\/2020\/01\/20200123_103218-1-360x276.jpg 360w, https:\/\/www.entelequiacultura.com\/wp-content\/uploads\/2020\/01\/20200123_103218-1-262x201.jpg 262w\" sizes=\"(min-width: 900px) 50vw, 100vw\" \/>\n\t\t\t\t\t\t\t\t\t\t\t<\/a>\n\t\t\t\t\t\t\t\t\t<\/div>\n\t\t\t<\/div>\n\t\t\t\t<div class=\"post-content-outer\">\n\t\t\t\t\t<header class=\"single\">\n\t\t\t<div class=\"content\">\n\t\t\t\t\t\t\t\t<h3>\n\t\t\t\t\t<a href=\"https:\/\/www.entelequiacultura.com\/ca\/aghata\/\" title=\"Aghata per Sara Mesa i Pablo Mart\u00edn S\u00e1nchez\">Aghata per Sara Mesa i Pablo Mart\u00edn S\u00e1nchez<\/a>\n\t\t\t\t<\/h3>\n\t\t\t<\/div>\n\t\t<\/header>\n\t<div class=\"post-content the-content\">\n\t<p>Hi ha llibres qu\u00e8 la seva g\u00e8nesi \u00e9s tan brillant com el seu contingut. I aix\u00f2 \u00e9s el que succeeix amb Aghata, publicat per l&#8217;editorial La u\u00d1a RoTa. All\u00e0 per&#8230;<\/p>\n<\/div><div class=\"post-meta\">\n\t<nav class=\"clearfix\">\n\t\t\n\t\t\t\t\t\t\t\t<\/nav>\n<\/div>\t\t<\/div>\n\t<\/div>\n<\/div>\t<\/div>\n<\/div>\n\t\t\t<\/div>\n\t\t<\/div>\n\t\t<div class=\"page-content post-header clearfix list-item post-31949 post type-post status-publish format-image has-post-thumbnail hentry category-sin-categoria post_format-post-format-image\" >\n\t\t\t<div>\n\t\t\t\t<div class=\"post-article has-image-wrapper \">\n\t<div class=\"image-post-format clearfix as-normal \">\n\t\t<div class=\"post-row\">\n\t<div class=\"post-row-left\">\n\t\n<div class=\"post-date\">\n\t\t\t<span class=\"top-part\">\n\t\t\t29\t\t<\/span>\n\t\t<span class=\"bottom-part\">\n\t\t\t12 '19\t\t<\/span>\n\t<\/div>\t<div class=\"post-left-actions\">\n\t\t\n<div class=\"post-actions\">\n\t\t\t\t\t\t<div class=\"comment-count\">\n\t\t\t\t<a href=\"https:\/\/www.entelequiacultura.com\/ca\/de-senectute-politica\/#respond\">0 <span class=\"comment-word\">Comments<\/span><\/a>\t\t\t<\/div>\n\t\t\n\t\t\n\t\t\t<\/div>\t<\/div>\n<\/div>\n\t<div class=\"post-row-center\">\n\t\t\t\t\t<div class=\"post-media\">\n\t\t\t\t<div class='media-inner'>\n\t\t\t\t\t\t\t\t\t\t\t<a href=\"https:\/\/www.entelequiacultura.com\/ca\/de-senectute-politica\/\" title=\"De senectute politica\">\n\t\t\t\t\t\n\t\t\t\t\t<img loading=\"lazy\" decoding=\"async\" width=\"480\" height=\"369\" src=\"https:\/\/www.entelequiacultura.com\/wp-content\/uploads\/2019\/12\/34268481_1476900522416353_255978015027101696_o-480x369.jpg\" class=\"attachment-post-loop size-post-loop wp-post-image\" alt=\"\" srcset=\"https:\/\/www.entelequiacultura.com\/wp-content\/uploads\/2019\/12\/34268481_1476900522416353_255978015027101696_o-480x369.jpg 480w, https:\/\/www.entelequiacultura.com\/wp-content\/uploads\/2019\/12\/34268481_1476900522416353_255978015027101696_o-1140x876.jpg 1140w, https:\/\/www.entelequiacultura.com\/wp-content\/uploads\/2019\/12\/34268481_1476900522416353_255978015027101696_o-555x426.jpg 555w, https:\/\/www.entelequiacultura.com\/wp-content\/uploads\/2019\/12\/34268481_1476900522416353_255978015027101696_o-360x276.jpg 360w, https:\/\/www.entelequiacultura.com\/wp-content\/uploads\/2019\/12\/34268481_1476900522416353_255978015027101696_o-262x201.jpg 262w\" sizes=\"(min-width: 900px) 50vw, 100vw\" \/>\n\t\t\t\t\t\t\t\t\t\t\t<\/a>\n\t\t\t\t\t\t\t\t\t<\/div>\n\t\t\t<\/div>\n\t\t\t\t<div class=\"post-content-outer\">\n\t\t\t\t\t<header class=\"single\">\n\t\t\t<div class=\"content\">\n\t\t\t\t\t\t\t\t<h3>\n\t\t\t\t\t<a href=\"https:\/\/www.entelequiacultura.com\/ca\/de-senectute-politica\/\" title=\"De senectute politica\">De senectute politica<\/a>\n\t\t\t\t<\/h3>\n\t\t\t<\/div>\n\t\t<\/header>\n\t<div class=\"post-content the-content\">\n\t<p>Amb motiu de la pr\u00f2xima trobada amb Pedro Olalla, aprofitem per a compartir unes breus notes sobre la lectura que vam fer del seu \u00faltim llibre &#8220;De senectute politica&#8221;, tercer&#8230;<\/p>\n<\/div><div class=\"post-meta\">\n\t<nav class=\"clearfix\">\n\t\t\n\t\t\t\t\t\t\t\t<\/nav>\n<\/div>\t\t<\/div>\n\t<\/div>\n<\/div>\t<\/div>\n<\/div>\n\t\t\t<\/div>\n\t\t<\/div>\n\t\t<div class=\"page-content post-header clearfix list-item post-31903 post type-post status-publish format-image hentry category-sin-categoria post_format-post-format-image\" >\n\t\t\t<div>\n\t\t\t\t<div class=\"post-article no-image-wrapper \">\n\t<div class=\"image-post-format clearfix as-normal as-standard-post-format\">\n\t\t<div class=\"post-row\">\n\t<div class=\"post-row-left\">\n\t\n<div class=\"post-date\">\n\t\t\t<span class=\"top-part\">\n\t\t\t14\t\t<\/span>\n\t\t<span class=\"bottom-part\">\n\t\t\t12 '19\t\t<\/span>\n\t<\/div>\t<div class=\"post-left-actions\">\n\t\t\n<div class=\"post-actions\">\n\t\t\t\t\t\t<div class=\"comment-count\">\n\t\t\t\t<a href=\"https:\/\/www.entelequiacultura.com\/ca\/socis-entelequia\/#respond\">0 <span class=\"comment-word\">Comments<\/span><\/a>\t\t\t<\/div>\n\t\t\n\t\t\n\t\t\t<\/div>\t<\/div>\n<\/div>\n\t<div class=\"post-row-center\">\n\t\t\t\t<div class=\"post-content-outer\">\n\t\t\t\t\t<header class=\"single\">\n\t\t\t<div class=\"content\">\n\t\t\t\t\t\t\t\t<h3>\n\t\t\t\t\t<a href=\"https:\/\/www.entelequiacultura.com\/ca\/socis-entelequia\/\" title=\"Avantatges d&#8217;associar-te amb Entel\u00e8quia Cultura\">Avantatges d&#8217;associar-te amb Entel\u00e8quia Cultura<\/a>\n\t\t\t\t<\/h3>\n\t\t\t<\/div>\n\t\t<\/header>\n\t<div class=\"post-content the-content\">\n\t<p>A partir d&#8217;ara, teniu a la vostra disposici\u00f3 la possibilitat de subscriure-us com a socis d&#8217;Entel\u00e8quia Cultura per a gaudir d&#8217;un 10% de descompte en tots els cursos i\/o retirs&#8230;<\/p>\n<\/div><div class=\"post-meta\">\n\t<nav class=\"clearfix\">\n\t\t\n\t\t\t\t\t\t\t\t<\/nav>\n<\/div>\t\t<\/div>\n\t<\/div>\n<\/div>\t<\/div>\n<\/div>\n\t\t\t<\/div>\n\t\t<\/div>\n\t\t<div class=\"page-content post-header clearfix list-item post-31654 post type-post status-publish format-image has-post-thumbnail hentry category-sin-categoria post_format-post-format-image\" >\n\t\t\t<div>\n\t\t\t\t<div class=\"post-article has-image-wrapper \">\n\t<div class=\"image-post-format clearfix as-normal \">\n\t\t<div class=\"post-row\">\n\t<div class=\"post-row-left\">\n\t\n<div class=\"post-date\">\n\t\t\t<span class=\"top-part\">\n\t\t\t24\t\t<\/span>\n\t\t<span class=\"bottom-part\">\n\t\t\t11 '19\t\t<\/span>\n\t<\/div>\t<div class=\"post-left-actions\">\n\t\t\n<div class=\"post-actions\">\n\t\t\t\t\t\t<div class=\"comment-count\">\n\t\t\t\t<a href=\"https:\/\/www.entelequiacultura.com\/ca\/surti-del-corrent-2\/#respond\">0 <span class=\"comment-word\">Comments<\/span><\/a>\t\t\t<\/div>\n\t\t\n\t\t\n\t\t\t<\/div>\t<\/div>\n<\/div>\n\t<div class=\"post-row-center\">\n\t\t\t\t\t<div class=\"post-media\">\n\t\t\t\t<div class='media-inner'>\n\t\t\t\t\t\t\t\t\t\t\t<a href=\"https:\/\/www.entelequiacultura.com\/ca\/surti-del-corrent-2\/\" title=\"Escriure i pintar amb Paula Bonet\">\n\t\t\t\t\t\n\t\t\t\t\t<img loading=\"lazy\" decoding=\"async\" width=\"480\" height=\"369\" src=\"https:\/\/www.entelequiacultura.com\/wp-content\/uploads\/2019\/11\/IMG-20191123-WA0022-2-480x369.jpg\" class=\"attachment-post-loop size-post-loop wp-post-image\" alt=\"\" srcset=\"https:\/\/www.entelequiacultura.com\/wp-content\/uploads\/2019\/11\/IMG-20191123-WA0022-2-480x369.jpg 480w, https:\/\/www.entelequiacultura.com\/wp-content\/uploads\/2019\/11\/IMG-20191123-WA0022-2-1140x876.jpg 1140w, https:\/\/www.entelequiacultura.com\/wp-content\/uploads\/2019\/11\/IMG-20191123-WA0022-2-555x426.jpg 555w, https:\/\/www.entelequiacultura.com\/wp-content\/uploads\/2019\/11\/IMG-20191123-WA0022-2-360x276.jpg 360w, https:\/\/www.entelequiacultura.com\/wp-content\/uploads\/2019\/11\/IMG-20191123-WA0022-2-262x201.jpg 262w\" sizes=\"(min-width: 900px) 50vw, 100vw\" \/>\n\t\t\t\t\t\t\t\t\t\t\t<\/a>\n\t\t\t\t\t\t\t\t\t<\/div>\n\t\t\t<\/div>\n\t\t\t\t<div class=\"post-content-outer\">\n\t\t\t\t\t<header class=\"single\">\n\t\t\t<div class=\"content\">\n\t\t\t\t\t\t\t\t<h3>\n\t\t\t\t\t<a href=\"https:\/\/www.entelequiacultura.com\/ca\/surti-del-corrent-2\/\" title=\"Escriure i pintar amb Paula Bonet\">Escriure i pintar amb Paula Bonet<\/a>\n\t\t\t\t<\/h3>\n\t\t\t<\/div>\n\t\t<\/header>\n\t<div class=\"post-content the-content\">\n\t<p>Emotiva i \u00edntima jornada la que vam mantenir ahir en l&#8217;estudi de Paula Bonet, qui va impartir el taller La paraula com a taca. Despr\u00e9s de unes hores de teoria,&#8230;<\/p>\n<\/div><div class=\"post-meta\">\n\t<nav class=\"clearfix\">\n\t\t\n\t\t\t\t\t\t\t\t<\/nav>\n<\/div>\t\t<\/div>\n\t<\/div>\n<\/div>\t<\/div>\n<\/div>\n\t\t\t<\/div>\n\t\t<\/div>\n\t\t<div class=\"page-content post-header clearfix list-item post-31364 post type-post status-publish format-image has-post-thumbnail hentry category-sin-categoria post_format-post-format-image\" >\n\t\t\t<div>\n\t\t\t\t<div class=\"post-article has-image-wrapper \">\n\t<div class=\"image-post-format clearfix as-normal \">\n\t\t<div class=\"post-row\">\n\t<div class=\"post-row-left\">\n\t\n<div class=\"post-date\">\n\t\t\t<span class=\"top-part\">\n\t\t\t05\t\t<\/span>\n\t\t<span class=\"bottom-part\">\n\t\t\t11 '19\t\t<\/span>\n\t<\/div>\t<div class=\"post-left-actions\">\n\t\t\n<div class=\"post-actions\">\n\t\t\t\t\t\t<div class=\"comment-count\">\n\t\t\t\t<a href=\"https:\/\/www.entelequiacultura.com\/ca\/surti-del-corrent\/#respond\">0 <span class=\"comment-word\">Comments<\/span><\/a>\t\t\t<\/div>\n\t\t\n\t\t\n\t\t\t<\/div>\t<\/div>\n<\/div>\n\t<div class=\"post-row-center\">\n\t\t\t\t\t<div class=\"post-media\">\n\t\t\t\t<div class='media-inner'>\n\t\t\t\t\t\t\t\t\t\t\t<a href=\"https:\/\/www.entelequiacultura.com\/ca\/surti-del-corrent\/\" title=\"Retir literari amb Sara Mesa\">\n\t\t\t\t\t\n\t\t\t\t\t<img loading=\"lazy\" decoding=\"async\" width=\"480\" height=\"369\" src=\"https:\/\/www.entelequiacultura.com\/wp-content\/uploads\/2019\/11\/amanece-480x369.jpg\" class=\"attachment-post-loop size-post-loop wp-post-image\" alt=\"\" srcset=\"https:\/\/www.entelequiacultura.com\/wp-content\/uploads\/2019\/11\/amanece-480x369.jpg 480w, https:\/\/www.entelequiacultura.com\/wp-content\/uploads\/2019\/11\/amanece-555x426.jpg 555w, https:\/\/www.entelequiacultura.com\/wp-content\/uploads\/2019\/11\/amanece-360x276.jpg 360w, https:\/\/www.entelequiacultura.com\/wp-content\/uploads\/2019\/11\/amanece-262x201.jpg 262w\" sizes=\"(min-width: 900px) 50vw, 100vw\" \/>\n\t\t\t\t\t\t\t\t\t\t\t<\/a>\n\t\t\t\t\t\t\t\t\t<\/div>\n\t\t\t<\/div>\n\t\t\t\t<div class=\"post-content-outer\">\n\t\t\t\t\t<header class=\"single\">\n\t\t\t<div class=\"content\">\n\t\t\t\t\t\t\t\t<h3>\n\t\t\t\t\t<a href=\"https:\/\/www.entelequiacultura.com\/ca\/surti-del-corrent\/\" title=\"Retir literari amb Sara Mesa\">Retir literari amb Sara Mesa<\/a>\n\t\t\t\t<\/h3>\n\t\t\t<\/div>\n\t\t<\/header>\n\t<div class=\"post-content the-content\">\n\t<p>\u2039\u2039Escriure \u00e9s dir les coses d&#8217;una manera inesperada. Escapar del que es preveu. Evitar el llit ja solcat. Donar marrades [\u2026] Escriure \u00e9s sortir-se del corrent, aprendre a mirar des&#8230;<\/p>\n<\/div><div class=\"post-meta\">\n\t<nav class=\"clearfix\">\n\t\t\n\t\t\t\t\t\t\t\t<\/nav>\n<\/div>\t\t<\/div>\n\t<\/div>\n<\/div>\t<\/div>\n<\/div>\n\t\t\t<\/div>\n\t\t<\/div>\n\t\t<div class=\"page-content post-header clearfix list-item post-30773 post type-post status-publish format-image has-post-thumbnail hentry category-sin-categoria post_format-post-format-image\" >\n\t\t\t<div>\n\t\t\t\t<div class=\"post-article has-image-wrapper \">\n\t<div class=\"image-post-format clearfix as-normal \">\n\t\t<div class=\"post-row\">\n\t<div class=\"post-row-left\">\n\t\n<div class=\"post-date\">\n\t\t\t<span class=\"top-part\">\n\t\t\t14\t\t<\/span>\n\t\t<span class=\"bottom-part\">\n\t\t\t06 '19\t\t<\/span>\n\t<\/div>\t<div class=\"post-left-actions\">\n\t\t\n<div class=\"post-actions\">\n\t\t\t\t\t\t<div class=\"comment-count\">\n\t\t\t\t<a href=\"https:\/\/www.entelequiacultura.com\/ca\/taller-literari-amb-pablo-martin-sanchez\/#respond\">0 <span class=\"comment-word\">Comments<\/span><\/a>\t\t\t<\/div>\n\t\t\n\t\t\n\t\t\t<\/div>\t<\/div>\n<\/div>\n\t<div class=\"post-row-center\">\n\t\t\t\t\t<div class=\"post-media\">\n\t\t\t\t<div class='media-inner'>\n\t\t\t\t\t\t\t\t\t\t\t<a href=\"https:\/\/www.entelequiacultura.com\/ca\/taller-literari-amb-pablo-martin-sanchez\/\" title=\"Retir literari amb Pablo Mart\u00edn S\u00e1nchez\">\n\t\t\t\t\t\n\t\t\t\t\t<img loading=\"lazy\" decoding=\"async\" width=\"480\" height=\"369\" src=\"https:\/\/www.entelequiacultura.com\/wp-content\/uploads\/2019\/06\/foto-blog-480x369.jpg\" class=\"attachment-post-loop size-post-loop wp-post-image\" alt=\"\" srcset=\"https:\/\/www.entelequiacultura.com\/wp-content\/uploads\/2019\/06\/foto-blog-480x369.jpg 480w, https:\/\/www.entelequiacultura.com\/wp-content\/uploads\/2019\/06\/foto-blog-555x426.jpg 555w, https:\/\/www.entelequiacultura.com\/wp-content\/uploads\/2019\/06\/foto-blog-360x276.jpg 360w, https:\/\/www.entelequiacultura.com\/wp-content\/uploads\/2019\/06\/foto-blog-262x201.jpg 262w\" sizes=\"(min-width: 900px) 50vw, 100vw\" \/>\n\t\t\t\t\t\t\t\t\t\t\t<\/a>\n\t\t\t\t\t\t\t\t\t<\/div>\n\t\t\t<\/div>\n\t\t\t\t<div class=\"post-content-outer\">\n\t\t\t\t\t<header class=\"single\">\n\t\t\t<div class=\"content\">\n\t\t\t\t\t\t\t\t<h3>\n\t\t\t\t\t<a href=\"https:\/\/www.entelequiacultura.com\/ca\/taller-literari-amb-pablo-martin-sanchez\/\" title=\"Retir literari amb Pablo Mart\u00edn S\u00e1nchez\">Retir literari amb Pablo Mart\u00edn S\u00e1nchez<\/a>\n\t\t\t\t<\/h3>\n\t\t\t<\/div>\n\t\t<\/header>\n\t<div class=\"post-content the-content\">\n\t<p>La for\u00e7a creativa de la trava Retir literari amb Pablo Mart\u00edn S\u00e1nchez Del 7 al 9 de juny, Calonge (Girona) Us sembla possible estimular la creativitat a trav\u00e9s de restriccions&#8230;<\/p>\n<\/div><div class=\"post-meta\">\n\t<nav class=\"clearfix\">\n\t\t\n\t\t\t\t\t\t\t\t<\/nav>\n<\/div>\t\t<\/div>\n\t<\/div>\n<\/div>\t<\/div>\n<\/div>\n\t\t\t<\/div>\n\t\t<\/div>\n\t\t<div class=\"page-content post-header clearfix list-item post-30873 post type-post status-publish format-image has-post-thumbnail hentry category-sin-categoria post_format-post-format-image\" >\n\t\t\t<div>\n\t\t\t\t<div class=\"post-article has-image-wrapper \">\n\t<div class=\"image-post-format clearfix as-normal \">\n\t\t<div class=\"post-row\">\n\t<div class=\"post-row-left\">\n\t\n<div class=\"post-date\">\n\t\t\t<span class=\"top-part\">\n\t\t\t14\t\t<\/span>\n\t\t<span class=\"bottom-part\">\n\t\t\t05 '19\t\t<\/span>\n\t<\/div>\t<div class=\"post-left-actions\">\n\t\t\n<div class=\"post-actions\">\n\t\t\t\t\t\t<div class=\"comment-count\">\n\t\t\t\t<a href=\"https:\/\/www.entelequiacultura.com\/ca\/taller-ben-clark\/#respond\">0 <span class=\"comment-word\">Comments<\/span><\/a>\t\t\t<\/div>\n\t\t\n\t\t\n\t\t\t<\/div>\t<\/div>\n<\/div>\n\t<div class=\"post-row-center\">\n\t\t\t\t\t<div class=\"post-media\">\n\t\t\t\t<div class='media-inner'>\n\t\t\t\t\t\t\t\t\t\t\t<a href=\"https:\/\/www.entelequiacultura.com\/ca\/taller-ben-clark\/\" title=\"Seminari-taller po\u00e8tic amb Ben Clark\">\n\t\t\t\t\t\n\t\t\t\t\t<img loading=\"lazy\" decoding=\"async\" width=\"480\" height=\"369\" src=\"https:\/\/www.entelequiacultura.com\/wp-content\/uploads\/2019\/05\/ben-copia-480x369.jpg\" class=\"attachment-post-loop size-post-loop wp-post-image\" alt=\"\" srcset=\"https:\/\/www.entelequiacultura.com\/wp-content\/uploads\/2019\/05\/ben-copia-480x369.jpg 480w, https:\/\/www.entelequiacultura.com\/wp-content\/uploads\/2019\/05\/ben-copia-555x426.jpg 555w, https:\/\/www.entelequiacultura.com\/wp-content\/uploads\/2019\/05\/ben-copia-360x276.jpg 360w, https:\/\/www.entelequiacultura.com\/wp-content\/uploads\/2019\/05\/ben-copia-262x201.jpg 262w\" sizes=\"(min-width: 900px) 50vw, 100vw\" \/>\n\t\t\t\t\t\t\t\t\t\t\t<\/a>\n\t\t\t\t\t\t\t\t\t<\/div>\n\t\t\t<\/div>\n\t\t\t\t<div class=\"post-content-outer\">\n\t\t\t\t\t<header class=\"single\">\n\t\t\t<div class=\"content\">\n\t\t\t\t\t\t\t\t<h3>\n\t\t\t\t\t<a href=\"https:\/\/www.entelequiacultura.com\/ca\/taller-ben-clark\/\" title=\"Seminari-taller po\u00e8tic amb Ben Clark\">Seminari-taller po\u00e8tic amb Ben Clark<\/a>\n\t\t\t\t<\/h3>\n\t\t\t<\/div>\n\t\t<\/header>\n\t<div class=\"post-content the-content\">\n\t<p>Dissabte passat vam posar en pr\u00e0ctica un nou format d&#8217;esdeveniments en Entel\u00e8quia Cultura. Vam pensar que, a m\u00e9s dels retirs que organitzem durant caps de setmana, oferir la possibilitat d&#8217;assistir&#8230;<\/p>\n<\/div><div class=\"post-meta\">\n\t<nav class=\"clearfix\">\n\t\t\n\t\t\t\t\t\t\t\t<\/nav>\n<\/div>\t\t<\/div>\n\t<\/div>\n<\/div>\t<\/div>\n<\/div>\n\t\t\t<\/div>\n\t\t<\/div>\n\t\t<div class=\"page-content post-header clearfix list-item post-30473 post type-post status-publish format-standard has-post-thumbnail hentry category-sin-categoria\" >\n\t\t\t<div>\n\t\t\t\t<div class=\"post-article has-image-wrapper \">\n\t<div class=\"standard-post-format clearfix as-image \">\n\t\t<div class=\"post-row\">\n\t<div class=\"post-row-left\">\n\t\n<div class=\"post-date\">\n\t\t\t<span class=\"top-part\">\n\t\t\t20\t\t<\/span>\n\t\t<span class=\"bottom-part\">\n\t\t\t03 '19\t\t<\/span>\n\t<\/div>\t<div class=\"post-left-actions\">\n\t\t\n<div class=\"post-actions\">\n\t\t\t\t\t\t<div class=\"comment-count\">\n\t\t\t\t<a href=\"https:\/\/www.entelequiacultura.com\/ca\/article-pablo-martin-sanchez\/#respond\">0 <span class=\"comment-word\">Comments<\/span><\/a>\t\t\t<\/div>\n\t\t\n\t\t\n\t\t\t<\/div>\t<\/div>\n<\/div>\n\t<div class=\"post-row-center\">\n\t\t\t\t\t<div class=\"post-media\">\n\t\t\t\t<div class='media-inner'>\n\t\t\t\t\t\n\t\t\t\t\t<img loading=\"lazy\" decoding=\"async\" width=\"480\" height=\"369\" src=\"https:\/\/www.entelequiacultura.com\/wp-content\/uploads\/2019\/03\/libros-pablo-480x369.jpg\" class=\"attachment-post-loop size-post-loop wp-post-image\" alt=\"\" srcset=\"https:\/\/www.entelequiacultura.com\/wp-content\/uploads\/2019\/03\/libros-pablo-480x369.jpg 480w, https:\/\/www.entelequiacultura.com\/wp-content\/uploads\/2019\/03\/libros-pablo-1140x876.jpg 1140w, https:\/\/www.entelequiacultura.com\/wp-content\/uploads\/2019\/03\/libros-pablo-555x426.jpg 555w, https:\/\/www.entelequiacultura.com\/wp-content\/uploads\/2019\/03\/libros-pablo-360x276.jpg 360w, https:\/\/www.entelequiacultura.com\/wp-content\/uploads\/2019\/03\/libros-pablo-262x201.jpg 262w\" sizes=\"(min-width: 900px) 50vw, 100vw\" \/>\n\t\t\t\t\t\t\t\t\t<\/div>\n\t\t\t<\/div>\n\t\t\t\t<div class=\"post-content-outer\">\n\t\t\t\t\t<header class=\"single\">\n\t\t\t<div class=\"content\">\n\t\t\t\t\t\t\t\t<h3>\n\t\t\t\t\t<a href=\"https:\/\/www.entelequiacultura.com\/ca\/article-pablo-martin-sanchez\/\" title=\"Article sobre les novel\u00b7les de Pablo Mart\u00edn S\u00e1nchez\">Article sobre les novel\u00b7les de Pablo Mart\u00edn S\u00e1nchez<\/a>\n\t\t\t\t<\/h3>\n\t\t\t<\/div>\n\t\t<\/header>\n\t<div class=\"post-content the-content\">\n\t<p>Transcrivim a continuaci\u00f3 \u00a0l&#8217;article aparegut fa unes setmanes en la revista 142 Revista Cultural sobre les novel\u00b7les de Pablo Mart\u00edn S\u00e1nchez. QUI, CUM, UBI o biograf\u00eda m\u00ednima: acerca de la&#8230;<\/p>\n<\/div><div class=\"post-meta\">\n\t<nav class=\"clearfix\">\n\t\t\n\t\t\t\t\t\t\t\t<\/nav>\n<\/div>\t\t<\/div>\n\t<\/div>\n<\/div>\t<\/div>\n<\/div>\n\t\t\t<\/div>\n\t\t<\/div>\n\t\t<div class=\"page-content post-header clearfix list-item post-29830 post type-post status-publish format-standard has-post-thumbnail hentry category-sin-categoria\" >\n\t\t\t<div>\n\t\t\t\t<div class=\"post-article has-image-wrapper \">\n\t<div class=\"standard-post-format clearfix as-image \">\n\t\t<div class=\"post-row\">\n\t<div class=\"post-row-left\">\n\t\n<div class=\"post-date\">\n\t\t\t<span class=\"top-part\">\n\t\t\t28\t\t<\/span>\n\t\t<span class=\"bottom-part\">\n\t\t\t11 '18\t\t<\/span>\n\t<\/div>\t<div class=\"post-left-actions\">\n\t\t\n<div class=\"post-actions\">\n\t\t\t\t\t\t<div class=\"comment-count\">\n\t\t\t\t<a href=\"https:\/\/www.entelequiacultura.com\/ca\/arte-naturaleza-y-espiritualidad\/#respond\">0 <span class=\"comment-word\">Comments<\/span><\/a>\t\t\t<\/div>\n\t\t\n\t\t\n\t\t\t<\/div>\t<\/div>\n<\/div>\n\t<div class=\"post-row-center\">\n\t\t\t\t\t<div class=\"post-media\">\n\t\t\t\t<div class='media-inner'>\n\t\t\t\t\t\n\t\t\t\t\t<img loading=\"lazy\" decoding=\"async\" width=\"480\" height=\"369\" src=\"https:\/\/www.entelequiacultura.com\/wp-content\/uploads\/2018\/11\/libro-mem-foto-1-480x369.jpg\" class=\"attachment-post-loop size-post-loop wp-post-image\" alt=\"\" srcset=\"https:\/\/www.entelequiacultura.com\/wp-content\/uploads\/2018\/11\/libro-mem-foto-1-480x369.jpg 480w, https:\/\/www.entelequiacultura.com\/wp-content\/uploads\/2018\/11\/libro-mem-foto-1-555x426.jpg 555w, https:\/\/www.entelequiacultura.com\/wp-content\/uploads\/2018\/11\/libro-mem-foto-1-360x276.jpg 360w, https:\/\/www.entelequiacultura.com\/wp-content\/uploads\/2018\/11\/libro-mem-foto-1-262x201.jpg 262w\" sizes=\"(min-width: 900px) 50vw, 100vw\" \/>\n\t\t\t\t\t\t\t\t\t<\/div>\n\t\t\t<\/div>\n\t\t\t\t<div class=\"post-content-outer\">\n\t\t\t\t\t<header class=\"single\">\n\t\t\t<div class=\"content\">\n\t\t\t\t\t\t\t\t<h3>\n\t\t\t\t\t<a href=\"https:\/\/www.entelequiacultura.com\/ca\/arte-naturaleza-y-espiritualidad\/\" title=\"Arte, naturaleza y espiritualidad\">Arte, naturaleza y espiritualidad<\/a>\n\t\t\t\t<\/h3>\n\t\t\t<\/div>\n\t\t<\/header>\n\t<div class=\"post-content the-content\">\n\t<p>Una de les difer\u00e8ncies m\u00e9s significatives entre l&#8217;art occidental i l&#8217;oriental es troba en els m\u00e8todes formatius, assegura l&#8217;artista Mar\u00eda Eugenia Manrique (guardonada amb el gran premi de Sumie en&#8230;<\/p>\n<\/div><div class=\"post-meta\">\n\t<nav class=\"clearfix\">\n\t\t\n\t\t\t\t\t\t\t\t<\/nav>\n<\/div>\t\t<\/div>\n\t<\/div>\n<\/div>\t<\/div>\n<\/div>\n\t\t\t<\/div>\n\t\t<\/div>\n\t\t<div class=\"page-content post-header clearfix list-item post-29042 post type-post status-publish format-standard hentry category-sin-categoria\" >\n\t\t\t<div>\n\t\t\t\t<div class=\"post-article no-image-wrapper \">\n\t<div class=\"standard-post-format clearfix as-normal as-standard-post-format\">\n\t\t<div class=\"post-row\">\n\t<div class=\"post-row-left\">\n\t\n<div class=\"post-date\">\n\t\t\t<span class=\"top-part\">\n\t\t\t02\t\t<\/span>\n\t\t<span class=\"bottom-part\">\n\t\t\t08 '18\t\t<\/span>\n\t<\/div>\t<div class=\"post-left-actions\">\n\t\t\n<div class=\"post-actions\">\n\t\t\t\t\t\t<div class=\"comment-count\">\n\t\t\t\t<a href=\"https:\/\/www.entelequiacultura.com\/ca\/quiero\/#respond\">0 <span class=\"comment-word\">Comments<\/span><\/a>\t\t\t<\/div>\n\t\t\n\t\t\n\t\t\t<\/div>\t<\/div>\n<\/div>\n\t<div class=\"post-row-center\">\n\t\t\t\t<div class=\"post-content-outer\">\n\t\t\t\t\t<header class=\"single\">\n\t\t\t<div class=\"content\">\n\t\t\t\t\t\t\t\t<h3>\n\t\t\t\t\t<a href=\"https:\/\/www.entelequiacultura.com\/ca\/quiero\/\" title=\"&#8220;Quiero&#8221; poesia reunida de l&#8217;Alejandro Palomas 2012-2018\">&#8220;Quiero&#8221; poesia reunida de l&#8217;Alejandro Palomas 2012-2018<\/a>\n\t\t\t\t<\/h3>\n\t\t\t<\/div>\n\t\t<\/header>\n\t<div class=\"post-content the-content\">\n\t<p>[&#8230;] \u2014\u00bfQu\u00e9 diferencia hay entre el Alejandro Palomas narrador y el poeta? \u2014La gran diferencia entre el narrador y el poeta es que el primero es m\u00e1s visceral, est\u00e1 m\u00e1s&#8230;<\/p>\n<\/div><div class=\"post-meta\">\n\t<nav class=\"clearfix\">\n\t\t\n\t\t\t\t\t\t\t\t<\/nav>\n<\/div>\t\t<\/div>\n\t<\/div>\n<\/div>\t<\/div>\n<\/div>\n\t\t\t<\/div>\n\t\t<\/div>\n\t\t<div class=\"page-content post-header clearfix list-item post-29017 post type-post status-publish format-standard has-post-thumbnail hentry category-sin-categoria\" >\n\t\t\t<div>\n\t\t\t\t<div class=\"post-article has-image-wrapper \">\n\t<div class=\"standard-post-format clearfix as-image \">\n\t\t<div class=\"post-row\">\n\t<div class=\"post-row-left\">\n\t\n<div class=\"post-date\">\n\t\t\t<span class=\"top-part\">\n\t\t\t31\t\t<\/span>\n\t\t<span class=\"bottom-part\">\n\t\t\t07 '18\t\t<\/span>\n\t<\/div>\t<div class=\"post-left-actions\">\n\t\t\n<div class=\"post-actions\">\n\t\t\t\t\t\t<div class=\"comment-count\">\n\t\t\t\t<a href=\"https:\/\/www.entelequiacultura.com\/ca\/l-alegria-de-compartir\/#respond\">0 <span class=\"comment-word\">Comments<\/span><\/a>\t\t\t<\/div>\n\t\t\n\t\t\n\t\t\t<\/div>\t<\/div>\n<\/div>\n\t<div class=\"post-row-center\">\n\t\t\t\t\t<div class=\"post-media\">\n\t\t\t\t<div class='media-inner'>\n\t\t\t\t\t\n\t\t\t\t\t<img loading=\"lazy\" decoding=\"async\" width=\"480\" height=\"369\" src=\"https:\/\/www.entelequiacultura.com\/wp-content\/uploads\/2018\/07\/Cristina-Verbena-3-480x369.jpg\" class=\"attachment-post-loop size-post-loop wp-post-image\" alt=\"\" srcset=\"https:\/\/www.entelequiacultura.com\/wp-content\/uploads\/2018\/07\/Cristina-Verbena-3-480x369.jpg 480w, https:\/\/www.entelequiacultura.com\/wp-content\/uploads\/2018\/07\/Cristina-Verbena-3-555x426.jpg 555w, https:\/\/www.entelequiacultura.com\/wp-content\/uploads\/2018\/07\/Cristina-Verbena-3-360x276.jpg 360w, https:\/\/www.entelequiacultura.com\/wp-content\/uploads\/2018\/07\/Cristina-Verbena-3-262x201.jpg 262w\" sizes=\"(min-width: 900px) 50vw, 100vw\" \/>\n\t\t\t\t\t\t\t\t\t<\/div>\n\t\t\t<\/div>\n\t\t\t\t<div class=\"post-content-outer\">\n\t\t\t\t\t<header class=\"single\">\n\t\t\t<div class=\"content\">\n\t\t\t\t\t\t\t\t<h3>\n\t\t\t\t\t<a href=\"https:\/\/www.entelequiacultura.com\/ca\/l-alegria-de-compartir\/\" title=\"L&#8217;alegria de compartir\">L&#8217;alegria de compartir<\/a>\n\t\t\t\t<\/h3>\n\t\t\t<\/div>\n\t\t<\/header>\n\t<div class=\"post-content the-content\">\n\t<p>A la nostra publicaci\u00f3 del 21 de juny parl\u00e0vem sobre la lectura de\u00a0-A Dona, llenguatge i poesia (Stendhal Books), antologia que reuneix creacions d&#8217;algunes de les poetes de parla hispana&#8230;<\/p>\n<\/div><div class=\"post-meta\">\n\t<nav class=\"clearfix\">\n\t\t\n\t\t\t\t\t\t\t\t<\/nav>\n<\/div>\t\t<\/div>\n\t<\/div>\n<\/div>\t<\/div>\n<\/div>\n\t\t\t<\/div>\n\t\t<\/div>\n\t\t<div class=\"page-content post-header clearfix list-item post-29221 post type-post status-publish format-standard hentry category-sin-categoria\" >\n\t\t\t<div>\n\t\t\t\t<div class=\"post-article no-image-wrapper \">\n\t<div class=\"standard-post-format clearfix as-normal as-standard-post-format\">\n\t\t<div class=\"post-row\">\n\t<div class=\"post-row-left\">\n\t\n<div class=\"post-date\">\n\t\t\t<span class=\"top-part\">\n\t\t\t20\t\t<\/span>\n\t\t<span class=\"bottom-part\">\n\t\t\t07 '18\t\t<\/span>\n\t<\/div>\t<div class=\"post-left-actions\">\n\t\t\n<div class=\"post-actions\">\n\t\t\t\t\t\t<div class=\"comment-count\">\n\t\t\t\t<a href=\"https:\/\/www.entelequiacultura.com\/ca\/nuvol\/#respond\">0 <span class=\"comment-word\">Comments<\/span><\/a>\t\t\t<\/div>\n\t\t\n\t\t\n\t\t\t<\/div>\t<\/div>\n<\/div>\n\t<div class=\"post-row-center\">\n\t\t\t\t<div class=\"post-content-outer\">\n\t\t\t\t\t<header class=\"single\">\n\t\t\t<div class=\"content\">\n\t\t\t\t\t\t\t\t<h3>\n\t\t\t\t\t<a href=\"https:\/\/www.entelequiacultura.com\/ca\/nuvol\/\" title=\"Tres dies amb els autors de la teva vida\">Tres dies amb els autors de la teva vida<\/a>\n\t\t\t\t<\/h3>\n\t\t\t<\/div>\n\t\t<\/header>\n\t<div class=\"post-content the-content\">\n\t<p>En el diari digital de cultura N\u00favol tamb\u00e9 es fa ress\u00f2 del nostre retir amb l&#8217;escriptor Manuel Vilas a Calonge (Costa Brava). En aquest enllac podeu llegir la cr\u00f2nica de&#8230;<\/p>\n<\/div><div class=\"post-meta\">\n\t<nav class=\"clearfix\">\n\t\t\n\t\t\t\t\t\t\t\t<\/nav>\n<\/div>\t\t<\/div>\n\t<\/div>\n<\/div>\t<\/div>\n<\/div>\n\t\t\t<\/div>\n\t\t<\/div>\n\t\t<div class=\"page-content post-header clearfix list-item post-29206 post type-post status-publish format-standard has-post-thumbnail hentry category-sin-categoria\" >\n\t\t\t<div>\n\t\t\t\t<div class=\"post-article has-image-wrapper \">\n\t<div class=\"standard-post-format clearfix as-image \">\n\t\t<div class=\"post-row\">\n\t<div class=\"post-row-left\">\n\t\n<div class=\"post-date\">\n\t\t\t<span class=\"top-part\">\n\t\t\t19\t\t<\/span>\n\t\t<span class=\"bottom-part\">\n\t\t\t07 '18\t\t<\/span>\n\t<\/div>\t<div class=\"post-left-actions\">\n\t\t\n<div class=\"post-actions\">\n\t\t\t\t\t\t<div class=\"comment-count\">\n\t\t\t\t<a href=\"https:\/\/www.entelequiacultura.com\/ca\/el-pais-2\/#respond\">0 <span class=\"comment-word\">Comments<\/span><\/a>\t\t\t<\/div>\n\t\t\n\t\t\n\t\t\t<\/div>\t<\/div>\n<\/div>\n\t<div class=\"post-row-center\">\n\t\t\t\t\t<div class=\"post-media\">\n\t\t\t\t<div class='media-inner'>\n\t\t\t\t\t\n\t\t\t\t\t<img loading=\"lazy\" decoding=\"async\" width=\"480\" height=\"369\" src=\"https:\/\/www.entelequiacultura.com\/wp-content\/uploads\/2018\/07\/pais-480x369.jpg\" class=\"attachment-post-loop size-post-loop wp-post-image\" alt=\"\" srcset=\"https:\/\/www.entelequiacultura.com\/wp-content\/uploads\/2018\/07\/pais-480x369.jpg 480w, https:\/\/www.entelequiacultura.com\/wp-content\/uploads\/2018\/07\/pais-555x426.jpg 555w, https:\/\/www.entelequiacultura.com\/wp-content\/uploads\/2018\/07\/pais-360x276.jpg 360w, https:\/\/www.entelequiacultura.com\/wp-content\/uploads\/2018\/07\/pais-262x201.jpg 262w\" sizes=\"(min-width: 900px) 50vw, 100vw\" \/>\n\t\t\t\t\t\t\t\t\t<\/div>\n\t\t\t<\/div>\n\t\t\t\t<div class=\"post-content-outer\">\n\t\t\t\t\t<header class=\"single\">\n\t\t\t<div class=\"content\">\n\t\t\t\t\t\t\t\t<h3>\n\t\t\t\t\t<a href=\"https:\/\/www.entelequiacultura.com\/ca\/el-pais-2\/\" title=\"Passi un cap de setmana amb el seu escriptor favorit\">Passi un cap de setmana amb el seu escriptor favorit<\/a>\n\t\t\t\t<\/h3>\n\t\t\t<\/div>\n\t\t<\/header>\n\t<div class=\"post-content the-content\">\n\t<p>Avui s&#8217;ha publicat un preci\u00f3s article de l&#8217;escriptora i periodista cultural Laura Fern\u00e1ndez, a la contra del diari El Pa\u00eds, sobre el nostre recent retir amb Manuel Vilas a Calonge&#8230;<\/p>\n<\/div><div class=\"post-meta\">\n\t<nav class=\"clearfix\">\n\t\t\n\t\t\t\t\t\t\t\t<\/nav>\n<\/div>\t\t<\/div>\n\t<\/div>\n<\/div>\t<\/div>\n<\/div>\n\t\t\t<\/div>\n\t\t<\/div>\n\t\t<div class=\"page-content post-header clearfix list-item post-28801 post type-post status-publish format-standard has-post-thumbnail hentry category-sin-categoria\" >\n\t\t\t<div>\n\t\t\t\t<div class=\"post-article has-image-wrapper \">\n\t<div class=\"standard-post-format clearfix as-image \">\n\t\t<div class=\"post-row\">\n\t<div class=\"post-row-left\">\n\t\n<div class=\"post-date\">\n\t\t\t<span class=\"top-part\">\n\t\t\t05\t\t<\/span>\n\t\t<span class=\"bottom-part\">\n\t\t\t07 '18\t\t<\/span>\n\t<\/div>\t<div class=\"post-left-actions\">\n\t\t\n<div class=\"post-actions\">\n\t\t\t\t\t\t<div class=\"comment-count\">\n\t\t\t\t<a href=\"https:\/\/www.entelequiacultura.com\/ca\/els-llibres-de-la-vida-manuel-vilas\/#respond\">0 <span class=\"comment-word\">Comments<\/span><\/a>\t\t\t<\/div>\n\t\t\n\t\t\n\t\t\t<\/div>\t<\/div>\n<\/div>\n\t<div class=\"post-row-center\">\n\t\t\t\t\t<div class=\"post-media\">\n\t\t\t\t<div class='media-inner'>\n\t\t\t\t\t\n\t\t\t\t\t<img loading=\"lazy\" decoding=\"async\" width=\"480\" height=\"369\" src=\"https:\/\/www.entelequiacultura.com\/wp-content\/uploads\/2018\/07\/DSC_5733-copia-2-1-480x369.jpg\" class=\"attachment-post-loop size-post-loop wp-post-image\" alt=\"\" srcset=\"https:\/\/www.entelequiacultura.com\/wp-content\/uploads\/2018\/07\/DSC_5733-copia-2-1-480x369.jpg 480w, https:\/\/www.entelequiacultura.com\/wp-content\/uploads\/2018\/07\/DSC_5733-copia-2-1-555x426.jpg 555w, https:\/\/www.entelequiacultura.com\/wp-content\/uploads\/2018\/07\/DSC_5733-copia-2-1-360x276.jpg 360w, https:\/\/www.entelequiacultura.com\/wp-content\/uploads\/2018\/07\/DSC_5733-copia-2-1-262x201.jpg 262w\" sizes=\"(min-width: 900px) 50vw, 100vw\" \/>\n\t\t\t\t\t\t\t\t\t<\/div>\n\t\t\t<\/div>\n\t\t\t\t<div class=\"post-content-outer\">\n\t\t\t\t\t<header class=\"single\">\n\t\t\t<div class=\"content\">\n\t\t\t\t\t\t\t\t<h3>\n\t\t\t\t\t<a href=\"https:\/\/www.entelequiacultura.com\/ca\/els-llibres-de-la-vida-manuel-vilas\/\" title=\"&#8220;Els llibres de la vida&#8221; Manuel Vilas\">&#8220;Els llibres de la vida&#8221; Manuel Vilas<\/a>\n\t\t\t\t<\/h3>\n\t\t\t<\/div>\n\t\t<\/header>\n\t<div class=\"post-content the-content\">\n\t<p>Retir cultural amb Manuel Vilas Del 29 de juny a l&#8217;1 de juliol 2018 Hotel Mas 1670 (Calonge, Girona) De la m\u00e0 d&#8217;en Manuel Vilas vam fer un succint recorregut&#8230;<\/p>\n<\/div><div class=\"post-meta\">\n\t<nav class=\"clearfix\">\n\t\t\n\t\t\t\t\t\t\t\t<\/nav>\n<\/div>\t\t<\/div>\n\t<\/div>\n<\/div>\t<\/div>\n<\/div>\n\t\t\t<\/div>\n\t\t<\/div>\n\t\t<div class=\"page-content post-header clearfix list-item post-28713 post type-post status-publish format-standard has-post-thumbnail hentry category-sin-categoria\" >\n\t\t\t<div>\n\t\t\t\t<div class=\"post-article has-image-wrapper \">\n\t<div class=\"standard-post-format clearfix as-image \">\n\t\t<div class=\"post-row\">\n\t<div class=\"post-row-left\">\n\t\n<div class=\"post-date\">\n\t\t\t<span class=\"top-part\">\n\t\t\t23\t\t<\/span>\n\t\t<span class=\"bottom-part\">\n\t\t\t06 '18\t\t<\/span>\n\t<\/div>\t<div class=\"post-left-actions\">\n\t\t\n<div class=\"post-actions\">\n\t\t\t\t\t\t<div class=\"comment-count\">\n\t\t\t\t<a href=\"https:\/\/www.entelequiacultura.com\/ca\/antologia\/#respond\">0 <span class=\"comment-word\">Comments<\/span><\/a>\t\t\t<\/div>\n\t\t\n\t\t\n\t\t\t<\/div>\t<\/div>\n<\/div>\n\t<div class=\"post-row-center\">\n\t\t\t\t\t<div class=\"post-media\">\n\t\t\t\t<div class='media-inner'>\n\t\t\t\t\t\n\t\t\t\t\t<img loading=\"lazy\" decoding=\"async\" width=\"480\" height=\"369\" src=\"https:\/\/www.entelequiacultura.com\/wp-content\/uploads\/2018\/06\/a_02-480x369.jpg\" class=\"attachment-post-loop size-post-loop wp-post-image\" alt=\"\" srcset=\"https:\/\/www.entelequiacultura.com\/wp-content\/uploads\/2018\/06\/a_02-480x369.jpg 480w, https:\/\/www.entelequiacultura.com\/wp-content\/uploads\/2018\/06\/a_02-555x426.jpg 555w, https:\/\/www.entelequiacultura.com\/wp-content\/uploads\/2018\/06\/a_02-360x276.jpg 360w, https:\/\/www.entelequiacultura.com\/wp-content\/uploads\/2018\/06\/a_02-262x201.jpg 262w\" sizes=\"(min-width: 900px) 50vw, 100vw\" \/>\n\t\t\t\t\t\t\t\t\t<\/div>\n\t\t\t<\/div>\n\t\t\t\t<div class=\"post-content-outer\">\n\t\t\t\t\t<header class=\"single\">\n\t\t\t<div class=\"content\">\n\t\t\t\t\t\t\t\t<h3>\n\t\t\t\t\t<a href=\"https:\/\/www.entelequiacultura.com\/ca\/antologia\/\" title=\"-A Mujer, lenguaje y poes\u00eda\">-A Mujer, lenguaje y poes\u00eda<\/a>\n\t\t\t\t<\/h3>\n\t\t\t<\/div>\n\t\t<\/header>\n\t<div class=\"post-content the-content\">\n\t<p>He tingut el plaer d&#8217;escoltar recitar versos a algunes de les enormes dones que apareixen a -A, Dona, llenguatge i poesia, una antologia que tal com afirmen els seus editors&#8230;<\/p>\n<\/div><div class=\"post-meta\">\n\t<nav class=\"clearfix\">\n\t\t\n\t\t\t\t\t\t\t\t<\/nav>\n<\/div>\t\t<\/div>\n\t<\/div>\n<\/div>\t<\/div>\n<\/div>\n\t\t\t<\/div>\n\t\t<\/div>\n\t\t<div class=\"page-content post-header clearfix list-item post-28276 post type-post status-publish format-standard has-post-thumbnail hentry category-sin-categoria\" >\n\t\t\t<div>\n\t\t\t\t<div class=\"post-article has-image-wrapper \">\n\t<div class=\"standard-post-format clearfix as-image \">\n\t\t<div class=\"post-row\">\n\t<div class=\"post-row-left\">\n\t\n<div class=\"post-date\">\n\t\t\t<span class=\"top-part\">\n\t\t\t17\t\t<\/span>\n\t\t<span class=\"bottom-part\">\n\t\t\t05 '18\t\t<\/span>\n\t<\/div>\t<div class=\"post-left-actions\">\n\t\t\n<div class=\"post-actions\">\n\t\t\t\t\t\t<div class=\"comment-count\">\n\t\t\t\t<a href=\"https:\/\/www.entelequiacultura.com\/ca\/chantal-maillard-en-entelequia-cultura-2\/#respond\">0 <span class=\"comment-word\">Comments<\/span><\/a>\t\t\t<\/div>\n\t\t\n\t\t\n\t\t\t<\/div>\t<\/div>\n<\/div>\n\t<div class=\"post-row-center\">\n\t\t\t\t\t<div class=\"post-media\">\n\t\t\t\t<div class='media-inner'>\n\t\t\t\t\t\n\t\t\t\t\t<img loading=\"lazy\" decoding=\"async\" width=\"480\" height=\"369\" src=\"https:\/\/www.entelequiacultura.com\/wp-content\/uploads\/2018\/05\/MG_0275-copia-1-e1588064086223-480x369.jpg\" class=\"attachment-post-loop size-post-loop wp-post-image\" alt=\"\" srcset=\"https:\/\/www.entelequiacultura.com\/wp-content\/uploads\/2018\/05\/MG_0275-copia-1-e1588064086223-480x369.jpg 480w, https:\/\/www.entelequiacultura.com\/wp-content\/uploads\/2018\/05\/MG_0275-copia-1-e1588064086223-555x426.jpg 555w, https:\/\/www.entelequiacultura.com\/wp-content\/uploads\/2018\/05\/MG_0275-copia-1-e1588064086223-360x276.jpg 360w, https:\/\/www.entelequiacultura.com\/wp-content\/uploads\/2018\/05\/MG_0275-copia-1-e1588064086223-262x201.jpg 262w\" sizes=\"(min-width: 900px) 50vw, 100vw\" \/>\n\t\t\t\t\t\t\t\t\t<\/div>\n\t\t\t<\/div>\n\t\t\t\t<div class=\"post-content-outer\">\n\t\t\t\t\t<header class=\"single\">\n\t\t\t<div class=\"content\">\n\t\t\t\t\t\t\t\t<h3>\n\t\t\t\t\t<a href=\"https:\/\/www.entelequiacultura.com\/ca\/chantal-maillard-en-entelequia-cultura-2\/\" title=\"Chantal Maillard a Entelequia Cultura\">Chantal Maillard a Entelequia Cultura<\/a>\n\t\t\t\t<\/h3>\n\t\t\t<\/div>\n\t\t<\/header>\n\t<div class=\"post-content the-content\">\n\t<p>Retir cultural amb Chantal Maillard De l&#8217;11 al 13 de maig 2018 Mas Berenguer (Samal\u00fas, Montseny) Som amos del que pensem? I del que sentim? Hi ha alg\u00fa darrere de&#8230;<\/p>\n<\/div><div class=\"post-meta\">\n\t<nav class=\"clearfix\">\n\t\t\n\t\t\t\t\t\t\t\t<\/nav>\n<\/div>\t\t<\/div>\n\t<\/div>\n<\/div>\t<\/div>\n<\/div>\n\t\t\t<\/div>\n\t\t<\/div>\n\t\t<div class=\"page-content post-header clearfix list-item post-28065 post type-post status-publish format-standard has-post-thumbnail hentry category-sin-categoria\" >\n\t\t\t<div>\n\t\t\t\t<div class=\"post-article has-image-wrapper \">\n\t<div class=\"standard-post-format clearfix as-image \">\n\t\t<div class=\"post-row\">\n\t<div class=\"post-row-left\">\n\t\n<div class=\"post-date\">\n\t\t\t<span class=\"top-part\">\n\t\t\t16\t\t<\/span>\n\t\t<span class=\"bottom-part\">\n\t\t\t04 '18\t\t<\/span>\n\t<\/div>\t<div class=\"post-left-actions\">\n\t\t\n<div class=\"post-actions\">\n\t\t\t\t\t\t<div class=\"comment-count\">\n\t\t\t\t<a href=\"https:\/\/www.entelequiacultura.com\/ca\/llibre-javier-morales\/#respond\">0 <span class=\"comment-word\">Comments<\/span><\/a>\t\t\t<\/div>\n\t\t\n\t\t\n\t\t\t<\/div>\t<\/div>\n<\/div>\n\t<div class=\"post-row-center\">\n\t\t\t\t\t<div class=\"post-media\">\n\t\t\t\t<div class='media-inner'>\n\t\t\t\t\t\n\t\t\t\t\t<img loading=\"lazy\" decoding=\"async\" width=\"480\" height=\"369\" src=\"https:\/\/www.entelequiacultura.com\/wp-content\/uploads\/2018\/04\/20180416_231744-480x369.jpg\" class=\"attachment-post-loop size-post-loop wp-post-image\" alt=\"\" srcset=\"https:\/\/www.entelequiacultura.com\/wp-content\/uploads\/2018\/04\/20180416_231744-480x369.jpg 480w, https:\/\/www.entelequiacultura.com\/wp-content\/uploads\/2018\/04\/20180416_231744-1140x876.jpg 1140w, https:\/\/www.entelequiacultura.com\/wp-content\/uploads\/2018\/04\/20180416_231744-555x426.jpg 555w, https:\/\/www.entelequiacultura.com\/wp-content\/uploads\/2018\/04\/20180416_231744-360x276.jpg 360w, https:\/\/www.entelequiacultura.com\/wp-content\/uploads\/2018\/04\/20180416_231744-262x201.jpg 262w\" sizes=\"(min-width: 900px) 50vw, 100vw\" \/>\n\t\t\t\t\t\t\t\t\t<\/div>\n\t\t\t<\/div>\n\t\t\t\t<div class=\"post-content-outer\">\n\t\t\t\t\t<header class=\"single\">\n\t\t\t<div class=\"content\">\n\t\t\t\t\t\t\t\t<h3>\n\t\t\t\t\t<a href=\"https:\/\/www.entelequiacultura.com\/ca\/llibre-javier-morales\/\" title=\"&#8220;A prop\u00f2sit del nou llibre d&#8217;en Javier Morales&#8221; o &#8220;Cr\u00f2nica d&#8217;una nit d&#8217;abril&#8221;\">&#8220;A prop\u00f2sit del nou llibre d&#8217;en Javier Morales&#8221; o &#8220;Cr\u00f2nica d&#8217;una nit d&#8217;abril&#8221;<\/a>\n\t\t\t\t<\/h3>\n\t\t\t<\/div>\n\t\t<\/header>\n\t<div class=\"post-content the-content\">\n\t<p>El poeta i fil\u00f2sof nord-americ\u00e0 Ralph Waldo Emerson en un dels seus escrits assenyalava &#8220;en moltes ocasions la lectura d&#8217;un llibre ha fet la fortuna d&#8217;un home, decidint el curs&#8230;<\/p>\n<\/div><div class=\"post-meta\">\n\t<nav class=\"clearfix\">\n\t\t\n\t\t\t\t\t\t\t\t<\/nav>\n<\/div>\t\t<\/div>\n\t<\/div>\n<\/div>\t<\/div>\n<\/div>\n\t\t\t<\/div>\n\t\t<\/div>\n\t\t<div class=\"page-content post-header clearfix list-item post-27960 post type-post status-publish format-standard hentry category-sin-categoria\" >\n\t\t\t<div>\n\t\t\t\t<div class=\"post-article no-image-wrapper \">\n\t<div class=\"standard-post-format clearfix as-normal as-standard-post-format\">\n\t\t<div class=\"post-row\">\n\t<div class=\"post-row-left\">\n\t\n<div class=\"post-date\">\n\t\t\t<span class=\"top-part\">\n\t\t\t08\t\t<\/span>\n\t\t<span class=\"bottom-part\">\n\t\t\t04 '18\t\t<\/span>\n\t<\/div>\t<div class=\"post-left-actions\">\n\t\t\n<div class=\"post-actions\">\n\t\t\t\t\t\t<div class=\"comment-count\">\n\t\t\t\t<a href=\"https:\/\/www.entelequiacultura.com\/ca\/la-nostra-activitat-2\/#respond\">0 <span class=\"comment-word\">Comments<\/span><\/a>\t\t\t<\/div>\n\t\t\n\t\t\n\t\t\t<\/div>\t<\/div>\n<\/div>\n\t<div class=\"post-row-center\">\n\t\t\t\t<div class=\"post-content-outer\">\n\t\t\t\t\t<header class=\"single\">\n\t\t\t<div class=\"content\">\n\t\t\t\t\t\t\t\t<h3>\n\t\t\t\t\t<a href=\"https:\/\/www.entelequiacultura.com\/ca\/la-nostra-activitat-2\/\" title=\"&#8220;El d\u00eda que dej\u00e9 de comer animales&#8221;\">&#8220;El d\u00eda que dej\u00e9 de comer animales&#8221;<\/a>\n\t\t\t\t<\/h3>\n\t\t\t<\/div>\n\t\t<\/header>\n\t<div class=\"post-content the-content\">\n\t<p>Tenim el plaer de convidar-te a la presentaci\u00f3 del llibre &#8220;El d\u00eda que dej\u00e9 de comer animales&#8221; de l&#8217;escriptor i periodista Javier Morales, publicat per S\u00edlex Ediciones, que tindr\u00e0 lloc&#8230;<\/p>\n<\/div><div class=\"post-meta\">\n\t<nav class=\"clearfix\">\n\t\t\n\t\t\t\t\t\t\t\t<\/nav>\n<\/div>\t\t<\/div>\n\t<\/div>\n<\/div>\t<\/div>\n<\/div>\n\t\t\t<\/div>\n\t\t<\/div>\n\t\t<div class=\"page-content post-header clearfix list-item post-27269 post type-post status-publish format-standard has-post-thumbnail hentry category-sin-categoria\" >\n\t\t\t<div>\n\t\t\t\t<div class=\"post-article has-image-wrapper \">\n\t<div class=\"standard-post-format clearfix as-image \">\n\t\t<div class=\"post-row\">\n\t<div class=\"post-row-left\">\n\t\n<div class=\"post-date\">\n\t\t\t<span class=\"top-part\">\n\t\t\t31\t\t<\/span>\n\t\t<span class=\"bottom-part\">\n\t\t\t01 '18\t\t<\/span>\n\t<\/div>\t<div class=\"post-left-actions\">\n\t\t\n<div class=\"post-actions\">\n\t\t\t\t\t\t<div class=\"comment-count\">\n\t\t\t\t<a href=\"https:\/\/www.entelequiacultura.com\/ca\/la-nostra-activitat\/#respond\">0 <span class=\"comment-word\">Comments<\/span><\/a>\t\t\t<\/div>\n\t\t\n\t\t\n\t\t\t<\/div>\t<\/div>\n<\/div>\n\t<div class=\"post-row-center\">\n\t\t\t\t\t<div class=\"post-media\">\n\t\t\t\t<div class='media-inner'>\n\t\t\t\t\t\n\t\t\t\t\t<img loading=\"lazy\" decoding=\"async\" width=\"480\" height=\"369\" src=\"https:\/\/www.entelequiacultura.com\/wp-content\/uploads\/2018\/01\/camara-fotos-1140x760-1-480x369.jpg\" class=\"attachment-post-loop size-post-loop wp-post-image\" alt=\"\" srcset=\"https:\/\/www.entelequiacultura.com\/wp-content\/uploads\/2018\/01\/camara-fotos-1140x760-1-480x369.jpg 480w, https:\/\/www.entelequiacultura.com\/wp-content\/uploads\/2018\/01\/camara-fotos-1140x760-1-555x426.jpg 555w, https:\/\/www.entelequiacultura.com\/wp-content\/uploads\/2018\/01\/camara-fotos-1140x760-1-360x276.jpg 360w, https:\/\/www.entelequiacultura.com\/wp-content\/uploads\/2018\/01\/camara-fotos-1140x760-1-262x201.jpg 262w\" sizes=\"(min-width: 900px) 50vw, 100vw\" \/>\n\t\t\t\t\t\t\t\t\t<\/div>\n\t\t\t<\/div>\n\t\t\t\t<div class=\"post-content-outer\">\n\t\t\t\t\t<header class=\"single\">\n\t\t\t<div class=\"content\">\n\t\t\t\t\t\t\t\t<h3>\n\t\t\t\t\t<a href=\"https:\/\/www.entelequiacultura.com\/ca\/la-nostra-activitat\/\" title=\"La nostra activitat\">La nostra activitat<\/a>\n\t\t\t\t<\/h3>\n\t\t\t<\/div>\n\t\t<\/header>\n\t<div class=\"post-content the-content\">\n\t<p>La nostra activitat es centra en la organitzaci\u00f3 d\u2019estades culturals per a grups redu\u00efts, on els assistents a m\u00e9s de participar en un seminari o taller impartit per figures rellevants&#8230;<\/p>\n<\/div><div class=\"post-meta\">\n\t<nav class=\"clearfix\">\n\t\t\n\t\t\t\t\t\t\t\t<\/nav>\n<\/div>\t\t<\/div>\n\t<\/div>\n<\/div>\t<\/div>\n<\/div>\n\t\t\t<\/div>\n\t\t<\/div>\n\t\t<div class=\"page-content post-header clearfix list-item post-27260 post type-post status-publish format-standard has-post-thumbnail hentry category-sin-categoria\" >\n\t\t\t<div>\n\t\t\t\t<div class=\"post-article has-image-wrapper \">\n\t<div class=\"standard-post-format clearfix as-image \">\n\t\t<div class=\"post-row\">\n\t<div class=\"post-row-left\">\n\t\n<div class=\"post-date\">\n\t\t\t<span class=\"top-part\">\n\t\t\t28\t\t<\/span>\n\t\t<span class=\"bottom-part\">\n\t\t\t01 '18\t\t<\/span>\n\t<\/div>\t<div class=\"post-left-actions\">\n\t\t\t<\/div>\n<\/div>\n\t<div class=\"post-row-center\">\n\t\t\t\t\t<div class=\"post-media\">\n\t\t\t\t<div class='media-inner'>\n\t\t\t\t\t\n\t\t\t\t\t<img loading=\"lazy\" decoding=\"async\" width=\"480\" height=\"369\" src=\"https:\/\/www.entelequiacultura.com\/wp-content\/uploads\/2017\/10\/entelequia-06-blog-480x369.jpg\" class=\"attachment-post-loop size-post-loop wp-post-image\" alt=\"\" srcset=\"https:\/\/www.entelequiacultura.com\/wp-content\/uploads\/2017\/10\/entelequia-06-blog-480x369.jpg 480w, https:\/\/www.entelequiacultura.com\/wp-content\/uploads\/2017\/10\/entelequia-06-blog-1140x876.jpg 1140w, https:\/\/www.entelequiacultura.com\/wp-content\/uploads\/2017\/10\/entelequia-06-blog-555x426.jpg 555w, https:\/\/www.entelequiacultura.com\/wp-content\/uploads\/2017\/10\/entelequia-06-blog-360x276.jpg 360w, https:\/\/www.entelequiacultura.com\/wp-content\/uploads\/2017\/10\/entelequia-06-blog-262x201.jpg 262w\" sizes=\"(min-width: 900px) 50vw, 100vw\" \/>\n\t\t\t\t\t\t\t\t\t<\/div>\n\t\t\t<\/div>\n\t\t\t\t<div class=\"post-content-outer\">\n\t\t\t\t\t<header class=\"single\">\n\t\t\t<div class=\"content\">\n\t\t\t\t\t\t\t\t<h3>\n\t\t\t\t\t<a href=\"https:\/\/www.entelequiacultura.com\/ca\/etimologia-de-entelequia\/\" title=\"Etimologia de \u201cent\u00e8lequia\u201d\">Etimologia de \u201cent\u00e8lequia\u201d<\/a>\n\t\t\t\t<\/h3>\n\t\t\t<\/div>\n\t\t<\/header>\n\t<div class=\"post-content the-content\">\n\t<p>El terme filos\u00f2fic &#8220;entel\u00e8quia&#8221;, del grec \u03b5\u03bd\u03c4\u03b5\u03bb\u03ad\u03c7\u03b5\u03b9\u03b1, fa refer\u00e8ncia a un treball actiu cap a la consecuci\u00f3 d&#8217;un fi, immanent a la pr\u00f2pia cosa. Es podria traduir com &#8216;tenir el&#8230;<\/p>\n<\/div><div class=\"post-meta\">\n\t<nav class=\"clearfix\">\n\t\t\n\t\t\t\t\t\t\t\t<\/nav>\n<\/div>\t\t<\/div>\n\t<\/div>\n<\/div>\t<\/div>\n<\/div>\n\t\t\t<\/div>\n\t\t<\/div>\n<\/div>\n\n<\/div><\/div>\n","protected":false},"excerpt":{"rendered":"<p>El terme filos\u00f2fic &#8220;entel\u00e8quia&#8221;, del grec \u03b5\u03bd\u03c4\u03b5\u03bb\u03ad\u03c7\u03b5\u03b9\u03b1, fa refer\u00e8ncia a un treball actiu cap a la consecuci\u00f3 d&#8217;un fi, immanent a la pr\u00f2pia cosa. Es podria traduir com &#8216;tenir el&#8230;<\/p>\n","protected":false},"author":1,"featured_media":0,"parent":0,"menu_order":0,"comment_status":"closed","ping_status":"closed","template":"","meta":{"_price":"","_stock":"","_tribe_ticket_header":"","_tribe_default_ticket_provider":"","_tribe_ticket_capacity":"0","_ticket_start_date":"","_ticket_end_date":"","_tribe_ticket_show_description":"","_tribe_ticket_show_not_going":false,"_tribe_ticket_use_global_stock":"","_tribe_ticket_global_stock_level":"","_global_stock_mode":"","_global_stock_cap":"","_tribe_rsvp_for_event":"","_tribe_ticket_going_count":"","_tribe_ticket_not_going_count":"","_tribe_tickets_list":"[]","_tribe_ticket_has_attendee_info_fields":false,"footnotes":"","_tec_slr_enabled":"","_tec_slr_layout":""},"class_list":["post-27133","page","type-page","status-publish","hentry"],"aioseo_notices":[],"ticketed":false,"_links":{"self":[{"href":"https:\/\/www.entelequiacultura.com\/ca\/wp-json\/wp\/v2\/pages\/27133","targetHints":{"allow":["GET"]}}],"collection":[{"href":"https:\/\/www.entelequiacultura.com\/ca\/wp-json\/wp\/v2\/pages"}],"about":[{"href":"https:\/\/www.entelequiacultura.com\/ca\/wp-json\/wp\/v2\/types\/page"}],"author":[{"embeddable":true,"href":"https:\/\/www.entelequiacultura.com\/ca\/wp-json\/wp\/v2\/users\/1"}],"replies":[{"embeddable":true,"href":"https:\/\/www.entelequiacultura.com\/ca\/wp-json\/wp\/v2\/comments?post=27133"}],"version-history":[{"count":0,"href":"https:\/\/www.entelequiacultura.com\/ca\/wp-json\/wp\/v2\/pages\/27133\/revisions"}],"wp:attachment":[{"href":"https:\/\/www.entelequiacultura.com\/ca\/wp-json\/wp\/v2\/media?parent=27133"}],"curies":[{"name":"wp","href":"https:\/\/api.w.org\/{rel}","templated":true}]}}